{"id":16817,"date":"2024-11-25T11:25:14","date_gmt":"2024-11-25T10:25:14","guid":{"rendered":"https:\/\/jetline.pl\/?post_type=ustawa&#038;p=16817"},"modified":"2024-11-25T11:27:01","modified_gmt":"2024-11-25T10:27:01","slug":"uchwaly-krajobrazowe-rok-po-wyroku-trybunalu-konstytucyjnego","status":"publish","type":"ustawa","link":"https:\/\/jetline.pl\/en\/ustawa-krajobrazowa\/uchwaly-krajobrazowe-rok-po-wyroku-trybunalu-konstytucyjnego\/","title":{"rendered":"Uchwa\u0142y Krajobrazowe rok po wyroku Trybuna\u0142u Konstytucyjnego"},"content":{"rendered":"<p>Nied\u0142ugo minie rok od wyroku, jaki wyda\u0142 Trybuna\u0142 Konstytucyjny w sprawie zgodno\u015bci ustawy krajobrazowej z Konstytucj\u0105. Trybuna\u0142 potwierdzi\u0142, \u017ce niezgodne s\u0105 z prawem s\u0105 zapisy m\u00f3wi\u0105ce o mo\u017cliwo\u015bci nakazania rozbi\u00f3rki no\u015bnik\u00f3w reklamowych wybudowanych zgodnie z prawem maj\u0105cych zgody budowlane bez przyznania stosownego odszkodowania.<\/p>\n<p>Wiele os\u00f3b zainteresowanych tematem zadaje sobie pytanie: jakie zmiany zasz\u0142y w ostatnim roku? Postaram si\u0119 udzieli\u0107 odpowiedzi na to i inne pojawiaj\u0105ce si\u0119 pytania.<\/p>\n<p>&nbsp;<\/p>\n<h4><strong>Czy przez ostatni rok powsta\u0142y nowe uchwa\u0142y krajobrazowe?<\/strong><\/h4>\n<p>W bie\u017c\u0105cym roku uchwa\u0142y powsta\u0142y w gminach: Jastrz\u0119bie Zdr\u00f3j (stycze\u0144 2024), \u0141omianki (marzec 2024) Zdu\u0144ska Wola i Muszyna (czerwiec 2024). Uchwa\u0142a w Ustrzykach Dolnych zosta\u0142a w ca\u0142o\u015bci uchylona przez wojewod\u0119. \u00a0Bior\u0105c pod uwag\u0119, i\u017c w Polsce jest blisko 2\u00a0500 gmin, ustawa obowi\u0105zuje ponad 9 lat, a uchwa\u0142y obowi\u0105zuj\u0105 w oko\u0142o 80 gminach \u2013 \u00a0powstanie czterech nowych uchwa\u0142 wskazuje, \u017ce \u00a0proces ich tworzenia zamiera. Doda\u0107 nale\u017cy, i\u017c w tym roku zosta\u0142o zmienionych 14 uchwa\u0142 - co jest swoistym rekordem, gdy\u017c w poprzednich o\u015bmiu latach by\u0142y jedynie 32 takie zmiany. Powod\u00f3w jest kilka, wi\u0119kszo\u015b\u0107 z nich tkwi w niedoskona\u0142o\u015bci ustawy i uchwa\u0142, kt\u00f3re na jej podstawie powsta\u0142y.<\/p>\n<h4><\/h4>\n<h4><strong>Czy zosta\u0142a zmieniona ustawa krajobrazowa?<\/strong><\/h4>\n<p>Wyrok Trybuna\u0142u by\u0142 wskazaniem dla ustawodawcy do wprowadzenia zmian w prawie. W pewnym uproszczeniu mo\u017cna wskaza\u0107 na dwie \u015bcie\u017cki, kt\u00f3rymi mo\u017cna procedowa\u0107 zmiany: projekt senacki i projekt sejmowy. Zgodnie z regulaminem senatu w projekcie senackim mo\u017cna wprowadzi\u0107 do ustawy zmiany dostosowuj\u0105ce j\u0105 jedynie w zakresie okre\u015blonym w wyroku Trybuna\u0142u Konstytucyjnego. Aby wprowadzi\u0107 szersze zmiany, o potrzebie wprowadzenia kt\u00f3rych od dawna wiadomo, nale\u017cy procedowa\u0107 ustaw\u0119 w Sejmie.\u00a0 Zdecydowano jednak, \u017ce prace ustawodawcze b\u0119d\u0105 prowadzone w Senacie. W kwietniu wniesiono stosowny projekt. Sprawozdanie mia\u0142o by\u0107 gotowe w czerwcu. 20 instytucji i organizacji zg\u0142osi\u0142o swoje uwagi do projektu, w zdecydowanej wi\u0119kszo\u015bci wskazuj\u0105c, \u017ce projekt nie do ko\u0144ca realizuje wytyczne Senatu i Trybuna\u0142u, jednocze\u015bnie pojawi\u0142o si\u0119 wiele uwag odnosz\u0105cych si\u0119 do konieczno\u015bci wprowadzenia znacznie szerszych zmian w ustawie. Obecnie czekamy na decyzj\u0119 co do dalszych krok\u00f3w legislacyjnych.<\/p>\n<p><a href=\"https:\/\/www.senat.gov.pl\/prace\/proces-legislacyjny-w-senacie\/inicjatywy-ustawodawcze\/inicjatywa,246.html\">https:\/\/www.senat.gov.pl\/prace\/proces-legislacyjny-w-senacie\/inicjatywy-ustawodawcze\/inicjatywa,246.html<\/a><\/p>\n<p>&nbsp;<\/p>\n<h4><strong>Co wydarzy\u0142o si\u0119 z istniej\u0105cymi uchwa\u0142ami?<\/strong><\/h4>\n<p>Od wielu lat wi\u0119kszo\u015b\u0107 spraw dotycz\u0105cych uchwa\u0142 krajobrazowych by\u0142o zawieszanych przez s\u0105dy administracyjne do czasu wydania rozstrzygni\u0119cia przez Trybuna\u0142. Od stycznia br. sprawy zacz\u0119\u0142y powraca\u0107 na wokandy. S\u0105dy rozpatruj\u0105 skargi, z kt\u00f3rych niekt\u00f3re czeka\u0142y na wyrok od 2017 roku. Wyroki s\u0105d\u00f3w mo\u017cna podzieli\u0107 na trzy grupy:<\/p>\n<p>- uchylenie zapis\u00f3w dostosowawczych dla<a href=\"https:\/\/jetline.pl\/oferta\/ooh-motorway\/\"> tablic<\/a> i urz\u0105dze\u0144 reklamowych posiadaj\u0105cych zgody budowlane. Takie wyroki zapad\u0142y w sprawie uchwa\u0142 krajobrazowych obowi\u0105zuj\u0105cych w Gda\u0144sku, Nysie, Obornikach \u015al\u0105skich, Bartoszycach.\u00a0 W tym przypadku uchwa\u0142a dotyczy reklam postawionych po wej\u015bciu w \u017cycie uchwa\u0142y oraz, tych, kt\u00f3re istnia\u0142y wcze\u015bniej i nie maj\u0105 zg\u00f3d budowlanych;<\/p>\n<p>- uchylenie zapis\u00f3w dostosowawczych bez okre\u015blenia katalogu, jakich tablic i urz\u0105dze\u0144 reklamowych wyrok dotyczy. Zatem uchwa\u0142a reguluje jedynie te no\u015bniki reklamowe, kt\u00f3re powsta\u0142y po wej\u015bciu w \u017cycie uchwa\u0142y. Takie wyroki zapad\u0142y w sprawie uchwa\u0142 krajobrazowych obowi\u0105zuj\u0105cych w \u00a0Poznaniu, Gdyni, \u0141odzi, Sopocie, Bytomiu;<\/p>\n<p>- oddalenie skargi na uchwa\u0142\u0119. Tak\u0105 decyzj\u0119 podj\u0105\u0142 Wojew\u00f3dzki S\u0105d Administracyjny w Krakowie. Oznacza to, \u017ce w uchwale krakowskiej nie jest uwzgl\u0119dniony wyrok Trybuna\u0142u Konstytucyjnego.<\/p>\n<p>&nbsp;<\/p>\n<h4><strong>Co dzieje si\u0119 ze spraw\u0105 odszkodowa\u0144 za no\u015bniki, kt\u00f3re zosta\u0142y zdemontowane, a posiada\u0142y\u00a0 zgody budowlane?<\/strong><\/h4>\n<p>Ten temat na razie pozostaje na boku. Wi\u0119kszo\u015b\u0107 zainteresowanych liczy, i\u017c zostanie \u00a0rozwi\u0105zany ustawowo. Pozostaje jeszcze kwestia kar nies\u0142usznie na\u0142o\u017conych przez miasta na w\u0142a\u015bcicieli reklam, kt\u00f3rzy maj\u0105 zgody budowlane na ich posadowienie. Procedury administracyjne trwaj\u0105, zapad\u0142y pierwsze wyroki nakazuj\u0105ce miastom zwrot wp\u0142aconych kwot.<\/p>\n<p>&nbsp;<\/p>\n<h4><strong>Co dalej?<\/strong><\/h4>\n<p>Prze\u0142omu nie b\u0119dzie do czasu uchwalenia zmian w ustawie krajobrazowej. S\u0105 co prawda informacje z r\u00f3\u017cnych miast, \u017ce prowadz\u0105 prace nad swoimi uchwa\u0142ami. \u00a0Czy jednak b\u0119d\u0105 g\u0142osowane na sesjach gmin \u2013 poka\u017c\u0105 najbli\u017csze miesi\u0105ce.<\/p>\n<p>Wi\u0119kszo\u015b\u0107 wyrok\u00f3w, kt\u00f3re zapad\u0142y w wojew\u00f3dzkich s\u0105dach administracyjnych jest nieprawomocna, zatem sprawy b\u0119d\u0105 mia\u0142y dalszy bieg. Na wokand\u0119 b\u0119d\u0105 r\u00f3wnie\u017c trafia\u0107 kolejne skargi na uchwa\u0142y w miastach, gdzie takie rozprawy jeszcze si\u0119 nie odby\u0142y.<\/p>\n<p>Nale\u017cy za\u0142o\u017cy\u0107, \u017ce wszystkie powsta\u0142e do tej pory uchwa\u0142y krajobrazowe wcze\u015bniej czy p\u00f3\u017aniej b\u0119d\u0105 musia\u0142y dostosowa\u0107 si\u0119 do wyroku Trybuna\u0142u. Mo\u017ce to si\u0119 odby\u0107 na drodze s\u0105dowej lub w procesie zmiany uchwa\u0142y w gminie.<\/p>\n<p>Mo\u017cna spodziewa\u0107 si\u0119 r\u00f3wnie\u017c wyroku, w kt\u00f3rym uchwa\u0142a b\u0119dzie uchylona \u00a0w ca\u0142o\u015bci. Obecnie w obrocie prawnym funkcjonuj\u0105 uchwa\u0142y krajobrazowe, kt\u00f3re nie maj\u0105 okre\u015blonego\u00a0 obowi\u0105zku dostosowawczego lub obowi\u0105zek dostosowawczy wy\u0142\u0105cza cz\u0119\u015b\u0107 no\u015bnik\u00f3w. To jest niezgodne z obecnym brzmieniem ustawy, w kt\u00f3rej istnieje obowi\u0105zek dostosowawczy, tzn. z uchwa\u0142y nie mo\u017cna wy\u0142\u0105czy\u0107 cz\u0119\u015bci np. tablic reklamowych, kt\u00f3re nie b\u0119d\u0105 podlega\u0142y obowi\u0105zkowi dostosowania.<\/p>\n<p>Nale\u017cy pami\u0119ta\u0107, \u017ce zmiany uchwa\u0142 w zwi\u0105zku z wyrokiem TK to jedynie cz\u0119\u015b\u0107 problem\u00f3w, z jakimi spotykaj\u0105 si\u0119 miasta i przedsi\u0119biorcy. W s\u0105dach toczy si\u0119 wiele spraw dotycz\u0105cych uchwa\u0142 krajobrazowych, kt\u00f3re dotycz\u0105 innych kwestii ni\u017c prawa nabyte. Niew\u0105tpliwie szersze zmiany ustawy rozwi\u0105\u017c\u0105 wiele problem\u00f3w. Teraz wi\u0119c prawie wszystko jest w r\u0119kach ustawodawcy. Im szybciej zostanie posprz\u0105tany ba\u0142agan z 2015 roku \u2013 tym lepiej.<\/p>\n<p>&nbsp;<\/p>\n","protected":false},"author":16,"featured_media":16813,"template":"","ustawa_cat":[567,565],"class_list":["post-16817","ustawa","type-ustawa","status-publish","has-post-thumbnail","hentry","ustawa_cat-przeglady-sytuacji","ustawa_cat-trybunal-konstytucyjny"],"acf":[],"yoast_head":"<!-- This site is optimized with the Yoast SEO plugin v27.5 - https:\/\/yoast.com\/product\/yoast-seo-wordpress\/ -->\n<title>Uchwa\u0142y Krajobrazowe rok po wyroku Trybuna\u0142u Konstytucyjnego<\/title>\n<meta name=\"description\" content=\"W bie\u017c\u0105cym roku uchwa\u0142y krajobrazowe powsta\u0142y w gminach: Jastrz\u0119bie Zdr\u00f3j (stycze\u0144 2024), \u0141omianki (marzec 2024) Zdu\u0144ska Wola i Muszyna...\" \/>\n<meta name=\"robots\" content=\"index, follow, max-snippet:-1, max-image-preview:large, max-video-preview:-1\" \/>\n<link rel=\"canonical\" href=\"https:\/\/jetline.pl\/en\/ustawa-krajobrazowa\/uchwaly-krajobrazowe-rok-po-wyroku-trybunalu-konstytucyjnego\/\" \/>\n<meta property=\"og:locale\" content=\"en_US\" \/>\n<meta property=\"og:type\" content=\"article\" \/>\n<meta property=\"og:title\" content=\"Uchwa\u0142y Krajobrazowe rok po wyroku Trybuna\u0142u Konstytucyjnego\" \/>\n<meta property=\"og:description\" content=\"W bie\u017c\u0105cym roku uchwa\u0142y krajobrazowe powsta\u0142y w gminach: Jastrz\u0119bie Zdr\u00f3j (stycze\u0144 2024), \u0141omianki (marzec 2024) Zdu\u0144ska Wola i Muszyna...\" \/>\n<meta property=\"og:url\" content=\"https:\/\/jetline.pl\/en\/ustawa-krajobrazowa\/uchwaly-krajobrazowe-rok-po-wyroku-trybunalu-konstytucyjnego\/\" \/>\n<meta property=\"og:site_name\" content=\"Jet Line\" \/>\n<meta property=\"article:modified_time\" content=\"2024-11-25T10:27:01+00:00\" \/>\n<meta property=\"og:image\" content=\"https:\/\/jetline.pl\/wp-content\/uploads\/2024\/11\/lawka2.jpg\" \/>\n\t<meta property=\"og:image:width\" content=\"1920\" \/>\n\t<meta property=\"og:image:height\" content=\"771\" \/>\n\t<meta property=\"og:image:type\" content=\"image\/jpeg\" \/>\n<meta name=\"twitter:card\" content=\"summary_large_image\" \/>\n<meta name=\"twitter:label1\" content=\"Est. reading time\" \/>\n\t<meta name=\"twitter:data1\" content=\"5 minutes\" \/>\n<script type=\"application\/ld+json\" class=\"yoast-schema-graph\">{\"@context\":\"https:\\\/\\\/schema.org\",\"@graph\":[{\"@type\":\"WebPage\",\"@id\":\"https:\\\/\\\/jetline.pl\\\/en\\\/ustawa-krajobrazowa\\\/uchwaly-krajobrazowe-rok-po-wyroku-trybunalu-konstytucyjnego\\\/\",\"url\":\"https:\\\/\\\/jetline.pl\\\/en\\\/ustawa-krajobrazowa\\\/uchwaly-krajobrazowe-rok-po-wyroku-trybunalu-konstytucyjnego\\\/\",\"name\":\"Uchwa\u0142y Krajobrazowe rok po wyroku Trybuna\u0142u Konstytucyjnego\",\"isPartOf\":{\"@id\":\"https:\\\/\\\/jetline.pl\\\/en\\\/#website\"},\"primaryImageOfPage\":{\"@id\":\"https:\\\/\\\/jetline.pl\\\/en\\\/ustawa-krajobrazowa\\\/uchwaly-krajobrazowe-rok-po-wyroku-trybunalu-konstytucyjnego\\\/#primaryimage\"},\"image\":{\"@id\":\"https:\\\/\\\/jetline.pl\\\/en\\\/ustawa-krajobrazowa\\\/uchwaly-krajobrazowe-rok-po-wyroku-trybunalu-konstytucyjnego\\\/#primaryimage\"},\"thumbnailUrl\":\"https:\\\/\\\/jetline.pl\\\/wp-content\\\/uploads\\\/2024\\\/11\\\/lawka2.jpg\",\"datePublished\":\"2024-11-25T10:25:14+00:00\",\"dateModified\":\"2024-11-25T10:27:01+00:00\",\"description\":\"W bie\u017c\u0105cym roku uchwa\u0142y krajobrazowe powsta\u0142y w gminach: Jastrz\u0119bie Zdr\u00f3j (stycze\u0144 2024), \u0141omianki (marzec 2024) Zdu\u0144ska Wola i Muszyna...\",\"breadcrumb\":{\"@id\":\"https:\\\/\\\/jetline.pl\\\/en\\\/ustawa-krajobrazowa\\\/uchwaly-krajobrazowe-rok-po-wyroku-trybunalu-konstytucyjnego\\\/#breadcrumb\"},\"inLanguage\":\"en-US\",\"potentialAction\":[{\"@type\":\"ReadAction\",\"target\":[\"https:\\\/\\\/jetline.pl\\\/en\\\/ustawa-krajobrazowa\\\/uchwaly-krajobrazowe-rok-po-wyroku-trybunalu-konstytucyjnego\\\/\"]}]},{\"@type\":\"ImageObject\",\"inLanguage\":\"en-US\",\"@id\":\"https:\\\/\\\/jetline.pl\\\/en\\\/ustawa-krajobrazowa\\\/uchwaly-krajobrazowe-rok-po-wyroku-trybunalu-konstytucyjnego\\\/#primaryimage\",\"url\":\"https:\\\/\\\/jetline.pl\\\/wp-content\\\/uploads\\\/2024\\\/11\\\/lawka2.jpg\",\"contentUrl\":\"https:\\\/\\\/jetline.pl\\\/wp-content\\\/uploads\\\/2024\\\/11\\\/lawka2.jpg\",\"width\":1920,\"height\":771,\"caption\":\"uchwa\u0142y krajobrazowe\"},{\"@type\":\"BreadcrumbList\",\"@id\":\"https:\\\/\\\/jetline.pl\\\/en\\\/ustawa-krajobrazowa\\\/uchwaly-krajobrazowe-rok-po-wyroku-trybunalu-konstytucyjnego\\\/#breadcrumb\",\"itemListElement\":[{\"@type\":\"ListItem\",\"position\":1,\"name\":\"Strona g\u0142\u00f3wna\",\"item\":\"https:\\\/\\\/jetline.pl\\\/en\\\/\"},{\"@type\":\"ListItem\",\"position\":2,\"name\":\"Ustawa krajobrazowa\",\"item\":\"https:\\\/\\\/jetline.pl\\\/en\\\/ustawa-krajobrazowa\\\/\"},{\"@type\":\"ListItem\",\"position\":3,\"name\":\"Uchwa\u0142y Krajobrazowe rok po wyroku Trybuna\u0142u Konstytucyjnego\"}]},{\"@type\":\"WebSite\",\"@id\":\"https:\\\/\\\/jetline.pl\\\/en\\\/#website\",\"url\":\"https:\\\/\\\/jetline.pl\\\/en\\\/\",\"name\":\"Jet Line\",\"description\":\"Tworzymy przestrze\u0144 do komunikacji\",\"publisher\":{\"@id\":\"https:\\\/\\\/jetline.pl\\\/en\\\/#organization\"},\"potentialAction\":[{\"@type\":\"SearchAction\",\"target\":{\"@type\":\"EntryPoint\",\"urlTemplate\":\"https:\\\/\\\/jetline.pl\\\/en\\\/?s={search_term_string}\"},\"query-input\":{\"@type\":\"PropertyValueSpecification\",\"valueRequired\":true,\"valueName\":\"search_term_string\"}}],\"inLanguage\":\"en-US\"},{\"@type\":\"Organization\",\"@id\":\"https:\\\/\\\/jetline.pl\\\/en\\\/#organization\",\"name\":\"Jet Line\",\"url\":\"https:\\\/\\\/jetline.pl\\\/en\\\/\",\"logo\":{\"@type\":\"ImageObject\",\"inLanguage\":\"en-US\",\"@id\":\"https:\\\/\\\/jetline.pl\\\/en\\\/#\\\/schema\\\/logo\\\/image\\\/\",\"url\":\"https:\\\/\\\/jetline.pl\\\/wp-content\\\/uploads\\\/2024\\\/09\\\/logo_poziom_logo_poziom_czerwone-1.png\",\"contentUrl\":\"https:\\\/\\\/jetline.pl\\\/wp-content\\\/uploads\\\/2024\\\/09\\\/logo_poziom_logo_poziom_czerwone-1.png\",\"width\":4946,\"height\":2016,\"caption\":\"Jet Line\"},\"image\":{\"@id\":\"https:\\\/\\\/jetline.pl\\\/en\\\/#\\\/schema\\\/logo\\\/image\\\/\"}}]}<\/script>\n<!-- \/ Yoast SEO plugin. -->","yoast_head_json":{"title":"Uchwa\u0142y Krajobrazowe rok po wyroku Trybuna\u0142u Konstytucyjnego","description":"W bie\u017c\u0105cym roku uchwa\u0142y krajobrazowe powsta\u0142y w gminach: Jastrz\u0119bie Zdr\u00f3j (stycze\u0144 2024), \u0141omianki (marzec 2024) Zdu\u0144ska Wola i Muszyna...","robots":{"index":"index","follow":"follow","max-snippet":"max-snippet:-1","max-image-preview":"max-image-preview:large","max-video-preview":"max-video-preview:-1"},"canonical":"https:\/\/jetline.pl\/en\/ustawa-krajobrazowa\/uchwaly-krajobrazowe-rok-po-wyroku-trybunalu-konstytucyjnego\/","og_locale":"en_US","og_type":"article","og_title":"Uchwa\u0142y Krajobrazowe rok po wyroku Trybuna\u0142u Konstytucyjnego","og_description":"W bie\u017c\u0105cym roku uchwa\u0142y krajobrazowe powsta\u0142y w gminach: Jastrz\u0119bie Zdr\u00f3j (stycze\u0144 2024), \u0141omianki (marzec 2024) Zdu\u0144ska Wola i Muszyna...","og_url":"https:\/\/jetline.pl\/en\/ustawa-krajobrazowa\/uchwaly-krajobrazowe-rok-po-wyroku-trybunalu-konstytucyjnego\/","og_site_name":"Jet Line","article_modified_time":"2024-11-25T10:27:01+00:00","og_image":[{"width":1920,"height":771,"url":"https:\/\/jetline.pl\/wp-content\/uploads\/2024\/11\/lawka2.jpg","type":"image\/jpeg"}],"twitter_card":"summary_large_image","twitter_misc":{"Est. reading time":"5 minutes"},"schema":{"@context":"https:\/\/schema.org","@graph":[{"@type":"WebPage","@id":"https:\/\/jetline.pl\/en\/ustawa-krajobrazowa\/uchwaly-krajobrazowe-rok-po-wyroku-trybunalu-konstytucyjnego\/","url":"https:\/\/jetline.pl\/en\/ustawa-krajobrazowa\/uchwaly-krajobrazowe-rok-po-wyroku-trybunalu-konstytucyjnego\/","name":"Uchwa\u0142y Krajobrazowe rok po wyroku Trybuna\u0142u Konstytucyjnego","isPartOf":{"@id":"https:\/\/jetline.pl\/en\/#website"},"primaryImageOfPage":{"@id":"https:\/\/jetline.pl\/en\/ustawa-krajobrazowa\/uchwaly-krajobrazowe-rok-po-wyroku-trybunalu-konstytucyjnego\/#primaryimage"},"image":{"@id":"https:\/\/jetline.pl\/en\/ustawa-krajobrazowa\/uchwaly-krajobrazowe-rok-po-wyroku-trybunalu-konstytucyjnego\/#primaryimage"},"thumbnailUrl":"https:\/\/jetline.pl\/wp-content\/uploads\/2024\/11\/lawka2.jpg","datePublished":"2024-11-25T10:25:14+00:00","dateModified":"2024-11-25T10:27:01+00:00","description":"W bie\u017c\u0105cym roku uchwa\u0142y krajobrazowe powsta\u0142y w gminach: Jastrz\u0119bie Zdr\u00f3j (stycze\u0144 2024), \u0141omianki (marzec 2024) Zdu\u0144ska Wola i Muszyna...","breadcrumb":{"@id":"https:\/\/jetline.pl\/en\/ustawa-krajobrazowa\/uchwaly-krajobrazowe-rok-po-wyroku-trybunalu-konstytucyjnego\/#breadcrumb"},"inLanguage":"en-US","potentialAction":[{"@type":"ReadAction","target":["https:\/\/jetline.pl\/en\/ustawa-krajobrazowa\/uchwaly-krajobrazowe-rok-po-wyroku-trybunalu-konstytucyjnego\/"]}]},{"@type":"ImageObject","inLanguage":"en-US","@id":"https:\/\/jetline.pl\/en\/ustawa-krajobrazowa\/uchwaly-krajobrazowe-rok-po-wyroku-trybunalu-konstytucyjnego\/#primaryimage","url":"https:\/\/jetline.pl\/wp-content\/uploads\/2024\/11\/lawka2.jpg","contentUrl":"https:\/\/jetline.pl\/wp-content\/uploads\/2024\/11\/lawka2.jpg","width":1920,"height":771,"caption":"uchwa\u0142y krajobrazowe"},{"@type":"BreadcrumbList","@id":"https:\/\/jetline.pl\/en\/ustawa-krajobrazowa\/uchwaly-krajobrazowe-rok-po-wyroku-trybunalu-konstytucyjnego\/#breadcrumb","itemListElement":[{"@type":"ListItem","position":1,"name":"Strona g\u0142\u00f3wna","item":"https:\/\/jetline.pl\/en\/"},{"@type":"ListItem","position":2,"name":"Ustawa krajobrazowa","item":"https:\/\/jetline.pl\/en\/ustawa-krajobrazowa\/"},{"@type":"ListItem","position":3,"name":"Uchwa\u0142y Krajobrazowe rok po wyroku Trybuna\u0142u Konstytucyjnego"}]},{"@type":"WebSite","@id":"https:\/\/jetline.pl\/en\/#website","url":"https:\/\/jetline.pl\/en\/","name":"Jet Line","description":"Tworzymy przestrze\u0144 do komunikacji","publisher":{"@id":"https:\/\/jetline.pl\/en\/#organization"},"potentialAction":[{"@type":"SearchAction","target":{"@type":"EntryPoint","urlTemplate":"https:\/\/jetline.pl\/en\/?s={search_term_string}"},"query-input":{"@type":"PropertyValueSpecification","valueRequired":true,"valueName":"search_term_string"}}],"inLanguage":"en-US"},{"@type":"Organization","@id":"https:\/\/jetline.pl\/en\/#organization","name":"Jet Line","url":"https:\/\/jetline.pl\/en\/","logo":{"@type":"ImageObject","inLanguage":"en-US","@id":"https:\/\/jetline.pl\/en\/#\/schema\/logo\/image\/","url":"https:\/\/jetline.pl\/wp-content\/uploads\/2024\/09\/logo_poziom_logo_poziom_czerwone-1.png","contentUrl":"https:\/\/jetline.pl\/wp-content\/uploads\/2024\/09\/logo_poziom_logo_poziom_czerwone-1.png","width":4946,"height":2016,"caption":"Jet Line"},"image":{"@id":"https:\/\/jetline.pl\/en\/#\/schema\/logo\/image\/"}}]}},"_links":{"self":[{"href":"https:\/\/jetline.pl\/en\/wp-json\/wp\/v2\/ustawa\/16817","targetHints":{"allow":["GET"]}}],"collection":[{"href":"https:\/\/jetline.pl\/en\/wp-json\/wp\/v2\/ustawa"}],"about":[{"href":"https:\/\/jetline.pl\/en\/wp-json\/wp\/v2\/types\/ustawa"}],"author":[{"embeddable":true,"href":"https:\/\/jetline.pl\/en\/wp-json\/wp\/v2\/users\/16"}],"wp:featuredmedia":[{"embeddable":true,"href":"https:\/\/jetline.pl\/en\/wp-json\/wp\/v2\/media\/16813"}],"wp:attachment":[{"href":"https:\/\/jetline.pl\/en\/wp-json\/wp\/v2\/media?parent=16817"}],"wp:term":[{"taxonomy":"ustawa_cat","embeddable":true,"href":"https:\/\/jetline.pl\/en\/wp-json\/wp\/v2\/ustawa_cat?post=16817"}],"curies":[{"name":"wp","href":"https:\/\/api.w.org\/{rel}","templated":true}]}}