{"id":1697,"date":"2015-10-05T00:00:00","date_gmt":"2015-10-04T22:00:00","guid":{"rendered":"https:\/\/jetline.presb.pl\/ustawa-krajobrazowa\/kukulcze-jajo-w-gminach-czyli-o-ustawie-krajobrazowej\/"},"modified":"2024-09-04T12:57:04","modified_gmt":"2024-09-04T10:57:04","slug":"kukulcze-jajo-w-gminach-czyli-o-ustawie-krajobrazowej","status":"publish","type":"ustawa","link":"https:\/\/jetline.pl\/en\/ustawa-krajobrazowa\/kukulcze-jajo-w-gminach-czyli-o-ustawie-krajobrazowej\/","title":{"rendered":"Kuku\u0142cze jajo w gminach czyli o ustawie krajobrazowej"},"content":{"rendered":"<p>[vc_row type=\"in_container\" full_screen_row_position=\"middle\" scene_position=\"center\" text_color=\"dark\" text_align=\"left\" overlay_strength=\"0.3\" shape_divider_position=\"bottom\"][vc_column column_padding=\"no-extra-padding\" column_padding_position=\"all\" background_color_opacity=\"1\" background_hover_color_opacity=\"1\" column_shadow=\"none\" column_border_radius=\"none\" width=\"1\/1\" tablet_text_alignment=\"default\" phone_text_alignment=\"default\" column_border_width=\"none\" column_border_style=\"solid\"][vc_column_text]W bie\u017c\u0105cym roku zosta\u0142 opublikowany ranking \"Global Benchmark Complexity Index\", przygotowany przez firm\u0119 TMF Group, pokazuj\u0105cy poziom skomplikowania i niejasno\u015bci przepis\u00f3w prawnych dotycz\u0105cych prowadzenia dzia\u0142alno\u015bci gospodarczej w poszczeg\u00f3lnych pa\u0144stwach. Polska zaj\u0119\u0142a w tym rankingu 1. miejsce w\u015br\u00f3d wszystkich kraj\u00f3w\u00a0 europejskich (7. miejsce na \u015bwiecie). Nie jest to zdecydowanie pow\u00f3d\u00a0do dumy\u2026<\/p>\n<p>Ustawa o ochronie krajobrazu jest niestety przyk\u0142adem, \u017ce s\u0142usznie zaj\u0119li\u015bmy tak wysokie miejsce\u00a0w rankingu. Projekt ustawy pojawi\u0142 si\u0119 w lipcu 2013 i co do jego za\u0142o\u017ce\u0144 uwa\u017cam \u017ce by\u0142 bardzo potrzebny\u00a0i mia\u0142 szans\u0119 wp\u0142yn\u0105\u0107 na popraw\u0119 wizerunku naszego otoczenia. Prace w komisjach trwa\u0142y bardzo d\u0142ugo, potem zosta\u0142 og\u0142oszony termin wybor\u00f3w prezydenckich i nale\u017ca\u0142o jak najszybciej wykaza\u0107 si\u0119 jakim\u015b dzia\u0142aniem. W ci\u0105gu kilku tygodni przeg\u0142osowano ustaw\u0119 i 15 maja br. zosta\u0142a ona podpisana przez Prezydenta RP. Problem polega na tym, \u017ce nie jest to ju\u017c ustawa o ochronie krajobrazu, tylko ustawa antyreklamowa a ca\u0142a odpowiedzialno\u015b\u0107 za jej realizacj\u0119 spad\u0142a na organa wojew\u00f3dzkie i gminne.<br \/>\n11 wrze\u015bnia 2015 r. ustawa wesz\u0142a w \u017cycie i teraz jest ona problemem samorz\u0105d\u00f3w.<\/p>\n<p>Wiele urz\u0119d\u00f3w gmin zapewne przez d\u0142ugi czas nie podejmie tematu tworzenia uchwa\u0142 reklamowych,<br \/>\nmaj\u0105c s\u0142uszne obawy przed kosztami wi\u0105\u017c\u0105cymi si\u0119<br \/>\nz wprowadzeniem dzia\u0142a\u0144 oraz zdaj\u0105c sobie spraw\u0119 z mo\u017cliwo\u015bci skierowania ustawy do Trybuna\u0142u Konstytucyjnego. S\u0105 gminy, kt\u00f3re nie korzystaj\u0105c z \u201edobrodziejstw\u201d nowej ustawy, b\u0119d\u0105 likwidowa\u0142y chaos<br \/>\ni ba\u0142agan na ulicach przy pomocy narz\u0119dzi, jakimi dysponuje nadz\u00f3r budowlany. Wiele gmin tak dzia\u0142a od jakiego\u015b czasu.<br \/>\nS\u0105 jednak gminy, kt\u00f3re podj\u0119\u0142y wyzwanie i rozpoczynaj\u0105 prace nad\u00a0 projektami uchwa\u0142 reklamowych.<br \/>\nTakie wst\u0119pne prace rozpocz\u0119\u0142y si\u0119 w Warszawie, \u0141odzi, Gda\u0144sku. Dlaczego tam? Dla mnie sprawa jest oczywista: mimo, \u017ce ustawa zawiera wiele wad, miasta nale\u017cy posprz\u0105ta\u0107, i ten temat nie wymaga dyskusji. Trzeba jednak zdawa\u0107 sobie spraw\u0119 z tego, co i jak nale\u017cy sprz\u0105ta\u0107, aby by\u0142o to skuteczne.<\/p>\n<p>Zacznijmy jednak od pocz\u0105tku: dlaczego jest tak wiele reklam w przestrzeni miast i gmin.<\/p>\n<p>Odk\u0105d pojawi\u0142y si\u0119 na \u015bwiecie wyspecjalizowane przedsi\u0119biorstwa, pojawi\u0142a si\u0119 r\u00f3wnie\u017c reklama<br \/>\ni od kilkudziesi\u0119ciu wiek\u00f3w towarzyszy nam w \u017cyciu codziennym. Odkryte napisy na \u015bcianach budynk\u00f3w w Pompejach, m\u00f3wi\u0105ce jaki producent ma najlepszy sos rybny najlepiej o tym \u015bwiadcz\u0105. Tak si\u0119 dzia\u0142o i dzieje dlatego, \u017ce reklama zewn\u0119trzna jest skuteczna i potrzebna. Wiedz\u0105 r\u00f3wnie\u017c o tym politycy i samorz\u0105dowcy, kt\u00f3rzy prawie zawsze wykorzystuj\u0105 outdoor podczas kampanii wyborczych, a czasem niestety bez \u017cadnego skr\u0119powania i umiaru za\u015bmiecaj\u0105 miasto.<\/p>\n<p>Co zatem wymaga spr<del datetime=\"2018-01-09T08:08:42+00:00\">z\u0105tania, taka reklama:<\/del><\/p>\n<p><img loading=\"lazy\" decoding=\"async\" class=\"alignnone size-large wp-image-10056\" src=\"https:\/\/jetline.pl\/wp-content\/uploads\/2024\/08\/1-2.jpg\" alt=\"\" width=\"1024\" height=\"571\" \/><\/p>\n<p>czy taka:<\/p>\n<p><img loading=\"lazy\" decoding=\"async\" class=\"alignnone size-large wp-image-10057\" src=\"https:\/\/jetline.pl\/wp-content\/uploads\/2024\/08\/2-2.jpg\" alt=\"\" width=\"1024\" height=\"581\" \/><\/p>\n<p>Odpowied\u017a nie powinna powodowa\u0107 wi\u0119kszych trudno\u015bci.<\/p>\n<p>Jad\u0105c dowoln\u0105 ulic\u0105 w mie\u015bcie zobaczymy kilka konstrukcji reklamy systemowej o ustandaryzowanych formatach i typach, ustawione zgodnie z przepisami, zobaczymy r\u00f3wnie\u017c kilka - kilkana\u015bcie razy wi\u0119cej bannerk\u00f3w, plakat\u00f3w, tabliczek i innych \u201eoryginalnych\u201d konstrukcji. Podstawowym kryterium czyszczenia miasta powinno by\u0107 kryterium legalno\u015bci. Nie mo\u017ce by\u0107 miejsca w przestrzeni na reklamy, kt\u00f3re s\u0105 ustawione niezgodnie z prawem, ale to nie jest problem reklamy systemowej, ona w zdecydowanej wi\u0119kszo\u015bci spe\u0142nia te wymagania.<\/p>\n<p>Poruszaj\u0105c kwest\u0119 legalno\u015bci nale\u017cy pami\u0119ta\u0107 o wadach ustawy o ochronie krajobrazu. Zgodnie z jej zapisami urz\u0105d gminy mo\u017ce zdecydowa\u0107 o usuni\u0119ciu reklamy, kt\u00f3ra posiada pozwolenie na budow\u0119.<br \/>\nTo absurd, wygl\u0105da to tak jakby pan pose\u0142 X uzyska\u0142 pozwolenie na budow\u0119 r\u00f3\u017cowego domu i zbudowa\u0142 go, a w nowej kadencji pos\u0142owie z partii Y przeg\u0142osowali ustaw\u0119, \u017ce wszystkie r\u00f3\u017cowe domy maj\u0105 by\u0107 rozebrane. Praworz\u0105dny pose\u0142 X rozbierze sw\u00f3j dom, ale na pewno wyst\u0105pi - zgodnie z prawem -<br \/>\nz roszczeniem odszkodowawczym do gminy, kt\u00f3ra wcze\u015bniej wyda\u0142a mu pozwolenie na budow\u0119.<\/p>\n<p>Kolejnym problemem jest op\u0142ata reklamowa i decyzja, kto ma j\u0105 p\u0142aci\u0107: w\u0142a\u015bciciel gruntu czy te\u017c w\u0142a\u015bciciel konstrukcji reklamowej. Je\u017celi op\u0142ata nie b\u0119dzie przypisana do w\u0142a\u015bciciela gruntu, pozbywanie si\u0119 \u015bmietnika reklamowego b\u0119dzie bardzo utrudnione. Je\u017celi przypiszemy j\u0105 do w\u0142a\u015bciciela gruntu, nie b\u0119dzie mo\u017cna od podatku reklamowego odliczy\u0107 podatku od nieruchomo\u015bci, co gwarantuje ustawa.<br \/>\nI b\u0105d\u017a tu m\u0105dry samorz\u0105dzie...<\/p>\n<p>Tym bardziej, \u017ce nie wiadomo, do czyjej kasy trafi\u0105 pieni\u0105dze z podatku od reklamy.[\/vc_column_text][\/vc_column][\/vc_row]<\/p>\n","protected":false},"author":16,"featured_media":1513,"template":"","ustawa_cat":[],"class_list":["post-1697","ustawa","type-ustawa","status-publish","has-post-thumbnail","hentry"],"acf":[],"yoast_head":"<!-- This site is optimized with the Yoast SEO plugin v27.5 - https:\/\/yoast.com\/product\/yoast-seo-wordpress\/ -->\n<title>Kuku\u0142cze jajo w gminach czyli o ustawie krajobrazowej - Jet Line<\/title>\n<meta name=\"robots\" content=\"index, follow, max-snippet:-1, max-image-preview:large, max-video-preview:-1\" \/>\n<link rel=\"canonical\" href=\"https:\/\/jetline.pl\/en\/ustawa-krajobrazowa\/kukulcze-jajo-w-gminach-czyli-o-ustawie-krajobrazowej\/\" \/>\n<meta property=\"og:locale\" content=\"en_US\" \/>\n<meta property=\"og:type\" content=\"article\" \/>\n<meta property=\"og:title\" content=\"Kuku\u0142cze jajo w gminach czyli o ustawie krajobrazowej - Jet Line\" \/>\n<meta property=\"og:description\" content=\"[vc_row type=&quot;in_container&quot; full_screen_row_position=&quot;middle&quot; scene_position=&quot;center&quot; text_color=&quot;dark&quot; text_align=&quot;left&quot; overlay_strength=&quot;0.3&quot; shape_divider_position=&quot;bottom&quot;][vc_column column_padding=&quot;no-extra-padding&quot; column_padding_position=&quot;all&quot;...\" \/>\n<meta property=\"og:url\" content=\"https:\/\/jetline.pl\/en\/ustawa-krajobrazowa\/kukulcze-jajo-w-gminach-czyli-o-ustawie-krajobrazowej\/\" \/>\n<meta property=\"og:site_name\" content=\"Jet Line\" \/>\n<meta property=\"article:modified_time\" content=\"2024-09-04T10:57:04+00:00\" \/>\n<meta property=\"og:image\" content=\"https:\/\/jetline.pl\/wp-content\/uploads\/2024\/09\/photo-1436731837106-3b37ef132fc2.jpeg\" \/>\n\t<meta property=\"og:image:width\" content=\"2048\" \/>\n\t<meta property=\"og:image:height\" content=\"1365\" \/>\n\t<meta property=\"og:image:type\" content=\"image\/jpeg\" \/>\n<meta name=\"twitter:card\" content=\"summary_large_image\" \/>\n<meta name=\"twitter:label1\" content=\"Est. reading time\" \/>\n\t<meta name=\"twitter:data1\" content=\"4 minutes\" \/>\n<script type=\"application\/ld+json\" class=\"yoast-schema-graph\">{\"@context\":\"https:\\\/\\\/schema.org\",\"@graph\":[{\"@type\":\"WebPage\",\"@id\":\"https:\\\/\\\/jetline.pl\\\/en\\\/ustawa-krajobrazowa\\\/kukulcze-jajo-w-gminach-czyli-o-ustawie-krajobrazowej\\\/\",\"url\":\"https:\\\/\\\/jetline.pl\\\/en\\\/ustawa-krajobrazowa\\\/kukulcze-jajo-w-gminach-czyli-o-ustawie-krajobrazowej\\\/\",\"name\":\"Kuku\u0142cze jajo w gminach czyli o ustawie krajobrazowej - Jet Line\",\"isPartOf\":{\"@id\":\"https:\\\/\\\/jetline.pl\\\/en\\\/#website\"},\"primaryImageOfPage\":{\"@id\":\"https:\\\/\\\/jetline.pl\\\/en\\\/ustawa-krajobrazowa\\\/kukulcze-jajo-w-gminach-czyli-o-ustawie-krajobrazowej\\\/#primaryimage\"},\"image\":{\"@id\":\"https:\\\/\\\/jetline.pl\\\/en\\\/ustawa-krajobrazowa\\\/kukulcze-jajo-w-gminach-czyli-o-ustawie-krajobrazowej\\\/#primaryimage\"},\"thumbnailUrl\":\"https:\\\/\\\/jetline.pl\\\/wp-content\\\/uploads\\\/2024\\\/09\\\/photo-1436731837106-3b37ef132fc2.jpeg\",\"datePublished\":\"2015-10-04T22:00:00+00:00\",\"dateModified\":\"2024-09-04T10:57:04+00:00\",\"breadcrumb\":{\"@id\":\"https:\\\/\\\/jetline.pl\\\/en\\\/ustawa-krajobrazowa\\\/kukulcze-jajo-w-gminach-czyli-o-ustawie-krajobrazowej\\\/#breadcrumb\"},\"inLanguage\":\"en-US\",\"potentialAction\":[{\"@type\":\"ReadAction\",\"target\":[\"https:\\\/\\\/jetline.pl\\\/en\\\/ustawa-krajobrazowa\\\/kukulcze-jajo-w-gminach-czyli-o-ustawie-krajobrazowej\\\/\"]}]},{\"@type\":\"ImageObject\",\"inLanguage\":\"en-US\",\"@id\":\"https:\\\/\\\/jetline.pl\\\/en\\\/ustawa-krajobrazowa\\\/kukulcze-jajo-w-gminach-czyli-o-ustawie-krajobrazowej\\\/#primaryimage\",\"url\":\"https:\\\/\\\/jetline.pl\\\/wp-content\\\/uploads\\\/2024\\\/09\\\/photo-1436731837106-3b37ef132fc2.jpeg\",\"contentUrl\":\"https:\\\/\\\/jetline.pl\\\/wp-content\\\/uploads\\\/2024\\\/09\\\/photo-1436731837106-3b37ef132fc2.jpeg\",\"width\":2048,\"height\":1365},{\"@type\":\"BreadcrumbList\",\"@id\":\"https:\\\/\\\/jetline.pl\\\/en\\\/ustawa-krajobrazowa\\\/kukulcze-jajo-w-gminach-czyli-o-ustawie-krajobrazowej\\\/#breadcrumb\",\"itemListElement\":[{\"@type\":\"ListItem\",\"position\":1,\"name\":\"Strona g\u0142\u00f3wna\",\"item\":\"https:\\\/\\\/jetline.pl\\\/en\\\/\"},{\"@type\":\"ListItem\",\"position\":2,\"name\":\"Ustawa krajobrazowa\",\"item\":\"https:\\\/\\\/jetline.pl\\\/en\\\/ustawa-krajobrazowa\\\/\"},{\"@type\":\"ListItem\",\"position\":3,\"name\":\"Kuku\u0142cze jajo w gminach czyli o ustawie krajobrazowej\"}]},{\"@type\":\"WebSite\",\"@id\":\"https:\\\/\\\/jetline.pl\\\/en\\\/#website\",\"url\":\"https:\\\/\\\/jetline.pl\\\/en\\\/\",\"name\":\"Jet Line\",\"description\":\"Tworzymy przestrze\u0144 do komunikacji\",\"publisher\":{\"@id\":\"https:\\\/\\\/jetline.pl\\\/en\\\/#organization\"},\"potentialAction\":[{\"@type\":\"SearchAction\",\"target\":{\"@type\":\"EntryPoint\",\"urlTemplate\":\"https:\\\/\\\/jetline.pl\\\/en\\\/?s={search_term_string}\"},\"query-input\":{\"@type\":\"PropertyValueSpecification\",\"valueRequired\":true,\"valueName\":\"search_term_string\"}}],\"inLanguage\":\"en-US\"},{\"@type\":\"Organization\",\"@id\":\"https:\\\/\\\/jetline.pl\\\/en\\\/#organization\",\"name\":\"Jet Line\",\"url\":\"https:\\\/\\\/jetline.pl\\\/en\\\/\",\"logo\":{\"@type\":\"ImageObject\",\"inLanguage\":\"en-US\",\"@id\":\"https:\\\/\\\/jetline.pl\\\/en\\\/#\\\/schema\\\/logo\\\/image\\\/\",\"url\":\"https:\\\/\\\/jetline.pl\\\/wp-content\\\/uploads\\\/2024\\\/09\\\/logo_poziom_logo_poziom_czerwone-1.png\",\"contentUrl\":\"https:\\\/\\\/jetline.pl\\\/wp-content\\\/uploads\\\/2024\\\/09\\\/logo_poziom_logo_poziom_czerwone-1.png\",\"width\":4946,\"height\":2016,\"caption\":\"Jet Line\"},\"image\":{\"@id\":\"https:\\\/\\\/jetline.pl\\\/en\\\/#\\\/schema\\\/logo\\\/image\\\/\"}}]}<\/script>\n<!-- \/ Yoast SEO plugin. -->","yoast_head_json":{"title":"Kuku\u0142cze jajo w gminach czyli o ustawie krajobrazowej - Jet Line","robots":{"index":"index","follow":"follow","max-snippet":"max-snippet:-1","max-image-preview":"max-image-preview:large","max-video-preview":"max-video-preview:-1"},"canonical":"https:\/\/jetline.pl\/en\/ustawa-krajobrazowa\/kukulcze-jajo-w-gminach-czyli-o-ustawie-krajobrazowej\/","og_locale":"en_US","og_type":"article","og_title":"Kuku\u0142cze jajo w gminach czyli o ustawie krajobrazowej - Jet Line","og_description":"[vc_row type=\"in_container\" full_screen_row_position=\"middle\" scene_position=\"center\" text_color=\"dark\" text_align=\"left\" overlay_strength=\"0.3\" shape_divider_position=\"bottom\"][vc_column column_padding=\"no-extra-padding\" column_padding_position=\"all\"...","og_url":"https:\/\/jetline.pl\/en\/ustawa-krajobrazowa\/kukulcze-jajo-w-gminach-czyli-o-ustawie-krajobrazowej\/","og_site_name":"Jet Line","article_modified_time":"2024-09-04T10:57:04+00:00","og_image":[{"width":2048,"height":1365,"url":"https:\/\/jetline.pl\/wp-content\/uploads\/2024\/09\/photo-1436731837106-3b37ef132fc2.jpeg","type":"image\/jpeg"}],"twitter_card":"summary_large_image","twitter_misc":{"Est. reading time":"4 minutes"},"schema":{"@context":"https:\/\/schema.org","@graph":[{"@type":"WebPage","@id":"https:\/\/jetline.pl\/en\/ustawa-krajobrazowa\/kukulcze-jajo-w-gminach-czyli-o-ustawie-krajobrazowej\/","url":"https:\/\/jetline.pl\/en\/ustawa-krajobrazowa\/kukulcze-jajo-w-gminach-czyli-o-ustawie-krajobrazowej\/","name":"Kuku\u0142cze jajo w gminach czyli o ustawie krajobrazowej - Jet Line","isPartOf":{"@id":"https:\/\/jetline.pl\/en\/#website"},"primaryImageOfPage":{"@id":"https:\/\/jetline.pl\/en\/ustawa-krajobrazowa\/kukulcze-jajo-w-gminach-czyli-o-ustawie-krajobrazowej\/#primaryimage"},"image":{"@id":"https:\/\/jetline.pl\/en\/ustawa-krajobrazowa\/kukulcze-jajo-w-gminach-czyli-o-ustawie-krajobrazowej\/#primaryimage"},"thumbnailUrl":"https:\/\/jetline.pl\/wp-content\/uploads\/2024\/09\/photo-1436731837106-3b37ef132fc2.jpeg","datePublished":"2015-10-04T22:00:00+00:00","dateModified":"2024-09-04T10:57:04+00:00","breadcrumb":{"@id":"https:\/\/jetline.pl\/en\/ustawa-krajobrazowa\/kukulcze-jajo-w-gminach-czyli-o-ustawie-krajobrazowej\/#breadcrumb"},"inLanguage":"en-US","potentialAction":[{"@type":"ReadAction","target":["https:\/\/jetline.pl\/en\/ustawa-krajobrazowa\/kukulcze-jajo-w-gminach-czyli-o-ustawie-krajobrazowej\/"]}]},{"@type":"ImageObject","inLanguage":"en-US","@id":"https:\/\/jetline.pl\/en\/ustawa-krajobrazowa\/kukulcze-jajo-w-gminach-czyli-o-ustawie-krajobrazowej\/#primaryimage","url":"https:\/\/jetline.pl\/wp-content\/uploads\/2024\/09\/photo-1436731837106-3b37ef132fc2.jpeg","contentUrl":"https:\/\/jetline.pl\/wp-content\/uploads\/2024\/09\/photo-1436731837106-3b37ef132fc2.jpeg","width":2048,"height":1365},{"@type":"BreadcrumbList","@id":"https:\/\/jetline.pl\/en\/ustawa-krajobrazowa\/kukulcze-jajo-w-gminach-czyli-o-ustawie-krajobrazowej\/#breadcrumb","itemListElement":[{"@type":"ListItem","position":1,"name":"Strona g\u0142\u00f3wna","item":"https:\/\/jetline.pl\/en\/"},{"@type":"ListItem","position":2,"name":"Ustawa krajobrazowa","item":"https:\/\/jetline.pl\/en\/ustawa-krajobrazowa\/"},{"@type":"ListItem","position":3,"name":"Kuku\u0142cze jajo w gminach czyli o ustawie krajobrazowej"}]},{"@type":"WebSite","@id":"https:\/\/jetline.pl\/en\/#website","url":"https:\/\/jetline.pl\/en\/","name":"Jet Line","description":"Tworzymy przestrze\u0144 do komunikacji","publisher":{"@id":"https:\/\/jetline.pl\/en\/#organization"},"potentialAction":[{"@type":"SearchAction","target":{"@type":"EntryPoint","urlTemplate":"https:\/\/jetline.pl\/en\/?s={search_term_string}"},"query-input":{"@type":"PropertyValueSpecification","valueRequired":true,"valueName":"search_term_string"}}],"inLanguage":"en-US"},{"@type":"Organization","@id":"https:\/\/jetline.pl\/en\/#organization","name":"Jet Line","url":"https:\/\/jetline.pl\/en\/","logo":{"@type":"ImageObject","inLanguage":"en-US","@id":"https:\/\/jetline.pl\/en\/#\/schema\/logo\/image\/","url":"https:\/\/jetline.pl\/wp-content\/uploads\/2024\/09\/logo_poziom_logo_poziom_czerwone-1.png","contentUrl":"https:\/\/jetline.pl\/wp-content\/uploads\/2024\/09\/logo_poziom_logo_poziom_czerwone-1.png","width":4946,"height":2016,"caption":"Jet Line"},"image":{"@id":"https:\/\/jetline.pl\/en\/#\/schema\/logo\/image\/"}}]}},"_links":{"self":[{"href":"https:\/\/jetline.pl\/en\/wp-json\/wp\/v2\/ustawa\/1697","targetHints":{"allow":["GET"]}}],"collection":[{"href":"https:\/\/jetline.pl\/en\/wp-json\/wp\/v2\/ustawa"}],"about":[{"href":"https:\/\/jetline.pl\/en\/wp-json\/wp\/v2\/types\/ustawa"}],"author":[{"embeddable":true,"href":"https:\/\/jetline.pl\/en\/wp-json\/wp\/v2\/users\/16"}],"wp:featuredmedia":[{"embeddable":true,"href":"https:\/\/jetline.pl\/en\/wp-json\/wp\/v2\/media\/1513"}],"wp:attachment":[{"href":"https:\/\/jetline.pl\/en\/wp-json\/wp\/v2\/media?parent=1697"}],"wp:term":[{"taxonomy":"ustawa_cat","embeddable":true,"href":"https:\/\/jetline.pl\/en\/wp-json\/wp\/v2\/ustawa_cat?post=1697"}],"curies":[{"name":"wp","href":"https:\/\/api.w.org\/{rel}","templated":true}]}}