{"id":1699,"date":"2016-05-30T00:00:00","date_gmt":"2016-05-29T22:00:00","guid":{"rendered":"https:\/\/jetline.presb.pl\/ustawa-krajobrazowa\/kilka-refleksji-na-temat-uchwaly-krajobrazowej-w-krakowie\/"},"modified":"2024-09-04T12:57:05","modified_gmt":"2024-09-04T10:57:05","slug":"kilka-refleksji-na-temat-uchwaly-krajobrazowej-w-krakowie","status":"publish","type":"ustawa","link":"https:\/\/jetline.pl\/en\/ustawa-krajobrazowa\/kilka-refleksji-na-temat-uchwaly-krajobrazowej-w-krakowie\/","title":{"rendered":"Kilka refleksji na temat uchwa\u0142y krajobrazowej w Krakowie"},"content":{"rendered":"<p>[vc_row type=\"in_container\" full_screen_row_position=\"middle\" scene_position=\"center\" text_color=\"dark\" text_align=\"left\" overlay_strength=\"0.3\" shape_divider_position=\"bottom\"][vc_column column_padding=\"no-extra-padding\" column_padding_position=\"all\" background_color_opacity=\"1\" background_hover_color_opacity=\"1\" column_shadow=\"none\" column_border_radius=\"none\" width=\"1\/1\" tablet_text_alignment=\"default\" phone_text_alignment=\"default\" column_border_width=\"none\" column_border_style=\"solid\"][vc_column_text]25 maja br. odby\u0142a si\u0119 w Krakowie debata dotycz\u0105ca projektu krakowskiej uchwa\u0142y krajobrazowej.<br \/>\nJako paneli\u015bci w spotkaniu uczestniczyli: El\u017cbieta Koterba, Zast\u0119pca Prezydenta ds. Rozwoju Miasta,\u00a0Janusz Sepio\u0142, by\u0142y senator, wsp\u00f3\u0142tw\u00f3rca ustawy krajobrazowej, Marek Kuzaka, prezes zarz\u0105du AMS oraz Andrzej Zdebski, prezydent Izby Przemys\u0142owo-Handlowej w Krakowie.<\/p>\n<p><img loading=\"lazy\" decoding=\"async\" class=\"alignnone size-large wp-image-8968\" src=\"https:\/\/jetline.pl\/wp-content\/uploads\/2024\/08\/smok_goni_szkic_kolor-1.jpg\" alt=\"\" width=\"1024\" height=\"624\" \/><\/p>\n<p>Projekt krakowskiej uchwa\u0142y jest dokumentem bardzo restrykcyjnym dla przedsi\u0119biorc\u00f3w lokalnych,\u00a0bran\u017cy reklamowej, mieszka\u0144c\u00f3w i nawet dla turyst\u00f3w, bo jak inaczej mo\u017cna potraktowa\u0107 zapowied\u017a,\u00a0i\u017c na drzwiach sklepu mo\u017cna wywiesi\u0107 informacj\u0119 o mo\u017cliwo\u015bci p\u0142atno\u015bci kart\u0105, ale nie mo\u017cna umie\u015bci\u0107 oznaczenia graficznego, o jakie karty chodzi.<br \/>\nProjekt uchwa\u0142y zawiera du\u017co absurd\u00f3w i barier. Zastanawia\u0142em si\u0119, co jest przyczyna takiego podej\u015bcia\u00a0do ochrony krajobrazu i odnosz\u0119 wra\u017cenie, i\u017c osoby przygotowuj\u0105ce dokument zapomnia\u0142y o kilku podstawowych sprawach.<\/p>\n<p><strong>Reklama jest potrzebna przedsi\u0119biorcom<\/strong> w miejscu prowadzenia dzia\u0142alno\u015bci gospodarczej, ale nie tylko. Krak\u00f3w jest tu od lat bardzo restrykcyjny.<br \/>\nJeden z hoteli na Starym Mie\u015bcie przez 8 miesi\u0119cy od rozpocz\u0119cia dzia\u0142alno\u015bci czeka\u0142 na wydanie zgody\u00a0na umieszczenie w widocznym miejscu szyldu 50x50 cm \u2013 jak dla mnie jest to arogancja w\u0142adzy\u00a0w najczystszej formie. Kto\u015b powiedzia\u0142, \u017ce firma bez reklamy jest tym samym, co \u017car\u00f3wka bez pr\u0105du.<br \/>\nI to jest pierwsza zasada, o kt\u00f3rej powinny pami\u0119ta\u0107 w\u0142adze Krakowa.<\/p>\n<p><strong>Reklama jest potrzebna tak\u017ce miastu<\/strong>. Na stronie miasta znajduje si\u0119 lista prowadzonych na no\u015bnikach zewn\u0119trznych kampanii. Wymieni\u0119 kilka z nich: \u201eKrak\u00f3w porusza umys\u0142y\u201d - kampania by\u0142a realizowana\u00a0na 300 billboardach i 350 citylightach; \u201eKrak\u00f3w \u2013 tu p\u0142ac\u0119 podatki\u201d - kampania by\u0142a realizowana\u00a0na 50 billboardach i 50 citylightach;\u00a0 \u201ePIT w Krakowie \u2013 dobrze si\u0119 sk\u0142ada\u201d - kampania by\u0142a realizowana\u00a0na 100 billboardach i 80 citylightach i wiele innych.<br \/>\nMiasto s\u0142usznie reklamuje si\u0119 w przestrzeni\u00a0 publicznej,\u00a0 jest to zwyczajnie skuteczne. Skuteczno\u015b\u0107 t\u0119 potwierdza r\u00f3wnie\u017c ankieta z kwietnia 2015 r. (przygotowana zgodnie z najlepszymi wzorcami referendum 1947), w kt\u00f3rej 98,6% ankietowanych zwraca uwag\u0119 na reklamy. Swoj\u0105 drog\u0105, konieczno\u015b\u0107 robienia tylu kampanii namawiaj\u0105cych do rozliczania si\u0119 z podatku w Krakowie, powinno w\u0142adzom miasta da\u0107\u00a0do my\u015blenia.<\/p>\n<p><strong>Forma dokumentu<\/strong>, stworzona na zasadzie budowania listy zamkni\u0119tej zawsze b\u0119dzie bardzo skomplikowana, d\u0142uga oraz zawsze b\u0119d\u0105 w niej luki. Czy nie jest du\u017co prostszym rozwi\u0105zaniem napisanie,\u00a0co jest dozwolone i oraz wskazanie, \u017ce to co nie jest dozwolone, jest zabronione?<\/p>\n<p><strong>Do pisania prawa trzeba si\u0119 przygotowa\u0107<\/strong>. Niestety, w wielu miejscach dokumentu wida\u0107, \u017ce autorzy niewiele wiedz\u0105 o bran\u017cy reklamowej.<br \/>\nProjekt ustawy nie uwzgl\u0119dnia skodyfikowanych i przyj\u0119tych przez rynek format\u00f3w.<br \/>\nNie ma w nim nic o przysz\u0142o\u015bci s\u0142up\u00f3w reklamowych.<\/p>\n<p>Podczas spotkania Pani Prezydent zapewni\u0142a \u017ce \u201e<em>jeste\u015bmy na pocz\u0105tku wst\u0119pnym<\/em>\u201d oraz \u017ce bardzo jej zale\u017cy, aby \u201e<em>Krak\u00f3w by\u0142 podobny do stolic europejskich<\/em>\u201d. Jednak ze sposobu prowadzenia komunikacji wida\u0107,\u00a0\u017ce \u017cadne zmiany w sposobie konsultacji nie s\u0105 przewidywane. Na zadawane pytania, np. o prawa nabyte\u00a0lub wspomniane wy\u017cej s\u0142upy reklamowe, nie pada\u0142y precyzyjne odpowiedzi.<\/p>\n<p>W og\u00f3le najcz\u0119stsz\u0105 odpowiedzi\u0105 na dowoln\u0105 obiekcj\u0119 ze strony zebranych w sali by\u0142a ta o konieczno\u015bci uporz\u0105dkowania przestrzeni. Fakt, \u017ce nikt nie kwestionowa\u0142 i nie kwestionuje tej konieczno\u015bci, ba \u2013 bran\u017ca reklamowa od dawna wskazuje, \u017ce s\u0105 narz\u0119dzia do likwidacji \u015bmieci i wystarczy je tylko uruchomi\u0107 \u2013 stale umyka przedstawicielom w\u0142adzy. Na krakowskim spotkaniu tak\u017ce umkn\u0105\u0142 passus o przyt\u0142aczaj\u0105cej liczbie przydro\u017cnych informacji, kt\u00f3re w og\u00f3le nie powinny w przestrzeni zaistnie\u0107, nielegalnych, przypadkowych,<br \/>\nna rozpadaj\u0105cych si\u0119 konstrukcjach.<br \/>\nZadali\u015bmy sobie prac\u0119 domow\u0105 i zrobili\u015bmy audyt (prawda, \u017ce przy ulicy Modli\u0144skiej w Warszawie,\u00a0co ma jednak znaczenie drugorz\u0119dne): stosunek reklam systemowych do niesystemowych wynosi 1:4,2.<br \/>\nO pomy\u015ble na likwidacj\u0119 \u015bmieci, czyli jakby si\u0119 mog\u0142o zdawa\u0107 -\u00a0 o pierwszym kroku ku uporz\u0105dkowaniu przestrzeni, w\u0142adze nie zaj\u0105kn\u0119\u0142y si\u0119 s\u0142owem.<\/p>\n<p>Stanowisko Pani Prezydent przypomnia\u0142o mi pewien wywiad Roberta Mazurka z El\u017cbiet\u0105 Jakubiak z 2007 roku. Oto fragment:<\/p>\n<p>\"(...) El\u017cbieta Jakubiak:<em> U nas uwa\u017ca si\u0119, \u017ce biznes tworzy pa\u0144stwo, a urz\u0119dnicy pa\u0144stwowi je niszcz\u0105, a to oni przygotowuj\u0105 wielk\u0105 infrastruktur\u0119 dla \u017cycia dziennikarzy, biznesu. Gdyby nie oni, gdyby nie tacy ludzie jak ja, by\u0142by pan bez numeru dowodu, zameldowania.<\/em><\/p>\n<p>Redaktor: <em>Gdyby nie biznes, pani by\u0142aby bez pensji.<\/em><\/p>\n<p>El\u017cbieta Jakubiak: <em>To nieprawda! Wypracowuj\u0119 j\u0105 jako urz\u0119dnik pa\u0144stwowy, wydaj\u0105c panu za\u015bwiadczenia, by m\u00f3g\u0142 pan prowadzi\u0107 dzia\u0142alno\u015b\u0107 gospodarcz\u0105, przygotowuj\u0105c dzia\u0142k\u0119 do inwestycji i tak dalej. W sumie to ja panu pozwalam pracowa\u0107.(...)\"<br \/>\n<\/em><\/p>\n<p>Sprawa konieczno\u015bci uporz\u0105dkowania przestrzeni publicznej\u00a0 jest oczywista, ca\u0142kowicie zgadzam si\u0119\u00a0z urz\u0119dnikami z Krakowa, jednak spos\u00f3b osi\u0105gni\u0119cia celu, kt\u00f3ry zosta\u0142 zaproponowany w uchwale,\u00a0b\u0119dzie szkodzi\u0142 wszystkim.[\/vc_column_text][\/vc_column][\/vc_row]<\/p>\n","protected":false},"author":16,"featured_media":1517,"template":"","ustawa_cat":[],"class_list":["post-1699","ustawa","type-ustawa","status-publish","has-post-thumbnail","hentry"],"acf":[],"yoast_head":"<!-- This site is optimized with the Yoast SEO plugin v27.5 - https:\/\/yoast.com\/product\/yoast-seo-wordpress\/ -->\n<title>Kilka refleksji na temat uchwa\u0142y krajobrazowej w Krakowie - Jet Line<\/title>\n<meta name=\"robots\" content=\"index, follow, max-snippet:-1, max-image-preview:large, max-video-preview:-1\" \/>\n<link rel=\"canonical\" href=\"https:\/\/jetline.pl\/en\/ustawa-krajobrazowa\/kilka-refleksji-na-temat-uchwaly-krajobrazowej-w-krakowie\/\" \/>\n<meta property=\"og:locale\" content=\"en_US\" \/>\n<meta property=\"og:type\" content=\"article\" \/>\n<meta property=\"og:title\" content=\"Kilka refleksji na temat uchwa\u0142y krajobrazowej w Krakowie - Jet Line\" \/>\n<meta property=\"og:description\" content=\"[vc_row type=&quot;in_container&quot; full_screen_row_position=&quot;middle&quot; scene_position=&quot;center&quot; text_color=&quot;dark&quot; text_align=&quot;left&quot; overlay_strength=&quot;0.3&quot; shape_divider_position=&quot;bottom&quot;][vc_column column_padding=&quot;no-extra-padding&quot; column_padding_position=&quot;all&quot;...\" \/>\n<meta property=\"og:url\" content=\"https:\/\/jetline.pl\/en\/ustawa-krajobrazowa\/kilka-refleksji-na-temat-uchwaly-krajobrazowej-w-krakowie\/\" \/>\n<meta property=\"og:site_name\" content=\"Jet Line\" \/>\n<meta property=\"article:modified_time\" content=\"2024-09-04T10:57:05+00:00\" \/>\n<meta property=\"og:image\" content=\"https:\/\/jetline.pl\/wp-content\/uploads\/2024\/09\/smok_goni_szkic_kolor-1.jpg\" \/>\n\t<meta property=\"og:image:width\" content=\"2020\" \/>\n\t<meta property=\"og:image:height\" content=\"1231\" \/>\n\t<meta property=\"og:image:type\" content=\"image\/jpeg\" \/>\n<meta name=\"twitter:card\" content=\"summary_large_image\" \/>\n<meta name=\"twitter:label1\" content=\"Est. reading time\" \/>\n\t<meta name=\"twitter:data1\" content=\"4 minutes\" \/>\n<script type=\"application\/ld+json\" class=\"yoast-schema-graph\">{\"@context\":\"https:\\\/\\\/schema.org\",\"@graph\":[{\"@type\":\"WebPage\",\"@id\":\"https:\\\/\\\/jetline.pl\\\/en\\\/ustawa-krajobrazowa\\\/kilka-refleksji-na-temat-uchwaly-krajobrazowej-w-krakowie\\\/\",\"url\":\"https:\\\/\\\/jetline.pl\\\/en\\\/ustawa-krajobrazowa\\\/kilka-refleksji-na-temat-uchwaly-krajobrazowej-w-krakowie\\\/\",\"name\":\"Kilka refleksji na temat uchwa\u0142y krajobrazowej w Krakowie - Jet Line\",\"isPartOf\":{\"@id\":\"https:\\\/\\\/jetline.pl\\\/en\\\/#website\"},\"primaryImageOfPage\":{\"@id\":\"https:\\\/\\\/jetline.pl\\\/en\\\/ustawa-krajobrazowa\\\/kilka-refleksji-na-temat-uchwaly-krajobrazowej-w-krakowie\\\/#primaryimage\"},\"image\":{\"@id\":\"https:\\\/\\\/jetline.pl\\\/en\\\/ustawa-krajobrazowa\\\/kilka-refleksji-na-temat-uchwaly-krajobrazowej-w-krakowie\\\/#primaryimage\"},\"thumbnailUrl\":\"https:\\\/\\\/jetline.pl\\\/wp-content\\\/uploads\\\/2024\\\/09\\\/smok_goni_szkic_kolor-1.jpg\",\"datePublished\":\"2016-05-29T22:00:00+00:00\",\"dateModified\":\"2024-09-04T10:57:05+00:00\",\"breadcrumb\":{\"@id\":\"https:\\\/\\\/jetline.pl\\\/en\\\/ustawa-krajobrazowa\\\/kilka-refleksji-na-temat-uchwaly-krajobrazowej-w-krakowie\\\/#breadcrumb\"},\"inLanguage\":\"en-US\",\"potentialAction\":[{\"@type\":\"ReadAction\",\"target\":[\"https:\\\/\\\/jetline.pl\\\/en\\\/ustawa-krajobrazowa\\\/kilka-refleksji-na-temat-uchwaly-krajobrazowej-w-krakowie\\\/\"]}]},{\"@type\":\"ImageObject\",\"inLanguage\":\"en-US\",\"@id\":\"https:\\\/\\\/jetline.pl\\\/en\\\/ustawa-krajobrazowa\\\/kilka-refleksji-na-temat-uchwaly-krajobrazowej-w-krakowie\\\/#primaryimage\",\"url\":\"https:\\\/\\\/jetline.pl\\\/wp-content\\\/uploads\\\/2024\\\/09\\\/smok_goni_szkic_kolor-1.jpg\",\"contentUrl\":\"https:\\\/\\\/jetline.pl\\\/wp-content\\\/uploads\\\/2024\\\/09\\\/smok_goni_szkic_kolor-1.jpg\",\"width\":2020,\"height\":1231},{\"@type\":\"BreadcrumbList\",\"@id\":\"https:\\\/\\\/jetline.pl\\\/en\\\/ustawa-krajobrazowa\\\/kilka-refleksji-na-temat-uchwaly-krajobrazowej-w-krakowie\\\/#breadcrumb\",\"itemListElement\":[{\"@type\":\"ListItem\",\"position\":1,\"name\":\"Strona g\u0142\u00f3wna\",\"item\":\"https:\\\/\\\/jetline.pl\\\/en\\\/\"},{\"@type\":\"ListItem\",\"position\":2,\"name\":\"Ustawa krajobrazowa\",\"item\":\"https:\\\/\\\/jetline.pl\\\/en\\\/ustawa-krajobrazowa\\\/\"},{\"@type\":\"ListItem\",\"position\":3,\"name\":\"Kilka refleksji na temat uchwa\u0142y krajobrazowej w Krakowie\"}]},{\"@type\":\"WebSite\",\"@id\":\"https:\\\/\\\/jetline.pl\\\/en\\\/#website\",\"url\":\"https:\\\/\\\/jetline.pl\\\/en\\\/\",\"name\":\"Jet Line\",\"description\":\"Tworzymy przestrze\u0144 do komunikacji\",\"publisher\":{\"@id\":\"https:\\\/\\\/jetline.pl\\\/en\\\/#organization\"},\"potentialAction\":[{\"@type\":\"SearchAction\",\"target\":{\"@type\":\"EntryPoint\",\"urlTemplate\":\"https:\\\/\\\/jetline.pl\\\/en\\\/?s={search_term_string}\"},\"query-input\":{\"@type\":\"PropertyValueSpecification\",\"valueRequired\":true,\"valueName\":\"search_term_string\"}}],\"inLanguage\":\"en-US\"},{\"@type\":\"Organization\",\"@id\":\"https:\\\/\\\/jetline.pl\\\/en\\\/#organization\",\"name\":\"Jet Line\",\"url\":\"https:\\\/\\\/jetline.pl\\\/en\\\/\",\"logo\":{\"@type\":\"ImageObject\",\"inLanguage\":\"en-US\",\"@id\":\"https:\\\/\\\/jetline.pl\\\/en\\\/#\\\/schema\\\/logo\\\/image\\\/\",\"url\":\"https:\\\/\\\/jetline.pl\\\/wp-content\\\/uploads\\\/2024\\\/09\\\/logo_poziom_logo_poziom_czerwone-1.png\",\"contentUrl\":\"https:\\\/\\\/jetline.pl\\\/wp-content\\\/uploads\\\/2024\\\/09\\\/logo_poziom_logo_poziom_czerwone-1.png\",\"width\":4946,\"height\":2016,\"caption\":\"Jet Line\"},\"image\":{\"@id\":\"https:\\\/\\\/jetline.pl\\\/en\\\/#\\\/schema\\\/logo\\\/image\\\/\"}}]}<\/script>\n<!-- \/ Yoast SEO plugin. -->","yoast_head_json":{"title":"Kilka refleksji na temat uchwa\u0142y krajobrazowej w Krakowie - Jet Line","robots":{"index":"index","follow":"follow","max-snippet":"max-snippet:-1","max-image-preview":"max-image-preview:large","max-video-preview":"max-video-preview:-1"},"canonical":"https:\/\/jetline.pl\/en\/ustawa-krajobrazowa\/kilka-refleksji-na-temat-uchwaly-krajobrazowej-w-krakowie\/","og_locale":"en_US","og_type":"article","og_title":"Kilka refleksji na temat uchwa\u0142y krajobrazowej w Krakowie - Jet Line","og_description":"[vc_row type=\"in_container\" full_screen_row_position=\"middle\" scene_position=\"center\" text_color=\"dark\" text_align=\"left\" overlay_strength=\"0.3\" shape_divider_position=\"bottom\"][vc_column column_padding=\"no-extra-padding\" column_padding_position=\"all\"...","og_url":"https:\/\/jetline.pl\/en\/ustawa-krajobrazowa\/kilka-refleksji-na-temat-uchwaly-krajobrazowej-w-krakowie\/","og_site_name":"Jet Line","article_modified_time":"2024-09-04T10:57:05+00:00","og_image":[{"width":2020,"height":1231,"url":"https:\/\/jetline.pl\/wp-content\/uploads\/2024\/09\/smok_goni_szkic_kolor-1.jpg","type":"image\/jpeg"}],"twitter_card":"summary_large_image","twitter_misc":{"Est. reading time":"4 minutes"},"schema":{"@context":"https:\/\/schema.org","@graph":[{"@type":"WebPage","@id":"https:\/\/jetline.pl\/en\/ustawa-krajobrazowa\/kilka-refleksji-na-temat-uchwaly-krajobrazowej-w-krakowie\/","url":"https:\/\/jetline.pl\/en\/ustawa-krajobrazowa\/kilka-refleksji-na-temat-uchwaly-krajobrazowej-w-krakowie\/","name":"Kilka refleksji na temat uchwa\u0142y krajobrazowej w Krakowie - Jet Line","isPartOf":{"@id":"https:\/\/jetline.pl\/en\/#website"},"primaryImageOfPage":{"@id":"https:\/\/jetline.pl\/en\/ustawa-krajobrazowa\/kilka-refleksji-na-temat-uchwaly-krajobrazowej-w-krakowie\/#primaryimage"},"image":{"@id":"https:\/\/jetline.pl\/en\/ustawa-krajobrazowa\/kilka-refleksji-na-temat-uchwaly-krajobrazowej-w-krakowie\/#primaryimage"},"thumbnailUrl":"https:\/\/jetline.pl\/wp-content\/uploads\/2024\/09\/smok_goni_szkic_kolor-1.jpg","datePublished":"2016-05-29T22:00:00+00:00","dateModified":"2024-09-04T10:57:05+00:00","breadcrumb":{"@id":"https:\/\/jetline.pl\/en\/ustawa-krajobrazowa\/kilka-refleksji-na-temat-uchwaly-krajobrazowej-w-krakowie\/#breadcrumb"},"inLanguage":"en-US","potentialAction":[{"@type":"ReadAction","target":["https:\/\/jetline.pl\/en\/ustawa-krajobrazowa\/kilka-refleksji-na-temat-uchwaly-krajobrazowej-w-krakowie\/"]}]},{"@type":"ImageObject","inLanguage":"en-US","@id":"https:\/\/jetline.pl\/en\/ustawa-krajobrazowa\/kilka-refleksji-na-temat-uchwaly-krajobrazowej-w-krakowie\/#primaryimage","url":"https:\/\/jetline.pl\/wp-content\/uploads\/2024\/09\/smok_goni_szkic_kolor-1.jpg","contentUrl":"https:\/\/jetline.pl\/wp-content\/uploads\/2024\/09\/smok_goni_szkic_kolor-1.jpg","width":2020,"height":1231},{"@type":"BreadcrumbList","@id":"https:\/\/jetline.pl\/en\/ustawa-krajobrazowa\/kilka-refleksji-na-temat-uchwaly-krajobrazowej-w-krakowie\/#breadcrumb","itemListElement":[{"@type":"ListItem","position":1,"name":"Strona g\u0142\u00f3wna","item":"https:\/\/jetline.pl\/en\/"},{"@type":"ListItem","position":2,"name":"Ustawa krajobrazowa","item":"https:\/\/jetline.pl\/en\/ustawa-krajobrazowa\/"},{"@type":"ListItem","position":3,"name":"Kilka refleksji na temat uchwa\u0142y krajobrazowej w Krakowie"}]},{"@type":"WebSite","@id":"https:\/\/jetline.pl\/en\/#website","url":"https:\/\/jetline.pl\/en\/","name":"Jet Line","description":"Tworzymy przestrze\u0144 do komunikacji","publisher":{"@id":"https:\/\/jetline.pl\/en\/#organization"},"potentialAction":[{"@type":"SearchAction","target":{"@type":"EntryPoint","urlTemplate":"https:\/\/jetline.pl\/en\/?s={search_term_string}"},"query-input":{"@type":"PropertyValueSpecification","valueRequired":true,"valueName":"search_term_string"}}],"inLanguage":"en-US"},{"@type":"Organization","@id":"https:\/\/jetline.pl\/en\/#organization","name":"Jet Line","url":"https:\/\/jetline.pl\/en\/","logo":{"@type":"ImageObject","inLanguage":"en-US","@id":"https:\/\/jetline.pl\/en\/#\/schema\/logo\/image\/","url":"https:\/\/jetline.pl\/wp-content\/uploads\/2024\/09\/logo_poziom_logo_poziom_czerwone-1.png","contentUrl":"https:\/\/jetline.pl\/wp-content\/uploads\/2024\/09\/logo_poziom_logo_poziom_czerwone-1.png","width":4946,"height":2016,"caption":"Jet Line"},"image":{"@id":"https:\/\/jetline.pl\/en\/#\/schema\/logo\/image\/"}}]}},"_links":{"self":[{"href":"https:\/\/jetline.pl\/en\/wp-json\/wp\/v2\/ustawa\/1699","targetHints":{"allow":["GET"]}}],"collection":[{"href":"https:\/\/jetline.pl\/en\/wp-json\/wp\/v2\/ustawa"}],"about":[{"href":"https:\/\/jetline.pl\/en\/wp-json\/wp\/v2\/types\/ustawa"}],"author":[{"embeddable":true,"href":"https:\/\/jetline.pl\/en\/wp-json\/wp\/v2\/users\/16"}],"wp:featuredmedia":[{"embeddable":true,"href":"https:\/\/jetline.pl\/en\/wp-json\/wp\/v2\/media\/1517"}],"wp:attachment":[{"href":"https:\/\/jetline.pl\/en\/wp-json\/wp\/v2\/media?parent=1699"}],"wp:term":[{"taxonomy":"ustawa_cat","embeddable":true,"href":"https:\/\/jetline.pl\/en\/wp-json\/wp\/v2\/ustawa_cat?post=1699"}],"curies":[{"name":"wp","href":"https:\/\/api.w.org\/{rel}","templated":true}]}}