{"id":1702,"date":"2016-07-28T00:00:00","date_gmt":"2016-07-27T22:00:00","guid":{"rendered":"https:\/\/jetline.presb.pl\/ustawa-krajobrazowa\/uchwala-krajobrazowa-w-szczecinie\/"},"modified":"2024-09-04T12:57:05","modified_gmt":"2024-09-04T10:57:05","slug":"uchwala-krajobrazowa-w-szczecinie","status":"publish","type":"ustawa","link":"https:\/\/jetline.pl\/en\/ustawa-krajobrazowa\/uchwala-krajobrazowa-w-szczecinie\/","title":{"rendered":"Uchwala krajobrazowa w Szczecinie"},"content":{"rendered":"<p>[vc_row type=\"in_container\" full_screen_row_position=\"middle\" scene_position=\"center\" text_color=\"dark\" text_align=\"left\" overlay_strength=\"0.3\" shape_divider_position=\"bottom\"][vc_column column_padding=\"no-extra-padding\" column_padding_position=\"all\" background_color_opacity=\"1\" background_hover_color_opacity=\"1\" column_shadow=\"none\" column_border_radius=\"none\" width=\"1\/1\" tablet_text_alignment=\"default\" phone_text_alignment=\"default\" column_border_width=\"none\" column_border_style=\"solid\"][vc_column_text]<img loading=\"lazy\" decoding=\"async\" class=\"alignnone size-full wp-image-8969\" src=\"https:\/\/jetline.pl\/wp-content\/uploads\/2024\/08\/Gryf-1.jpg\" alt=\"\" width=\"640\" height=\"360\" \/><\/p>\n<p>Szczecin jest kolejnym - po \u0141odzi, Gda\u0144sku, Gdyni, Krakowie, Olsztynie, Lublinie, Toruniu i Ciechanowie \u2013 miastem, kt\u00f3re rozpocz\u0119\u0142o prace zmierzaj\u0105ce do uporz\u0105dkowania przestrzeni publicznej. Droga, kt\u00f3r\u0105 wybra\u0142 Szczecin, odbiega od proponowanej przez innych.<\/p>\n<p><!--more--><\/p>\n<p>27 lipca 2016 r. w Szczecinie odby\u0142o si\u0119 spotkanie konsultacyjne dotycz\u0105ce opracowanego<br \/>\nprzez Urz\u0105d Miasta projektu Uchwa\u0142y Krajobrazowej. Co moim zdaniem le\u017cy u \u017ar\u00f3de\u0142 szczeci\u0144skiej wizji?<br \/>\nSk\u0142adaj\u0105 si\u0119 na ni\u0105 trzy filary:<\/p>\n<p>1\/ CI\u0104G\u0141O\u015a\u0106 PRAWA<br \/>\nSejm uchwalaj\u0105c ustaw\u0119 krajobrazow\u0105 wprowadzi\u0142 mo\u017cliwo\u015b\u0107 uniewa\u017cnienia dotychczas istniej\u0105cego prawa miejscowego przez nowo tworzon\u0105 uchwa\u0142\u0119. Jednak jak m\u00f3wi Architekt Miasta Szczecina Pan Jaros\u0142aw Bonder, <strong>nie mo\u017cna niszczy\u0107 \u0142adu, kt\u00f3ry wynika z istniej\u0105cego prawa miejscowego<\/strong> czyli Miejscowych Plan\u00f3w Zagospodarowania Przestrzennego, kt\u00f3re przez wiele lat zosta\u0142y opracowane dla po\u0142owy teren\u00f3w miasta.<\/p>\n<p>2\/ PRZESTRZEGANIE PRAWA<br \/>\nczyli jasne i wyra\u017ane powiedzenie <strong>STOP dzia\u0142aniom nielegalnym<\/strong>, kt\u00f3re s\u0105 g\u0142\u00f3wnym \u017ar\u00f3d\u0142em chaosu.<\/p>\n<p>3\/ POSZANOWANIE PRAWA<br \/>\nczyli uznanie, \u017ce <strong>przestrze\u0144 publiczna jest dobrem wsp\u00f3lnym<\/strong>, a jedn\u0105 z jej g\u0142\u00f3wnych funkcji jest komunikacja. Musi znale\u017a\u0107 si\u0119 w niej miejsce zar\u00f3wno dla mieszka\u0144c\u00f3w, przedsi\u0119biorc\u00f3w, miasta,<br \/>\njak i organizacji spo\u0142ecznych. Bran\u017ca reklamowa pe\u0142ni w przestrzeni publicznej rol\u0119 po\u015brednika.<\/p>\n<p>Te za\u0142o\u017cenia s\u0105 widoczne w projekcie, kt\u00f3ry liczy 1188 stron. Du\u017co, ale ponad 90% obj\u0119to\u015bci<br \/>\ns\u0105 to przeniesione zapisy plan\u00f3w miejscowych dla poszczeg\u00f3lnych obszar\u00f3w, pozosta\u0142a cz\u0119\u015b\u0107 dokumentu<br \/>\nto wyja\u015bnienie, jakie zasady obowi\u0105zuj\u0105 na obrze\u017cu miasta oraz tam, gdzie plany jeszcze nie powsta\u0142y.<\/p>\n<p>A oto, jakie konkrety wynikaj\u0105 z projektu szczeci\u0144skiej uchwa\u0142y krajobrazowej:<\/p>\n<p><strong>Ci\u0105g\u0142o\u015b\u0107 prawa musi by\u0107 zachowana zar\u00f3wno w stosunku do plan\u00f3w miejscowych, jak i do praw nabytych<\/strong>.<br \/>\nW przypadku firm reklamowych uwzgl\u0119dnienie praw nabytych oznacza, \u017ce wszystkie reklamy posiadaj\u0105ce prawomocne zgody administracyjne pozostan\u0105 w przestrzeni miejskiej. Zesp\u00f3\u0142 tworz\u0105cy projekt zdaje sobie doskonale spraw\u0119, i\u017c za z\u0142e prawo ustanowione przez samorz\u0105d odpowiada samorz\u0105d. A roszczenia wobec gmin mog\u0105 pojawi\u0107 si\u0119 np. w przypadku zakwestionowania przez TK ustawy krajobrazowej.<\/p>\n<p><strong>Prace nad uchwa\u0142\u0105 powinny zako\u0144czy\u0107 si\u0119 do 31 grudnia 2016 r<\/strong>. \u2013 potem b\u0119dzie dwuletni okres dostosowawczy.<\/p>\n<p><strong>Usuni\u0119cie nielegalnych reklam b\u0119dzie du\u017co prostsze<\/strong> dzi\u0119ki wprowadzeniu maksymalnych kar, kt\u00f3re mog\u0105 wynosi\u0107 108 z\u0142 za metr kwadratowy dziennie. I ca\u0142kowicie\u00a0 zgadzam si\u0119 z panem Sebastianem Fritschem z Zarz\u0105du Dr\u00f3g i Transportu Miejskiego, szefem zespo\u0142u,\u00a0 kt\u00f3ry opracowa\u0142 projekt, \u017ce po czasie danym na dostosowanie, w mie\u015bcie nie b\u0119dzie nielegalnych reklam. Zatem ustawa krajobrazowa b\u0119dzie wykorzystana do skutecznej i szybkiej walki z nielegaln\u0105 reklam\u0105.<\/p>\n<p>Na tym etapie projekt uchwa\u0142y dopuszcza sytuowanie 4 typ\u00f3w no\u015bnik\u00f3w o formatach raportowanych<br \/>\ndo IGRZ: 1,2x1,8m, 3,6x2,5m, 6x3m, 12x3m wg \u015bci\u015ble okre\u015blonych zasad.<br \/>\nDopuszcza r\u00f3wnie\u017c reklam\u0119 na rusztowaniach na okres 3 miesi\u0119cy podczas trwania remontu. W projekcie brakuje formatu 12x4 m, kluczowego z naszego punktu widzenia, dlatego wyst\u0105pili\u015bmy z postulatem o jego uwzgl\u0119dnienie.<\/p>\n<p>Nieco dziwi podej\u015bcie, \u017ce zapisy uchwa\u0142y nie b\u0119d\u0105 dotyczy\u0142y imprez miejskich oraz okresu wyborczego.<br \/>\nBudujemy dwa \u015bwiaty: r\u00f3wnych i r\u00f3wniejszych. Podobne zapisy znajdowa\u0142y si\u0119 w pierwszej i jak na razie jedynej w Polsce uchwale krajobrazowej powsta\u0142ej w Ciechanowie, ale bardzo szybko zosta\u0142y w trybie nadzorczym uchylone przez Wojewod\u0119. Sugestia wyg\u0142oszona na spotkaniu, \u017ce Szczecina nie mo\u017cna por\u00f3wnywa\u0107 z Ciechanowem zabrzmia\u0142a troch\u0119 tak, jak wypowied\u017a senatora Janusza Sepio\u0142a, tw\u00f3rcy UK,<br \/>\no \u0141odzi (ot\u00f3\u017c wed\u0142ug senatora Sepio\u0142a \u0141\u00f3d\u017a ma twarz dziecka, kt\u00f3re mo\u017ce kocha\u0107 tylko matka\u2026).<\/p>\n<p>Tw\u00f3rcom szczeci\u0144skiego projektu \u017cyczymy jednak, aby ich miasto obdarzali ciep\u0142ymi uczuciami wszyscy,<br \/>\ni mieszka\u0144cy, i go\u015bcie, i przedsi\u0119biorcy, i inwestorzy.<br \/>\nP\u00f3ki co s\u0105 na ca\u0142kiem dobrej drodze.[\/vc_column_text][\/vc_column][\/vc_row]<\/p>\n","protected":false},"author":16,"featured_media":1523,"template":"","ustawa_cat":[],"class_list":["post-1702","ustawa","type-ustawa","status-publish","has-post-thumbnail","hentry"],"acf":[],"yoast_head":"<!-- This site is optimized with the Yoast SEO plugin v27.5 - https:\/\/yoast.com\/product\/yoast-seo-wordpress\/ -->\n<title>Uchwala krajobrazowa w Szczecinie - Jet Line<\/title>\n<meta name=\"robots\" content=\"index, follow, max-snippet:-1, max-image-preview:large, max-video-preview:-1\" \/>\n<link rel=\"canonical\" href=\"https:\/\/jetline.pl\/en\/ustawa-krajobrazowa\/uchwala-krajobrazowa-w-szczecinie\/\" \/>\n<meta property=\"og:locale\" content=\"en_US\" \/>\n<meta property=\"og:type\" content=\"article\" \/>\n<meta property=\"og:title\" content=\"Uchwala krajobrazowa w Szczecinie - Jet Line\" \/>\n<meta property=\"og:description\" content=\"[vc_row type=&quot;in_container&quot; full_screen_row_position=&quot;middle&quot; scene_position=&quot;center&quot; text_color=&quot;dark&quot; text_align=&quot;left&quot; overlay_strength=&quot;0.3&quot; shape_divider_position=&quot;bottom&quot;][vc_column column_padding=&quot;no-extra-padding&quot; column_padding_position=&quot;all&quot;...\" \/>\n<meta property=\"og:url\" content=\"https:\/\/jetline.pl\/en\/ustawa-krajobrazowa\/uchwala-krajobrazowa-w-szczecinie\/\" \/>\n<meta property=\"og:site_name\" content=\"Jet Line\" \/>\n<meta property=\"article:modified_time\" content=\"2024-09-04T10:57:05+00:00\" \/>\n<meta property=\"og:image\" content=\"https:\/\/jetline.pl\/wp-content\/uploads\/2024\/09\/Gryf-1.jpg\" \/>\n\t<meta property=\"og:image:width\" content=\"640\" \/>\n\t<meta property=\"og:image:height\" content=\"360\" \/>\n\t<meta property=\"og:image:type\" content=\"image\/jpeg\" \/>\n<meta name=\"twitter:card\" content=\"summary_large_image\" \/>\n<meta name=\"twitter:label1\" content=\"Est. reading time\" \/>\n\t<meta name=\"twitter:data1\" content=\"4 minutes\" \/>\n<script type=\"application\/ld+json\" class=\"yoast-schema-graph\">{\"@context\":\"https:\\\/\\\/schema.org\",\"@graph\":[{\"@type\":\"WebPage\",\"@id\":\"https:\\\/\\\/jetline.pl\\\/en\\\/ustawa-krajobrazowa\\\/uchwala-krajobrazowa-w-szczecinie\\\/\",\"url\":\"https:\\\/\\\/jetline.pl\\\/en\\\/ustawa-krajobrazowa\\\/uchwala-krajobrazowa-w-szczecinie\\\/\",\"name\":\"Uchwala krajobrazowa w Szczecinie - Jet Line\",\"isPartOf\":{\"@id\":\"https:\\\/\\\/jetline.pl\\\/en\\\/#website\"},\"primaryImageOfPage\":{\"@id\":\"https:\\\/\\\/jetline.pl\\\/en\\\/ustawa-krajobrazowa\\\/uchwala-krajobrazowa-w-szczecinie\\\/#primaryimage\"},\"image\":{\"@id\":\"https:\\\/\\\/jetline.pl\\\/en\\\/ustawa-krajobrazowa\\\/uchwala-krajobrazowa-w-szczecinie\\\/#primaryimage\"},\"thumbnailUrl\":\"https:\\\/\\\/jetline.pl\\\/wp-content\\\/uploads\\\/2024\\\/09\\\/Gryf-1.jpg\",\"datePublished\":\"2016-07-27T22:00:00+00:00\",\"dateModified\":\"2024-09-04T10:57:05+00:00\",\"breadcrumb\":{\"@id\":\"https:\\\/\\\/jetline.pl\\\/en\\\/ustawa-krajobrazowa\\\/uchwala-krajobrazowa-w-szczecinie\\\/#breadcrumb\"},\"inLanguage\":\"en-US\",\"potentialAction\":[{\"@type\":\"ReadAction\",\"target\":[\"https:\\\/\\\/jetline.pl\\\/en\\\/ustawa-krajobrazowa\\\/uchwala-krajobrazowa-w-szczecinie\\\/\"]}]},{\"@type\":\"ImageObject\",\"inLanguage\":\"en-US\",\"@id\":\"https:\\\/\\\/jetline.pl\\\/en\\\/ustawa-krajobrazowa\\\/uchwala-krajobrazowa-w-szczecinie\\\/#primaryimage\",\"url\":\"https:\\\/\\\/jetline.pl\\\/wp-content\\\/uploads\\\/2024\\\/09\\\/Gryf-1.jpg\",\"contentUrl\":\"https:\\\/\\\/jetline.pl\\\/wp-content\\\/uploads\\\/2024\\\/09\\\/Gryf-1.jpg\",\"width\":640,\"height\":360},{\"@type\":\"BreadcrumbList\",\"@id\":\"https:\\\/\\\/jetline.pl\\\/en\\\/ustawa-krajobrazowa\\\/uchwala-krajobrazowa-w-szczecinie\\\/#breadcrumb\",\"itemListElement\":[{\"@type\":\"ListItem\",\"position\":1,\"name\":\"Strona g\u0142\u00f3wna\",\"item\":\"https:\\\/\\\/jetline.pl\\\/en\\\/\"},{\"@type\":\"ListItem\",\"position\":2,\"name\":\"Ustawa krajobrazowa\",\"item\":\"https:\\\/\\\/jetline.pl\\\/en\\\/ustawa-krajobrazowa\\\/\"},{\"@type\":\"ListItem\",\"position\":3,\"name\":\"Uchwala krajobrazowa w Szczecinie\"}]},{\"@type\":\"WebSite\",\"@id\":\"https:\\\/\\\/jetline.pl\\\/en\\\/#website\",\"url\":\"https:\\\/\\\/jetline.pl\\\/en\\\/\",\"name\":\"Jet Line\",\"description\":\"Tworzymy przestrze\u0144 do komunikacji\",\"publisher\":{\"@id\":\"https:\\\/\\\/jetline.pl\\\/en\\\/#organization\"},\"potentialAction\":[{\"@type\":\"SearchAction\",\"target\":{\"@type\":\"EntryPoint\",\"urlTemplate\":\"https:\\\/\\\/jetline.pl\\\/en\\\/?s={search_term_string}\"},\"query-input\":{\"@type\":\"PropertyValueSpecification\",\"valueRequired\":true,\"valueName\":\"search_term_string\"}}],\"inLanguage\":\"en-US\"},{\"@type\":\"Organization\",\"@id\":\"https:\\\/\\\/jetline.pl\\\/en\\\/#organization\",\"name\":\"Jet Line\",\"url\":\"https:\\\/\\\/jetline.pl\\\/en\\\/\",\"logo\":{\"@type\":\"ImageObject\",\"inLanguage\":\"en-US\",\"@id\":\"https:\\\/\\\/jetline.pl\\\/en\\\/#\\\/schema\\\/logo\\\/image\\\/\",\"url\":\"https:\\\/\\\/jetline.pl\\\/wp-content\\\/uploads\\\/2024\\\/09\\\/logo_poziom_logo_poziom_czerwone-1.png\",\"contentUrl\":\"https:\\\/\\\/jetline.pl\\\/wp-content\\\/uploads\\\/2024\\\/09\\\/logo_poziom_logo_poziom_czerwone-1.png\",\"width\":4946,\"height\":2016,\"caption\":\"Jet Line\"},\"image\":{\"@id\":\"https:\\\/\\\/jetline.pl\\\/en\\\/#\\\/schema\\\/logo\\\/image\\\/\"}}]}<\/script>\n<!-- \/ Yoast SEO plugin. -->","yoast_head_json":{"title":"Uchwala krajobrazowa w Szczecinie - Jet Line","robots":{"index":"index","follow":"follow","max-snippet":"max-snippet:-1","max-image-preview":"max-image-preview:large","max-video-preview":"max-video-preview:-1"},"canonical":"https:\/\/jetline.pl\/en\/ustawa-krajobrazowa\/uchwala-krajobrazowa-w-szczecinie\/","og_locale":"en_US","og_type":"article","og_title":"Uchwala krajobrazowa w Szczecinie - Jet Line","og_description":"[vc_row type=\"in_container\" full_screen_row_position=\"middle\" scene_position=\"center\" text_color=\"dark\" text_align=\"left\" overlay_strength=\"0.3\" shape_divider_position=\"bottom\"][vc_column column_padding=\"no-extra-padding\" column_padding_position=\"all\"...","og_url":"https:\/\/jetline.pl\/en\/ustawa-krajobrazowa\/uchwala-krajobrazowa-w-szczecinie\/","og_site_name":"Jet Line","article_modified_time":"2024-09-04T10:57:05+00:00","og_image":[{"width":640,"height":360,"url":"https:\/\/jetline.pl\/wp-content\/uploads\/2024\/09\/Gryf-1.jpg","type":"image\/jpeg"}],"twitter_card":"summary_large_image","twitter_misc":{"Est. reading time":"4 minutes"},"schema":{"@context":"https:\/\/schema.org","@graph":[{"@type":"WebPage","@id":"https:\/\/jetline.pl\/en\/ustawa-krajobrazowa\/uchwala-krajobrazowa-w-szczecinie\/","url":"https:\/\/jetline.pl\/en\/ustawa-krajobrazowa\/uchwala-krajobrazowa-w-szczecinie\/","name":"Uchwala krajobrazowa w Szczecinie - Jet Line","isPartOf":{"@id":"https:\/\/jetline.pl\/en\/#website"},"primaryImageOfPage":{"@id":"https:\/\/jetline.pl\/en\/ustawa-krajobrazowa\/uchwala-krajobrazowa-w-szczecinie\/#primaryimage"},"image":{"@id":"https:\/\/jetline.pl\/en\/ustawa-krajobrazowa\/uchwala-krajobrazowa-w-szczecinie\/#primaryimage"},"thumbnailUrl":"https:\/\/jetline.pl\/wp-content\/uploads\/2024\/09\/Gryf-1.jpg","datePublished":"2016-07-27T22:00:00+00:00","dateModified":"2024-09-04T10:57:05+00:00","breadcrumb":{"@id":"https:\/\/jetline.pl\/en\/ustawa-krajobrazowa\/uchwala-krajobrazowa-w-szczecinie\/#breadcrumb"},"inLanguage":"en-US","potentialAction":[{"@type":"ReadAction","target":["https:\/\/jetline.pl\/en\/ustawa-krajobrazowa\/uchwala-krajobrazowa-w-szczecinie\/"]}]},{"@type":"ImageObject","inLanguage":"en-US","@id":"https:\/\/jetline.pl\/en\/ustawa-krajobrazowa\/uchwala-krajobrazowa-w-szczecinie\/#primaryimage","url":"https:\/\/jetline.pl\/wp-content\/uploads\/2024\/09\/Gryf-1.jpg","contentUrl":"https:\/\/jetline.pl\/wp-content\/uploads\/2024\/09\/Gryf-1.jpg","width":640,"height":360},{"@type":"BreadcrumbList","@id":"https:\/\/jetline.pl\/en\/ustawa-krajobrazowa\/uchwala-krajobrazowa-w-szczecinie\/#breadcrumb","itemListElement":[{"@type":"ListItem","position":1,"name":"Strona g\u0142\u00f3wna","item":"https:\/\/jetline.pl\/en\/"},{"@type":"ListItem","position":2,"name":"Ustawa krajobrazowa","item":"https:\/\/jetline.pl\/en\/ustawa-krajobrazowa\/"},{"@type":"ListItem","position":3,"name":"Uchwala krajobrazowa w Szczecinie"}]},{"@type":"WebSite","@id":"https:\/\/jetline.pl\/en\/#website","url":"https:\/\/jetline.pl\/en\/","name":"Jet Line","description":"Tworzymy przestrze\u0144 do komunikacji","publisher":{"@id":"https:\/\/jetline.pl\/en\/#organization"},"potentialAction":[{"@type":"SearchAction","target":{"@type":"EntryPoint","urlTemplate":"https:\/\/jetline.pl\/en\/?s={search_term_string}"},"query-input":{"@type":"PropertyValueSpecification","valueRequired":true,"valueName":"search_term_string"}}],"inLanguage":"en-US"},{"@type":"Organization","@id":"https:\/\/jetline.pl\/en\/#organization","name":"Jet Line","url":"https:\/\/jetline.pl\/en\/","logo":{"@type":"ImageObject","inLanguage":"en-US","@id":"https:\/\/jetline.pl\/en\/#\/schema\/logo\/image\/","url":"https:\/\/jetline.pl\/wp-content\/uploads\/2024\/09\/logo_poziom_logo_poziom_czerwone-1.png","contentUrl":"https:\/\/jetline.pl\/wp-content\/uploads\/2024\/09\/logo_poziom_logo_poziom_czerwone-1.png","width":4946,"height":2016,"caption":"Jet Line"},"image":{"@id":"https:\/\/jetline.pl\/en\/#\/schema\/logo\/image\/"}}]}},"_links":{"self":[{"href":"https:\/\/jetline.pl\/en\/wp-json\/wp\/v2\/ustawa\/1702","targetHints":{"allow":["GET"]}}],"collection":[{"href":"https:\/\/jetline.pl\/en\/wp-json\/wp\/v2\/ustawa"}],"about":[{"href":"https:\/\/jetline.pl\/en\/wp-json\/wp\/v2\/types\/ustawa"}],"author":[{"embeddable":true,"href":"https:\/\/jetline.pl\/en\/wp-json\/wp\/v2\/users\/16"}],"wp:featuredmedia":[{"embeddable":true,"href":"https:\/\/jetline.pl\/en\/wp-json\/wp\/v2\/media\/1523"}],"wp:attachment":[{"href":"https:\/\/jetline.pl\/en\/wp-json\/wp\/v2\/media?parent=1702"}],"wp:term":[{"taxonomy":"ustawa_cat","embeddable":true,"href":"https:\/\/jetline.pl\/en\/wp-json\/wp\/v2\/ustawa_cat?post=1702"}],"curies":[{"name":"wp","href":"https:\/\/api.w.org\/{rel}","templated":true}]}}