{"id":1703,"date":"2016-09-15T00:00:00","date_gmt":"2016-09-14T22:00:00","guid":{"rendered":"https:\/\/jetline.presb.pl\/ustawa-krajobrazowa\/ustawa-krajobrazowa-w-raporcie-zwiazku-przedsiebiorcow-i-pracodawcow\/"},"modified":"2016-09-15T00:00:00","modified_gmt":"2016-09-14T22:00:00","slug":"ustawa-krajobrazowa-w-raporcie-zwiazku-przedsiebiorcow-i-pracodawcow","status":"publish","type":"ustawa","link":"https:\/\/jetline.pl\/en\/ustawa-krajobrazowa\/ustawa-krajobrazowa-w-raporcie-zwiazku-przedsiebiorcow-i-pracodawcow\/","title":{"rendered":"Ustawa krajobrazowa w raporcie Zwi\u0105zku Przedsi\u0119biorc\u00f3w i Pracodawc\u00f3w"},"content":{"rendered":"<p>Wczoraj, 14 wrze\u015bnia 2016 r., Zwi\u0105zek Przedsi\u0119biorc\u00f3w i Pracodawc\u00f3w opublikowa\u0142 raport \u201eUstawa krajobrazowa a prawa nabyte. Wp\u0142yw nowego prawa na sytuacj\u0119 na rynku reklamy zewn\u0119trznej\u201d. <!--more--><\/p>\n<p>Dokument jest kolejnym wa\u017cnym g\u0142osem w dyskusji na temat b\u0142\u0119d\u00f3w, czy te\u017c delikatniej m\u00f3wi\u0105c, kontrowersji, w uchwalonej przez Sejm tzw. ustawie krajobrazowej. Ustawie, kt\u00f3ra tak naprawd\u0119 ma\u0142o skupia si\u0119 na krajobrazie, a w praktyce odnosi do reklamy zewn\u0119trznej.<\/p>\n<p>Autorzy raportu zwracaj\u0105 uwag\u0119 na kilka kluczowych element\u00f3w:<br \/>\n1. Ustawa dopuszcza ingerencj\u0119 w prawa nabyte, tym samym podwa\u017ca zaufanie obywateli do stanowionego prawa, co jest sprzeczne bezpo\u015brednio z artyku\u0142em 2. Konstytucji, kt\u00f3ry stanowi: \u201eRzeczpospolita Polska jest demokratycznym pa\u0144stwem prawnym, urzeczywistniaj\u0105cym zasady sprawiedliwo\u015bci spo\u0142ecznej\u201d. Zasada poszanowania praw nabytych wi\u0105\u017ce si\u0119 bezpo\u015brednio z wiarygodno\u015bci\u0105 w\u0142adzy.<\/p>\n<p>2. Zapisy ustawy zr\u00f3wnuj\u0105 firmy dzia\u0142aj\u0105ce legalnie z podmiotami, kt\u00f3re sytuowa\u0142y swoje reklamy nielegalnie.<\/p>\n<p>3. W\u015br\u00f3d negatywnych materialnych skutk\u00f3w wprowadzenia ustawy, autorzy raportu wymieniaj\u0105 mi\u0119dzy innymi mo\u017cliwo\u015b\u0107 utraty cz\u0119\u015bci wp\u0142yw\u00f3w z dzier\u017cawy grunt\u00f3w przez osoby prywatne, cz\u0119sto b\u0119d\u0105ce<br \/>\nw nienajlepszej kondycji finansowej, oraz przez ma\u0142e i \u015brednie przedsi\u0119biorstwa. Szacuje si\u0119, \u017ce bran\u017ca reklamy systemowej wydaje ok. 270 mln z\u0142otych rocznie na czynsze.<br \/>\nDrugim wa\u017cnym elementem jest mo\u017cliwo\u015b\u0107 utraty pracy przez osoby, zatrudnione w bran\u017cy reklamowej oraz osoby wsp\u00f3\u0142pracuj\u0105ce. Autorzy raportu szacuj\u0105, \u017ce mo\u017ce to by\u0107 10\u00a0000 os\u00f3b.<\/p>\n<p>Jako podsumowanie przytocz\u0119 ostatnie zdanie raportu:<br \/>\n\"Nie ma b\u0142\u0119d\u00f3w, kt\u00f3rych nie da si\u0119 naprawi\u0107 - nale\u017cy oczekiwa\u0107 konkretnych dzia\u0142a\u0144 legislacyjnych, ukierunkowanych na usuni\u0119cie najbardziej jaskrawych bol\u0105czek aktualnie obowi\u0105zuj\u0105cej ustawy krajobrazowej.\"<\/p>\n<p>Ca\u0142o\u015b\u0107 raportu mo\u017cna znale\u017a\u0107 pod adresem: <a href=\"http:\/\/zpp.net.pl\/materialy\/\">http:\/\/zpp.net.pl\/materialy\/<\/a><\/p>\n<p>&nbsp;<\/p>\n<p>&nbsp;<\/p>\n","protected":false},"author":16,"featured_media":1525,"template":"","ustawa_cat":[],"class_list":["post-1703","ustawa","type-ustawa","status-publish","has-post-thumbnail","hentry"],"acf":[],"yoast_head":"<!-- This site is optimized with the Yoast SEO plugin v27.5 - https:\/\/yoast.com\/product\/yoast-seo-wordpress\/ -->\n<title>Ustawa krajobrazowa w raporcie Zwi\u0105zku Przedsi\u0119biorc\u00f3w i Pracodawc\u00f3w - Jet Line<\/title>\n<meta name=\"robots\" content=\"index, follow, max-snippet:-1, max-image-preview:large, max-video-preview:-1\" \/>\n<link rel=\"canonical\" href=\"https:\/\/jetline.pl\/en\/ustawa-krajobrazowa\/ustawa-krajobrazowa-w-raporcie-zwiazku-przedsiebiorcow-i-pracodawcow\/\" \/>\n<meta property=\"og:locale\" content=\"en_US\" \/>\n<meta property=\"og:type\" content=\"article\" \/>\n<meta property=\"og:title\" content=\"Ustawa krajobrazowa w raporcie Zwi\u0105zku Przedsi\u0119biorc\u00f3w i Pracodawc\u00f3w - Jet Line\" \/>\n<meta property=\"og:description\" content=\"Wczoraj, 14 wrze\u015bnia 2016 r., Zwi\u0105zek Przedsi\u0119biorc\u00f3w i Pracodawc\u00f3w opublikowa\u0142...\" \/>\n<meta property=\"og:url\" content=\"https:\/\/jetline.pl\/en\/ustawa-krajobrazowa\/ustawa-krajobrazowa-w-raporcie-zwiazku-przedsiebiorcow-i-pracodawcow\/\" \/>\n<meta property=\"og:site_name\" content=\"Jet Line\" \/>\n<meta property=\"og:image\" content=\"https:\/\/jetline.pl\/wp-content\/uploads\/2024\/09\/ustawa-krajobrazowa-1.png\" \/>\n\t<meta property=\"og:image:width\" content=\"640\" \/>\n\t<meta property=\"og:image:height\" content=\"316\" \/>\n\t<meta property=\"og:image:type\" content=\"image\/png\" \/>\n<meta name=\"twitter:card\" content=\"summary_large_image\" \/>\n<meta name=\"twitter:label1\" content=\"Est. reading time\" \/>\n\t<meta name=\"twitter:data1\" content=\"2 minutes\" \/>\n<script type=\"application\/ld+json\" class=\"yoast-schema-graph\">{\"@context\":\"https:\\\/\\\/schema.org\",\"@graph\":[{\"@type\":\"WebPage\",\"@id\":\"https:\\\/\\\/jetline.pl\\\/en\\\/ustawa-krajobrazowa\\\/ustawa-krajobrazowa-w-raporcie-zwiazku-przedsiebiorcow-i-pracodawcow\\\/\",\"url\":\"https:\\\/\\\/jetline.pl\\\/en\\\/ustawa-krajobrazowa\\\/ustawa-krajobrazowa-w-raporcie-zwiazku-przedsiebiorcow-i-pracodawcow\\\/\",\"name\":\"Ustawa krajobrazowa w raporcie Zwi\u0105zku Przedsi\u0119biorc\u00f3w i Pracodawc\u00f3w - Jet Line\",\"isPartOf\":{\"@id\":\"https:\\\/\\\/jetline.pl\\\/en\\\/#website\"},\"primaryImageOfPage\":{\"@id\":\"https:\\\/\\\/jetline.pl\\\/en\\\/ustawa-krajobrazowa\\\/ustawa-krajobrazowa-w-raporcie-zwiazku-przedsiebiorcow-i-pracodawcow\\\/#primaryimage\"},\"image\":{\"@id\":\"https:\\\/\\\/jetline.pl\\\/en\\\/ustawa-krajobrazowa\\\/ustawa-krajobrazowa-w-raporcie-zwiazku-przedsiebiorcow-i-pracodawcow\\\/#primaryimage\"},\"thumbnailUrl\":\"https:\\\/\\\/jetline.pl\\\/wp-content\\\/uploads\\\/2024\\\/09\\\/ustawa-krajobrazowa-1.png\",\"datePublished\":\"2016-09-14T22:00:00+00:00\",\"breadcrumb\":{\"@id\":\"https:\\\/\\\/jetline.pl\\\/en\\\/ustawa-krajobrazowa\\\/ustawa-krajobrazowa-w-raporcie-zwiazku-przedsiebiorcow-i-pracodawcow\\\/#breadcrumb\"},\"inLanguage\":\"en-US\",\"potentialAction\":[{\"@type\":\"ReadAction\",\"target\":[\"https:\\\/\\\/jetline.pl\\\/en\\\/ustawa-krajobrazowa\\\/ustawa-krajobrazowa-w-raporcie-zwiazku-przedsiebiorcow-i-pracodawcow\\\/\"]}]},{\"@type\":\"ImageObject\",\"inLanguage\":\"en-US\",\"@id\":\"https:\\\/\\\/jetline.pl\\\/en\\\/ustawa-krajobrazowa\\\/ustawa-krajobrazowa-w-raporcie-zwiazku-przedsiebiorcow-i-pracodawcow\\\/#primaryimage\",\"url\":\"https:\\\/\\\/jetline.pl\\\/wp-content\\\/uploads\\\/2024\\\/09\\\/ustawa-krajobrazowa-1.png\",\"contentUrl\":\"https:\\\/\\\/jetline.pl\\\/wp-content\\\/uploads\\\/2024\\\/09\\\/ustawa-krajobrazowa-1.png\",\"width\":640,\"height\":316},{\"@type\":\"BreadcrumbList\",\"@id\":\"https:\\\/\\\/jetline.pl\\\/en\\\/ustawa-krajobrazowa\\\/ustawa-krajobrazowa-w-raporcie-zwiazku-przedsiebiorcow-i-pracodawcow\\\/#breadcrumb\",\"itemListElement\":[{\"@type\":\"ListItem\",\"position\":1,\"name\":\"Strona g\u0142\u00f3wna\",\"item\":\"https:\\\/\\\/jetline.pl\\\/en\\\/\"},{\"@type\":\"ListItem\",\"position\":2,\"name\":\"Ustawa krajobrazowa\",\"item\":\"https:\\\/\\\/jetline.pl\\\/en\\\/ustawa-krajobrazowa\\\/\"},{\"@type\":\"ListItem\",\"position\":3,\"name\":\"Ustawa krajobrazowa w raporcie Zwi\u0105zku Przedsi\u0119biorc\u00f3w i Pracodawc\u00f3w\"}]},{\"@type\":\"WebSite\",\"@id\":\"https:\\\/\\\/jetline.pl\\\/en\\\/#website\",\"url\":\"https:\\\/\\\/jetline.pl\\\/en\\\/\",\"name\":\"Jet Line\",\"description\":\"Tworzymy przestrze\u0144 do komunikacji\",\"publisher\":{\"@id\":\"https:\\\/\\\/jetline.pl\\\/en\\\/#organization\"},\"potentialAction\":[{\"@type\":\"SearchAction\",\"target\":{\"@type\":\"EntryPoint\",\"urlTemplate\":\"https:\\\/\\\/jetline.pl\\\/en\\\/?s={search_term_string}\"},\"query-input\":{\"@type\":\"PropertyValueSpecification\",\"valueRequired\":true,\"valueName\":\"search_term_string\"}}],\"inLanguage\":\"en-US\"},{\"@type\":\"Organization\",\"@id\":\"https:\\\/\\\/jetline.pl\\\/en\\\/#organization\",\"name\":\"Jet Line\",\"url\":\"https:\\\/\\\/jetline.pl\\\/en\\\/\",\"logo\":{\"@type\":\"ImageObject\",\"inLanguage\":\"en-US\",\"@id\":\"https:\\\/\\\/jetline.pl\\\/en\\\/#\\\/schema\\\/logo\\\/image\\\/\",\"url\":\"https:\\\/\\\/jetline.pl\\\/wp-content\\\/uploads\\\/2024\\\/09\\\/logo_poziom_logo_poziom_czerwone-1.png\",\"contentUrl\":\"https:\\\/\\\/jetline.pl\\\/wp-content\\\/uploads\\\/2024\\\/09\\\/logo_poziom_logo_poziom_czerwone-1.png\",\"width\":4946,\"height\":2016,\"caption\":\"Jet Line\"},\"image\":{\"@id\":\"https:\\\/\\\/jetline.pl\\\/en\\\/#\\\/schema\\\/logo\\\/image\\\/\"}}]}<\/script>\n<!-- \/ Yoast SEO plugin. -->","yoast_head_json":{"title":"Ustawa krajobrazowa w raporcie Zwi\u0105zku Przedsi\u0119biorc\u00f3w i Pracodawc\u00f3w - Jet Line","robots":{"index":"index","follow":"follow","max-snippet":"max-snippet:-1","max-image-preview":"max-image-preview:large","max-video-preview":"max-video-preview:-1"},"canonical":"https:\/\/jetline.pl\/en\/ustawa-krajobrazowa\/ustawa-krajobrazowa-w-raporcie-zwiazku-przedsiebiorcow-i-pracodawcow\/","og_locale":"en_US","og_type":"article","og_title":"Ustawa krajobrazowa w raporcie Zwi\u0105zku Przedsi\u0119biorc\u00f3w i Pracodawc\u00f3w - Jet Line","og_description":"Wczoraj, 14 wrze\u015bnia 2016 r., Zwi\u0105zek Przedsi\u0119biorc\u00f3w i Pracodawc\u00f3w opublikowa\u0142...","og_url":"https:\/\/jetline.pl\/en\/ustawa-krajobrazowa\/ustawa-krajobrazowa-w-raporcie-zwiazku-przedsiebiorcow-i-pracodawcow\/","og_site_name":"Jet Line","og_image":[{"width":640,"height":316,"url":"https:\/\/jetline.pl\/wp-content\/uploads\/2024\/09\/ustawa-krajobrazowa-1.png","type":"image\/png"}],"twitter_card":"summary_large_image","twitter_misc":{"Est. reading time":"2 minutes"},"schema":{"@context":"https:\/\/schema.org","@graph":[{"@type":"WebPage","@id":"https:\/\/jetline.pl\/en\/ustawa-krajobrazowa\/ustawa-krajobrazowa-w-raporcie-zwiazku-przedsiebiorcow-i-pracodawcow\/","url":"https:\/\/jetline.pl\/en\/ustawa-krajobrazowa\/ustawa-krajobrazowa-w-raporcie-zwiazku-przedsiebiorcow-i-pracodawcow\/","name":"Ustawa krajobrazowa w raporcie Zwi\u0105zku Przedsi\u0119biorc\u00f3w i Pracodawc\u00f3w - Jet Line","isPartOf":{"@id":"https:\/\/jetline.pl\/en\/#website"},"primaryImageOfPage":{"@id":"https:\/\/jetline.pl\/en\/ustawa-krajobrazowa\/ustawa-krajobrazowa-w-raporcie-zwiazku-przedsiebiorcow-i-pracodawcow\/#primaryimage"},"image":{"@id":"https:\/\/jetline.pl\/en\/ustawa-krajobrazowa\/ustawa-krajobrazowa-w-raporcie-zwiazku-przedsiebiorcow-i-pracodawcow\/#primaryimage"},"thumbnailUrl":"https:\/\/jetline.pl\/wp-content\/uploads\/2024\/09\/ustawa-krajobrazowa-1.png","datePublished":"2016-09-14T22:00:00+00:00","breadcrumb":{"@id":"https:\/\/jetline.pl\/en\/ustawa-krajobrazowa\/ustawa-krajobrazowa-w-raporcie-zwiazku-przedsiebiorcow-i-pracodawcow\/#breadcrumb"},"inLanguage":"en-US","potentialAction":[{"@type":"ReadAction","target":["https:\/\/jetline.pl\/en\/ustawa-krajobrazowa\/ustawa-krajobrazowa-w-raporcie-zwiazku-przedsiebiorcow-i-pracodawcow\/"]}]},{"@type":"ImageObject","inLanguage":"en-US","@id":"https:\/\/jetline.pl\/en\/ustawa-krajobrazowa\/ustawa-krajobrazowa-w-raporcie-zwiazku-przedsiebiorcow-i-pracodawcow\/#primaryimage","url":"https:\/\/jetline.pl\/wp-content\/uploads\/2024\/09\/ustawa-krajobrazowa-1.png","contentUrl":"https:\/\/jetline.pl\/wp-content\/uploads\/2024\/09\/ustawa-krajobrazowa-1.png","width":640,"height":316},{"@type":"BreadcrumbList","@id":"https:\/\/jetline.pl\/en\/ustawa-krajobrazowa\/ustawa-krajobrazowa-w-raporcie-zwiazku-przedsiebiorcow-i-pracodawcow\/#breadcrumb","itemListElement":[{"@type":"ListItem","position":1,"name":"Strona g\u0142\u00f3wna","item":"https:\/\/jetline.pl\/en\/"},{"@type":"ListItem","position":2,"name":"Ustawa krajobrazowa","item":"https:\/\/jetline.pl\/en\/ustawa-krajobrazowa\/"},{"@type":"ListItem","position":3,"name":"Ustawa krajobrazowa w raporcie Zwi\u0105zku Przedsi\u0119biorc\u00f3w i Pracodawc\u00f3w"}]},{"@type":"WebSite","@id":"https:\/\/jetline.pl\/en\/#website","url":"https:\/\/jetline.pl\/en\/","name":"Jet Line","description":"Tworzymy przestrze\u0144 do komunikacji","publisher":{"@id":"https:\/\/jetline.pl\/en\/#organization"},"potentialAction":[{"@type":"SearchAction","target":{"@type":"EntryPoint","urlTemplate":"https:\/\/jetline.pl\/en\/?s={search_term_string}"},"query-input":{"@type":"PropertyValueSpecification","valueRequired":true,"valueName":"search_term_string"}}],"inLanguage":"en-US"},{"@type":"Organization","@id":"https:\/\/jetline.pl\/en\/#organization","name":"Jet Line","url":"https:\/\/jetline.pl\/en\/","logo":{"@type":"ImageObject","inLanguage":"en-US","@id":"https:\/\/jetline.pl\/en\/#\/schema\/logo\/image\/","url":"https:\/\/jetline.pl\/wp-content\/uploads\/2024\/09\/logo_poziom_logo_poziom_czerwone-1.png","contentUrl":"https:\/\/jetline.pl\/wp-content\/uploads\/2024\/09\/logo_poziom_logo_poziom_czerwone-1.png","width":4946,"height":2016,"caption":"Jet Line"},"image":{"@id":"https:\/\/jetline.pl\/en\/#\/schema\/logo\/image\/"}}]}},"_links":{"self":[{"href":"https:\/\/jetline.pl\/en\/wp-json\/wp\/v2\/ustawa\/1703","targetHints":{"allow":["GET"]}}],"collection":[{"href":"https:\/\/jetline.pl\/en\/wp-json\/wp\/v2\/ustawa"}],"about":[{"href":"https:\/\/jetline.pl\/en\/wp-json\/wp\/v2\/types\/ustawa"}],"author":[{"embeddable":true,"href":"https:\/\/jetline.pl\/en\/wp-json\/wp\/v2\/users\/16"}],"wp:featuredmedia":[{"embeddable":true,"href":"https:\/\/jetline.pl\/en\/wp-json\/wp\/v2\/media\/1525"}],"wp:attachment":[{"href":"https:\/\/jetline.pl\/en\/wp-json\/wp\/v2\/media?parent=1703"}],"wp:term":[{"taxonomy":"ustawa_cat","embeddable":true,"href":"https:\/\/jetline.pl\/en\/wp-json\/wp\/v2\/ustawa_cat?post=1703"}],"curies":[{"name":"wp","href":"https:\/\/api.w.org\/{rel}","templated":true}]}}