{"id":1705,"date":"2016-12-09T00:00:00","date_gmt":"2016-12-08T23:00:00","guid":{"rendered":"https:\/\/jetline.presb.pl\/ustawa-krajobrazowa\/czy-lodz-ma-uchwale-krajobrazowa\/"},"modified":"2016-12-09T00:00:00","modified_gmt":"2016-12-08T23:00:00","slug":"czy-lodz-ma-uchwale-krajobrazowa","status":"publish","type":"ustawa","link":"https:\/\/jetline.pl\/en\/ustawa-krajobrazowa\/czy-lodz-ma-uchwale-krajobrazowa\/","title":{"rendered":"Czy \u0141\u00f3d\u017a ma uchwa\u0142\u0119 krajobrazow\u0105?"},"content":{"rendered":"<p>16 listopada 2016 r. Rada Miasta \u0141odzi \u00a0przeg\u0142osowa\u0142a uchwa\u0142\u0119 w sprawie ustalenia zasad i warunk\u00f3w sytuowania obiekt\u00f3w ma\u0142ej architektury, tablic reklamowych i urz\u0105dze\u0144 reklamowych oraz ogrodze\u0144,<br \/>\nich gabaryt\u00f3w, standard\u00f3w jako\u015bciowych oraz rodzaj\u00f3w materia\u0142\u00f3w budowlanych, z jakich mog\u0105 by\u0107 wykonane.<\/p>\n<p>Podj\u0119ta uchwa\u0142a w zasadzie nie r\u00f3\u017cni si\u0119 od projektu, kt\u00f3ry by\u0142 z\u0142y i to na wielu p\u0142aszczyznach:<\/p>\n<ul>\n<li>nie respektuje praw nabytych,<\/li>\n<li>jest niesp\u00f3jny i wieloznaczny,<\/li>\n<li>jest niemo\u017cliwy do realizacji,<\/li>\n<li>wprowadza nier\u00f3wne traktowanie podmiot\u00f3w,<\/li>\n<li>ogranicza mo\u017cliwo\u015b\u0107 prowadzenia dzia\u0142alno\u015bci gospodarczej,<\/li>\n<li>nara\u017ca przedsi\u0119biorc\u00f3w na du\u017ce koszty zwi\u0105zane ze zmian\u0105 identyfikacji wizualnej,<\/li>\n<li>wprowadza absurdalne zapisy, kt\u00f3re mo\u017cna interpretowa\u0107 np. jako zakaz chodzenia po \u0141odzi w koszulce z logo firmy,<\/li>\n<li>zawiera b\u0142\u0119dy merytoryczne i formalne.<\/li>\n<\/ul>\n<p>Podczas g\u0142osowa\u0144 Rada odrzuci\u0142a wszystkie przedstawione do g\u0142osowania poprawki, a by\u0142o ich 199. Ciekawe s\u0105 spostrze\u017cenia i pomys\u0142y niekt\u00f3rych radnych i urz\u0119dnik\u00f3w. Przytocz\u0119 kilka wypowiedzi:<\/p>\n<p><strong>Bartosz Poniatowski<\/strong>, kierownik w biurze architekta miasta, tw\u00f3rca Kodeksu reklamowego:<br \/>\n<em>Chcieliby\u015bmy przeprowadzi\u0107 w przysz\u0142ym roku tak\u0105 akcj\u0119 informacyjna, po to, \u017ceby dla tych obszar\u00f3w, dla kt\u00f3rych czas dostosowania wynosi jeden rok, czyli dla obszaru I przede wszystkim, \u017ceby mo\u017cna by\u0142o dotrze\u0107 z informacj\u0105 do wszystkich zainteresowanych. Nie chcemy dopu\u015bci\u0107 do takiej sytuacji, \u017ceby w momencie, kiedy zaczynaj\u0105 obowi\u0105zywa\u0107 te przepisy w obszarze 0 w styczniu 2018 roku przeprowadz\u0105 kontrole i od razu wlepiam kar\u0119. <\/em><\/p>\n<p>Bardzo fajnie tylko, \u017ce komu\u015b pomyli\u0142a si\u0119 kolejno\u015b\u0107. W cywilizowanym \u015bwiecie najpierw prowadzi si\u0119 dyskusj\u0119, przedstawia pomys\u0142y, a dopiero p\u00f3\u017aniej wprowadza przepisy. Z rozm\u00f3w, kt\u00f3re odby\u0142y si\u0119 w ostatnich dniach wynika, \u017ce o uchwale w \u0141odzi nie wie ponad 90% przedsi\u0119biorc\u00f3w w mie\u015bcie.<\/p>\n<p>Na pytania Radnego <strong>Bartosza Domaszewicza<\/strong>: <em>Jaka b\u0119dzie skuteczno\u015b\u0107 wyegzekwowania prawa, kt\u00f3re chcemy przyj\u0105\u0107? Czy jeste\u015bcie w stanie z nim sobie poradzi\u0107? Czy b\u0119dzie wsp\u00f3\u0142praca ze stra\u017c\u0105 miejsk\u0105, policj\u0105 czy b\u0119d\u0105 powo\u0142ane specjalne s\u0142u\u017cby? <\/em><strong>Bartosz Poniatowski<\/strong> odpowiedzia\u0142:<\/p>\n<p><em>To my (urz\u0119dnicy - przyp. aut.) b\u0119dziemy lata\u0107 po tym mie\u015bcie, znaczy nasi pracownicy i przeprowadza\u0107 kontrole. W miar\u0119 mo\u017cliwo\u015bci przerobowych b\u0119d\u0105 odbywa\u0142y si\u0119 raz \u2013 dwa razy do roku. B\u0119d\u0105 obejmowa\u0142y przede wszystkim sta\u0142\u0105 reklam\u0119. Nie ma fizycznej mo\u017cliwo\u015bci, \u017ceby to inaczej zrobi\u0107, bo to jest kwestia wydania decyzji administracyjnej ,kt\u00f3rych\u00a0 Stra\u017c Miejska nie wydaje w tym zakresie. B\u0119dzie to polega\u0142o, \u017ce inspektorzy terenowi b\u0119d\u0105 sprawdzali czy istniej\u0105ce reklamy s\u0105 zgodne z kodeksem i czy s\u0105 w porozumieniu wydzia\u0142em finansowym czy s\u0105 zg\u0142oszone deklaracje na poczet podatku od nieruchomo\u015bci. W przypadku stwierdzenia nieprawid\u0142owo\u015bci\u00a0 b\u0119dzie uruchamiane post\u0119powanie administracyjne zmierzaj\u0105ce do wyja\u015bnienia zgodnego z prawem. <\/em><\/p>\n<p>Pozostaje pogratulowa\u0107 pomys\u0142u wiedz\u0105c, \u017ce zatrudnienie w urz\u0119dzie nie wzro\u015bnie, a miasto ma 293 km kw. Z kolei kolejna wypowied\u017a, \u017ce urz\u0119dnicy b\u0119d\u0105 przesuwani z innych dzia\u0142\u00f3w \u015bwiadczy o tym, \u017ce co\u015b jest nie tak z organizacj\u0105 pracy w urz\u0119dzie.<\/p>\n<p>Wypowied\u017a <strong>Bartosza Domaszewicza<\/strong>: <em>Skoro jako radni wprowadzamy zakaz reklamy banerowej w ca\u0142ym mie\u015bcie, to powinni\u015bmy by\u0107 konsekwentni i samemu sobie te\u017c zakaza\u0107 takiej reklamy<\/em> - nie zyska\u0142a poparcia w Radzie.<br \/>\nPoprawka o zakazie reklamy zewn\u0119trznej podczas wybor\u00f3w zosta\u0142a odrzucona, tym samym wi\u0119kszo\u015b\u0107 Radnych potwierdzi\u0142a, \u017ce stawia si\u0119 ponad innymi mieszka\u0144cami i przedsi\u0119biorcami, sprawiaj\u0105c jednocze\u015bnie, \u017ce uchwa\u0142a jest sprzeczna z prawem.<\/p>\n<p>Ciekawa jest wypowied\u017a Radnego <strong>Tomasza Kasprzaka<\/strong>:<br \/>\n<em>Uchwa\u0142a, na kt\u00f3r\u0105 czekaj\u0105 \u0141odzianie, wprowadzi\u00a0 ona \u0142ad i porz\u0105dek w \u015bwiecie reklamy. Reklamy s\u0105 nam potrzebne, potrzebujemy r\u00f3\u017cnej informacji, o produktach, potrzebne jest to przedsi\u0119biorcom. To jest element naszego \u017cycia i od reklam nie uciekniemy, ale pami\u0119tajmy, \u017ce reklamy to jest tak\u017ce biznes. Chcemy tworzy\u0107 ten rynek reklamowy a niestety przyjmuj\u0105c ten kodeks wp\u0142ywamy ta ten rynek reklamowy to powinni\u015bmy mie\u0107 na wzgl\u0119dzie to, \u017ceby ten rynek by\u0142 jak najbardziej konkurencyjny. Aby ta reklama nie by\u0142a nagle droga. Albo, \u017ceby\u015bmy nie kierowali tego strumienia reklamowego do jednego no\u015bnika jakim b\u0119dzie np. internet, radio, telewizja czy okre\u015blone inne media czy inne formy reklamy.\u00a0 Nale\u017cy zachowa\u0107 pewien umiar. <\/em><\/p>\n<p>Z t\u0105 cz\u0119\u015bci\u0105 zgadzam si\u0119 ca\u0142kowicie.<br \/>\nDalej <strong>Tomasz Kasprzak<\/strong> m\u00f3wi o swoich nadziejach zwi\u0105zanych z \u00a0Kodeksem, kt\u00f3ry ma sko\u0144czy\u0107 chaos reklamowy i by\u0107 narz\u0119dziem do skutecznej walki z nielegalnymi\u00a0 reklamami. Jednak Kodeks Reklamowy w tej formie nie likwiduje nielegalnej reklamy - tylko j\u0105 legalizuje, jednocze\u015bnie delegalizuj\u0105c du\u017c\u0105 cz\u0119\u015b\u0107 reklamy legalnej.<\/p>\n<p>Radny <strong>Bartosz Domaszewicz<\/strong> ubawi\u0142 mnie z kolei \u0142ez, kiedy z jednej strony g\u0142osowa\u0142 za wprowadzeniem ca\u0142kowitego zakazu reklamy mobilnej, z drugiej strony chcia\u0142by - wzorem Chamonix - wprowadzi\u0107 rowery publiczne sponsorowane za pomoc\u0105 reklam przez firmy.<br \/>\nNa marginesie dodam, \u017ce wszelkie pr\u00f3by wprowadzenia w uchwale zapis\u00f3w dotycz\u0105cych reklamy w ruchu s\u0105 sprzeczne z ustaw\u0105 krajobrazow\u0105, czyli nadrz\u0119dnym aktem prawnym.<\/p>\n<p>Wypowied\u017a Radnego <strong>Macieja Rakowskiego:<\/strong><br \/>\n<em>A ja najbardziej boj\u0119 si\u0119 rozwi\u0105zania po\u015bredniego(\u2026) Bo najgorzej ze stosowaniem praw, tych ustawowych dyspozycji jest wtedy, kiedy cz\u0119\u015b\u0107 odbiorc\u00f3w zastosuje si\u0119 do tych rozwi\u0105za\u0144. Oni oka\u017c\u0105 si\u0119 tymi naiwnymi, kt\u00f3rzy b\u0119d\u0105 przestrzega\u0107 prawa. A ci, kt\u00f3rzy postanowi\u0105\u00a0 t\u0119 uchwa\u0142\u0119 lekcewa\u017cy\u0107, to nie do\u015b\u0107, \u017ce b\u0119d\u0105 mieli jak dotychczas, oni b\u0119d\u0105 mieli lepiej. Poniewa\u017c usun\u0105 si\u0119 im z rynku ci konkurenci, kt\u00f3rzy b\u0119d\u0105 chcieli regulacji przestrzega\u0107. Ta uchwa\u0142a, niew\u0105tpliwie bardzo odwa\u017cna, ma sens tylko wtedy, kiedy b\u0119dzie egzekwowana do b\u00f3lu w odniesieniu do wszystkich. Poniewa\u017c mo\u017cemy wyhodowa\u0107 potwora, kt\u00f3ry b\u0119dzie nap\u0119dza\u0142 dochody, tym kt\u00f3rzy nie przestrzegaj\u0105 prawa. To jest rozwi\u0105zanie najgorsze, kt\u00f3re uczy braku szacunku wobec prawa. Powinni\u015bmy da\u0107 sobie szans\u0119, natomiast uwa\u017cam, \u017ce pod koniec kadencji, kiedy ju\u017c ta uchwa\u0142a b\u0119dzie obowi\u0105zywa\u0142a, powinni\u015bmy do tematu wr\u00f3ci\u0107 i odpowiedzie\u0107 sobie na pytanie, czy jeste\u015bmy w stanie zapewni\u0107 egzekucj\u0119 tych przepis\u00f3w\u00a0 tak, \u017ce one s\u0105 faktycznie wykonywane. Czy stworzyli\u015bmy raj dla tych, kt\u00f3rzy nie maj\u0105 skrupu\u0142\u00f3w, \u017ceby prawa nie przestrzega\u0107. Je\u017celi b\u0119dzie to drugie rozwi\u0105zanie to ca\u0142\u0105 uchwa\u0142\u0119 powinni\u015bmy w diab\u0142y uchyli\u0107...<br \/>\n<\/em>przypomina mi twierdzenie, \u017ce demokracja jest najgorszym z system\u00f3w.<br \/>\nJak mo\u017cna pozwoli\u0107, \u017ceby kilka os\u00f3b robi\u0142o bezkarnie eksperymenty w kilkusettysi\u0119cznym mie\u015bcie, dezorganizuj\u0105c prac\u0119 tysi\u0105com firm, generuj\u0105c dodatkowo wielomilionowe straty dla gospodarki?<br \/>\nZawsze by\u0142em zwolennikiem my\u015blenia, a dopiero potem dzia\u0142ania. Mo\u017ce wi\u0119c kiedy\u015b uda mi si\u0119 wymy\u015ble\u0107 system lepszy od demokracji.<\/p>\n<p>Na koniec urz\u0119dnicy kopn\u0119li i tak ju\u017c le\u017c\u0105cy na \u0142opatkach Kodeks Krajobrazowy \u0141odzi, nie wprowadzaj\u0105c do jednolitego tekstu uchwa\u0142y autopoprawki...<\/p>\n<p>W terminie 30 dni od przekazania dokument\u00f3w organ nadzorczy, czyli Wojewoda, wyda decyzj\u0119 o zgodno\u015bci z prawem podj\u0119tej w \u0141odzi uchwa\u0142y.<br \/>\nZ Uchwa\u0142\u0105 Krajobrazow\u0105 \u0141odzi mo\u017cna zapozna\u0107 si\u0119 pod adresem:<br \/>\n<a href=\"http:\/\/bip.uml.lodz.pl\/_plik.php?plik=uchwaly\/rm\/966.PDF&amp;PHPSESSID=82aa510df447ae2ae2f5af04fb363c63\">http:\/\/bip.uml.lodz.pl\/_plik.php?plik=uchwaly\/rm\/966.PDF&amp;PHPSESSID=82aa510df447ae2ae2f5af04fb363c63<br \/>\n<\/a>Nagranie sesji Rady Miasta znajduje si\u0119 pod adresem:<br \/>\n<a href=\"http:\/\/uml.lodz.pl\/radamiejska\/sesja_online\/archiwum\/\">http:\/\/uml.lodz.pl\/radamiejska\/sesja_online\/archiwum\/<\/a><\/p>\n<p>&nbsp;<\/p>\n","protected":false},"author":16,"featured_media":1529,"template":"","ustawa_cat":[],"class_list":["post-1705","ustawa","type-ustawa","status-publish","has-post-thumbnail","hentry"],"acf":[],"yoast_head":"<!-- This site is optimized with the Yoast SEO plugin v27.5 - https:\/\/yoast.com\/product\/yoast-seo-wordpress\/ -->\n<title>Czy \u0141\u00f3d\u017a ma uchwa\u0142\u0119 krajobrazow\u0105? - Jet Line<\/title>\n<meta name=\"robots\" content=\"index, follow, max-snippet:-1, max-image-preview:large, max-video-preview:-1\" \/>\n<link rel=\"canonical\" href=\"https:\/\/jetline.pl\/en\/ustawa-krajobrazowa\/czy-lodz-ma-uchwale-krajobrazowa\/\" \/>\n<meta property=\"og:locale\" content=\"en_US\" \/>\n<meta property=\"og:type\" content=\"article\" \/>\n<meta property=\"og:title\" content=\"Czy \u0141\u00f3d\u017a ma uchwa\u0142\u0119 krajobrazow\u0105? - Jet Line\" \/>\n<meta property=\"og:description\" content=\"16 listopada 2016 r. Rada Miasta \u0141odzi \u00a0przeg\u0142osowa\u0142a uchwa\u0142\u0119 w...\" \/>\n<meta property=\"og:url\" content=\"https:\/\/jetline.pl\/en\/ustawa-krajobrazowa\/czy-lodz-ma-uchwale-krajobrazowa\/\" \/>\n<meta property=\"og:site_name\" content=\"Jet Line\" \/>\n<meta property=\"og:image\" content=\"https:\/\/jetline.pl\/wp-content\/uploads\/2024\/09\/lodz-uchwala_obrazek.jpg\" \/>\n\t<meta property=\"og:image:width\" content=\"1390\" \/>\n\t<meta property=\"og:image:height\" content=\"772\" \/>\n\t<meta property=\"og:image:type\" content=\"image\/jpeg\" \/>\n<meta name=\"twitter:card\" content=\"summary_large_image\" \/>\n<meta name=\"twitter:label1\" content=\"Est. reading time\" \/>\n\t<meta name=\"twitter:data1\" content=\"6 minutes\" \/>\n<script type=\"application\/ld+json\" class=\"yoast-schema-graph\">{\"@context\":\"https:\\\/\\\/schema.org\",\"@graph\":[{\"@type\":\"WebPage\",\"@id\":\"https:\\\/\\\/jetline.pl\\\/en\\\/ustawa-krajobrazowa\\\/czy-lodz-ma-uchwale-krajobrazowa\\\/\",\"url\":\"https:\\\/\\\/jetline.pl\\\/en\\\/ustawa-krajobrazowa\\\/czy-lodz-ma-uchwale-krajobrazowa\\\/\",\"name\":\"Czy \u0141\u00f3d\u017a ma uchwa\u0142\u0119 krajobrazow\u0105? - Jet Line\",\"isPartOf\":{\"@id\":\"https:\\\/\\\/jetline.pl\\\/en\\\/#website\"},\"primaryImageOfPage\":{\"@id\":\"https:\\\/\\\/jetline.pl\\\/en\\\/ustawa-krajobrazowa\\\/czy-lodz-ma-uchwale-krajobrazowa\\\/#primaryimage\"},\"image\":{\"@id\":\"https:\\\/\\\/jetline.pl\\\/en\\\/ustawa-krajobrazowa\\\/czy-lodz-ma-uchwale-krajobrazowa\\\/#primaryimage\"},\"thumbnailUrl\":\"https:\\\/\\\/jetline.pl\\\/wp-content\\\/uploads\\\/2024\\\/09\\\/lodz-uchwala_obrazek.jpg\",\"datePublished\":\"2016-12-08T23:00:00+00:00\",\"breadcrumb\":{\"@id\":\"https:\\\/\\\/jetline.pl\\\/en\\\/ustawa-krajobrazowa\\\/czy-lodz-ma-uchwale-krajobrazowa\\\/#breadcrumb\"},\"inLanguage\":\"en-US\",\"potentialAction\":[{\"@type\":\"ReadAction\",\"target\":[\"https:\\\/\\\/jetline.pl\\\/en\\\/ustawa-krajobrazowa\\\/czy-lodz-ma-uchwale-krajobrazowa\\\/\"]}]},{\"@type\":\"ImageObject\",\"inLanguage\":\"en-US\",\"@id\":\"https:\\\/\\\/jetline.pl\\\/en\\\/ustawa-krajobrazowa\\\/czy-lodz-ma-uchwale-krajobrazowa\\\/#primaryimage\",\"url\":\"https:\\\/\\\/jetline.pl\\\/wp-content\\\/uploads\\\/2024\\\/09\\\/lodz-uchwala_obrazek.jpg\",\"contentUrl\":\"https:\\\/\\\/jetline.pl\\\/wp-content\\\/uploads\\\/2024\\\/09\\\/lodz-uchwala_obrazek.jpg\",\"width\":1390,\"height\":772},{\"@type\":\"BreadcrumbList\",\"@id\":\"https:\\\/\\\/jetline.pl\\\/en\\\/ustawa-krajobrazowa\\\/czy-lodz-ma-uchwale-krajobrazowa\\\/#breadcrumb\",\"itemListElement\":[{\"@type\":\"ListItem\",\"position\":1,\"name\":\"Strona g\u0142\u00f3wna\",\"item\":\"https:\\\/\\\/jetline.pl\\\/en\\\/\"},{\"@type\":\"ListItem\",\"position\":2,\"name\":\"Ustawa krajobrazowa\",\"item\":\"https:\\\/\\\/jetline.pl\\\/en\\\/ustawa-krajobrazowa\\\/\"},{\"@type\":\"ListItem\",\"position\":3,\"name\":\"Czy \u0141\u00f3d\u017a ma uchwa\u0142\u0119 krajobrazow\u0105?\"}]},{\"@type\":\"WebSite\",\"@id\":\"https:\\\/\\\/jetline.pl\\\/en\\\/#website\",\"url\":\"https:\\\/\\\/jetline.pl\\\/en\\\/\",\"name\":\"Jet Line\",\"description\":\"Tworzymy przestrze\u0144 do komunikacji\",\"publisher\":{\"@id\":\"https:\\\/\\\/jetline.pl\\\/en\\\/#organization\"},\"potentialAction\":[{\"@type\":\"SearchAction\",\"target\":{\"@type\":\"EntryPoint\",\"urlTemplate\":\"https:\\\/\\\/jetline.pl\\\/en\\\/?s={search_term_string}\"},\"query-input\":{\"@type\":\"PropertyValueSpecification\",\"valueRequired\":true,\"valueName\":\"search_term_string\"}}],\"inLanguage\":\"en-US\"},{\"@type\":\"Organization\",\"@id\":\"https:\\\/\\\/jetline.pl\\\/en\\\/#organization\",\"name\":\"Jet Line\",\"url\":\"https:\\\/\\\/jetline.pl\\\/en\\\/\",\"logo\":{\"@type\":\"ImageObject\",\"inLanguage\":\"en-US\",\"@id\":\"https:\\\/\\\/jetline.pl\\\/en\\\/#\\\/schema\\\/logo\\\/image\\\/\",\"url\":\"https:\\\/\\\/jetline.pl\\\/wp-content\\\/uploads\\\/2024\\\/09\\\/logo_poziom_logo_poziom_czerwone-1.png\",\"contentUrl\":\"https:\\\/\\\/jetline.pl\\\/wp-content\\\/uploads\\\/2024\\\/09\\\/logo_poziom_logo_poziom_czerwone-1.png\",\"width\":4946,\"height\":2016,\"caption\":\"Jet Line\"},\"image\":{\"@id\":\"https:\\\/\\\/jetline.pl\\\/en\\\/#\\\/schema\\\/logo\\\/image\\\/\"}}]}<\/script>\n<!-- \/ Yoast SEO plugin. -->","yoast_head_json":{"title":"Czy \u0141\u00f3d\u017a ma uchwa\u0142\u0119 krajobrazow\u0105? - Jet Line","robots":{"index":"index","follow":"follow","max-snippet":"max-snippet:-1","max-image-preview":"max-image-preview:large","max-video-preview":"max-video-preview:-1"},"canonical":"https:\/\/jetline.pl\/en\/ustawa-krajobrazowa\/czy-lodz-ma-uchwale-krajobrazowa\/","og_locale":"en_US","og_type":"article","og_title":"Czy \u0141\u00f3d\u017a ma uchwa\u0142\u0119 krajobrazow\u0105? - Jet Line","og_description":"16 listopada 2016 r. Rada Miasta \u0141odzi \u00a0przeg\u0142osowa\u0142a uchwa\u0142\u0119 w...","og_url":"https:\/\/jetline.pl\/en\/ustawa-krajobrazowa\/czy-lodz-ma-uchwale-krajobrazowa\/","og_site_name":"Jet Line","og_image":[{"width":1390,"height":772,"url":"https:\/\/jetline.pl\/wp-content\/uploads\/2024\/09\/lodz-uchwala_obrazek.jpg","type":"image\/jpeg"}],"twitter_card":"summary_large_image","twitter_misc":{"Est. reading time":"6 minutes"},"schema":{"@context":"https:\/\/schema.org","@graph":[{"@type":"WebPage","@id":"https:\/\/jetline.pl\/en\/ustawa-krajobrazowa\/czy-lodz-ma-uchwale-krajobrazowa\/","url":"https:\/\/jetline.pl\/en\/ustawa-krajobrazowa\/czy-lodz-ma-uchwale-krajobrazowa\/","name":"Czy \u0141\u00f3d\u017a ma uchwa\u0142\u0119 krajobrazow\u0105? - Jet Line","isPartOf":{"@id":"https:\/\/jetline.pl\/en\/#website"},"primaryImageOfPage":{"@id":"https:\/\/jetline.pl\/en\/ustawa-krajobrazowa\/czy-lodz-ma-uchwale-krajobrazowa\/#primaryimage"},"image":{"@id":"https:\/\/jetline.pl\/en\/ustawa-krajobrazowa\/czy-lodz-ma-uchwale-krajobrazowa\/#primaryimage"},"thumbnailUrl":"https:\/\/jetline.pl\/wp-content\/uploads\/2024\/09\/lodz-uchwala_obrazek.jpg","datePublished":"2016-12-08T23:00:00+00:00","breadcrumb":{"@id":"https:\/\/jetline.pl\/en\/ustawa-krajobrazowa\/czy-lodz-ma-uchwale-krajobrazowa\/#breadcrumb"},"inLanguage":"en-US","potentialAction":[{"@type":"ReadAction","target":["https:\/\/jetline.pl\/en\/ustawa-krajobrazowa\/czy-lodz-ma-uchwale-krajobrazowa\/"]}]},{"@type":"ImageObject","inLanguage":"en-US","@id":"https:\/\/jetline.pl\/en\/ustawa-krajobrazowa\/czy-lodz-ma-uchwale-krajobrazowa\/#primaryimage","url":"https:\/\/jetline.pl\/wp-content\/uploads\/2024\/09\/lodz-uchwala_obrazek.jpg","contentUrl":"https:\/\/jetline.pl\/wp-content\/uploads\/2024\/09\/lodz-uchwala_obrazek.jpg","width":1390,"height":772},{"@type":"BreadcrumbList","@id":"https:\/\/jetline.pl\/en\/ustawa-krajobrazowa\/czy-lodz-ma-uchwale-krajobrazowa\/#breadcrumb","itemListElement":[{"@type":"ListItem","position":1,"name":"Strona g\u0142\u00f3wna","item":"https:\/\/jetline.pl\/en\/"},{"@type":"ListItem","position":2,"name":"Ustawa krajobrazowa","item":"https:\/\/jetline.pl\/en\/ustawa-krajobrazowa\/"},{"@type":"ListItem","position":3,"name":"Czy \u0141\u00f3d\u017a ma uchwa\u0142\u0119 krajobrazow\u0105?"}]},{"@type":"WebSite","@id":"https:\/\/jetline.pl\/en\/#website","url":"https:\/\/jetline.pl\/en\/","name":"Jet Line","description":"Tworzymy przestrze\u0144 do komunikacji","publisher":{"@id":"https:\/\/jetline.pl\/en\/#organization"},"potentialAction":[{"@type":"SearchAction","target":{"@type":"EntryPoint","urlTemplate":"https:\/\/jetline.pl\/en\/?s={search_term_string}"},"query-input":{"@type":"PropertyValueSpecification","valueRequired":true,"valueName":"search_term_string"}}],"inLanguage":"en-US"},{"@type":"Organization","@id":"https:\/\/jetline.pl\/en\/#organization","name":"Jet Line","url":"https:\/\/jetline.pl\/en\/","logo":{"@type":"ImageObject","inLanguage":"en-US","@id":"https:\/\/jetline.pl\/en\/#\/schema\/logo\/image\/","url":"https:\/\/jetline.pl\/wp-content\/uploads\/2024\/09\/logo_poziom_logo_poziom_czerwone-1.png","contentUrl":"https:\/\/jetline.pl\/wp-content\/uploads\/2024\/09\/logo_poziom_logo_poziom_czerwone-1.png","width":4946,"height":2016,"caption":"Jet Line"},"image":{"@id":"https:\/\/jetline.pl\/en\/#\/schema\/logo\/image\/"}}]}},"_links":{"self":[{"href":"https:\/\/jetline.pl\/en\/wp-json\/wp\/v2\/ustawa\/1705","targetHints":{"allow":["GET"]}}],"collection":[{"href":"https:\/\/jetline.pl\/en\/wp-json\/wp\/v2\/ustawa"}],"about":[{"href":"https:\/\/jetline.pl\/en\/wp-json\/wp\/v2\/types\/ustawa"}],"author":[{"embeddable":true,"href":"https:\/\/jetline.pl\/en\/wp-json\/wp\/v2\/users\/16"}],"wp:featuredmedia":[{"embeddable":true,"href":"https:\/\/jetline.pl\/en\/wp-json\/wp\/v2\/media\/1529"}],"wp:attachment":[{"href":"https:\/\/jetline.pl\/en\/wp-json\/wp\/v2\/media?parent=1705"}],"wp:term":[{"taxonomy":"ustawa_cat","embeddable":true,"href":"https:\/\/jetline.pl\/en\/wp-json\/wp\/v2\/ustawa_cat?post=1705"}],"curies":[{"name":"wp","href":"https:\/\/api.w.org\/{rel}","templated":true}]}}