{"id":1706,"date":"2016-12-19T00:00:00","date_gmt":"2016-12-18T23:00:00","guid":{"rendered":"https:\/\/jetline.presb.pl\/ustawa-krajobrazowa\/kobylnica-mala-wielka-gmina\/"},"modified":"2016-12-19T00:00:00","modified_gmt":"2016-12-18T23:00:00","slug":"kobylnica-mala-wielka-gmina","status":"publish","type":"ustawa","link":"https:\/\/jetline.pl\/en\/ustawa-krajobrazowa\/kobylnica-mala-wielka-gmina\/","title":{"rendered":"Kobylnica - ma\u0142a, wielka gmina"},"content":{"rendered":"<p>Kobylnica jest malownicz\u0105 gmin\u0105 wiejsk\u0105 s\u0105siaduj\u0105c\u0105 ze S\u0142upskiem. Na obszarze 25 tys. ha<br \/>\nmieszka 11.000 os\u00f3b. Na terenie gminy znajduje si\u0119 ch\u0119tnie odwiedzane przez mieszka\u0144c\u00f3w S\u0142upska centrum handlowe, tamt\u0119dy przebiega te\u017c droga S6 oraz droga krajowa nr 21.<br \/>\nW gminie Kobylnica jest tak\u017ce oko\u0142o 1000 reklam.<\/p>\n<p>Lubi\u0119 zwiedza\u0107 Polsk\u0119, jednak to nie walory turystyczne Kobylnicy spowodowa\u0142y moje ni\u0105 zainteresowanie. 25 listopada 2016 roku Rada Gminy Kobylnica podj\u0119\u0142a uchwa\u0142\u0119 w sprawie zasad i warunk\u00f3w sytuowania obiekt\u00f3w ma\u0142ej architektury, tablic reklamowych i urz\u0105dze\u0144 reklamowych oraz ogrodze\u0144, ich gabaryt\u00f3w, standard\u00f3w jako\u015bciowych oraz rodzaj\u00f3w materia\u0142\u00f3w budowlanych z kt\u00f3rych mog\u0105 by\u0107 wykonane \u2013 czyli w skr\u00f3cie uchwa\u0142\u0119 krajobrazow\u0105.<br \/>\nZ monitoringu, kt\u00f3rym obejmujemy ponad 300 gmin w Polsce wynika, \u017ce jest to czwarta gmina (po Ciechanowie, Baranowie i \u0141odzi) kt\u00f3ra przyj\u0119\u0142a regulacje wynikaj\u0105ce z ustawy krajobrazowej.<br \/>\nJednak nie dlatego Rada Gminy zas\u0142uguje na s\u0142owa szczeg\u00f3lnego uznania.<br \/>\nZas\u0142uguje dlatego, \u017ce jako PIERWSZA W POLSCE\u00a0 uwzgl\u0119dni\u0142a prawa.<br \/>\nRespektowanie praw nabytych jest bowiem jednym z filar\u00f3w pa\u0144stwa prawa.<\/p>\n<p>Wraz z uchwa\u0142\u0105 reklamow\u0105 Rada Gminy Kobylnica uchwali\u0142a uchwa\u0142\u0119 w sprawie op\u0142aty reklamowej.<br \/>\nJest to druga taka uchwa\u0142a w kraju. Op\u0142ata reklamowa jest niczym innym jak kolejnym PODATKIEM, kt\u00f3rym jest obci\u0105\u017cany przedsi\u0119biorca. Zgodnie z jej tre\u015bci\u0105, uchwa\u0142a ma szans\u0119 zacz\u0105\u0107 obowi\u0105zywa\u0107 ju\u017c w styczniu 2017 roku z zastrze\u017ceniem, \u017ce rozstrzygni\u0119cie nadzorcze nale\u017c\u0105ce do Wojewody Pomorskiego b\u0119dzie pozytywne, gdy\u017c op\u0142at\u0119 reklamow\u0105 mo\u017cna pobiera\u0107 jedynie na obszarach, na kt\u00f3rych obowi\u0105zuj\u0105 zasady i warunki sytuowania obiekt\u00f3w ma\u0142ej architektury, tablic reklamowych i urz\u0105dze\u0144 reklamowych oraz ogrodze\u0144.<\/p>\n<p>Tutaj jednak zaczynaj\u0105 si\u0119 pewne k\u0142opoty, spowodowane dzia\u0142aniami ustawodawcy, kt\u00f3ry wyj\u0105tkowo niefrasobliwie podszed\u0142 do kwestii finansowych i proceduralnych. Mianowicie, w ustawie z dnia 12 stycznia 1991 r. o podatkach i op\u0142atach lokalnych tzw. ustawa krajobrazowa rozszerzy\u0142a dotychczasowy zakres podatk\u00f3w lokalnych o niewyst\u0119puj\u0105c\u0105 wcze\u015bniej op\u0142at\u0119 reklamow\u0105. Op\u0142ata reklamowa jest pobierana od w\u0142a\u015bcicieli nieruchomo\u015bci, na kt\u00f3rych znajduje si\u0119 tablica reklamowa lub urz\u0105dzenie reklamowe (art. 17 ust3).<\/p>\n<p>Do tego momentu \u2013 je\u015bli chodzi o zapisy ustawy - wszystko jest jasne.<\/p>\n<p>Problemem\u00a0 jest kwestia, w jakich okresach nale\u017cy dokonywa\u0107 potr\u0105ce\u0144. Rady gmin w uchwa\u0142ach o op\u0142atach reklamowych powinny uregulowa\u0107 t\u0119 kwesti\u0119.<br \/>\nPowstaje pytanie: czy jest mo\u017cliwe odliczenie podatku od nieruchomo\u015bci zap\u0142aconego przed obj\u0119ciem danego obszaru obowi\u0105zkiem uiszczenia op\u0142aty reklamowej? Co w sytuacji, gdy okresy za kt\u00f3re pobiera si\u0119 obie daniny nie s\u0105 skoordynowane, co wi\u0119cej gdy zap\u0142ata podatku od nieruchomo\u015bci wypada po terminie zap\u0142aty op\u0142aty reklamowej, a zatem w dacie uiszczenia op\u0142aty reklamowej nie wyst\u0119puje zap\u0142acony podatek?<br \/>\nRada Gminy w Kobylnicy uwzgl\u0119dni\u0142a w \u00a7 2 ust. 3 t\u0119 kwesti\u0119, wprowadzaj\u0105c zapis o mo\u017cliwo\u015bci skorygowania deklaracji w terminie 14 dni od dnia zaistnienia zdarzenia maj\u0105cego wp\u0142yw na wysoko\u015b\u0107 op\u0142aty.<\/p>\n<p>Inny problem stanowi\u00a0 art. 17a ust. 6 Ustawy o podatkach i op\u0142atach lokalnych:<em> \u201eKwot\u0119 zap\u0142aconego podatku od nieruchomo\u015bci od tablicy reklamowej lub urz\u0105dzenia reklamowego, zalicza si\u0119 na poczet op\u0142aty reklamowej nale\u017cnej\u00a0od tablicy reklamowej lub urz\u0105dzenia reklamowego\u201d.<br \/>\n<\/em>Niniejszy przepis jest nieprecyzyjny. Po pierwsze dlatego, \u017ce zazwyczaj inny podmiot p\u0142aci podatek krajobrazowy, a inny podatek od nieruchomo\u015bci. Podatek od gruntu oraz podatek od budowli mo\u017ce zosta\u0107 zaliczony na poczet op\u0142aty reklamowej pod warunkiem, \u017ce ka\u017cdej z op\u0142at dokonuje ten sam podmiot.<\/p>\n<p>Co to oznacza w praktyce:<\/p>\n<p>Po pierwsze: \u017ce niemo\u017cno\u015b\u0107 odliczenia podatku od nieruchomo\u015bci od op\u0142aty krajobrazowej przez wi\u0119kszo\u015b\u0107 przedsi\u0119biorc\u00f3w jest kolejnym przypadkiem niekonstytucyjnych zapis\u00f3w znajduj\u0105cych si\u0119 w tzw. uchwale krajobrazowej.<\/p>\n<p>Po drugie: \u017ce przedsi\u0119biorcy w Kobylnicy b\u0119d\u0105 zobowi\u0105zani odprowadzi\u0107 2,45 PLN dziennie od ka\u017cdej posiadanej w gminie reklamy, oraz dodatkowo 0,20 PLN za ka\u017cdy m<sup>2<\/sup> powierzchni reklamowej miesi\u0119cznie. Czyli op\u0142aty miesi\u0119czne za poszczeg\u00f3lne formaty b\u0119d\u0105 wynosi\u0142y:<\/p>\n<ul>\n<li>citylight \u2013 86,46 PLN<\/li>\n<li>12 m<sup>2<\/sup> \u2013 145,50 PLN<\/li>\n<li>6x3 m -181,5 PLN<\/li>\n<li>12x3 m \u2013 289,5 PLN<\/li>\n<li>12x4 m \u2013 361,5 PLN<\/li>\n<\/ul>\n<p>M\u00f3wi si\u0119, \u017ce podatki - jak \u015bmier\u0107 - s\u0105 pewne.<br \/>\nPewne jest te\u017c to, \u017ce \u017caden dodatkowy podatek nie rozwija gospodarki.<\/p>\n","protected":false},"author":16,"featured_media":1531,"template":"","ustawa_cat":[],"class_list":["post-1706","ustawa","type-ustawa","status-publish","has-post-thumbnail","hentry"],"acf":[],"yoast_head":"<!-- This site is optimized with the Yoast SEO plugin v27.5 - https:\/\/yoast.com\/product\/yoast-seo-wordpress\/ -->\n<title>Kobylnica - ma\u0142a, wielka gmina - Jet Line<\/title>\n<meta name=\"robots\" content=\"index, follow, max-snippet:-1, max-image-preview:large, max-video-preview:-1\" \/>\n<link rel=\"canonical\" href=\"https:\/\/jetline.pl\/en\/ustawa-krajobrazowa\/kobylnica-mala-wielka-gmina\/\" \/>\n<meta property=\"og:locale\" content=\"en_US\" \/>\n<meta property=\"og:type\" content=\"article\" \/>\n<meta property=\"og:title\" content=\"Kobylnica - ma\u0142a, wielka gmina - Jet Line\" \/>\n<meta property=\"og:description\" content=\"Kobylnica jest malownicz\u0105 gmin\u0105 wiejsk\u0105 s\u0105siaduj\u0105c\u0105 ze S\u0142upskiem. Na obszarze...\" \/>\n<meta property=\"og:url\" content=\"https:\/\/jetline.pl\/en\/ustawa-krajobrazowa\/kobylnica-mala-wielka-gmina\/\" \/>\n<meta property=\"og:site_name\" content=\"Jet Line\" \/>\n<meta property=\"og:image\" content=\"https:\/\/jetline.pl\/wp-content\/uploads\/2024\/09\/Kobylnica-oplata-reklamowa.jpg\" \/>\n\t<meta property=\"og:image:width\" content=\"1512\" \/>\n\t<meta property=\"og:image:height\" content=\"812\" \/>\n\t<meta property=\"og:image:type\" content=\"image\/jpeg\" \/>\n<meta name=\"twitter:card\" content=\"summary_large_image\" \/>\n<meta name=\"twitter:label1\" content=\"Est. reading time\" \/>\n\t<meta name=\"twitter:data1\" content=\"4 minutes\" \/>\n<script type=\"application\/ld+json\" class=\"yoast-schema-graph\">{\"@context\":\"https:\\\/\\\/schema.org\",\"@graph\":[{\"@type\":\"WebPage\",\"@id\":\"https:\\\/\\\/jetline.pl\\\/en\\\/ustawa-krajobrazowa\\\/kobylnica-mala-wielka-gmina\\\/\",\"url\":\"https:\\\/\\\/jetline.pl\\\/en\\\/ustawa-krajobrazowa\\\/kobylnica-mala-wielka-gmina\\\/\",\"name\":\"Kobylnica - ma\u0142a, wielka gmina - Jet Line\",\"isPartOf\":{\"@id\":\"https:\\\/\\\/jetline.pl\\\/en\\\/#website\"},\"primaryImageOfPage\":{\"@id\":\"https:\\\/\\\/jetline.pl\\\/en\\\/ustawa-krajobrazowa\\\/kobylnica-mala-wielka-gmina\\\/#primaryimage\"},\"image\":{\"@id\":\"https:\\\/\\\/jetline.pl\\\/en\\\/ustawa-krajobrazowa\\\/kobylnica-mala-wielka-gmina\\\/#primaryimage\"},\"thumbnailUrl\":\"https:\\\/\\\/jetline.pl\\\/wp-content\\\/uploads\\\/2024\\\/09\\\/Kobylnica-oplata-reklamowa.jpg\",\"datePublished\":\"2016-12-18T23:00:00+00:00\",\"breadcrumb\":{\"@id\":\"https:\\\/\\\/jetline.pl\\\/en\\\/ustawa-krajobrazowa\\\/kobylnica-mala-wielka-gmina\\\/#breadcrumb\"},\"inLanguage\":\"en-US\",\"potentialAction\":[{\"@type\":\"ReadAction\",\"target\":[\"https:\\\/\\\/jetline.pl\\\/en\\\/ustawa-krajobrazowa\\\/kobylnica-mala-wielka-gmina\\\/\"]}]},{\"@type\":\"ImageObject\",\"inLanguage\":\"en-US\",\"@id\":\"https:\\\/\\\/jetline.pl\\\/en\\\/ustawa-krajobrazowa\\\/kobylnica-mala-wielka-gmina\\\/#primaryimage\",\"url\":\"https:\\\/\\\/jetline.pl\\\/wp-content\\\/uploads\\\/2024\\\/09\\\/Kobylnica-oplata-reklamowa.jpg\",\"contentUrl\":\"https:\\\/\\\/jetline.pl\\\/wp-content\\\/uploads\\\/2024\\\/09\\\/Kobylnica-oplata-reklamowa.jpg\",\"width\":1512,\"height\":812},{\"@type\":\"BreadcrumbList\",\"@id\":\"https:\\\/\\\/jetline.pl\\\/en\\\/ustawa-krajobrazowa\\\/kobylnica-mala-wielka-gmina\\\/#breadcrumb\",\"itemListElement\":[{\"@type\":\"ListItem\",\"position\":1,\"name\":\"Strona g\u0142\u00f3wna\",\"item\":\"https:\\\/\\\/jetline.pl\\\/en\\\/\"},{\"@type\":\"ListItem\",\"position\":2,\"name\":\"Ustawa krajobrazowa\",\"item\":\"https:\\\/\\\/jetline.pl\\\/en\\\/ustawa-krajobrazowa\\\/\"},{\"@type\":\"ListItem\",\"position\":3,\"name\":\"Kobylnica - ma\u0142a, wielka gmina\"}]},{\"@type\":\"WebSite\",\"@id\":\"https:\\\/\\\/jetline.pl\\\/en\\\/#website\",\"url\":\"https:\\\/\\\/jetline.pl\\\/en\\\/\",\"name\":\"Jet Line\",\"description\":\"Tworzymy przestrze\u0144 do komunikacji\",\"publisher\":{\"@id\":\"https:\\\/\\\/jetline.pl\\\/en\\\/#organization\"},\"potentialAction\":[{\"@type\":\"SearchAction\",\"target\":{\"@type\":\"EntryPoint\",\"urlTemplate\":\"https:\\\/\\\/jetline.pl\\\/en\\\/?s={search_term_string}\"},\"query-input\":{\"@type\":\"PropertyValueSpecification\",\"valueRequired\":true,\"valueName\":\"search_term_string\"}}],\"inLanguage\":\"en-US\"},{\"@type\":\"Organization\",\"@id\":\"https:\\\/\\\/jetline.pl\\\/en\\\/#organization\",\"name\":\"Jet Line\",\"url\":\"https:\\\/\\\/jetline.pl\\\/en\\\/\",\"logo\":{\"@type\":\"ImageObject\",\"inLanguage\":\"en-US\",\"@id\":\"https:\\\/\\\/jetline.pl\\\/en\\\/#\\\/schema\\\/logo\\\/image\\\/\",\"url\":\"https:\\\/\\\/jetline.pl\\\/wp-content\\\/uploads\\\/2024\\\/09\\\/logo_poziom_logo_poziom_czerwone-1.png\",\"contentUrl\":\"https:\\\/\\\/jetline.pl\\\/wp-content\\\/uploads\\\/2024\\\/09\\\/logo_poziom_logo_poziom_czerwone-1.png\",\"width\":4946,\"height\":2016,\"caption\":\"Jet Line\"},\"image\":{\"@id\":\"https:\\\/\\\/jetline.pl\\\/en\\\/#\\\/schema\\\/logo\\\/image\\\/\"}}]}<\/script>\n<!-- \/ Yoast SEO plugin. -->","yoast_head_json":{"title":"Kobylnica - ma\u0142a, wielka gmina - Jet Line","robots":{"index":"index","follow":"follow","max-snippet":"max-snippet:-1","max-image-preview":"max-image-preview:large","max-video-preview":"max-video-preview:-1"},"canonical":"https:\/\/jetline.pl\/en\/ustawa-krajobrazowa\/kobylnica-mala-wielka-gmina\/","og_locale":"en_US","og_type":"article","og_title":"Kobylnica - ma\u0142a, wielka gmina - Jet Line","og_description":"Kobylnica jest malownicz\u0105 gmin\u0105 wiejsk\u0105 s\u0105siaduj\u0105c\u0105 ze S\u0142upskiem. Na obszarze...","og_url":"https:\/\/jetline.pl\/en\/ustawa-krajobrazowa\/kobylnica-mala-wielka-gmina\/","og_site_name":"Jet Line","og_image":[{"width":1512,"height":812,"url":"https:\/\/jetline.pl\/wp-content\/uploads\/2024\/09\/Kobylnica-oplata-reklamowa.jpg","type":"image\/jpeg"}],"twitter_card":"summary_large_image","twitter_misc":{"Est. reading time":"4 minutes"},"schema":{"@context":"https:\/\/schema.org","@graph":[{"@type":"WebPage","@id":"https:\/\/jetline.pl\/en\/ustawa-krajobrazowa\/kobylnica-mala-wielka-gmina\/","url":"https:\/\/jetline.pl\/en\/ustawa-krajobrazowa\/kobylnica-mala-wielka-gmina\/","name":"Kobylnica - ma\u0142a, wielka gmina - Jet Line","isPartOf":{"@id":"https:\/\/jetline.pl\/en\/#website"},"primaryImageOfPage":{"@id":"https:\/\/jetline.pl\/en\/ustawa-krajobrazowa\/kobylnica-mala-wielka-gmina\/#primaryimage"},"image":{"@id":"https:\/\/jetline.pl\/en\/ustawa-krajobrazowa\/kobylnica-mala-wielka-gmina\/#primaryimage"},"thumbnailUrl":"https:\/\/jetline.pl\/wp-content\/uploads\/2024\/09\/Kobylnica-oplata-reklamowa.jpg","datePublished":"2016-12-18T23:00:00+00:00","breadcrumb":{"@id":"https:\/\/jetline.pl\/en\/ustawa-krajobrazowa\/kobylnica-mala-wielka-gmina\/#breadcrumb"},"inLanguage":"en-US","potentialAction":[{"@type":"ReadAction","target":["https:\/\/jetline.pl\/en\/ustawa-krajobrazowa\/kobylnica-mala-wielka-gmina\/"]}]},{"@type":"ImageObject","inLanguage":"en-US","@id":"https:\/\/jetline.pl\/en\/ustawa-krajobrazowa\/kobylnica-mala-wielka-gmina\/#primaryimage","url":"https:\/\/jetline.pl\/wp-content\/uploads\/2024\/09\/Kobylnica-oplata-reklamowa.jpg","contentUrl":"https:\/\/jetline.pl\/wp-content\/uploads\/2024\/09\/Kobylnica-oplata-reklamowa.jpg","width":1512,"height":812},{"@type":"BreadcrumbList","@id":"https:\/\/jetline.pl\/en\/ustawa-krajobrazowa\/kobylnica-mala-wielka-gmina\/#breadcrumb","itemListElement":[{"@type":"ListItem","position":1,"name":"Strona g\u0142\u00f3wna","item":"https:\/\/jetline.pl\/en\/"},{"@type":"ListItem","position":2,"name":"Ustawa krajobrazowa","item":"https:\/\/jetline.pl\/en\/ustawa-krajobrazowa\/"},{"@type":"ListItem","position":3,"name":"Kobylnica - ma\u0142a, wielka gmina"}]},{"@type":"WebSite","@id":"https:\/\/jetline.pl\/en\/#website","url":"https:\/\/jetline.pl\/en\/","name":"Jet Line","description":"Tworzymy przestrze\u0144 do komunikacji","publisher":{"@id":"https:\/\/jetline.pl\/en\/#organization"},"potentialAction":[{"@type":"SearchAction","target":{"@type":"EntryPoint","urlTemplate":"https:\/\/jetline.pl\/en\/?s={search_term_string}"},"query-input":{"@type":"PropertyValueSpecification","valueRequired":true,"valueName":"search_term_string"}}],"inLanguage":"en-US"},{"@type":"Organization","@id":"https:\/\/jetline.pl\/en\/#organization","name":"Jet Line","url":"https:\/\/jetline.pl\/en\/","logo":{"@type":"ImageObject","inLanguage":"en-US","@id":"https:\/\/jetline.pl\/en\/#\/schema\/logo\/image\/","url":"https:\/\/jetline.pl\/wp-content\/uploads\/2024\/09\/logo_poziom_logo_poziom_czerwone-1.png","contentUrl":"https:\/\/jetline.pl\/wp-content\/uploads\/2024\/09\/logo_poziom_logo_poziom_czerwone-1.png","width":4946,"height":2016,"caption":"Jet Line"},"image":{"@id":"https:\/\/jetline.pl\/en\/#\/schema\/logo\/image\/"}}]}},"_links":{"self":[{"href":"https:\/\/jetline.pl\/en\/wp-json\/wp\/v2\/ustawa\/1706","targetHints":{"allow":["GET"]}}],"collection":[{"href":"https:\/\/jetline.pl\/en\/wp-json\/wp\/v2\/ustawa"}],"about":[{"href":"https:\/\/jetline.pl\/en\/wp-json\/wp\/v2\/types\/ustawa"}],"author":[{"embeddable":true,"href":"https:\/\/jetline.pl\/en\/wp-json\/wp\/v2\/users\/16"}],"wp:featuredmedia":[{"embeddable":true,"href":"https:\/\/jetline.pl\/en\/wp-json\/wp\/v2\/media\/1531"}],"wp:attachment":[{"href":"https:\/\/jetline.pl\/en\/wp-json\/wp\/v2\/media?parent=1706"}],"wp:term":[{"taxonomy":"ustawa_cat","embeddable":true,"href":"https:\/\/jetline.pl\/en\/wp-json\/wp\/v2\/ustawa_cat?post=1706"}],"curies":[{"name":"wp","href":"https:\/\/api.w.org\/{rel}","templated":true}]}}