{"id":1707,"date":"2017-02-24T00:00:00","date_gmt":"2017-02-23T23:00:00","guid":{"rendered":"https:\/\/jetline.presb.pl\/ustawa-krajobrazowa\/pierwsze-uchwaly-w-koszu\/"},"modified":"2017-02-24T00:00:00","modified_gmt":"2017-02-23T23:00:00","slug":"pierwsze-uchwaly-w-koszu","status":"publish","type":"ustawa","link":"https:\/\/jetline.pl\/en\/ustawa-krajobrazowa\/pierwsze-uchwaly-w-koszu\/","title":{"rendered":"Pierwsze uchwa\u0142y w koszu"},"content":{"rendered":"<p>28 kwietnia 2016 r. Ciechan\u00f3w, jako pierwsza gmina w Polsce, uchwali\u0142 uchwa\u0142\u0119 krajobrazow\u0105. Wojewoda mazowiecki nie mia\u0142 lito\u015bci dla tego dokumentu i wykre\u015bli\u0142 blisko 1\/3 jej zapis\u00f3w.<br \/>\nNiezra\u017cona tym faktem Rada Miasta 30 czerwca 2016 r. uchwali\u0142a dwie kolejne uchwa\u0142y: o obowi\u0105zku sk\u0142adania deklaracji dotycz\u0105cej op\u0142aty reklamowej wraz z okre\u015bleniem wzoru deklaracji oraz w sprawie op\u0142aty reklamowej. Za przyj\u0119ciem uchwa\u0142 g\u0142osowa\u0142o 17 radnych, 3 by\u0142o przeciwnych, jedna osoba wstrzyma\u0142a si\u0119 od g\u0142osu. Uchwa\u0142y zobowi\u0105zywa\u0142y przedsi\u0119biorc\u00f3w do wnoszenia op\u0142aty reklamowej od 1 stycznia 2017 r.<\/p>\n<p>Problemy zacz\u0119\u0142y pojawia\u0107 si\u0119 w momencie, gdy pod koniec poprzedniego roku informacje o uchwalonym prawie zacz\u0119\u0142y dociera\u0107 do mieszka\u0144c\u00f3w oraz przedsi\u0119biorc\u00f3w, kt\u00f3rzy zostali zaskoczeni informacjami o obowi\u0105zku odprowadzania nowego podatku oraz o konieczno\u015bci demonta\u017cu lub wymiany identyfikacji wizualnej miejsc prowadzenia dzia\u0142alno\u015bci gospodarczej, wykonanej zgodnie z obowi\u0105zuj\u0105cymi przepisami prawa. M\u00f3wimy o kwotach od kilkuset do nawet kilkuset tysi\u0119cy z\u0142otych dla przedsi\u0119biorcy, w zale\u017cno\u015bci od rodzaju prowadzonej dzia\u0142alno\u015bci.<\/p>\n<p>Nie mo\u017cna by\u0142o czeka\u0107 d\u0142u\u017cej i 14 lutego br. Prezydent Miasta Ciechan\u00f3w oraz przedstawiciele ciechanowskich przedsi\u0119biorc\u00f3w, zrzeszeni w Mazowieckiej Izbie Gospodarczej oraz Cechu Rzemios\u0142 R\u00f3\u017cnych i Przedsi\u0119biorczo\u015bci, podpisali porozumienie w sprawie wniosku o uchylenie uchwa\u0142y wprowadzaj\u0105cej op\u0142at\u0119 reklamow\u0105 oraz o podj\u0119ciu dzia\u0142a\u0144 nad zmianami.<\/p>\n<p>Wczoraj, 23 lutego br., na XXVIII sesji Rady Miasta Ciechanowa radni jednog\u0142o\u015bnie uchylili uchwa\u0142y o obowi\u0105zku sk\u0142adania deklaracji oraz o wysoko\u015bci op\u0142aty reklamowej.<\/p>\n<p>Jaki b\u0119dzie dalszy ci\u0105g zobaczymy ju\u017c wkr\u00f3tce.<br \/>\nG\u0142\u00f3wne problemy bowiem nie zosta\u0142y rozwi\u0105zane.<\/p>\n<p>Uchwa\u0142a krajobrazowa w Ciechanowie zacznie obowi\u0105zywa\u0107 20 maja 2017 r., tym samym przedsi\u0119biorcy b\u0119d\u0105 zmuszeni zap\u0142aci\u0107 kary w wysoko\u015bci 40-krotno\u015bci maksymalnej stawki op\u0142aty reklamowej, okre\u015blonej w ustawie za ka\u017cd\u0105 reklam\u0119, kt\u00f3ra \u2013 mimo, \u017ce posiada wszystkie pozwolenia - nie spe\u0142nia warunk\u00f3w uchwa\u0142y. Zgodnie z obowi\u0105zuj\u0105cym prawem nie ma mo\u017cliwo\u015bci, aby uchwali\u0107 zmiany uchwa\u0142y do po\u0142owy maja. S\u0105 dwie drogi: uchylenie uchwa\u0142y krajobrazowej \u2013 co ze wzgl\u0119d\u00f3w wizerunkowych miasta nie wydaje si\u0119 mo\u017cliwe, lub wyd\u0142u\u017cenie okresu na dostosowanie reklam i urz\u0105dze\u0144 reklamowych do warunk\u00f3w uchwa\u0142y \u2013 a to b\u0119dzie wymaga\u0142o kolejnego g\u0142osowania na sesji rady miasta.<\/p>\n<p>Kolejny problem stanowi czas od 1 stycznia do 23 lutego, za kt\u00f3ry powinna by\u0107 odprowadzona do kasy miasta op\u0142ata reklamowa.<\/p>\n<p>W\u0142adzom miasta i przedsi\u0119biorcom Ciechanowa nale\u017c\u0105 si\u0119 gratulacje: weszli na dobr\u0105 drog\u0119, zmierzaj\u0105c\u0105 do porz\u0105dkowania przestrzeni publicznej przy poszanowaniu prawa i oczekiwa\u0144 wszystkich interesariuszy. Ta sytuacja pokazuje, \u017ce nie ma b\u0142\u0119du, kt\u00f3rego nie mo\u017cna naprawi\u0107.<br \/>\nSzczerze: \u017cycz\u0119 powodzenia.<\/p>\n<p>Dobrze by\u0142oby aby gminy, kt\u00f3re obecnie pracuj\u0105 nad swoimi kodeksami reklamowymi, wyci\u0105gn\u0119\u0142y wnioski z tej sytuacji i po\u015bwi\u0119ca\u0142y wi\u0119cej czasu na analiz\u0119, konsultacje spo\u0142eczne i informowanie wszystkich os\u00f3b zainteresowanych zmianami prawa o prowadzonych pracach, aby przedstawiane do g\u0142osowania uchwa\u0142y \u00a0by\u0142y dobrze skonstruowane i przemy\u015blane, aby nie by\u0142y to dokumenty, kt\u00f3re trzeba zmienia\u0107 na co drugiej sesji rady miasta<\/p>\n<p>O porozumieniu Prezydenta z przedsi\u0119biorcami mo\u017cna przeczyta\u0107 pod adresem:<br \/>\n<a href=\"http:\/\/www.ciechanowonline.pl\/news\/view\/8666\">http:\/\/www.ciechanowonline.pl\/news\/view\/8666<\/a><\/p>\n<p>&nbsp;<\/p>\n","protected":false},"author":16,"featured_media":1533,"template":"","ustawa_cat":[],"class_list":["post-1707","ustawa","type-ustawa","status-publish","has-post-thumbnail","hentry"],"acf":[],"yoast_head":"<!-- This site is optimized with the Yoast SEO plugin v27.5 - https:\/\/yoast.com\/product\/yoast-seo-wordpress\/ -->\n<title>Pierwsze uchwa\u0142y w koszu - Jet Line<\/title>\n<meta name=\"robots\" content=\"index, follow, max-snippet:-1, max-image-preview:large, max-video-preview:-1\" \/>\n<link rel=\"canonical\" href=\"https:\/\/jetline.pl\/en\/ustawa-krajobrazowa\/pierwsze-uchwaly-w-koszu\/\" \/>\n<meta property=\"og:locale\" content=\"en_US\" \/>\n<meta property=\"og:type\" content=\"article\" \/>\n<meta property=\"og:title\" content=\"Pierwsze uchwa\u0142y w koszu - Jet Line\" \/>\n<meta property=\"og:description\" content=\"28 kwietnia 2016 r. Ciechan\u00f3w, jako pierwsza gmina w Polsce,...\" \/>\n<meta property=\"og:url\" content=\"https:\/\/jetline.pl\/en\/ustawa-krajobrazowa\/pierwsze-uchwaly-w-koszu\/\" \/>\n<meta property=\"og:site_name\" content=\"Jet Line\" \/>\n<meta property=\"og:image\" content=\"https:\/\/jetline.pl\/wp-content\/uploads\/2024\/09\/kosz.png\" \/>\n\t<meta property=\"og:image:width\" content=\"1031\" \/>\n\t<meta property=\"og:image:height\" content=\"1032\" \/>\n\t<meta property=\"og:image:type\" content=\"image\/png\" \/>\n<meta name=\"twitter:card\" content=\"summary_large_image\" \/>\n<meta name=\"twitter:label1\" content=\"Est. reading time\" \/>\n\t<meta name=\"twitter:data1\" content=\"3 minutes\" \/>\n<script type=\"application\/ld+json\" class=\"yoast-schema-graph\">{\"@context\":\"https:\\\/\\\/schema.org\",\"@graph\":[{\"@type\":\"WebPage\",\"@id\":\"https:\\\/\\\/jetline.pl\\\/en\\\/ustawa-krajobrazowa\\\/pierwsze-uchwaly-w-koszu\\\/\",\"url\":\"https:\\\/\\\/jetline.pl\\\/en\\\/ustawa-krajobrazowa\\\/pierwsze-uchwaly-w-koszu\\\/\",\"name\":\"Pierwsze uchwa\u0142y w koszu - Jet Line\",\"isPartOf\":{\"@id\":\"https:\\\/\\\/jetline.pl\\\/en\\\/#website\"},\"primaryImageOfPage\":{\"@id\":\"https:\\\/\\\/jetline.pl\\\/en\\\/ustawa-krajobrazowa\\\/pierwsze-uchwaly-w-koszu\\\/#primaryimage\"},\"image\":{\"@id\":\"https:\\\/\\\/jetline.pl\\\/en\\\/ustawa-krajobrazowa\\\/pierwsze-uchwaly-w-koszu\\\/#primaryimage\"},\"thumbnailUrl\":\"https:\\\/\\\/jetline.pl\\\/wp-content\\\/uploads\\\/2024\\\/09\\\/kosz.png\",\"datePublished\":\"2017-02-23T23:00:00+00:00\",\"breadcrumb\":{\"@id\":\"https:\\\/\\\/jetline.pl\\\/en\\\/ustawa-krajobrazowa\\\/pierwsze-uchwaly-w-koszu\\\/#breadcrumb\"},\"inLanguage\":\"en-US\",\"potentialAction\":[{\"@type\":\"ReadAction\",\"target\":[\"https:\\\/\\\/jetline.pl\\\/en\\\/ustawa-krajobrazowa\\\/pierwsze-uchwaly-w-koszu\\\/\"]}]},{\"@type\":\"ImageObject\",\"inLanguage\":\"en-US\",\"@id\":\"https:\\\/\\\/jetline.pl\\\/en\\\/ustawa-krajobrazowa\\\/pierwsze-uchwaly-w-koszu\\\/#primaryimage\",\"url\":\"https:\\\/\\\/jetline.pl\\\/wp-content\\\/uploads\\\/2024\\\/09\\\/kosz.png\",\"contentUrl\":\"https:\\\/\\\/jetline.pl\\\/wp-content\\\/uploads\\\/2024\\\/09\\\/kosz.png\",\"width\":1031,\"height\":1032},{\"@type\":\"BreadcrumbList\",\"@id\":\"https:\\\/\\\/jetline.pl\\\/en\\\/ustawa-krajobrazowa\\\/pierwsze-uchwaly-w-koszu\\\/#breadcrumb\",\"itemListElement\":[{\"@type\":\"ListItem\",\"position\":1,\"name\":\"Strona g\u0142\u00f3wna\",\"item\":\"https:\\\/\\\/jetline.pl\\\/en\\\/\"},{\"@type\":\"ListItem\",\"position\":2,\"name\":\"Ustawa krajobrazowa\",\"item\":\"https:\\\/\\\/jetline.pl\\\/en\\\/ustawa-krajobrazowa\\\/\"},{\"@type\":\"ListItem\",\"position\":3,\"name\":\"Pierwsze uchwa\u0142y w koszu\"}]},{\"@type\":\"WebSite\",\"@id\":\"https:\\\/\\\/jetline.pl\\\/en\\\/#website\",\"url\":\"https:\\\/\\\/jetline.pl\\\/en\\\/\",\"name\":\"Jet Line\",\"description\":\"Tworzymy przestrze\u0144 do komunikacji\",\"publisher\":{\"@id\":\"https:\\\/\\\/jetline.pl\\\/en\\\/#organization\"},\"potentialAction\":[{\"@type\":\"SearchAction\",\"target\":{\"@type\":\"EntryPoint\",\"urlTemplate\":\"https:\\\/\\\/jetline.pl\\\/en\\\/?s={search_term_string}\"},\"query-input\":{\"@type\":\"PropertyValueSpecification\",\"valueRequired\":true,\"valueName\":\"search_term_string\"}}],\"inLanguage\":\"en-US\"},{\"@type\":\"Organization\",\"@id\":\"https:\\\/\\\/jetline.pl\\\/en\\\/#organization\",\"name\":\"Jet Line\",\"url\":\"https:\\\/\\\/jetline.pl\\\/en\\\/\",\"logo\":{\"@type\":\"ImageObject\",\"inLanguage\":\"en-US\",\"@id\":\"https:\\\/\\\/jetline.pl\\\/en\\\/#\\\/schema\\\/logo\\\/image\\\/\",\"url\":\"https:\\\/\\\/jetline.pl\\\/wp-content\\\/uploads\\\/2024\\\/09\\\/logo_poziom_logo_poziom_czerwone-1.png\",\"contentUrl\":\"https:\\\/\\\/jetline.pl\\\/wp-content\\\/uploads\\\/2024\\\/09\\\/logo_poziom_logo_poziom_czerwone-1.png\",\"width\":4946,\"height\":2016,\"caption\":\"Jet Line\"},\"image\":{\"@id\":\"https:\\\/\\\/jetline.pl\\\/en\\\/#\\\/schema\\\/logo\\\/image\\\/\"}}]}<\/script>\n<!-- \/ Yoast SEO plugin. -->","yoast_head_json":{"title":"Pierwsze uchwa\u0142y w koszu - Jet Line","robots":{"index":"index","follow":"follow","max-snippet":"max-snippet:-1","max-image-preview":"max-image-preview:large","max-video-preview":"max-video-preview:-1"},"canonical":"https:\/\/jetline.pl\/en\/ustawa-krajobrazowa\/pierwsze-uchwaly-w-koszu\/","og_locale":"en_US","og_type":"article","og_title":"Pierwsze uchwa\u0142y w koszu - Jet Line","og_description":"28 kwietnia 2016 r. Ciechan\u00f3w, jako pierwsza gmina w Polsce,...","og_url":"https:\/\/jetline.pl\/en\/ustawa-krajobrazowa\/pierwsze-uchwaly-w-koszu\/","og_site_name":"Jet Line","og_image":[{"width":1031,"height":1032,"url":"https:\/\/jetline.pl\/wp-content\/uploads\/2024\/09\/kosz.png","type":"image\/png"}],"twitter_card":"summary_large_image","twitter_misc":{"Est. reading time":"3 minutes"},"schema":{"@context":"https:\/\/schema.org","@graph":[{"@type":"WebPage","@id":"https:\/\/jetline.pl\/en\/ustawa-krajobrazowa\/pierwsze-uchwaly-w-koszu\/","url":"https:\/\/jetline.pl\/en\/ustawa-krajobrazowa\/pierwsze-uchwaly-w-koszu\/","name":"Pierwsze uchwa\u0142y w koszu - Jet Line","isPartOf":{"@id":"https:\/\/jetline.pl\/en\/#website"},"primaryImageOfPage":{"@id":"https:\/\/jetline.pl\/en\/ustawa-krajobrazowa\/pierwsze-uchwaly-w-koszu\/#primaryimage"},"image":{"@id":"https:\/\/jetline.pl\/en\/ustawa-krajobrazowa\/pierwsze-uchwaly-w-koszu\/#primaryimage"},"thumbnailUrl":"https:\/\/jetline.pl\/wp-content\/uploads\/2024\/09\/kosz.png","datePublished":"2017-02-23T23:00:00+00:00","breadcrumb":{"@id":"https:\/\/jetline.pl\/en\/ustawa-krajobrazowa\/pierwsze-uchwaly-w-koszu\/#breadcrumb"},"inLanguage":"en-US","potentialAction":[{"@type":"ReadAction","target":["https:\/\/jetline.pl\/en\/ustawa-krajobrazowa\/pierwsze-uchwaly-w-koszu\/"]}]},{"@type":"ImageObject","inLanguage":"en-US","@id":"https:\/\/jetline.pl\/en\/ustawa-krajobrazowa\/pierwsze-uchwaly-w-koszu\/#primaryimage","url":"https:\/\/jetline.pl\/wp-content\/uploads\/2024\/09\/kosz.png","contentUrl":"https:\/\/jetline.pl\/wp-content\/uploads\/2024\/09\/kosz.png","width":1031,"height":1032},{"@type":"BreadcrumbList","@id":"https:\/\/jetline.pl\/en\/ustawa-krajobrazowa\/pierwsze-uchwaly-w-koszu\/#breadcrumb","itemListElement":[{"@type":"ListItem","position":1,"name":"Strona g\u0142\u00f3wna","item":"https:\/\/jetline.pl\/en\/"},{"@type":"ListItem","position":2,"name":"Ustawa krajobrazowa","item":"https:\/\/jetline.pl\/en\/ustawa-krajobrazowa\/"},{"@type":"ListItem","position":3,"name":"Pierwsze uchwa\u0142y w koszu"}]},{"@type":"WebSite","@id":"https:\/\/jetline.pl\/en\/#website","url":"https:\/\/jetline.pl\/en\/","name":"Jet Line","description":"Tworzymy przestrze\u0144 do komunikacji","publisher":{"@id":"https:\/\/jetline.pl\/en\/#organization"},"potentialAction":[{"@type":"SearchAction","target":{"@type":"EntryPoint","urlTemplate":"https:\/\/jetline.pl\/en\/?s={search_term_string}"},"query-input":{"@type":"PropertyValueSpecification","valueRequired":true,"valueName":"search_term_string"}}],"inLanguage":"en-US"},{"@type":"Organization","@id":"https:\/\/jetline.pl\/en\/#organization","name":"Jet Line","url":"https:\/\/jetline.pl\/en\/","logo":{"@type":"ImageObject","inLanguage":"en-US","@id":"https:\/\/jetline.pl\/en\/#\/schema\/logo\/image\/","url":"https:\/\/jetline.pl\/wp-content\/uploads\/2024\/09\/logo_poziom_logo_poziom_czerwone-1.png","contentUrl":"https:\/\/jetline.pl\/wp-content\/uploads\/2024\/09\/logo_poziom_logo_poziom_czerwone-1.png","width":4946,"height":2016,"caption":"Jet Line"},"image":{"@id":"https:\/\/jetline.pl\/en\/#\/schema\/logo\/image\/"}}]}},"_links":{"self":[{"href":"https:\/\/jetline.pl\/en\/wp-json\/wp\/v2\/ustawa\/1707","targetHints":{"allow":["GET"]}}],"collection":[{"href":"https:\/\/jetline.pl\/en\/wp-json\/wp\/v2\/ustawa"}],"about":[{"href":"https:\/\/jetline.pl\/en\/wp-json\/wp\/v2\/types\/ustawa"}],"author":[{"embeddable":true,"href":"https:\/\/jetline.pl\/en\/wp-json\/wp\/v2\/users\/16"}],"wp:featuredmedia":[{"embeddable":true,"href":"https:\/\/jetline.pl\/en\/wp-json\/wp\/v2\/media\/1533"}],"wp:attachment":[{"href":"https:\/\/jetline.pl\/en\/wp-json\/wp\/v2\/media?parent=1707"}],"wp:term":[{"taxonomy":"ustawa_cat","embeddable":true,"href":"https:\/\/jetline.pl\/en\/wp-json\/wp\/v2\/ustawa_cat?post=1707"}],"curies":[{"name":"wp","href":"https:\/\/api.w.org\/{rel}","templated":true}]}}