{"id":1708,"date":"2017-03-07T00:00:00","date_gmt":"2017-03-06T23:00:00","guid":{"rendered":"https:\/\/jetline.presb.pl\/ustawa-krajobrazowa\/jak-jest-naprawde-o-reklamie-porzadku-i-faktach\/"},"modified":"2024-09-04T12:57:07","modified_gmt":"2024-09-04T10:57:07","slug":"jak-jest-naprawde-o-reklamie-porzadku-i-faktach","status":"publish","type":"ustawa","link":"https:\/\/jetline.pl\/en\/ustawa-krajobrazowa\/jak-jest-naprawde-o-reklamie-porzadku-i-faktach\/","title":{"rendered":"Jak jest naprawd\u0119? O reklamie, porz\u0105dku i faktach"},"content":{"rendered":"<p>[vc_row type=\"in_container\" full_screen_row_position=\"middle\" scene_position=\"center\" text_color=\"dark\" text_align=\"left\" overlay_strength=\"0.3\" shape_divider_position=\"bottom\"][vc_column column_padding=\"no-extra-padding\" column_padding_position=\"all\" background_color_opacity=\"1\" background_hover_color_opacity=\"1\" column_shadow=\"none\" column_border_radius=\"none\" width=\"1\/1\" tablet_text_alignment=\"default\" phone_text_alignment=\"default\" column_border_width=\"none\" column_border_style=\"solid\"][vc_column_text]Na stronie gda\u0144skiego Zarz\u0105du Dr\u00f3g i Zieleni mo\u017cna zapozna\u0107 si\u0119 z prezentacj\u0105 projektu<br \/>\n\"Uchwa\u0142y Krajobrazowej Gda\u0144ska\":<br \/>\n<a href=\"http:\/\/www.zdiz.gda.pl\/zdizgdansk\/chapter_76053.asp?soid=B6B0ED29E99F44118C288E6F4AB86703\">http:\/\/www.zdiz.gda.pl\/zdizgdansk\/chapter_76053.asp?soid=B6B0ED29E99F44118C288E6F4AB86703<\/a><\/p>\n<p>Miesi\u0105c temu, gdy po raz pierwszy obejrza\u0142em ten dokument, zauwa\u017cy\u0142em wiele nie\u015bcis\u0142o\u015bci.<br \/>\nPomy\u015bla\u0142em: pracowali w wielkim po\u015bpiechu i pewnie nie mieli czasu dok\u0142adnie sprawdzi\u0107 wszystkich informacji. Zwr\u00f3ci\u0142em wi\u0119c uwag\u0119 osobom prezentuj\u0105cym dokument, aby sprawdzi\u0142y zawarte w prezentacji dane.<br \/>\nBy\u0142em przekonany, \u017ce moja obywatelska postawa sprawi, \u017ce tre\u015b\u0107 dokumentu b\u0119dzie odpowiada\u0142a rzeczywisto\u015bci. Jakie\u017c by\u0142o moje zdziwienie, kiedy na spotkaniu kilka dni temu zobaczy\u0142em po raz kolejny t\u0119 sam\u0105, niepoprawion\u0105 prezentacj\u0119.<\/p>\n<p>Nie pozostaje zatem nic innego, jak samemu wyt\u0142umaczy\u0107 kilka nie\u015bcis\u0142o\u015bci.<\/p>\n<p>Na pocz\u0105tek zdj\u0119cie tytu\u0142owe.<br \/>\nNiedawno us\u0142ysza\u0142em, \u017ce ta fotografia ma z 10 lat \u2013 nie zwr\u00f3ci\u0142em na to uwagi \u2013 ot, ludziska wygaduj\u0105 z\u0142o\u015bliwo\u015bci. Poprosi\u0142em koleg\u0119 o aktualne zdj\u0119cie i oto ono:<\/p>\n<p><img loading=\"lazy\" decoding=\"async\" class=\"alignnone size-full wp-image-10019\" src=\"https:\/\/jetline.pl\/wp-content\/uploads\/2024\/08\/20170306_124752.jpg\" alt=\"\" width=\"957\" height=\"606\" \/><\/p>\n<p>Przestrze\u0144 publiczn\u0105 nale\u017cy porz\u0105dkowa\u0107 - bez dw\u00f3ch zda \u0144. Przy okazji by\u0142oby wskazane pokazywa\u0107 prawdziwy stan rzeczy.<\/p>\n<p>W prezentacji znajdziemy kilka przyk\u0142ad\u00f3w, jak wspaniale jest na \u015bwiecie bez reklam.<br \/>\nPierwszy przyk\u0142ad z Estonii:<\/p>\n<p><img loading=\"lazy\" decoding=\"async\" class=\"alignnone size-large wp-image-10021\" src=\"https:\/\/jetline.pl\/wp-content\/uploads\/2024\/08\/Estonia-prez.jpg\" alt=\"\" width=\"1024\" height=\"722\" \/><\/p>\n<p>Ten pi\u0119kny kraj odwiedzam, tak jak i inne kraje nadba\u0142tyckie, zazwyczaj raz w roku. Patrz\u0105c na te zdj\u0119cia mo\u017cna odnie\u015b\u0107 wra\u017cenie, \u017ce w ca\u0142ej Estonii nie ma reklam, ale to nie do ko\u0144ca prawda:<\/p>\n<p><img loading=\"lazy\" decoding=\"async\" class=\"alignnone size-large wp-image-10020\" src=\"https:\/\/jetline.pl\/wp-content\/uploads\/2024\/08\/est-my.jpg\" alt=\"\" width=\"1024\" height=\"769\" \/><\/p>\n<p>Te kilka zdj\u0119\u0107 z Tallina pokazuje, \u017ce jest inaczej. Ma\u0142o tego, miasto wynajmuje swoje tereny pod no\u015bniki reklamowe tak\u017ce w pasie rozdzia\u0142u pomi\u0119dzy jezdniami. Tak samo jest zreszt\u0105 na Litwie - drugim kraju, w kt\u00f3rym \u201enie ma\u201d reklam:<\/p>\n<p><img loading=\"lazy\" decoding=\"async\" class=\"alignnone size-large wp-image-5025\" src=\"https:\/\/jetline.pl\/wp-content\/uploads\/2024\/08\/Litwa-prez.jpg\" alt=\"\" width=\"640\" height=\"450\" \/><img loading=\"lazy\" decoding=\"async\" class=\"alignnone size-large wp-image-10021\" src=\"https:\/\/jetline.pl\/wp-content\/uploads\/2024\/08\/Estonia-prez.jpg\" alt=\"\" width=\"1024\" height=\"722\" \/><\/p>\n<p>Tak rzeczywi\u015bcie wygl\u0105daj\u0105 niekt\u00f3re ulice w historycznym centrum Wilna, ale to wcale nie znaczy \u017ce w mie\u015bcie nie ma reklam, s\u0105 \u2013 bo s\u0105 potrzebne do prawid\u0142owego funkcjonowania miasta:<\/p>\n<p><img loading=\"lazy\" decoding=\"async\" class=\"alignnone size-large wp-image-10023\" src=\"http:\/\/jetline.pl\/wp-content\/uploads\/2017\/03\/wilnomy-1-1024x574.jpg\" alt=\"\" width=\"1024\" height=\"574\" \/><img loading=\"lazy\" decoding=\"async\" class=\"alignnone size-large wp-image-10022\" src=\"https:\/\/jetline.pl\/wp-content\/uploads\/2024\/08\/wilnomy.jpg\" alt=\"\" width=\"1024\" height=\"574\" \/><\/p>\n<p>W Wilnie jest wiele nowoczesnych no\u015bnik\u00f3w reklamowych. Dopuszczalna jest r\u00f3wnie\u017c reklama na wiaduktach, co moim zdaniem nie jest bezpiecznym rozwi\u0105zaniem.<\/p>\n<p>A jak jest naprawd\u0119 w Gda\u0144sku?<br \/>\nTak:<\/p>\n<p><img loading=\"lazy\" decoding=\"async\" class=\"alignnone size-large wp-image-10024\" src=\"https:\/\/jetline.pl\/wp-content\/uploads\/2024\/08\/gd-my.jpg\" alt=\"\" width=\"1024\" height=\"742\" \/><\/p>\n<p>Czy tak?<\/p>\n<p><img loading=\"lazy\" decoding=\"async\" class=\"alignnone size-full wp-image-10030\" src=\"https:\/\/jetline.pl\/wp-content\/uploads\/2024\/08\/Gdansk.jpg\" alt=\"\" width=\"657\" height=\"459\" \/><\/p>\n<p>Wiadomo, \u017ce wszystkie te zdj\u0119cia s\u0105 prawdziwe.<br \/>\nDobieraj\u0105c odpowiednie zestawy i czas ich wykonania udowodnimy ka\u017cd\u0105 tez\u0119.<br \/>\nTylko po co manipulowa\u0107?<\/p>\n<p>Podobnie uwa\u017cam, \u017ce przywo\u0142ywanie przyk\u0142ad\u00f3w kraj\u00f3w, w kt\u00f3rych liczba ludno\u015bci odpowiada liczbie mieszka\u0144c\u00f3w Warszawy, a g\u0119sto\u015b\u0107 zaludnienia jest ponad 30 razy mniejsza od zaludnienia polskiej stolicy, nie jest adekwatne.<br \/>\nW ko\u0144cu mo\u017cemy odwo\u0142ywa\u0107 si\u0119 do zupe\u0142nie innych przyk\u0142ad\u00f3w, cho\u0107by tych dw\u00f3ch miejsc ze \u015bwiata, kt\u00f3re sta\u0142y si\u0119 ikonami tak\u017ce dzi\u0119ki reklamie.<\/p>\n<p>Piccadilly Circus w Londynie:<\/p>\n<p><img loading=\"lazy\" decoding=\"async\" class=\"alignnone size-large wp-image-10027\" src=\"https:\/\/jetline.pl\/wp-content\/uploads\/2024\/08\/17191790.jpg\" alt=\"\" width=\"1024\" height=\"683\" \/><\/p>\n<p>&nbsp;<\/p>\n<p>Times Square w Nowym Jorku:<\/p>\n<p><img loading=\"lazy\" decoding=\"async\" class=\"alignnone size-large wp-image-10026\" src=\"https:\/\/jetline.pl\/wp-content\/uploads\/2024\/08\/78287625.jpg\" alt=\"\" width=\"1024\" height=\"648\" \/><\/p>\n<p>W materiale, opr\u00f3cz slajd\u00f3w z prezentacji GZDiZ oraz w\u0142asnych, wykorzysta\u0142em zdj\u0119cia z google.[\/vc_column_text][\/vc_column][\/vc_row]<\/p>\n","protected":false},"author":16,"featured_media":1535,"template":"","ustawa_cat":[],"class_list":["post-1708","ustawa","type-ustawa","status-publish","has-post-thumbnail","hentry"],"acf":[],"yoast_head":"<!-- This site is optimized with the Yoast SEO plugin v27.5 - https:\/\/yoast.com\/product\/yoast-seo-wordpress\/ -->\n<title>Jak jest naprawd\u0119? O reklamie, porz\u0105dku i faktach - Jet Line<\/title>\n<meta name=\"robots\" content=\"index, follow, max-snippet:-1, max-image-preview:large, max-video-preview:-1\" \/>\n<link rel=\"canonical\" href=\"https:\/\/jetline.pl\/en\/ustawa-krajobrazowa\/jak-jest-naprawde-o-reklamie-porzadku-i-faktach\/\" \/>\n<meta property=\"og:locale\" content=\"en_US\" \/>\n<meta property=\"og:type\" content=\"article\" \/>\n<meta property=\"og:title\" content=\"Jak jest naprawd\u0119? O reklamie, porz\u0105dku i faktach - Jet Line\" \/>\n<meta property=\"og:description\" content=\"[vc_row type=&quot;in_container&quot; full_screen_row_position=&quot;middle&quot; scene_position=&quot;center&quot; text_color=&quot;dark&quot; text_align=&quot;left&quot; overlay_strength=&quot;0.3&quot; shape_divider_position=&quot;bottom&quot;][vc_column column_padding=&quot;no-extra-padding&quot; column_padding_position=&quot;all&quot;...\" \/>\n<meta property=\"og:url\" content=\"https:\/\/jetline.pl\/en\/ustawa-krajobrazowa\/jak-jest-naprawde-o-reklamie-porzadku-i-faktach\/\" \/>\n<meta property=\"og:site_name\" content=\"Jet Line\" \/>\n<meta property=\"article:modified_time\" content=\"2024-09-04T10:57:07+00:00\" \/>\n<meta property=\"og:image\" content=\"https:\/\/jetline.pl\/wp-content\/uploads\/2024\/09\/Tytul-prez-1.jpg\" \/>\n\t<meta property=\"og:image:width\" content=\"1291\" \/>\n\t<meta property=\"og:image:height\" content=\"893\" \/>\n\t<meta property=\"og:image:type\" content=\"image\/jpeg\" \/>\n<meta name=\"twitter:card\" content=\"summary_large_image\" \/>\n<meta name=\"twitter:label1\" content=\"Est. reading time\" \/>\n\t<meta name=\"twitter:data1\" content=\"3 minutes\" \/>\n<script type=\"application\/ld+json\" class=\"yoast-schema-graph\">{\"@context\":\"https:\\\/\\\/schema.org\",\"@graph\":[{\"@type\":\"WebPage\",\"@id\":\"https:\\\/\\\/jetline.pl\\\/en\\\/ustawa-krajobrazowa\\\/jak-jest-naprawde-o-reklamie-porzadku-i-faktach\\\/\",\"url\":\"https:\\\/\\\/jetline.pl\\\/en\\\/ustawa-krajobrazowa\\\/jak-jest-naprawde-o-reklamie-porzadku-i-faktach\\\/\",\"name\":\"Jak jest naprawd\u0119? O reklamie, porz\u0105dku i faktach - Jet Line\",\"isPartOf\":{\"@id\":\"https:\\\/\\\/jetline.pl\\\/en\\\/#website\"},\"primaryImageOfPage\":{\"@id\":\"https:\\\/\\\/jetline.pl\\\/en\\\/ustawa-krajobrazowa\\\/jak-jest-naprawde-o-reklamie-porzadku-i-faktach\\\/#primaryimage\"},\"image\":{\"@id\":\"https:\\\/\\\/jetline.pl\\\/en\\\/ustawa-krajobrazowa\\\/jak-jest-naprawde-o-reklamie-porzadku-i-faktach\\\/#primaryimage\"},\"thumbnailUrl\":\"https:\\\/\\\/jetline.pl\\\/wp-content\\\/uploads\\\/2024\\\/09\\\/Tytul-prez-1.jpg\",\"datePublished\":\"2017-03-06T23:00:00+00:00\",\"dateModified\":\"2024-09-04T10:57:07+00:00\",\"breadcrumb\":{\"@id\":\"https:\\\/\\\/jetline.pl\\\/en\\\/ustawa-krajobrazowa\\\/jak-jest-naprawde-o-reklamie-porzadku-i-faktach\\\/#breadcrumb\"},\"inLanguage\":\"en-US\",\"potentialAction\":[{\"@type\":\"ReadAction\",\"target\":[\"https:\\\/\\\/jetline.pl\\\/en\\\/ustawa-krajobrazowa\\\/jak-jest-naprawde-o-reklamie-porzadku-i-faktach\\\/\"]}]},{\"@type\":\"ImageObject\",\"inLanguage\":\"en-US\",\"@id\":\"https:\\\/\\\/jetline.pl\\\/en\\\/ustawa-krajobrazowa\\\/jak-jest-naprawde-o-reklamie-porzadku-i-faktach\\\/#primaryimage\",\"url\":\"https:\\\/\\\/jetline.pl\\\/wp-content\\\/uploads\\\/2024\\\/09\\\/Tytul-prez-1.jpg\",\"contentUrl\":\"https:\\\/\\\/jetline.pl\\\/wp-content\\\/uploads\\\/2024\\\/09\\\/Tytul-prez-1.jpg\",\"width\":1291,\"height\":893},{\"@type\":\"BreadcrumbList\",\"@id\":\"https:\\\/\\\/jetline.pl\\\/en\\\/ustawa-krajobrazowa\\\/jak-jest-naprawde-o-reklamie-porzadku-i-faktach\\\/#breadcrumb\",\"itemListElement\":[{\"@type\":\"ListItem\",\"position\":1,\"name\":\"Strona g\u0142\u00f3wna\",\"item\":\"https:\\\/\\\/jetline.pl\\\/en\\\/\"},{\"@type\":\"ListItem\",\"position\":2,\"name\":\"Ustawa krajobrazowa\",\"item\":\"https:\\\/\\\/jetline.pl\\\/en\\\/ustawa-krajobrazowa\\\/\"},{\"@type\":\"ListItem\",\"position\":3,\"name\":\"Jak jest naprawd\u0119? O reklamie, porz\u0105dku i faktach\"}]},{\"@type\":\"WebSite\",\"@id\":\"https:\\\/\\\/jetline.pl\\\/en\\\/#website\",\"url\":\"https:\\\/\\\/jetline.pl\\\/en\\\/\",\"name\":\"Jet Line\",\"description\":\"Tworzymy przestrze\u0144 do komunikacji\",\"publisher\":{\"@id\":\"https:\\\/\\\/jetline.pl\\\/en\\\/#organization\"},\"potentialAction\":[{\"@type\":\"SearchAction\",\"target\":{\"@type\":\"EntryPoint\",\"urlTemplate\":\"https:\\\/\\\/jetline.pl\\\/en\\\/?s={search_term_string}\"},\"query-input\":{\"@type\":\"PropertyValueSpecification\",\"valueRequired\":true,\"valueName\":\"search_term_string\"}}],\"inLanguage\":\"en-US\"},{\"@type\":\"Organization\",\"@id\":\"https:\\\/\\\/jetline.pl\\\/en\\\/#organization\",\"name\":\"Jet Line\",\"url\":\"https:\\\/\\\/jetline.pl\\\/en\\\/\",\"logo\":{\"@type\":\"ImageObject\",\"inLanguage\":\"en-US\",\"@id\":\"https:\\\/\\\/jetline.pl\\\/en\\\/#\\\/schema\\\/logo\\\/image\\\/\",\"url\":\"https:\\\/\\\/jetline.pl\\\/wp-content\\\/uploads\\\/2024\\\/09\\\/logo_poziom_logo_poziom_czerwone-1.png\",\"contentUrl\":\"https:\\\/\\\/jetline.pl\\\/wp-content\\\/uploads\\\/2024\\\/09\\\/logo_poziom_logo_poziom_czerwone-1.png\",\"width\":4946,\"height\":2016,\"caption\":\"Jet Line\"},\"image\":{\"@id\":\"https:\\\/\\\/jetline.pl\\\/en\\\/#\\\/schema\\\/logo\\\/image\\\/\"}}]}<\/script>\n<!-- \/ Yoast SEO plugin. -->","yoast_head_json":{"title":"Jak jest naprawd\u0119? O reklamie, porz\u0105dku i faktach - Jet Line","robots":{"index":"index","follow":"follow","max-snippet":"max-snippet:-1","max-image-preview":"max-image-preview:large","max-video-preview":"max-video-preview:-1"},"canonical":"https:\/\/jetline.pl\/en\/ustawa-krajobrazowa\/jak-jest-naprawde-o-reklamie-porzadku-i-faktach\/","og_locale":"en_US","og_type":"article","og_title":"Jak jest naprawd\u0119? O reklamie, porz\u0105dku i faktach - Jet Line","og_description":"[vc_row type=\"in_container\" full_screen_row_position=\"middle\" scene_position=\"center\" text_color=\"dark\" text_align=\"left\" overlay_strength=\"0.3\" shape_divider_position=\"bottom\"][vc_column column_padding=\"no-extra-padding\" column_padding_position=\"all\"...","og_url":"https:\/\/jetline.pl\/en\/ustawa-krajobrazowa\/jak-jest-naprawde-o-reklamie-porzadku-i-faktach\/","og_site_name":"Jet Line","article_modified_time":"2024-09-04T10:57:07+00:00","og_image":[{"width":1291,"height":893,"url":"https:\/\/jetline.pl\/wp-content\/uploads\/2024\/09\/Tytul-prez-1.jpg","type":"image\/jpeg"}],"twitter_card":"summary_large_image","twitter_misc":{"Est. reading time":"3 minutes"},"schema":{"@context":"https:\/\/schema.org","@graph":[{"@type":"WebPage","@id":"https:\/\/jetline.pl\/en\/ustawa-krajobrazowa\/jak-jest-naprawde-o-reklamie-porzadku-i-faktach\/","url":"https:\/\/jetline.pl\/en\/ustawa-krajobrazowa\/jak-jest-naprawde-o-reklamie-porzadku-i-faktach\/","name":"Jak jest naprawd\u0119? O reklamie, porz\u0105dku i faktach - Jet Line","isPartOf":{"@id":"https:\/\/jetline.pl\/en\/#website"},"primaryImageOfPage":{"@id":"https:\/\/jetline.pl\/en\/ustawa-krajobrazowa\/jak-jest-naprawde-o-reklamie-porzadku-i-faktach\/#primaryimage"},"image":{"@id":"https:\/\/jetline.pl\/en\/ustawa-krajobrazowa\/jak-jest-naprawde-o-reklamie-porzadku-i-faktach\/#primaryimage"},"thumbnailUrl":"https:\/\/jetline.pl\/wp-content\/uploads\/2024\/09\/Tytul-prez-1.jpg","datePublished":"2017-03-06T23:00:00+00:00","dateModified":"2024-09-04T10:57:07+00:00","breadcrumb":{"@id":"https:\/\/jetline.pl\/en\/ustawa-krajobrazowa\/jak-jest-naprawde-o-reklamie-porzadku-i-faktach\/#breadcrumb"},"inLanguage":"en-US","potentialAction":[{"@type":"ReadAction","target":["https:\/\/jetline.pl\/en\/ustawa-krajobrazowa\/jak-jest-naprawde-o-reklamie-porzadku-i-faktach\/"]}]},{"@type":"ImageObject","inLanguage":"en-US","@id":"https:\/\/jetline.pl\/en\/ustawa-krajobrazowa\/jak-jest-naprawde-o-reklamie-porzadku-i-faktach\/#primaryimage","url":"https:\/\/jetline.pl\/wp-content\/uploads\/2024\/09\/Tytul-prez-1.jpg","contentUrl":"https:\/\/jetline.pl\/wp-content\/uploads\/2024\/09\/Tytul-prez-1.jpg","width":1291,"height":893},{"@type":"BreadcrumbList","@id":"https:\/\/jetline.pl\/en\/ustawa-krajobrazowa\/jak-jest-naprawde-o-reklamie-porzadku-i-faktach\/#breadcrumb","itemListElement":[{"@type":"ListItem","position":1,"name":"Strona g\u0142\u00f3wna","item":"https:\/\/jetline.pl\/en\/"},{"@type":"ListItem","position":2,"name":"Ustawa krajobrazowa","item":"https:\/\/jetline.pl\/en\/ustawa-krajobrazowa\/"},{"@type":"ListItem","position":3,"name":"Jak jest naprawd\u0119? O reklamie, porz\u0105dku i faktach"}]},{"@type":"WebSite","@id":"https:\/\/jetline.pl\/en\/#website","url":"https:\/\/jetline.pl\/en\/","name":"Jet Line","description":"Tworzymy przestrze\u0144 do komunikacji","publisher":{"@id":"https:\/\/jetline.pl\/en\/#organization"},"potentialAction":[{"@type":"SearchAction","target":{"@type":"EntryPoint","urlTemplate":"https:\/\/jetline.pl\/en\/?s={search_term_string}"},"query-input":{"@type":"PropertyValueSpecification","valueRequired":true,"valueName":"search_term_string"}}],"inLanguage":"en-US"},{"@type":"Organization","@id":"https:\/\/jetline.pl\/en\/#organization","name":"Jet Line","url":"https:\/\/jetline.pl\/en\/","logo":{"@type":"ImageObject","inLanguage":"en-US","@id":"https:\/\/jetline.pl\/en\/#\/schema\/logo\/image\/","url":"https:\/\/jetline.pl\/wp-content\/uploads\/2024\/09\/logo_poziom_logo_poziom_czerwone-1.png","contentUrl":"https:\/\/jetline.pl\/wp-content\/uploads\/2024\/09\/logo_poziom_logo_poziom_czerwone-1.png","width":4946,"height":2016,"caption":"Jet Line"},"image":{"@id":"https:\/\/jetline.pl\/en\/#\/schema\/logo\/image\/"}}]}},"_links":{"self":[{"href":"https:\/\/jetline.pl\/en\/wp-json\/wp\/v2\/ustawa\/1708","targetHints":{"allow":["GET"]}}],"collection":[{"href":"https:\/\/jetline.pl\/en\/wp-json\/wp\/v2\/ustawa"}],"about":[{"href":"https:\/\/jetline.pl\/en\/wp-json\/wp\/v2\/types\/ustawa"}],"author":[{"embeddable":true,"href":"https:\/\/jetline.pl\/en\/wp-json\/wp\/v2\/users\/16"}],"wp:featuredmedia":[{"embeddable":true,"href":"https:\/\/jetline.pl\/en\/wp-json\/wp\/v2\/media\/1535"}],"wp:attachment":[{"href":"https:\/\/jetline.pl\/en\/wp-json\/wp\/v2\/media?parent=1708"}],"wp:term":[{"taxonomy":"ustawa_cat","embeddable":true,"href":"https:\/\/jetline.pl\/en\/wp-json\/wp\/v2\/ustawa_cat?post=1708"}],"curies":[{"name":"wp","href":"https:\/\/api.w.org\/{rel}","templated":true}]}}