{"id":17103,"date":"2025-03-26T15:54:13","date_gmt":"2025-03-26T14:54:13","guid":{"rendered":"https:\/\/jetline.pl\/?post_type=ustawa&#038;p=17103"},"modified":"2025-04-02T12:43:44","modified_gmt":"2025-04-02T10:43:44","slug":"uchwala-krajobrazowa","status":"publish","type":"ustawa","link":"https:\/\/jetline.pl\/en\/ustawa-krajobrazowa\/uchwala-krajobrazowa\/","title":{"rendered":"Uchwa\u0142a krajobrazowa w \u0141omiankach czyli r\u00f3wni i r\u00f3wniejsi cz. 2"},"content":{"rendered":"<p>Uchwa\u0142a krajobrazowa w \u0141omiankach wesz\u0142a w \u017cycie 21 maja 2024 roku i by\u0142a jedn\u0105 z pierwszych uchwa\u0142 powsta\u0142ych po og\u0142oszeniu wyroku przez Trybuna\u0142 Konstytucyjny.<\/p>\n<p>&nbsp;<\/p>\n<p>Miasto \u0141omianki jest po\u0142o\u017cone, w odleg\u0142o\u015bci zaledwie 15 km od centrum Warszawy. Takie s\u0105siedztwo powoduje czasami komplikacje dla miasta. Jedn\u0105 z nich s\u0105 osoby, kt\u00f3re przeprowadzi\u0142y si\u0119 ze stolicy do du\u017co spokojniejszych \u0141omianek, ale nie zmieni\u0142y miejsca w kt\u00f3rym rozliczaj\u0105 sw\u00f3j PIT roczny. Dla gminy to jest problem bo nie wszystkie osoby korzystaj\u0105ce z jej infrastruktury p\u0142ac\u0105 w gminie podatek.<\/p>\n<p>&nbsp;<\/p>\n<p>Wydaje si\u0119, \u017ce ten problem nie ma nic wsp\u00f3lnego z uchwa\u0142\u0105 krajobrazow\u0105.<\/p>\n<p>&nbsp;<\/p>\n<p>Jednak w tym przypadku ma bardzo du\u017co. Do takich os\u00f3b trzeba dotrze\u0107 z komunikatem:<\/p>\n<p>&nbsp;<\/p>\n<blockquote><p>Hej, moi drodzy, czy chcecie aby miasto w kt\u00f3rym mieszkacie mia\u0142o lepsz\u0105 komunikacj\u0119, mia\u0142o wyremontowane ulice i chodniki, \u017ceby by\u0142o bezpieczniej, chcecie? To rozliczcie sw\u00f3j podatek w naszej gminie.<\/p><\/blockquote>\n<p>&nbsp;<\/p>\n<p>Komunikat prosty i oczywisty, tylko jak dotrze\u0107 do grupy docelowej? Telewizja odpada, radio odpada, prasa lokalna dotrze do niewielkiej cz\u0119\u015bci odbiorc\u00f3w, internet podobnie, list wys\u0142any pod ka\u017cdy adres w mie\u015bcie b\u0119dzie rozwi\u0105zaniem kosztownym. Najskuteczniejsz\u0105 metod\u0105 pozostaje dobrze dobrana reklama zewn\u0119trzna. Tak samo pomy\u015blano w \u0141omiankach i zrealizowano kampani\u0119 promocyjn\u0105 w bardzo prosty i skuteczny spos\u00f3b \u2013 nad drogami wjazdowymi do miasta rozwieszono banery z odpowiednim has\u0142em. Mo\u017cna by by\u0142o, pochwali\u0107 w\u0142adze gminy za pomys\u0142, mo\u017cna by, gdyby nie uchwa\u0142a krajobrazowa, kt\u00f3ra zakazuje tej formy reklamy.<\/p>\n<p>&nbsp;<\/p>\n<p>Co b\u0119dzie dalej? Nic \u2013 gmina mo\u017ce \u0142ama\u0107 prawo, bo nic jej za to nie grozi. Teoretycznie Wydzia\u0142 Gospodarki Przestrzennej mo\u017ce na\u0142o\u017cy\u0107 kar\u0119 na Wydzia\u0142 Promocji, ale to b\u0119dzie przek\u0142adanie pieni\u0119dzy z jednej kieszeni do drugiej.<\/p>\n<p>&nbsp;<\/p>\n<p>A co by by\u0142o gdyby przedsi\u0119biorca chcia\u0142 zareklamowa\u0107 swoj\u0105 dzia\u0142alno\u015b\u0107 w spos\u00f3b niezgodny z uchwa\u0142\u0105? Proste \u2013 zap\u0142aci\u0142by kar\u0119.<\/p>\n<p>&nbsp;<\/p>\n<p>Tylko po co uchwala\u0107 takie prawo, kt\u00f3re utrudnia gminie jej rozw\u00f3j?<\/p>\n<p>&nbsp;<\/p>\n<p>Deregulacja to ostatnio bardzo modne s\u0142owo. Oznacza ni mniej ni wi\u0119cej to, \u017ce urz\u0119dnik naprawia swoje b\u0142\u0119dy lub b\u0142\u0119dy innego urz\u0119dnika. Tu taka deregulacja by si\u0119 przyda\u0142a.<\/p>\n<p>&nbsp;<\/p>\n<p>&nbsp;<\/p>\n<p>PS: Pod linkiem znajduje si\u0119 pe\u0142en tekst uchwa\u0142y krajobrazowej w \u0141omiankach:<a href=\"https:\/\/bip.lomianki.pl\/bip\/prawo-lokalne\/uchwaly-rady-miejskiej\/2024\/13801,Uchwala-Nr-XCV6642024-Rady-Miejskiej-w-Lomiankach-z-dnia-21-marca-2024-roku-w-sp.html\"> https:\/\/bip.lomianki.pl\/bip\/prawo-lokalne\/uchwaly-rady-miejskiej\/2024\/13801,Uchwala-Nr-XCV6642024-Rady-Miejskiej-w-Lomiankach-z-dnia-21-marca-2024-roku-w-sp.html<\/a><\/p>\n<p>&nbsp;<\/p>\n<h4><\/h4>\n<h4>Zapraszam do przeczytania te\u017c innych tekst\u00f3w:<\/h4>\n<p>&nbsp;<\/p>\n<p><a href=\"https:\/\/jetline.pl\/ustawa-krajobrazowa\/krakowska-uchwala-krajobrazowa-czyli-rowni-i-rowniejsi\/\">R\u00f3wni i r\u00f3wniejsi. Krakowska Uchwa\u0142a krajobrazowa.<\/a><\/p>\n<p>&nbsp;<\/p>\n<p>oraz do zapoznania si\u0119 z nowym przegl\u0105dem sytuacji uchwa\u0142 krajobrazowych w Polsce:\u00a0 <a href=\"https:\/\/jetline.pl\/ustawa-krajobrazowa\/uchwaly-krajobrazowe-w-najwiekszych-miastach-w-polsce-przeglad-sytuacji-luty-2025-rok\/\">Uchwa\u0142y krajobrazowe w najwi\u0119kszych miastach w Polsce<\/a><\/p>\n<p>&nbsp;<\/p>\n<p>&nbsp;<\/p>\n","protected":false},"author":16,"featured_media":17105,"template":"","ustawa_cat":[577],"class_list":["post-17103","ustawa","type-ustawa","status-publish","has-post-thumbnail","hentry","ustawa_cat-lomianki"],"acf":[],"yoast_head":"<!-- This site is optimized with the Yoast SEO plugin v27.5 - https:\/\/yoast.com\/product\/yoast-seo-wordpress\/ -->\n<title>Uchwa\u0142a krajobrazowa w \u0141omiankach czyli r\u00f3wni i r\u00f3wniejsi cz. 2<\/title>\n<meta name=\"description\" content=\"Uchwa\u0142a krajobrazowa w \u0141omiankach wesz\u0142a w \u017cycie 21 maja 2024 roku. By\u0142a jedn\u0105 z pierwszych uchwa\u0142 powsta\u0142ych po og\u0142oszeniu wyroku...\" \/>\n<meta name=\"robots\" content=\"index, follow, max-snippet:-1, max-image-preview:large, max-video-preview:-1\" \/>\n<link rel=\"canonical\" href=\"https:\/\/jetline.pl\/en\/ustawa-krajobrazowa\/uchwala-krajobrazowa\/\" \/>\n<meta property=\"og:locale\" content=\"en_US\" \/>\n<meta property=\"og:type\" content=\"article\" \/>\n<meta property=\"og:title\" content=\"Uchwa\u0142a krajobrazowa w \u0141omiankach czyli r\u00f3wni i r\u00f3wniejsi cz. 2\" \/>\n<meta property=\"og:description\" content=\"Uchwa\u0142a krajobrazowa w \u0141omiankach wesz\u0142a w \u017cycie 21 maja 2024 roku. By\u0142a jedn\u0105 z pierwszych uchwa\u0142 powsta\u0142ych po og\u0142oszeniu wyroku...\" \/>\n<meta property=\"og:url\" content=\"https:\/\/jetline.pl\/en\/ustawa-krajobrazowa\/uchwala-krajobrazowa\/\" \/>\n<meta property=\"og:site_name\" content=\"Jet Line\" \/>\n<meta property=\"article:modified_time\" content=\"2025-04-02T10:43:44+00:00\" \/>\n<meta property=\"og:image\" content=\"https:\/\/jetline.pl\/wp-content\/uploads\/2025\/03\/20250325_133822-002.jpg\" \/>\n\t<meta property=\"og:image:width\" content=\"4032\" \/>\n\t<meta property=\"og:image:height\" content=\"1562\" \/>\n\t<meta property=\"og:image:type\" content=\"image\/jpeg\" \/>\n<meta name=\"twitter:card\" content=\"summary_large_image\" \/>\n<meta name=\"twitter:label1\" content=\"Est. reading time\" \/>\n\t<meta name=\"twitter:data1\" content=\"3 minutes\" \/>\n<script type=\"application\/ld+json\" class=\"yoast-schema-graph\">{\"@context\":\"https:\\\/\\\/schema.org\",\"@graph\":[{\"@type\":\"WebPage\",\"@id\":\"https:\\\/\\\/jetline.pl\\\/en\\\/ustawa-krajobrazowa\\\/uchwala-krajobrazowa\\\/\",\"url\":\"https:\\\/\\\/jetline.pl\\\/en\\\/ustawa-krajobrazowa\\\/uchwala-krajobrazowa\\\/\",\"name\":\"Uchwa\u0142a krajobrazowa w \u0141omiankach czyli r\u00f3wni i r\u00f3wniejsi cz. 2\",\"isPartOf\":{\"@id\":\"https:\\\/\\\/jetline.pl\\\/en\\\/#website\"},\"primaryImageOfPage\":{\"@id\":\"https:\\\/\\\/jetline.pl\\\/en\\\/ustawa-krajobrazowa\\\/uchwala-krajobrazowa\\\/#primaryimage\"},\"image\":{\"@id\":\"https:\\\/\\\/jetline.pl\\\/en\\\/ustawa-krajobrazowa\\\/uchwala-krajobrazowa\\\/#primaryimage\"},\"thumbnailUrl\":\"https:\\\/\\\/jetline.pl\\\/wp-content\\\/uploads\\\/2025\\\/03\\\/20250325_133822-002.jpg\",\"datePublished\":\"2025-03-26T14:54:13+00:00\",\"dateModified\":\"2025-04-02T10:43:44+00:00\",\"description\":\"Uchwa\u0142a krajobrazowa w \u0141omiankach wesz\u0142a w \u017cycie 21 maja 2024 roku. By\u0142a jedn\u0105 z pierwszych uchwa\u0142 powsta\u0142ych po og\u0142oszeniu wyroku...\",\"breadcrumb\":{\"@id\":\"https:\\\/\\\/jetline.pl\\\/en\\\/ustawa-krajobrazowa\\\/uchwala-krajobrazowa\\\/#breadcrumb\"},\"inLanguage\":\"en-US\",\"potentialAction\":[{\"@type\":\"ReadAction\",\"target\":[\"https:\\\/\\\/jetline.pl\\\/en\\\/ustawa-krajobrazowa\\\/uchwala-krajobrazowa\\\/\"]}]},{\"@type\":\"ImageObject\",\"inLanguage\":\"en-US\",\"@id\":\"https:\\\/\\\/jetline.pl\\\/en\\\/ustawa-krajobrazowa\\\/uchwala-krajobrazowa\\\/#primaryimage\",\"url\":\"https:\\\/\\\/jetline.pl\\\/wp-content\\\/uploads\\\/2025\\\/03\\\/20250325_133822-002.jpg\",\"contentUrl\":\"https:\\\/\\\/jetline.pl\\\/wp-content\\\/uploads\\\/2025\\\/03\\\/20250325_133822-002.jpg\",\"width\":4032,\"height\":1562,\"caption\":\"uchwa\u0142a krajobrazowa\"},{\"@type\":\"BreadcrumbList\",\"@id\":\"https:\\\/\\\/jetline.pl\\\/en\\\/ustawa-krajobrazowa\\\/uchwala-krajobrazowa\\\/#breadcrumb\",\"itemListElement\":[{\"@type\":\"ListItem\",\"position\":1,\"name\":\"Strona g\u0142\u00f3wna\",\"item\":\"https:\\\/\\\/jetline.pl\\\/en\\\/\"},{\"@type\":\"ListItem\",\"position\":2,\"name\":\"Ustawa krajobrazowa\",\"item\":\"https:\\\/\\\/jetline.pl\\\/en\\\/ustawa-krajobrazowa\\\/\"},{\"@type\":\"ListItem\",\"position\":3,\"name\":\"Uchwa\u0142a krajobrazowa w \u0141omiankach czyli r\u00f3wni i r\u00f3wniejsi cz. 2\"}]},{\"@type\":\"WebSite\",\"@id\":\"https:\\\/\\\/jetline.pl\\\/en\\\/#website\",\"url\":\"https:\\\/\\\/jetline.pl\\\/en\\\/\",\"name\":\"Jet Line\",\"description\":\"Tworzymy przestrze\u0144 do komunikacji\",\"publisher\":{\"@id\":\"https:\\\/\\\/jetline.pl\\\/en\\\/#organization\"},\"potentialAction\":[{\"@type\":\"SearchAction\",\"target\":{\"@type\":\"EntryPoint\",\"urlTemplate\":\"https:\\\/\\\/jetline.pl\\\/en\\\/?s={search_term_string}\"},\"query-input\":{\"@type\":\"PropertyValueSpecification\",\"valueRequired\":true,\"valueName\":\"search_term_string\"}}],\"inLanguage\":\"en-US\"},{\"@type\":\"Organization\",\"@id\":\"https:\\\/\\\/jetline.pl\\\/en\\\/#organization\",\"name\":\"Jet Line\",\"url\":\"https:\\\/\\\/jetline.pl\\\/en\\\/\",\"logo\":{\"@type\":\"ImageObject\",\"inLanguage\":\"en-US\",\"@id\":\"https:\\\/\\\/jetline.pl\\\/en\\\/#\\\/schema\\\/logo\\\/image\\\/\",\"url\":\"https:\\\/\\\/jetline.pl\\\/wp-content\\\/uploads\\\/2024\\\/09\\\/logo_poziom_logo_poziom_czerwone-1.png\",\"contentUrl\":\"https:\\\/\\\/jetline.pl\\\/wp-content\\\/uploads\\\/2024\\\/09\\\/logo_poziom_logo_poziom_czerwone-1.png\",\"width\":4946,\"height\":2016,\"caption\":\"Jet Line\"},\"image\":{\"@id\":\"https:\\\/\\\/jetline.pl\\\/en\\\/#\\\/schema\\\/logo\\\/image\\\/\"}}]}<\/script>\n<!-- \/ Yoast SEO plugin. -->","yoast_head_json":{"title":"Uchwa\u0142a krajobrazowa w \u0141omiankach czyli r\u00f3wni i r\u00f3wniejsi cz. 2","description":"Uchwa\u0142a krajobrazowa w \u0141omiankach wesz\u0142a w \u017cycie 21 maja 2024 roku. By\u0142a jedn\u0105 z pierwszych uchwa\u0142 powsta\u0142ych po og\u0142oszeniu wyroku...","robots":{"index":"index","follow":"follow","max-snippet":"max-snippet:-1","max-image-preview":"max-image-preview:large","max-video-preview":"max-video-preview:-1"},"canonical":"https:\/\/jetline.pl\/en\/ustawa-krajobrazowa\/uchwala-krajobrazowa\/","og_locale":"en_US","og_type":"article","og_title":"Uchwa\u0142a krajobrazowa w \u0141omiankach czyli r\u00f3wni i r\u00f3wniejsi cz. 2","og_description":"Uchwa\u0142a krajobrazowa w \u0141omiankach wesz\u0142a w \u017cycie 21 maja 2024 roku. By\u0142a jedn\u0105 z pierwszych uchwa\u0142 powsta\u0142ych po og\u0142oszeniu wyroku...","og_url":"https:\/\/jetline.pl\/en\/ustawa-krajobrazowa\/uchwala-krajobrazowa\/","og_site_name":"Jet Line","article_modified_time":"2025-04-02T10:43:44+00:00","og_image":[{"width":4032,"height":1562,"url":"https:\/\/jetline.pl\/wp-content\/uploads\/2025\/03\/20250325_133822-002.jpg","type":"image\/jpeg"}],"twitter_card":"summary_large_image","twitter_misc":{"Est. reading time":"3 minutes"},"schema":{"@context":"https:\/\/schema.org","@graph":[{"@type":"WebPage","@id":"https:\/\/jetline.pl\/en\/ustawa-krajobrazowa\/uchwala-krajobrazowa\/","url":"https:\/\/jetline.pl\/en\/ustawa-krajobrazowa\/uchwala-krajobrazowa\/","name":"Uchwa\u0142a krajobrazowa w \u0141omiankach czyli r\u00f3wni i r\u00f3wniejsi cz. 2","isPartOf":{"@id":"https:\/\/jetline.pl\/en\/#website"},"primaryImageOfPage":{"@id":"https:\/\/jetline.pl\/en\/ustawa-krajobrazowa\/uchwala-krajobrazowa\/#primaryimage"},"image":{"@id":"https:\/\/jetline.pl\/en\/ustawa-krajobrazowa\/uchwala-krajobrazowa\/#primaryimage"},"thumbnailUrl":"https:\/\/jetline.pl\/wp-content\/uploads\/2025\/03\/20250325_133822-002.jpg","datePublished":"2025-03-26T14:54:13+00:00","dateModified":"2025-04-02T10:43:44+00:00","description":"Uchwa\u0142a krajobrazowa w \u0141omiankach wesz\u0142a w \u017cycie 21 maja 2024 roku. By\u0142a jedn\u0105 z pierwszych uchwa\u0142 powsta\u0142ych po og\u0142oszeniu wyroku...","breadcrumb":{"@id":"https:\/\/jetline.pl\/en\/ustawa-krajobrazowa\/uchwala-krajobrazowa\/#breadcrumb"},"inLanguage":"en-US","potentialAction":[{"@type":"ReadAction","target":["https:\/\/jetline.pl\/en\/ustawa-krajobrazowa\/uchwala-krajobrazowa\/"]}]},{"@type":"ImageObject","inLanguage":"en-US","@id":"https:\/\/jetline.pl\/en\/ustawa-krajobrazowa\/uchwala-krajobrazowa\/#primaryimage","url":"https:\/\/jetline.pl\/wp-content\/uploads\/2025\/03\/20250325_133822-002.jpg","contentUrl":"https:\/\/jetline.pl\/wp-content\/uploads\/2025\/03\/20250325_133822-002.jpg","width":4032,"height":1562,"caption":"uchwa\u0142a krajobrazowa"},{"@type":"BreadcrumbList","@id":"https:\/\/jetline.pl\/en\/ustawa-krajobrazowa\/uchwala-krajobrazowa\/#breadcrumb","itemListElement":[{"@type":"ListItem","position":1,"name":"Strona g\u0142\u00f3wna","item":"https:\/\/jetline.pl\/en\/"},{"@type":"ListItem","position":2,"name":"Ustawa krajobrazowa","item":"https:\/\/jetline.pl\/en\/ustawa-krajobrazowa\/"},{"@type":"ListItem","position":3,"name":"Uchwa\u0142a krajobrazowa w \u0141omiankach czyli r\u00f3wni i r\u00f3wniejsi cz. 2"}]},{"@type":"WebSite","@id":"https:\/\/jetline.pl\/en\/#website","url":"https:\/\/jetline.pl\/en\/","name":"Jet Line","description":"Tworzymy przestrze\u0144 do komunikacji","publisher":{"@id":"https:\/\/jetline.pl\/en\/#organization"},"potentialAction":[{"@type":"SearchAction","target":{"@type":"EntryPoint","urlTemplate":"https:\/\/jetline.pl\/en\/?s={search_term_string}"},"query-input":{"@type":"PropertyValueSpecification","valueRequired":true,"valueName":"search_term_string"}}],"inLanguage":"en-US"},{"@type":"Organization","@id":"https:\/\/jetline.pl\/en\/#organization","name":"Jet Line","url":"https:\/\/jetline.pl\/en\/","logo":{"@type":"ImageObject","inLanguage":"en-US","@id":"https:\/\/jetline.pl\/en\/#\/schema\/logo\/image\/","url":"https:\/\/jetline.pl\/wp-content\/uploads\/2024\/09\/logo_poziom_logo_poziom_czerwone-1.png","contentUrl":"https:\/\/jetline.pl\/wp-content\/uploads\/2024\/09\/logo_poziom_logo_poziom_czerwone-1.png","width":4946,"height":2016,"caption":"Jet Line"},"image":{"@id":"https:\/\/jetline.pl\/en\/#\/schema\/logo\/image\/"}}]}},"_links":{"self":[{"href":"https:\/\/jetline.pl\/en\/wp-json\/wp\/v2\/ustawa\/17103","targetHints":{"allow":["GET"]}}],"collection":[{"href":"https:\/\/jetline.pl\/en\/wp-json\/wp\/v2\/ustawa"}],"about":[{"href":"https:\/\/jetline.pl\/en\/wp-json\/wp\/v2\/types\/ustawa"}],"author":[{"embeddable":true,"href":"https:\/\/jetline.pl\/en\/wp-json\/wp\/v2\/users\/16"}],"wp:featuredmedia":[{"embeddable":true,"href":"https:\/\/jetline.pl\/en\/wp-json\/wp\/v2\/media\/17105"}],"wp:attachment":[{"href":"https:\/\/jetline.pl\/en\/wp-json\/wp\/v2\/media?parent=17103"}],"wp:term":[{"taxonomy":"ustawa_cat","embeddable":true,"href":"https:\/\/jetline.pl\/en\/wp-json\/wp\/v2\/ustawa_cat?post=17103"}],"curies":[{"name":"wp","href":"https:\/\/api.w.org\/{rel}","templated":true}]}}