{"id":1711,"date":"2017-07-26T00:00:00","date_gmt":"2017-07-25T22:00:00","guid":{"rendered":"https:\/\/jetline.presb.pl\/ustawa-krajobrazowa\/nie-dla-zlego-prawa-w-wyszkowie\/"},"modified":"2017-07-26T00:00:00","modified_gmt":"2017-07-25T22:00:00","slug":"nie-dla-zlego-prawa-w-wyszkowie","status":"publish","type":"ustawa","link":"https:\/\/jetline.pl\/en\/ustawa-krajobrazowa\/nie-dla-zlego-prawa-w-wyszkowie\/","title":{"rendered":"\"Nie\" dla z\u0142ego prawa w Wyszkowie"},"content":{"rendered":"<p>18 maja 2017 roku Rada Miejska w Wyszkowie podj\u0119\u0142a uchwa\u0142\u0119 Nr XXXIX\/383\/17<br \/>\n\u201ew sprawie okre\u015blenia zasad i warunk\u00f3w sytuowania obiekt\u00f3w ma\u0142ej architektury, tablic reklamowych i urz\u0105dze\u0144 reklamowych oraz ogrodze\u0144\u201d. Ju\u017c 12 czerwca 2017 roku Wojewoda Mazowiecki wyda\u0142 rozstrzygni\u0119cie nadzorcze, w kt\u00f3rym stwierdzi\u0142 niewa\u017cno\u015b\u0107 podj\u0119tej przez radnych Wyszkowa uchwa\u0142y.<\/p>\n<p>Kodeks Reklamowy Wyszkowa zawiera\u0142 tak du\u017co b\u0142\u0119d\u00f3w, \u017ce trudno wymienia\u0107 je wszystkie, warto za to zapozna\u0107 si\u0119 z dwoma fragmentami uzasadnienia Wojewody:<\/p>\n<p>\u201eW \u015bwietle art. 7 Konstytucji RP, przypomnie\u0107 nale\u017cy, \u017ce organy w\u0142adzy publicznej dzia\u0142aj\u0105 w granicach<br \/>\ni na podstawie prawa. Oznacza to, i\u017c ka\u017cde dzia\u0142anie organu w\u0142adzy, w tym tak\u017ce Rady Miejskiej w Wyszkowie, musi mie\u0107 oparcie w obowi\u0105zuj\u0105cym prawie.<br \/>\nW zakresie konieczno\u015bci przestrzegania granic kompetencji ustawowej oraz dzia\u0142ania na podstawie i w granicach prawa nale\u017cy przyj\u0105\u0107, i\u017c organ stanowi\u0105cy, podejmuj\u0105c akty prawne (zar\u00f3wno akty prawa miejscowego, jak i akty, kt\u00f3re nie s\u0105 zaliczane do tej kategorii akt\u00f3w prawnych) w oparciu o norm\u0119 ustawow\u0105, musi \u015bci\u015ble uwzgl\u0119dnia\u0107 wytyczne zawarte w upowa\u017cnieniu. Odst\u0105pienie od tej zasady narusza zwi\u0105zek formalny i materialny pomi\u0119dzy aktem wykonawczym a ustaw\u0105, co z regu\u0142y stanowi istotne naruszenie prawa.\u201d<\/p>\n<p>\u201eAkty prawa miejscowego* (\u2026) charakteryzuj\u0105 si\u0119 nast\u0119puj\u0105cymi cechami:<br \/>\n- wydawane s\u0105 na podstawie deklaracji ustawowej;<br \/>\n- zawieraj\u0105 rozstrzygni\u0119cia generalne, kierowane do nieokre\u015blonego adresata;<br \/>\n- wywieraj\u0105 \u201eskutki zewn\u0119trzne\u201d;<br \/>\n- s\u0105 aktami wielokrotnego zastosowania - ich adresatem mo\u017ce by\u0107 kto\u015b \u201eteraz\u201d, kto\u015b \u201ejutro\u201d,<br \/>\nkto\u015b \u201ew przysz\u0142o\u015bci\u201d;<br \/>\n- najcz\u0119\u015bciej poparte s\u0105 przymusem pa\u0144stwa (cho\u0107 nie zawsze);<br \/>\n- tre\u015b\u0107 ich na og\u00f3\u0142 da si\u0119 okre\u015bli\u0107 jako uregulowanie post\u0119powania okre\u015blonych podmiot\u00f3w ze wzgl\u0119du na przedmiot regulacji;<br \/>\n- pochodz\u0105 od uprawnionych organ\u00f3w samorz\u0105du terytorialnego, wojewod\u00f3w i organ\u00f3w administracji rz\u0105dowej niezespolonej.<\/p>\n<p>Tymczasem \u017caden z powy\u017cszych warunk\u00f3w nie zosta\u0142 spe\u0142niony. Znaczna cz\u0119\u015b\u0107 uchwa\u0142y zosta\u0142a sporz\u0105dzona z naruszeniem upowa\u017cnienia zawartego w art. 37a i art. 37c ustawy o p.z.p. ( o planowaniu i zagospodarowaniu przestrzennym - przyp. red.), narusza r\u00f3wnie\u017c szereg przytoczonych we wcze\u015bniejszej cz\u0119\u015bci niniejszego uzasadnienia przepis\u00f3w odr\u0119bnych, a tak\u017ce wykracza poza granice regulacji.<br \/>\nUk\u0142ad aktu nie jest przejrzysty, co wi\u0119cej - znaczna cz\u0119\u015b\u0107 ustale\u0144 uchwa\u0142y jest sprzeczna ze sob\u0105, zawiera r\u00f3wnie\u017c wewn\u0119trzne odwo\u0142ania do nieistniej\u0105cych jednostek redakcyjnych, a nawet stosuje wy\u0142\u0105czenia o charakterze podmiotowym. Wiele sformu\u0142owa\u0144 oraz poj\u0119\u0107 u\u017cyto w innym znaczeniu poj\u0119ciowym ni\u017c wynika to z poj\u0119\u0107 zdefiniowanych w przepisach odr\u0119bnych. Cz\u0119\u015b\u0107 ustale\u0144 ma tak\u017ce charakter nienormatywny, za\u015b w samej uchwale wyst\u0119puj\u0105 liczne b\u0142\u0119dy j\u0119zykowe w tym: stylistyczne, interpunkcyjne a nawet ortograficzne.\u201d<\/p>\n<p>*- uchwa\u0142a krajobrazowa jest aktem praw miejscowego<\/p>\n","protected":false},"author":16,"featured_media":1541,"template":"","ustawa_cat":[],"class_list":["post-1711","ustawa","type-ustawa","status-publish","has-post-thumbnail","hentry"],"acf":[],"yoast_head":"<!-- This site is optimized with the Yoast SEO plugin v27.5 - https:\/\/yoast.com\/product\/yoast-seo-wordpress\/ -->\n<title>&quot;Nie&quot; dla z\u0142ego prawa w Wyszkowie - Jet Line<\/title>\n<meta name=\"robots\" content=\"index, follow, max-snippet:-1, max-image-preview:large, max-video-preview:-1\" \/>\n<link rel=\"canonical\" href=\"https:\/\/jetline.pl\/en\/ustawa-krajobrazowa\/nie-dla-zlego-prawa-w-wyszkowie\/\" \/>\n<meta property=\"og:locale\" content=\"en_US\" \/>\n<meta property=\"og:type\" content=\"article\" \/>\n<meta property=\"og:title\" content=\"&quot;Nie&quot; dla z\u0142ego prawa w Wyszkowie - Jet Line\" \/>\n<meta property=\"og:description\" content=\"18 maja 2017 roku Rada Miejska w Wyszkowie podj\u0119\u0142a uchwa\u0142\u0119...\" \/>\n<meta property=\"og:url\" content=\"https:\/\/jetline.pl\/en\/ustawa-krajobrazowa\/nie-dla-zlego-prawa-w-wyszkowie\/\" \/>\n<meta property=\"og:site_name\" content=\"Jet Line\" \/>\n<meta property=\"og:image\" content=\"https:\/\/jetline.pl\/wp-content\/uploads\/2024\/09\/obrazek.jpg\" \/>\n\t<meta property=\"og:image:width\" content=\"1043\" \/>\n\t<meta property=\"og:image:height\" content=\"817\" \/>\n\t<meta property=\"og:image:type\" content=\"image\/jpeg\" \/>\n<meta name=\"twitter:card\" content=\"summary_large_image\" \/>\n<meta name=\"twitter:label1\" content=\"Est. reading time\" \/>\n\t<meta name=\"twitter:data1\" content=\"2 minutes\" \/>\n<script type=\"application\/ld+json\" class=\"yoast-schema-graph\">{\"@context\":\"https:\\\/\\\/schema.org\",\"@graph\":[{\"@type\":\"WebPage\",\"@id\":\"https:\\\/\\\/jetline.pl\\\/en\\\/ustawa-krajobrazowa\\\/nie-dla-zlego-prawa-w-wyszkowie\\\/\",\"url\":\"https:\\\/\\\/jetline.pl\\\/en\\\/ustawa-krajobrazowa\\\/nie-dla-zlego-prawa-w-wyszkowie\\\/\",\"name\":\"\\\"Nie\\\" dla z\u0142ego prawa w Wyszkowie - Jet Line\",\"isPartOf\":{\"@id\":\"https:\\\/\\\/jetline.pl\\\/en\\\/#website\"},\"primaryImageOfPage\":{\"@id\":\"https:\\\/\\\/jetline.pl\\\/en\\\/ustawa-krajobrazowa\\\/nie-dla-zlego-prawa-w-wyszkowie\\\/#primaryimage\"},\"image\":{\"@id\":\"https:\\\/\\\/jetline.pl\\\/en\\\/ustawa-krajobrazowa\\\/nie-dla-zlego-prawa-w-wyszkowie\\\/#primaryimage\"},\"thumbnailUrl\":\"https:\\\/\\\/jetline.pl\\\/wp-content\\\/uploads\\\/2024\\\/09\\\/obrazek.jpg\",\"datePublished\":\"2017-07-25T22:00:00+00:00\",\"breadcrumb\":{\"@id\":\"https:\\\/\\\/jetline.pl\\\/en\\\/ustawa-krajobrazowa\\\/nie-dla-zlego-prawa-w-wyszkowie\\\/#breadcrumb\"},\"inLanguage\":\"en-US\",\"potentialAction\":[{\"@type\":\"ReadAction\",\"target\":[\"https:\\\/\\\/jetline.pl\\\/en\\\/ustawa-krajobrazowa\\\/nie-dla-zlego-prawa-w-wyszkowie\\\/\"]}]},{\"@type\":\"ImageObject\",\"inLanguage\":\"en-US\",\"@id\":\"https:\\\/\\\/jetline.pl\\\/en\\\/ustawa-krajobrazowa\\\/nie-dla-zlego-prawa-w-wyszkowie\\\/#primaryimage\",\"url\":\"https:\\\/\\\/jetline.pl\\\/wp-content\\\/uploads\\\/2024\\\/09\\\/obrazek.jpg\",\"contentUrl\":\"https:\\\/\\\/jetline.pl\\\/wp-content\\\/uploads\\\/2024\\\/09\\\/obrazek.jpg\",\"width\":1043,\"height\":817},{\"@type\":\"BreadcrumbList\",\"@id\":\"https:\\\/\\\/jetline.pl\\\/en\\\/ustawa-krajobrazowa\\\/nie-dla-zlego-prawa-w-wyszkowie\\\/#breadcrumb\",\"itemListElement\":[{\"@type\":\"ListItem\",\"position\":1,\"name\":\"Strona g\u0142\u00f3wna\",\"item\":\"https:\\\/\\\/jetline.pl\\\/en\\\/\"},{\"@type\":\"ListItem\",\"position\":2,\"name\":\"Ustawa krajobrazowa\",\"item\":\"https:\\\/\\\/jetline.pl\\\/en\\\/ustawa-krajobrazowa\\\/\"},{\"@type\":\"ListItem\",\"position\":3,\"name\":\"\\\"Nie\\\" dla z\u0142ego prawa w Wyszkowie\"}]},{\"@type\":\"WebSite\",\"@id\":\"https:\\\/\\\/jetline.pl\\\/en\\\/#website\",\"url\":\"https:\\\/\\\/jetline.pl\\\/en\\\/\",\"name\":\"Jet Line\",\"description\":\"Tworzymy przestrze\u0144 do komunikacji\",\"publisher\":{\"@id\":\"https:\\\/\\\/jetline.pl\\\/en\\\/#organization\"},\"potentialAction\":[{\"@type\":\"SearchAction\",\"target\":{\"@type\":\"EntryPoint\",\"urlTemplate\":\"https:\\\/\\\/jetline.pl\\\/en\\\/?s={search_term_string}\"},\"query-input\":{\"@type\":\"PropertyValueSpecification\",\"valueRequired\":true,\"valueName\":\"search_term_string\"}}],\"inLanguage\":\"en-US\"},{\"@type\":\"Organization\",\"@id\":\"https:\\\/\\\/jetline.pl\\\/en\\\/#organization\",\"name\":\"Jet Line\",\"url\":\"https:\\\/\\\/jetline.pl\\\/en\\\/\",\"logo\":{\"@type\":\"ImageObject\",\"inLanguage\":\"en-US\",\"@id\":\"https:\\\/\\\/jetline.pl\\\/en\\\/#\\\/schema\\\/logo\\\/image\\\/\",\"url\":\"https:\\\/\\\/jetline.pl\\\/wp-content\\\/uploads\\\/2024\\\/09\\\/logo_poziom_logo_poziom_czerwone-1.png\",\"contentUrl\":\"https:\\\/\\\/jetline.pl\\\/wp-content\\\/uploads\\\/2024\\\/09\\\/logo_poziom_logo_poziom_czerwone-1.png\",\"width\":4946,\"height\":2016,\"caption\":\"Jet Line\"},\"image\":{\"@id\":\"https:\\\/\\\/jetline.pl\\\/en\\\/#\\\/schema\\\/logo\\\/image\\\/\"}}]}<\/script>\n<!-- \/ Yoast SEO plugin. -->","yoast_head_json":{"title":"\"Nie\" dla z\u0142ego prawa w Wyszkowie - Jet Line","robots":{"index":"index","follow":"follow","max-snippet":"max-snippet:-1","max-image-preview":"max-image-preview:large","max-video-preview":"max-video-preview:-1"},"canonical":"https:\/\/jetline.pl\/en\/ustawa-krajobrazowa\/nie-dla-zlego-prawa-w-wyszkowie\/","og_locale":"en_US","og_type":"article","og_title":"\"Nie\" dla z\u0142ego prawa w Wyszkowie - Jet Line","og_description":"18 maja 2017 roku Rada Miejska w Wyszkowie podj\u0119\u0142a uchwa\u0142\u0119...","og_url":"https:\/\/jetline.pl\/en\/ustawa-krajobrazowa\/nie-dla-zlego-prawa-w-wyszkowie\/","og_site_name":"Jet Line","og_image":[{"width":1043,"height":817,"url":"https:\/\/jetline.pl\/wp-content\/uploads\/2024\/09\/obrazek.jpg","type":"image\/jpeg"}],"twitter_card":"summary_large_image","twitter_misc":{"Est. reading time":"2 minutes"},"schema":{"@context":"https:\/\/schema.org","@graph":[{"@type":"WebPage","@id":"https:\/\/jetline.pl\/en\/ustawa-krajobrazowa\/nie-dla-zlego-prawa-w-wyszkowie\/","url":"https:\/\/jetline.pl\/en\/ustawa-krajobrazowa\/nie-dla-zlego-prawa-w-wyszkowie\/","name":"\"Nie\" dla z\u0142ego prawa w Wyszkowie - Jet Line","isPartOf":{"@id":"https:\/\/jetline.pl\/en\/#website"},"primaryImageOfPage":{"@id":"https:\/\/jetline.pl\/en\/ustawa-krajobrazowa\/nie-dla-zlego-prawa-w-wyszkowie\/#primaryimage"},"image":{"@id":"https:\/\/jetline.pl\/en\/ustawa-krajobrazowa\/nie-dla-zlego-prawa-w-wyszkowie\/#primaryimage"},"thumbnailUrl":"https:\/\/jetline.pl\/wp-content\/uploads\/2024\/09\/obrazek.jpg","datePublished":"2017-07-25T22:00:00+00:00","breadcrumb":{"@id":"https:\/\/jetline.pl\/en\/ustawa-krajobrazowa\/nie-dla-zlego-prawa-w-wyszkowie\/#breadcrumb"},"inLanguage":"en-US","potentialAction":[{"@type":"ReadAction","target":["https:\/\/jetline.pl\/en\/ustawa-krajobrazowa\/nie-dla-zlego-prawa-w-wyszkowie\/"]}]},{"@type":"ImageObject","inLanguage":"en-US","@id":"https:\/\/jetline.pl\/en\/ustawa-krajobrazowa\/nie-dla-zlego-prawa-w-wyszkowie\/#primaryimage","url":"https:\/\/jetline.pl\/wp-content\/uploads\/2024\/09\/obrazek.jpg","contentUrl":"https:\/\/jetline.pl\/wp-content\/uploads\/2024\/09\/obrazek.jpg","width":1043,"height":817},{"@type":"BreadcrumbList","@id":"https:\/\/jetline.pl\/en\/ustawa-krajobrazowa\/nie-dla-zlego-prawa-w-wyszkowie\/#breadcrumb","itemListElement":[{"@type":"ListItem","position":1,"name":"Strona g\u0142\u00f3wna","item":"https:\/\/jetline.pl\/en\/"},{"@type":"ListItem","position":2,"name":"Ustawa krajobrazowa","item":"https:\/\/jetline.pl\/en\/ustawa-krajobrazowa\/"},{"@type":"ListItem","position":3,"name":"\"Nie\" dla z\u0142ego prawa w Wyszkowie"}]},{"@type":"WebSite","@id":"https:\/\/jetline.pl\/en\/#website","url":"https:\/\/jetline.pl\/en\/","name":"Jet Line","description":"Tworzymy przestrze\u0144 do komunikacji","publisher":{"@id":"https:\/\/jetline.pl\/en\/#organization"},"potentialAction":[{"@type":"SearchAction","target":{"@type":"EntryPoint","urlTemplate":"https:\/\/jetline.pl\/en\/?s={search_term_string}"},"query-input":{"@type":"PropertyValueSpecification","valueRequired":true,"valueName":"search_term_string"}}],"inLanguage":"en-US"},{"@type":"Organization","@id":"https:\/\/jetline.pl\/en\/#organization","name":"Jet Line","url":"https:\/\/jetline.pl\/en\/","logo":{"@type":"ImageObject","inLanguage":"en-US","@id":"https:\/\/jetline.pl\/en\/#\/schema\/logo\/image\/","url":"https:\/\/jetline.pl\/wp-content\/uploads\/2024\/09\/logo_poziom_logo_poziom_czerwone-1.png","contentUrl":"https:\/\/jetline.pl\/wp-content\/uploads\/2024\/09\/logo_poziom_logo_poziom_czerwone-1.png","width":4946,"height":2016,"caption":"Jet Line"},"image":{"@id":"https:\/\/jetline.pl\/en\/#\/schema\/logo\/image\/"}}]}},"_links":{"self":[{"href":"https:\/\/jetline.pl\/en\/wp-json\/wp\/v2\/ustawa\/1711","targetHints":{"allow":["GET"]}}],"collection":[{"href":"https:\/\/jetline.pl\/en\/wp-json\/wp\/v2\/ustawa"}],"about":[{"href":"https:\/\/jetline.pl\/en\/wp-json\/wp\/v2\/types\/ustawa"}],"author":[{"embeddable":true,"href":"https:\/\/jetline.pl\/en\/wp-json\/wp\/v2\/users\/16"}],"wp:featuredmedia":[{"embeddable":true,"href":"https:\/\/jetline.pl\/en\/wp-json\/wp\/v2\/media\/1541"}],"wp:attachment":[{"href":"https:\/\/jetline.pl\/en\/wp-json\/wp\/v2\/media?parent=1711"}],"wp:term":[{"taxonomy":"ustawa_cat","embeddable":true,"href":"https:\/\/jetline.pl\/en\/wp-json\/wp\/v2\/ustawa_cat?post=1711"}],"curies":[{"name":"wp","href":"https:\/\/api.w.org\/{rel}","templated":true}]}}