{"id":17123,"date":"2025-04-09T15:02:53","date_gmt":"2025-04-09T13:02:53","guid":{"rendered":"https:\/\/jetline.pl\/?post_type=ustawa&#038;p=17123"},"modified":"2025-04-09T15:02:53","modified_gmt":"2025-04-09T13:02:53","slug":"co-moze-zrobic-szlachcic-na-zagrodzie-czyli-rowni-i-rowniejsi-cz-3","status":"publish","type":"ustawa","link":"https:\/\/jetline.pl\/en\/ustawa-krajobrazowa\/co-moze-zrobic-szlachcic-na-zagrodzie-czyli-rowni-i-rowniejsi-cz-3\/","title":{"rendered":"Co mo\u017ce zrobi\u0107 szlachcic na zagrodzie, czyli r\u00f3wni i r\u00f3wniejsi cz. 3"},"content":{"rendered":"<p>Wybory to czas, kiedy emocje cz\u0119sto bior\u0105 g\u00f3r\u0119 nad zdrowym rozs\u0105dkiem, a szkoda, bo zdrowy rozs\u0105dek przydaje si\u0119 przy prowadzeniu kampanii wyborczej.<\/p>\n<p>&nbsp;<\/p>\n<p><!--more--><\/p>\n<p>W niedziel\u0119 6 kwietnia br. prezydent Krakowa Aleksander Miszalski opublikowa\u0142 \u00a0na Facebooku zdj\u0119cie zrobione podczas wieszania baneru\u00a0 wyborczego Rafa\u0142a Trzaskowskiego na ogrodzeniu swojego domu w Krakowie. Nie by\u0142oby nic w tym zaskakuj\u0105cego, gdyby zdarzenie nie mia\u0142o miejsca w Krakowie, a na zdj\u0119ciu nie by\u0142 Prezydent tego miasta, miasta w kt\u00f3rym od ponad pi\u0119ciu lat obowi\u0105zuje uchwa\u0142a krajobrazowa zabraniaj\u0105ca eksponowania tego typu reklam. W zasadzie nie by\u0142oby nic z\u0142ego r\u00f3wnie\u017c, gdyby Prezydent po zwr\u00f3ceniu uwagi, \u017ce tak nie mo\u017cna, powiedzia\u0142 \u201esorki, nie wiedzia\u0142em, zapomnia\u0142em, poprawiam si\u0119, zdejmuj\u0119 nielegaln\u0105 reklam\u0119\u201d. Gdyby tak si\u0119 sta\u0142o, \u00a0pomin\u0105\u0142bym nawet fakt, \u017ce urz\u0119dnikom p\u0142aci si\u0119 za to \u017ceby wiedzieli, pami\u0119tali i nie \u0142amali prawa.<\/p>\n<p>&nbsp;<\/p>\n<p><img loading=\"lazy\" decoding=\"async\" class=\"alignnone wp-image-17124 size-full\" src=\"https:\/\/jetline.pl\/wp-content\/uploads\/2025\/04\/Krakow.png\" alt=\"\" width=\"772\" height=\"699\" \/><\/p>\n<p>Tak si\u0119 jednak nie sta\u0142o, nast\u0119pnego dnia Prezydent napisa\u0142 wyja\u015bnienie, w kt\u00f3rym mo\u017cemy przeczyta\u0107:<\/p>\n<p>&nbsp;<\/p>\n<p><em>\u201ePrzechodz\u0105c do meritum, czy uchwa\u0142a krajobrazowa pozwala na wywieszanie baner\u00f3w wyborczych w Krakowie?<\/em><\/p>\n<p>&nbsp;<\/p>\n<p><em>Tak, pozwala! Obowi\u0105zuj\u0105ce stanowisko w\u0142adz miasta w tej sprawie zosta\u0142o wyra\u017cone 27 maja 2024 \u00a0przez mojego I Zast\u0119pc\u0119. Baner wyborczy mo\u017ce zosta\u0107 wywieszony, je\u017celi:<\/em><\/p>\n<p>&nbsp;<\/p>\n<p><em>\ud83d\udc49 nie wymaga uzyskania pozwolenia na budow\u0119,<\/em><\/p>\n<p>&nbsp;<\/p>\n<p><em>\ud83d\udc49 wywieszony zostaje na terenie prywatnym za zgod\u0105 w\u0142a\u015bciciela,<\/em><\/p>\n<p>&nbsp;<\/p>\n<p><em>\ud83d\udc49 wywiesza si\u0119 go poza obszarem park\u00f3w kulturowych.<\/em><\/p>\n<p>&nbsp;<\/p>\n<p><em>Od 27 maja 2024 r. stan prawny uchwa\u0142y krajobrazowej nie uleg\u0142 zmianie. Nie uleg\u0142o wi\u0119c zmianie rozumienie przepis\u00f3w.\u201d<\/em><\/p>\n<p>&nbsp;<\/p>\n<p>Takie wyja\u015bnienie, \u0142adnie napisane, mo\u017ce przekona\u0107 kogo\u015b, kto nie zna zapis\u00f3w uchwa\u0142y krajobrazowej Krakowa. Rzeczywisto\u015b\u0107 jest jednak inna.<\/p>\n<p>&nbsp;<\/p>\n<p>Po pierwsze, zapisy uchwa\u0142y krajobrazowej, a tym samym jej stan prawny nie uleg\u0142 zmianie od 26 lutego 2020 roku (wyroki WSA, kt\u00f3re mog\u0105 zmieni\u0107 uchwa\u0142\u0119 s\u0105 nieprawomocne).<\/p>\n<p>&nbsp;<\/p>\n<p>Po drugie, zapisy uchwa\u0142y s\u0105 ma\u0142o przejrzyste i raz na jaki\u015b czas kto\u015b w mie\u015bcie musi t\u0142umaczy\u0107, jak nale\u017cy je rozumie\u0107. Tak te\u017c jest i teraz. Od 11 marca 2025 na stronie urz\u0119du miasta znajduje si\u0119 obszerne wyja\u015bnienie, m\u00f3wi\u0105ce i\u017c wszelkie tablice reklamowe i urz\u0105dzenia reklamowe stanowi\u0105ce materia\u0142y wyborcze podlegaj\u0105 przepisom tzw. uchwa\u0142y krajobrazowej. Banery mog\u0105 by\u0107 umieszczane jedynie na rusztowaniu podczas remontu lub podczas imprez plenerowych.<\/p>\n<p>&nbsp;<\/p>\n<p>Po trzecie, jestem przekonany \u017ce Prezydent doskonale rozumie przepisy w swoim mie\u015bcie i wkr\u00f3tce sprawa zostanie zamkni\u0119ta zgodnie z prawem, bo nie chce mi si\u0119 wierzy\u0107, \u017ce \u015bwiadomie \u0142amie uchwa\u0142\u0119 krajobrazow\u0105 miasta Krakowa.<\/p>\n<p>&nbsp;<\/p>\n<p>Panie Prezydencie! Niekt\u00f3rzy zarzucaj\u0105 mi, \u017ce si\u0119 Pana czepiam. Mo\u017cliwe. Ot, jaki\u015b banner na czyim\u015b p\u0142ocie. Ot\u00f3\u017c w\u0142a\u015bnie nie Sp\u00f3jrzmy na ca\u0142\u0105 t\u0119 w sumie drobn\u0105 spraw\u0119 z dalszej perspektywy. Rozmawiajmy o tym, \u017ce komunikacja w mie\u015bcie jest potrzebna, wyra\u017canie my\u015bli, pogl\u0105d\u00f3w jest potrzebne, zasady s\u0105 potrzebne i prawo \u2013 jasne, przewidywalne, respektowane i pozwalaj\u0105ce na inwestycje jest potrzebne.<\/p>\n<p>&nbsp;<\/p>\n<p>Ch\u0119tnie z Panem porozmawiam o tym, czego potrzebuj\u0105 miasta dla dobrej, skutecznej i niedra\u017cni\u0105cej komunikacji w przestrzeni publicznej. Mog\u0119 nawet pom\u00f3c Panu co\u015b zamontowa\u0107, mam 30 lat do\u015bwiadczenia w prowadzeniu firmy out of home. Szczerze zapraszam, rozmawiajmy.<\/p>\n<p>&nbsp;<\/p>\n<p>Wi\u0119cej o reklamie podczas wybor\u00f3w na stronie Zarz\u0105du Dr\u00f3g Miasta Krakowa: <a href=\"https:\/\/zdmk.krakow.pl\/nasze-dzialania\/materialy-wyborcze-sprawdz-jakie-obowiazuja-zasady\/\">https:\/\/zdmk.krakow.pl\/nasze-dzialania\/materialy-wyborcze-sprawdz-jakie-obowiazuja-zasady\/<\/a><\/p>\n<p>&nbsp;<\/p>\n<p>&nbsp;<\/p>\n","protected":false},"author":16,"featured_media":17128,"template":"","ustawa_cat":[561],"class_list":["post-17123","ustawa","type-ustawa","status-publish","has-post-thumbnail","hentry","ustawa_cat-krakow"],"acf":[],"yoast_head":"<!-- This site is optimized with the Yoast SEO plugin v27.5 - https:\/\/yoast.com\/product\/yoast-seo-wordpress\/ -->\n<title>Co mo\u017ce zrobi\u0107 szlachcic na zagrodzie, czyli r\u00f3wni i r\u00f3wniejsi cz. 3 - Jet Line<\/title>\n<meta name=\"description\" content=\"Wybory to czas, kiedy emocje cz\u0119sto bior\u0105 g\u00f3r\u0119 nad zdrowym rozs\u0105dkiem, a szkoda, bo zdrowy rozs\u0105dek przydaje si\u0119 przy prowadzeniu kampanii...\" \/>\n<meta name=\"robots\" content=\"index, follow, max-snippet:-1, max-image-preview:large, max-video-preview:-1\" \/>\n<link rel=\"canonical\" href=\"https:\/\/jetline.pl\/en\/ustawa-krajobrazowa\/co-moze-zrobic-szlachcic-na-zagrodzie-czyli-rowni-i-rowniejsi-cz-3\/\" \/>\n<meta property=\"og:locale\" content=\"en_US\" \/>\n<meta property=\"og:type\" content=\"article\" \/>\n<meta property=\"og:title\" content=\"Co mo\u017ce zrobi\u0107 szlachcic na zagrodzie, czyli r\u00f3wni i r\u00f3wniejsi cz. 3 - Jet Line\" \/>\n<meta property=\"og:description\" content=\"Wybory to czas, kiedy emocje cz\u0119sto bior\u0105 g\u00f3r\u0119 nad zdrowym rozs\u0105dkiem, a szkoda, bo zdrowy rozs\u0105dek przydaje si\u0119 przy prowadzeniu kampanii...\" \/>\n<meta property=\"og:url\" content=\"https:\/\/jetline.pl\/en\/ustawa-krajobrazowa\/co-moze-zrobic-szlachcic-na-zagrodzie-czyli-rowni-i-rowniejsi-cz-3\/\" \/>\n<meta property=\"og:site_name\" content=\"Jet Line\" \/>\n<meta property=\"og:image\" content=\"https:\/\/jetline.pl\/wp-content\/uploads\/2025\/04\/Projekt-bez-nazwy-7.jpg\" \/>\n\t<meta property=\"og:image:width\" content=\"1366\" \/>\n\t<meta property=\"og:image:height\" content=\"768\" \/>\n\t<meta property=\"og:image:type\" content=\"image\/jpeg\" \/>\n<meta name=\"twitter:card\" content=\"summary_large_image\" \/>\n<meta name=\"twitter:label1\" content=\"Est. reading time\" \/>\n\t<meta name=\"twitter:data1\" content=\"4 minutes\" \/>\n<script type=\"application\/ld+json\" class=\"yoast-schema-graph\">{\"@context\":\"https:\\\/\\\/schema.org\",\"@graph\":[{\"@type\":\"WebPage\",\"@id\":\"https:\\\/\\\/jetline.pl\\\/en\\\/ustawa-krajobrazowa\\\/co-moze-zrobic-szlachcic-na-zagrodzie-czyli-rowni-i-rowniejsi-cz-3\\\/\",\"url\":\"https:\\\/\\\/jetline.pl\\\/en\\\/ustawa-krajobrazowa\\\/co-moze-zrobic-szlachcic-na-zagrodzie-czyli-rowni-i-rowniejsi-cz-3\\\/\",\"name\":\"Co mo\u017ce zrobi\u0107 szlachcic na zagrodzie, czyli r\u00f3wni i r\u00f3wniejsi cz. 3 - Jet Line\",\"isPartOf\":{\"@id\":\"https:\\\/\\\/jetline.pl\\\/en\\\/#website\"},\"primaryImageOfPage\":{\"@id\":\"https:\\\/\\\/jetline.pl\\\/en\\\/ustawa-krajobrazowa\\\/co-moze-zrobic-szlachcic-na-zagrodzie-czyli-rowni-i-rowniejsi-cz-3\\\/#primaryimage\"},\"image\":{\"@id\":\"https:\\\/\\\/jetline.pl\\\/en\\\/ustawa-krajobrazowa\\\/co-moze-zrobic-szlachcic-na-zagrodzie-czyli-rowni-i-rowniejsi-cz-3\\\/#primaryimage\"},\"thumbnailUrl\":\"https:\\\/\\\/jetline.pl\\\/wp-content\\\/uploads\\\/2025\\\/04\\\/Projekt-bez-nazwy-7.jpg\",\"datePublished\":\"2025-04-09T13:02:53+00:00\",\"description\":\"Wybory to czas, kiedy emocje cz\u0119sto bior\u0105 g\u00f3r\u0119 nad zdrowym rozs\u0105dkiem, a szkoda, bo zdrowy rozs\u0105dek przydaje si\u0119 przy prowadzeniu kampanii...\",\"breadcrumb\":{\"@id\":\"https:\\\/\\\/jetline.pl\\\/en\\\/ustawa-krajobrazowa\\\/co-moze-zrobic-szlachcic-na-zagrodzie-czyli-rowni-i-rowniejsi-cz-3\\\/#breadcrumb\"},\"inLanguage\":\"en-US\",\"potentialAction\":[{\"@type\":\"ReadAction\",\"target\":[\"https:\\\/\\\/jetline.pl\\\/en\\\/ustawa-krajobrazowa\\\/co-moze-zrobic-szlachcic-na-zagrodzie-czyli-rowni-i-rowniejsi-cz-3\\\/\"]}]},{\"@type\":\"ImageObject\",\"inLanguage\":\"en-US\",\"@id\":\"https:\\\/\\\/jetline.pl\\\/en\\\/ustawa-krajobrazowa\\\/co-moze-zrobic-szlachcic-na-zagrodzie-czyli-rowni-i-rowniejsi-cz-3\\\/#primaryimage\",\"url\":\"https:\\\/\\\/jetline.pl\\\/wp-content\\\/uploads\\\/2025\\\/04\\\/Projekt-bez-nazwy-7.jpg\",\"contentUrl\":\"https:\\\/\\\/jetline.pl\\\/wp-content\\\/uploads\\\/2025\\\/04\\\/Projekt-bez-nazwy-7.jpg\",\"width\":1366,\"height\":768,\"caption\":\"wybory\"},{\"@type\":\"BreadcrumbList\",\"@id\":\"https:\\\/\\\/jetline.pl\\\/en\\\/ustawa-krajobrazowa\\\/co-moze-zrobic-szlachcic-na-zagrodzie-czyli-rowni-i-rowniejsi-cz-3\\\/#breadcrumb\",\"itemListElement\":[{\"@type\":\"ListItem\",\"position\":1,\"name\":\"Strona g\u0142\u00f3wna\",\"item\":\"https:\\\/\\\/jetline.pl\\\/en\\\/\"},{\"@type\":\"ListItem\",\"position\":2,\"name\":\"Ustawa krajobrazowa\",\"item\":\"https:\\\/\\\/jetline.pl\\\/en\\\/ustawa-krajobrazowa\\\/\"},{\"@type\":\"ListItem\",\"position\":3,\"name\":\"Co mo\u017ce zrobi\u0107 szlachcic na zagrodzie, czyli r\u00f3wni i r\u00f3wniejsi cz. 3\"}]},{\"@type\":\"WebSite\",\"@id\":\"https:\\\/\\\/jetline.pl\\\/en\\\/#website\",\"url\":\"https:\\\/\\\/jetline.pl\\\/en\\\/\",\"name\":\"Jet Line\",\"description\":\"Tworzymy przestrze\u0144 do komunikacji\",\"publisher\":{\"@id\":\"https:\\\/\\\/jetline.pl\\\/en\\\/#organization\"},\"potentialAction\":[{\"@type\":\"SearchAction\",\"target\":{\"@type\":\"EntryPoint\",\"urlTemplate\":\"https:\\\/\\\/jetline.pl\\\/en\\\/?s={search_term_string}\"},\"query-input\":{\"@type\":\"PropertyValueSpecification\",\"valueRequired\":true,\"valueName\":\"search_term_string\"}}],\"inLanguage\":\"en-US\"},{\"@type\":\"Organization\",\"@id\":\"https:\\\/\\\/jetline.pl\\\/en\\\/#organization\",\"name\":\"Jet Line\",\"url\":\"https:\\\/\\\/jetline.pl\\\/en\\\/\",\"logo\":{\"@type\":\"ImageObject\",\"inLanguage\":\"en-US\",\"@id\":\"https:\\\/\\\/jetline.pl\\\/en\\\/#\\\/schema\\\/logo\\\/image\\\/\",\"url\":\"https:\\\/\\\/jetline.pl\\\/wp-content\\\/uploads\\\/2024\\\/09\\\/logo_poziom_logo_poziom_czerwone-1.png\",\"contentUrl\":\"https:\\\/\\\/jetline.pl\\\/wp-content\\\/uploads\\\/2024\\\/09\\\/logo_poziom_logo_poziom_czerwone-1.png\",\"width\":4946,\"height\":2016,\"caption\":\"Jet Line\"},\"image\":{\"@id\":\"https:\\\/\\\/jetline.pl\\\/en\\\/#\\\/schema\\\/logo\\\/image\\\/\"}}]}<\/script>\n<!-- \/ Yoast SEO plugin. -->","yoast_head_json":{"title":"Co mo\u017ce zrobi\u0107 szlachcic na zagrodzie, czyli r\u00f3wni i r\u00f3wniejsi cz. 3 - Jet Line","description":"Wybory to czas, kiedy emocje cz\u0119sto bior\u0105 g\u00f3r\u0119 nad zdrowym rozs\u0105dkiem, a szkoda, bo zdrowy rozs\u0105dek przydaje si\u0119 przy prowadzeniu kampanii...","robots":{"index":"index","follow":"follow","max-snippet":"max-snippet:-1","max-image-preview":"max-image-preview:large","max-video-preview":"max-video-preview:-1"},"canonical":"https:\/\/jetline.pl\/en\/ustawa-krajobrazowa\/co-moze-zrobic-szlachcic-na-zagrodzie-czyli-rowni-i-rowniejsi-cz-3\/","og_locale":"en_US","og_type":"article","og_title":"Co mo\u017ce zrobi\u0107 szlachcic na zagrodzie, czyli r\u00f3wni i r\u00f3wniejsi cz. 3 - Jet Line","og_description":"Wybory to czas, kiedy emocje cz\u0119sto bior\u0105 g\u00f3r\u0119 nad zdrowym rozs\u0105dkiem, a szkoda, bo zdrowy rozs\u0105dek przydaje si\u0119 przy prowadzeniu kampanii...","og_url":"https:\/\/jetline.pl\/en\/ustawa-krajobrazowa\/co-moze-zrobic-szlachcic-na-zagrodzie-czyli-rowni-i-rowniejsi-cz-3\/","og_site_name":"Jet Line","og_image":[{"width":1366,"height":768,"url":"https:\/\/jetline.pl\/wp-content\/uploads\/2025\/04\/Projekt-bez-nazwy-7.jpg","type":"image\/jpeg"}],"twitter_card":"summary_large_image","twitter_misc":{"Est. reading time":"4 minutes"},"schema":{"@context":"https:\/\/schema.org","@graph":[{"@type":"WebPage","@id":"https:\/\/jetline.pl\/en\/ustawa-krajobrazowa\/co-moze-zrobic-szlachcic-na-zagrodzie-czyli-rowni-i-rowniejsi-cz-3\/","url":"https:\/\/jetline.pl\/en\/ustawa-krajobrazowa\/co-moze-zrobic-szlachcic-na-zagrodzie-czyli-rowni-i-rowniejsi-cz-3\/","name":"Co mo\u017ce zrobi\u0107 szlachcic na zagrodzie, czyli r\u00f3wni i r\u00f3wniejsi cz. 3 - Jet Line","isPartOf":{"@id":"https:\/\/jetline.pl\/en\/#website"},"primaryImageOfPage":{"@id":"https:\/\/jetline.pl\/en\/ustawa-krajobrazowa\/co-moze-zrobic-szlachcic-na-zagrodzie-czyli-rowni-i-rowniejsi-cz-3\/#primaryimage"},"image":{"@id":"https:\/\/jetline.pl\/en\/ustawa-krajobrazowa\/co-moze-zrobic-szlachcic-na-zagrodzie-czyli-rowni-i-rowniejsi-cz-3\/#primaryimage"},"thumbnailUrl":"https:\/\/jetline.pl\/wp-content\/uploads\/2025\/04\/Projekt-bez-nazwy-7.jpg","datePublished":"2025-04-09T13:02:53+00:00","description":"Wybory to czas, kiedy emocje cz\u0119sto bior\u0105 g\u00f3r\u0119 nad zdrowym rozs\u0105dkiem, a szkoda, bo zdrowy rozs\u0105dek przydaje si\u0119 przy prowadzeniu kampanii...","breadcrumb":{"@id":"https:\/\/jetline.pl\/en\/ustawa-krajobrazowa\/co-moze-zrobic-szlachcic-na-zagrodzie-czyli-rowni-i-rowniejsi-cz-3\/#breadcrumb"},"inLanguage":"en-US","potentialAction":[{"@type":"ReadAction","target":["https:\/\/jetline.pl\/en\/ustawa-krajobrazowa\/co-moze-zrobic-szlachcic-na-zagrodzie-czyli-rowni-i-rowniejsi-cz-3\/"]}]},{"@type":"ImageObject","inLanguage":"en-US","@id":"https:\/\/jetline.pl\/en\/ustawa-krajobrazowa\/co-moze-zrobic-szlachcic-na-zagrodzie-czyli-rowni-i-rowniejsi-cz-3\/#primaryimage","url":"https:\/\/jetline.pl\/wp-content\/uploads\/2025\/04\/Projekt-bez-nazwy-7.jpg","contentUrl":"https:\/\/jetline.pl\/wp-content\/uploads\/2025\/04\/Projekt-bez-nazwy-7.jpg","width":1366,"height":768,"caption":"wybory"},{"@type":"BreadcrumbList","@id":"https:\/\/jetline.pl\/en\/ustawa-krajobrazowa\/co-moze-zrobic-szlachcic-na-zagrodzie-czyli-rowni-i-rowniejsi-cz-3\/#breadcrumb","itemListElement":[{"@type":"ListItem","position":1,"name":"Strona g\u0142\u00f3wna","item":"https:\/\/jetline.pl\/en\/"},{"@type":"ListItem","position":2,"name":"Ustawa krajobrazowa","item":"https:\/\/jetline.pl\/en\/ustawa-krajobrazowa\/"},{"@type":"ListItem","position":3,"name":"Co mo\u017ce zrobi\u0107 szlachcic na zagrodzie, czyli r\u00f3wni i r\u00f3wniejsi cz. 3"}]},{"@type":"WebSite","@id":"https:\/\/jetline.pl\/en\/#website","url":"https:\/\/jetline.pl\/en\/","name":"Jet Line","description":"Tworzymy przestrze\u0144 do komunikacji","publisher":{"@id":"https:\/\/jetline.pl\/en\/#organization"},"potentialAction":[{"@type":"SearchAction","target":{"@type":"EntryPoint","urlTemplate":"https:\/\/jetline.pl\/en\/?s={search_term_string}"},"query-input":{"@type":"PropertyValueSpecification","valueRequired":true,"valueName":"search_term_string"}}],"inLanguage":"en-US"},{"@type":"Organization","@id":"https:\/\/jetline.pl\/en\/#organization","name":"Jet Line","url":"https:\/\/jetline.pl\/en\/","logo":{"@type":"ImageObject","inLanguage":"en-US","@id":"https:\/\/jetline.pl\/en\/#\/schema\/logo\/image\/","url":"https:\/\/jetline.pl\/wp-content\/uploads\/2024\/09\/logo_poziom_logo_poziom_czerwone-1.png","contentUrl":"https:\/\/jetline.pl\/wp-content\/uploads\/2024\/09\/logo_poziom_logo_poziom_czerwone-1.png","width":4946,"height":2016,"caption":"Jet Line"},"image":{"@id":"https:\/\/jetline.pl\/en\/#\/schema\/logo\/image\/"}}]}},"_links":{"self":[{"href":"https:\/\/jetline.pl\/en\/wp-json\/wp\/v2\/ustawa\/17123","targetHints":{"allow":["GET"]}}],"collection":[{"href":"https:\/\/jetline.pl\/en\/wp-json\/wp\/v2\/ustawa"}],"about":[{"href":"https:\/\/jetline.pl\/en\/wp-json\/wp\/v2\/types\/ustawa"}],"author":[{"embeddable":true,"href":"https:\/\/jetline.pl\/en\/wp-json\/wp\/v2\/users\/16"}],"wp:featuredmedia":[{"embeddable":true,"href":"https:\/\/jetline.pl\/en\/wp-json\/wp\/v2\/media\/17128"}],"wp:attachment":[{"href":"https:\/\/jetline.pl\/en\/wp-json\/wp\/v2\/media?parent=17123"}],"wp:term":[{"taxonomy":"ustawa_cat","embeddable":true,"href":"https:\/\/jetline.pl\/en\/wp-json\/wp\/v2\/ustawa_cat?post=17123"}],"curies":[{"name":"wp","href":"https:\/\/api.w.org\/{rel}","templated":true}]}}