{"id":1714,"date":"2017-09-20T00:00:00","date_gmt":"2017-09-19T22:00:00","guid":{"rendered":"https:\/\/jetline.presb.pl\/ustawa-krajobrazowa\/krakow-po-raz-drugi\/"},"modified":"2024-09-04T12:57:08","modified_gmt":"2024-09-04T10:57:08","slug":"krakow-po-raz-drugi","status":"publish","type":"ustawa","link":"https:\/\/jetline.pl\/en\/ustawa-krajobrazowa\/krakow-po-raz-drugi\/","title":{"rendered":"Krak\u00f3w po raz drugi"},"content":{"rendered":"<p>[vc_row type=\"in_container\" full_screen_row_position=\"middle\" scene_position=\"center\" text_color=\"dark\" text_align=\"left\" overlay_strength=\"0.3\" shape_divider_position=\"bottom\"][vc_column column_padding=\"no-extra-padding\" column_padding_position=\"all\" background_color_opacity=\"1\" background_hover_color_opacity=\"1\" column_shadow=\"none\" column_border_radius=\"none\" width=\"1\/1\" tablet_text_alignment=\"default\" phone_text_alignment=\"default\" column_border_width=\"none\" column_border_style=\"solid\"][vc_column_text]Min\u0105\u0142 ponad rok, odk\u0105d urz\u0105d miasta Krakowa zebra\u0142 uwagi do projektu swojej uchwa\u0142y krajobrazowej i zapowiedzia\u0142 wprowadzenie zmian.<\/p>\n<p>11 sierpnia br. Prezydent Krakowa og\u0142osi\u0142 wy\u0142o\u017cenie poprawionego projektu Kodeksu Reklamowego. Wy\u0142o\u017cenie jest ostatnim etapem, podczas kt\u00f3rego mo\u017cna zg\u0142asza\u0107 uwagi do projektu przed g\u0142osowaniem w Radzie Miasta.<br \/>\nRzeczywi\u015bcie z projektu znikn\u0119\u0142o wiele absurdalnych zapis\u00f3w, jak chocia\u017cby okre\u015blanie wielko\u015bci naklejek na szybach informuj\u0105cych, jakimi kartami p\u0142atniczymi mo\u017cna p\u0142aci\u0107 w danym sklepie. W ich miejsce zosta\u0142y jednak wprowadzone nowe i niestety, <strong>do tej pory nie zosta\u0142a przeprowadzona inwentaryzacja no\u015bnik\u00f3w reklamowych, kt\u00f3ra pokaza\u0142aby, jaka cz\u0119\u015b\u0107 reklam jest usytuowana nielegalnie<\/strong>.\u00a0Opinie mieszka\u0144c\u00f3w i przedsi\u0119biorc\u00f3w by\u0142y zbierane w ankiecie, w kt\u00f3rej pytania sugerowa\u0142y jedyn\u0105 s\u0142uszn\u0105 odpowied\u017a.<\/p>\n<p>Jak obecnie wygl\u0105da polityka reklamowa Krakowa:<br \/>\n- miasto zosta\u0142o podzielone na 5 stref: stare miasto, centrum Krakowa i Nowej Huty, tereny zielone, g\u0142\u00f3wne ci\u0105gi komunikacyjne oraz tereny pozosta\u0142e,<br \/>\n- reklama ustawiona zgodnie z prawem i reklama nielegalna s\u0105 traktowane tak samo,<br \/>\n- najwi\u0119kszy dopuszczony w mie\u015bcie format to 32m2, jednak nie ma to wi\u0119kszego znaczenia, gdy\u017c zapisy szczeg\u00f3\u0142owe odnosz\u0105ce si\u0119 do parametr\u00f3w\u00a0konstrukcji sprawiaj\u0105, \u017ce w mie\u015bcie pozostanie nie wi\u0119cej ni\u017c kilka procent no\u015bnik\u00f3w,<br \/>\n- murale i banery s\u0105 formami niedopuszczonymi,<br \/>\n- ekrany LCD i LED s\u0105 formami niedopuszczonymi, co jest niezwykle dziwne w kontek\u015bcie niedawnej inwestycji miasta w jeden z najwi\u0119kszych w Europie ekran\u00f3w LED (510 x 10m). Na ten cel sp\u00f3\u0142ka miejska - Agencja Rozwoju Miasta - wyda\u0142a ponad 16 mln z\u0142otych. <strong>Za niewiele ponad 2 lata ekran b\u0119dzie zdemontowany, a ze wzgl\u0119du na swoj\u0105 specyfik\u0119 -\u00a0praktycznie niezbywalny.<\/strong><br \/>\nPogratulowa\u0107 wcze\u015bniejszej inwestycji i obecnego pomys\u0142u.<br \/>\n- okres przej\u015bciowy na dostosowanie (demonta\u017c) wynosi 2 lata.<\/p>\n<p>Nie wszyscy s\u0105 jednak traktowani r\u00f3wno.<br \/>\nPodobnie jak w przypadku Warszawy, Krak\u00f3w faworyzuje jednego operatora \u2013 czyli samego siebie. Zapisy wyra\u017anie pokazuj\u0105, \u017ce <strong>reklama miasta rz\u0105dzi si\u0119 innymi prawami ni\u017c reklama przedsi\u0119biorc\u00f3w.<\/strong> Tak jest r\u00f3wnie\u017c teraz, przyk\u0142adem jest sie\u0107 no\u015bnik\u00f3w miejskich ustawionych w miejscach, kt\u00f3re powinny by\u0107 szczeg\u00f3lnie chronione ze wzgl\u0119du na walory krajobrazowe:<\/p>\n<p><img loading=\"lazy\" decoding=\"async\" class=\"alignnone size-large wp-image-10013\" src=\"https:\/\/jetline.pl\/wp-content\/uploads\/2024\/08\/DSC05435.jpg\" alt=\"\" width=\"1024\" height=\"485\" \/><\/p>\n<p>Mieszka\u0144cy Krakowa b\u0119d\u0105 natomiast musieli po\u017cegna\u0107 si\u0119 z rze\u017ab\u0105 Igora Mitoraja, kt\u00f3ra od 8 lat jest ozdob\u0105 krakowskiego rynku. By\u0107 mo\u017ce wi\u0119c uda si\u0119 przenie\u015b\u0107 dzie\u0142o Mitoraja do stolicy, je\u017celi oczywi\u015bcie podobnego zakazu nie wprowadz\u0105 w\u0142adze Warszawy.<\/p>\n<p><img loading=\"lazy\" decoding=\"async\" class=\"alignnone size-large wp-image-10014\" src=\"https:\/\/jetline.pl\/wp-content\/uploads\/2024\/08\/DSC05437.jpg\" alt=\"\" width=\"1024\" height=\"467\" \/>Uwagi do projektu mo\u017cna sk\u0142ada\u0107 do 13 pa\u017adziernika br.[\/vc_column_text][\/vc_column][\/vc_row]<\/p>\n","protected":false},"author":16,"featured_media":1547,"template":"","ustawa_cat":[],"class_list":["post-1714","ustawa","type-ustawa","status-publish","has-post-thumbnail","hentry"],"acf":[],"yoast_head":"<!-- This site is optimized with the Yoast SEO plugin v27.5 - https:\/\/yoast.com\/product\/yoast-seo-wordpress\/ -->\n<title>Krak\u00f3w po raz drugi - Jet Line<\/title>\n<meta name=\"robots\" content=\"index, follow, max-snippet:-1, max-image-preview:large, max-video-preview:-1\" \/>\n<link rel=\"canonical\" href=\"https:\/\/jetline.pl\/en\/ustawa-krajobrazowa\/krakow-po-raz-drugi\/\" \/>\n<meta property=\"og:locale\" content=\"en_US\" \/>\n<meta property=\"og:type\" content=\"article\" \/>\n<meta property=\"og:title\" content=\"Krak\u00f3w po raz drugi - Jet Line\" \/>\n<meta property=\"og:description\" content=\"[vc_row type=&quot;in_container&quot; full_screen_row_position=&quot;middle&quot; scene_position=&quot;center&quot; text_color=&quot;dark&quot; text_align=&quot;left&quot; overlay_strength=&quot;0.3&quot; shape_divider_position=&quot;bottom&quot;][vc_column column_padding=&quot;no-extra-padding&quot; column_padding_position=&quot;all&quot;...\" \/>\n<meta property=\"og:url\" content=\"https:\/\/jetline.pl\/en\/ustawa-krajobrazowa\/krakow-po-raz-drugi\/\" \/>\n<meta property=\"og:site_name\" content=\"Jet Line\" \/>\n<meta property=\"article:modified_time\" content=\"2024-09-04T10:57:08+00:00\" \/>\n<meta property=\"og:image\" content=\"https:\/\/jetline.pl\/wp-content\/uploads\/2024\/09\/Krakow-tytul.jpg\" \/>\n\t<meta property=\"og:image:width\" content=\"1116\" \/>\n\t<meta property=\"og:image:height\" content=\"724\" \/>\n\t<meta property=\"og:image:type\" content=\"image\/jpeg\" \/>\n<meta name=\"twitter:card\" content=\"summary_large_image\" \/>\n<meta name=\"twitter:label1\" content=\"Est. reading time\" \/>\n\t<meta name=\"twitter:data1\" content=\"3 minutes\" \/>\n<script type=\"application\/ld+json\" class=\"yoast-schema-graph\">{\"@context\":\"https:\\\/\\\/schema.org\",\"@graph\":[{\"@type\":\"WebPage\",\"@id\":\"https:\\\/\\\/jetline.pl\\\/en\\\/ustawa-krajobrazowa\\\/krakow-po-raz-drugi\\\/\",\"url\":\"https:\\\/\\\/jetline.pl\\\/en\\\/ustawa-krajobrazowa\\\/krakow-po-raz-drugi\\\/\",\"name\":\"Krak\u00f3w po raz drugi - Jet Line\",\"isPartOf\":{\"@id\":\"https:\\\/\\\/jetline.pl\\\/en\\\/#website\"},\"primaryImageOfPage\":{\"@id\":\"https:\\\/\\\/jetline.pl\\\/en\\\/ustawa-krajobrazowa\\\/krakow-po-raz-drugi\\\/#primaryimage\"},\"image\":{\"@id\":\"https:\\\/\\\/jetline.pl\\\/en\\\/ustawa-krajobrazowa\\\/krakow-po-raz-drugi\\\/#primaryimage\"},\"thumbnailUrl\":\"https:\\\/\\\/jetline.pl\\\/wp-content\\\/uploads\\\/2024\\\/09\\\/Krakow-tytul.jpg\",\"datePublished\":\"2017-09-19T22:00:00+00:00\",\"dateModified\":\"2024-09-04T10:57:08+00:00\",\"breadcrumb\":{\"@id\":\"https:\\\/\\\/jetline.pl\\\/en\\\/ustawa-krajobrazowa\\\/krakow-po-raz-drugi\\\/#breadcrumb\"},\"inLanguage\":\"en-US\",\"potentialAction\":[{\"@type\":\"ReadAction\",\"target\":[\"https:\\\/\\\/jetline.pl\\\/en\\\/ustawa-krajobrazowa\\\/krakow-po-raz-drugi\\\/\"]}]},{\"@type\":\"ImageObject\",\"inLanguage\":\"en-US\",\"@id\":\"https:\\\/\\\/jetline.pl\\\/en\\\/ustawa-krajobrazowa\\\/krakow-po-raz-drugi\\\/#primaryimage\",\"url\":\"https:\\\/\\\/jetline.pl\\\/wp-content\\\/uploads\\\/2024\\\/09\\\/Krakow-tytul.jpg\",\"contentUrl\":\"https:\\\/\\\/jetline.pl\\\/wp-content\\\/uploads\\\/2024\\\/09\\\/Krakow-tytul.jpg\",\"width\":1116,\"height\":724},{\"@type\":\"BreadcrumbList\",\"@id\":\"https:\\\/\\\/jetline.pl\\\/en\\\/ustawa-krajobrazowa\\\/krakow-po-raz-drugi\\\/#breadcrumb\",\"itemListElement\":[{\"@type\":\"ListItem\",\"position\":1,\"name\":\"Strona g\u0142\u00f3wna\",\"item\":\"https:\\\/\\\/jetline.pl\\\/en\\\/\"},{\"@type\":\"ListItem\",\"position\":2,\"name\":\"Ustawa krajobrazowa\",\"item\":\"https:\\\/\\\/jetline.pl\\\/en\\\/ustawa-krajobrazowa\\\/\"},{\"@type\":\"ListItem\",\"position\":3,\"name\":\"Krak\u00f3w po raz drugi\"}]},{\"@type\":\"WebSite\",\"@id\":\"https:\\\/\\\/jetline.pl\\\/en\\\/#website\",\"url\":\"https:\\\/\\\/jetline.pl\\\/en\\\/\",\"name\":\"Jet Line\",\"description\":\"Tworzymy przestrze\u0144 do komunikacji\",\"publisher\":{\"@id\":\"https:\\\/\\\/jetline.pl\\\/en\\\/#organization\"},\"potentialAction\":[{\"@type\":\"SearchAction\",\"target\":{\"@type\":\"EntryPoint\",\"urlTemplate\":\"https:\\\/\\\/jetline.pl\\\/en\\\/?s={search_term_string}\"},\"query-input\":{\"@type\":\"PropertyValueSpecification\",\"valueRequired\":true,\"valueName\":\"search_term_string\"}}],\"inLanguage\":\"en-US\"},{\"@type\":\"Organization\",\"@id\":\"https:\\\/\\\/jetline.pl\\\/en\\\/#organization\",\"name\":\"Jet Line\",\"url\":\"https:\\\/\\\/jetline.pl\\\/en\\\/\",\"logo\":{\"@type\":\"ImageObject\",\"inLanguage\":\"en-US\",\"@id\":\"https:\\\/\\\/jetline.pl\\\/en\\\/#\\\/schema\\\/logo\\\/image\\\/\",\"url\":\"https:\\\/\\\/jetline.pl\\\/wp-content\\\/uploads\\\/2024\\\/09\\\/logo_poziom_logo_poziom_czerwone-1.png\",\"contentUrl\":\"https:\\\/\\\/jetline.pl\\\/wp-content\\\/uploads\\\/2024\\\/09\\\/logo_poziom_logo_poziom_czerwone-1.png\",\"width\":4946,\"height\":2016,\"caption\":\"Jet Line\"},\"image\":{\"@id\":\"https:\\\/\\\/jetline.pl\\\/en\\\/#\\\/schema\\\/logo\\\/image\\\/\"}}]}<\/script>\n<!-- \/ Yoast SEO plugin. -->","yoast_head_json":{"title":"Krak\u00f3w po raz drugi - Jet Line","robots":{"index":"index","follow":"follow","max-snippet":"max-snippet:-1","max-image-preview":"max-image-preview:large","max-video-preview":"max-video-preview:-1"},"canonical":"https:\/\/jetline.pl\/en\/ustawa-krajobrazowa\/krakow-po-raz-drugi\/","og_locale":"en_US","og_type":"article","og_title":"Krak\u00f3w po raz drugi - Jet Line","og_description":"[vc_row type=\"in_container\" full_screen_row_position=\"middle\" scene_position=\"center\" text_color=\"dark\" text_align=\"left\" overlay_strength=\"0.3\" shape_divider_position=\"bottom\"][vc_column column_padding=\"no-extra-padding\" column_padding_position=\"all\"...","og_url":"https:\/\/jetline.pl\/en\/ustawa-krajobrazowa\/krakow-po-raz-drugi\/","og_site_name":"Jet Line","article_modified_time":"2024-09-04T10:57:08+00:00","og_image":[{"width":1116,"height":724,"url":"https:\/\/jetline.pl\/wp-content\/uploads\/2024\/09\/Krakow-tytul.jpg","type":"image\/jpeg"}],"twitter_card":"summary_large_image","twitter_misc":{"Est. reading time":"3 minutes"},"schema":{"@context":"https:\/\/schema.org","@graph":[{"@type":"WebPage","@id":"https:\/\/jetline.pl\/en\/ustawa-krajobrazowa\/krakow-po-raz-drugi\/","url":"https:\/\/jetline.pl\/en\/ustawa-krajobrazowa\/krakow-po-raz-drugi\/","name":"Krak\u00f3w po raz drugi - Jet Line","isPartOf":{"@id":"https:\/\/jetline.pl\/en\/#website"},"primaryImageOfPage":{"@id":"https:\/\/jetline.pl\/en\/ustawa-krajobrazowa\/krakow-po-raz-drugi\/#primaryimage"},"image":{"@id":"https:\/\/jetline.pl\/en\/ustawa-krajobrazowa\/krakow-po-raz-drugi\/#primaryimage"},"thumbnailUrl":"https:\/\/jetline.pl\/wp-content\/uploads\/2024\/09\/Krakow-tytul.jpg","datePublished":"2017-09-19T22:00:00+00:00","dateModified":"2024-09-04T10:57:08+00:00","breadcrumb":{"@id":"https:\/\/jetline.pl\/en\/ustawa-krajobrazowa\/krakow-po-raz-drugi\/#breadcrumb"},"inLanguage":"en-US","potentialAction":[{"@type":"ReadAction","target":["https:\/\/jetline.pl\/en\/ustawa-krajobrazowa\/krakow-po-raz-drugi\/"]}]},{"@type":"ImageObject","inLanguage":"en-US","@id":"https:\/\/jetline.pl\/en\/ustawa-krajobrazowa\/krakow-po-raz-drugi\/#primaryimage","url":"https:\/\/jetline.pl\/wp-content\/uploads\/2024\/09\/Krakow-tytul.jpg","contentUrl":"https:\/\/jetline.pl\/wp-content\/uploads\/2024\/09\/Krakow-tytul.jpg","width":1116,"height":724},{"@type":"BreadcrumbList","@id":"https:\/\/jetline.pl\/en\/ustawa-krajobrazowa\/krakow-po-raz-drugi\/#breadcrumb","itemListElement":[{"@type":"ListItem","position":1,"name":"Strona g\u0142\u00f3wna","item":"https:\/\/jetline.pl\/en\/"},{"@type":"ListItem","position":2,"name":"Ustawa krajobrazowa","item":"https:\/\/jetline.pl\/en\/ustawa-krajobrazowa\/"},{"@type":"ListItem","position":3,"name":"Krak\u00f3w po raz drugi"}]},{"@type":"WebSite","@id":"https:\/\/jetline.pl\/en\/#website","url":"https:\/\/jetline.pl\/en\/","name":"Jet Line","description":"Tworzymy przestrze\u0144 do komunikacji","publisher":{"@id":"https:\/\/jetline.pl\/en\/#organization"},"potentialAction":[{"@type":"SearchAction","target":{"@type":"EntryPoint","urlTemplate":"https:\/\/jetline.pl\/en\/?s={search_term_string}"},"query-input":{"@type":"PropertyValueSpecification","valueRequired":true,"valueName":"search_term_string"}}],"inLanguage":"en-US"},{"@type":"Organization","@id":"https:\/\/jetline.pl\/en\/#organization","name":"Jet Line","url":"https:\/\/jetline.pl\/en\/","logo":{"@type":"ImageObject","inLanguage":"en-US","@id":"https:\/\/jetline.pl\/en\/#\/schema\/logo\/image\/","url":"https:\/\/jetline.pl\/wp-content\/uploads\/2024\/09\/logo_poziom_logo_poziom_czerwone-1.png","contentUrl":"https:\/\/jetline.pl\/wp-content\/uploads\/2024\/09\/logo_poziom_logo_poziom_czerwone-1.png","width":4946,"height":2016,"caption":"Jet Line"},"image":{"@id":"https:\/\/jetline.pl\/en\/#\/schema\/logo\/image\/"}}]}},"_links":{"self":[{"href":"https:\/\/jetline.pl\/en\/wp-json\/wp\/v2\/ustawa\/1714","targetHints":{"allow":["GET"]}}],"collection":[{"href":"https:\/\/jetline.pl\/en\/wp-json\/wp\/v2\/ustawa"}],"about":[{"href":"https:\/\/jetline.pl\/en\/wp-json\/wp\/v2\/types\/ustawa"}],"author":[{"embeddable":true,"href":"https:\/\/jetline.pl\/en\/wp-json\/wp\/v2\/users\/16"}],"wp:featuredmedia":[{"embeddable":true,"href":"https:\/\/jetline.pl\/en\/wp-json\/wp\/v2\/media\/1547"}],"wp:attachment":[{"href":"https:\/\/jetline.pl\/en\/wp-json\/wp\/v2\/media?parent=1714"}],"wp:term":[{"taxonomy":"ustawa_cat","embeddable":true,"href":"https:\/\/jetline.pl\/en\/wp-json\/wp\/v2\/ustawa_cat?post=1714"}],"curies":[{"name":"wp","href":"https:\/\/api.w.org\/{rel}","templated":true}]}}