{"id":1717,"date":"2017-11-27T00:00:00","date_gmt":"2017-11-26T23:00:00","guid":{"rendered":"https:\/\/jetline.presb.pl\/ustawa-krajobrazowa\/nowa-uchwala-dla-poznania\/"},"modified":"2024-09-04T12:57:08","modified_gmt":"2024-09-04T10:57:08","slug":"nowa-uchwala-dla-poznania","status":"publish","type":"ustawa","link":"https:\/\/jetline.pl\/en\/ustawa-krajobrazowa\/nowa-uchwala-dla-poznania\/","title":{"rendered":"Nowa uchwa\u0142a dla Poznania"},"content":{"rendered":"<p>[vc_column column_padding=\"no-extra-padding\" column_padding_position=\"all\" background_color_opacity=\"1\" background_hover_color_opacity=\"1\" column_shadow=\"none\" column_border_radius=\"none\" width=\"1\/1\" tablet_text_alignment=\"default\" phone_text_alignment=\"default\" column_border_width=\"none\" column_border_style=\"solid\"][vc_column_text]22 listopada w Poznaniu odby\u0142a si\u0119 prezentacja za\u0142o\u017ce\u0144 uchwa\u0142y krajobrazowej.<br \/>\nMiasto Pozna\u0144\u00a0rozpoczyna\u00a0porz\u0105dkowanie przestrzeni publicznej od wydzielenia obszar\u00f3w i dla cel\u00f3w uchwa\u0142y Pozna\u0144 b\u0119dzie podzielony na 4 strefy: staromiejsk\u0105, zurbanizowan\u0105, przyrodnicz\u0105 oraz centrum i dzielnice historyczne:<\/p>\n<p><img loading=\"lazy\" decoding=\"async\" class=\"alignnone size-full wp-image-10008\" src=\"https:\/\/jetline.pl\/wp-content\/uploads\/2024\/08\/Poznan-strefy.jpg\" alt=\"\" width=\"893\" height=\"856\" \/>W strefach: staromiejskiej i centralnej <strong>b\u0119d\u0105 dopuszczone jedynie dwa typy no\u015bnik\u00f3w systemowych:<\/strong> citylight oraz s\u0142upy og\u0142oszeniowe. Dodatkowo b\u0119d\u0105 dopuszczone <strong>murale<\/strong> na \u015bcianach szczytowych oraz <strong>siatki ochronne podczas remont\u00f3w<\/strong>, gdzie reklama b\u0119dzie mog\u0142a stanowi\u0107 30% powierzchni dekoracji i by\u0107 eksponowana nie d\u0142u\u017cej ni\u017c 12 miesi\u0119cy.<\/p>\n<p><strong>Uchwa\u0142a wprowadza przywileje<\/strong> dla: wydarze\u0144 odbywaj\u0105cych si\u0119 w przestrzeni publicznej, reklam SIM (System Informacji Miejskiej), reklamy zwi\u0105zanej z budynkami kultury, o\u015bwiaty i sportu. Uchwa\u0142a wprowadza r\u00f3wnie\u017c przywileje dla wielkopowierzchniowych budynk\u00f3w handlowych, jednak nie dla wszystkich takie same. Granic\u0105 jest powierzchnia zabudowy 15 tys. m2.<\/p>\n<p><strong>Najwi\u0119kszy dopuszczony w mie\u015bcie format<\/strong> tablicy wolnostoj\u0105cej wynosi 18 m2. Parametry tablic (wysoko\u015b\u0107, odleg\u0142o\u015bci od kraw\u0119dzi jezdni, s\u0105siedniego budynku, reklamy, skrzy\u017cowania, szeroko\u015b\u0107 pasa drogowego) s\u0105 ustalone tak, \u017ce praktycznie wykluczaj\u0105 ustawienie no\u015bnika wi\u0119kszego ni\u017c CLP lub s\u0142upa og\u0142oszeniowego.<\/p>\n<p><strong>No\u015bniki w technologii cyfrowej<\/strong> s\u0105 dopuszczone jedynie na formacie CLP, jednak projektodawcy rozwa\u017caj\u0105 wprowadzenie go r\u00f3wnie\u017c w formacie 9 m2.<\/p>\n<p>Nie wszystkie zapisy uchwa\u0142y s\u0105 zrozumia\u0142e, na przyk\u0142ad: \u201eWprowadza si\u0119 ( \u2026.) zakaz lokalizowania tablic reklamowych i urz\u0105dze\u0144 reklamowych na terenach zieleni, zbiornikach wodnych i wodach p\u0142yn\u0105cych, z wyj\u0105tkiem przeno\u015bnych pulpit\u00f3w w formacie A3, potykaczy oraz ekspozytor\u00f3w.\u201d<\/p>\n<p>Podsumowuj\u0105c \u2013 po wprowadzeniu takich zapis\u00f3w, wi\u0119kszo\u015b\u0107 reklam znajdzie si\u0119 na terenach nale\u017c\u0105cych do miasta.<br \/>\nBardzo rozczarowa\u0142o mnie stanowisko prowadz\u0105cych spotkanie, kt\u00f3rzy na wst\u0119pie <strong>zadecydowali o pomini\u0119ciu kwestii warunk\u00f3w dostosowania, terminu dostosowania oraz praw nabytych i op\u0142at. Szkoda, bo to tematy bardzo wa\u017cne.<\/strong> O pozosta\u0142ych za\u015b mo\u017cna by\u0142o dowiedzie\u0107 si\u0119 ju\u017c 9 miesi\u0119cy temu, co prawda nie by\u0142o wtedy tak pi\u0119knych infografik i znaczk\u00f3w\u2026<\/p>\n<p>Ostateczny projekt uchwa\u0142y ma by\u0107 zaprezentowany w marcu 2018 r.<br \/>\nSzczeg\u00f3\u0142owe informacje dotycz\u0105ce za\u0142o\u017ce\u0144 projektu znajduj\u0105 si\u0119 na stronie: <a href=\"http:\/\/www.poznan.pl\/krajobrazowa\/\">http:\/\/www.poznan.pl\/krajobrazowa\/<\/a>[\/vc_column_text][\/vc_column]<\/p>\n","protected":false},"author":16,"featured_media":1553,"template":"","ustawa_cat":[],"class_list":["post-1717","ustawa","type-ustawa","status-publish","has-post-thumbnail","hentry"],"acf":[],"yoast_head":"<!-- This site is optimized with the Yoast SEO plugin v27.5 - https:\/\/yoast.com\/product\/yoast-seo-wordpress\/ -->\n<title>Nowa uchwa\u0142a dla Poznania - Jet Line<\/title>\n<meta name=\"robots\" content=\"index, follow, max-snippet:-1, max-image-preview:large, max-video-preview:-1\" \/>\n<link rel=\"canonical\" href=\"https:\/\/jetline.pl\/en\/ustawa-krajobrazowa\/nowa-uchwala-dla-poznania\/\" \/>\n<meta property=\"og:locale\" content=\"en_US\" \/>\n<meta property=\"og:type\" content=\"article\" \/>\n<meta property=\"og:title\" content=\"Nowa uchwa\u0142a dla Poznania - Jet Line\" \/>\n<meta property=\"og:description\" content=\"[vc_column column_padding=&quot;no-extra-padding&quot; column_padding_position=&quot;all&quot; background_color_opacity=&quot;1&quot; background_hover_color_opacity=&quot;1&quot; column_shadow=&quot;none&quot; column_border_radius=&quot;none&quot; width=&quot;1\/1&quot; tablet_text_alignment=&quot;default&quot; phone_text_alignment=&quot;default&quot;...\" \/>\n<meta property=\"og:url\" content=\"https:\/\/jetline.pl\/en\/ustawa-krajobrazowa\/nowa-uchwala-dla-poznania\/\" \/>\n<meta property=\"og:site_name\" content=\"Jet Line\" \/>\n<meta property=\"article:modified_time\" content=\"2024-09-04T10:57:08+00:00\" \/>\n<meta property=\"og:image\" content=\"https:\/\/jetline.pl\/wp-content\/uploads\/2024\/09\/20171123_095625.jpg\" \/>\n\t<meta property=\"og:image:width\" content=\"1008\" \/>\n\t<meta property=\"og:image:height\" content=\"567\" \/>\n\t<meta property=\"og:image:type\" content=\"image\/jpeg\" \/>\n<meta name=\"twitter:card\" content=\"summary_large_image\" \/>\n<meta name=\"twitter:label1\" content=\"Est. reading time\" \/>\n\t<meta name=\"twitter:data1\" content=\"2 minutes\" \/>\n<script type=\"application\/ld+json\" class=\"yoast-schema-graph\">{\"@context\":\"https:\\\/\\\/schema.org\",\"@graph\":[{\"@type\":\"WebPage\",\"@id\":\"https:\\\/\\\/jetline.pl\\\/en\\\/ustawa-krajobrazowa\\\/nowa-uchwala-dla-poznania\\\/\",\"url\":\"https:\\\/\\\/jetline.pl\\\/en\\\/ustawa-krajobrazowa\\\/nowa-uchwala-dla-poznania\\\/\",\"name\":\"Nowa uchwa\u0142a dla Poznania - Jet Line\",\"isPartOf\":{\"@id\":\"https:\\\/\\\/jetline.pl\\\/en\\\/#website\"},\"primaryImageOfPage\":{\"@id\":\"https:\\\/\\\/jetline.pl\\\/en\\\/ustawa-krajobrazowa\\\/nowa-uchwala-dla-poznania\\\/#primaryimage\"},\"image\":{\"@id\":\"https:\\\/\\\/jetline.pl\\\/en\\\/ustawa-krajobrazowa\\\/nowa-uchwala-dla-poznania\\\/#primaryimage\"},\"thumbnailUrl\":\"https:\\\/\\\/jetline.pl\\\/wp-content\\\/uploads\\\/2024\\\/09\\\/20171123_095625.jpg\",\"datePublished\":\"2017-11-26T23:00:00+00:00\",\"dateModified\":\"2024-09-04T10:57:08+00:00\",\"breadcrumb\":{\"@id\":\"https:\\\/\\\/jetline.pl\\\/en\\\/ustawa-krajobrazowa\\\/nowa-uchwala-dla-poznania\\\/#breadcrumb\"},\"inLanguage\":\"en-US\",\"potentialAction\":[{\"@type\":\"ReadAction\",\"target\":[\"https:\\\/\\\/jetline.pl\\\/en\\\/ustawa-krajobrazowa\\\/nowa-uchwala-dla-poznania\\\/\"]}]},{\"@type\":\"ImageObject\",\"inLanguage\":\"en-US\",\"@id\":\"https:\\\/\\\/jetline.pl\\\/en\\\/ustawa-krajobrazowa\\\/nowa-uchwala-dla-poznania\\\/#primaryimage\",\"url\":\"https:\\\/\\\/jetline.pl\\\/wp-content\\\/uploads\\\/2024\\\/09\\\/20171123_095625.jpg\",\"contentUrl\":\"https:\\\/\\\/jetline.pl\\\/wp-content\\\/uploads\\\/2024\\\/09\\\/20171123_095625.jpg\",\"width\":1008,\"height\":567},{\"@type\":\"BreadcrumbList\",\"@id\":\"https:\\\/\\\/jetline.pl\\\/en\\\/ustawa-krajobrazowa\\\/nowa-uchwala-dla-poznania\\\/#breadcrumb\",\"itemListElement\":[{\"@type\":\"ListItem\",\"position\":1,\"name\":\"Strona g\u0142\u00f3wna\",\"item\":\"https:\\\/\\\/jetline.pl\\\/en\\\/\"},{\"@type\":\"ListItem\",\"position\":2,\"name\":\"Ustawa krajobrazowa\",\"item\":\"https:\\\/\\\/jetline.pl\\\/en\\\/ustawa-krajobrazowa\\\/\"},{\"@type\":\"ListItem\",\"position\":3,\"name\":\"Nowa uchwa\u0142a dla Poznania\"}]},{\"@type\":\"WebSite\",\"@id\":\"https:\\\/\\\/jetline.pl\\\/en\\\/#website\",\"url\":\"https:\\\/\\\/jetline.pl\\\/en\\\/\",\"name\":\"Jet Line\",\"description\":\"Tworzymy przestrze\u0144 do komunikacji\",\"publisher\":{\"@id\":\"https:\\\/\\\/jetline.pl\\\/en\\\/#organization\"},\"potentialAction\":[{\"@type\":\"SearchAction\",\"target\":{\"@type\":\"EntryPoint\",\"urlTemplate\":\"https:\\\/\\\/jetline.pl\\\/en\\\/?s={search_term_string}\"},\"query-input\":{\"@type\":\"PropertyValueSpecification\",\"valueRequired\":true,\"valueName\":\"search_term_string\"}}],\"inLanguage\":\"en-US\"},{\"@type\":\"Organization\",\"@id\":\"https:\\\/\\\/jetline.pl\\\/en\\\/#organization\",\"name\":\"Jet Line\",\"url\":\"https:\\\/\\\/jetline.pl\\\/en\\\/\",\"logo\":{\"@type\":\"ImageObject\",\"inLanguage\":\"en-US\",\"@id\":\"https:\\\/\\\/jetline.pl\\\/en\\\/#\\\/schema\\\/logo\\\/image\\\/\",\"url\":\"https:\\\/\\\/jetline.pl\\\/wp-content\\\/uploads\\\/2024\\\/09\\\/logo_poziom_logo_poziom_czerwone-1.png\",\"contentUrl\":\"https:\\\/\\\/jetline.pl\\\/wp-content\\\/uploads\\\/2024\\\/09\\\/logo_poziom_logo_poziom_czerwone-1.png\",\"width\":4946,\"height\":2016,\"caption\":\"Jet Line\"},\"image\":{\"@id\":\"https:\\\/\\\/jetline.pl\\\/en\\\/#\\\/schema\\\/logo\\\/image\\\/\"}}]}<\/script>\n<!-- \/ Yoast SEO plugin. -->","yoast_head_json":{"title":"Nowa uchwa\u0142a dla Poznania - Jet Line","robots":{"index":"index","follow":"follow","max-snippet":"max-snippet:-1","max-image-preview":"max-image-preview:large","max-video-preview":"max-video-preview:-1"},"canonical":"https:\/\/jetline.pl\/en\/ustawa-krajobrazowa\/nowa-uchwala-dla-poznania\/","og_locale":"en_US","og_type":"article","og_title":"Nowa uchwa\u0142a dla Poznania - Jet Line","og_description":"[vc_column column_padding=\"no-extra-padding\" column_padding_position=\"all\" background_color_opacity=\"1\" background_hover_color_opacity=\"1\" column_shadow=\"none\" column_border_radius=\"none\" width=\"1\/1\" tablet_text_alignment=\"default\" phone_text_alignment=\"default\"...","og_url":"https:\/\/jetline.pl\/en\/ustawa-krajobrazowa\/nowa-uchwala-dla-poznania\/","og_site_name":"Jet Line","article_modified_time":"2024-09-04T10:57:08+00:00","og_image":[{"width":1008,"height":567,"url":"https:\/\/jetline.pl\/wp-content\/uploads\/2024\/09\/20171123_095625.jpg","type":"image\/jpeg"}],"twitter_card":"summary_large_image","twitter_misc":{"Est. reading time":"2 minutes"},"schema":{"@context":"https:\/\/schema.org","@graph":[{"@type":"WebPage","@id":"https:\/\/jetline.pl\/en\/ustawa-krajobrazowa\/nowa-uchwala-dla-poznania\/","url":"https:\/\/jetline.pl\/en\/ustawa-krajobrazowa\/nowa-uchwala-dla-poznania\/","name":"Nowa uchwa\u0142a dla Poznania - Jet Line","isPartOf":{"@id":"https:\/\/jetline.pl\/en\/#website"},"primaryImageOfPage":{"@id":"https:\/\/jetline.pl\/en\/ustawa-krajobrazowa\/nowa-uchwala-dla-poznania\/#primaryimage"},"image":{"@id":"https:\/\/jetline.pl\/en\/ustawa-krajobrazowa\/nowa-uchwala-dla-poznania\/#primaryimage"},"thumbnailUrl":"https:\/\/jetline.pl\/wp-content\/uploads\/2024\/09\/20171123_095625.jpg","datePublished":"2017-11-26T23:00:00+00:00","dateModified":"2024-09-04T10:57:08+00:00","breadcrumb":{"@id":"https:\/\/jetline.pl\/en\/ustawa-krajobrazowa\/nowa-uchwala-dla-poznania\/#breadcrumb"},"inLanguage":"en-US","potentialAction":[{"@type":"ReadAction","target":["https:\/\/jetline.pl\/en\/ustawa-krajobrazowa\/nowa-uchwala-dla-poznania\/"]}]},{"@type":"ImageObject","inLanguage":"en-US","@id":"https:\/\/jetline.pl\/en\/ustawa-krajobrazowa\/nowa-uchwala-dla-poznania\/#primaryimage","url":"https:\/\/jetline.pl\/wp-content\/uploads\/2024\/09\/20171123_095625.jpg","contentUrl":"https:\/\/jetline.pl\/wp-content\/uploads\/2024\/09\/20171123_095625.jpg","width":1008,"height":567},{"@type":"BreadcrumbList","@id":"https:\/\/jetline.pl\/en\/ustawa-krajobrazowa\/nowa-uchwala-dla-poznania\/#breadcrumb","itemListElement":[{"@type":"ListItem","position":1,"name":"Strona g\u0142\u00f3wna","item":"https:\/\/jetline.pl\/en\/"},{"@type":"ListItem","position":2,"name":"Ustawa krajobrazowa","item":"https:\/\/jetline.pl\/en\/ustawa-krajobrazowa\/"},{"@type":"ListItem","position":3,"name":"Nowa uchwa\u0142a dla Poznania"}]},{"@type":"WebSite","@id":"https:\/\/jetline.pl\/en\/#website","url":"https:\/\/jetline.pl\/en\/","name":"Jet Line","description":"Tworzymy przestrze\u0144 do komunikacji","publisher":{"@id":"https:\/\/jetline.pl\/en\/#organization"},"potentialAction":[{"@type":"SearchAction","target":{"@type":"EntryPoint","urlTemplate":"https:\/\/jetline.pl\/en\/?s={search_term_string}"},"query-input":{"@type":"PropertyValueSpecification","valueRequired":true,"valueName":"search_term_string"}}],"inLanguage":"en-US"},{"@type":"Organization","@id":"https:\/\/jetline.pl\/en\/#organization","name":"Jet Line","url":"https:\/\/jetline.pl\/en\/","logo":{"@type":"ImageObject","inLanguage":"en-US","@id":"https:\/\/jetline.pl\/en\/#\/schema\/logo\/image\/","url":"https:\/\/jetline.pl\/wp-content\/uploads\/2024\/09\/logo_poziom_logo_poziom_czerwone-1.png","contentUrl":"https:\/\/jetline.pl\/wp-content\/uploads\/2024\/09\/logo_poziom_logo_poziom_czerwone-1.png","width":4946,"height":2016,"caption":"Jet Line"},"image":{"@id":"https:\/\/jetline.pl\/en\/#\/schema\/logo\/image\/"}}]}},"_links":{"self":[{"href":"https:\/\/jetline.pl\/en\/wp-json\/wp\/v2\/ustawa\/1717","targetHints":{"allow":["GET"]}}],"collection":[{"href":"https:\/\/jetline.pl\/en\/wp-json\/wp\/v2\/ustawa"}],"about":[{"href":"https:\/\/jetline.pl\/en\/wp-json\/wp\/v2\/types\/ustawa"}],"author":[{"embeddable":true,"href":"https:\/\/jetline.pl\/en\/wp-json\/wp\/v2\/users\/16"}],"wp:featuredmedia":[{"embeddable":true,"href":"https:\/\/jetline.pl\/en\/wp-json\/wp\/v2\/media\/1553"}],"wp:attachment":[{"href":"https:\/\/jetline.pl\/en\/wp-json\/wp\/v2\/media?parent=1717"}],"wp:term":[{"taxonomy":"ustawa_cat","embeddable":true,"href":"https:\/\/jetline.pl\/en\/wp-json\/wp\/v2\/ustawa_cat?post=1717"}],"curies":[{"name":"wp","href":"https:\/\/api.w.org\/{rel}","templated":true}]}}