{"id":1718,"date":"2018-01-12T07:30:59","date_gmt":"2018-01-12T06:30:59","guid":{"rendered":"https:\/\/jetline.presb.pl\/ustawa-krajobrazowa\/nik-o-ksztaltowaniu-krajobrazu-i-przestrzeni-publicznej-miast\/"},"modified":"2018-01-12T07:30:59","modified_gmt":"2018-01-12T06:30:59","slug":"nik-o-ksztaltowaniu-krajobrazu-i-przestrzeni-publicznej-miast","status":"publish","type":"ustawa","link":"https:\/\/jetline.pl\/en\/ustawa-krajobrazowa\/nik-o-ksztaltowaniu-krajobrazu-i-przestrzeni-publicznej-miast\/","title":{"rendered":"NIK o kszta\u0142towaniu krajobrazu i przestrzeni publicznej miast"},"content":{"rendered":"<p>[vc_row type=\"in_container\" full_screen_row_position=\"middle\" scene_position=\"center\" text_color=\"dark\" text_align=\"left\" overlay_strength=\"0.3\" shape_divider_position=\"bottom\"][vc_column column_padding=\"no-extra-padding\" column_padding_position=\"all\" background_color_opacity=\"1\" background_hover_color_opacity=\"1\" column_shadow=\"none\" column_border_radius=\"none\" width=\"1\/1\" tablet_text_alignment=\"default\" phone_text_alignment=\"default\" column_border_width=\"none\" column_border_style=\"solid\"][vc_column_text]Kilka dni temu NIK opublikowa\u0142 wyniki kontroli przeprowadzonej w zwi\u0105zku z:<\/p>\n<ul>\n<li>wej\u015bciem w \u017cycie ustawy krajobrazowej,<\/li>\n<li>chaosem przestrzennym, estetycznym i wizualnym, panuj\u0105cym w polskich miastach,<\/li>\n<li>niewielk\u0105 liczb\u0105 park\u00f3w kulturowych, stanowi\u0105cych jedno z podstawowych narz\u0119dzi zagospodarowania przestrzeni publicznej w miastach.<\/li>\n<\/ul>\n<p>Celem kontroli by\u0142a ocena dzia\u0142a\u0144 samorz\u0105d\u00f3w zmierzaj\u0105cych do poprawy jako\u015bci przestrzeni publicznej.W trakcie kontroli oceniono: prawid\u0142owo\u015b\u0107 i skuteczno\u015b\u0107 wdra\u017cania uchwa\u0142 o parkach kulturowych, planach miejscowych, prawid\u0142owo\u015b\u0107 zarz\u0105dzania pasem drogowym\u00a0 i dzia\u0142a\u0144 konserwator\u00f3w zabytk\u00f3w.<\/p>\n<p>Skontrolowane zosta\u0142y urz\u0119dy gmin w Warszawie, Krakowie, Wroc\u0142awiu, Gda\u0144sku, Radomiu, Sieradzu i Zakopanem; Zarz\u0105dy Dr\u00f3g Warszawy, Wroc\u0142awia Gda\u0144ska, Krakowa i Radomia oraz wojew\u00f3dzcy konserwatorzy zabytk\u00f3w w Warszawie i \u0141odzi.[\/vc_column_text][divider line_type=\"No Line\" custom_height=\"40\"][image_with_animation image_url=\"10161\" alignment=\"\" animation=\"Fade In\" border_radius=\"none\" box_shadow=\"none\" max_width=\"100%\"][divider line_type=\"No Line\" custom_height=\"40\"][vc_column_text]W wyniku kontroli NIK stwierdzi\u0142,\u017ce dzia\u0142ania zarz\u0105d\u00f3w dr\u00f3g zwi\u0105zane z wydawaniem decyzji na zaj\u0119cie pasa drogowego\u00a0 w celu umieszczenia reklam jest nieprawid\u0142owe i nieskuteczne. Na 1000 skontrolowanych reklam w pasie drogowym, prawie 60% to reklamy nielegalne lub umieszczone niezgodnie z warunkami decyzji.[\/vc_column_text][divider line_type=\"No Line\" custom_height=\"40\"][image_with_animation image_url=\"10163\" alignment=\"\" animation=\"Fade In\" border_radius=\"none\" box_shadow=\"none\" max_width=\"100%\"][divider line_type=\"No Line\" custom_height=\"40\"][vc_column_text]Ta cz\u0119\u015b\u0107 raportu zadziwi\u0142a mnie najbardziej. Wed\u0142ug naszych szacunk\u00f3w (potwierdzonych mi\u0119dzy innymi w ocenie urz\u0119du miasta w Szczecinie), a\u017c 80% reklam to reklamy nielegalne \u2013 jednak t\u0119 liczb\u0119 odnosili\u015bmy g\u0142\u00f3wnie do teren\u00f3w prywatnych, gdzie kontrola urz\u0119du jest trudniejsza. Pas drogowy nale\u017cy do miasta,gminy \u00a0b\u0105d\u017a skarbu pa\u0144stwai jest zarz\u0105dzany przez specjalnie do tego celu powo\u0142ana instytucj\u0119 (zarz\u0105d dr\u00f3g), kt\u00f3ra posiada doskona\u0142e narz\u0119dzia do egzekwowania porz\u0105dku na swoim terenie: bardzo wysokie op\u0142aty za zaj\u0119cie pasa drogowego oraz kilku\/kilkunastokrotno\u015b\u0107 tych op\u0142at w przypadku bezprawnego zaj\u0119cia pasa drogowego. Utrzymanie porz\u0105dku powinno by\u0107 zatem bardzo proste \u2013 wystarczy chcie\u0107 i zatrudni\u0107 kompetentnych ludzi. Niestety, w naszych miastach to nie wychodzi. Ciekawe, jak zatem b\u0119d\u0105 egzekwowane op\u0142aty reklamowe po wej\u015bciu w \u017cycie uchwa\u0142 reklamowych.<\/p>\n<p>W dalszej cz\u0119\u015bci raportu jako nieprawid\u0142owy i nieskutecznyzosta\u0142 ocenionynadz\u00f3r konserwatorski. Analizie poddano 166 obiekt\u00f3w wpisanych do rejestru zabytk\u00f3w (w tym 50 po\u0142o\u017conych na terenie park\u00f3w kulturowych).Na ka\u017cdym zabytku znajdowa\u0142y si\u0119 - przeci\u0119tnie - 2 nielegalne reklamy\u2026.<\/p>\n<p>W podsumowaniu raportu mo\u017cemy przeczyta\u0107: \u201eW ocenie Najwy\u017cszej Izby Kontroli dzia\u0142ania podejmowane przez skontrolowane miasta wp\u0142yn\u0119\u0142y na poprawienie jako\u015bci przestrzeni publicznej. Stopie\u0144 tego wp\u0142ywu by\u0142 jednak zr\u00f3\u017cnicowany. Najskuteczniejsze dzia\u0142ania podejmowano w Krakowie i we Wroc\u0142awiu, najmniej skuteczne \u2013 w Radomiu oraz w Zakopanem \u2013 w odniesieniu do parku kulturowego Kotliny Zakopia\u0144skiej. Dokonuj\u0105c oceny poszczeg\u00f3lnych miast, nale\u017cy mie\u0107 na uwadze, \u017ce uporz\u0105dkowanie przestrzeni publicznej to proces d\u0142ugotrwa\u0142y i roz\u0142o\u017cony w czasie, wymagaj\u0105cy du\u017cego stopnie zaanga\u017cowania i konsekwencji ze strony jednostek samorz\u0105du terytorialnego w wielu obszarach ich dzia\u0142alno\u015bci, takich jak tworzenie i zapewnienie funkcjonowania parku kulturowego, zarz\u0105dzanie pasem drogowym, nadz\u00f3r konserwatorski, uchwalanie miejscowych plan\u00f3w zagospodarowania przestrzennego oraz w przysz\u0142o\u015bci uchwa\u0142y krajobrazowej.\u201d<\/p>\n<p>Wi\u0119cej szczeg\u00f3\u0142\u00f3w na stronie Najwy\u017cszej Izby Kontroli:<br \/>\n<a href=\"https:\/\/www.nik.gov.pl\/aktualnosci\/nik-o-ksztaltowaniu-krajobrazu-i-przestrzeni-publicznej.html\" target=\"_blank\" rel=\"noopener\">https:\/\/www.nik.gov.pl\/aktualnosci\/nik-o-ksztaltowaniu-krajobrazu-i-przestrzeni-publicznej.html<\/a>[\/vc_column_text][\/vc_column][\/vc_row]<\/p>\n","protected":false},"author":16,"featured_media":1555,"template":"","ustawa_cat":[],"class_list":["post-1718","ustawa","type-ustawa","status-publish","has-post-thumbnail","hentry"],"acf":[],"yoast_head":"<!-- This site is optimized with the Yoast SEO plugin v27.5 - https:\/\/yoast.com\/product\/yoast-seo-wordpress\/ -->\n<title>NIK o kszta\u0142towaniu krajobrazu i przestrzeni publicznej miast - Jet Line<\/title>\n<meta name=\"robots\" content=\"index, follow, max-snippet:-1, max-image-preview:large, max-video-preview:-1\" \/>\n<link rel=\"canonical\" href=\"https:\/\/jetline.pl\/en\/ustawa-krajobrazowa\/nik-o-ksztaltowaniu-krajobrazu-i-przestrzeni-publicznej-miast\/\" \/>\n<meta property=\"og:locale\" content=\"en_US\" \/>\n<meta property=\"og:type\" content=\"article\" \/>\n<meta property=\"og:title\" content=\"NIK o kszta\u0142towaniu krajobrazu i przestrzeni publicznej miast - Jet Line\" \/>\n<meta property=\"og:description\" content=\"[vc_row type=&quot;in_container&quot; full_screen_row_position=&quot;middle&quot; scene_position=&quot;center&quot; text_color=&quot;dark&quot; text_align=&quot;left&quot; overlay_strength=&quot;0.3&quot; shape_divider_position=&quot;bottom&quot;][vc_column column_padding=&quot;no-extra-padding&quot; column_padding_position=&quot;all&quot;...\" \/>\n<meta property=\"og:url\" content=\"https:\/\/jetline.pl\/en\/ustawa-krajobrazowa\/nik-o-ksztaltowaniu-krajobrazu-i-przestrzeni-publicznej-miast\/\" \/>\n<meta property=\"og:site_name\" content=\"Jet Line\" \/>\n<meta property=\"og:image\" content=\"https:\/\/jetline.pl\/wp-content\/uploads\/2024\/09\/logo-nik.jpg\" \/>\n\t<meta property=\"og:image:width\" content=\"2325\" \/>\n\t<meta property=\"og:image:height\" content=\"1837\" \/>\n\t<meta property=\"og:image:type\" content=\"image\/jpeg\" \/>\n<meta name=\"twitter:card\" content=\"summary_large_image\" \/>\n<meta name=\"twitter:label1\" content=\"Est. reading time\" \/>\n\t<meta name=\"twitter:data1\" content=\"3 minutes\" \/>\n<script type=\"application\/ld+json\" class=\"yoast-schema-graph\">{\"@context\":\"https:\\\/\\\/schema.org\",\"@graph\":[{\"@type\":\"WebPage\",\"@id\":\"https:\\\/\\\/jetline.pl\\\/en\\\/ustawa-krajobrazowa\\\/nik-o-ksztaltowaniu-krajobrazu-i-przestrzeni-publicznej-miast\\\/\",\"url\":\"https:\\\/\\\/jetline.pl\\\/en\\\/ustawa-krajobrazowa\\\/nik-o-ksztaltowaniu-krajobrazu-i-przestrzeni-publicznej-miast\\\/\",\"name\":\"NIK o kszta\u0142towaniu krajobrazu i przestrzeni publicznej miast - Jet Line\",\"isPartOf\":{\"@id\":\"https:\\\/\\\/jetline.pl\\\/en\\\/#website\"},\"primaryImageOfPage\":{\"@id\":\"https:\\\/\\\/jetline.pl\\\/en\\\/ustawa-krajobrazowa\\\/nik-o-ksztaltowaniu-krajobrazu-i-przestrzeni-publicznej-miast\\\/#primaryimage\"},\"image\":{\"@id\":\"https:\\\/\\\/jetline.pl\\\/en\\\/ustawa-krajobrazowa\\\/nik-o-ksztaltowaniu-krajobrazu-i-przestrzeni-publicznej-miast\\\/#primaryimage\"},\"thumbnailUrl\":\"https:\\\/\\\/jetline.pl\\\/wp-content\\\/uploads\\\/2024\\\/09\\\/logo-nik.jpg\",\"datePublished\":\"2018-01-12T06:30:59+00:00\",\"breadcrumb\":{\"@id\":\"https:\\\/\\\/jetline.pl\\\/en\\\/ustawa-krajobrazowa\\\/nik-o-ksztaltowaniu-krajobrazu-i-przestrzeni-publicznej-miast\\\/#breadcrumb\"},\"inLanguage\":\"en-US\",\"potentialAction\":[{\"@type\":\"ReadAction\",\"target\":[\"https:\\\/\\\/jetline.pl\\\/en\\\/ustawa-krajobrazowa\\\/nik-o-ksztaltowaniu-krajobrazu-i-przestrzeni-publicznej-miast\\\/\"]}]},{\"@type\":\"ImageObject\",\"inLanguage\":\"en-US\",\"@id\":\"https:\\\/\\\/jetline.pl\\\/en\\\/ustawa-krajobrazowa\\\/nik-o-ksztaltowaniu-krajobrazu-i-przestrzeni-publicznej-miast\\\/#primaryimage\",\"url\":\"https:\\\/\\\/jetline.pl\\\/wp-content\\\/uploads\\\/2024\\\/09\\\/logo-nik.jpg\",\"contentUrl\":\"https:\\\/\\\/jetline.pl\\\/wp-content\\\/uploads\\\/2024\\\/09\\\/logo-nik.jpg\",\"width\":2325,\"height\":1837},{\"@type\":\"BreadcrumbList\",\"@id\":\"https:\\\/\\\/jetline.pl\\\/en\\\/ustawa-krajobrazowa\\\/nik-o-ksztaltowaniu-krajobrazu-i-przestrzeni-publicznej-miast\\\/#breadcrumb\",\"itemListElement\":[{\"@type\":\"ListItem\",\"position\":1,\"name\":\"Strona g\u0142\u00f3wna\",\"item\":\"https:\\\/\\\/jetline.pl\\\/en\\\/\"},{\"@type\":\"ListItem\",\"position\":2,\"name\":\"Ustawa krajobrazowa\",\"item\":\"https:\\\/\\\/jetline.pl\\\/en\\\/ustawa-krajobrazowa\\\/\"},{\"@type\":\"ListItem\",\"position\":3,\"name\":\"NIK o kszta\u0142towaniu krajobrazu i przestrzeni publicznej miast\"}]},{\"@type\":\"WebSite\",\"@id\":\"https:\\\/\\\/jetline.pl\\\/en\\\/#website\",\"url\":\"https:\\\/\\\/jetline.pl\\\/en\\\/\",\"name\":\"Jet Line\",\"description\":\"Tworzymy przestrze\u0144 do komunikacji\",\"publisher\":{\"@id\":\"https:\\\/\\\/jetline.pl\\\/en\\\/#organization\"},\"potentialAction\":[{\"@type\":\"SearchAction\",\"target\":{\"@type\":\"EntryPoint\",\"urlTemplate\":\"https:\\\/\\\/jetline.pl\\\/en\\\/?s={search_term_string}\"},\"query-input\":{\"@type\":\"PropertyValueSpecification\",\"valueRequired\":true,\"valueName\":\"search_term_string\"}}],\"inLanguage\":\"en-US\"},{\"@type\":\"Organization\",\"@id\":\"https:\\\/\\\/jetline.pl\\\/en\\\/#organization\",\"name\":\"Jet Line\",\"url\":\"https:\\\/\\\/jetline.pl\\\/en\\\/\",\"logo\":{\"@type\":\"ImageObject\",\"inLanguage\":\"en-US\",\"@id\":\"https:\\\/\\\/jetline.pl\\\/en\\\/#\\\/schema\\\/logo\\\/image\\\/\",\"url\":\"https:\\\/\\\/jetline.pl\\\/wp-content\\\/uploads\\\/2024\\\/09\\\/logo_poziom_logo_poziom_czerwone-1.png\",\"contentUrl\":\"https:\\\/\\\/jetline.pl\\\/wp-content\\\/uploads\\\/2024\\\/09\\\/logo_poziom_logo_poziom_czerwone-1.png\",\"width\":4946,\"height\":2016,\"caption\":\"Jet Line\"},\"image\":{\"@id\":\"https:\\\/\\\/jetline.pl\\\/en\\\/#\\\/schema\\\/logo\\\/image\\\/\"}}]}<\/script>\n<!-- \/ Yoast SEO plugin. -->","yoast_head_json":{"title":"NIK o kszta\u0142towaniu krajobrazu i przestrzeni publicznej miast - Jet Line","robots":{"index":"index","follow":"follow","max-snippet":"max-snippet:-1","max-image-preview":"max-image-preview:large","max-video-preview":"max-video-preview:-1"},"canonical":"https:\/\/jetline.pl\/en\/ustawa-krajobrazowa\/nik-o-ksztaltowaniu-krajobrazu-i-przestrzeni-publicznej-miast\/","og_locale":"en_US","og_type":"article","og_title":"NIK o kszta\u0142towaniu krajobrazu i przestrzeni publicznej miast - Jet Line","og_description":"[vc_row type=\"in_container\" full_screen_row_position=\"middle\" scene_position=\"center\" text_color=\"dark\" text_align=\"left\" overlay_strength=\"0.3\" shape_divider_position=\"bottom\"][vc_column column_padding=\"no-extra-padding\" column_padding_position=\"all\"...","og_url":"https:\/\/jetline.pl\/en\/ustawa-krajobrazowa\/nik-o-ksztaltowaniu-krajobrazu-i-przestrzeni-publicznej-miast\/","og_site_name":"Jet Line","og_image":[{"width":2325,"height":1837,"url":"https:\/\/jetline.pl\/wp-content\/uploads\/2024\/09\/logo-nik.jpg","type":"image\/jpeg"}],"twitter_card":"summary_large_image","twitter_misc":{"Est. reading time":"3 minutes"},"schema":{"@context":"https:\/\/schema.org","@graph":[{"@type":"WebPage","@id":"https:\/\/jetline.pl\/en\/ustawa-krajobrazowa\/nik-o-ksztaltowaniu-krajobrazu-i-przestrzeni-publicznej-miast\/","url":"https:\/\/jetline.pl\/en\/ustawa-krajobrazowa\/nik-o-ksztaltowaniu-krajobrazu-i-przestrzeni-publicznej-miast\/","name":"NIK o kszta\u0142towaniu krajobrazu i przestrzeni publicznej miast - Jet Line","isPartOf":{"@id":"https:\/\/jetline.pl\/en\/#website"},"primaryImageOfPage":{"@id":"https:\/\/jetline.pl\/en\/ustawa-krajobrazowa\/nik-o-ksztaltowaniu-krajobrazu-i-przestrzeni-publicznej-miast\/#primaryimage"},"image":{"@id":"https:\/\/jetline.pl\/en\/ustawa-krajobrazowa\/nik-o-ksztaltowaniu-krajobrazu-i-przestrzeni-publicznej-miast\/#primaryimage"},"thumbnailUrl":"https:\/\/jetline.pl\/wp-content\/uploads\/2024\/09\/logo-nik.jpg","datePublished":"2018-01-12T06:30:59+00:00","breadcrumb":{"@id":"https:\/\/jetline.pl\/en\/ustawa-krajobrazowa\/nik-o-ksztaltowaniu-krajobrazu-i-przestrzeni-publicznej-miast\/#breadcrumb"},"inLanguage":"en-US","potentialAction":[{"@type":"ReadAction","target":["https:\/\/jetline.pl\/en\/ustawa-krajobrazowa\/nik-o-ksztaltowaniu-krajobrazu-i-przestrzeni-publicznej-miast\/"]}]},{"@type":"ImageObject","inLanguage":"en-US","@id":"https:\/\/jetline.pl\/en\/ustawa-krajobrazowa\/nik-o-ksztaltowaniu-krajobrazu-i-przestrzeni-publicznej-miast\/#primaryimage","url":"https:\/\/jetline.pl\/wp-content\/uploads\/2024\/09\/logo-nik.jpg","contentUrl":"https:\/\/jetline.pl\/wp-content\/uploads\/2024\/09\/logo-nik.jpg","width":2325,"height":1837},{"@type":"BreadcrumbList","@id":"https:\/\/jetline.pl\/en\/ustawa-krajobrazowa\/nik-o-ksztaltowaniu-krajobrazu-i-przestrzeni-publicznej-miast\/#breadcrumb","itemListElement":[{"@type":"ListItem","position":1,"name":"Strona g\u0142\u00f3wna","item":"https:\/\/jetline.pl\/en\/"},{"@type":"ListItem","position":2,"name":"Ustawa krajobrazowa","item":"https:\/\/jetline.pl\/en\/ustawa-krajobrazowa\/"},{"@type":"ListItem","position":3,"name":"NIK o kszta\u0142towaniu krajobrazu i przestrzeni publicznej miast"}]},{"@type":"WebSite","@id":"https:\/\/jetline.pl\/en\/#website","url":"https:\/\/jetline.pl\/en\/","name":"Jet Line","description":"Tworzymy przestrze\u0144 do komunikacji","publisher":{"@id":"https:\/\/jetline.pl\/en\/#organization"},"potentialAction":[{"@type":"SearchAction","target":{"@type":"EntryPoint","urlTemplate":"https:\/\/jetline.pl\/en\/?s={search_term_string}"},"query-input":{"@type":"PropertyValueSpecification","valueRequired":true,"valueName":"search_term_string"}}],"inLanguage":"en-US"},{"@type":"Organization","@id":"https:\/\/jetline.pl\/en\/#organization","name":"Jet Line","url":"https:\/\/jetline.pl\/en\/","logo":{"@type":"ImageObject","inLanguage":"en-US","@id":"https:\/\/jetline.pl\/en\/#\/schema\/logo\/image\/","url":"https:\/\/jetline.pl\/wp-content\/uploads\/2024\/09\/logo_poziom_logo_poziom_czerwone-1.png","contentUrl":"https:\/\/jetline.pl\/wp-content\/uploads\/2024\/09\/logo_poziom_logo_poziom_czerwone-1.png","width":4946,"height":2016,"caption":"Jet Line"},"image":{"@id":"https:\/\/jetline.pl\/en\/#\/schema\/logo\/image\/"}}]}},"_links":{"self":[{"href":"https:\/\/jetline.pl\/en\/wp-json\/wp\/v2\/ustawa\/1718","targetHints":{"allow":["GET"]}}],"collection":[{"href":"https:\/\/jetline.pl\/en\/wp-json\/wp\/v2\/ustawa"}],"about":[{"href":"https:\/\/jetline.pl\/en\/wp-json\/wp\/v2\/types\/ustawa"}],"author":[{"embeddable":true,"href":"https:\/\/jetline.pl\/en\/wp-json\/wp\/v2\/users\/16"}],"wp:featuredmedia":[{"embeddable":true,"href":"https:\/\/jetline.pl\/en\/wp-json\/wp\/v2\/media\/1555"}],"wp:attachment":[{"href":"https:\/\/jetline.pl\/en\/wp-json\/wp\/v2\/media?parent=1718"}],"wp:term":[{"taxonomy":"ustawa_cat","embeddable":true,"href":"https:\/\/jetline.pl\/en\/wp-json\/wp\/v2\/ustawa_cat?post=1718"}],"curies":[{"name":"wp","href":"https:\/\/api.w.org\/{rel}","templated":true}]}}