{"id":1719,"date":"2018-01-16T14:14:35","date_gmt":"2018-01-16T13:14:35","guid":{"rendered":"https:\/\/jetline.presb.pl\/ustawa-krajobrazowa\/__uchwaly-reklamowe-i-ankieta-igpim\/"},"modified":"2018-01-16T14:14:35","modified_gmt":"2018-01-16T13:14:35","slug":"__uchwaly-reklamowe-i-ankieta-igpim","status":"publish","type":"ustawa","link":"https:\/\/jetline.pl\/en\/ustawa-krajobrazowa\/__uchwaly-reklamowe-i-ankieta-igpim\/","title":{"rendered":"Uchwa\u0142y reklamowe w \u015bwietle ankiety Instytutu Gospodarki Przestrzennej i Mieszkalnictwa"},"content":{"rendered":"<p>[vc_row type=\"in_container\" full_screen_row_position=\"middle\" scene_position=\"center\" text_color=\"dark\" text_align=\"left\" overlay_strength=\"0.3\" shape_divider_position=\"bottom\"][vc_column column_padding=\"no-extra-padding\" column_padding_position=\"all\" background_color_opacity=\"1\" background_hover_color_opacity=\"1\" column_shadow=\"none\" column_border_radius=\"none\" width=\"1\/1\" tablet_text_alignment=\"default\" phone_text_alignment=\"default\" column_border_width=\"none\" column_border_style=\"solid\"][vc_column_text]W pa\u017adzierniku 2017r. na zlecenie Ministerstwa Infrastruktury i Budownictwa zosta\u0142a przeprowadzona ankieta dotycz\u0105ca identyfikacji zakresu i stopnia zaawansowania prac w gminach nad uchwa\u0142ami \u201ereklamowymi\u201d, z uwzgl\u0119dnieniem specyfiki gmin uzdrowiskowych. Wczoraj otrzymali\u015bmy dost\u0119p do wynik\u00f3w ankiety. S\u0105 one bardzo ciekawe.<br \/>\nAnkieta zosta\u0142a wys\u0142ana do wszystkich 2478 gmin w Polsce, odpowiedzia\u0142y na ni\u0105 432 gminy - czyli niewiele ponad 17%.<br \/>\nZe wzgl\u0119du na charakter gminy, rozk\u0142ad ten wygl\u0105da nast\u0119puj\u0105co:[\/vc_column_text][divider line_type=\"No Line\" custom_height=\"40\"][image_with_animation image_url=\"10241\" alignment=\"\" animation=\"Fade In\" border_radius=\"none\" box_shadow=\"none\" max_width=\"100%\"][divider line_type=\"No Line\" custom_height=\"40\"][vc_column_text]W badaniu jest reprezentowany stosunkowo du\u017cy odsetek miast wojew\u00f3dzkich i miast na prawach powiatu \u2013 i te miasta reprezentuj\u0105 nieco inne stanowiska ni\u017c pozosta\u0142e gminy. W\u015br\u00f3d gmin, kt\u00f3re wzi\u0119\u0142y udzia\u0142 w badaniu, jedynie 57 gmin (13,2%) przyst\u0105pi\u0142o do prac nad wprowadzeniem uchwa\u0142y reklamowej.[\/vc_column_text][divider line_type=\"No Line\" custom_height=\"40\"][image_with_animation image_url=\"10242\" alignment=\"\" animation=\"Fade In\" border_radius=\"none\" box_shadow=\"none\" max_width=\"100%\"][divider line_type=\"No Line\" custom_height=\"40\"][vc_column_text]Badanie by\u0142o podzielone na dwa warianty \u2013 na inne pytania odpowiada\u0142y gminy, w kt\u00f3rych trwaj\u0105 prace nad uchwa\u0142ami krajobrazowymi, na inne odpowiada\u0142y te gminy, gdzie prace nie by\u0142y prowadzone. Ankiety s\u0105 bardzo obszerne, zainteresowanych ca\u0142o\u015bci\u0105 opracowania odsy\u0142am do IGPiM, poni\u017cej przedstawiam odpowiedzi, kt\u00f3re wydaj\u0105 mi si\u0119 na najciekawsze:<\/p>\n<ul>\n<li>74% gmin uwa\u017ca, \u017ce zjawisko nadmiaru tablic i urz\u0105dze\u0144 reklamowych nie wyst\u0119puje lub wyst\u0119puje w niewielkim stopniu;<\/li>\n<li>75% gmin jest zdania, \u017ce brak uregulowa\u0144 prawnych dotycz\u0105cych sytuowania obiekt\u00f3w reklamowych jest nieuci\u0105\u017cliwy lub uci\u0105\u017cliwy w niewielkim stopniu;<\/li>\n<li>8% gmin planuje w najbli\u017cszych 12 miesi\u0105cach podj\u0105\u0107 uchwa\u0142\u0119 intencyjn\u0105 (uchwa\u0142\u0119, kt\u00f3ra rozpoczyna prace nad uchwa\u0142\u0105 krajobrazow\u0105);<\/li>\n<li>88% gmin, kt\u00f3re wprowadzi\u0142y uchwa\u0142y krajobrazowe lub pracuje nad nimi, rozwa\u017ca mo\u017cliwo\u015bci wprowadzenia op\u0142at reklamowych lub je wprowadzi\u0142a;<\/li>\n<li>19% gmin planuje uwzgl\u0119dni\u0107 prawa nabyte w swoich uchwa\u0142ach;<\/li>\n<\/ul>\n<p>Najcz\u0119\u015bciej wymienianymi przyczynami, dla kt\u00f3rych gminy nie podejmuj\u0105 prac nad uchwa\u0142ami krajobrazowymi s\u0105 : inne potrzeby, brak obligatoryjno\u015bci, obowi\u0105zuj\u0105ce plany miejscowe i inne instrumenty, kt\u00f3re s\u0105 wystarczaj\u0105ce.<\/p>\n<p>Odnosz\u0119 wra\u017cenie, \u017ce pytania by\u0142y napisane tak, aby udowodni\u0107 z g\u00f3ry za\u0142o\u017con\u0105 tez\u0119, a nie okre\u015bli\u0107 problemy, jakie wi\u0105\u017c\u0105 si\u0119 z ochron\u0105 krajobrazu. Ju\u017c sama nazwa uchwa\u0142a \u201ereklamowa\u201d wskazuje na pogl\u0105dy autor\u00f3w opracowania. Zgodnie z intencj\u0105 ustawodawcy raczej bowiem nale\u017ca\u0142oby si\u0119 pos\u0142ugiwa\u0107 si\u0119 has\u0142em: \u201eustawa krajobrazowa\u201d. J\u0119zyk, w kt\u00f3rym sformu\u0142owano pytania, to zreszt\u0105 osobna i osobliwa kwestia. Jest to naprawd\u0119 specyficzna odmiana polszczyzny. Czytaj\u0105c niekt\u00f3re pytania musia\u0142em si\u0119 mocno zastanawia\u0107, czy - aby zaznaczy\u0107, \u017ce co\u015b stanowi du\u017cy problem - mam zaznaczy\u0107 0 czy 5:[\/vc_column_text][divider line_type=\"No Line\" custom_height=\"40\"][image_with_animation image_url=\"10243\" alignment=\"\" animation=\"Fade In\" border_radius=\"none\" box_shadow=\"none\" max_width=\"100%\"][divider line_type=\"No Line\" custom_height=\"40\"][vc_column_text]Pomijam kwest\u0119 manipulacji w tre\u015bci pytania, bo dlaczego nie mo\u017cna po prostu spyta\u0107 o stopie\u0144 nat\u0119\u017cenia reklam?<br \/>\nAutorzy byli zdziwieni, \u017ce tak ma\u0142o gmin wype\u0142ni\u0142o ankiet\u0119 \u2013 nic dziwnego \u2013 nikt nie lubi, jak narzuca si\u0119 mu swoje zdanie, a poza tym ankieta powinna by\u0107 sformu\u0142owana w spos\u00f3b czytelny i przyjazny dla wype\u0142niaj\u0105cego. Odpowied\u017a gmin wyra\u017anie pokazuje, \u017ce ochrona krajobrazu jest bardziej skomplikowana i nie mo\u017cna sprowadza\u0107 jej jedynie do kwestii reklam.<br \/>\nNasuwa si\u0119 jeszcze jeden wniosek. Nie ka\u017cda gmina potrzebuje uchwa\u0142y krajobrazowej \u2013 s\u0105 gminy, w kt\u00f3rych problemy zwi\u0105zane z reklamami mo\u017cna rozwi\u0105zywa\u0107 przy pomocy istniej\u0105cych narz\u0119dzi prawnych i administracyjnych \u2013 ale o tych narz\u0119dziach autorzy ankiet nie wspominali. Nie pytali r\u00f3wnie\u017c o kana\u0142y komunikacji, jakie s\u0105 potrzebne i wykorzystywane przez gmin\u0119, jakie potrzeby widzi gmina dla mieszka\u0144c\u00f3w, przedsi\u0119biorc\u00f3w itp.<\/p>\n<p>Rysunki wykorzystane w artykule pochodz\u0105 z opracowania IGPiM<br \/>\n<a href=\"https:\/\/www.igpim.pl\/index.php\/badanie-ankietowe-gmin-dotyczace-realizacji-uchwaly-reklamowej\/\" target=\"_blank\" rel=\"noopener\">Ankieta IGPiM<\/a>[\/vc_column_text][\/vc_column][\/vc_row]<\/p>\n","protected":false},"author":16,"featured_media":1557,"template":"","ustawa_cat":[],"class_list":["post-1719","ustawa","type-ustawa","status-publish","has-post-thumbnail","hentry"],"acf":[],"yoast_head":"<!-- This site is optimized with the Yoast SEO plugin v27.5 - https:\/\/yoast.com\/product\/yoast-seo-wordpress\/ -->\n<title>Uchwa\u0142y reklamowe w \u015bwietle ankiety Instytutu Gospodarki Przestrzennej i Mieszkalnictwa - Jet Line<\/title>\n<meta name=\"robots\" content=\"index, follow, max-snippet:-1, max-image-preview:large, max-video-preview:-1\" \/>\n<link rel=\"canonical\" href=\"https:\/\/jetline.pl\/en\/ustawa-krajobrazowa\/__uchwaly-reklamowe-i-ankieta-igpim\/\" \/>\n<meta property=\"og:locale\" content=\"en_US\" \/>\n<meta property=\"og:type\" content=\"article\" \/>\n<meta property=\"og:title\" content=\"Uchwa\u0142y reklamowe w \u015bwietle ankiety Instytutu Gospodarki Przestrzennej i Mieszkalnictwa - Jet Line\" \/>\n<meta property=\"og:description\" content=\"[vc_row type=&quot;in_container&quot; full_screen_row_position=&quot;middle&quot; scene_position=&quot;center&quot; text_color=&quot;dark&quot; text_align=&quot;left&quot; overlay_strength=&quot;0.3&quot; shape_divider_position=&quot;bottom&quot;][vc_column column_padding=&quot;no-extra-padding&quot; column_padding_position=&quot;all&quot;...\" \/>\n<meta property=\"og:url\" content=\"https:\/\/jetline.pl\/en\/ustawa-krajobrazowa\/__uchwaly-reklamowe-i-ankieta-igpim\/\" \/>\n<meta property=\"og:site_name\" content=\"Jet Line\" \/>\n<meta property=\"og:image\" content=\"https:\/\/jetline.pl\/wp-content\/uploads\/2024\/09\/3.png\" \/>\n\t<meta property=\"og:image:width\" content=\"1128\" \/>\n\t<meta property=\"og:image:height\" content=\"870\" \/>\n\t<meta property=\"og:image:type\" content=\"image\/png\" \/>\n<meta name=\"twitter:card\" content=\"summary_large_image\" \/>\n<meta name=\"twitter:label1\" content=\"Est. reading time\" \/>\n\t<meta name=\"twitter:data1\" content=\"4 minutes\" \/>\n<script type=\"application\/ld+json\" class=\"yoast-schema-graph\">{\"@context\":\"https:\\\/\\\/schema.org\",\"@graph\":[{\"@type\":\"WebPage\",\"@id\":\"https:\\\/\\\/jetline.pl\\\/en\\\/ustawa-krajobrazowa\\\/__uchwaly-reklamowe-i-ankieta-igpim\\\/\",\"url\":\"https:\\\/\\\/jetline.pl\\\/en\\\/ustawa-krajobrazowa\\\/__uchwaly-reklamowe-i-ankieta-igpim\\\/\",\"name\":\"Uchwa\u0142y reklamowe w \u015bwietle ankiety Instytutu Gospodarki Przestrzennej i Mieszkalnictwa - Jet Line\",\"isPartOf\":{\"@id\":\"https:\\\/\\\/jetline.pl\\\/en\\\/#website\"},\"primaryImageOfPage\":{\"@id\":\"https:\\\/\\\/jetline.pl\\\/en\\\/ustawa-krajobrazowa\\\/__uchwaly-reklamowe-i-ankieta-igpim\\\/#primaryimage\"},\"image\":{\"@id\":\"https:\\\/\\\/jetline.pl\\\/en\\\/ustawa-krajobrazowa\\\/__uchwaly-reklamowe-i-ankieta-igpim\\\/#primaryimage\"},\"thumbnailUrl\":\"https:\\\/\\\/jetline.pl\\\/wp-content\\\/uploads\\\/2024\\\/09\\\/3.png\",\"datePublished\":\"2018-01-16T13:14:35+00:00\",\"breadcrumb\":{\"@id\":\"https:\\\/\\\/jetline.pl\\\/en\\\/ustawa-krajobrazowa\\\/__uchwaly-reklamowe-i-ankieta-igpim\\\/#breadcrumb\"},\"inLanguage\":\"en-US\",\"potentialAction\":[{\"@type\":\"ReadAction\",\"target\":[\"https:\\\/\\\/jetline.pl\\\/en\\\/ustawa-krajobrazowa\\\/__uchwaly-reklamowe-i-ankieta-igpim\\\/\"]}]},{\"@type\":\"ImageObject\",\"inLanguage\":\"en-US\",\"@id\":\"https:\\\/\\\/jetline.pl\\\/en\\\/ustawa-krajobrazowa\\\/__uchwaly-reklamowe-i-ankieta-igpim\\\/#primaryimage\",\"url\":\"https:\\\/\\\/jetline.pl\\\/wp-content\\\/uploads\\\/2024\\\/09\\\/3.png\",\"contentUrl\":\"https:\\\/\\\/jetline.pl\\\/wp-content\\\/uploads\\\/2024\\\/09\\\/3.png\",\"width\":1128,\"height\":870},{\"@type\":\"BreadcrumbList\",\"@id\":\"https:\\\/\\\/jetline.pl\\\/en\\\/ustawa-krajobrazowa\\\/__uchwaly-reklamowe-i-ankieta-igpim\\\/#breadcrumb\",\"itemListElement\":[{\"@type\":\"ListItem\",\"position\":1,\"name\":\"Strona g\u0142\u00f3wna\",\"item\":\"https:\\\/\\\/jetline.pl\\\/en\\\/\"},{\"@type\":\"ListItem\",\"position\":2,\"name\":\"Ustawa krajobrazowa\",\"item\":\"https:\\\/\\\/jetline.pl\\\/en\\\/ustawa-krajobrazowa\\\/\"},{\"@type\":\"ListItem\",\"position\":3,\"name\":\"Uchwa\u0142y reklamowe w \u015bwietle ankiety Instytutu Gospodarki Przestrzennej i Mieszkalnictwa\"}]},{\"@type\":\"WebSite\",\"@id\":\"https:\\\/\\\/jetline.pl\\\/en\\\/#website\",\"url\":\"https:\\\/\\\/jetline.pl\\\/en\\\/\",\"name\":\"Jet Line\",\"description\":\"Tworzymy przestrze\u0144 do komunikacji\",\"publisher\":{\"@id\":\"https:\\\/\\\/jetline.pl\\\/en\\\/#organization\"},\"potentialAction\":[{\"@type\":\"SearchAction\",\"target\":{\"@type\":\"EntryPoint\",\"urlTemplate\":\"https:\\\/\\\/jetline.pl\\\/en\\\/?s={search_term_string}\"},\"query-input\":{\"@type\":\"PropertyValueSpecification\",\"valueRequired\":true,\"valueName\":\"search_term_string\"}}],\"inLanguage\":\"en-US\"},{\"@type\":\"Organization\",\"@id\":\"https:\\\/\\\/jetline.pl\\\/en\\\/#organization\",\"name\":\"Jet Line\",\"url\":\"https:\\\/\\\/jetline.pl\\\/en\\\/\",\"logo\":{\"@type\":\"ImageObject\",\"inLanguage\":\"en-US\",\"@id\":\"https:\\\/\\\/jetline.pl\\\/en\\\/#\\\/schema\\\/logo\\\/image\\\/\",\"url\":\"https:\\\/\\\/jetline.pl\\\/wp-content\\\/uploads\\\/2024\\\/09\\\/logo_poziom_logo_poziom_czerwone-1.png\",\"contentUrl\":\"https:\\\/\\\/jetline.pl\\\/wp-content\\\/uploads\\\/2024\\\/09\\\/logo_poziom_logo_poziom_czerwone-1.png\",\"width\":4946,\"height\":2016,\"caption\":\"Jet Line\"},\"image\":{\"@id\":\"https:\\\/\\\/jetline.pl\\\/en\\\/#\\\/schema\\\/logo\\\/image\\\/\"}}]}<\/script>\n<!-- \/ Yoast SEO plugin. -->","yoast_head_json":{"title":"Uchwa\u0142y reklamowe w \u015bwietle ankiety Instytutu Gospodarki Przestrzennej i Mieszkalnictwa - Jet Line","robots":{"index":"index","follow":"follow","max-snippet":"max-snippet:-1","max-image-preview":"max-image-preview:large","max-video-preview":"max-video-preview:-1"},"canonical":"https:\/\/jetline.pl\/en\/ustawa-krajobrazowa\/__uchwaly-reklamowe-i-ankieta-igpim\/","og_locale":"en_US","og_type":"article","og_title":"Uchwa\u0142y reklamowe w \u015bwietle ankiety Instytutu Gospodarki Przestrzennej i Mieszkalnictwa - Jet Line","og_description":"[vc_row type=\"in_container\" full_screen_row_position=\"middle\" scene_position=\"center\" text_color=\"dark\" text_align=\"left\" overlay_strength=\"0.3\" shape_divider_position=\"bottom\"][vc_column column_padding=\"no-extra-padding\" column_padding_position=\"all\"...","og_url":"https:\/\/jetline.pl\/en\/ustawa-krajobrazowa\/__uchwaly-reklamowe-i-ankieta-igpim\/","og_site_name":"Jet Line","og_image":[{"width":1128,"height":870,"url":"https:\/\/jetline.pl\/wp-content\/uploads\/2024\/09\/3.png","type":"image\/png"}],"twitter_card":"summary_large_image","twitter_misc":{"Est. reading time":"4 minutes"},"schema":{"@context":"https:\/\/schema.org","@graph":[{"@type":"WebPage","@id":"https:\/\/jetline.pl\/en\/ustawa-krajobrazowa\/__uchwaly-reklamowe-i-ankieta-igpim\/","url":"https:\/\/jetline.pl\/en\/ustawa-krajobrazowa\/__uchwaly-reklamowe-i-ankieta-igpim\/","name":"Uchwa\u0142y reklamowe w \u015bwietle ankiety Instytutu Gospodarki Przestrzennej i Mieszkalnictwa - Jet Line","isPartOf":{"@id":"https:\/\/jetline.pl\/en\/#website"},"primaryImageOfPage":{"@id":"https:\/\/jetline.pl\/en\/ustawa-krajobrazowa\/__uchwaly-reklamowe-i-ankieta-igpim\/#primaryimage"},"image":{"@id":"https:\/\/jetline.pl\/en\/ustawa-krajobrazowa\/__uchwaly-reklamowe-i-ankieta-igpim\/#primaryimage"},"thumbnailUrl":"https:\/\/jetline.pl\/wp-content\/uploads\/2024\/09\/3.png","datePublished":"2018-01-16T13:14:35+00:00","breadcrumb":{"@id":"https:\/\/jetline.pl\/en\/ustawa-krajobrazowa\/__uchwaly-reklamowe-i-ankieta-igpim\/#breadcrumb"},"inLanguage":"en-US","potentialAction":[{"@type":"ReadAction","target":["https:\/\/jetline.pl\/en\/ustawa-krajobrazowa\/__uchwaly-reklamowe-i-ankieta-igpim\/"]}]},{"@type":"ImageObject","inLanguage":"en-US","@id":"https:\/\/jetline.pl\/en\/ustawa-krajobrazowa\/__uchwaly-reklamowe-i-ankieta-igpim\/#primaryimage","url":"https:\/\/jetline.pl\/wp-content\/uploads\/2024\/09\/3.png","contentUrl":"https:\/\/jetline.pl\/wp-content\/uploads\/2024\/09\/3.png","width":1128,"height":870},{"@type":"BreadcrumbList","@id":"https:\/\/jetline.pl\/en\/ustawa-krajobrazowa\/__uchwaly-reklamowe-i-ankieta-igpim\/#breadcrumb","itemListElement":[{"@type":"ListItem","position":1,"name":"Strona g\u0142\u00f3wna","item":"https:\/\/jetline.pl\/en\/"},{"@type":"ListItem","position":2,"name":"Ustawa krajobrazowa","item":"https:\/\/jetline.pl\/en\/ustawa-krajobrazowa\/"},{"@type":"ListItem","position":3,"name":"Uchwa\u0142y reklamowe w \u015bwietle ankiety Instytutu Gospodarki Przestrzennej i Mieszkalnictwa"}]},{"@type":"WebSite","@id":"https:\/\/jetline.pl\/en\/#website","url":"https:\/\/jetline.pl\/en\/","name":"Jet Line","description":"Tworzymy przestrze\u0144 do komunikacji","publisher":{"@id":"https:\/\/jetline.pl\/en\/#organization"},"potentialAction":[{"@type":"SearchAction","target":{"@type":"EntryPoint","urlTemplate":"https:\/\/jetline.pl\/en\/?s={search_term_string}"},"query-input":{"@type":"PropertyValueSpecification","valueRequired":true,"valueName":"search_term_string"}}],"inLanguage":"en-US"},{"@type":"Organization","@id":"https:\/\/jetline.pl\/en\/#organization","name":"Jet Line","url":"https:\/\/jetline.pl\/en\/","logo":{"@type":"ImageObject","inLanguage":"en-US","@id":"https:\/\/jetline.pl\/en\/#\/schema\/logo\/image\/","url":"https:\/\/jetline.pl\/wp-content\/uploads\/2024\/09\/logo_poziom_logo_poziom_czerwone-1.png","contentUrl":"https:\/\/jetline.pl\/wp-content\/uploads\/2024\/09\/logo_poziom_logo_poziom_czerwone-1.png","width":4946,"height":2016,"caption":"Jet Line"},"image":{"@id":"https:\/\/jetline.pl\/en\/#\/schema\/logo\/image\/"}}]}},"_links":{"self":[{"href":"https:\/\/jetline.pl\/en\/wp-json\/wp\/v2\/ustawa\/1719","targetHints":{"allow":["GET"]}}],"collection":[{"href":"https:\/\/jetline.pl\/en\/wp-json\/wp\/v2\/ustawa"}],"about":[{"href":"https:\/\/jetline.pl\/en\/wp-json\/wp\/v2\/types\/ustawa"}],"author":[{"embeddable":true,"href":"https:\/\/jetline.pl\/en\/wp-json\/wp\/v2\/users\/16"}],"wp:featuredmedia":[{"embeddable":true,"href":"https:\/\/jetline.pl\/en\/wp-json\/wp\/v2\/media\/1557"}],"wp:attachment":[{"href":"https:\/\/jetline.pl\/en\/wp-json\/wp\/v2\/media?parent=1719"}],"wp:term":[{"taxonomy":"ustawa_cat","embeddable":true,"href":"https:\/\/jetline.pl\/en\/wp-json\/wp\/v2\/ustawa_cat?post=1719"}],"curies":[{"name":"wp","href":"https:\/\/api.w.org\/{rel}","templated":true}]}}