{"id":1722,"date":"2018-02-13T07:14:45","date_gmt":"2018-02-13T06:14:45","guid":{"rendered":"https:\/\/jetline.presb.pl\/ustawa-krajobrazowa\/prace-nad-uchwalami-reklamowymi-polsce-luty-2018-r\/"},"modified":"2018-02-13T07:14:45","modified_gmt":"2018-02-13T06:14:45","slug":"prace-nad-uchwalami-reklamowymi-polsce-luty-2018-r","status":"publish","type":"ustawa","link":"https:\/\/jetline.pl\/en\/ustawa-krajobrazowa\/prace-nad-uchwalami-reklamowymi-polsce-luty-2018-r\/","title":{"rendered":"Prace nad uchwa\u0142ami reklamowymi w Polsce. Luty 2018 r."},"content":{"rendered":"<p>[vc_row type=\"in_container\" full_screen_row_position=\"middle\" scene_position=\"center\" text_color=\"dark\" text_align=\"left\" overlay_strength=\"0.3\" shape_divider_position=\"bottom\"][vc_column column_padding=\"no-extra-padding\" column_padding_position=\"all\" background_color_opacity=\"1\" background_hover_color_opacity=\"1\" column_shadow=\"none\" column_border_radius=\"none\" width=\"1\/1\" tablet_text_alignment=\"default\" phone_text_alignment=\"default\" column_border_width=\"none\" column_border_style=\"solid\"][image_with_animation image_url=\"10315\" alignment=\"\" animation=\"Fade In\" border_radius=\"none\" box_shadow=\"none\" max_width=\"100%\"][divider line_type=\"No Line\" custom_height=\"40\"][vc_column_text]Od dawna nurtowa\u0142o mnie pytanie, jak wygl\u0105daj\u0105 prace nad uchwa\u0142ami krajobrazowymi w Polsce.<br \/>\nDo tej pory zajmowali\u015bmy si\u0119 poszczeg\u00f3lnym projektami r\u00f3\u017cnych gmin, o czym pisa\u0142em na przyk\u0142ad tu:\u00a0<a href=\"http:\/\/jetline.pl\/aktualnosci\/uchwaly-krajobrazowe-g8-stan-1-lutego-2018-r\">Uchwa\u0142y krajobrazowe w miastach G8<\/a>.<br \/>\nDzi\u015b sp\u00f3jrzmy, jak wygl\u0105daj\u0105 prace nad uchwa\u0142ami reklamowymi na terenie ca\u0142ego kraju.<\/p>\n<p>Uchwa\u0142y krajobrazowe s\u0105 <strong>prawem lokalnym, czyli ka\u017cda gmina tworzy w\u0142asny kodeks reklamowy<\/strong>.<br \/>\nGmin w Polsce jest 2\u00a0478. Du\u017cym problemem jest dost\u0119p do informacji a tak naprawd\u0119 - brak jednego miejsca, w kt\u00f3rym<br \/>\nw przejrzysty spos\u00f3b te informacje by\u0142yby zgromadzone i udost\u0119pnione. Niniejsze opracowanie powsta\u0142o wi\u0119c na podstawie ankiet przeprowadzonych przez Instytut Gospodarki Przestrzennej i Mieszkalnictwa w drugiej po\u0142owie 2017 r. w 432 gminach oraz dzi\u0119ki monitoringowi 232 gmin, prowadzonemu przez Jet Line.<\/p>\n<p>W procesie uchwa\u0142odawczym pierwszym krokiem jest podj\u0119cie uchwa\u0142y intencyjnej zobowi\u0105zuj\u0105cej w\u00f3jta, burmistrza lub prezydenta miasta do przygotowania projektu uchwa\u0142y krajobrazowej. Dane, kt\u00f3rymi dysponujemy pozwalaj\u0105 wyci\u0105gn\u0105\u0107 wniosek, \u017ce na razie <strong>jedynie 13% gmin w Polsce podj\u0119\u0142o uchwa\u0142\u0119 intencyjn\u0105<\/strong>.<br \/>\nW wi\u0119kszo\u015bci samorz\u0105d\u00f3w na niej ko\u0144czy si\u0119 praca nad kodeksami reklamowymi.<br \/>\n<strong>Co sz\u00f3sta gmina <\/strong>spo\u015br\u00f3d tych, kt\u00f3re uchwali\u0142y uchwa\u0142y intencyjne, rozpoczyna prace projektowe.<br \/>\nGotowy projekt przedstawi\u0142o <strong>oko\u0142o 30 gmin<\/strong>.<br \/>\nDo kolejnego etapu czyli wy\u0142o\u017cenia projektu dotar\u0142o <strong>20 gmin<\/strong>.<br \/>\nS\u0105 gminy, kt\u00f3re do etapu wy\u0142o\u017cenia podchodz\u0105 po raz kolejny \u2013 takim przypadkiem jest Gda\u0144sk. Wy\u0142o\u017cenie jest ostatnim etapem, podczas kt\u00f3rego mo\u017cna wnosi\u0107 propozycje poprawek. S\u0105 one nast\u0119pnie rozpatrywane i w zale\u017cno\u015bci od decyzji osoby odpowiedzialnej za tworzenie projektu \u2013 wprowadzane do projektu lub przedstawiane razem z gotowym projektem uchwa\u0142y. Uwagi niezaakceptowane podlegaj\u0105 g\u0142osowaniu przez Rad\u0119 Gminy razem z projektem uchwa\u0142y.<\/p>\n<p>Etap g\u0142osowania ma za sob\u0105 <strong>12 gmin<\/strong>:<br \/>\n\u0141\u00f3d\u017a, Opole, Ciechan\u00f3w, Wyszk\u00f3w (dwukrotnie), Kobylnica, Baran\u00f3w, Lubin, Ko\u0142baskowo, Koronowo, Nowy S\u0105cz, Nysa, Postomino.<br \/>\nW przypadku Wyszkowa i Ko\u0142baskowa Wojewoda uchyli\u0142 uchwa\u0142y jako niezgodne z prawem.<br \/>\n(EDIT. W styczniu 2019 r. zostali\u015bmy poproszeni o sprostowanie informacji o uchwale krajobrazowej w Ko\u0142baskowie, kt\u00f3ra zosta\u0142a uchylona przez Wojewod\u0119 zachodniopomorskiego nie w ca\u0142o\u015bci, a w cz\u0119\u015bci\u00a0 - rozstrzygni\u0119ciem z 5 lipca 2017).<\/p>\n<p>Uchwa\u0142y w \u0141odzi i Opolu zosta\u0142y zaskar\u017cone i o ich zgodno\u015bci z prawem zadecyduje NSA.<\/p>\n<p>Ciechan\u00f3w jest jedyn\u0105 gmin\u0105, w kt\u00f3rej up\u0142yn\u0105\u0142 ju\u017c okres dostosowania, czyli czas w kt\u00f3rym nale\u017cy przystosowa\u0107 istniej\u0105ce tablice reklamowe do zapis\u00f3w uchwa\u0142y.<br \/>\nUchwa\u0142a w Ciechanowie obowi\u0105zuje tylko teoretycznie\u00a0. Teoretycznie - bo Wojewoda uchyli\u0142 po\u0142ow\u0119 zapis\u00f3w, a to co pozosta\u0142o nie pozwala na stosowanie przepis\u00f3w, dlatego trwaj\u0105 prace nad nowelizacj\u0105 uchwa\u0142y.<\/p>\n<p>Gminy, kt\u00f3re posiadaj\u0105 uchwa\u0142\u0119 krajobrazow\u0105 mog\u0105 wprowadzi\u0107 op\u0142at\u0119 reklamow\u0105 \u2013 na taki krok zdecydowa\u0142y si\u0119 gminy: Ciechan\u00f3w, Kobylnica, Lubin i Baran\u00f3w przy czym Ciechan\u00f3w i Lubin wycofa\u0142y si\u0119 ze swoich uchwa\u0142.[\/vc_column_text][divider line_type=\"No Line\" custom_height=\"40\"][\/vc_column][\/vc_row]<\/p>\n","protected":false},"author":16,"featured_media":1563,"template":"","ustawa_cat":[],"class_list":["post-1722","ustawa","type-ustawa","status-publish","has-post-thumbnail","hentry"],"acf":[],"yoast_head":"<!-- This site is optimized with the Yoast SEO plugin v27.5 - https:\/\/yoast.com\/product\/yoast-seo-wordpress\/ -->\n<title>Prace nad uchwa\u0142ami reklamowymi w Polsce. Luty 2018 r. - Jet Line<\/title>\n<meta name=\"robots\" content=\"index, follow, max-snippet:-1, max-image-preview:large, max-video-preview:-1\" \/>\n<link rel=\"canonical\" href=\"https:\/\/jetline.pl\/en\/ustawa-krajobrazowa\/prace-nad-uchwalami-reklamowymi-polsce-luty-2018-r\/\" \/>\n<meta property=\"og:locale\" content=\"en_US\" \/>\n<meta property=\"og:type\" content=\"article\" \/>\n<meta property=\"og:title\" content=\"Prace nad uchwa\u0142ami reklamowymi w Polsce. Luty 2018 r. - Jet Line\" \/>\n<meta property=\"og:description\" content=\"[vc_row type=&quot;in_container&quot; full_screen_row_position=&quot;middle&quot; scene_position=&quot;center&quot; text_color=&quot;dark&quot; text_align=&quot;left&quot; overlay_strength=&quot;0.3&quot; shape_divider_position=&quot;bottom&quot;][vc_column column_padding=&quot;no-extra-padding&quot; column_padding_position=&quot;all&quot;...\" \/>\n<meta property=\"og:url\" content=\"https:\/\/jetline.pl\/en\/ustawa-krajobrazowa\/prace-nad-uchwalami-reklamowymi-polsce-luty-2018-r\/\" \/>\n<meta property=\"og:site_name\" content=\"Jet Line\" \/>\n<meta property=\"og:image\" content=\"https:\/\/jetline.pl\/wp-content\/uploads\/2024\/09\/mapa.jpg\" \/>\n\t<meta property=\"og:image:width\" content=\"553\" \/>\n\t<meta property=\"og:image:height\" content=\"605\" \/>\n\t<meta property=\"og:image:type\" content=\"image\/jpeg\" \/>\n<meta name=\"twitter:card\" content=\"summary_large_image\" \/>\n<meta name=\"twitter:label1\" content=\"Est. reading time\" \/>\n\t<meta name=\"twitter:data1\" content=\"3 minutes\" \/>\n<script type=\"application\/ld+json\" class=\"yoast-schema-graph\">{\"@context\":\"https:\\\/\\\/schema.org\",\"@graph\":[{\"@type\":\"WebPage\",\"@id\":\"https:\\\/\\\/jetline.pl\\\/en\\\/ustawa-krajobrazowa\\\/prace-nad-uchwalami-reklamowymi-polsce-luty-2018-r\\\/\",\"url\":\"https:\\\/\\\/jetline.pl\\\/en\\\/ustawa-krajobrazowa\\\/prace-nad-uchwalami-reklamowymi-polsce-luty-2018-r\\\/\",\"name\":\"Prace nad uchwa\u0142ami reklamowymi w Polsce. Luty 2018 r. - Jet Line\",\"isPartOf\":{\"@id\":\"https:\\\/\\\/jetline.pl\\\/en\\\/#website\"},\"primaryImageOfPage\":{\"@id\":\"https:\\\/\\\/jetline.pl\\\/en\\\/ustawa-krajobrazowa\\\/prace-nad-uchwalami-reklamowymi-polsce-luty-2018-r\\\/#primaryimage\"},\"image\":{\"@id\":\"https:\\\/\\\/jetline.pl\\\/en\\\/ustawa-krajobrazowa\\\/prace-nad-uchwalami-reklamowymi-polsce-luty-2018-r\\\/#primaryimage\"},\"thumbnailUrl\":\"https:\\\/\\\/jetline.pl\\\/wp-content\\\/uploads\\\/2024\\\/09\\\/mapa.jpg\",\"datePublished\":\"2018-02-13T06:14:45+00:00\",\"breadcrumb\":{\"@id\":\"https:\\\/\\\/jetline.pl\\\/en\\\/ustawa-krajobrazowa\\\/prace-nad-uchwalami-reklamowymi-polsce-luty-2018-r\\\/#breadcrumb\"},\"inLanguage\":\"en-US\",\"potentialAction\":[{\"@type\":\"ReadAction\",\"target\":[\"https:\\\/\\\/jetline.pl\\\/en\\\/ustawa-krajobrazowa\\\/prace-nad-uchwalami-reklamowymi-polsce-luty-2018-r\\\/\"]}]},{\"@type\":\"ImageObject\",\"inLanguage\":\"en-US\",\"@id\":\"https:\\\/\\\/jetline.pl\\\/en\\\/ustawa-krajobrazowa\\\/prace-nad-uchwalami-reklamowymi-polsce-luty-2018-r\\\/#primaryimage\",\"url\":\"https:\\\/\\\/jetline.pl\\\/wp-content\\\/uploads\\\/2024\\\/09\\\/mapa.jpg\",\"contentUrl\":\"https:\\\/\\\/jetline.pl\\\/wp-content\\\/uploads\\\/2024\\\/09\\\/mapa.jpg\",\"width\":553,\"height\":605},{\"@type\":\"BreadcrumbList\",\"@id\":\"https:\\\/\\\/jetline.pl\\\/en\\\/ustawa-krajobrazowa\\\/prace-nad-uchwalami-reklamowymi-polsce-luty-2018-r\\\/#breadcrumb\",\"itemListElement\":[{\"@type\":\"ListItem\",\"position\":1,\"name\":\"Strona g\u0142\u00f3wna\",\"item\":\"https:\\\/\\\/jetline.pl\\\/en\\\/\"},{\"@type\":\"ListItem\",\"position\":2,\"name\":\"Ustawa krajobrazowa\",\"item\":\"https:\\\/\\\/jetline.pl\\\/en\\\/ustawa-krajobrazowa\\\/\"},{\"@type\":\"ListItem\",\"position\":3,\"name\":\"Prace nad uchwa\u0142ami reklamowymi w Polsce. Luty 2018 r.\"}]},{\"@type\":\"WebSite\",\"@id\":\"https:\\\/\\\/jetline.pl\\\/en\\\/#website\",\"url\":\"https:\\\/\\\/jetline.pl\\\/en\\\/\",\"name\":\"Jet Line\",\"description\":\"Tworzymy przestrze\u0144 do komunikacji\",\"publisher\":{\"@id\":\"https:\\\/\\\/jetline.pl\\\/en\\\/#organization\"},\"potentialAction\":[{\"@type\":\"SearchAction\",\"target\":{\"@type\":\"EntryPoint\",\"urlTemplate\":\"https:\\\/\\\/jetline.pl\\\/en\\\/?s={search_term_string}\"},\"query-input\":{\"@type\":\"PropertyValueSpecification\",\"valueRequired\":true,\"valueName\":\"search_term_string\"}}],\"inLanguage\":\"en-US\"},{\"@type\":\"Organization\",\"@id\":\"https:\\\/\\\/jetline.pl\\\/en\\\/#organization\",\"name\":\"Jet Line\",\"url\":\"https:\\\/\\\/jetline.pl\\\/en\\\/\",\"logo\":{\"@type\":\"ImageObject\",\"inLanguage\":\"en-US\",\"@id\":\"https:\\\/\\\/jetline.pl\\\/en\\\/#\\\/schema\\\/logo\\\/image\\\/\",\"url\":\"https:\\\/\\\/jetline.pl\\\/wp-content\\\/uploads\\\/2024\\\/09\\\/logo_poziom_logo_poziom_czerwone-1.png\",\"contentUrl\":\"https:\\\/\\\/jetline.pl\\\/wp-content\\\/uploads\\\/2024\\\/09\\\/logo_poziom_logo_poziom_czerwone-1.png\",\"width\":4946,\"height\":2016,\"caption\":\"Jet Line\"},\"image\":{\"@id\":\"https:\\\/\\\/jetline.pl\\\/en\\\/#\\\/schema\\\/logo\\\/image\\\/\"}}]}<\/script>\n<!-- \/ Yoast SEO plugin. -->","yoast_head_json":{"title":"Prace nad uchwa\u0142ami reklamowymi w Polsce. Luty 2018 r. - Jet Line","robots":{"index":"index","follow":"follow","max-snippet":"max-snippet:-1","max-image-preview":"max-image-preview:large","max-video-preview":"max-video-preview:-1"},"canonical":"https:\/\/jetline.pl\/en\/ustawa-krajobrazowa\/prace-nad-uchwalami-reklamowymi-polsce-luty-2018-r\/","og_locale":"en_US","og_type":"article","og_title":"Prace nad uchwa\u0142ami reklamowymi w Polsce. Luty 2018 r. - Jet Line","og_description":"[vc_row type=\"in_container\" full_screen_row_position=\"middle\" scene_position=\"center\" text_color=\"dark\" text_align=\"left\" overlay_strength=\"0.3\" shape_divider_position=\"bottom\"][vc_column column_padding=\"no-extra-padding\" column_padding_position=\"all\"...","og_url":"https:\/\/jetline.pl\/en\/ustawa-krajobrazowa\/prace-nad-uchwalami-reklamowymi-polsce-luty-2018-r\/","og_site_name":"Jet Line","og_image":[{"width":553,"height":605,"url":"https:\/\/jetline.pl\/wp-content\/uploads\/2024\/09\/mapa.jpg","type":"image\/jpeg"}],"twitter_card":"summary_large_image","twitter_misc":{"Est. reading time":"3 minutes"},"schema":{"@context":"https:\/\/schema.org","@graph":[{"@type":"WebPage","@id":"https:\/\/jetline.pl\/en\/ustawa-krajobrazowa\/prace-nad-uchwalami-reklamowymi-polsce-luty-2018-r\/","url":"https:\/\/jetline.pl\/en\/ustawa-krajobrazowa\/prace-nad-uchwalami-reklamowymi-polsce-luty-2018-r\/","name":"Prace nad uchwa\u0142ami reklamowymi w Polsce. Luty 2018 r. - Jet Line","isPartOf":{"@id":"https:\/\/jetline.pl\/en\/#website"},"primaryImageOfPage":{"@id":"https:\/\/jetline.pl\/en\/ustawa-krajobrazowa\/prace-nad-uchwalami-reklamowymi-polsce-luty-2018-r\/#primaryimage"},"image":{"@id":"https:\/\/jetline.pl\/en\/ustawa-krajobrazowa\/prace-nad-uchwalami-reklamowymi-polsce-luty-2018-r\/#primaryimage"},"thumbnailUrl":"https:\/\/jetline.pl\/wp-content\/uploads\/2024\/09\/mapa.jpg","datePublished":"2018-02-13T06:14:45+00:00","breadcrumb":{"@id":"https:\/\/jetline.pl\/en\/ustawa-krajobrazowa\/prace-nad-uchwalami-reklamowymi-polsce-luty-2018-r\/#breadcrumb"},"inLanguage":"en-US","potentialAction":[{"@type":"ReadAction","target":["https:\/\/jetline.pl\/en\/ustawa-krajobrazowa\/prace-nad-uchwalami-reklamowymi-polsce-luty-2018-r\/"]}]},{"@type":"ImageObject","inLanguage":"en-US","@id":"https:\/\/jetline.pl\/en\/ustawa-krajobrazowa\/prace-nad-uchwalami-reklamowymi-polsce-luty-2018-r\/#primaryimage","url":"https:\/\/jetline.pl\/wp-content\/uploads\/2024\/09\/mapa.jpg","contentUrl":"https:\/\/jetline.pl\/wp-content\/uploads\/2024\/09\/mapa.jpg","width":553,"height":605},{"@type":"BreadcrumbList","@id":"https:\/\/jetline.pl\/en\/ustawa-krajobrazowa\/prace-nad-uchwalami-reklamowymi-polsce-luty-2018-r\/#breadcrumb","itemListElement":[{"@type":"ListItem","position":1,"name":"Strona g\u0142\u00f3wna","item":"https:\/\/jetline.pl\/en\/"},{"@type":"ListItem","position":2,"name":"Ustawa krajobrazowa","item":"https:\/\/jetline.pl\/en\/ustawa-krajobrazowa\/"},{"@type":"ListItem","position":3,"name":"Prace nad uchwa\u0142ami reklamowymi w Polsce. Luty 2018 r."}]},{"@type":"WebSite","@id":"https:\/\/jetline.pl\/en\/#website","url":"https:\/\/jetline.pl\/en\/","name":"Jet Line","description":"Tworzymy przestrze\u0144 do komunikacji","publisher":{"@id":"https:\/\/jetline.pl\/en\/#organization"},"potentialAction":[{"@type":"SearchAction","target":{"@type":"EntryPoint","urlTemplate":"https:\/\/jetline.pl\/en\/?s={search_term_string}"},"query-input":{"@type":"PropertyValueSpecification","valueRequired":true,"valueName":"search_term_string"}}],"inLanguage":"en-US"},{"@type":"Organization","@id":"https:\/\/jetline.pl\/en\/#organization","name":"Jet Line","url":"https:\/\/jetline.pl\/en\/","logo":{"@type":"ImageObject","inLanguage":"en-US","@id":"https:\/\/jetline.pl\/en\/#\/schema\/logo\/image\/","url":"https:\/\/jetline.pl\/wp-content\/uploads\/2024\/09\/logo_poziom_logo_poziom_czerwone-1.png","contentUrl":"https:\/\/jetline.pl\/wp-content\/uploads\/2024\/09\/logo_poziom_logo_poziom_czerwone-1.png","width":4946,"height":2016,"caption":"Jet Line"},"image":{"@id":"https:\/\/jetline.pl\/en\/#\/schema\/logo\/image\/"}}]}},"_links":{"self":[{"href":"https:\/\/jetline.pl\/en\/wp-json\/wp\/v2\/ustawa\/1722","targetHints":{"allow":["GET"]}}],"collection":[{"href":"https:\/\/jetline.pl\/en\/wp-json\/wp\/v2\/ustawa"}],"about":[{"href":"https:\/\/jetline.pl\/en\/wp-json\/wp\/v2\/types\/ustawa"}],"author":[{"embeddable":true,"href":"https:\/\/jetline.pl\/en\/wp-json\/wp\/v2\/users\/16"}],"wp:featuredmedia":[{"embeddable":true,"href":"https:\/\/jetline.pl\/en\/wp-json\/wp\/v2\/media\/1563"}],"wp:attachment":[{"href":"https:\/\/jetline.pl\/en\/wp-json\/wp\/v2\/media?parent=1722"}],"wp:term":[{"taxonomy":"ustawa_cat","embeddable":true,"href":"https:\/\/jetline.pl\/en\/wp-json\/wp\/v2\/ustawa_cat?post=1722"}],"curies":[{"name":"wp","href":"https:\/\/api.w.org\/{rel}","templated":true}]}}