{"id":1723,"date":"2018-02-15T08:47:44","date_gmt":"2018-02-15T07:47:44","guid":{"rendered":"https:\/\/jetline.presb.pl\/ustawa-krajobrazowa\/popelnilismy-blad-czyli-o-skutkach-nieprzemyslanych-decyzji\/"},"modified":"2018-02-15T08:47:44","modified_gmt":"2018-02-15T07:47:44","slug":"popelnilismy-blad-czyli-o-skutkach-nieprzemyslanych-decyzji","status":"publish","type":"ustawa","link":"https:\/\/jetline.pl\/en\/ustawa-krajobrazowa\/popelnilismy-blad-czyli-o-skutkach-nieprzemyslanych-decyzji\/","title":{"rendered":"Pope\u0142nili\u015bmy b\u0142\u0105d \u2013 czyli o skutkach nieprzemy\u015blanych decyzji"},"content":{"rendered":"<p>[vc_row type=\"in_container\" full_screen_row_position=\"middle\" scene_position=\"center\" text_color=\"dark\" text_align=\"left\" overlay_strength=\"0.3\" shape_divider_position=\"bottom\"][vc_column column_padding=\"no-extra-padding\" column_padding_position=\"all\" background_color_opacity=\"1\" background_hover_color_opacity=\"1\" column_shadow=\"none\" column_border_radius=\"none\" width=\"1\/1\" tablet_text_alignment=\"default\" phone_text_alignment=\"default\" column_border_width=\"none\" column_border_style=\"solid\"][image_with_animation image_url=\"10318\" alignment=\"\" animation=\"Fade In\" border_radius=\"none\" box_shadow=\"none\" max_width=\"100%\"][divider line_type=\"No Line\" custom_height=\"40\"][vc_column_text]<strong>\u201ePope\u0142nili\u015bmy b\u0142\u0105d, poszli\u015bmy za daleko\u2026\u201d \u2013 powiedzia\u0142 prezydent Lubina Robert Raczy\u0144ski podczas wywiadu dotycz\u0105cego skutk\u00f3w wprowadzonej w mie\u015bcie uchwa\u0142y krajobrazowej i op\u0142at za reklamy (<\/strong><a href=\"http:\/\/www.lubin.pl\/nie-bedzie-oplat-za-reklamy\/\">http:\/\/www.lubin.pl\/nie-bedzie-oplat-za-reklamy\/<\/a><strong> )<\/strong><\/p>\n<p><strong>\u00a0<\/strong><\/p>\n<p>W czerwcu 2017 Rada Miasta w Lubinie uchwali\u0142a uchwa\u0142y: krajobrazow\u0105 oraz o wprowadzeniu op\u0142at za reklamy. Wojewoda nie wyda\u0142 rozstrzygni\u0119cia nadzorczego.<\/p>\n<p>Idea by\u0142a s\u0142uszna, cel szczytny, jednak wykonanie nienajlepsze o czym m\u00f3wi w wywiadzie prezydent Lubina:<\/p>\n<p><em>\u201eJa sam przesta\u0142em j\u0105 (uchwa\u0142\u0119 krajobrazow\u0105) rozumie\u0107. Mia\u0142em inne intencje, a okazuje si\u0119, \u017ce w praniu wysz\u0142o co\u015b zupe\u0142nie innego\u2026.\u201d<\/em><\/p>\n<p><em>\u201eOkaza\u0142o si\u0119, \u017ce ta uchwa\u0142a by\u0142a przeinterpretowana przez naszych urz\u0119dnik\u00f3w\u2026\u201d\u00a0<\/em><\/p>\n<p>W Lubinie \u017cycie bardzo szybko zweryfikowa\u0142o nieprzemy\u015blane zapisy w uchwale, nie pozosta\u0142o nic innego jak przyzna\u0107 si\u0119 do b\u0142\u0119du i rozpocz\u0105\u0107 sprz\u0105tanie ba\u0142aganu:<\/p>\n<p><em>\u201eDzi\u015b najwa\u017cniejsza informacja dla mieszka\u0144c\u00f3w jest taka, \u017ce uchylamy z\u0142e przepisy. Podj\u0119ta zosta\u0142a uchwa\u0142a o przyst\u0105pieniu do zmiany tej uchwa\u0142y i teraz pracujemy nad jej nowym brzmieniem. Nowe przepisy maj\u0105 porz\u0105dkowa\u0107 miasto ale nie b\u0119d\u0119 przeszkadza\u0107 lub ogranicza\u0107 prowadzenia dzia\u0142alno\u015bci naszym przedsi\u0119biorcom.\u201d <\/em><\/p>\n<p>To sprz\u0105tanie oczywi\u015bcie nie b\u0119dzie \u0142atwe, bo wprowadzona uchwa\u0142a przez pewien okres czasu obowi\u0105zywa\u0142a, wi\u0119c tak naprawd\u0119 jedynym wyj\u015bciem jest \u0142amanie prawa i nie pobieranie op\u0142at za okres obowi\u0105zywania uchwa\u0142y. Tylko wtedy mamy z jednej strony oskar\u017cenie o niegospodarno\u015b\u0107 (gmina nie mo\u017ce zrezygnowa\u0107 z pobierania op\u0142aty, kt\u00f3r\u0105 wprowadzi\u0142a) z drugiej strony o wprowadzenie op\u0142aty niezgodnej w ustaw\u0105. Co by nie zrobi\u0107 w\u0142adze miasta nie maj\u0105 \u0142atwo.<\/p>\n<p>&nbsp;<\/p>\n<p>Czy mo\u017cna by\u0142o unikn\u0105\u0107 tej sytuacji?<\/p>\n<p>Na pewno tak \u2013 jednak nale\u017ca\u0142o zastanowi\u0107 si\u0119 nad skutkami.<\/p>\n<p>Na usprawiedliwienie Prezydenta nale\u017cy powiedzie\u0107,\u00a0 \u017ce nie zadzia\u0142a\u0142 mechanizm kontrolny \u2013 uchwa\u0142a krajobrazowa zawiera bardzo du\u017co b\u0142\u0119d\u00f3w natury prawnej \u2013 dlaczego Wojewoda nie skorzysta\u0142 z przys\u0142uguj\u0105cego mu prawa i nie wyda\u0142 rozstrzygni\u0119cia nadzorczego?<\/p>\n<p>&nbsp;<\/p>\n<p>Czy z sytuacji w\u00a0 Lubinie inne miasta i gminy wyci\u0105gn\u0105 wnioski?<\/p>\n<p>Czytaj\u0105c ostatnio przedstawione projekty w Suchym Lesie, P\u0142ocku, Gda\u0144sku, Sopocie nie nale\u017cy oczekiwa\u0107 szybkiej zmiany. Samorz\u0105dy nadal b\u0119d\u0105 uczy\u0142y si\u0119 tworzenia prawa kosztem mieszka\u0144c\u00f3w i przedsi\u0119biorc\u00f3w. Pilnie potrzebna jest edukacja. Wiedza urz\u0119dnik\u00f3w na temat ustawy krajobrazowej, mo\u017cliwo\u015bci kt\u00f3re stwarza i skutk\u00f3w, kt\u00f3re mo\u017ce spowodowa\u0107 jest niewystarczaj\u0105ca.<\/p>\n<p>&nbsp;<\/p>\n<p>Co jest przyczyn\u0105, \u017ce powstaj\u0105ce prawo zawiera wiele b\u0142\u0119d\u00f3w?<\/p>\n<p>Uchwa\u0142a krajobrazowa jest skomplikowan\u0105 regulacj\u0105 prawn\u0105, kt\u00f3ra nie tylko reguluje kwestie ochrony krajobrazu, ale r\u00f3wnie\u017c w spos\u00f3b istotny ingeruje w gospodark\u0119 oraz stref\u0119 komunikacji w przestrzeni publicznej. Bardzo istotny jest wymiar ekonomiczny uchwa\u0142y i okre\u015blenie stanu pocz\u0105tkowego, z kt\u00f3rego powinny by\u0107 wyci\u0105gni\u0119te wnioski.<\/p>\n<p>Prawie w ka\u017cdej gminie tworzenie uchwa\u0142y krajobrazowej powierza si\u0119 zespo\u0142owi z\u0142o\u017conemu z urbanist\u00f3w, architekt\u00f3w, plastyk\u00f3w, konserwator\u00f3w \u2013 ludzi b\u0119d\u0105cych specjalistami w swojej dziedzinie, w wi\u0119kszo\u015bci przypadk\u00f3w nie maj\u0105cych innych potrzebnych w tym przypadku kompetencji. Konsultacje w wi\u0119kszo\u015bci przypadk\u00f3w s\u0105 fikcj\u0105.<\/p>\n<p>Tym sposobem powstaj\u0105 projekty niezgodne z prawem, szkodliwe dla gospodarki, mieszka\u0144c\u00f3w, \u00a0jako\u015bci oraz funkcjonalno\u015bci przestrzeni publicznej.<\/p>\n<p>O b\u0142\u0119dach prawnych \u00a0mo\u017cna poczyta\u0107 w wyrokach Wojew\u00f3dzkich S\u0105d\u00f3w Administracyjnych dotycz\u0105cych uchwa\u0142 W \u0141odzi i Opolu, czy te\u017c rozstrzygni\u0119ciach nadzorczych Wojewody Mazowieckiego i Zachodniopomorskiego.<\/p>\n<p>O tym, jakie negatywne skutki dla gospodarki i przedsi\u0119biorc\u00f3w nios\u0105 uchwa\u0142y krajobrazowe przekona\u0142y si\u0119 ju\u017c w\u0142adze Lubina i Ciechanowa. Za chwil\u0119 dowiedz\u0105 si\u0119 o nich w\u0142a\u015bciciele \u00a0centr\u00f3w handlowych w Gda\u0144sku,\u00a0 kt\u00f3rzy zainwestowali po kilka milion\u00f3w z\u0142otych w identyfikacj\u0119 wizualn\u0105 swoich obiekt\u00f3w, uzyskuj\u0105c wcze\u015bniej od w\u0142adz miasta stosowne pozwolenia, a teraz b\u0119d\u0105 musia\u0142y je zmienia\u0107, co b\u0119dzie r\u00f3wnie kosztowne. Oczywi\u015bcie ta kwestia b\u0119dzie dotyczy\u0142a prawie ka\u017cdego przedsi\u0119biorc\u0119 prowadz\u0105cego dzia\u0142alno\u015b\u0107 w mie\u015bcie.<\/p>\n<p>O problemach przekonaj\u0105 si\u0119 r\u00f3wnie\u017c mieszka\u0144cy, kt\u00f3rzy zostan\u0105 pozbawieni dost\u0119pu do informacji.<\/p>\n<p>Pozostaj\u0105 jeszcze absurdy zwi\u0105zane z brakiem znajomo\u015bci materii, kt\u00f3r\u0105 chce si\u0119 regulowa\u0107 \u2013 tym sposobem przy ka\u017cdej nowo budowanej ulicy w Opolu latarnie b\u0119d\u0105 mog\u0142y mie\u0107 jedynie 2,5 m wysoko\u015bci.[\/vc_column_text][\/vc_column][\/vc_row]<\/p>\n","protected":false},"author":16,"featured_media":1565,"template":"","ustawa_cat":[],"class_list":["post-1723","ustawa","type-ustawa","status-publish","has-post-thumbnail","hentry"],"acf":[],"yoast_head":"<!-- This site is optimized with the Yoast SEO plugin v27.5 - https:\/\/yoast.com\/product\/yoast-seo-wordpress\/ -->\n<title>Pope\u0142nili\u015bmy b\u0142\u0105d \u2013 czyli o skutkach nieprzemy\u015blanych decyzji - Jet Line<\/title>\n<meta name=\"robots\" content=\"index, follow, max-snippet:-1, max-image-preview:large, max-video-preview:-1\" \/>\n<link rel=\"canonical\" href=\"https:\/\/jetline.pl\/en\/ustawa-krajobrazowa\/popelnilismy-blad-czyli-o-skutkach-nieprzemyslanych-decyzji\/\" \/>\n<meta property=\"og:locale\" content=\"en_US\" \/>\n<meta property=\"og:type\" content=\"article\" \/>\n<meta property=\"og:title\" content=\"Pope\u0142nili\u015bmy b\u0142\u0105d \u2013 czyli o skutkach nieprzemy\u015blanych decyzji - Jet Line\" \/>\n<meta property=\"og:description\" content=\"[vc_row type=&quot;in_container&quot; full_screen_row_position=&quot;middle&quot; scene_position=&quot;center&quot; text_color=&quot;dark&quot; text_align=&quot;left&quot; overlay_strength=&quot;0.3&quot; shape_divider_position=&quot;bottom&quot;][vc_column column_padding=&quot;no-extra-padding&quot; column_padding_position=&quot;all&quot;...\" \/>\n<meta property=\"og:url\" content=\"https:\/\/jetline.pl\/en\/ustawa-krajobrazowa\/popelnilismy-blad-czyli-o-skutkach-nieprzemyslanych-decyzji\/\" \/>\n<meta property=\"og:site_name\" content=\"Jet Line\" \/>\n<meta property=\"og:image\" content=\"https:\/\/jetline.pl\/wp-content\/uploads\/2024\/09\/o-Lubinie.jpg\" \/>\n\t<meta property=\"og:image:width\" content=\"1200\" \/>\n\t<meta property=\"og:image:height\" content=\"800\" \/>\n\t<meta property=\"og:image:type\" content=\"image\/jpeg\" \/>\n<meta name=\"twitter:card\" content=\"summary_large_image\" \/>\n<meta name=\"twitter:label1\" content=\"Est. reading time\" \/>\n\t<meta name=\"twitter:data1\" content=\"4 minutes\" \/>\n<script type=\"application\/ld+json\" class=\"yoast-schema-graph\">{\"@context\":\"https:\\\/\\\/schema.org\",\"@graph\":[{\"@type\":\"WebPage\",\"@id\":\"https:\\\/\\\/jetline.pl\\\/en\\\/ustawa-krajobrazowa\\\/popelnilismy-blad-czyli-o-skutkach-nieprzemyslanych-decyzji\\\/\",\"url\":\"https:\\\/\\\/jetline.pl\\\/en\\\/ustawa-krajobrazowa\\\/popelnilismy-blad-czyli-o-skutkach-nieprzemyslanych-decyzji\\\/\",\"name\":\"Pope\u0142nili\u015bmy b\u0142\u0105d \u2013 czyli o skutkach nieprzemy\u015blanych decyzji - Jet Line\",\"isPartOf\":{\"@id\":\"https:\\\/\\\/jetline.pl\\\/en\\\/#website\"},\"primaryImageOfPage\":{\"@id\":\"https:\\\/\\\/jetline.pl\\\/en\\\/ustawa-krajobrazowa\\\/popelnilismy-blad-czyli-o-skutkach-nieprzemyslanych-decyzji\\\/#primaryimage\"},\"image\":{\"@id\":\"https:\\\/\\\/jetline.pl\\\/en\\\/ustawa-krajobrazowa\\\/popelnilismy-blad-czyli-o-skutkach-nieprzemyslanych-decyzji\\\/#primaryimage\"},\"thumbnailUrl\":\"https:\\\/\\\/jetline.pl\\\/wp-content\\\/uploads\\\/2024\\\/09\\\/o-Lubinie.jpg\",\"datePublished\":\"2018-02-15T07:47:44+00:00\",\"breadcrumb\":{\"@id\":\"https:\\\/\\\/jetline.pl\\\/en\\\/ustawa-krajobrazowa\\\/popelnilismy-blad-czyli-o-skutkach-nieprzemyslanych-decyzji\\\/#breadcrumb\"},\"inLanguage\":\"en-US\",\"potentialAction\":[{\"@type\":\"ReadAction\",\"target\":[\"https:\\\/\\\/jetline.pl\\\/en\\\/ustawa-krajobrazowa\\\/popelnilismy-blad-czyli-o-skutkach-nieprzemyslanych-decyzji\\\/\"]}]},{\"@type\":\"ImageObject\",\"inLanguage\":\"en-US\",\"@id\":\"https:\\\/\\\/jetline.pl\\\/en\\\/ustawa-krajobrazowa\\\/popelnilismy-blad-czyli-o-skutkach-nieprzemyslanych-decyzji\\\/#primaryimage\",\"url\":\"https:\\\/\\\/jetline.pl\\\/wp-content\\\/uploads\\\/2024\\\/09\\\/o-Lubinie.jpg\",\"contentUrl\":\"https:\\\/\\\/jetline.pl\\\/wp-content\\\/uploads\\\/2024\\\/09\\\/o-Lubinie.jpg\",\"width\":1200,\"height\":800},{\"@type\":\"BreadcrumbList\",\"@id\":\"https:\\\/\\\/jetline.pl\\\/en\\\/ustawa-krajobrazowa\\\/popelnilismy-blad-czyli-o-skutkach-nieprzemyslanych-decyzji\\\/#breadcrumb\",\"itemListElement\":[{\"@type\":\"ListItem\",\"position\":1,\"name\":\"Strona g\u0142\u00f3wna\",\"item\":\"https:\\\/\\\/jetline.pl\\\/en\\\/\"},{\"@type\":\"ListItem\",\"position\":2,\"name\":\"Ustawa krajobrazowa\",\"item\":\"https:\\\/\\\/jetline.pl\\\/en\\\/ustawa-krajobrazowa\\\/\"},{\"@type\":\"ListItem\",\"position\":3,\"name\":\"Pope\u0142nili\u015bmy b\u0142\u0105d \u2013 czyli o skutkach nieprzemy\u015blanych decyzji\"}]},{\"@type\":\"WebSite\",\"@id\":\"https:\\\/\\\/jetline.pl\\\/en\\\/#website\",\"url\":\"https:\\\/\\\/jetline.pl\\\/en\\\/\",\"name\":\"Jet Line\",\"description\":\"Tworzymy przestrze\u0144 do komunikacji\",\"publisher\":{\"@id\":\"https:\\\/\\\/jetline.pl\\\/en\\\/#organization\"},\"potentialAction\":[{\"@type\":\"SearchAction\",\"target\":{\"@type\":\"EntryPoint\",\"urlTemplate\":\"https:\\\/\\\/jetline.pl\\\/en\\\/?s={search_term_string}\"},\"query-input\":{\"@type\":\"PropertyValueSpecification\",\"valueRequired\":true,\"valueName\":\"search_term_string\"}}],\"inLanguage\":\"en-US\"},{\"@type\":\"Organization\",\"@id\":\"https:\\\/\\\/jetline.pl\\\/en\\\/#organization\",\"name\":\"Jet Line\",\"url\":\"https:\\\/\\\/jetline.pl\\\/en\\\/\",\"logo\":{\"@type\":\"ImageObject\",\"inLanguage\":\"en-US\",\"@id\":\"https:\\\/\\\/jetline.pl\\\/en\\\/#\\\/schema\\\/logo\\\/image\\\/\",\"url\":\"https:\\\/\\\/jetline.pl\\\/wp-content\\\/uploads\\\/2024\\\/09\\\/logo_poziom_logo_poziom_czerwone-1.png\",\"contentUrl\":\"https:\\\/\\\/jetline.pl\\\/wp-content\\\/uploads\\\/2024\\\/09\\\/logo_poziom_logo_poziom_czerwone-1.png\",\"width\":4946,\"height\":2016,\"caption\":\"Jet Line\"},\"image\":{\"@id\":\"https:\\\/\\\/jetline.pl\\\/en\\\/#\\\/schema\\\/logo\\\/image\\\/\"}}]}<\/script>\n<!-- \/ Yoast SEO plugin. -->","yoast_head_json":{"title":"Pope\u0142nili\u015bmy b\u0142\u0105d \u2013 czyli o skutkach nieprzemy\u015blanych decyzji - Jet Line","robots":{"index":"index","follow":"follow","max-snippet":"max-snippet:-1","max-image-preview":"max-image-preview:large","max-video-preview":"max-video-preview:-1"},"canonical":"https:\/\/jetline.pl\/en\/ustawa-krajobrazowa\/popelnilismy-blad-czyli-o-skutkach-nieprzemyslanych-decyzji\/","og_locale":"en_US","og_type":"article","og_title":"Pope\u0142nili\u015bmy b\u0142\u0105d \u2013 czyli o skutkach nieprzemy\u015blanych decyzji - Jet Line","og_description":"[vc_row type=\"in_container\" full_screen_row_position=\"middle\" scene_position=\"center\" text_color=\"dark\" text_align=\"left\" overlay_strength=\"0.3\" shape_divider_position=\"bottom\"][vc_column column_padding=\"no-extra-padding\" column_padding_position=\"all\"...","og_url":"https:\/\/jetline.pl\/en\/ustawa-krajobrazowa\/popelnilismy-blad-czyli-o-skutkach-nieprzemyslanych-decyzji\/","og_site_name":"Jet Line","og_image":[{"width":1200,"height":800,"url":"https:\/\/jetline.pl\/wp-content\/uploads\/2024\/09\/o-Lubinie.jpg","type":"image\/jpeg"}],"twitter_card":"summary_large_image","twitter_misc":{"Est. reading time":"4 minutes"},"schema":{"@context":"https:\/\/schema.org","@graph":[{"@type":"WebPage","@id":"https:\/\/jetline.pl\/en\/ustawa-krajobrazowa\/popelnilismy-blad-czyli-o-skutkach-nieprzemyslanych-decyzji\/","url":"https:\/\/jetline.pl\/en\/ustawa-krajobrazowa\/popelnilismy-blad-czyli-o-skutkach-nieprzemyslanych-decyzji\/","name":"Pope\u0142nili\u015bmy b\u0142\u0105d \u2013 czyli o skutkach nieprzemy\u015blanych decyzji - Jet Line","isPartOf":{"@id":"https:\/\/jetline.pl\/en\/#website"},"primaryImageOfPage":{"@id":"https:\/\/jetline.pl\/en\/ustawa-krajobrazowa\/popelnilismy-blad-czyli-o-skutkach-nieprzemyslanych-decyzji\/#primaryimage"},"image":{"@id":"https:\/\/jetline.pl\/en\/ustawa-krajobrazowa\/popelnilismy-blad-czyli-o-skutkach-nieprzemyslanych-decyzji\/#primaryimage"},"thumbnailUrl":"https:\/\/jetline.pl\/wp-content\/uploads\/2024\/09\/o-Lubinie.jpg","datePublished":"2018-02-15T07:47:44+00:00","breadcrumb":{"@id":"https:\/\/jetline.pl\/en\/ustawa-krajobrazowa\/popelnilismy-blad-czyli-o-skutkach-nieprzemyslanych-decyzji\/#breadcrumb"},"inLanguage":"en-US","potentialAction":[{"@type":"ReadAction","target":["https:\/\/jetline.pl\/en\/ustawa-krajobrazowa\/popelnilismy-blad-czyli-o-skutkach-nieprzemyslanych-decyzji\/"]}]},{"@type":"ImageObject","inLanguage":"en-US","@id":"https:\/\/jetline.pl\/en\/ustawa-krajobrazowa\/popelnilismy-blad-czyli-o-skutkach-nieprzemyslanych-decyzji\/#primaryimage","url":"https:\/\/jetline.pl\/wp-content\/uploads\/2024\/09\/o-Lubinie.jpg","contentUrl":"https:\/\/jetline.pl\/wp-content\/uploads\/2024\/09\/o-Lubinie.jpg","width":1200,"height":800},{"@type":"BreadcrumbList","@id":"https:\/\/jetline.pl\/en\/ustawa-krajobrazowa\/popelnilismy-blad-czyli-o-skutkach-nieprzemyslanych-decyzji\/#breadcrumb","itemListElement":[{"@type":"ListItem","position":1,"name":"Strona g\u0142\u00f3wna","item":"https:\/\/jetline.pl\/en\/"},{"@type":"ListItem","position":2,"name":"Ustawa krajobrazowa","item":"https:\/\/jetline.pl\/en\/ustawa-krajobrazowa\/"},{"@type":"ListItem","position":3,"name":"Pope\u0142nili\u015bmy b\u0142\u0105d \u2013 czyli o skutkach nieprzemy\u015blanych decyzji"}]},{"@type":"WebSite","@id":"https:\/\/jetline.pl\/en\/#website","url":"https:\/\/jetline.pl\/en\/","name":"Jet Line","description":"Tworzymy przestrze\u0144 do komunikacji","publisher":{"@id":"https:\/\/jetline.pl\/en\/#organization"},"potentialAction":[{"@type":"SearchAction","target":{"@type":"EntryPoint","urlTemplate":"https:\/\/jetline.pl\/en\/?s={search_term_string}"},"query-input":{"@type":"PropertyValueSpecification","valueRequired":true,"valueName":"search_term_string"}}],"inLanguage":"en-US"},{"@type":"Organization","@id":"https:\/\/jetline.pl\/en\/#organization","name":"Jet Line","url":"https:\/\/jetline.pl\/en\/","logo":{"@type":"ImageObject","inLanguage":"en-US","@id":"https:\/\/jetline.pl\/en\/#\/schema\/logo\/image\/","url":"https:\/\/jetline.pl\/wp-content\/uploads\/2024\/09\/logo_poziom_logo_poziom_czerwone-1.png","contentUrl":"https:\/\/jetline.pl\/wp-content\/uploads\/2024\/09\/logo_poziom_logo_poziom_czerwone-1.png","width":4946,"height":2016,"caption":"Jet Line"},"image":{"@id":"https:\/\/jetline.pl\/en\/#\/schema\/logo\/image\/"}}]}},"_links":{"self":[{"href":"https:\/\/jetline.pl\/en\/wp-json\/wp\/v2\/ustawa\/1723","targetHints":{"allow":["GET"]}}],"collection":[{"href":"https:\/\/jetline.pl\/en\/wp-json\/wp\/v2\/ustawa"}],"about":[{"href":"https:\/\/jetline.pl\/en\/wp-json\/wp\/v2\/types\/ustawa"}],"author":[{"embeddable":true,"href":"https:\/\/jetline.pl\/en\/wp-json\/wp\/v2\/users\/16"}],"wp:featuredmedia":[{"embeddable":true,"href":"https:\/\/jetline.pl\/en\/wp-json\/wp\/v2\/media\/1565"}],"wp:attachment":[{"href":"https:\/\/jetline.pl\/en\/wp-json\/wp\/v2\/media?parent=1723"}],"wp:term":[{"taxonomy":"ustawa_cat","embeddable":true,"href":"https:\/\/jetline.pl\/en\/wp-json\/wp\/v2\/ustawa_cat?post=1723"}],"curies":[{"name":"wp","href":"https:\/\/api.w.org\/{rel}","templated":true}]}}