{"id":1724,"date":"2018-02-22T21:09:51","date_gmt":"2018-02-22T20:09:51","guid":{"rendered":"https:\/\/jetline.presb.pl\/ustawa-krajobrazowa\/10346\/"},"modified":"2018-02-22T21:09:51","modified_gmt":"2018-02-22T20:09:51","slug":"10346","status":"publish","type":"ustawa","link":"https:\/\/jetline.pl\/en\/ustawa-krajobrazowa\/10346\/","title":{"rendered":"W Gda\u0144sku - uchwa\u0142a po g\u0142osowaniu"},"content":{"rendered":"<p>[vc_row type=\"in_container\" full_screen_row_position=\"middle\" scene_position=\"center\" text_color=\"dark\" text_align=\"left\" overlay_strength=\"0.3\" shape_divider_position=\"bottom\"][vc_column column_padding=\"no-extra-padding\" column_padding_position=\"all\" background_color_opacity=\"1\" background_hover_color_opacity=\"1\" column_shadow=\"none\" column_border_radius=\"none\" width=\"1\/1\" tablet_text_alignment=\"default\" phone_text_alignment=\"default\" column_border_width=\"none\" column_border_style=\"solid\"][image_with_animation image_url=\"10347\" alignment=\"\" animation=\"Fade In\" border_radius=\"none\" box_shadow=\"none\" max_width=\"100%\"][divider line_type=\"No Line\" custom_height=\"40\"][vc_column_text]Dzisiaj (22 lutego 2018 r.), podczas XLVIII sesji Rady Miasta Gda\u0144ska zosta\u0142a uchwalona uchwa\u0142a krajobrazowa. W g\u0142osowaniu wzi\u0119\u0142o udzia\u0142 28 radnych, za by\u0142o 22 (w 22-osobowym Klubie PO obowi\u0105zywa\u0142a dyscyplina partyjna, chocia\u017c byli radni,<br \/>\nkt\u00f3rzy w dyskusji m\u00f3wili, \u017ce nie zgadzaj\u0105 si\u0119 z zapisami projektu), przeciw by\u0142 1 radny, pozostali wstrzymali si\u0119 od g\u0142osowania.<br \/>\nG\u0142osowanie uchwa\u0142y by\u0142o poprzedzone g\u0142osowaniem ponad 300. zg\u0142oszonych poprawek. \u017badna poprawka nie zosta\u0142a uwzgl\u0119dniona.<\/p>\n<p>Jak wygl\u0105da uchwa\u0142a krajobrazowa Gda\u0144ska:<br \/>\n- miasto jest podzielone na 8 obszar\u00f3w,<br \/>\n- dopuszczony maksymalny format reklamy to 18m2 ; w strefie najbardziej restrykcyjnej \u2013 Starym Mie\u015bcie - najwi\u0119kszym no\u015bnikiem mog\u0105 by\u0107 nieo\u015bwietlone s\u0142upy reklamowe,<br \/>\n- w mie\u015bcie istnieje praktycznie zakaz reklamy na LED i LCD (za wyj\u0105tkiem obiekt\u00f3w nale\u017c\u0105cych do miasta),<br \/>\n- reklama na budynkach jest dopuszczona jedynie w postaci siatek reklamowych eksponowanych podczas remont\u00f3w,<br \/>\n- okres dostosowania dla istniej\u0105cych reklam wynosi 24 miesi\u0105ce,<br \/>\n- uchwa\u0142a jest tak skonstruowana, \u017ce preferuje tereny miejskie w pasie drogowym \u2013 mo\u017cna przypuszcza\u0107, \u017ce w przeci\u0105gu najbli\u017cszych lat miasto planuje zmonopolizowa\u0107 rynek reklamy na swoim terenie.<\/p>\n<p>Prace nad uchwa\u0142\u0105 trwa\u0142y 2,5 roku. Przez ten czas mogli\u015bmy ogl\u0105da\u0107 wiele projekt\u00f3w, ostatni zawiera w por\u00f3wnaniu do poprzednich najmniej b\u0142\u0119d\u00f3w, jest za to najbardziej restrykcyjny. Przed g\u0142osowaniem jeden z radnych stwierdzi\u0142, \u017ce dzi\u0119ki d\u0142ugiemu okresowi prac wyeliminowano wady prawne, gdy\u017c autorzy uchwa\u0142y mogli uczy\u0107 si\u0119 na b\u0142\u0119dach innych. Tak jednak nie jest, b\u0142\u0119d\u00f3w jest du\u017co, poni\u017cej kilka z nich:<\/p>\n<ul>\n<li>uchwa\u0142a nie okre\u015bla w spos\u00f3b jednoznaczny, jakie s\u0105 warunki dostosowania istniej\u0105cych tablic reklamowych do warunk\u00f3w okre\u015blonych w uchwale;<\/li>\n<li>r\u00f3\u017cnicuje reklamy ze wzgl\u0119du na tre\u015b\u0107 \u2013 czyli wprowadza reklam\u0119 wyborcz\u0105 jako praktycznie nie podlegaj\u0105c\u0105 ograniczeniom;<\/li>\n<li>zawiera b\u0142\u0119dy w definicjach, np. definiuje mural jako tablic\u0119 reklamow\u0105;<\/li>\n<li>okre\u015bla w niekt\u00f3rych przypadkach materia\u0142, z jakiego jest wykonany szyld, na co nie ma upowa\u017cnienia ustawowego;<\/li>\n<li>zawiera wiele niejasnych i nieostrych sformu\u0142owa\u0144 \u2013 moje ulubione to \u201eprostopadle do s\u0142upa\u201d;<\/li>\n<li>zakazuje element\u00f3w zwi\u0105zanych z bezpiecze\u0144stwem pracy podczas plakatowania (np. pomost\u00f3w pod tablic\u0105).<\/li>\n<\/ul>\n<p>Teraz Gda\u0144sk ma kilka dni na przygotowanie dokumentacji i przes\u0142anie jej wojewodzie pomorskiemu, kt\u00f3ry z kolei b\u0119dzie mia\u0142 30 dni na wydanie rozstrzygni\u0119cia nadzorczego, w kt\u00f3rym stwierdzi czy uchwa\u0142a jest zgodna z obowi\u0105zuj\u0105cym prawem.[\/vc_column_text][\/vc_column][\/vc_row]<\/p>\n","protected":false},"author":16,"featured_media":1567,"template":"","ustawa_cat":[],"class_list":["post-1724","ustawa","type-ustawa","status-publish","has-post-thumbnail","hentry"],"acf":[],"yoast_head":"<!-- This site is optimized with the Yoast SEO plugin v27.5 - https:\/\/yoast.com\/product\/yoast-seo-wordpress\/ -->\n<title>W Gda\u0144sku - uchwa\u0142a po g\u0142osowaniu - Jet Line<\/title>\n<meta name=\"robots\" content=\"index, follow, max-snippet:-1, max-image-preview:large, max-video-preview:-1\" \/>\n<link rel=\"canonical\" href=\"https:\/\/jetline.pl\/en\/ustawa-krajobrazowa\/10346\/\" \/>\n<meta property=\"og:locale\" content=\"en_US\" \/>\n<meta property=\"og:type\" content=\"article\" \/>\n<meta property=\"og:title\" content=\"W Gda\u0144sku - uchwa\u0142a po g\u0142osowaniu - Jet Line\" \/>\n<meta property=\"og:description\" content=\"[vc_row type=&quot;in_container&quot; full_screen_row_position=&quot;middle&quot; scene_position=&quot;center&quot; text_color=&quot;dark&quot; text_align=&quot;left&quot; overlay_strength=&quot;0.3&quot; shape_divider_position=&quot;bottom&quot;][vc_column column_padding=&quot;no-extra-padding&quot; column_padding_position=&quot;all&quot;...\" \/>\n<meta property=\"og:url\" content=\"https:\/\/jetline.pl\/en\/ustawa-krajobrazowa\/10346\/\" \/>\n<meta property=\"og:site_name\" content=\"Jet Line\" \/>\n<meta property=\"og:image\" content=\"https:\/\/jetline.pl\/wp-content\/uploads\/2024\/09\/sesja-gdansk.jpg\" \/>\n\t<meta property=\"og:image:width\" content=\"529\" \/>\n\t<meta property=\"og:image:height\" content=\"478\" \/>\n\t<meta property=\"og:image:type\" content=\"image\/jpeg\" \/>\n<meta name=\"twitter:card\" content=\"summary_large_image\" \/>\n<meta name=\"twitter:label1\" content=\"Est. reading time\" \/>\n\t<meta name=\"twitter:data1\" content=\"3 minutes\" \/>\n<script type=\"application\/ld+json\" class=\"yoast-schema-graph\">{\"@context\":\"https:\\\/\\\/schema.org\",\"@graph\":[{\"@type\":\"WebPage\",\"@id\":\"https:\\\/\\\/jetline.pl\\\/en\\\/ustawa-krajobrazowa\\\/10346\\\/\",\"url\":\"https:\\\/\\\/jetline.pl\\\/en\\\/ustawa-krajobrazowa\\\/10346\\\/\",\"name\":\"W Gda\u0144sku - uchwa\u0142a po g\u0142osowaniu - Jet Line\",\"isPartOf\":{\"@id\":\"https:\\\/\\\/jetline.pl\\\/en\\\/#website\"},\"primaryImageOfPage\":{\"@id\":\"https:\\\/\\\/jetline.pl\\\/en\\\/ustawa-krajobrazowa\\\/10346\\\/#primaryimage\"},\"image\":{\"@id\":\"https:\\\/\\\/jetline.pl\\\/en\\\/ustawa-krajobrazowa\\\/10346\\\/#primaryimage\"},\"thumbnailUrl\":\"https:\\\/\\\/jetline.pl\\\/wp-content\\\/uploads\\\/2024\\\/09\\\/sesja-gdansk.jpg\",\"datePublished\":\"2018-02-22T20:09:51+00:00\",\"breadcrumb\":{\"@id\":\"https:\\\/\\\/jetline.pl\\\/en\\\/ustawa-krajobrazowa\\\/10346\\\/#breadcrumb\"},\"inLanguage\":\"en-US\",\"potentialAction\":[{\"@type\":\"ReadAction\",\"target\":[\"https:\\\/\\\/jetline.pl\\\/en\\\/ustawa-krajobrazowa\\\/10346\\\/\"]}]},{\"@type\":\"ImageObject\",\"inLanguage\":\"en-US\",\"@id\":\"https:\\\/\\\/jetline.pl\\\/en\\\/ustawa-krajobrazowa\\\/10346\\\/#primaryimage\",\"url\":\"https:\\\/\\\/jetline.pl\\\/wp-content\\\/uploads\\\/2024\\\/09\\\/sesja-gdansk.jpg\",\"contentUrl\":\"https:\\\/\\\/jetline.pl\\\/wp-content\\\/uploads\\\/2024\\\/09\\\/sesja-gdansk.jpg\",\"width\":529,\"height\":478},{\"@type\":\"BreadcrumbList\",\"@id\":\"https:\\\/\\\/jetline.pl\\\/en\\\/ustawa-krajobrazowa\\\/10346\\\/#breadcrumb\",\"itemListElement\":[{\"@type\":\"ListItem\",\"position\":1,\"name\":\"Strona g\u0142\u00f3wna\",\"item\":\"https:\\\/\\\/jetline.pl\\\/en\\\/\"},{\"@type\":\"ListItem\",\"position\":2,\"name\":\"Ustawa krajobrazowa\",\"item\":\"https:\\\/\\\/jetline.pl\\\/en\\\/ustawa-krajobrazowa\\\/\"},{\"@type\":\"ListItem\",\"position\":3,\"name\":\"W Gda\u0144sku - uchwa\u0142a po g\u0142osowaniu\"}]},{\"@type\":\"WebSite\",\"@id\":\"https:\\\/\\\/jetline.pl\\\/en\\\/#website\",\"url\":\"https:\\\/\\\/jetline.pl\\\/en\\\/\",\"name\":\"Jet Line\",\"description\":\"Tworzymy przestrze\u0144 do komunikacji\",\"publisher\":{\"@id\":\"https:\\\/\\\/jetline.pl\\\/en\\\/#organization\"},\"potentialAction\":[{\"@type\":\"SearchAction\",\"target\":{\"@type\":\"EntryPoint\",\"urlTemplate\":\"https:\\\/\\\/jetline.pl\\\/en\\\/?s={search_term_string}\"},\"query-input\":{\"@type\":\"PropertyValueSpecification\",\"valueRequired\":true,\"valueName\":\"search_term_string\"}}],\"inLanguage\":\"en-US\"},{\"@type\":\"Organization\",\"@id\":\"https:\\\/\\\/jetline.pl\\\/en\\\/#organization\",\"name\":\"Jet Line\",\"url\":\"https:\\\/\\\/jetline.pl\\\/en\\\/\",\"logo\":{\"@type\":\"ImageObject\",\"inLanguage\":\"en-US\",\"@id\":\"https:\\\/\\\/jetline.pl\\\/en\\\/#\\\/schema\\\/logo\\\/image\\\/\",\"url\":\"https:\\\/\\\/jetline.pl\\\/wp-content\\\/uploads\\\/2024\\\/09\\\/logo_poziom_logo_poziom_czerwone-1.png\",\"contentUrl\":\"https:\\\/\\\/jetline.pl\\\/wp-content\\\/uploads\\\/2024\\\/09\\\/logo_poziom_logo_poziom_czerwone-1.png\",\"width\":4946,\"height\":2016,\"caption\":\"Jet Line\"},\"image\":{\"@id\":\"https:\\\/\\\/jetline.pl\\\/en\\\/#\\\/schema\\\/logo\\\/image\\\/\"}}]}<\/script>\n<!-- \/ Yoast SEO plugin. -->","yoast_head_json":{"title":"W Gda\u0144sku - uchwa\u0142a po g\u0142osowaniu - Jet Line","robots":{"index":"index","follow":"follow","max-snippet":"max-snippet:-1","max-image-preview":"max-image-preview:large","max-video-preview":"max-video-preview:-1"},"canonical":"https:\/\/jetline.pl\/en\/ustawa-krajobrazowa\/10346\/","og_locale":"en_US","og_type":"article","og_title":"W Gda\u0144sku - uchwa\u0142a po g\u0142osowaniu - Jet Line","og_description":"[vc_row type=\"in_container\" full_screen_row_position=\"middle\" scene_position=\"center\" text_color=\"dark\" text_align=\"left\" overlay_strength=\"0.3\" shape_divider_position=\"bottom\"][vc_column column_padding=\"no-extra-padding\" column_padding_position=\"all\"...","og_url":"https:\/\/jetline.pl\/en\/ustawa-krajobrazowa\/10346\/","og_site_name":"Jet Line","og_image":[{"width":529,"height":478,"url":"https:\/\/jetline.pl\/wp-content\/uploads\/2024\/09\/sesja-gdansk.jpg","type":"image\/jpeg"}],"twitter_card":"summary_large_image","twitter_misc":{"Est. reading time":"3 minutes"},"schema":{"@context":"https:\/\/schema.org","@graph":[{"@type":"WebPage","@id":"https:\/\/jetline.pl\/en\/ustawa-krajobrazowa\/10346\/","url":"https:\/\/jetline.pl\/en\/ustawa-krajobrazowa\/10346\/","name":"W Gda\u0144sku - uchwa\u0142a po g\u0142osowaniu - Jet Line","isPartOf":{"@id":"https:\/\/jetline.pl\/en\/#website"},"primaryImageOfPage":{"@id":"https:\/\/jetline.pl\/en\/ustawa-krajobrazowa\/10346\/#primaryimage"},"image":{"@id":"https:\/\/jetline.pl\/en\/ustawa-krajobrazowa\/10346\/#primaryimage"},"thumbnailUrl":"https:\/\/jetline.pl\/wp-content\/uploads\/2024\/09\/sesja-gdansk.jpg","datePublished":"2018-02-22T20:09:51+00:00","breadcrumb":{"@id":"https:\/\/jetline.pl\/en\/ustawa-krajobrazowa\/10346\/#breadcrumb"},"inLanguage":"en-US","potentialAction":[{"@type":"ReadAction","target":["https:\/\/jetline.pl\/en\/ustawa-krajobrazowa\/10346\/"]}]},{"@type":"ImageObject","inLanguage":"en-US","@id":"https:\/\/jetline.pl\/en\/ustawa-krajobrazowa\/10346\/#primaryimage","url":"https:\/\/jetline.pl\/wp-content\/uploads\/2024\/09\/sesja-gdansk.jpg","contentUrl":"https:\/\/jetline.pl\/wp-content\/uploads\/2024\/09\/sesja-gdansk.jpg","width":529,"height":478},{"@type":"BreadcrumbList","@id":"https:\/\/jetline.pl\/en\/ustawa-krajobrazowa\/10346\/#breadcrumb","itemListElement":[{"@type":"ListItem","position":1,"name":"Strona g\u0142\u00f3wna","item":"https:\/\/jetline.pl\/en\/"},{"@type":"ListItem","position":2,"name":"Ustawa krajobrazowa","item":"https:\/\/jetline.pl\/en\/ustawa-krajobrazowa\/"},{"@type":"ListItem","position":3,"name":"W Gda\u0144sku - uchwa\u0142a po g\u0142osowaniu"}]},{"@type":"WebSite","@id":"https:\/\/jetline.pl\/en\/#website","url":"https:\/\/jetline.pl\/en\/","name":"Jet Line","description":"Tworzymy przestrze\u0144 do komunikacji","publisher":{"@id":"https:\/\/jetline.pl\/en\/#organization"},"potentialAction":[{"@type":"SearchAction","target":{"@type":"EntryPoint","urlTemplate":"https:\/\/jetline.pl\/en\/?s={search_term_string}"},"query-input":{"@type":"PropertyValueSpecification","valueRequired":true,"valueName":"search_term_string"}}],"inLanguage":"en-US"},{"@type":"Organization","@id":"https:\/\/jetline.pl\/en\/#organization","name":"Jet Line","url":"https:\/\/jetline.pl\/en\/","logo":{"@type":"ImageObject","inLanguage":"en-US","@id":"https:\/\/jetline.pl\/en\/#\/schema\/logo\/image\/","url":"https:\/\/jetline.pl\/wp-content\/uploads\/2024\/09\/logo_poziom_logo_poziom_czerwone-1.png","contentUrl":"https:\/\/jetline.pl\/wp-content\/uploads\/2024\/09\/logo_poziom_logo_poziom_czerwone-1.png","width":4946,"height":2016,"caption":"Jet Line"},"image":{"@id":"https:\/\/jetline.pl\/en\/#\/schema\/logo\/image\/"}}]}},"_links":{"self":[{"href":"https:\/\/jetline.pl\/en\/wp-json\/wp\/v2\/ustawa\/1724","targetHints":{"allow":["GET"]}}],"collection":[{"href":"https:\/\/jetline.pl\/en\/wp-json\/wp\/v2\/ustawa"}],"about":[{"href":"https:\/\/jetline.pl\/en\/wp-json\/wp\/v2\/types\/ustawa"}],"author":[{"embeddable":true,"href":"https:\/\/jetline.pl\/en\/wp-json\/wp\/v2\/users\/16"}],"wp:featuredmedia":[{"embeddable":true,"href":"https:\/\/jetline.pl\/en\/wp-json\/wp\/v2\/media\/1567"}],"wp:attachment":[{"href":"https:\/\/jetline.pl\/en\/wp-json\/wp\/v2\/media?parent=1724"}],"wp:term":[{"taxonomy":"ustawa_cat","embeddable":true,"href":"https:\/\/jetline.pl\/en\/wp-json\/wp\/v2\/ustawa_cat?post=1724"}],"curies":[{"name":"wp","href":"https:\/\/api.w.org\/{rel}","templated":true}]}}