{"id":1725,"date":"2018-02-26T09:21:47","date_gmt":"2018-02-26T08:21:47","guid":{"rendered":"https:\/\/jetline.presb.pl\/ustawa-krajobrazowa\/nowa-wersja-uchwaly-krajobrazowej-lodzi\/"},"modified":"2018-02-26T09:21:47","modified_gmt":"2018-02-26T08:21:47","slug":"nowa-wersja-uchwaly-krajobrazowej-lodzi","status":"publish","type":"ustawa","link":"https:\/\/jetline.pl\/en\/ustawa-krajobrazowa\/nowa-wersja-uchwaly-krajobrazowej-lodzi\/","title":{"rendered":"Nowa wersja uchwa\u0142y krajobrazowej w \u0141odzi"},"content":{"rendered":"<p>[vc_row type=\"in_container\" full_screen_row_position=\"middle\" scene_position=\"center\" text_color=\"dark\" text_align=\"left\" overlay_strength=\"0.3\" shape_divider_position=\"bottom\"][vc_column column_padding=\"no-extra-padding\" column_padding_position=\"all\" background_color_opacity=\"1\" background_hover_color_opacity=\"1\" column_shadow=\"none\" column_border_radius=\"none\" width=\"1\/1\" tablet_text_alignment=\"default\" phone_text_alignment=\"default\" column_border_width=\"none\" column_border_style=\"solid\"][image_with_animation image_url=\"10373\" alignment=\"\" animation=\"Fade In\" border_radius=\"none\" box_shadow=\"none\" max_width=\"100%\"][divider line_type=\"No Line\" custom_height=\"40\"][vc_column_text]W \u0141odzi trwaj\u0105 prace nad now\u0105 wersj\u0105 Kodeksu Reklamowego.<br \/>\nHarmonogram prac zak\u0142ada, \u017ce obecnie obowi\u0105zuj\u0105ca uchwa\u0142a b\u0119dzie uchylona przez Rad\u0119 Miasta pod koniec sierpnia. Tym samym miasto wycofuje si\u0119 z rozprawy przed NSA (Naczelnym S\u0105dem Administracyjnym), do kt\u00f3rego odwo\u0142a\u0142o si\u0119 po opublikowaniu przez WSA (Wojew\u00f3dzki S\u0105d Administracyjny) niekorzystnego dla siebie wyniku.<br \/>\nWy\u0142o\u017cenie projektu odb\u0119dzie si\u0119 na prze\u0142omie czerwca i lipca, wcze\u015bniej nie s\u0105 planowane \u017cadne konsultacje publiczne. Zmiany id\u0105 w stron\u0119 uproszczenia zapis\u00f3w, wi\u0119kszej czytelno\u015bci, przejrzysto\u015bci i precyzyjno\u015bci.<\/p>\n<p>Bardzo dobrze, \u017ce pad\u0142a deklaracja: \u201eStra\u017c Miejska usuwa\u0107 b\u0119dzie nielegalne reklamy z dzia\u0142ek nale\u017c\u0105cych do miasta\u201d<br \/>\n\u2013 bo sytuacja, w kt\u00f3rej miasto pozwala, aby na jego terenie sta\u0142y nielegalne reklamy, jest niedopuszczalna.<br \/>\nWiem oczywi\u015bcie, \u017ce to nie ma kompletnie nic wsp\u00f3lnego z uchwa\u0142\u0105 reklamow\u0105.<br \/>\nUchwa\u0142a nie jest potrzebna do usuni\u0119cia nielegalnych konstrukcji, miasta takie narz\u0119dzia maj\u0105 przecie\u017c od dawna.<br \/>\nDeklaracja \u0141odzi cieszy mnie nie tylko dlatego, \u017ce \u0141\u00f3d\u017a chce poradzi\u0107 sobie przynajmniej z cz\u0119\u015bci\u0105 problemu, ale te\u017c dlatego,<br \/>\n\u017ce potwierdzi co oczywiste: <strong>mo\u017cna nie mie\u0107 uchwa\u0142y krajobrazowej i mie\u0107 porz\u0105dek.<\/strong><\/p>\n<p>Wi\u0119cej informacji na stronie:<br \/>\n<a href=\"http:\/\/uml.lodz.pl\/aktualnosci\/artykul\/kodeks-reklamowy-bedzie-znowelizowany-ale-wczesniej-konsultacje-spoleczne-id18309\/2018\/2\/14\/\">http:\/\/uml.lodz.pl\/aktualnosci\/artykul\/kodeks-reklamowy-bedzie-znowelizowany-ale-wczesniej-konsultacje-spoleczne-id18309\/2018\/2\/14\/<\/a>[\/vc_column_text][divider line_type=\"No Line\" custom_height=\"40\"][\/vc_column][\/vc_row]<\/p>\n","protected":false},"author":16,"featured_media":1569,"template":"","ustawa_cat":[],"class_list":["post-1725","ustawa","type-ustawa","status-publish","has-post-thumbnail","hentry"],"acf":[],"yoast_head":"<!-- This site is optimized with the Yoast SEO plugin v27.5 - https:\/\/yoast.com\/product\/yoast-seo-wordpress\/ -->\n<title>Nowa wersja uchwa\u0142y krajobrazowej w \u0141odzi - Jet Line<\/title>\n<meta name=\"robots\" content=\"index, follow, max-snippet:-1, max-image-preview:large, max-video-preview:-1\" \/>\n<link rel=\"canonical\" href=\"https:\/\/jetline.pl\/en\/ustawa-krajobrazowa\/nowa-wersja-uchwaly-krajobrazowej-lodzi\/\" \/>\n<meta property=\"og:locale\" content=\"en_US\" \/>\n<meta property=\"og:type\" content=\"article\" \/>\n<meta property=\"og:title\" content=\"Nowa wersja uchwa\u0142y krajobrazowej w \u0141odzi - Jet Line\" \/>\n<meta property=\"og:description\" content=\"[vc_row type=&quot;in_container&quot; full_screen_row_position=&quot;middle&quot; scene_position=&quot;center&quot; text_color=&quot;dark&quot; text_align=&quot;left&quot; overlay_strength=&quot;0.3&quot; shape_divider_position=&quot;bottom&quot;][vc_column column_padding=&quot;no-extra-padding&quot; column_padding_position=&quot;all&quot;...\" \/>\n<meta property=\"og:url\" content=\"https:\/\/jetline.pl\/en\/ustawa-krajobrazowa\/nowa-wersja-uchwaly-krajobrazowej-lodzi\/\" \/>\n<meta property=\"og:site_name\" content=\"Jet Line\" \/>\n<meta property=\"og:image\" content=\"https:\/\/jetline.pl\/wp-content\/uploads\/2024\/09\/lodz_tonie_wer2-2.png\" \/>\n\t<meta property=\"og:image:width\" content=\"980\" \/>\n\t<meta property=\"og:image:height\" content=\"687\" \/>\n\t<meta property=\"og:image:type\" content=\"image\/png\" \/>\n<meta name=\"twitter:card\" content=\"summary_large_image\" \/>\n<meta name=\"twitter:label1\" content=\"Est. reading time\" \/>\n\t<meta name=\"twitter:data1\" content=\"2 minutes\" \/>\n<script type=\"application\/ld+json\" class=\"yoast-schema-graph\">{\"@context\":\"https:\\\/\\\/schema.org\",\"@graph\":[{\"@type\":\"WebPage\",\"@id\":\"https:\\\/\\\/jetline.pl\\\/en\\\/ustawa-krajobrazowa\\\/nowa-wersja-uchwaly-krajobrazowej-lodzi\\\/\",\"url\":\"https:\\\/\\\/jetline.pl\\\/en\\\/ustawa-krajobrazowa\\\/nowa-wersja-uchwaly-krajobrazowej-lodzi\\\/\",\"name\":\"Nowa wersja uchwa\u0142y krajobrazowej w \u0141odzi - Jet Line\",\"isPartOf\":{\"@id\":\"https:\\\/\\\/jetline.pl\\\/en\\\/#website\"},\"primaryImageOfPage\":{\"@id\":\"https:\\\/\\\/jetline.pl\\\/en\\\/ustawa-krajobrazowa\\\/nowa-wersja-uchwaly-krajobrazowej-lodzi\\\/#primaryimage\"},\"image\":{\"@id\":\"https:\\\/\\\/jetline.pl\\\/en\\\/ustawa-krajobrazowa\\\/nowa-wersja-uchwaly-krajobrazowej-lodzi\\\/#primaryimage\"},\"thumbnailUrl\":\"https:\\\/\\\/jetline.pl\\\/wp-content\\\/uploads\\\/2024\\\/09\\\/lodz_tonie_wer2-2.png\",\"datePublished\":\"2018-02-26T08:21:47+00:00\",\"breadcrumb\":{\"@id\":\"https:\\\/\\\/jetline.pl\\\/en\\\/ustawa-krajobrazowa\\\/nowa-wersja-uchwaly-krajobrazowej-lodzi\\\/#breadcrumb\"},\"inLanguage\":\"en-US\",\"potentialAction\":[{\"@type\":\"ReadAction\",\"target\":[\"https:\\\/\\\/jetline.pl\\\/en\\\/ustawa-krajobrazowa\\\/nowa-wersja-uchwaly-krajobrazowej-lodzi\\\/\"]}]},{\"@type\":\"ImageObject\",\"inLanguage\":\"en-US\",\"@id\":\"https:\\\/\\\/jetline.pl\\\/en\\\/ustawa-krajobrazowa\\\/nowa-wersja-uchwaly-krajobrazowej-lodzi\\\/#primaryimage\",\"url\":\"https:\\\/\\\/jetline.pl\\\/wp-content\\\/uploads\\\/2024\\\/09\\\/lodz_tonie_wer2-2.png\",\"contentUrl\":\"https:\\\/\\\/jetline.pl\\\/wp-content\\\/uploads\\\/2024\\\/09\\\/lodz_tonie_wer2-2.png\",\"width\":980,\"height\":687},{\"@type\":\"BreadcrumbList\",\"@id\":\"https:\\\/\\\/jetline.pl\\\/en\\\/ustawa-krajobrazowa\\\/nowa-wersja-uchwaly-krajobrazowej-lodzi\\\/#breadcrumb\",\"itemListElement\":[{\"@type\":\"ListItem\",\"position\":1,\"name\":\"Strona g\u0142\u00f3wna\",\"item\":\"https:\\\/\\\/jetline.pl\\\/en\\\/\"},{\"@type\":\"ListItem\",\"position\":2,\"name\":\"Ustawa krajobrazowa\",\"item\":\"https:\\\/\\\/jetline.pl\\\/en\\\/ustawa-krajobrazowa\\\/\"},{\"@type\":\"ListItem\",\"position\":3,\"name\":\"Nowa wersja uchwa\u0142y krajobrazowej w \u0141odzi\"}]},{\"@type\":\"WebSite\",\"@id\":\"https:\\\/\\\/jetline.pl\\\/en\\\/#website\",\"url\":\"https:\\\/\\\/jetline.pl\\\/en\\\/\",\"name\":\"Jet Line\",\"description\":\"Tworzymy przestrze\u0144 do komunikacji\",\"publisher\":{\"@id\":\"https:\\\/\\\/jetline.pl\\\/en\\\/#organization\"},\"potentialAction\":[{\"@type\":\"SearchAction\",\"target\":{\"@type\":\"EntryPoint\",\"urlTemplate\":\"https:\\\/\\\/jetline.pl\\\/en\\\/?s={search_term_string}\"},\"query-input\":{\"@type\":\"PropertyValueSpecification\",\"valueRequired\":true,\"valueName\":\"search_term_string\"}}],\"inLanguage\":\"en-US\"},{\"@type\":\"Organization\",\"@id\":\"https:\\\/\\\/jetline.pl\\\/en\\\/#organization\",\"name\":\"Jet Line\",\"url\":\"https:\\\/\\\/jetline.pl\\\/en\\\/\",\"logo\":{\"@type\":\"ImageObject\",\"inLanguage\":\"en-US\",\"@id\":\"https:\\\/\\\/jetline.pl\\\/en\\\/#\\\/schema\\\/logo\\\/image\\\/\",\"url\":\"https:\\\/\\\/jetline.pl\\\/wp-content\\\/uploads\\\/2024\\\/09\\\/logo_poziom_logo_poziom_czerwone-1.png\",\"contentUrl\":\"https:\\\/\\\/jetline.pl\\\/wp-content\\\/uploads\\\/2024\\\/09\\\/logo_poziom_logo_poziom_czerwone-1.png\",\"width\":4946,\"height\":2016,\"caption\":\"Jet Line\"},\"image\":{\"@id\":\"https:\\\/\\\/jetline.pl\\\/en\\\/#\\\/schema\\\/logo\\\/image\\\/\"}}]}<\/script>\n<!-- \/ Yoast SEO plugin. -->","yoast_head_json":{"title":"Nowa wersja uchwa\u0142y krajobrazowej w \u0141odzi - Jet Line","robots":{"index":"index","follow":"follow","max-snippet":"max-snippet:-1","max-image-preview":"max-image-preview:large","max-video-preview":"max-video-preview:-1"},"canonical":"https:\/\/jetline.pl\/en\/ustawa-krajobrazowa\/nowa-wersja-uchwaly-krajobrazowej-lodzi\/","og_locale":"en_US","og_type":"article","og_title":"Nowa wersja uchwa\u0142y krajobrazowej w \u0141odzi - Jet Line","og_description":"[vc_row type=\"in_container\" full_screen_row_position=\"middle\" scene_position=\"center\" text_color=\"dark\" text_align=\"left\" overlay_strength=\"0.3\" shape_divider_position=\"bottom\"][vc_column column_padding=\"no-extra-padding\" column_padding_position=\"all\"...","og_url":"https:\/\/jetline.pl\/en\/ustawa-krajobrazowa\/nowa-wersja-uchwaly-krajobrazowej-lodzi\/","og_site_name":"Jet Line","og_image":[{"width":980,"height":687,"url":"https:\/\/jetline.pl\/wp-content\/uploads\/2024\/09\/lodz_tonie_wer2-2.png","type":"image\/png"}],"twitter_card":"summary_large_image","twitter_misc":{"Est. reading time":"2 minutes"},"schema":{"@context":"https:\/\/schema.org","@graph":[{"@type":"WebPage","@id":"https:\/\/jetline.pl\/en\/ustawa-krajobrazowa\/nowa-wersja-uchwaly-krajobrazowej-lodzi\/","url":"https:\/\/jetline.pl\/en\/ustawa-krajobrazowa\/nowa-wersja-uchwaly-krajobrazowej-lodzi\/","name":"Nowa wersja uchwa\u0142y krajobrazowej w \u0141odzi - Jet Line","isPartOf":{"@id":"https:\/\/jetline.pl\/en\/#website"},"primaryImageOfPage":{"@id":"https:\/\/jetline.pl\/en\/ustawa-krajobrazowa\/nowa-wersja-uchwaly-krajobrazowej-lodzi\/#primaryimage"},"image":{"@id":"https:\/\/jetline.pl\/en\/ustawa-krajobrazowa\/nowa-wersja-uchwaly-krajobrazowej-lodzi\/#primaryimage"},"thumbnailUrl":"https:\/\/jetline.pl\/wp-content\/uploads\/2024\/09\/lodz_tonie_wer2-2.png","datePublished":"2018-02-26T08:21:47+00:00","breadcrumb":{"@id":"https:\/\/jetline.pl\/en\/ustawa-krajobrazowa\/nowa-wersja-uchwaly-krajobrazowej-lodzi\/#breadcrumb"},"inLanguage":"en-US","potentialAction":[{"@type":"ReadAction","target":["https:\/\/jetline.pl\/en\/ustawa-krajobrazowa\/nowa-wersja-uchwaly-krajobrazowej-lodzi\/"]}]},{"@type":"ImageObject","inLanguage":"en-US","@id":"https:\/\/jetline.pl\/en\/ustawa-krajobrazowa\/nowa-wersja-uchwaly-krajobrazowej-lodzi\/#primaryimage","url":"https:\/\/jetline.pl\/wp-content\/uploads\/2024\/09\/lodz_tonie_wer2-2.png","contentUrl":"https:\/\/jetline.pl\/wp-content\/uploads\/2024\/09\/lodz_tonie_wer2-2.png","width":980,"height":687},{"@type":"BreadcrumbList","@id":"https:\/\/jetline.pl\/en\/ustawa-krajobrazowa\/nowa-wersja-uchwaly-krajobrazowej-lodzi\/#breadcrumb","itemListElement":[{"@type":"ListItem","position":1,"name":"Strona g\u0142\u00f3wna","item":"https:\/\/jetline.pl\/en\/"},{"@type":"ListItem","position":2,"name":"Ustawa krajobrazowa","item":"https:\/\/jetline.pl\/en\/ustawa-krajobrazowa\/"},{"@type":"ListItem","position":3,"name":"Nowa wersja uchwa\u0142y krajobrazowej w \u0141odzi"}]},{"@type":"WebSite","@id":"https:\/\/jetline.pl\/en\/#website","url":"https:\/\/jetline.pl\/en\/","name":"Jet Line","description":"Tworzymy przestrze\u0144 do komunikacji","publisher":{"@id":"https:\/\/jetline.pl\/en\/#organization"},"potentialAction":[{"@type":"SearchAction","target":{"@type":"EntryPoint","urlTemplate":"https:\/\/jetline.pl\/en\/?s={search_term_string}"},"query-input":{"@type":"PropertyValueSpecification","valueRequired":true,"valueName":"search_term_string"}}],"inLanguage":"en-US"},{"@type":"Organization","@id":"https:\/\/jetline.pl\/en\/#organization","name":"Jet Line","url":"https:\/\/jetline.pl\/en\/","logo":{"@type":"ImageObject","inLanguage":"en-US","@id":"https:\/\/jetline.pl\/en\/#\/schema\/logo\/image\/","url":"https:\/\/jetline.pl\/wp-content\/uploads\/2024\/09\/logo_poziom_logo_poziom_czerwone-1.png","contentUrl":"https:\/\/jetline.pl\/wp-content\/uploads\/2024\/09\/logo_poziom_logo_poziom_czerwone-1.png","width":4946,"height":2016,"caption":"Jet Line"},"image":{"@id":"https:\/\/jetline.pl\/en\/#\/schema\/logo\/image\/"}}]}},"_links":{"self":[{"href":"https:\/\/jetline.pl\/en\/wp-json\/wp\/v2\/ustawa\/1725","targetHints":{"allow":["GET"]}}],"collection":[{"href":"https:\/\/jetline.pl\/en\/wp-json\/wp\/v2\/ustawa"}],"about":[{"href":"https:\/\/jetline.pl\/en\/wp-json\/wp\/v2\/types\/ustawa"}],"author":[{"embeddable":true,"href":"https:\/\/jetline.pl\/en\/wp-json\/wp\/v2\/users\/16"}],"wp:featuredmedia":[{"embeddable":true,"href":"https:\/\/jetline.pl\/en\/wp-json\/wp\/v2\/media\/1569"}],"wp:attachment":[{"href":"https:\/\/jetline.pl\/en\/wp-json\/wp\/v2\/media?parent=1725"}],"wp:term":[{"taxonomy":"ustawa_cat","embeddable":true,"href":"https:\/\/jetline.pl\/en\/wp-json\/wp\/v2\/ustawa_cat?post=1725"}],"curies":[{"name":"wp","href":"https:\/\/api.w.org\/{rel}","templated":true}]}}