{"id":1728,"date":"2018-03-22T12:08:11","date_gmt":"2018-03-22T11:08:11","guid":{"rendered":"https:\/\/jetline.presb.pl\/ustawa-krajobrazowa\/europejska-konwencja-krajobrazowa-czyli-geneza-ustawy-krajobrazowej\/"},"modified":"2018-03-22T12:08:11","modified_gmt":"2018-03-22T11:08:11","slug":"europejska-konwencja-krajobrazowa-czyli-geneza-ustawy-krajobrazowej","status":"publish","type":"ustawa","link":"https:\/\/jetline.pl\/en\/ustawa-krajobrazowa\/europejska-konwencja-krajobrazowa-czyli-geneza-ustawy-krajobrazowej\/","title":{"rendered":"Europejska Konwencja Krajobrazowa, czyli geneza ustawy krajobrazowej"},"content":{"rendered":"<p>[vc_row type=\"in_container\" full_screen_row_position=\"middle\" scene_position=\"center\" text_color=\"dark\" text_align=\"left\" overlay_strength=\"0.3\" shape_divider_position=\"bottom\"][vc_column column_padding=\"no-extra-padding\" column_padding_position=\"all\" background_color_opacity=\"1\" background_hover_color_opacity=\"1\" column_shadow=\"none\" column_border_radius=\"none\" width=\"1\/1\" tablet_text_alignment=\"default\" phone_text_alignment=\"default\" column_border_width=\"none\" column_border_style=\"solid\"][image_with_animation image_url=\"10550\" alignment=\"\" animation=\"Fade In\" border_radius=\"none\" box_shadow=\"none\" max_width=\"100%\"][divider line_type=\"No Line\" custom_height=\"40\"][vc_column_text]Europejska Konwencja Krajobrazowa jest wielostronn\u0105 umow\u0105 mi\u0119dzynarodow\u0105, kt\u00f3ra powsta\u0142a 20 pa\u017adziernika 2000 r.<br \/>\nwe Florencji.\u00a0 Konwencja zosta\u0142a podpisana przez Polsk\u0119 21 grudnia 2001 r. i - ratyfikowana 27 wrze\u015bnia 2004 r. - wesz\u0142a w \u017cycie<br \/>\n1 stycznia 2005 r. Tym samym zapisy konwencji sta\u0142y si\u0119 obowi\u0105zuj\u0105cym dokumentem.<\/p>\n<p>Konwencja opiera si\u0119 o za\u0142o\u017cenie, \u017ce krajobraz pe\u0142ni wa\u017cn\u0105 funkcj\u0119 spo\u0142eczn\u0105. Zapisy dokumentu odnosz\u0105 si\u0119 do ka\u017cdego krajobrazu, bez wzgl\u0119du na jego jako\u015b\u0107 i warto\u015b\u0107, co za tym idzie - Konwencja odnosi si\u0119 do terytorium ca\u0142ego kraju.<\/p>\n<p>Zgodnie z zapisami Artyku\u0142u 3. celem Konwencji jest promowanie ochrony, zarz\u0105dzania i planowania krajobrazu, a tak\u017ce organizowanie wsp\u00f3\u0142pracy europejskiej w zakresie zagadnie\u0144 dotycz\u0105cych krajobrazu. Aby realizowa\u0107 cele Konwencji jej sygnatariusze zobowi\u0105zuj\u0105 si\u0119 do:<\/p>\n<ul>\n<li>prawnego uznania krajobrazu za wa\u017cny sk\u0142adnik naszego otoczenia, tworz\u0105cy r\u00f3\u017cnorodno\u015b\u0107 kulturow\u0105 i przyrodnicz\u0105 oraz b\u0119d\u0105cy podstaw\u0105 naszej to\u017csamo\u015bci,<\/li>\n<li>stanowienia i wdra\u017cania polityki ochrony krajobrazu ukierunkowanej na zarz\u0105dzanie i planowanie,<\/li>\n<li>stanowienia procedur udzia\u0142u spo\u0142ecze\u0144stwa, organ\u00f3w lokalnych i regionalnych oraz innych stron zainteresowanych zdefiniowaniem i wdro\u017ceniem polityki zarz\u0105dzania krajobrazem,<\/li>\n<li>uwzgl\u0119dnienia poj\u0119cia krajobrazu w tej cz\u0119\u015bci akt\u00f3w prawnych, kt\u00f3re maj\u0105 bezpo\u015bredni wp\u0142yw na krajobraz (planowanie przestrzenne, gospodarka regionalna, polityka gospodarcza, spo\u0142eczna, kulturalna, ekologiczna itp.),<\/li>\n<li>podejmowania dzia\u0142a\u0144 podnosz\u0105cych \u015bwiadomo\u015b\u0107 spo\u0142ecze\u0144stwa obywatelskiego, organizacji prywatnych i organ\u00f3w publicznych w zakresie warto\u015bci krajobraz\u00f3w, ich roli w funkcjonowaniu spo\u0142ecze\u0144stwa - z uwzgl\u0119dnieniem zachodz\u0105cych zmian,<\/li>\n<li>szkole\u0144 i edukacji dotycz\u0105cych krajobrazu,<\/li>\n<li>okre\u015blania i analizowania charakter\u00f3w w\u0142asnych krajobraz\u00f3w oraz czynnik\u00f3w przyczyniaj\u0105cych si\u0119 do zmian w nich zachodz\u0105cych,<\/li>\n<li>oceny zidentyfikowanych krajobraz\u00f3w z uwzgl\u0119dnieniem warto\u015bci przypisanych przez spo\u0142eczno\u015bci,<\/li>\n<li>wspierania wsp\u00f3\u0142pracy mi\u0119dzynarodowej, wdra\u017cania mi\u0119dzynarodowych program\u00f3w krajobrazowych, rozwijania pomocy naukowej i wymiany specjalist\u00f3w.<\/li>\n<\/ul>\n<p>Czy znaj\u0105c za\u0142o\u017cenia Europejskiej Konwencji Krajobrazowej i czytaj\u0105c zapisy naszej ustawy krajobrazowej i uchwa\u0142 krajobrazowych tworzonych w niekt\u00f3rych gminach, nie odnosicie wra\u017cenia, \u017ce idea za\u0142o\u017ce\u0144 si\u0119 zagubi\u0142a?<\/p>\n<p>We\u017amy na przyk\u0142ad \u201egospodarowanie krajobrazem\u201d.<br \/>\nWed\u0142ug Konwencji na gospodarowanie krajobrazem sk\u0142adaj\u0105 si\u0119 dzia\u0142ania trwa\u0142ego i zr\u00f3wnowa\u017conego rozwoju w celu zapewnienia regularnego podtrzymania krajobrazu tak, aby kierowa\u0107 i harmonizowa\u0107 jego zmiany wynikaj\u0105ce z proces\u00f3w spo\u0142ecznych, gospodarczych i \u015brodowiskowych.<br \/>\nKonwencja zdecydowanie wi\u0105\u017ce krajobraz z gospodark\u0105: te dwa elementy maj\u0105 egzystowa\u0107 w harmonii. Ka\u017cdy z nich jest wa\u017cny \u2013 tak przynajmniej m\u00f3wi konwencja, bo nasze prawo o rozwoju gospodarki nie wspomina, wspomina natomiast o ograniczeniach i dodatkowych op\u0142atach.<\/p>\n<p>A edukacja?<br \/>\nJednym z podstawowych \u015brodk\u00f3w realizacji cel\u00f3w Konwencji jest edukacja.<br \/>\nU nas na edukacj\u0119 nikt nie zwraca uwagi. Informacja o tworzonym prawie miejscowym nie dociera nawet do wszystkich interesariuszy w przestrzeni publicznej.<\/p>\n<p>Kiedy\u015b w internecie znalaz\u0142em rysunek, kt\u00f3ry doskonale t\u0119 sytuacj\u0119 ilustruje:[\/vc_column_text][divider line_type=\"No Line\" custom_height=\"40\"][image_with_animation image_url=\"10551\" alignment=\"\" animation=\"Fade In\" border_radius=\"none\" box_shadow=\"none\" max_width=\"100%\"][divider line_type=\"No Line\" custom_height=\"40\"][vc_column_text]Tre\u015b\u0107 konwencji znajduje si\u0119 pod adresem: <a href=\"https:\/\/rm.coe.int\/16802f3fb6\">Europejska Konwencja Krajobrazowa<\/a>[\/vc_column_text][\/vc_column][\/vc_row]<\/p>\n","protected":false},"author":16,"featured_media":1575,"template":"","ustawa_cat":[],"class_list":["post-1728","ustawa","type-ustawa","status-publish","has-post-thumbnail","hentry"],"acf":[],"yoast_head":"<!-- This site is optimized with the Yoast SEO plugin v27.5 - https:\/\/yoast.com\/product\/yoast-seo-wordpress\/ -->\n<title>Europejska Konwencja Krajobrazowa, czyli geneza ustawy krajobrazowej - Jet Line<\/title>\n<meta name=\"robots\" content=\"index, follow, max-snippet:-1, max-image-preview:large, max-video-preview:-1\" \/>\n<link rel=\"canonical\" href=\"https:\/\/jetline.pl\/en\/ustawa-krajobrazowa\/europejska-konwencja-krajobrazowa-czyli-geneza-ustawy-krajobrazowej\/\" \/>\n<meta property=\"og:locale\" content=\"en_US\" \/>\n<meta property=\"og:type\" content=\"article\" \/>\n<meta property=\"og:title\" content=\"Europejska Konwencja Krajobrazowa, czyli geneza ustawy krajobrazowej - Jet Line\" \/>\n<meta property=\"og:description\" content=\"[vc_row type=&quot;in_container&quot; full_screen_row_position=&quot;middle&quot; scene_position=&quot;center&quot; text_color=&quot;dark&quot; text_align=&quot;left&quot; overlay_strength=&quot;0.3&quot; shape_divider_position=&quot;bottom&quot;][vc_column column_padding=&quot;no-extra-padding&quot; column_padding_position=&quot;all&quot;...\" \/>\n<meta property=\"og:url\" content=\"https:\/\/jetline.pl\/en\/ustawa-krajobrazowa\/europejska-konwencja-krajobrazowa-czyli-geneza-ustawy-krajobrazowej\/\" \/>\n<meta property=\"og:site_name\" content=\"Jet Line\" \/>\n<meta property=\"og:image\" content=\"https:\/\/jetline.pl\/wp-content\/uploads\/2024\/09\/2-\u2014-kopia-1.png\" \/>\n\t<meta property=\"og:image:width\" content=\"324\" \/>\n\t<meta property=\"og:image:height\" content=\"379\" \/>\n\t<meta property=\"og:image:type\" content=\"image\/png\" \/>\n<meta name=\"twitter:card\" content=\"summary_large_image\" \/>\n<meta name=\"twitter:label1\" content=\"Est. reading time\" \/>\n\t<meta name=\"twitter:data1\" content=\"3 minutes\" \/>\n<script type=\"application\/ld+json\" class=\"yoast-schema-graph\">{\"@context\":\"https:\\\/\\\/schema.org\",\"@graph\":[{\"@type\":\"WebPage\",\"@id\":\"https:\\\/\\\/jetline.pl\\\/en\\\/ustawa-krajobrazowa\\\/europejska-konwencja-krajobrazowa-czyli-geneza-ustawy-krajobrazowej\\\/\",\"url\":\"https:\\\/\\\/jetline.pl\\\/en\\\/ustawa-krajobrazowa\\\/europejska-konwencja-krajobrazowa-czyli-geneza-ustawy-krajobrazowej\\\/\",\"name\":\"Europejska Konwencja Krajobrazowa, czyli geneza ustawy krajobrazowej - Jet Line\",\"isPartOf\":{\"@id\":\"https:\\\/\\\/jetline.pl\\\/en\\\/#website\"},\"primaryImageOfPage\":{\"@id\":\"https:\\\/\\\/jetline.pl\\\/en\\\/ustawa-krajobrazowa\\\/europejska-konwencja-krajobrazowa-czyli-geneza-ustawy-krajobrazowej\\\/#primaryimage\"},\"image\":{\"@id\":\"https:\\\/\\\/jetline.pl\\\/en\\\/ustawa-krajobrazowa\\\/europejska-konwencja-krajobrazowa-czyli-geneza-ustawy-krajobrazowej\\\/#primaryimage\"},\"thumbnailUrl\":\"https:\\\/\\\/jetline.pl\\\/wp-content\\\/uploads\\\/2024\\\/09\\\/2-\u2014-kopia-1.png\",\"datePublished\":\"2018-03-22T11:08:11+00:00\",\"breadcrumb\":{\"@id\":\"https:\\\/\\\/jetline.pl\\\/en\\\/ustawa-krajobrazowa\\\/europejska-konwencja-krajobrazowa-czyli-geneza-ustawy-krajobrazowej\\\/#breadcrumb\"},\"inLanguage\":\"en-US\",\"potentialAction\":[{\"@type\":\"ReadAction\",\"target\":[\"https:\\\/\\\/jetline.pl\\\/en\\\/ustawa-krajobrazowa\\\/europejska-konwencja-krajobrazowa-czyli-geneza-ustawy-krajobrazowej\\\/\"]}]},{\"@type\":\"ImageObject\",\"inLanguage\":\"en-US\",\"@id\":\"https:\\\/\\\/jetline.pl\\\/en\\\/ustawa-krajobrazowa\\\/europejska-konwencja-krajobrazowa-czyli-geneza-ustawy-krajobrazowej\\\/#primaryimage\",\"url\":\"https:\\\/\\\/jetline.pl\\\/wp-content\\\/uploads\\\/2024\\\/09\\\/2-\u2014-kopia-1.png\",\"contentUrl\":\"https:\\\/\\\/jetline.pl\\\/wp-content\\\/uploads\\\/2024\\\/09\\\/2-\u2014-kopia-1.png\",\"width\":324,\"height\":379},{\"@type\":\"BreadcrumbList\",\"@id\":\"https:\\\/\\\/jetline.pl\\\/en\\\/ustawa-krajobrazowa\\\/europejska-konwencja-krajobrazowa-czyli-geneza-ustawy-krajobrazowej\\\/#breadcrumb\",\"itemListElement\":[{\"@type\":\"ListItem\",\"position\":1,\"name\":\"Strona g\u0142\u00f3wna\",\"item\":\"https:\\\/\\\/jetline.pl\\\/en\\\/\"},{\"@type\":\"ListItem\",\"position\":2,\"name\":\"Ustawa krajobrazowa\",\"item\":\"https:\\\/\\\/jetline.pl\\\/en\\\/ustawa-krajobrazowa\\\/\"},{\"@type\":\"ListItem\",\"position\":3,\"name\":\"Europejska Konwencja Krajobrazowa, czyli geneza ustawy krajobrazowej\"}]},{\"@type\":\"WebSite\",\"@id\":\"https:\\\/\\\/jetline.pl\\\/en\\\/#website\",\"url\":\"https:\\\/\\\/jetline.pl\\\/en\\\/\",\"name\":\"Jet Line\",\"description\":\"Tworzymy przestrze\u0144 do komunikacji\",\"publisher\":{\"@id\":\"https:\\\/\\\/jetline.pl\\\/en\\\/#organization\"},\"potentialAction\":[{\"@type\":\"SearchAction\",\"target\":{\"@type\":\"EntryPoint\",\"urlTemplate\":\"https:\\\/\\\/jetline.pl\\\/en\\\/?s={search_term_string}\"},\"query-input\":{\"@type\":\"PropertyValueSpecification\",\"valueRequired\":true,\"valueName\":\"search_term_string\"}}],\"inLanguage\":\"en-US\"},{\"@type\":\"Organization\",\"@id\":\"https:\\\/\\\/jetline.pl\\\/en\\\/#organization\",\"name\":\"Jet Line\",\"url\":\"https:\\\/\\\/jetline.pl\\\/en\\\/\",\"logo\":{\"@type\":\"ImageObject\",\"inLanguage\":\"en-US\",\"@id\":\"https:\\\/\\\/jetline.pl\\\/en\\\/#\\\/schema\\\/logo\\\/image\\\/\",\"url\":\"https:\\\/\\\/jetline.pl\\\/wp-content\\\/uploads\\\/2024\\\/09\\\/logo_poziom_logo_poziom_czerwone-1.png\",\"contentUrl\":\"https:\\\/\\\/jetline.pl\\\/wp-content\\\/uploads\\\/2024\\\/09\\\/logo_poziom_logo_poziom_czerwone-1.png\",\"width\":4946,\"height\":2016,\"caption\":\"Jet Line\"},\"image\":{\"@id\":\"https:\\\/\\\/jetline.pl\\\/en\\\/#\\\/schema\\\/logo\\\/image\\\/\"}}]}<\/script>\n<!-- \/ Yoast SEO plugin. -->","yoast_head_json":{"title":"Europejska Konwencja Krajobrazowa, czyli geneza ustawy krajobrazowej - Jet Line","robots":{"index":"index","follow":"follow","max-snippet":"max-snippet:-1","max-image-preview":"max-image-preview:large","max-video-preview":"max-video-preview:-1"},"canonical":"https:\/\/jetline.pl\/en\/ustawa-krajobrazowa\/europejska-konwencja-krajobrazowa-czyli-geneza-ustawy-krajobrazowej\/","og_locale":"en_US","og_type":"article","og_title":"Europejska Konwencja Krajobrazowa, czyli geneza ustawy krajobrazowej - Jet Line","og_description":"[vc_row type=\"in_container\" full_screen_row_position=\"middle\" scene_position=\"center\" text_color=\"dark\" text_align=\"left\" overlay_strength=\"0.3\" shape_divider_position=\"bottom\"][vc_column column_padding=\"no-extra-padding\" column_padding_position=\"all\"...","og_url":"https:\/\/jetline.pl\/en\/ustawa-krajobrazowa\/europejska-konwencja-krajobrazowa-czyli-geneza-ustawy-krajobrazowej\/","og_site_name":"Jet Line","og_image":[{"width":324,"height":379,"url":"https:\/\/jetline.pl\/wp-content\/uploads\/2024\/09\/2-\u2014-kopia-1.png","type":"image\/png"}],"twitter_card":"summary_large_image","twitter_misc":{"Est. reading time":"3 minutes"},"schema":{"@context":"https:\/\/schema.org","@graph":[{"@type":"WebPage","@id":"https:\/\/jetline.pl\/en\/ustawa-krajobrazowa\/europejska-konwencja-krajobrazowa-czyli-geneza-ustawy-krajobrazowej\/","url":"https:\/\/jetline.pl\/en\/ustawa-krajobrazowa\/europejska-konwencja-krajobrazowa-czyli-geneza-ustawy-krajobrazowej\/","name":"Europejska Konwencja Krajobrazowa, czyli geneza ustawy krajobrazowej - Jet Line","isPartOf":{"@id":"https:\/\/jetline.pl\/en\/#website"},"primaryImageOfPage":{"@id":"https:\/\/jetline.pl\/en\/ustawa-krajobrazowa\/europejska-konwencja-krajobrazowa-czyli-geneza-ustawy-krajobrazowej\/#primaryimage"},"image":{"@id":"https:\/\/jetline.pl\/en\/ustawa-krajobrazowa\/europejska-konwencja-krajobrazowa-czyli-geneza-ustawy-krajobrazowej\/#primaryimage"},"thumbnailUrl":"https:\/\/jetline.pl\/wp-content\/uploads\/2024\/09\/2-\u2014-kopia-1.png","datePublished":"2018-03-22T11:08:11+00:00","breadcrumb":{"@id":"https:\/\/jetline.pl\/en\/ustawa-krajobrazowa\/europejska-konwencja-krajobrazowa-czyli-geneza-ustawy-krajobrazowej\/#breadcrumb"},"inLanguage":"en-US","potentialAction":[{"@type":"ReadAction","target":["https:\/\/jetline.pl\/en\/ustawa-krajobrazowa\/europejska-konwencja-krajobrazowa-czyli-geneza-ustawy-krajobrazowej\/"]}]},{"@type":"ImageObject","inLanguage":"en-US","@id":"https:\/\/jetline.pl\/en\/ustawa-krajobrazowa\/europejska-konwencja-krajobrazowa-czyli-geneza-ustawy-krajobrazowej\/#primaryimage","url":"https:\/\/jetline.pl\/wp-content\/uploads\/2024\/09\/2-\u2014-kopia-1.png","contentUrl":"https:\/\/jetline.pl\/wp-content\/uploads\/2024\/09\/2-\u2014-kopia-1.png","width":324,"height":379},{"@type":"BreadcrumbList","@id":"https:\/\/jetline.pl\/en\/ustawa-krajobrazowa\/europejska-konwencja-krajobrazowa-czyli-geneza-ustawy-krajobrazowej\/#breadcrumb","itemListElement":[{"@type":"ListItem","position":1,"name":"Strona g\u0142\u00f3wna","item":"https:\/\/jetline.pl\/en\/"},{"@type":"ListItem","position":2,"name":"Ustawa krajobrazowa","item":"https:\/\/jetline.pl\/en\/ustawa-krajobrazowa\/"},{"@type":"ListItem","position":3,"name":"Europejska Konwencja Krajobrazowa, czyli geneza ustawy krajobrazowej"}]},{"@type":"WebSite","@id":"https:\/\/jetline.pl\/en\/#website","url":"https:\/\/jetline.pl\/en\/","name":"Jet Line","description":"Tworzymy przestrze\u0144 do komunikacji","publisher":{"@id":"https:\/\/jetline.pl\/en\/#organization"},"potentialAction":[{"@type":"SearchAction","target":{"@type":"EntryPoint","urlTemplate":"https:\/\/jetline.pl\/en\/?s={search_term_string}"},"query-input":{"@type":"PropertyValueSpecification","valueRequired":true,"valueName":"search_term_string"}}],"inLanguage":"en-US"},{"@type":"Organization","@id":"https:\/\/jetline.pl\/en\/#organization","name":"Jet Line","url":"https:\/\/jetline.pl\/en\/","logo":{"@type":"ImageObject","inLanguage":"en-US","@id":"https:\/\/jetline.pl\/en\/#\/schema\/logo\/image\/","url":"https:\/\/jetline.pl\/wp-content\/uploads\/2024\/09\/logo_poziom_logo_poziom_czerwone-1.png","contentUrl":"https:\/\/jetline.pl\/wp-content\/uploads\/2024\/09\/logo_poziom_logo_poziom_czerwone-1.png","width":4946,"height":2016,"caption":"Jet Line"},"image":{"@id":"https:\/\/jetline.pl\/en\/#\/schema\/logo\/image\/"}}]}},"_links":{"self":[{"href":"https:\/\/jetline.pl\/en\/wp-json\/wp\/v2\/ustawa\/1728","targetHints":{"allow":["GET"]}}],"collection":[{"href":"https:\/\/jetline.pl\/en\/wp-json\/wp\/v2\/ustawa"}],"about":[{"href":"https:\/\/jetline.pl\/en\/wp-json\/wp\/v2\/types\/ustawa"}],"author":[{"embeddable":true,"href":"https:\/\/jetline.pl\/en\/wp-json\/wp\/v2\/users\/16"}],"wp:featuredmedia":[{"embeddable":true,"href":"https:\/\/jetline.pl\/en\/wp-json\/wp\/v2\/media\/1575"}],"wp:attachment":[{"href":"https:\/\/jetline.pl\/en\/wp-json\/wp\/v2\/media?parent=1728"}],"wp:term":[{"taxonomy":"ustawa_cat","embeddable":true,"href":"https:\/\/jetline.pl\/en\/wp-json\/wp\/v2\/ustawa_cat?post=1728"}],"curies":[{"name":"wp","href":"https:\/\/api.w.org\/{rel}","templated":true}]}}