{"id":1729,"date":"2018-03-26T08:55:59","date_gmt":"2018-03-26T06:55:59","guid":{"rendered":"https:\/\/jetline.presb.pl\/ustawa-krajobrazowa\/gdansk-bez-uchwaly-krajobrazowej\/"},"modified":"2018-03-26T08:55:59","modified_gmt":"2018-03-26T06:55:59","slug":"gdansk-bez-uchwaly-krajobrazowej","status":"publish","type":"ustawa","link":"https:\/\/jetline.pl\/en\/ustawa-krajobrazowa\/gdansk-bez-uchwaly-krajobrazowej\/","title":{"rendered":"Gda\u0144sk bez uchwa\u0142y krajobrazowej?"},"content":{"rendered":"<p>[vc_row type=\"in_container\" full_screen_row_position=\"middle\" scene_position=\"center\" text_color=\"dark\" text_align=\"left\" overlay_strength=\"0.3\" shape_divider_position=\"bottom\"][vc_column column_padding=\"no-extra-padding\" column_padding_position=\"all\" background_color_opacity=\"1\" background_hover_color_opacity=\"1\" column_shadow=\"none\" column_border_radius=\"none\" width=\"1\/1\" tablet_text_alignment=\"default\" phone_text_alignment=\"default\" column_border_width=\"none\" column_border_style=\"solid\"][image_with_animation image_url=\"10561\" alignment=\"\" animation=\"Fade In\" border_radius=\"none\" box_shadow=\"none\" max_width=\"100%\"][divider line_type=\"No Line\" custom_height=\"40\"][vc_column_text]Uchwa\u0142a krajobrazowa w Gda\u0144sku zosta\u0142a przyj\u0119ta 22 lutego 2018 r.<br \/>\nPod koniec ubieg\u0142ego tygodnia Wojewoda Pomorski przes\u0142a\u0142 do Rady Miasta Gda\u0144ska informacj\u0119 o wszcz\u0119ciu post\u0119powania<br \/>\nw sprawie stwierdzenia jej niewa\u017cno\u015bci.<br \/>\nPismo nie jest decyzj\u0105 nadzorcz\u0105. Nie uchyla uchwa\u0142y, ale mo\u017cna zak\u0142ada\u0107, \u017ce takie rozstrzygni\u0119cie nadzorcze wkr\u00f3tce si\u0119 pojawi.<br \/>\nUchwa\u0142a Gda\u0144ska zawiera du\u017co niezgodnych z prawem regulacji, dlatego decyzja o uchyleniu by\u0142a spraw\u0105 oczywist\u0105. Niewiadom\u0105 pozostawa\u0142o tylko, czy zrobi to Wojewoda czy dopiero s\u0105d.<\/p>\n<p>G\u0142osy, \u017ce organ nadzorczy nie pozwala na porz\u0105dkowanie miasta, s\u0105 nieuczciwe i albo celowo, albo nie\u015bwiadomie mijaj\u0105 si\u0119 z prawd\u0105.<br \/>\nW obu wypadkach \u017ale \u015bwiadcz\u0105 o autorach wypowiedzi, a dodaj\u0105c jeszcze poziom kultury tej debaty: doprawdy, chaos<br \/>\nw przestrzeni wydaje si\u0119 by\u0107 jednak mniejszym problemem Gda\u0144ska.<br \/>\nRada Miasta Gda\u0144ska powinna raczej podzi\u0119kowa\u0107 Wojewodzie, \u017ce nie pozwoli\u0142 na wypuszczenie bubla prawnego,<br \/>\nkt\u00f3ry w nied\u0142ugim czasie doprowadzi\u0142by do powstania chaosu i narazi\u0142 miasto na wielomilionowe odszkodowania.<br \/>\nSzkoda, \u017ce w okresie przedwyborczym decyzja Wojewody jest traktowana jako element kampanii wyborczej.<\/p>\n<p>Natomiast nie podlega dyskusji, \u017ce uchwa\u0142a porz\u0105dkuj\u0105ca miasto powinna powsta\u0107 jak najszybciej i \u017ce powinna by\u0107 poprzedzona rzeteln\u0105 analiz\u0105 stanu technicznego, merytorycznego i prawnego tak, aby powsta\u0142y dokument nie \u0142ama\u0142 obowi\u0105zuj\u0105cego prawa.[\/vc_column_text][divider line_type=\"No Line\" custom_height=\"40\"][\/vc_column][\/vc_row]<\/p>\n","protected":false},"author":16,"featured_media":1577,"template":"","ustawa_cat":[],"class_list":["post-1729","ustawa","type-ustawa","status-publish","has-post-thumbnail","hentry"],"acf":[],"yoast_head":"<!-- This site is optimized with the Yoast SEO plugin v27.5 - https:\/\/yoast.com\/product\/yoast-seo-wordpress\/ -->\n<title>Gda\u0144sk bez uchwa\u0142y krajobrazowej? - Jet Line<\/title>\n<meta name=\"description\" content=\"Uchwa\u0142a krajobrazowa w Gda\u0144sku nie by\u0142a przygotowana dobrze. G\u0142osy, \u017ce organ nadzorczy nie pozwala na porz\u0105dkowanie miasta, s\u0105 nieuczciwe i albo celowo albo nie\u015bwiadomie mijaj\u0105 si\u0119 prawd\u0105. W obu wypadkach \u017ale \u015bwiadcz\u0105 o autorach wypowiedzi.\" \/>\n<meta name=\"robots\" content=\"index, follow, max-snippet:-1, max-image-preview:large, max-video-preview:-1\" \/>\n<link rel=\"canonical\" href=\"https:\/\/jetline.pl\/en\/ustawa-krajobrazowa\/gdansk-bez-uchwaly-krajobrazowej\/\" \/>\n<meta property=\"og:locale\" content=\"en_US\" \/>\n<meta property=\"og:type\" content=\"article\" \/>\n<meta property=\"og:title\" content=\"Gda\u0144sk bez uchwa\u0142y krajobrazowej? - Jet Line\" \/>\n<meta property=\"og:description\" content=\"Uchwa\u0142a krajobrazowa w Gda\u0144sku nie by\u0142a przygotowana dobrze. G\u0142osy, \u017ce organ nadzorczy nie pozwala na porz\u0105dkowanie miasta, s\u0105 nieuczciwe i albo celowo albo nie\u015bwiadomie mijaj\u0105 si\u0119 prawd\u0105. W obu wypadkach \u017ale \u015bwiadcz\u0105 o autorach wypowiedzi.\" \/>\n<meta property=\"og:url\" content=\"https:\/\/jetline.pl\/en\/ustawa-krajobrazowa\/gdansk-bez-uchwaly-krajobrazowej\/\" \/>\n<meta property=\"og:site_name\" content=\"Jet Line\" \/>\n<meta property=\"og:image\" content=\"https:\/\/jetline.pl\/wp-content\/uploads\/2024\/09\/1-1.png\" \/>\n\t<meta property=\"og:image:width\" content=\"1086\" \/>\n\t<meta property=\"og:image:height\" content=\"620\" \/>\n\t<meta property=\"og:image:type\" content=\"image\/png\" \/>\n<meta name=\"twitter:card\" content=\"summary_large_image\" \/>\n<meta name=\"twitter:label1\" content=\"Est. reading time\" \/>\n\t<meta name=\"twitter:data1\" content=\"2 minutes\" \/>\n<script type=\"application\/ld+json\" class=\"yoast-schema-graph\">{\"@context\":\"https:\\\/\\\/schema.org\",\"@graph\":[{\"@type\":\"WebPage\",\"@id\":\"https:\\\/\\\/jetline.pl\\\/en\\\/ustawa-krajobrazowa\\\/gdansk-bez-uchwaly-krajobrazowej\\\/\",\"url\":\"https:\\\/\\\/jetline.pl\\\/en\\\/ustawa-krajobrazowa\\\/gdansk-bez-uchwaly-krajobrazowej\\\/\",\"name\":\"Gda\u0144sk bez uchwa\u0142y krajobrazowej? - Jet Line\",\"isPartOf\":{\"@id\":\"https:\\\/\\\/jetline.pl\\\/en\\\/#website\"},\"primaryImageOfPage\":{\"@id\":\"https:\\\/\\\/jetline.pl\\\/en\\\/ustawa-krajobrazowa\\\/gdansk-bez-uchwaly-krajobrazowej\\\/#primaryimage\"},\"image\":{\"@id\":\"https:\\\/\\\/jetline.pl\\\/en\\\/ustawa-krajobrazowa\\\/gdansk-bez-uchwaly-krajobrazowej\\\/#primaryimage\"},\"thumbnailUrl\":\"https:\\\/\\\/jetline.pl\\\/wp-content\\\/uploads\\\/2024\\\/09\\\/1-1.png\",\"datePublished\":\"2018-03-26T06:55:59+00:00\",\"description\":\"Uchwa\u0142a krajobrazowa w Gda\u0144sku nie by\u0142a przygotowana dobrze. G\u0142osy, \u017ce organ nadzorczy nie pozwala na porz\u0105dkowanie miasta, s\u0105 nieuczciwe i albo celowo albo nie\u015bwiadomie mijaj\u0105 si\u0119 prawd\u0105. W obu wypadkach \u017ale \u015bwiadcz\u0105 o autorach wypowiedzi.\",\"breadcrumb\":{\"@id\":\"https:\\\/\\\/jetline.pl\\\/en\\\/ustawa-krajobrazowa\\\/gdansk-bez-uchwaly-krajobrazowej\\\/#breadcrumb\"},\"inLanguage\":\"en-US\",\"potentialAction\":[{\"@type\":\"ReadAction\",\"target\":[\"https:\\\/\\\/jetline.pl\\\/en\\\/ustawa-krajobrazowa\\\/gdansk-bez-uchwaly-krajobrazowej\\\/\"]}]},{\"@type\":\"ImageObject\",\"inLanguage\":\"en-US\",\"@id\":\"https:\\\/\\\/jetline.pl\\\/en\\\/ustawa-krajobrazowa\\\/gdansk-bez-uchwaly-krajobrazowej\\\/#primaryimage\",\"url\":\"https:\\\/\\\/jetline.pl\\\/wp-content\\\/uploads\\\/2024\\\/09\\\/1-1.png\",\"contentUrl\":\"https:\\\/\\\/jetline.pl\\\/wp-content\\\/uploads\\\/2024\\\/09\\\/1-1.png\",\"width\":1086,\"height\":620},{\"@type\":\"BreadcrumbList\",\"@id\":\"https:\\\/\\\/jetline.pl\\\/en\\\/ustawa-krajobrazowa\\\/gdansk-bez-uchwaly-krajobrazowej\\\/#breadcrumb\",\"itemListElement\":[{\"@type\":\"ListItem\",\"position\":1,\"name\":\"Strona g\u0142\u00f3wna\",\"item\":\"https:\\\/\\\/jetline.pl\\\/en\\\/\"},{\"@type\":\"ListItem\",\"position\":2,\"name\":\"Ustawa krajobrazowa\",\"item\":\"https:\\\/\\\/jetline.pl\\\/en\\\/ustawa-krajobrazowa\\\/\"},{\"@type\":\"ListItem\",\"position\":3,\"name\":\"Gda\u0144sk bez uchwa\u0142y krajobrazowej?\"}]},{\"@type\":\"WebSite\",\"@id\":\"https:\\\/\\\/jetline.pl\\\/en\\\/#website\",\"url\":\"https:\\\/\\\/jetline.pl\\\/en\\\/\",\"name\":\"Jet Line\",\"description\":\"Tworzymy przestrze\u0144 do komunikacji\",\"publisher\":{\"@id\":\"https:\\\/\\\/jetline.pl\\\/en\\\/#organization\"},\"potentialAction\":[{\"@type\":\"SearchAction\",\"target\":{\"@type\":\"EntryPoint\",\"urlTemplate\":\"https:\\\/\\\/jetline.pl\\\/en\\\/?s={search_term_string}\"},\"query-input\":{\"@type\":\"PropertyValueSpecification\",\"valueRequired\":true,\"valueName\":\"search_term_string\"}}],\"inLanguage\":\"en-US\"},{\"@type\":\"Organization\",\"@id\":\"https:\\\/\\\/jetline.pl\\\/en\\\/#organization\",\"name\":\"Jet Line\",\"url\":\"https:\\\/\\\/jetline.pl\\\/en\\\/\",\"logo\":{\"@type\":\"ImageObject\",\"inLanguage\":\"en-US\",\"@id\":\"https:\\\/\\\/jetline.pl\\\/en\\\/#\\\/schema\\\/logo\\\/image\\\/\",\"url\":\"https:\\\/\\\/jetline.pl\\\/wp-content\\\/uploads\\\/2024\\\/09\\\/logo_poziom_logo_poziom_czerwone-1.png\",\"contentUrl\":\"https:\\\/\\\/jetline.pl\\\/wp-content\\\/uploads\\\/2024\\\/09\\\/logo_poziom_logo_poziom_czerwone-1.png\",\"width\":4946,\"height\":2016,\"caption\":\"Jet Line\"},\"image\":{\"@id\":\"https:\\\/\\\/jetline.pl\\\/en\\\/#\\\/schema\\\/logo\\\/image\\\/\"}}]}<\/script>\n<!-- \/ Yoast SEO plugin. -->","yoast_head_json":{"title":"Gda\u0144sk bez uchwa\u0142y krajobrazowej? - Jet Line","description":"Uchwa\u0142a krajobrazowa w Gda\u0144sku nie by\u0142a przygotowana dobrze. G\u0142osy, \u017ce organ nadzorczy nie pozwala na porz\u0105dkowanie miasta, s\u0105 nieuczciwe i albo celowo albo nie\u015bwiadomie mijaj\u0105 si\u0119 prawd\u0105. W obu wypadkach \u017ale \u015bwiadcz\u0105 o autorach wypowiedzi.","robots":{"index":"index","follow":"follow","max-snippet":"max-snippet:-1","max-image-preview":"max-image-preview:large","max-video-preview":"max-video-preview:-1"},"canonical":"https:\/\/jetline.pl\/en\/ustawa-krajobrazowa\/gdansk-bez-uchwaly-krajobrazowej\/","og_locale":"en_US","og_type":"article","og_title":"Gda\u0144sk bez uchwa\u0142y krajobrazowej? - Jet Line","og_description":"Uchwa\u0142a krajobrazowa w Gda\u0144sku nie by\u0142a przygotowana dobrze. G\u0142osy, \u017ce organ nadzorczy nie pozwala na porz\u0105dkowanie miasta, s\u0105 nieuczciwe i albo celowo albo nie\u015bwiadomie mijaj\u0105 si\u0119 prawd\u0105. W obu wypadkach \u017ale \u015bwiadcz\u0105 o autorach wypowiedzi.","og_url":"https:\/\/jetline.pl\/en\/ustawa-krajobrazowa\/gdansk-bez-uchwaly-krajobrazowej\/","og_site_name":"Jet Line","og_image":[{"width":1086,"height":620,"url":"https:\/\/jetline.pl\/wp-content\/uploads\/2024\/09\/1-1.png","type":"image\/png"}],"twitter_card":"summary_large_image","twitter_misc":{"Est. reading time":"2 minutes"},"schema":{"@context":"https:\/\/schema.org","@graph":[{"@type":"WebPage","@id":"https:\/\/jetline.pl\/en\/ustawa-krajobrazowa\/gdansk-bez-uchwaly-krajobrazowej\/","url":"https:\/\/jetline.pl\/en\/ustawa-krajobrazowa\/gdansk-bez-uchwaly-krajobrazowej\/","name":"Gda\u0144sk bez uchwa\u0142y krajobrazowej? - Jet Line","isPartOf":{"@id":"https:\/\/jetline.pl\/en\/#website"},"primaryImageOfPage":{"@id":"https:\/\/jetline.pl\/en\/ustawa-krajobrazowa\/gdansk-bez-uchwaly-krajobrazowej\/#primaryimage"},"image":{"@id":"https:\/\/jetline.pl\/en\/ustawa-krajobrazowa\/gdansk-bez-uchwaly-krajobrazowej\/#primaryimage"},"thumbnailUrl":"https:\/\/jetline.pl\/wp-content\/uploads\/2024\/09\/1-1.png","datePublished":"2018-03-26T06:55:59+00:00","description":"Uchwa\u0142a krajobrazowa w Gda\u0144sku nie by\u0142a przygotowana dobrze. G\u0142osy, \u017ce organ nadzorczy nie pozwala na porz\u0105dkowanie miasta, s\u0105 nieuczciwe i albo celowo albo nie\u015bwiadomie mijaj\u0105 si\u0119 prawd\u0105. W obu wypadkach \u017ale \u015bwiadcz\u0105 o autorach wypowiedzi.","breadcrumb":{"@id":"https:\/\/jetline.pl\/en\/ustawa-krajobrazowa\/gdansk-bez-uchwaly-krajobrazowej\/#breadcrumb"},"inLanguage":"en-US","potentialAction":[{"@type":"ReadAction","target":["https:\/\/jetline.pl\/en\/ustawa-krajobrazowa\/gdansk-bez-uchwaly-krajobrazowej\/"]}]},{"@type":"ImageObject","inLanguage":"en-US","@id":"https:\/\/jetline.pl\/en\/ustawa-krajobrazowa\/gdansk-bez-uchwaly-krajobrazowej\/#primaryimage","url":"https:\/\/jetline.pl\/wp-content\/uploads\/2024\/09\/1-1.png","contentUrl":"https:\/\/jetline.pl\/wp-content\/uploads\/2024\/09\/1-1.png","width":1086,"height":620},{"@type":"BreadcrumbList","@id":"https:\/\/jetline.pl\/en\/ustawa-krajobrazowa\/gdansk-bez-uchwaly-krajobrazowej\/#breadcrumb","itemListElement":[{"@type":"ListItem","position":1,"name":"Strona g\u0142\u00f3wna","item":"https:\/\/jetline.pl\/en\/"},{"@type":"ListItem","position":2,"name":"Ustawa krajobrazowa","item":"https:\/\/jetline.pl\/en\/ustawa-krajobrazowa\/"},{"@type":"ListItem","position":3,"name":"Gda\u0144sk bez uchwa\u0142y krajobrazowej?"}]},{"@type":"WebSite","@id":"https:\/\/jetline.pl\/en\/#website","url":"https:\/\/jetline.pl\/en\/","name":"Jet Line","description":"Tworzymy przestrze\u0144 do komunikacji","publisher":{"@id":"https:\/\/jetline.pl\/en\/#organization"},"potentialAction":[{"@type":"SearchAction","target":{"@type":"EntryPoint","urlTemplate":"https:\/\/jetline.pl\/en\/?s={search_term_string}"},"query-input":{"@type":"PropertyValueSpecification","valueRequired":true,"valueName":"search_term_string"}}],"inLanguage":"en-US"},{"@type":"Organization","@id":"https:\/\/jetline.pl\/en\/#organization","name":"Jet Line","url":"https:\/\/jetline.pl\/en\/","logo":{"@type":"ImageObject","inLanguage":"en-US","@id":"https:\/\/jetline.pl\/en\/#\/schema\/logo\/image\/","url":"https:\/\/jetline.pl\/wp-content\/uploads\/2024\/09\/logo_poziom_logo_poziom_czerwone-1.png","contentUrl":"https:\/\/jetline.pl\/wp-content\/uploads\/2024\/09\/logo_poziom_logo_poziom_czerwone-1.png","width":4946,"height":2016,"caption":"Jet Line"},"image":{"@id":"https:\/\/jetline.pl\/en\/#\/schema\/logo\/image\/"}}]}},"_links":{"self":[{"href":"https:\/\/jetline.pl\/en\/wp-json\/wp\/v2\/ustawa\/1729","targetHints":{"allow":["GET"]}}],"collection":[{"href":"https:\/\/jetline.pl\/en\/wp-json\/wp\/v2\/ustawa"}],"about":[{"href":"https:\/\/jetline.pl\/en\/wp-json\/wp\/v2\/types\/ustawa"}],"author":[{"embeddable":true,"href":"https:\/\/jetline.pl\/en\/wp-json\/wp\/v2\/users\/16"}],"wp:featuredmedia":[{"embeddable":true,"href":"https:\/\/jetline.pl\/en\/wp-json\/wp\/v2\/media\/1577"}],"wp:attachment":[{"href":"https:\/\/jetline.pl\/en\/wp-json\/wp\/v2\/media?parent=1729"}],"wp:term":[{"taxonomy":"ustawa_cat","embeddable":true,"href":"https:\/\/jetline.pl\/en\/wp-json\/wp\/v2\/ustawa_cat?post=1729"}],"curies":[{"name":"wp","href":"https:\/\/api.w.org\/{rel}","templated":true}]}}