{"id":1730,"date":"2018-04-04T11:02:49","date_gmt":"2018-04-04T09:02:49","guid":{"rendered":"https:\/\/jetline.presb.pl\/ustawa-krajobrazowa\/mis-bez-oczka-uchwala-krajobrazowa-gdanska-spotkaniu-wojewoda\/"},"modified":"2018-04-04T11:02:49","modified_gmt":"2018-04-04T09:02:49","slug":"mis-bez-oczka-uchwala-krajobrazowa-gdanska-spotkaniu-wojewoda","status":"publish","type":"ustawa","link":"https:\/\/jetline.pl\/en\/ustawa-krajobrazowa\/mis-bez-oczka-uchwala-krajobrazowa-gdanska-spotkaniu-wojewoda\/","title":{"rendered":"Mi\u015b bez oczka. Uchwa\u0142a krajobrazowa Gda\u0144ska po spotkaniu z wojewod\u0105."},"content":{"rendered":"<p>[vc_row type=\"in_container\" full_screen_row_position=\"middle\" scene_position=\"center\" text_color=\"dark\" text_align=\"left\" overlay_strength=\"0.3\" shape_divider_position=\"bottom\"][vc_column column_padding=\"no-extra-padding\" column_padding_position=\"all\" background_color_opacity=\"1\" background_hover_color_opacity=\"1\" column_shadow=\"none\" column_border_radius=\"none\" width=\"1\/1\" tablet_text_alignment=\"default\" phone_text_alignment=\"default\" column_border_width=\"none\" column_border_style=\"solid\"][image_with_animation image_url=\"10590\" alignment=\"\" animation=\"Fade In\" border_radius=\"none\" box_shadow=\"none\" max_width=\"100%\"][divider line_type=\"No Line\" custom_height=\"40\"][vc_column_text]30 marca 2018 r. wojewoda pomorski wyda\u0142 rozstrzygni\u0119cie nadzorcze dotycz\u0105ce uchwa\u0142y krajobrazowej Gda\u0144ska, w kt\u00f3rym to dokumencie zosta\u0142a stwierdzona niewa\u017cno\u015b\u0107 cz\u0119\u015bci uchwa\u0142y. Wojewoda ograniczy\u0142 si\u0119 do uchylenia zapis\u00f3w dotycz\u0105cych reklamy wyborczej, odleg\u0142o\u015bci od niekt\u00f3rych element\u00f3w infrastruktury oraz okre\u015blania sposobu utrzymania tablic i urz\u0105dze\u0144 reklamowych jako regulacji, kt\u00f3re przekraczaj\u0105 upowa\u017cnienie ustawowe. Wojewoda wycofa\u0142 si\u0119 z zarzut\u00f3w dotycz\u0105cych \u0142amania procedur uchwalania kodeksu krajobrazowego, co spowodowa\u0142o \u017ce uchwa\u0142a zosta\u0142a uniewa\u017cniona w cz\u0119\u015bci - a nie w ca\u0142o\u015bci.<br \/>\nTo pokazuje, jak skomplikowan\u0105 materi\u0105 jest tworzenie prawa miejscowego w przypadku, gdy powstaje ono na podstawie ustawy zawieraj\u0105cej wiele b\u0142\u0119d\u00f3w i nieprecyzyjnych zapis\u00f3w.<br \/>\nWydanie rozstrzygni\u0119cia by\u0142o poprzedzone medialn\u0105 nagonk\u0105 na Wojewod\u0119. Niekt\u00f3re g\u0142osy odnosz\u0105ce si\u0119 do wojewody s\u0105 skandaliczne, tak jak ta wypowied\u017a jednego z radnych na Pomorzu:[\/vc_column_text][divider line_type=\"No Line\" custom_height=\"40\"][image_with_animation image_url=\"10595\" alignment=\"\" animation=\"Fade In\" border_radius=\"none\" box_shadow=\"none\" max_width=\"100%\"][divider line_type=\"No Line\" custom_height=\"40\"][vc_column_text]Pami\u0119tajmy oczywi\u015bcie, \u017ce ca\u0142e zdarzenie ma miejsce w czasie zbli\u017caj\u0105cych si\u0119 wybor\u00f3w samorz\u0105dowych i sprawy merytoryczne \u2013 czyli, czy co\u015b jest zgodne z prawem czy nie \u2013 raczej ma\u0142o kogo w mie\u015bcie obchodz\u0105.<br \/>\nCo do tre\u015bci dokumentu zawiera on du\u017co wi\u0119cej b\u0142\u0119d\u00f3w, kt\u00f3re sprawiaj\u0105 \u017ce uchwa\u0142a jest niezgodna z prawem i jako taka wcze\u015bniej czy p\u00f3\u017aniej zostanie uchylona przez s\u0105d. Chodzi mi\u0119dzy innymi o nieokre\u015blenie uchwa\u0142y dla terenu ca\u0142ego miasta, okre\u015blenie jedynie w niewielkim zakresie warunk\u00f3w dostosowania, b\u0142\u0119dy w definicjach, okre\u015blanie materia\u0142\u00f3w, z kt\u00f3rych mog\u0105 by\u0107 wykonane szyldy, bezpodstawne r\u00f3\u017cnicowanie obiekt\u00f3w znajduj\u0105cych si\u0119 w tej samej strefie itp.[\/vc_column_text][\/vc_column][\/vc_row]<\/p>\n","protected":false},"author":16,"featured_media":1579,"template":"","ustawa_cat":[],"class_list":["post-1730","ustawa","type-ustawa","status-publish","has-post-thumbnail","hentry"],"acf":[],"yoast_head":"<!-- This site is optimized with the Yoast SEO plugin v27.5 - https:\/\/yoast.com\/product\/yoast-seo-wordpress\/ -->\n<title>Mi\u015b bez oczka. Uchwa\u0142a krajobrazowa Gda\u0144ska po spotkaniu z wojewod\u0105. - Jet Line<\/title>\n<meta name=\"robots\" content=\"index, follow, max-snippet:-1, max-image-preview:large, max-video-preview:-1\" \/>\n<link rel=\"canonical\" href=\"https:\/\/jetline.pl\/en\/ustawa-krajobrazowa\/mis-bez-oczka-uchwala-krajobrazowa-gdanska-spotkaniu-wojewoda\/\" \/>\n<meta property=\"og:locale\" content=\"en_US\" \/>\n<meta property=\"og:type\" content=\"article\" \/>\n<meta property=\"og:title\" content=\"Mi\u015b bez oczka. Uchwa\u0142a krajobrazowa Gda\u0144ska po spotkaniu z wojewod\u0105. - Jet Line\" \/>\n<meta property=\"og:description\" content=\"[vc_row type=&quot;in_container&quot; full_screen_row_position=&quot;middle&quot; scene_position=&quot;center&quot; text_color=&quot;dark&quot; text_align=&quot;left&quot; overlay_strength=&quot;0.3&quot; shape_divider_position=&quot;bottom&quot;][vc_column column_padding=&quot;no-extra-padding&quot; column_padding_position=&quot;all&quot;...\" \/>\n<meta property=\"og:url\" content=\"https:\/\/jetline.pl\/en\/ustawa-krajobrazowa\/mis-bez-oczka-uchwala-krajobrazowa-gdanska-spotkaniu-wojewoda\/\" \/>\n<meta property=\"og:site_name\" content=\"Jet Line\" \/>\n<meta property=\"og:image\" content=\"https:\/\/jetline.pl\/wp-content\/uploads\/2024\/09\/Gda1.jpg\" \/>\n\t<meta property=\"og:image:width\" content=\"870\" \/>\n\t<meta property=\"og:image:height\" content=\"759\" \/>\n\t<meta property=\"og:image:type\" content=\"image\/jpeg\" \/>\n<meta name=\"twitter:card\" content=\"summary_large_image\" \/>\n<meta name=\"twitter:label1\" content=\"Est. reading time\" \/>\n\t<meta name=\"twitter:data1\" content=\"2 minutes\" \/>\n<script type=\"application\/ld+json\" class=\"yoast-schema-graph\">{\"@context\":\"https:\\\/\\\/schema.org\",\"@graph\":[{\"@type\":\"WebPage\",\"@id\":\"https:\\\/\\\/jetline.pl\\\/en\\\/ustawa-krajobrazowa\\\/mis-bez-oczka-uchwala-krajobrazowa-gdanska-spotkaniu-wojewoda\\\/\",\"url\":\"https:\\\/\\\/jetline.pl\\\/en\\\/ustawa-krajobrazowa\\\/mis-bez-oczka-uchwala-krajobrazowa-gdanska-spotkaniu-wojewoda\\\/\",\"name\":\"Mi\u015b bez oczka. Uchwa\u0142a krajobrazowa Gda\u0144ska po spotkaniu z wojewod\u0105. - Jet Line\",\"isPartOf\":{\"@id\":\"https:\\\/\\\/jetline.pl\\\/en\\\/#website\"},\"primaryImageOfPage\":{\"@id\":\"https:\\\/\\\/jetline.pl\\\/en\\\/ustawa-krajobrazowa\\\/mis-bez-oczka-uchwala-krajobrazowa-gdanska-spotkaniu-wojewoda\\\/#primaryimage\"},\"image\":{\"@id\":\"https:\\\/\\\/jetline.pl\\\/en\\\/ustawa-krajobrazowa\\\/mis-bez-oczka-uchwala-krajobrazowa-gdanska-spotkaniu-wojewoda\\\/#primaryimage\"},\"thumbnailUrl\":\"https:\\\/\\\/jetline.pl\\\/wp-content\\\/uploads\\\/2024\\\/09\\\/Gda1.jpg\",\"datePublished\":\"2018-04-04T09:02:49+00:00\",\"breadcrumb\":{\"@id\":\"https:\\\/\\\/jetline.pl\\\/en\\\/ustawa-krajobrazowa\\\/mis-bez-oczka-uchwala-krajobrazowa-gdanska-spotkaniu-wojewoda\\\/#breadcrumb\"},\"inLanguage\":\"en-US\",\"potentialAction\":[{\"@type\":\"ReadAction\",\"target\":[\"https:\\\/\\\/jetline.pl\\\/en\\\/ustawa-krajobrazowa\\\/mis-bez-oczka-uchwala-krajobrazowa-gdanska-spotkaniu-wojewoda\\\/\"]}]},{\"@type\":\"ImageObject\",\"inLanguage\":\"en-US\",\"@id\":\"https:\\\/\\\/jetline.pl\\\/en\\\/ustawa-krajobrazowa\\\/mis-bez-oczka-uchwala-krajobrazowa-gdanska-spotkaniu-wojewoda\\\/#primaryimage\",\"url\":\"https:\\\/\\\/jetline.pl\\\/wp-content\\\/uploads\\\/2024\\\/09\\\/Gda1.jpg\",\"contentUrl\":\"https:\\\/\\\/jetline.pl\\\/wp-content\\\/uploads\\\/2024\\\/09\\\/Gda1.jpg\",\"width\":870,\"height\":759},{\"@type\":\"BreadcrumbList\",\"@id\":\"https:\\\/\\\/jetline.pl\\\/en\\\/ustawa-krajobrazowa\\\/mis-bez-oczka-uchwala-krajobrazowa-gdanska-spotkaniu-wojewoda\\\/#breadcrumb\",\"itemListElement\":[{\"@type\":\"ListItem\",\"position\":1,\"name\":\"Strona g\u0142\u00f3wna\",\"item\":\"https:\\\/\\\/jetline.pl\\\/en\\\/\"},{\"@type\":\"ListItem\",\"position\":2,\"name\":\"Ustawa krajobrazowa\",\"item\":\"https:\\\/\\\/jetline.pl\\\/en\\\/ustawa-krajobrazowa\\\/\"},{\"@type\":\"ListItem\",\"position\":3,\"name\":\"Mi\u015b bez oczka. Uchwa\u0142a krajobrazowa Gda\u0144ska po spotkaniu z wojewod\u0105.\"}]},{\"@type\":\"WebSite\",\"@id\":\"https:\\\/\\\/jetline.pl\\\/en\\\/#website\",\"url\":\"https:\\\/\\\/jetline.pl\\\/en\\\/\",\"name\":\"Jet Line\",\"description\":\"Tworzymy przestrze\u0144 do komunikacji\",\"publisher\":{\"@id\":\"https:\\\/\\\/jetline.pl\\\/en\\\/#organization\"},\"potentialAction\":[{\"@type\":\"SearchAction\",\"target\":{\"@type\":\"EntryPoint\",\"urlTemplate\":\"https:\\\/\\\/jetline.pl\\\/en\\\/?s={search_term_string}\"},\"query-input\":{\"@type\":\"PropertyValueSpecification\",\"valueRequired\":true,\"valueName\":\"search_term_string\"}}],\"inLanguage\":\"en-US\"},{\"@type\":\"Organization\",\"@id\":\"https:\\\/\\\/jetline.pl\\\/en\\\/#organization\",\"name\":\"Jet Line\",\"url\":\"https:\\\/\\\/jetline.pl\\\/en\\\/\",\"logo\":{\"@type\":\"ImageObject\",\"inLanguage\":\"en-US\",\"@id\":\"https:\\\/\\\/jetline.pl\\\/en\\\/#\\\/schema\\\/logo\\\/image\\\/\",\"url\":\"https:\\\/\\\/jetline.pl\\\/wp-content\\\/uploads\\\/2024\\\/09\\\/logo_poziom_logo_poziom_czerwone-1.png\",\"contentUrl\":\"https:\\\/\\\/jetline.pl\\\/wp-content\\\/uploads\\\/2024\\\/09\\\/logo_poziom_logo_poziom_czerwone-1.png\",\"width\":4946,\"height\":2016,\"caption\":\"Jet Line\"},\"image\":{\"@id\":\"https:\\\/\\\/jetline.pl\\\/en\\\/#\\\/schema\\\/logo\\\/image\\\/\"}}]}<\/script>\n<!-- \/ Yoast SEO plugin. -->","yoast_head_json":{"title":"Mi\u015b bez oczka. Uchwa\u0142a krajobrazowa Gda\u0144ska po spotkaniu z wojewod\u0105. - Jet Line","robots":{"index":"index","follow":"follow","max-snippet":"max-snippet:-1","max-image-preview":"max-image-preview:large","max-video-preview":"max-video-preview:-1"},"canonical":"https:\/\/jetline.pl\/en\/ustawa-krajobrazowa\/mis-bez-oczka-uchwala-krajobrazowa-gdanska-spotkaniu-wojewoda\/","og_locale":"en_US","og_type":"article","og_title":"Mi\u015b bez oczka. Uchwa\u0142a krajobrazowa Gda\u0144ska po spotkaniu z wojewod\u0105. - Jet Line","og_description":"[vc_row type=\"in_container\" full_screen_row_position=\"middle\" scene_position=\"center\" text_color=\"dark\" text_align=\"left\" overlay_strength=\"0.3\" shape_divider_position=\"bottom\"][vc_column column_padding=\"no-extra-padding\" column_padding_position=\"all\"...","og_url":"https:\/\/jetline.pl\/en\/ustawa-krajobrazowa\/mis-bez-oczka-uchwala-krajobrazowa-gdanska-spotkaniu-wojewoda\/","og_site_name":"Jet Line","og_image":[{"width":870,"height":759,"url":"https:\/\/jetline.pl\/wp-content\/uploads\/2024\/09\/Gda1.jpg","type":"image\/jpeg"}],"twitter_card":"summary_large_image","twitter_misc":{"Est. reading time":"2 minutes"},"schema":{"@context":"https:\/\/schema.org","@graph":[{"@type":"WebPage","@id":"https:\/\/jetline.pl\/en\/ustawa-krajobrazowa\/mis-bez-oczka-uchwala-krajobrazowa-gdanska-spotkaniu-wojewoda\/","url":"https:\/\/jetline.pl\/en\/ustawa-krajobrazowa\/mis-bez-oczka-uchwala-krajobrazowa-gdanska-spotkaniu-wojewoda\/","name":"Mi\u015b bez oczka. Uchwa\u0142a krajobrazowa Gda\u0144ska po spotkaniu z wojewod\u0105. - Jet Line","isPartOf":{"@id":"https:\/\/jetline.pl\/en\/#website"},"primaryImageOfPage":{"@id":"https:\/\/jetline.pl\/en\/ustawa-krajobrazowa\/mis-bez-oczka-uchwala-krajobrazowa-gdanska-spotkaniu-wojewoda\/#primaryimage"},"image":{"@id":"https:\/\/jetline.pl\/en\/ustawa-krajobrazowa\/mis-bez-oczka-uchwala-krajobrazowa-gdanska-spotkaniu-wojewoda\/#primaryimage"},"thumbnailUrl":"https:\/\/jetline.pl\/wp-content\/uploads\/2024\/09\/Gda1.jpg","datePublished":"2018-04-04T09:02:49+00:00","breadcrumb":{"@id":"https:\/\/jetline.pl\/en\/ustawa-krajobrazowa\/mis-bez-oczka-uchwala-krajobrazowa-gdanska-spotkaniu-wojewoda\/#breadcrumb"},"inLanguage":"en-US","potentialAction":[{"@type":"ReadAction","target":["https:\/\/jetline.pl\/en\/ustawa-krajobrazowa\/mis-bez-oczka-uchwala-krajobrazowa-gdanska-spotkaniu-wojewoda\/"]}]},{"@type":"ImageObject","inLanguage":"en-US","@id":"https:\/\/jetline.pl\/en\/ustawa-krajobrazowa\/mis-bez-oczka-uchwala-krajobrazowa-gdanska-spotkaniu-wojewoda\/#primaryimage","url":"https:\/\/jetline.pl\/wp-content\/uploads\/2024\/09\/Gda1.jpg","contentUrl":"https:\/\/jetline.pl\/wp-content\/uploads\/2024\/09\/Gda1.jpg","width":870,"height":759},{"@type":"BreadcrumbList","@id":"https:\/\/jetline.pl\/en\/ustawa-krajobrazowa\/mis-bez-oczka-uchwala-krajobrazowa-gdanska-spotkaniu-wojewoda\/#breadcrumb","itemListElement":[{"@type":"ListItem","position":1,"name":"Strona g\u0142\u00f3wna","item":"https:\/\/jetline.pl\/en\/"},{"@type":"ListItem","position":2,"name":"Ustawa krajobrazowa","item":"https:\/\/jetline.pl\/en\/ustawa-krajobrazowa\/"},{"@type":"ListItem","position":3,"name":"Mi\u015b bez oczka. Uchwa\u0142a krajobrazowa Gda\u0144ska po spotkaniu z wojewod\u0105."}]},{"@type":"WebSite","@id":"https:\/\/jetline.pl\/en\/#website","url":"https:\/\/jetline.pl\/en\/","name":"Jet Line","description":"Tworzymy przestrze\u0144 do komunikacji","publisher":{"@id":"https:\/\/jetline.pl\/en\/#organization"},"potentialAction":[{"@type":"SearchAction","target":{"@type":"EntryPoint","urlTemplate":"https:\/\/jetline.pl\/en\/?s={search_term_string}"},"query-input":{"@type":"PropertyValueSpecification","valueRequired":true,"valueName":"search_term_string"}}],"inLanguage":"en-US"},{"@type":"Organization","@id":"https:\/\/jetline.pl\/en\/#organization","name":"Jet Line","url":"https:\/\/jetline.pl\/en\/","logo":{"@type":"ImageObject","inLanguage":"en-US","@id":"https:\/\/jetline.pl\/en\/#\/schema\/logo\/image\/","url":"https:\/\/jetline.pl\/wp-content\/uploads\/2024\/09\/logo_poziom_logo_poziom_czerwone-1.png","contentUrl":"https:\/\/jetline.pl\/wp-content\/uploads\/2024\/09\/logo_poziom_logo_poziom_czerwone-1.png","width":4946,"height":2016,"caption":"Jet Line"},"image":{"@id":"https:\/\/jetline.pl\/en\/#\/schema\/logo\/image\/"}}]}},"_links":{"self":[{"href":"https:\/\/jetline.pl\/en\/wp-json\/wp\/v2\/ustawa\/1730","targetHints":{"allow":["GET"]}}],"collection":[{"href":"https:\/\/jetline.pl\/en\/wp-json\/wp\/v2\/ustawa"}],"about":[{"href":"https:\/\/jetline.pl\/en\/wp-json\/wp\/v2\/types\/ustawa"}],"author":[{"embeddable":true,"href":"https:\/\/jetline.pl\/en\/wp-json\/wp\/v2\/users\/16"}],"wp:featuredmedia":[{"embeddable":true,"href":"https:\/\/jetline.pl\/en\/wp-json\/wp\/v2\/media\/1579"}],"wp:attachment":[{"href":"https:\/\/jetline.pl\/en\/wp-json\/wp\/v2\/media?parent=1730"}],"wp:term":[{"taxonomy":"ustawa_cat","embeddable":true,"href":"https:\/\/jetline.pl\/en\/wp-json\/wp\/v2\/ustawa_cat?post=1730"}],"curies":[{"name":"wp","href":"https:\/\/api.w.org\/{rel}","templated":true}]}}