{"id":1733,"date":"2018-05-15T07:44:52","date_gmt":"2018-05-15T05:44:52","guid":{"rendered":"https:\/\/jetline.presb.pl\/ustawa-krajobrazowa\/uchwaly-krajobrazowe-w-najwiekszych-miastach\/"},"modified":"2018-05-15T07:44:52","modified_gmt":"2018-05-15T05:44:52","slug":"uchwaly-krajobrazowe-w-najwiekszych-miastach","status":"publish","type":"ustawa","link":"https:\/\/jetline.pl\/en\/ustawa-krajobrazowa\/uchwaly-krajobrazowe-w-najwiekszych-miastach\/","title":{"rendered":"Uchwa\u0142y krajobrazowe w najwi\u0119kszych miastach w Polsce. Stan na 15 maja 2018 r."},"content":{"rendered":"<p>[vc_row type=\"in_container\" full_screen_row_position=\"middle\" scene_position=\"center\" text_color=\"dark\" text_align=\"left\" overlay_strength=\"0.3\" shape_divider_position=\"bottom\"][vc_column column_padding=\"no-extra-padding\" column_padding_position=\"all\" background_color_opacity=\"1\" background_hover_color_opacity=\"1\" column_shadow=\"none\" column_border_radius=\"none\" width=\"1\/1\" tablet_text_alignment=\"default\" phone_text_alignment=\"default\" column_border_width=\"none\" column_border_style=\"solid\"][image_with_animation image_url=\"10648\" alignment=\"\" animation=\"Fade In\" border_radius=\"none\" box_shadow=\"none\" max_width=\"100%\"][divider line_type=\"No Line\" custom_height=\"40\"][vc_column_text]<strong>\u0141\u00f3d\u017a<\/strong><br \/>\n16 listopada 2016 r. \u0141\u00f3d\u017a uchwali\u0142a jedn\u0105 z pierwszych w kraju uchwa\u0142 krajobrazowych.<br \/>\nUchwa\u0142a nie respektuje praw nabytych, wprowadza nier\u00f3wne traktowanie podmiot\u00f3w, przekracza upowa\u017cnienie ustawowe w wielu kwestiach.<br \/>\nKodeks bardzo ogranicza stosowanie reklamy LED, za\u015b maksymalna powierzchnia reklamy w og\u00f3le to 18 m2.<br \/>\nUchwa\u0142a dzieli miasto na 3 strefy z okresami dostosowania od roku do 5 lat.<br \/>\n11 sierpnia 2017 r. Wojew\u00f3dzki S\u0105d Administracyjny (WSA) w \u0141odzi stwierdzi\u0142 niewa\u017cno\u015b\u0107 uchwa\u0142y w ca\u0142o\u015bci. W\u015br\u00f3d wielu zarzut\u00f3w za najistotniejszy merytorycznie nale\u017cy wskaza\u0107 ten, \u017ce uchwa\u0142a krajobrazowa \u0141odzi nie wskazuje warunk\u00f3w dostosowania istniej\u0105cych tablic i urz\u0105dze\u0144 reklamowych do zapis\u00f3w uchwa\u0142y oraz \u017ce sprawy zwi\u0105zane z odleg\u0142o\u015bciami reklam od drogi s\u0105 okre\u015blone w ustawie o drogach publicznych. W po\u0142owie pa\u017adziernika \u0141\u00f3d\u017a z\u0142o\u017cy\u0142a skarg\u0105 kasacyjn\u0105 do Naczelnego S\u0105du Administracyjnego (NSA). Termin rozprawy w NSA nie zosta\u0142 jeszcze okre\u015blony, praktyka dotycz\u0105ca post\u0119powa\u0144, w kt\u00f3rych stron\u0105 jest wojewoda wskazuje na koniec pierwszego kwarta\u0142u, termin dla \u201ezwyk\u0142ych\u201d spraw to druga po\u0142owa 2019 roku. Wyrok, kt\u00f3ry zapadnie, b\u0119dzie rzutowa\u0142 na dzia\u0142ania w pozosta\u0142ych miastach. Poniewa\u017c Urz\u0105d Miasta nie chce nara\u017ca\u0107 si\u0119 na konieczno\u015b\u0107 wyp\u0142aty odszkodowa\u0144 w przypadku og\u0142oszenia niekorzystnego dla siebie wyroku, Rada przeg\u0142osowa\u0142a zmian\u0119 uchwa\u0142y krajobrazowej zmieniaj\u0105c termin dostosowania na trzy lata w strefie, w kt\u00f3rej pierwotnie by\u0142 on okre\u015blony na rok. W lutym br. \u0141\u00f3d\u017a og\u0142osi\u0142a \u017ce przyst\u0119puje do prac nad nowym kodeksem reklamowym. Prace maj\u0105 by\u0107 poprzedzone konsultacjami spo\u0142ecznymi. Obecnie obowi\u0105zuj\u0105ca uchwa\u0142a ma zosta\u0107 uchylona, a na jej miejsce zostanie ustanowione nowe prawo dotycz\u0105ce reklam. Pozostaje pytanie, czy wydarzy si\u0119 to przed terminem rozprawy NSA.<\/p>\n<p><strong>Szczecin\u00a0<\/strong><br \/>\nUchwali\u0142 uchwa\u0142\u0119 intencyjn\u0105 bardzo szybko. Przeprowadzi\u0142 szczeg\u00f3\u0142ow\u0105 inwentaryzacj\u0119, mi\u0119dzy innymi ustalaj\u0105c, \u017ce jedynie<br \/>\n19% reklam w mie\u015bcie zosta\u0142o ustawionych legalnie. Jako jedyne miasto w Polsce Szczecin skonstruowa\u0142 sw\u00f3j kodeks na bazie istniej\u0105cych plan\u00f3w miejscowych (pozosta\u0142e miasta wprowadzaj\u0105c uchwa\u0142y reklamowe zmieni\u0105 miejscowe plany zagospodarowania przestrzennego). Taka konstrukcja powoduje podzia\u0142 miasta na kilkaset stref, odpowiadaj\u0105cych liczbie istniej\u0105cych plan\u00f3w miejscowych. Projekt zak\u0142ada 48 m2 jako maksymalny format reklamy, uwzgl\u0119dnia prawa nabyte, okres dostosowania okre\u015bla<br \/>\nna 2 lata. Termin wy\u0142o\u017cenia i zg\u0142aszania uwag do projektu min\u0105\u0142 w marcu 2017 r. Zesp\u00f3\u0142 projektowy zako\u0144czy\u0142 prac\u0119 i przekaza\u0142 gotowy dokument do Rady Miasta, kt\u00f3ra podejmie decyzj\u0119 odno\u015bnie terminu g\u0142osowania. Ten stan trwa od wrze\u015bnia 2017 r.<\/p>\n<p><strong>Krak\u00f3w<\/strong><br \/>\nTrzykrotnie prezentowa\u0142 sw\u00f3j kodeks reklamowy. Pierwszy raz wiosn\u0105 2016 r., drugi raz w sierpniu 2017 r. Obecnie trwa wy\u0142o\u017cenie kolejnej wersji projektu. Uwagi nale\u017cy zg\u0142asza\u0107 do 23 maja 2018. Projekt zak\u0142ada podzia\u0142 miasta na\u00a05 obszar\u00f3w, oraz dodatkowo okre\u015bla inne warunki dla ci\u0105g\u00f3w komunikacyjnych i teren\u00f3w sklep\u00f3w wielkopowierzchniowych i stacji benzynowych.<br \/>\nReklama ustawiona zgodnie z\u00a0prawem i\u00a0reklama nielegalna s\u0105 traktowane tak samo.<br \/>\nNajwi\u0119kszy dopuszczony w\u00a0mie\u015bcie format to\u00a018 m2, jednak nie ma to\u00a0wi\u0119kszego znaczenia, gdy\u017c\u00a0zapisy szczeg\u00f3\u0142owe odnosz\u0105ce si\u0119 do parametr\u00f3w konstrukcji sprawiaj\u0105, \u017ce\u00a0w\u00a0mie\u015bcie pozostanie nie wi\u0119cej ni\u017c kilka procent no\u015bnik\u00f3w, w wi\u0119kszo\u015bci przypadk\u00f3w ekrany LCD i\u00a0LED s\u0105 formami niedopuszczonymi, reklama na elewacji jest dopuszczona jedynie w przypadku remontu na 50% siatki na rusztowaniu.<br \/>\nProjekt zak\u0142ada du\u017ce preferencje dla imprez plenerowych.<br \/>\nOkres dostosowania wynosi 2 lata; w projekcie jednak tylko cz\u0119\u015bciowo s\u0105 okre\u015blone warunki dostosowania.<br \/>\nAutorzy projektu przewiduj\u0105, \u017ce uchwa\u0142a b\u0119dzie prezentem dla nast\u0119pnej kadencji samorz\u0105du \u2013 termin wej\u015bcia w \u017cycie uchwa\u0142y zosta\u0142 okre\u015blony na 1 stycznia 2019 roku.<\/p>\n<p><strong>Gda\u0144sk<\/strong><br \/>\nPosiada obowi\u0105zuj\u0105ca uchwa\u0142\u0119 krajobrazow\u0105 w okresie dostosowania (dokument zosta\u0142 uchwalony na sesji Rady Miasta 22 lutego br.).<br \/>\nIstniej\u0105ce tablice i urz\u0105dzenia reklamowe mog\u0105 pozosta\u0107 do ko\u0144ca obowi\u0105zywania okresu dostosowania, za\u015b nowe obiekty musz\u0105 by\u0107 zbudowane zgodnie z zapisami uchwa\u0142y.<br \/>\nUchwa\u0142a zak\u0142ada podzia\u0142 miasta na\u00a08 stref; reklama ustawiona zgodnie z\u00a0prawem i\u00a0reklama nielegalna s\u0105 traktowane tak samo; najwi\u0119kszy dopuszczony w\u00a0mie\u015bcie format to\u00a018 m2.<br \/>\nEkspozycja reklam na ekranach LCD jest bardzo ograniczona; okres dostosowania wynosi 2 lata ale warunki dostosowania s\u0105 okre\u015blone jedynie cz\u0119\u015bciowo.<br \/>\n30 marca Wojewoda Pomorski wyda\u0142 rozstrzygni\u0119cie nadzorcze uchylaj\u0105c zapisy dotycz\u0105ce reklamy wyborczej, odleg\u0142o\u015bci reklam od niekt\u00f3rych element\u00f3w infrastruktury oraz okre\u015blania sposobu utrzymania tablic i urz\u0105dze\u0144 reklamowych jako regulacji, kt\u00f3re przekraczaj\u0105 upowa\u017cnienie ustawowe.<br \/>\nMiasto zapowiedzia\u0142o odwo\u0142anie do s\u0105du od decyzji Wojewody (b\u0142\u0119dne odwo\u0142ania w uzasadnieniu). Uchwa\u0142a zawiera du\u017co b\u0142\u0119d\u00f3w kt\u00f3re nie by\u0142y wymienione w rozstrzygni\u0119ciu nadzorczym, np.: nieokre\u015blenie uchwa\u0142y dla terenu ca\u0142ego miasta, okre\u015blenie jedynie w niewielkim zakresie warunk\u00f3w dostosowania, b\u0142\u0119dy w definicjach, okre\u015blanie materia\u0142\u00f3w, z kt\u00f3rych mog\u0105 by\u0107 wykonane szyldy, bezpodstawne r\u00f3\u017cnicowanie obiekt\u00f3w znajduj\u0105cych si\u0119 w tej samej strefie itp.<\/p>\n<p><strong>Warszawa<\/strong><br \/>\nWielokrotnie przek\u0142ada\u0142a termin prezentacji projektu uchwa\u0142y krajobrazowej. Opublikowanie projektu nast\u0105pi\u0142o na pocz\u0105tku czerwca 2017 r. Za\u0142o\u017cenie, kt\u00f3re przy\u015bwieca\u0142o tw\u00f3rcom uchwa\u0142y, brzmi nast\u0119puj\u0105co:\u00a0generalnie istnieje zakaz umieszczania no\u015bnik\u00f3w reklamowych w mie\u015bcie, dopuszczone s\u0105 pewne wyj\u0105tki. Wyj\u0105tki dotycz\u0105 no\u015bnik\u00f3w, kt\u00f3re znajduj\u0105 si\u0119 w wi\u0119kszo\u015bci przypadk\u00f3w<br \/>\nna terenach miejskich: citylighty na\u00a0wiatach przystankowych oraz s\u0142upy reklamowe. Dodatkowo akceptowane s\u0105 reklamy w\u00a0formie liter przestrzennych na\u00a0dachach budynk\u00f3w oraz\u00a0siatki reklamowe na\u00a0rusztowaniach podczas remont\u00f3w. Maksymalny format reklamy wolnostoj\u0105cej to 18 m2.<br \/>\nOgraniczenia dotycz\u0105ce odleg\u0142o\u015bci mi\u0119dzy no\u015bnikami, odleg\u0142o\u015bci od\u00a0znak\u00f3w drogowych, systemu MSI, skrzy\u017cowa\u0144, zabudowy itp. sprawiaj\u0105, \u017ce\u00a0zdecydowana wi\u0119kszo\u015b\u0107 no\u015bnik\u00f3w wi\u0119kszych ni\u017c citylight b\u0119dzie musia\u0142a by\u0107 zdemontowana (ta uwaga odnosi si\u0119<br \/>\nw zasadzie do wszystkich opisywanych miast). Projekt nie uwzgl\u0119dnia praw nabytych. Ekspozycja reklam na ekranach LCD jest bardzo ograniczona mo\u017cliwo\u015bciami technicznymi. Okres dostosowania ma wynosi\u0107 2 lata; w projekcie brakuje okre\u015blenia warunk\u00f3w dostosowania. Miasto zosta\u0142o podzielone na 3 strefy oraz ci\u0105gi komunikacyjne, na kt\u00f3rych w zale\u017cno\u015bci od lokalizacji obowi\u0105zuj\u0105 r\u00f3\u017cne wielko\u015bci no\u015bnik\u00f3w.<br \/>\nPo prezentacji autorzy otrzymali oko\u0142o tysi\u0105ca uwag, kt\u00f3re s\u0105 analizowane. Termin wy\u0142o\u017cenia projektu nie jest jeszcze okre\u015blony (nieoficjalnie czerwiec 2018) .<br \/>\nWst\u0119pny termin g\u0142osowania przez Rad\u0119 Miasta to pocz\u0105tek jesieni, czyli tu\u017c przed wyborami.<\/p>\n<p><strong>Pozna\u0144<\/strong><br \/>\nPodpisa\u0142 uchwa\u0142\u0119 intencyjn\u0105 najp\u00f3\u017aniej ze wszystkich miast G8: w marcu 2017 r., jednak nieoficjalne prace nad projektem trwa\u0142y przynajmniej od pocz\u0105tku 2017 r. Pe\u0142na wersja projektu nie zosta\u0142a przedstawiona, w listopadzie zosta\u0142y przedstawione propozycje zapis\u00f3w do projektu uchwa\u0142y: miasto b\u0119dzie podzielone na 4 strefy, w centrum dopuszczone s\u0105 jedynie CLP i s\u0142upy reklamowe oraz, w ograniczonej formie, murale oraz siatki podczas remont\u00f3w. Najwi\u0119kszy format reklamy wolnostoj\u0105cej to 18m2, ekrany LED dopuszczone jedynie na formacie CLP. Nie wiadomo jeszcze, jak b\u0119dzie wygl\u0105da\u0142a kwestia ochrony praw nabytych oraz warunk\u00f3w dostosowania no\u015bnik\u00f3w. Okres dostosowania ma wynie\u015b\u0107 1 rok dla strefy staromiejskiej, 5 lat dla strefy zurbanizowanej,<br \/>\n3 lata dla pozosta\u0142ych stref.<br \/>\nW lutym br. miasto opublikowa\u0142o uwagi zg\u0142oszone do za\u0142o\u017ce\u0144 uchwa\u0142y. Mimo, \u017ce projekt nie jest zaprezentowany, autorzy zapowiadaj\u0105 przekazanie gotowego projektu do Rady Miasta w maju - czerwcu br. Wydaje si\u0119 to jednak ma\u0142o prawdopodobne ze wzgl\u0119d\u00f3w na konieczno\u015b\u0107 wy\u0142o\u017cenia, zbierania uwag i ich oceny. Obecnie Pozna\u0144 przekazuje s\u0142upy reklamowe i wiaty przystankowe pod zarz\u0105d swojej sp\u00f3\u0142ki \u2013 Mi\u0119dzynarodowych Targ\u00f3w Pozna\u0144skich.<\/p>\n<p><strong>Wroc\u0142aw<\/strong><br \/>\nPublicznie wypowiedziano tez\u0119, \u017ce uchwa\u0142a krajobrazowa to powa\u017cna regulacja prawna i nie nale\u017cy si\u0119 spieszy\u0107, \u017ce musi to by\u0107 dokument rzetelny i zgodny z prawem. Pierwsze spotkanie konsultacyjne odby\u0142o si\u0119 we wrze\u015bniu 2017 r. Obecnie trwaj\u0105 prace nad przygotowaniem projektu. Wiadomo, \u017ce miasto planuje wprowadzi\u0107 op\u0142at\u0119 reklamow\u0105.<\/p>\n<p><strong>Katowice<\/strong><br \/>\nZaproponowa\u0142y odmienne podej\u015bcie do tematu i rozpisa\u0142y przetarg na wykonanie inwentaryzacji wybranych miejsc i\u00a0obszar\u00f3w miasta, okre\u015blenie podzia\u0142u miasta na\u00a0strefy oraz przygotowanie wst\u0119pnych za\u0142o\u017ce\u0144 dla zasad i\u00a0warunk\u00f3w na potrzeby opracowania projektu uchwa\u0142y. Przetarg wygra\u0142a firma PwC Polska Sp. z\u00a0o.o. Wnioski przedstawione na spotkaniu w wrze\u015bniu 2017 r. by\u0142y niedopracowane. 30 pa\u017adziernika odby\u0142o si\u0119 ostatnie spotkanie konsultacyjne. Do ko\u0144ca marca 2018 r. ma zosta\u0107 przedstawiona analiza finansowa dotycz\u0105ca skutk\u00f3w wprowadzenia uchwa\u0142y krajobrazowej. Pod koniec roku miasto opublikowa\u0142o wyniki konsultacji spo\u0142ecznych oraz stanowisko Prezydenta Miasta Katowice do zg\u0142oszonych wniosk\u00f3w.<br \/>\nTermin przedstawienia pierwszego projektu nie zosta\u0142 jeszcze og\u0142oszony.[\/vc_column_text][divider line_type=\"No Line\" custom_height=\"40\"][\/vc_column][\/vc_row]<\/p>\n","protected":false},"author":16,"featured_media":1585,"template":"","ustawa_cat":[],"class_list":["post-1733","ustawa","type-ustawa","status-publish","has-post-thumbnail","hentry"],"acf":[],"yoast_head":"<!-- This site is optimized with the Yoast SEO plugin v27.5 - https:\/\/yoast.com\/product\/yoast-seo-wordpress\/ -->\n<title>Uchwa\u0142y krajobrazowe w najwi\u0119kszych miastach w Polsce. Stan na 15 maja 2018 r. - Jet Line<\/title>\n<meta name=\"description\" content=\"Jak obecnie wygl\u0105daj\u0105 uchwa\u0142y krajobrazowe w najwi\u0119kszych miastach w Polsce? Co jest proponowane w nowym prawie, jak mo\u017ce wygl\u0105da\u0107 informacja w przestrzeni publicznej?\" \/>\n<meta name=\"robots\" content=\"index, follow, max-snippet:-1, max-image-preview:large, max-video-preview:-1\" \/>\n<link rel=\"canonical\" href=\"https:\/\/jetline.pl\/en\/ustawa-krajobrazowa\/uchwaly-krajobrazowe-w-najwiekszych-miastach\/\" \/>\n<meta property=\"og:locale\" content=\"en_US\" \/>\n<meta property=\"og:type\" content=\"article\" \/>\n<meta property=\"og:title\" content=\"Uchwa\u0142y krajobrazowe w najwi\u0119kszych miastach w Polsce. Stan na 15 maja 2018 r. - Jet Line\" \/>\n<meta property=\"og:description\" content=\"Jak obecnie wygl\u0105daj\u0105 uchwa\u0142y krajobrazowe w najwi\u0119kszych miastach w Polsce? Co jest proponowane w nowym prawie, jak mo\u017ce wygl\u0105da\u0107 informacja w przestrzeni publicznej?\" \/>\n<meta property=\"og:url\" content=\"https:\/\/jetline.pl\/en\/ustawa-krajobrazowa\/uchwaly-krajobrazowe-w-najwiekszych-miastach\/\" \/>\n<meta property=\"og:site_name\" content=\"Jet Line\" \/>\n<meta property=\"og:image\" content=\"https:\/\/jetline.pl\/wp-content\/uploads\/2024\/09\/uk_G8.jpg\" \/>\n\t<meta property=\"og:image:width\" content=\"1206\" \/>\n\t<meta property=\"og:image:height\" content=\"751\" \/>\n\t<meta property=\"og:image:type\" content=\"image\/jpeg\" \/>\n<meta name=\"twitter:card\" content=\"summary_large_image\" \/>\n<meta name=\"twitter:label1\" content=\"Est. reading time\" \/>\n\t<meta name=\"twitter:data1\" content=\"8 minutes\" \/>\n<script type=\"application\/ld+json\" class=\"yoast-schema-graph\">{\"@context\":\"https:\\\/\\\/schema.org\",\"@graph\":[{\"@type\":\"WebPage\",\"@id\":\"https:\\\/\\\/jetline.pl\\\/en\\\/ustawa-krajobrazowa\\\/uchwaly-krajobrazowe-w-najwiekszych-miastach\\\/\",\"url\":\"https:\\\/\\\/jetline.pl\\\/en\\\/ustawa-krajobrazowa\\\/uchwaly-krajobrazowe-w-najwiekszych-miastach\\\/\",\"name\":\"Uchwa\u0142y krajobrazowe w najwi\u0119kszych miastach w Polsce. Stan na 15 maja 2018 r. - Jet Line\",\"isPartOf\":{\"@id\":\"https:\\\/\\\/jetline.pl\\\/en\\\/#website\"},\"primaryImageOfPage\":{\"@id\":\"https:\\\/\\\/jetline.pl\\\/en\\\/ustawa-krajobrazowa\\\/uchwaly-krajobrazowe-w-najwiekszych-miastach\\\/#primaryimage\"},\"image\":{\"@id\":\"https:\\\/\\\/jetline.pl\\\/en\\\/ustawa-krajobrazowa\\\/uchwaly-krajobrazowe-w-najwiekszych-miastach\\\/#primaryimage\"},\"thumbnailUrl\":\"https:\\\/\\\/jetline.pl\\\/wp-content\\\/uploads\\\/2024\\\/09\\\/uk_G8.jpg\",\"datePublished\":\"2018-05-15T05:44:52+00:00\",\"description\":\"Jak obecnie wygl\u0105daj\u0105 uchwa\u0142y krajobrazowe w najwi\u0119kszych miastach w Polsce? Co jest proponowane w nowym prawie, jak mo\u017ce wygl\u0105da\u0107 informacja w przestrzeni publicznej?\",\"breadcrumb\":{\"@id\":\"https:\\\/\\\/jetline.pl\\\/en\\\/ustawa-krajobrazowa\\\/uchwaly-krajobrazowe-w-najwiekszych-miastach\\\/#breadcrumb\"},\"inLanguage\":\"en-US\",\"potentialAction\":[{\"@type\":\"ReadAction\",\"target\":[\"https:\\\/\\\/jetline.pl\\\/en\\\/ustawa-krajobrazowa\\\/uchwaly-krajobrazowe-w-najwiekszych-miastach\\\/\"]}]},{\"@type\":\"ImageObject\",\"inLanguage\":\"en-US\",\"@id\":\"https:\\\/\\\/jetline.pl\\\/en\\\/ustawa-krajobrazowa\\\/uchwaly-krajobrazowe-w-najwiekszych-miastach\\\/#primaryimage\",\"url\":\"https:\\\/\\\/jetline.pl\\\/wp-content\\\/uploads\\\/2024\\\/09\\\/uk_G8.jpg\",\"contentUrl\":\"https:\\\/\\\/jetline.pl\\\/wp-content\\\/uploads\\\/2024\\\/09\\\/uk_G8.jpg\",\"width\":1206,\"height\":751},{\"@type\":\"BreadcrumbList\",\"@id\":\"https:\\\/\\\/jetline.pl\\\/en\\\/ustawa-krajobrazowa\\\/uchwaly-krajobrazowe-w-najwiekszych-miastach\\\/#breadcrumb\",\"itemListElement\":[{\"@type\":\"ListItem\",\"position\":1,\"name\":\"Strona g\u0142\u00f3wna\",\"item\":\"https:\\\/\\\/jetline.pl\\\/en\\\/\"},{\"@type\":\"ListItem\",\"position\":2,\"name\":\"Ustawa krajobrazowa\",\"item\":\"https:\\\/\\\/jetline.pl\\\/en\\\/ustawa-krajobrazowa\\\/\"},{\"@type\":\"ListItem\",\"position\":3,\"name\":\"Uchwa\u0142y krajobrazowe w najwi\u0119kszych miastach w Polsce. Stan na 15 maja 2018 r.\"}]},{\"@type\":\"WebSite\",\"@id\":\"https:\\\/\\\/jetline.pl\\\/en\\\/#website\",\"url\":\"https:\\\/\\\/jetline.pl\\\/en\\\/\",\"name\":\"Jet Line\",\"description\":\"Tworzymy przestrze\u0144 do komunikacji\",\"publisher\":{\"@id\":\"https:\\\/\\\/jetline.pl\\\/en\\\/#organization\"},\"potentialAction\":[{\"@type\":\"SearchAction\",\"target\":{\"@type\":\"EntryPoint\",\"urlTemplate\":\"https:\\\/\\\/jetline.pl\\\/en\\\/?s={search_term_string}\"},\"query-input\":{\"@type\":\"PropertyValueSpecification\",\"valueRequired\":true,\"valueName\":\"search_term_string\"}}],\"inLanguage\":\"en-US\"},{\"@type\":\"Organization\",\"@id\":\"https:\\\/\\\/jetline.pl\\\/en\\\/#organization\",\"name\":\"Jet Line\",\"url\":\"https:\\\/\\\/jetline.pl\\\/en\\\/\",\"logo\":{\"@type\":\"ImageObject\",\"inLanguage\":\"en-US\",\"@id\":\"https:\\\/\\\/jetline.pl\\\/en\\\/#\\\/schema\\\/logo\\\/image\\\/\",\"url\":\"https:\\\/\\\/jetline.pl\\\/wp-content\\\/uploads\\\/2024\\\/09\\\/logo_poziom_logo_poziom_czerwone-1.png\",\"contentUrl\":\"https:\\\/\\\/jetline.pl\\\/wp-content\\\/uploads\\\/2024\\\/09\\\/logo_poziom_logo_poziom_czerwone-1.png\",\"width\":4946,\"height\":2016,\"caption\":\"Jet Line\"},\"image\":{\"@id\":\"https:\\\/\\\/jetline.pl\\\/en\\\/#\\\/schema\\\/logo\\\/image\\\/\"}}]}<\/script>\n<!-- \/ Yoast SEO plugin. -->","yoast_head_json":{"title":"Uchwa\u0142y krajobrazowe w najwi\u0119kszych miastach w Polsce. Stan na 15 maja 2018 r. - Jet Line","description":"Jak obecnie wygl\u0105daj\u0105 uchwa\u0142y krajobrazowe w najwi\u0119kszych miastach w Polsce? Co jest proponowane w nowym prawie, jak mo\u017ce wygl\u0105da\u0107 informacja w przestrzeni publicznej?","robots":{"index":"index","follow":"follow","max-snippet":"max-snippet:-1","max-image-preview":"max-image-preview:large","max-video-preview":"max-video-preview:-1"},"canonical":"https:\/\/jetline.pl\/en\/ustawa-krajobrazowa\/uchwaly-krajobrazowe-w-najwiekszych-miastach\/","og_locale":"en_US","og_type":"article","og_title":"Uchwa\u0142y krajobrazowe w najwi\u0119kszych miastach w Polsce. Stan na 15 maja 2018 r. - Jet Line","og_description":"Jak obecnie wygl\u0105daj\u0105 uchwa\u0142y krajobrazowe w najwi\u0119kszych miastach w Polsce? Co jest proponowane w nowym prawie, jak mo\u017ce wygl\u0105da\u0107 informacja w przestrzeni publicznej?","og_url":"https:\/\/jetline.pl\/en\/ustawa-krajobrazowa\/uchwaly-krajobrazowe-w-najwiekszych-miastach\/","og_site_name":"Jet Line","og_image":[{"width":1206,"height":751,"url":"https:\/\/jetline.pl\/wp-content\/uploads\/2024\/09\/uk_G8.jpg","type":"image\/jpeg"}],"twitter_card":"summary_large_image","twitter_misc":{"Est. reading time":"8 minutes"},"schema":{"@context":"https:\/\/schema.org","@graph":[{"@type":"WebPage","@id":"https:\/\/jetline.pl\/en\/ustawa-krajobrazowa\/uchwaly-krajobrazowe-w-najwiekszych-miastach\/","url":"https:\/\/jetline.pl\/en\/ustawa-krajobrazowa\/uchwaly-krajobrazowe-w-najwiekszych-miastach\/","name":"Uchwa\u0142y krajobrazowe w najwi\u0119kszych miastach w Polsce. Stan na 15 maja 2018 r. - Jet Line","isPartOf":{"@id":"https:\/\/jetline.pl\/en\/#website"},"primaryImageOfPage":{"@id":"https:\/\/jetline.pl\/en\/ustawa-krajobrazowa\/uchwaly-krajobrazowe-w-najwiekszych-miastach\/#primaryimage"},"image":{"@id":"https:\/\/jetline.pl\/en\/ustawa-krajobrazowa\/uchwaly-krajobrazowe-w-najwiekszych-miastach\/#primaryimage"},"thumbnailUrl":"https:\/\/jetline.pl\/wp-content\/uploads\/2024\/09\/uk_G8.jpg","datePublished":"2018-05-15T05:44:52+00:00","description":"Jak obecnie wygl\u0105daj\u0105 uchwa\u0142y krajobrazowe w najwi\u0119kszych miastach w Polsce? Co jest proponowane w nowym prawie, jak mo\u017ce wygl\u0105da\u0107 informacja w przestrzeni publicznej?","breadcrumb":{"@id":"https:\/\/jetline.pl\/en\/ustawa-krajobrazowa\/uchwaly-krajobrazowe-w-najwiekszych-miastach\/#breadcrumb"},"inLanguage":"en-US","potentialAction":[{"@type":"ReadAction","target":["https:\/\/jetline.pl\/en\/ustawa-krajobrazowa\/uchwaly-krajobrazowe-w-najwiekszych-miastach\/"]}]},{"@type":"ImageObject","inLanguage":"en-US","@id":"https:\/\/jetline.pl\/en\/ustawa-krajobrazowa\/uchwaly-krajobrazowe-w-najwiekszych-miastach\/#primaryimage","url":"https:\/\/jetline.pl\/wp-content\/uploads\/2024\/09\/uk_G8.jpg","contentUrl":"https:\/\/jetline.pl\/wp-content\/uploads\/2024\/09\/uk_G8.jpg","width":1206,"height":751},{"@type":"BreadcrumbList","@id":"https:\/\/jetline.pl\/en\/ustawa-krajobrazowa\/uchwaly-krajobrazowe-w-najwiekszych-miastach\/#breadcrumb","itemListElement":[{"@type":"ListItem","position":1,"name":"Strona g\u0142\u00f3wna","item":"https:\/\/jetline.pl\/en\/"},{"@type":"ListItem","position":2,"name":"Ustawa krajobrazowa","item":"https:\/\/jetline.pl\/en\/ustawa-krajobrazowa\/"},{"@type":"ListItem","position":3,"name":"Uchwa\u0142y krajobrazowe w najwi\u0119kszych miastach w Polsce. Stan na 15 maja 2018 r."}]},{"@type":"WebSite","@id":"https:\/\/jetline.pl\/en\/#website","url":"https:\/\/jetline.pl\/en\/","name":"Jet Line","description":"Tworzymy przestrze\u0144 do komunikacji","publisher":{"@id":"https:\/\/jetline.pl\/en\/#organization"},"potentialAction":[{"@type":"SearchAction","target":{"@type":"EntryPoint","urlTemplate":"https:\/\/jetline.pl\/en\/?s={search_term_string}"},"query-input":{"@type":"PropertyValueSpecification","valueRequired":true,"valueName":"search_term_string"}}],"inLanguage":"en-US"},{"@type":"Organization","@id":"https:\/\/jetline.pl\/en\/#organization","name":"Jet Line","url":"https:\/\/jetline.pl\/en\/","logo":{"@type":"ImageObject","inLanguage":"en-US","@id":"https:\/\/jetline.pl\/en\/#\/schema\/logo\/image\/","url":"https:\/\/jetline.pl\/wp-content\/uploads\/2024\/09\/logo_poziom_logo_poziom_czerwone-1.png","contentUrl":"https:\/\/jetline.pl\/wp-content\/uploads\/2024\/09\/logo_poziom_logo_poziom_czerwone-1.png","width":4946,"height":2016,"caption":"Jet Line"},"image":{"@id":"https:\/\/jetline.pl\/en\/#\/schema\/logo\/image\/"}}]}},"_links":{"self":[{"href":"https:\/\/jetline.pl\/en\/wp-json\/wp\/v2\/ustawa\/1733","targetHints":{"allow":["GET"]}}],"collection":[{"href":"https:\/\/jetline.pl\/en\/wp-json\/wp\/v2\/ustawa"}],"about":[{"href":"https:\/\/jetline.pl\/en\/wp-json\/wp\/v2\/types\/ustawa"}],"author":[{"embeddable":true,"href":"https:\/\/jetline.pl\/en\/wp-json\/wp\/v2\/users\/16"}],"wp:featuredmedia":[{"embeddable":true,"href":"https:\/\/jetline.pl\/en\/wp-json\/wp\/v2\/media\/1585"}],"wp:attachment":[{"href":"https:\/\/jetline.pl\/en\/wp-json\/wp\/v2\/media?parent=1733"}],"wp:term":[{"taxonomy":"ustawa_cat","embeddable":true,"href":"https:\/\/jetline.pl\/en\/wp-json\/wp\/v2\/ustawa_cat?post=1733"}],"curies":[{"name":"wp","href":"https:\/\/api.w.org\/{rel}","templated":true}]}}