{"id":1734,"date":"2018-06-29T13:21:17","date_gmt":"2018-06-29T11:21:17","guid":{"rendered":"https:\/\/jetline.presb.pl\/ustawa-krajobrazowa\/quo-vadis-czyli-dokad-zmierza-uchwala-krajobrazowa-krakowa\/"},"modified":"2018-06-29T13:21:17","modified_gmt":"2018-06-29T11:21:17","slug":"quo-vadis-czyli-dokad-zmierza-uchwala-krajobrazowa-krakowa","status":"publish","type":"ustawa","link":"https:\/\/jetline.pl\/en\/ustawa-krajobrazowa\/quo-vadis-czyli-dokad-zmierza-uchwala-krajobrazowa-krakowa\/","title":{"rendered":"Quo vadis, czyli dok\u0105d zmierza uchwa\u0142a krajobrazowa Krakowa?"},"content":{"rendered":"<p>[vc_row type=\"in_container\" full_screen_row_position=\"middle\" scene_position=\"center\" text_color=\"dark\" text_align=\"left\" overlay_strength=\"0.3\" shape_divider_position=\"bottom\"][vc_column column_padding=\"no-extra-padding\" column_padding_position=\"all\" background_color_opacity=\"1\" background_hover_color_opacity=\"1\" column_shadow=\"none\" column_border_radius=\"none\" width=\"1\/1\" tablet_text_alignment=\"default\" phone_text_alignment=\"default\" column_border_width=\"none\" column_border_style=\"solid\"][image_with_animation image_url=\"10794\" alignment=\"\" animation=\"Fade In\" border_radius=\"none\" box_shadow=\"none\" max_width=\"100%\"][divider line_type=\"No Line\" custom_height=\"40\"][vc_column_text]Uchwa\u0142a krajobrazowa w Krakowie, a w\u0142a\u015bciwie proces jej przygotowywania, to du\u017ce emocje i jeszcze wi\u0119ksze oczekiwania.<br \/>\nJe\u015bli chodzi o du\u017ce miasta w Polsce, dotychczas jedynie \u0141\u00f3d\u017a i Gda\u0144sk wprowadzi\u0142y uchwa\u0142y krajobrazowe, przy czym \u0141\u00f3d\u017a ju\u017c zapowiedzia\u0142a zmian\u0119 istniej\u0105cych zapis\u00f3w w zwi\u0105zku z post\u0119powaniem przed s\u0105dem administracyjnym, a Gda\u0144sk do tej pory (29 czerwca 2018r. ) wstrzymywa\u0142 przekazanie skarg do WSA.<\/p>\n<p>Zapowiedzi Pani El\u017cbiety Koterby - Zast\u0119pcy Prezydenta Miasta Krakowa - zdecydowanie wskazywa\u0142y, \u017ce projekt kodeksu krajobrazowego Krakowa b\u0119dzie g\u0142osowany na sesji Rady Miasta 4-go lipca. Miasto przygotowa\u0142o tak\u017ce uchwa\u0142\u0119 wprowadzaj\u0105c\u0105 op\u0142aty reklamowe w maksymalnych dopuszczonych przez uchwa\u0142\u0119 stawkach. I tak za tablic\u0119 w formacie citylight trzeba b\u0119dzie miesi\u0119cznie zap\u0142aci\u0107 78,00 pln\/miesi\u0105c, za tablic\u0119 12m<sup>2<\/sup> \u2013 150,00 pln\/miesi\u0105c; a za tablic\u0119 18m<sup>2<\/sup> -188 pln\/miesi\u0119cznie. Miasto zapowiedzia\u0142o powo\u0142anie specjalnej kom\u00f3rki do pobierania op\u0142at, kt\u00f3re maj\u0105 obowi\u0105zywa\u0107 \u00a0od 1 stycznia 2020 roku.<\/p>\n<p>Opublikowane zosta\u0142y r\u00f3wnie\u017c zestawienia uwag z\u0142o\u017conych do projektu wraz z opisem sposobu ich rozpatrzenia.<br \/>\nZ projektami obu uchwa\u0142 i uwagami mo\u017cna zapozna\u0107 si\u0119 na stronie: <a href=\"https:\/\/www.bip.krakow.pl\/?dok_id=71173#zarzadzenia1\">https:\/\/www.bip.krakow.pl\/?dok_id=71173#zarzadzenia1<\/a><\/p>\n<p>No i tyle.<br \/>\nBo wbrew zapowiedziom, w programie sesji nie ma punktu dotycz\u0105cego czytania lub g\u0142osowania nad \u201ezasadami i\u00a0warunkami sytuowania obiekt\u00f3w ma\u0142ej architektury, tablic reklamowych i\u00a0urz\u0105dze\u0144 reklamowych oraz ogrodze\u0144\u201d.<\/p>\n<p>Dlaczego?<br \/>\nOficjalnego komunikatu nie ma. P\u00f3\u0142oficjalnie - program sesji jest bardzo napi\u0119ty i kolejny dosy\u0107 obszerny punkt ju\u017c si\u0119 nie mie\u015bci\u0142.<br \/>\nA mo\u017ce jednak nie wszystkim radnym odpowiada g\u0142osowanie uchwa\u0142y, kt\u00f3ra zawiera du\u017co b\u0142\u0119d\u00f3w?[\/vc_column_text][divider line_type=\"No Line\" custom_height=\"40\"][\/vc_column][\/vc_row]<\/p>\n","protected":false},"author":16,"featured_media":1587,"template":"","ustawa_cat":[],"class_list":["post-1734","ustawa","type-ustawa","status-publish","has-post-thumbnail","hentry"],"acf":[],"yoast_head":"<!-- This site is optimized with the Yoast SEO plugin v27.5 - https:\/\/yoast.com\/product\/yoast-seo-wordpress\/ -->\n<title>Quo vadis, czyli dok\u0105d zmierza uchwa\u0142a krajobrazowa Krakowa? - Jet Line<\/title>\n<meta name=\"robots\" content=\"index, follow, max-snippet:-1, max-image-preview:large, max-video-preview:-1\" \/>\n<link rel=\"canonical\" href=\"https:\/\/jetline.pl\/en\/ustawa-krajobrazowa\/quo-vadis-czyli-dokad-zmierza-uchwala-krajobrazowa-krakowa\/\" \/>\n<meta property=\"og:locale\" content=\"en_US\" \/>\n<meta property=\"og:type\" content=\"article\" \/>\n<meta property=\"og:title\" content=\"Quo vadis, czyli dok\u0105d zmierza uchwa\u0142a krajobrazowa Krakowa? - Jet Line\" \/>\n<meta property=\"og:description\" content=\"[vc_row type=&quot;in_container&quot; full_screen_row_position=&quot;middle&quot; scene_position=&quot;center&quot; text_color=&quot;dark&quot; text_align=&quot;left&quot; overlay_strength=&quot;0.3&quot; shape_divider_position=&quot;bottom&quot;][vc_column column_padding=&quot;no-extra-padding&quot; column_padding_position=&quot;all&quot;...\" \/>\n<meta property=\"og:url\" content=\"https:\/\/jetline.pl\/en\/ustawa-krajobrazowa\/quo-vadis-czyli-dokad-zmierza-uchwala-krajobrazowa-krakowa\/\" \/>\n<meta property=\"og:site_name\" content=\"Jet Line\" \/>\n<meta property=\"og:image\" content=\"https:\/\/jetline.pl\/wp-content\/uploads\/2024\/09\/smok_confused.png\" \/>\n\t<meta property=\"og:image:width\" content=\"1535\" \/>\n\t<meta property=\"og:image:height\" content=\"2362\" \/>\n\t<meta property=\"og:image:type\" content=\"image\/png\" \/>\n<meta name=\"twitter:card\" content=\"summary_large_image\" \/>\n<meta name=\"twitter:label1\" content=\"Est. reading time\" \/>\n\t<meta name=\"twitter:data1\" content=\"2 minutes\" \/>\n<script type=\"application\/ld+json\" class=\"yoast-schema-graph\">{\"@context\":\"https:\\\/\\\/schema.org\",\"@graph\":[{\"@type\":\"WebPage\",\"@id\":\"https:\\\/\\\/jetline.pl\\\/en\\\/ustawa-krajobrazowa\\\/quo-vadis-czyli-dokad-zmierza-uchwala-krajobrazowa-krakowa\\\/\",\"url\":\"https:\\\/\\\/jetline.pl\\\/en\\\/ustawa-krajobrazowa\\\/quo-vadis-czyli-dokad-zmierza-uchwala-krajobrazowa-krakowa\\\/\",\"name\":\"Quo vadis, czyli dok\u0105d zmierza uchwa\u0142a krajobrazowa Krakowa? - Jet Line\",\"isPartOf\":{\"@id\":\"https:\\\/\\\/jetline.pl\\\/en\\\/#website\"},\"primaryImageOfPage\":{\"@id\":\"https:\\\/\\\/jetline.pl\\\/en\\\/ustawa-krajobrazowa\\\/quo-vadis-czyli-dokad-zmierza-uchwala-krajobrazowa-krakowa\\\/#primaryimage\"},\"image\":{\"@id\":\"https:\\\/\\\/jetline.pl\\\/en\\\/ustawa-krajobrazowa\\\/quo-vadis-czyli-dokad-zmierza-uchwala-krajobrazowa-krakowa\\\/#primaryimage\"},\"thumbnailUrl\":\"https:\\\/\\\/jetline.pl\\\/wp-content\\\/uploads\\\/2024\\\/09\\\/smok_confused.png\",\"datePublished\":\"2018-06-29T11:21:17+00:00\",\"breadcrumb\":{\"@id\":\"https:\\\/\\\/jetline.pl\\\/en\\\/ustawa-krajobrazowa\\\/quo-vadis-czyli-dokad-zmierza-uchwala-krajobrazowa-krakowa\\\/#breadcrumb\"},\"inLanguage\":\"en-US\",\"potentialAction\":[{\"@type\":\"ReadAction\",\"target\":[\"https:\\\/\\\/jetline.pl\\\/en\\\/ustawa-krajobrazowa\\\/quo-vadis-czyli-dokad-zmierza-uchwala-krajobrazowa-krakowa\\\/\"]}]},{\"@type\":\"ImageObject\",\"inLanguage\":\"en-US\",\"@id\":\"https:\\\/\\\/jetline.pl\\\/en\\\/ustawa-krajobrazowa\\\/quo-vadis-czyli-dokad-zmierza-uchwala-krajobrazowa-krakowa\\\/#primaryimage\",\"url\":\"https:\\\/\\\/jetline.pl\\\/wp-content\\\/uploads\\\/2024\\\/09\\\/smok_confused.png\",\"contentUrl\":\"https:\\\/\\\/jetline.pl\\\/wp-content\\\/uploads\\\/2024\\\/09\\\/smok_confused.png\",\"width\":1535,\"height\":2362},{\"@type\":\"BreadcrumbList\",\"@id\":\"https:\\\/\\\/jetline.pl\\\/en\\\/ustawa-krajobrazowa\\\/quo-vadis-czyli-dokad-zmierza-uchwala-krajobrazowa-krakowa\\\/#breadcrumb\",\"itemListElement\":[{\"@type\":\"ListItem\",\"position\":1,\"name\":\"Strona g\u0142\u00f3wna\",\"item\":\"https:\\\/\\\/jetline.pl\\\/en\\\/\"},{\"@type\":\"ListItem\",\"position\":2,\"name\":\"Ustawa krajobrazowa\",\"item\":\"https:\\\/\\\/jetline.pl\\\/en\\\/ustawa-krajobrazowa\\\/\"},{\"@type\":\"ListItem\",\"position\":3,\"name\":\"Quo vadis, czyli dok\u0105d zmierza uchwa\u0142a krajobrazowa Krakowa?\"}]},{\"@type\":\"WebSite\",\"@id\":\"https:\\\/\\\/jetline.pl\\\/en\\\/#website\",\"url\":\"https:\\\/\\\/jetline.pl\\\/en\\\/\",\"name\":\"Jet Line\",\"description\":\"Tworzymy przestrze\u0144 do komunikacji\",\"publisher\":{\"@id\":\"https:\\\/\\\/jetline.pl\\\/en\\\/#organization\"},\"potentialAction\":[{\"@type\":\"SearchAction\",\"target\":{\"@type\":\"EntryPoint\",\"urlTemplate\":\"https:\\\/\\\/jetline.pl\\\/en\\\/?s={search_term_string}\"},\"query-input\":{\"@type\":\"PropertyValueSpecification\",\"valueRequired\":true,\"valueName\":\"search_term_string\"}}],\"inLanguage\":\"en-US\"},{\"@type\":\"Organization\",\"@id\":\"https:\\\/\\\/jetline.pl\\\/en\\\/#organization\",\"name\":\"Jet Line\",\"url\":\"https:\\\/\\\/jetline.pl\\\/en\\\/\",\"logo\":{\"@type\":\"ImageObject\",\"inLanguage\":\"en-US\",\"@id\":\"https:\\\/\\\/jetline.pl\\\/en\\\/#\\\/schema\\\/logo\\\/image\\\/\",\"url\":\"https:\\\/\\\/jetline.pl\\\/wp-content\\\/uploads\\\/2024\\\/09\\\/logo_poziom_logo_poziom_czerwone-1.png\",\"contentUrl\":\"https:\\\/\\\/jetline.pl\\\/wp-content\\\/uploads\\\/2024\\\/09\\\/logo_poziom_logo_poziom_czerwone-1.png\",\"width\":4946,\"height\":2016,\"caption\":\"Jet Line\"},\"image\":{\"@id\":\"https:\\\/\\\/jetline.pl\\\/en\\\/#\\\/schema\\\/logo\\\/image\\\/\"}}]}<\/script>\n<!-- \/ Yoast SEO plugin. -->","yoast_head_json":{"title":"Quo vadis, czyli dok\u0105d zmierza uchwa\u0142a krajobrazowa Krakowa? - Jet Line","robots":{"index":"index","follow":"follow","max-snippet":"max-snippet:-1","max-image-preview":"max-image-preview:large","max-video-preview":"max-video-preview:-1"},"canonical":"https:\/\/jetline.pl\/en\/ustawa-krajobrazowa\/quo-vadis-czyli-dokad-zmierza-uchwala-krajobrazowa-krakowa\/","og_locale":"en_US","og_type":"article","og_title":"Quo vadis, czyli dok\u0105d zmierza uchwa\u0142a krajobrazowa Krakowa? - Jet Line","og_description":"[vc_row type=\"in_container\" full_screen_row_position=\"middle\" scene_position=\"center\" text_color=\"dark\" text_align=\"left\" overlay_strength=\"0.3\" shape_divider_position=\"bottom\"][vc_column column_padding=\"no-extra-padding\" column_padding_position=\"all\"...","og_url":"https:\/\/jetline.pl\/en\/ustawa-krajobrazowa\/quo-vadis-czyli-dokad-zmierza-uchwala-krajobrazowa-krakowa\/","og_site_name":"Jet Line","og_image":[{"width":1535,"height":2362,"url":"https:\/\/jetline.pl\/wp-content\/uploads\/2024\/09\/smok_confused.png","type":"image\/png"}],"twitter_card":"summary_large_image","twitter_misc":{"Est. reading time":"2 minutes"},"schema":{"@context":"https:\/\/schema.org","@graph":[{"@type":"WebPage","@id":"https:\/\/jetline.pl\/en\/ustawa-krajobrazowa\/quo-vadis-czyli-dokad-zmierza-uchwala-krajobrazowa-krakowa\/","url":"https:\/\/jetline.pl\/en\/ustawa-krajobrazowa\/quo-vadis-czyli-dokad-zmierza-uchwala-krajobrazowa-krakowa\/","name":"Quo vadis, czyli dok\u0105d zmierza uchwa\u0142a krajobrazowa Krakowa? - Jet Line","isPartOf":{"@id":"https:\/\/jetline.pl\/en\/#website"},"primaryImageOfPage":{"@id":"https:\/\/jetline.pl\/en\/ustawa-krajobrazowa\/quo-vadis-czyli-dokad-zmierza-uchwala-krajobrazowa-krakowa\/#primaryimage"},"image":{"@id":"https:\/\/jetline.pl\/en\/ustawa-krajobrazowa\/quo-vadis-czyli-dokad-zmierza-uchwala-krajobrazowa-krakowa\/#primaryimage"},"thumbnailUrl":"https:\/\/jetline.pl\/wp-content\/uploads\/2024\/09\/smok_confused.png","datePublished":"2018-06-29T11:21:17+00:00","breadcrumb":{"@id":"https:\/\/jetline.pl\/en\/ustawa-krajobrazowa\/quo-vadis-czyli-dokad-zmierza-uchwala-krajobrazowa-krakowa\/#breadcrumb"},"inLanguage":"en-US","potentialAction":[{"@type":"ReadAction","target":["https:\/\/jetline.pl\/en\/ustawa-krajobrazowa\/quo-vadis-czyli-dokad-zmierza-uchwala-krajobrazowa-krakowa\/"]}]},{"@type":"ImageObject","inLanguage":"en-US","@id":"https:\/\/jetline.pl\/en\/ustawa-krajobrazowa\/quo-vadis-czyli-dokad-zmierza-uchwala-krajobrazowa-krakowa\/#primaryimage","url":"https:\/\/jetline.pl\/wp-content\/uploads\/2024\/09\/smok_confused.png","contentUrl":"https:\/\/jetline.pl\/wp-content\/uploads\/2024\/09\/smok_confused.png","width":1535,"height":2362},{"@type":"BreadcrumbList","@id":"https:\/\/jetline.pl\/en\/ustawa-krajobrazowa\/quo-vadis-czyli-dokad-zmierza-uchwala-krajobrazowa-krakowa\/#breadcrumb","itemListElement":[{"@type":"ListItem","position":1,"name":"Strona g\u0142\u00f3wna","item":"https:\/\/jetline.pl\/en\/"},{"@type":"ListItem","position":2,"name":"Ustawa krajobrazowa","item":"https:\/\/jetline.pl\/en\/ustawa-krajobrazowa\/"},{"@type":"ListItem","position":3,"name":"Quo vadis, czyli dok\u0105d zmierza uchwa\u0142a krajobrazowa Krakowa?"}]},{"@type":"WebSite","@id":"https:\/\/jetline.pl\/en\/#website","url":"https:\/\/jetline.pl\/en\/","name":"Jet Line","description":"Tworzymy przestrze\u0144 do komunikacji","publisher":{"@id":"https:\/\/jetline.pl\/en\/#organization"},"potentialAction":[{"@type":"SearchAction","target":{"@type":"EntryPoint","urlTemplate":"https:\/\/jetline.pl\/en\/?s={search_term_string}"},"query-input":{"@type":"PropertyValueSpecification","valueRequired":true,"valueName":"search_term_string"}}],"inLanguage":"en-US"},{"@type":"Organization","@id":"https:\/\/jetline.pl\/en\/#organization","name":"Jet Line","url":"https:\/\/jetline.pl\/en\/","logo":{"@type":"ImageObject","inLanguage":"en-US","@id":"https:\/\/jetline.pl\/en\/#\/schema\/logo\/image\/","url":"https:\/\/jetline.pl\/wp-content\/uploads\/2024\/09\/logo_poziom_logo_poziom_czerwone-1.png","contentUrl":"https:\/\/jetline.pl\/wp-content\/uploads\/2024\/09\/logo_poziom_logo_poziom_czerwone-1.png","width":4946,"height":2016,"caption":"Jet Line"},"image":{"@id":"https:\/\/jetline.pl\/en\/#\/schema\/logo\/image\/"}}]}},"_links":{"self":[{"href":"https:\/\/jetline.pl\/en\/wp-json\/wp\/v2\/ustawa\/1734","targetHints":{"allow":["GET"]}}],"collection":[{"href":"https:\/\/jetline.pl\/en\/wp-json\/wp\/v2\/ustawa"}],"about":[{"href":"https:\/\/jetline.pl\/en\/wp-json\/wp\/v2\/types\/ustawa"}],"author":[{"embeddable":true,"href":"https:\/\/jetline.pl\/en\/wp-json\/wp\/v2\/users\/16"}],"wp:featuredmedia":[{"embeddable":true,"href":"https:\/\/jetline.pl\/en\/wp-json\/wp\/v2\/media\/1587"}],"wp:attachment":[{"href":"https:\/\/jetline.pl\/en\/wp-json\/wp\/v2\/media?parent=1734"}],"wp:term":[{"taxonomy":"ustawa_cat","embeddable":true,"href":"https:\/\/jetline.pl\/en\/wp-json\/wp\/v2\/ustawa_cat?post=1734"}],"curies":[{"name":"wp","href":"https:\/\/api.w.org\/{rel}","templated":true}]}}