{"id":1736,"date":"2018-09-12T09:30:51","date_gmt":"2018-09-12T07:30:51","guid":{"rendered":"https:\/\/jetline.presb.pl\/ustawa-krajobrazowa\/szyldy-a-ustawa-krajobrazowa\/"},"modified":"2018-09-12T09:30:51","modified_gmt":"2018-09-12T07:30:51","slug":"szyldy-a-ustawa-krajobrazowa","status":"publish","type":"ustawa","link":"https:\/\/jetline.pl\/en\/ustawa-krajobrazowa\/szyldy-a-ustawa-krajobrazowa\/","title":{"rendered":"Szyldy a ustawa krajobrazowa"},"content":{"rendered":"<p>[vc_row type=\"in_container\" full_screen_row_position=\"middle\" scene_position=\"center\" text_color=\"dark\" text_align=\"left\" overlay_strength=\"0.3\" shape_divider_position=\"bottom\"][vc_column column_padding=\"no-extra-padding\" column_padding_position=\"all\" background_color_opacity=\"1\" background_hover_color_opacity=\"1\" column_shadow=\"none\" column_border_radius=\"none\" width=\"1\/1\" tablet_text_alignment=\"default\" phone_text_alignment=\"default\" column_border_width=\"none\" column_border_style=\"solid\"][image_with_animation image_url=\"10851\" alignment=\"\" animation=\"Fade In\" border_radius=\"none\" box_shadow=\"none\" max_width=\"100%\"][divider line_type=\"No Line\" custom_height=\"40\"][vc_column_text]Trudno wyobrazi\u0107 sobie prowadzenie dzia\u0142alno\u015bci gospodarczej bez komunikowania tego faktu w przestrzeni publicznej. Tak by\u0142o ju\u017c w staro\u017cytno\u015bci, tak jest dzisiaj. Pierwsze znane nam\u00a0 regulacje prawne dotycz\u0105ce szyld\u00f3w pojawi\u0142y si\u0119 w \u015bredniowiecznym Londynie i dotyczy\u0142y konieczno\u015bci monta\u017cu szyldu na takiej wysoko\u015bci, aby rycerz jad\u0105cy na koniu nie zahacza\u0142 o niego g\u0142ow\u0105.<\/p>\n<p>W Polsce do niedawna spraw\u0119 oznakowania miejsca prowadzenia dzia\u0142alno\u015bci gospodarczej\u00a0 regulowa\u0142y g\u0142\u00f3wnie ustawy: prawo budowlane, prawo o drogach publicznych, o ochronie zabytk\u00f3w oraz o planowaniu i zagospodarowaniu przestrzennym.<br \/>\nW roku 2015 Sejm przyj\u0105\u0142 ustaw\u0119 krajobrazow\u0105 upowa\u017cniaj\u0105c\u0105 gminy do tworzenia uchwa\u0142, kt\u00f3re b\u0119d\u0105c prawem miejscowym mog\u0105 regulowa\u0107 kwesti\u0119 umieszczania szyld\u00f3w w przestrzeni publicznej.<\/p>\n<p>Oto, jakie parametry szyld\u00f3w musi w uchwale okre\u015bli\u0107 gmina:<\/p>\n<ul>\n<li>ich gabaryty,<\/li>\n<li>ich liczb\u0119 na danej nieruchomo\u015bci,<\/li>\n<li>zasady i warunki sytuowania,<\/li>\n<li>warunki oraz okres dostosowania.<\/li>\n<\/ul>\n<p>Uchwa\u0142a nie mo\u017ce zakaza\u0107 sytuowania szyld\u00f3w (zasada ta nie dotyczy innych reklam).<\/p>\n<p>Ka\u017cdy z nas intuicyjnie rozumie, czym jest szyld. Jednak trzeba po\u015bwi\u0119ci\u0107 kilka chwil, aby dobrze zrozumie\u0107, jaki element oznakowania miejsca prowadzenia dzia\u0142alno\u015bci\u00a0 b\u0119dzie szyldem w rozumieniu ustawy, a jaki nie. Zgodnie z definicj\u0105 przedstawion\u0105 w ustawie: jako\u00a0<strong>szyld nale\u017cy rozumie\u0107 tablic\u0119 reklamow\u0105 lub urz\u0105dzenie reklamowe informuj\u0105ce o dzia\u0142alno\u015bci prowadzonej na nieruchomo\u015bci, na kt\u00f3rej ta tablica lub urz\u0105dzenie reklamowe si\u0119 znajduj\u0105.\u00a0<\/strong><strong>Tablica reklamowa jest przedmiotem materialnym przeznaczonym lub s\u0142u\u017c\u0105cym ekspozycji reklamy wraz z jego elementami konstrukcyjnymi i zamocowaniami, o p\u0142askiej powierzchni s\u0142u\u017c\u0105cej ekspozycji reklamy (\u2026).\u00a0<\/strong>Pozosta\u0142e no\u015bniki reklamowe nazywane s\u0105<strong> urz\u0105dzeniami reklamowymi.<\/strong><\/p>\n<p>W uchwa\u0142ach krajobrazowych innym regulacjom zazwyczaj podlegaj\u0105 szyldy a innym pozosta\u0142e reklamy \u2013 urz\u0105dzenia reklamowe. Tak wi\u0119c tablica kierunkowa np. przy sklepie raz b\u0119dzie szyldem, a \u00a0raz nie \u2013 wszystko b\u0119dzie uzale\u017cnione od tego, na jakiej dzia\u0142ce b\u0119dzie ustawiona. Tablica informuj\u0105ca o ofercie umieszczona na restauracji nie b\u0119dzie szyldem - tylko reklam\u0105.<br \/>\nMog\u0105 pojawi\u0107 si\u0119 r\u00f3wnie\u017c przypadki bardziej skomplikowane, np. centrum\u00a0 handlowe jest po\u0142o\u017cone na kilku dzia\u0142kach, kt\u00f3re nie s\u0105 wpisane do jednej ksi\u0119gi wieczystej. \u00a0Firma \u00a0prowadzi dzia\u0142alno\u015b\u0107 \u00a0w budynku galerii, a przed wej\u015bciem do galerii (ale na innej dzia\u0142ce) znajduje si\u0119 totem z logotypem tej firmy.<br \/>\nW tej sytuacji logotyp nie b\u0119dzie szyldem.<\/p>\n<p>Kolejnym problemem jest okre\u015blenie wymiaru szyldu.<br \/>\nJak np. okre\u015bli\u0107 powierzchni\u0119 szyldu na otoku stacji benzynowej: czy b\u0119dzie to powierzchnia ca\u0142ego otoku, czy te\u017c powierzchnia jedynie elementu graficznego znajduj\u0105cego si\u0119 na otoku?<\/p>\n<p>Zgodnie z zapisami ustawy, warunki sytuowania szyld\u00f3w powinny by\u0107 jednakowe dla wszystkich, czyli\u00a0 w tej samej strefie takie same zasady b\u0119d\u0105 obowi\u0105zywa\u0142y niewielki warsztat samochodowy, jak i galeri\u0119 handlow\u0105. Dla tego pierwszego dwa szyldy o \u0142\u0105cznej powierzchni 2 m<sup>2<\/sup> b\u0119d\u0105 rozwi\u0105zaniem wystarczaj\u0105cym, natomiast dla centrum handlowego ju\u017c raczej nie.<\/p>\n<p>W ka\u017cdej z uchwa\u0142 musz\u0105 by\u0107 okre\u015blone warunki \u00a0i termin dostosowania istniej\u0105cych szyld\u00f3w w dniu wej\u015bcia w \u017cycie uchwa\u0142y. Warunkom tym b\u0119d\u0105 podlega\u0142y wszystkie szyldy, niezale\u017cnie od tego czy w\u0142a\u015bciciel tablicy otrzyma\u0142 pozwolenie na budow\u0119 czy nie. Mo\u017ce zatem doj\u015b\u0107 do sytuacji, w kt\u00f3rej urz\u0105d wyda\u0142 pozwolenie na budow\u0119 obiektu z okre\u015blon\u0105 identyfikacj\u0105 wizualn\u0105 a nast\u0119pnie, na podstawie uchwa\u0142y, naka\u017ce demonta\u017c ca\u0142ego istniej\u0105cego oznakowania i wykonanie mniejszego w okre\u015blonym uchwa\u0142\u0105 okresie. Okres dostosowania istniej\u0105cych szyld\u00f3w do warunk\u00f3w okre\u015blonych w ustawie nie mo\u017ce by\u0107 mniejszy ni\u017c 12 miesi\u0119cy. Dotychczasowa praktyka pokazuje, \u017ce s\u0105 to okresy od 1 roku do 5 lat.<\/p>\n<p>Generalnie warunki dostosowania rodz\u0105 wiele pyta\u0144.<br \/>\nJak np. ustali\u0107, kto do kogo ma si\u0119 dostosowa\u0107 \u00a0w sytuacji gdy uchwa\u0142a nakazuje, aby wszystkie szyldy na elewacji by\u0142y ustawione w jednej linii i mia\u0142y tak\u0105 sam\u0105 wielko\u015b\u0107?<\/p>\n<p>Opr\u00f3cz uchwa\u0142y reklamowej miasto mo\u017ce podj\u0105\u0107 tak\u017ce uchwa\u0142\u0119 o op\u0142acie za reklam\u0119. Maksymalna stawka za reklam\u0119 o powierzchni 1m<sup>2<\/sup> wynosi 81,00 z\u0142 miesi\u0119cznie. Szyldy s\u0105 zwolnione z op\u0142aty, ale tylko te, kt\u00f3re spe\u0142niaj\u0105 warunki okre\u015blone w uchwale.<br \/>\nNa wszystkie inne urz\u0105d gminy musi na\u0142o\u017cy\u0107 kar\u0119 pieni\u0119\u017cn\u0105 w wysoko\u015bci \u00a040-to krotno\u015bci op\u0142aty reklamowej. W przypadku, gdy gmina nie ustali\u0142a wysoko\u015bci op\u0142aty, b\u0119dzie to 40-to krotno\u015b\u0107 maksymalnej stawki okre\u015blonej w ustawie, czyli za szyld \u00a0o powierzchni 1m<sup>2<\/sup> kara wyniesie prawie 3 240,00 z\u0142 miesi\u0119cznie. Op\u0142ata reklamowa wi\u0105\u017ce si\u0119 r\u00f3wnie\u017c z konieczno\u015bci\u0105 sk\u0142adania deklaracji do urz\u0119du gminy.<\/p>\n<p>Uchwa\u0142y krajobrazowe obowi\u0105zuj\u0105 \u00a0ju\u017c w ponad 20 gminach. Najwi\u0119kszymi miastami, kt\u00f3re je\u00a0 wprowadzi\u0142y s\u0105: \u0141\u00f3d\u017a, Gda\u0144sk, Opole \u00a0i Ciechan\u00f3w. Zapisy dotycz\u0105ce szyld\u00f3w w poszczeg\u00f3lnych miastach s\u0105 czasami bardzo skomplikowane i zawieraj\u0105 wiele wyj\u0105tk\u00f3w<br \/>\ni odwo\u0142a\u0144. Trudno jest opisa\u0107 je w kilku zdaniach, dlatego zainteresowanych odsy\u0142am do poszczeg\u00f3lnych tekst\u00f3w uchwa\u0142.<\/p>\n<p>&nbsp;<\/p>\n<p>Artyku\u0142 zosta\u0142 przygotowany na potrzeby magazynu \"My Company Polska\" i opublikowany w numerze nr 9 (36) we wrze\u015bniu 2018 r.[\/vc_column_text][divider line_type=\"No Line\" custom_height=\"40\"][\/vc_column][\/vc_row]<\/p>\n","protected":false},"author":16,"featured_media":1591,"template":"","ustawa_cat":[],"class_list":["post-1736","ustawa","type-ustawa","status-publish","has-post-thumbnail","hentry"],"acf":[],"yoast_head":"<!-- This site is optimized with the Yoast SEO plugin v27.5 - https:\/\/yoast.com\/product\/yoast-seo-wordpress\/ -->\n<title>Szyldy a ustawa krajobrazowa - Jet Line<\/title>\n<meta name=\"description\" content=\"W 2015 roku Sejm przyj\u0105\u0142 ustaw\u0119 krajobrazow\u0105 upowa\u017cniaj\u0105c\u0105 gminy do tworzenia uchwa\u0142, kt\u00f3re, b\u0119d\u0105c prawem miejscowym, mog\u0105 regulowa\u0107 kwesti\u0119 umieszczania szyld\u00f3w w przestrzeni publicznej.\" \/>\n<meta name=\"robots\" content=\"index, follow, max-snippet:-1, max-image-preview:large, max-video-preview:-1\" \/>\n<link rel=\"canonical\" href=\"https:\/\/jetline.pl\/en\/ustawa-krajobrazowa\/szyldy-a-ustawa-krajobrazowa\/\" \/>\n<meta property=\"og:locale\" content=\"en_US\" \/>\n<meta property=\"og:type\" content=\"article\" \/>\n<meta property=\"og:title\" content=\"Szyldy a ustawa krajobrazowa - Jet Line\" \/>\n<meta property=\"og:description\" content=\"W 2015 roku Sejm przyj\u0105\u0142 ustaw\u0119 krajobrazow\u0105 upowa\u017cniaj\u0105c\u0105 gminy do tworzenia uchwa\u0142, kt\u00f3re, b\u0119d\u0105c prawem miejscowym, mog\u0105 regulowa\u0107 kwesti\u0119 umieszczania szyld\u00f3w w przestrzeni publicznej.\" \/>\n<meta property=\"og:url\" content=\"https:\/\/jetline.pl\/en\/ustawa-krajobrazowa\/szyldy-a-ustawa-krajobrazowa\/\" \/>\n<meta property=\"og:site_name\" content=\"Jet Line\" \/>\n<meta property=\"og:image\" content=\"https:\/\/jetline.pl\/wp-content\/uploads\/2024\/06\/1200x630.jpg\" \/>\n\t<meta property=\"og:image:width\" content=\"1200\" \/>\n\t<meta property=\"og:image:height\" content=\"630\" \/>\n\t<meta property=\"og:image:type\" content=\"image\/jpeg\" \/>\n<meta name=\"twitter:card\" content=\"summary_large_image\" \/>\n<meta name=\"twitter:label1\" content=\"Est. reading time\" \/>\n\t<meta name=\"twitter:data1\" content=\"5 minutes\" \/>\n<script type=\"application\/ld+json\" class=\"yoast-schema-graph\">{\"@context\":\"https:\\\/\\\/schema.org\",\"@graph\":[{\"@type\":\"WebPage\",\"@id\":\"https:\\\/\\\/jetline.pl\\\/en\\\/ustawa-krajobrazowa\\\/szyldy-a-ustawa-krajobrazowa\\\/\",\"url\":\"https:\\\/\\\/jetline.pl\\\/en\\\/ustawa-krajobrazowa\\\/szyldy-a-ustawa-krajobrazowa\\\/\",\"name\":\"Szyldy a ustawa krajobrazowa - Jet Line\",\"isPartOf\":{\"@id\":\"https:\\\/\\\/jetline.pl\\\/en\\\/#website\"},\"primaryImageOfPage\":{\"@id\":\"https:\\\/\\\/jetline.pl\\\/en\\\/ustawa-krajobrazowa\\\/szyldy-a-ustawa-krajobrazowa\\\/#primaryimage\"},\"image\":{\"@id\":\"https:\\\/\\\/jetline.pl\\\/en\\\/ustawa-krajobrazowa\\\/szyldy-a-ustawa-krajobrazowa\\\/#primaryimage\"},\"thumbnailUrl\":\"https:\\\/\\\/jetline.pl\\\/wp-content\\\/uploads\\\/2024\\\/09\\\/Szyldy-w-swietle.-1.jpg\",\"datePublished\":\"2018-09-12T07:30:51+00:00\",\"description\":\"W 2015 roku Sejm przyj\u0105\u0142 ustaw\u0119 krajobrazow\u0105 upowa\u017cniaj\u0105c\u0105 gminy do tworzenia uchwa\u0142, kt\u00f3re, b\u0119d\u0105c prawem miejscowym, mog\u0105 regulowa\u0107 kwesti\u0119 umieszczania szyld\u00f3w w przestrzeni publicznej.\",\"breadcrumb\":{\"@id\":\"https:\\\/\\\/jetline.pl\\\/en\\\/ustawa-krajobrazowa\\\/szyldy-a-ustawa-krajobrazowa\\\/#breadcrumb\"},\"inLanguage\":\"en-US\",\"potentialAction\":[{\"@type\":\"ReadAction\",\"target\":[\"https:\\\/\\\/jetline.pl\\\/en\\\/ustawa-krajobrazowa\\\/szyldy-a-ustawa-krajobrazowa\\\/\"]}]},{\"@type\":\"ImageObject\",\"inLanguage\":\"en-US\",\"@id\":\"https:\\\/\\\/jetline.pl\\\/en\\\/ustawa-krajobrazowa\\\/szyldy-a-ustawa-krajobrazowa\\\/#primaryimage\",\"url\":\"https:\\\/\\\/jetline.pl\\\/wp-content\\\/uploads\\\/2024\\\/09\\\/Szyldy-w-swietle.-1.jpg\",\"contentUrl\":\"https:\\\/\\\/jetline.pl\\\/wp-content\\\/uploads\\\/2024\\\/09\\\/Szyldy-w-swietle.-1.jpg\",\"width\":4032,\"height\":2268},{\"@type\":\"BreadcrumbList\",\"@id\":\"https:\\\/\\\/jetline.pl\\\/en\\\/ustawa-krajobrazowa\\\/szyldy-a-ustawa-krajobrazowa\\\/#breadcrumb\",\"itemListElement\":[{\"@type\":\"ListItem\",\"position\":1,\"name\":\"Strona g\u0142\u00f3wna\",\"item\":\"https:\\\/\\\/jetline.pl\\\/en\\\/\"},{\"@type\":\"ListItem\",\"position\":2,\"name\":\"Ustawa krajobrazowa\",\"item\":\"https:\\\/\\\/jetline.pl\\\/en\\\/ustawa-krajobrazowa\\\/\"},{\"@type\":\"ListItem\",\"position\":3,\"name\":\"Szyldy a ustawa krajobrazowa\"}]},{\"@type\":\"WebSite\",\"@id\":\"https:\\\/\\\/jetline.pl\\\/en\\\/#website\",\"url\":\"https:\\\/\\\/jetline.pl\\\/en\\\/\",\"name\":\"Jet Line\",\"description\":\"Tworzymy przestrze\u0144 do komunikacji\",\"publisher\":{\"@id\":\"https:\\\/\\\/jetline.pl\\\/en\\\/#organization\"},\"potentialAction\":[{\"@type\":\"SearchAction\",\"target\":{\"@type\":\"EntryPoint\",\"urlTemplate\":\"https:\\\/\\\/jetline.pl\\\/en\\\/?s={search_term_string}\"},\"query-input\":{\"@type\":\"PropertyValueSpecification\",\"valueRequired\":true,\"valueName\":\"search_term_string\"}}],\"inLanguage\":\"en-US\"},{\"@type\":\"Organization\",\"@id\":\"https:\\\/\\\/jetline.pl\\\/en\\\/#organization\",\"name\":\"Jet Line\",\"url\":\"https:\\\/\\\/jetline.pl\\\/en\\\/\",\"logo\":{\"@type\":\"ImageObject\",\"inLanguage\":\"en-US\",\"@id\":\"https:\\\/\\\/jetline.pl\\\/en\\\/#\\\/schema\\\/logo\\\/image\\\/\",\"url\":\"https:\\\/\\\/jetline.pl\\\/wp-content\\\/uploads\\\/2024\\\/09\\\/logo_poziom_logo_poziom_czerwone-1.png\",\"contentUrl\":\"https:\\\/\\\/jetline.pl\\\/wp-content\\\/uploads\\\/2024\\\/09\\\/logo_poziom_logo_poziom_czerwone-1.png\",\"width\":4946,\"height\":2016,\"caption\":\"Jet Line\"},\"image\":{\"@id\":\"https:\\\/\\\/jetline.pl\\\/en\\\/#\\\/schema\\\/logo\\\/image\\\/\"}}]}<\/script>\n<!-- \/ Yoast SEO plugin. -->","yoast_head_json":{"title":"Szyldy a ustawa krajobrazowa - Jet Line","description":"W 2015 roku Sejm przyj\u0105\u0142 ustaw\u0119 krajobrazow\u0105 upowa\u017cniaj\u0105c\u0105 gminy do tworzenia uchwa\u0142, kt\u00f3re, b\u0119d\u0105c prawem miejscowym, mog\u0105 regulowa\u0107 kwesti\u0119 umieszczania szyld\u00f3w w przestrzeni publicznej.","robots":{"index":"index","follow":"follow","max-snippet":"max-snippet:-1","max-image-preview":"max-image-preview:large","max-video-preview":"max-video-preview:-1"},"canonical":"https:\/\/jetline.pl\/en\/ustawa-krajobrazowa\/szyldy-a-ustawa-krajobrazowa\/","og_locale":"en_US","og_type":"article","og_title":"Szyldy a ustawa krajobrazowa - Jet Line","og_description":"W 2015 roku Sejm przyj\u0105\u0142 ustaw\u0119 krajobrazow\u0105 upowa\u017cniaj\u0105c\u0105 gminy do tworzenia uchwa\u0142, kt\u00f3re, b\u0119d\u0105c prawem miejscowym, mog\u0105 regulowa\u0107 kwesti\u0119 umieszczania szyld\u00f3w w przestrzeni publicznej.","og_url":"https:\/\/jetline.pl\/en\/ustawa-krajobrazowa\/szyldy-a-ustawa-krajobrazowa\/","og_site_name":"Jet Line","og_image":[{"width":1200,"height":630,"url":"https:\/\/jetline.pl\/wp-content\/uploads\/2024\/06\/1200x630.jpg","type":"image\/jpeg"}],"twitter_card":"summary_large_image","twitter_misc":{"Est. reading time":"5 minutes"},"schema":{"@context":"https:\/\/schema.org","@graph":[{"@type":"WebPage","@id":"https:\/\/jetline.pl\/en\/ustawa-krajobrazowa\/szyldy-a-ustawa-krajobrazowa\/","url":"https:\/\/jetline.pl\/en\/ustawa-krajobrazowa\/szyldy-a-ustawa-krajobrazowa\/","name":"Szyldy a ustawa krajobrazowa - Jet Line","isPartOf":{"@id":"https:\/\/jetline.pl\/en\/#website"},"primaryImageOfPage":{"@id":"https:\/\/jetline.pl\/en\/ustawa-krajobrazowa\/szyldy-a-ustawa-krajobrazowa\/#primaryimage"},"image":{"@id":"https:\/\/jetline.pl\/en\/ustawa-krajobrazowa\/szyldy-a-ustawa-krajobrazowa\/#primaryimage"},"thumbnailUrl":"https:\/\/jetline.pl\/wp-content\/uploads\/2024\/09\/Szyldy-w-swietle.-1.jpg","datePublished":"2018-09-12T07:30:51+00:00","description":"W 2015 roku Sejm przyj\u0105\u0142 ustaw\u0119 krajobrazow\u0105 upowa\u017cniaj\u0105c\u0105 gminy do tworzenia uchwa\u0142, kt\u00f3re, b\u0119d\u0105c prawem miejscowym, mog\u0105 regulowa\u0107 kwesti\u0119 umieszczania szyld\u00f3w w przestrzeni publicznej.","breadcrumb":{"@id":"https:\/\/jetline.pl\/en\/ustawa-krajobrazowa\/szyldy-a-ustawa-krajobrazowa\/#breadcrumb"},"inLanguage":"en-US","potentialAction":[{"@type":"ReadAction","target":["https:\/\/jetline.pl\/en\/ustawa-krajobrazowa\/szyldy-a-ustawa-krajobrazowa\/"]}]},{"@type":"ImageObject","inLanguage":"en-US","@id":"https:\/\/jetline.pl\/en\/ustawa-krajobrazowa\/szyldy-a-ustawa-krajobrazowa\/#primaryimage","url":"https:\/\/jetline.pl\/wp-content\/uploads\/2024\/09\/Szyldy-w-swietle.-1.jpg","contentUrl":"https:\/\/jetline.pl\/wp-content\/uploads\/2024\/09\/Szyldy-w-swietle.-1.jpg","width":4032,"height":2268},{"@type":"BreadcrumbList","@id":"https:\/\/jetline.pl\/en\/ustawa-krajobrazowa\/szyldy-a-ustawa-krajobrazowa\/#breadcrumb","itemListElement":[{"@type":"ListItem","position":1,"name":"Strona g\u0142\u00f3wna","item":"https:\/\/jetline.pl\/en\/"},{"@type":"ListItem","position":2,"name":"Ustawa krajobrazowa","item":"https:\/\/jetline.pl\/en\/ustawa-krajobrazowa\/"},{"@type":"ListItem","position":3,"name":"Szyldy a ustawa krajobrazowa"}]},{"@type":"WebSite","@id":"https:\/\/jetline.pl\/en\/#website","url":"https:\/\/jetline.pl\/en\/","name":"Jet Line","description":"Tworzymy przestrze\u0144 do komunikacji","publisher":{"@id":"https:\/\/jetline.pl\/en\/#organization"},"potentialAction":[{"@type":"SearchAction","target":{"@type":"EntryPoint","urlTemplate":"https:\/\/jetline.pl\/en\/?s={search_term_string}"},"query-input":{"@type":"PropertyValueSpecification","valueRequired":true,"valueName":"search_term_string"}}],"inLanguage":"en-US"},{"@type":"Organization","@id":"https:\/\/jetline.pl\/en\/#organization","name":"Jet Line","url":"https:\/\/jetline.pl\/en\/","logo":{"@type":"ImageObject","inLanguage":"en-US","@id":"https:\/\/jetline.pl\/en\/#\/schema\/logo\/image\/","url":"https:\/\/jetline.pl\/wp-content\/uploads\/2024\/09\/logo_poziom_logo_poziom_czerwone-1.png","contentUrl":"https:\/\/jetline.pl\/wp-content\/uploads\/2024\/09\/logo_poziom_logo_poziom_czerwone-1.png","width":4946,"height":2016,"caption":"Jet Line"},"image":{"@id":"https:\/\/jetline.pl\/en\/#\/schema\/logo\/image\/"}}]}},"_links":{"self":[{"href":"https:\/\/jetline.pl\/en\/wp-json\/wp\/v2\/ustawa\/1736","targetHints":{"allow":["GET"]}}],"collection":[{"href":"https:\/\/jetline.pl\/en\/wp-json\/wp\/v2\/ustawa"}],"about":[{"href":"https:\/\/jetline.pl\/en\/wp-json\/wp\/v2\/types\/ustawa"}],"author":[{"embeddable":true,"href":"https:\/\/jetline.pl\/en\/wp-json\/wp\/v2\/users\/16"}],"wp:featuredmedia":[{"embeddable":true,"href":"https:\/\/jetline.pl\/en\/wp-json\/wp\/v2\/media\/1591"}],"wp:attachment":[{"href":"https:\/\/jetline.pl\/en\/wp-json\/wp\/v2\/media?parent=1736"}],"wp:term":[{"taxonomy":"ustawa_cat","embeddable":true,"href":"https:\/\/jetline.pl\/en\/wp-json\/wp\/v2\/ustawa_cat?post=1736"}],"curies":[{"name":"wp","href":"https:\/\/api.w.org\/{rel}","templated":true}]}}