{"id":1737,"date":"2018-10-10T07:36:33","date_gmt":"2018-10-10T05:36:33","guid":{"rendered":"https:\/\/jetline.presb.pl\/ustawa-krajobrazowa\/uchwaly-krajobrazowe-miasta-g8-przed-wyborami-2018\/"},"modified":"2018-10-10T07:36:33","modified_gmt":"2018-10-10T05:36:33","slug":"uchwaly-krajobrazowe-miasta-g8-przed-wyborami-2018","status":"publish","type":"ustawa","link":"https:\/\/jetline.pl\/en\/ustawa-krajobrazowa\/uchwaly-krajobrazowe-miasta-g8-przed-wyborami-2018\/","title":{"rendered":"Uchwa\u0142y krajobrazowe w miastach G8. Stan przed wyborami 2018."},"content":{"rendered":"<p>[vc_row type=\"in_container\" full_screen_row_position=\"middle\" scene_position=\"center\" text_color=\"dark\" text_align=\"left\" overlay_strength=\"0.3\" shape_divider_position=\"bottom\"][vc_column column_padding=\"no-extra-padding\" column_padding_position=\"all\" background_color_opacity=\"1\" background_hover_color_opacity=\"1\" column_shadow=\"none\" column_border_radius=\"none\" width=\"1\/1\" tablet_text_alignment=\"default\" phone_text_alignment=\"default\" column_border_width=\"none\" column_border_style=\"solid\"][image_with_animation image_url=\"11039\" alignment=\"\" animation=\"Fade In\" border_radius=\"none\" box_shadow=\"none\" max_width=\"100%\"][divider line_type=\"No Line\" custom_height=\"40\"][vc_column_text]Rozpoczynaj\u0105c pisanie tego tekstu 11 dni przed wyborami my\u015bla\u0142em, \u017ce przedstawiony stan prac nad uchwa\u0142ami krajobrazowymi<br \/>\nw miastach G8 b\u0119dzie zamyka\u0142 dzia\u0142ania tej kadencji samorz\u0105dowej. Jednak informacje jakie uzyska\u0142em, nie musz\u0105 potwierdza\u0107 tej tezy. Przedstawi\u0119, jak wed\u0142ug stanu z 10 pa\u017adziernika 2018 r. wygl\u0105daj\u0105 uchwa\u0142y lub prace nad nimi w \u0141odzi, Gda\u0144sku, Szczecinie, Krakowie, Warszawie, Poznaniu, Wroc\u0142awiu i Katowicach,<\/p>\n<p><strong>\u0141\u00f3d\u017a<br \/>\n<\/strong>16 listopada 2016 r. \u0141\u00f3d\u017a uchwali\u0142a jedn\u0105 z pierwszych w kraju uchwa\u0142 krajobrazowych. Podstawowe zapisy uchwa\u0142y to:<\/p>\n<ul>\n<li>strefy \u2013 3;<\/li>\n<li>maksymalny format reklamy wolnostoj\u0105cej \u2013 18m<sup>2<\/sup>;<\/li>\n<li>reklama na elewacji podczas remont\u00f3w \u2013 30% powierzchni, pozosta\u0142\u0105 cz\u0119\u015b\u0107 musi stanowi\u0107 odtworzenie elewacji, reklama mo\u017ce by\u0107 eksponowana maksymalnie przez 8 miesi\u0119cy;<\/li>\n<li>reklama na elewacji \u2013 tylko w II strefie na \u015bcianach szczytowych, nie wi\u0119cej ni\u017c na 25% elewacji;<br \/>\nszyldy \u2013 liczba i wielko\u015b\u0107 szyld\u00f3w s\u0105 bardzo ograniczone i zmieniaj\u0105 si\u0119\u00a0 w zale\u017cno\u015bci od strefy, przeznaczenia obiektu, jego wysoko\u015bci, preferowana form\u0105 szyld\u00f3w s\u0105 litery przestrzenne;<\/li>\n<li>zakazy \u2013 umieszczanie reklam na banerach, reklam wolnostoj\u0105cych bez sta\u0142ego zamocowania w gruncie, oraz reklamy mobilnej;\u00a0reklama cyfrowa \u2013 mocno ograniczona;<\/li>\n<li>murale \u2013 zakazane;<\/li>\n<li>okresy dostosowania \u2013 od 3 do 5 lat w zale\u017cno\u015bci od strefy;<\/li>\n<li>warunki dostosowania \u2013 nieokre\u015blone;<\/li>\n<li>prawa nabyte \u2013 nieuwzgl\u0119dnione;<br \/>\naktualizacja uchwa\u0142y \u2013 1.<\/li>\n<\/ul>\n<p>Poniewa\u017c uchwa\u0142a wprowadza\u0142a nier\u00f3wne traktowanie podmiot\u00f3w, przekracza\u0142a upowa\u017cnienie ustawowe w wielu kwestiach<br \/>\ni zawiera\u0142a wiele innych b\u0142\u0119d\u00f3w - 11 sierpnia 2017 r. Wojew\u00f3dzki S\u0105d Administracyjny (WSA) w \u0141odzi stwierdzi\u0142 niewa\u017cno\u015b\u0107 uchwa\u0142y w ca\u0142o\u015bci. W\u015br\u00f3d wielu zarzut\u00f3w za najistotniejszy merytorycznie nale\u017cy wskaza\u0107 ten, \u017ce uchwa\u0142a krajobrazowa \u0141odzi<br \/>\nnie wskazuje warunk\u00f3w dostosowania istniej\u0105cych tablic i urz\u0105dze\u0144 reklamowych do zapis\u00f3w uchwa\u0142y oraz \u017ce sprawy zwi\u0105zane<br \/>\nz odleg\u0142o\u015bciami reklam od drogi s\u0105 okre\u015blone w ustawie o drogach publicznych.<\/p>\n<p>W po\u0142owie pa\u017adziernika \u0141\u00f3d\u017a z\u0142o\u017cy\u0142a skarg\u0105 kasacyjn\u0105 do Naczelnego S\u0105du Administracyjnego (NSA). Termin rozprawy w NSA, mimo prawie rocznego oczekiwania, nie zosta\u0142 jeszcze okre\u015blony. Wyrok, kt\u00f3ry zapadnie, b\u0119dzie rzutowa\u0142 na dzia\u0142ania w pozosta\u0142ych miastach. Poniewa\u017c urz\u0105d miasta nie chcia\u0142 nara\u017ca\u0107 si\u0119 na konieczno\u015b\u0107 wyp\u0142aty odszkodowa\u0144 w przypadku og\u0142oszenia niekorzystnego dla siebie wyroku, Rada przeg\u0142osowa\u0142a zmian\u0119 uchwa\u0142y krajobrazowej zmieniaj\u0105c termin dostosowania na trzy lata w strefie, w kt\u00f3rej pierwotnie by\u0142 on okre\u015blony na rok. W lutym br. \u0141\u00f3d\u017a og\u0142osi\u0142a, \u017ce przyst\u0119puje do prac nad nowym kodeksem reklamowym. Prace maj\u0105 by\u0107 poprzedzone konsultacjami spo\u0142ecznymi. Obecnie obowi\u0105zuj\u0105ca uchwa\u0142a ma zosta\u0107 uchylona, a na jej miejsce zostanie ustanowione nowe prawo dotycz\u0105ce reklam.<\/p>\n<p>Urz\u0105d miasta udost\u0119pni\u0142 stron\u0119, na kt\u00f3rej w przejrzysty spos\u00f3b mo\u017cna zapozna\u0107 si\u0119 z uchwa\u0142\u0105 krajobrazow\u0105:<br \/>\n<a href=\"https:\/\/uml.lodz.pl\/dla-biznesu\/kodeks-reklamowy\/\">https:\/\/uml.lodz.pl\/dla-biznesu\/kodeks-reklamowy\/<\/a><\/p>\n<p>Tekst uchwa\u0142y znajduje si\u0119 pod adresem:<br \/>\n<a href=\"https:\/\/bip.uml.lodz.pl\/files\/bip\/public\/user_upload\/uchwalal_-30112017104058.pdf\">https:\/\/bip.uml.lodz.pl\/files\/bip\/public\/user_upload\/uchwalal_-30112017104058.pdf<\/a><\/p>\n<p><strong>Gda\u0144sk<br \/>\n<\/strong>Uchwali\u0142 sw\u00f3j kodeks reklamowy na sesji Rady Miasta 22 lutego 2018 r. \u00a0Podstawowe zapisy uchwa\u0142y:<\/p>\n<ul>\n<li>strefy \u2013 8;<\/li>\n<li>maksymalny format reklamy wolnostoj\u0105cej \u2013 18m<sup>2<\/sup>;<\/li>\n<li>reklama na elewacji podczas remont\u00f3w \u2013 jest dopuszczona tylko w niekt\u00f3rych strefach, mo\u017ce stanowi\u0107 od 30% do 100% powierzchni w zale\u017cno\u015bci od rodzaju budynku, reklama mo\u017ce by\u0107 eksponowana maksymalnie przez 12 miesi\u0119cy, raz na 5 lat;<\/li>\n<li>reklama na elewacji poza szyldami jest praktycznie zakazana;<br \/>\nszyldy \u2013 liczba i wielko\u015b\u0107 szyld\u00f3w s\u0105 bardzo ograniczone i zmieniaj\u0105 si\u0119\u00a0 w zale\u017cno\u015bci od strefy, przeznaczenia obiektu, jego wysoko\u015bci; preferowan\u0105 form\u0105 szyld\u00f3w s\u0105 litery przestrzenne;<\/li>\n<li>zakazy \u2013 umieszczanie reklam na banerach i siatkach reklamowych poza remontami;<\/li>\n<li>reklama cyfrowa \u2013 mocno ograniczona poza nale\u017c\u0105cymi do miasta \u201eterenami o funkcji widowiskowo- sportowej, kt\u00f3rej charakter wymaga niekonwencjonalnych form promocji\u201d;<\/li>\n<li>murale \u2013 dopuszczone w niekt\u00f3rych strefach;<\/li>\n<li>okresy dostosowania \u2013 2 lata;<\/li>\n<li>warunki dostosowania \u2013 cz\u0119\u015bciowo okre\u015blone;<\/li>\n<li>prawa nabyte \u2013 nieuwzgl\u0119dnione.<\/li>\n<\/ul>\n<p>30 marca Wojewoda Pomorski wyda\u0142 rozstrzygni\u0119cie nadzorcze uchylaj\u0105c zapisy dotycz\u0105ce reklamy wyborczej, odleg\u0142o\u015bci reklam<br \/>\nod niekt\u00f3rych element\u00f3w infrastruktury oraz okre\u015blania sposobu utrzymania tablic i urz\u0105dze\u0144 reklamowych jako regulacji, kt\u00f3re przekraczaj\u0105 upowa\u017cnienie ustawowe. Miasto odwo\u0142a\u0142o si\u0119 od decyzji wojewody do Wojew\u00f3dzkiego S\u0105du Administracyjnego, powo\u0142uj\u0105c si\u0119 b\u0142\u0119dy w uzasadnieniu decyzji.<\/p>\n<p>14 sierpnia br. WSA w Gda\u0144sku uchyli\u0142 w ca\u0142o\u015bci rozstrzygni\u0119cie nadzorcze Wojewody Pomorskiego nie odnosz\u0105c si\u0119 do b\u0142\u0119d\u00f3w<br \/>\ni stwierdzaj\u0105c, \u017ce wskazane w rozstrzygni\u0119ciu wojewody naruszenia prawa nie istniej\u0105.<br \/>\nCo zrobi wojewoda?<br \/>\nMo\u017cliwe s\u0105 dwa scenariusze: je\u017celi wojewoda nie z\u0142o\u017cy skargi kasacyjnej do NSA, s\u0105d nie b\u0119dzie ju\u017c prawdopodobnie rozpatrywa\u0142 poruszanych skarg w zakresie prawa materialnego; je\u017celi za\u015b wojewoda z\u0142o\u017cy skarg\u0119, b\u0119dziemy czeka\u0107 prawdopodobnie oko\u0142o 2 lat na rozstrzygniecie s\u0105du.<br \/>\nUchwa\u0142a zawiera du\u017co wi\u0119cej b\u0142\u0119d\u00f3w, kt\u00f3re nie by\u0142y wymienione w rozstrzygni\u0119ciu nadzorczym, np.: nieokre\u015blenie uchwa\u0142y dla terenu ca\u0142ego miasta, okre\u015blenie jedynie w niewielkim zakresie warunk\u00f3w dostosowania, b\u0142\u0119dy w definicjach, okre\u015blanie materia\u0142\u00f3w, z kt\u00f3rych mog\u0105 by\u0107 wykonane szyldy, bezpodstawne r\u00f3\u017cnicowanie obiekt\u00f3w znajduj\u0105cych si\u0119 w tej samej strefie itp.<\/p>\n<p>Gda\u0144sk nie posiada strony po\u015bwi\u0119conej uchwale krajobrazowej. Jest to niezrozumia\u0142e, gdy\u017c uchwa\u0142a jest zapisana w spos\u00f3b tak obszerny (53 strony) i przy tym skomplikowany, \u017ce zrozumienie jej przez przedsi\u0119biorc\u0119 b\u0119dzie wymaga\u0142o w wi\u0119kszo\u015bci przypadk\u00f3w konsultacji prawnych.<br \/>\nZ uchwa\u0142\u0105 mo\u017cna zapozna\u0107 si\u0119 na stronach BIP:<br \/>\n<a href=\"https:\/\/bip.gdansk.pl\/subpages\/akty_prawne\/pliki\/2018\/URM_2018_7_1465.PDF\">https:\/\/bip.gdansk.pl\/subpages\/akty_prawne\/pliki\/2018\/URM_2018_7_1465.PDF<\/a><\/p>\n<p><strong>\u0141\u00f3d\u017a i Gda\u0144sk s\u0105 miastami, gdzie obowi\u0105zuje uchwa\u0142a krajobrazowa, tzn. wszystkie nowe inwestycje musz\u0105 by\u0107 zgodne z zapisami zawartymi w tych aktach prawnych. <\/strong><strong>Okres dostosowania dotyczy jedynie tych lokalizacji, kt\u00f3re istnia\u0142y w momencie wej\u015bcia uchwa\u0142y w \u017cycie. <\/strong><\/p>\n<p><strong><br \/>\nSzczecin<br \/>\n<\/strong>Przed przyst\u0105pieniem do prac nad uchwa\u0142\u0105 w Szczecinie przeprowadzono szczeg\u00f3\u0142ow\u0105 inwentaryzacj\u0119, mi\u0119dzy innymi ustalaj\u0105c,<br \/>\n\u017ce jedynie 19% reklam w mie\u015bcie zosta\u0142o ustawionych legalnie. Jako jedyne miasto w Polsce Szczecin skonstruowa\u0142 sw\u00f3j kodeks na bazie istniej\u0105cych plan\u00f3w miejscowych (pozosta\u0142e miasta wprowadzaj\u0105c uchwa\u0142y reklamowe zmieni\u0105 miejscowe plany zagospodarowania przestrzennego).<\/p>\n<p>Taka konstrukcja powoduje podzia\u0142 miasta na tyle stref, ile plan\u00f3w miejscowych zosta\u0142o uchwalonych plus 1 \u2013 dla strefy, w kt\u00f3rej brak planu miejscowego.<br \/>\nZ jednej strony jest to najbardziej skomplikowany i najobszerniejszy projekt uchwa\u0142y (gdyby wydrukowa\u0107 ca\u0142o\u015b\u0107 otrzymaliby\u015bmy ponad 1000 stron). Jednak je\u017celi wybierzemy konkretn\u0105 lokalizacj\u0119, uchwa\u0142a dla tego miejsca b\u0119dzie bardzo czytelna i zmie\u015bci si\u0119 na 5 stronach.<\/p>\n<p>Podstawowe zapisy projektu uchwa\u0142y w miejscach, gdzie nie zosta\u0142y uchwalone plany miejscowe:<\/p>\n<ul>\n<li>maksymalny format reklamy wolnostoj\u0105cej \u2013 48m<sup>2<\/sup>;<\/li>\n<li>reklama na elewacji podczas remont\u00f3w \u2013 jest dopuszczone na ca\u0142ej powierzchni rusztowania przez okres 3 miesi\u0119cy, raz na 5 lat;<\/li>\n<li>reklama na elewacji \u2013 do 10% powierzchni elewacji (z zastrze\u017ceniami)<br \/>\nszyldy \u2013 na jedn\u0105 dzia\u0142alno\u015b\u0107 gospodarcz\u0105 przys\u0142uguje 1 szyld o powierzchni 0,3 m<sup>2;<\/sup><\/li>\n<li>zakazy \u2013 umieszczanie reklam na ogrodzeniach, terenach zielonych, urz\u0105dzeniach bezpiecze\u0144stwa ruchu drogowego, obszarach wodnych, reklam na przystankach wi\u0119kszych ni\u017c 30% powierzchni wiaty;<\/li>\n<li>reklama cyfrowa \u2013 dopuszczone z wyj\u0105tkiem reklam o niskiej rozdzielczo\u015bci;<\/li>\n<li>murale \u2013 traktowane jak reklama na elewacji;<\/li>\n<li>okresy dostosowania \u2013 2 lata;<\/li>\n<li>warunki dostosowania \u2013 cz\u0119\u015bciowo okre\u015blone;<\/li>\n<li>prawa nabyte \u2013uwzgl\u0119dnione.<\/li>\n<\/ul>\n<p>Termin wy\u0142o\u017cenia i zg\u0142aszania uwag do projektu min\u0105\u0142 w marcu 2017 r. Zesp\u00f3\u0142 projektowy zako\u0144czy\u0142 prace i przekaza\u0142 gotowy dokument do Rady Miasta, kt\u00f3ra nie podj\u0119\u0142a do ko\u0144ca kadencji decyzji o g\u0142osowaniu nad projektem uchwa\u0142y.<br \/>\nZ projektem mo\u017cna zapozna\u0107 si\u0119 pod adresem:<br \/>\n<a href=\"http:\/\/krajobraz.szczecin.pl\/chapter_139000.asp\">http:\/\/krajobraz.szczecin.pl\/chapter_139000.asp<\/a><\/p>\n<p><strong>Krak\u00f3w<br \/>\n<\/strong>Trzykrotnie prezentowa\u0142 sw\u00f3j kodeks reklamowy - pierwszy raz wiosn\u0105 2016 r., drugi raz w sierpniu 2017 r., ostatni raz wy\u0142o\u017cenie odby\u0142o si\u0119 w kwietniu 2018 r. Podstawowe zapisy ostatnio prezentowanego projektu uchwa\u0142y:<\/p>\n<ul>\n<li>strefy \u2013 5; dodatkowo uchwa\u0142a okre\u015bla inne warunki dla ci\u0105g\u00f3w komunikacyjnych i teren\u00f3w sklep\u00f3w wielkopowierzchniowych<br \/>\ni stacji benzynowych;<\/li>\n<li>maksymalny format reklamy wolnostoj\u0105cej \u2013 18m<sup>2<\/sup>;<\/li>\n<li>reklama na elewacji podczas remont\u00f3w \u2013 jest dopuszczone tylko w niekt\u00f3rych strefach , mo\u017ce stanowi\u0107 50% powierzchni dekoracji, reklama mo\u017ce by\u0107 eksponowana maksymalnie przez 12 miesi\u0119cy raz na 7 lat;<\/li>\n<li>reklama na elewacji \u2013 maksymalnie 25%powierzchni elewacji frontowej parteru;<br \/>\nszyldy \u2013 liczba i wielko\u015b\u0107 szyld\u00f3w s\u0105 bardzo ograniczone i zmieniaj\u0105 si\u0119\u00a0 w zale\u017cno\u015bci od strefy, wysoko\u015bci i przeznaczenia obiektu, miejsca umieszczenia, preferowana form\u0105 szyld\u00f3w s\u0105 litery przestrzenne;<\/li>\n<li>zakazy \u2013 umieszczanie reklam na ogrodzeniach;<\/li>\n<li>reklama cyfrowa \u2013 praktycznie zakazana, za wyj\u0105tkiem ekranu o powierzchni ponad 5 tys. m2 zamontowanego na Tauron Arena w Krakowie, podczas imprez plenerowych i niekt\u00f3rych ma\u0142ych form;<\/li>\n<li>murale \u2013 zakaz;<\/li>\n<li>okresy dostosowania \u2013 2 lata;<\/li>\n<li>warunki dostosowania \u2013 cz\u0119\u015bciowo okre\u015blone;<\/li>\n<li>prawa nabyte \u2013 nieuwzgl\u0119dnione.<\/li>\n<\/ul>\n<p>Po wy\u0142o\u017ceniu projektu do Biura Planowania Przestrzennego wp\u0142yn\u0119\u0142o kilkaset uwag, z kt\u00f3rych niekt\u00f3re zosta\u0142y uwzgl\u0119dnione<br \/>\nw cz\u0119\u015bci lub ca\u0142o\u015bci. Dokument opisuj\u0105cy spos\u00f3b rozpatrzenia tych uwag liczy 175 stron.<br \/>\nAutorzy projektu przewidywali, \u017ce uchwa\u0142a b\u0119dzie prezentem dla nast\u0119pnej kadencji samorz\u0105du \u2013 termin wej\u015bcia w \u017cycie uchwa\u0142y zosta\u0142 okre\u015blony na 1 stycznia 2019 roku. Projekt pojawia\u0142 si\u0119 w porz\u0105dku obrad sesji Rady Miasta dwukrotnie: w czerwcu i wrze\u015bniu br., jednak za ka\u017cdym razem by\u0142 z niej wycofywany. Projekt zosta\u0142 negatywnie zaopiniowany przez Komisj\u0119 Planowania Przestrzennego i Ochrony \u015arodowiska.<\/p>\n<p>Obecnie Krak\u00f3w nie prezentuje w przyst\u0119pny spos\u00f3b zapis\u00f3w uchwa\u0142y.<br \/>\nWszystkie dokumenty znajduj\u0105 si\u0119 na stronie BIP:<br \/>\n<a href=\"https:\/\/www.bip.krakow.pl\/?dok_id=71173&amp;metka=1&amp;vReg=1\">https:\/\/www.bip.krakow.pl\/?dok_id=71173&amp;metka=1&amp;vReg=1<\/a><\/p>\n<p><strong>Warszawa<br \/>\n<\/strong>Wielokrotnie przek\u0142adano termin prezentacji projektu uchwa\u0142y krajobrazowej. Opublikowanie projektu nast\u0105pi\u0142o na pocz\u0105tku czerwca 2017 r. Za\u0142o\u017cenie, kt\u00f3re przy\u015bwieca\u0142o tw\u00f3rcom uchwa\u0142y to\u00a0generalnie wprowadzenie zakazu umieszczania no\u015bnik\u00f3w reklamowych w mie\u015bcie, dopuszczone s\u0105 pewne wyj\u0105tki i dotycz\u0105 no\u015bnik\u00f3w, kt\u00f3re znajduj\u0105 si\u0119 w wi\u0119kszo\u015bci przypadk\u00f3w<br \/>\nna terenach miejskich: citylight\u00f3w na\u00a0wiatach przystankowych oraz s\u0142up\u00f3w reklamowych. Podstawowe zapisy ostatnio prezentowanego projektu uchwa\u0142y:<\/p>\n<ul>\n<li>strefy \u2013 3, dodatkowo uchwa\u0142a wyodr\u0119bnia ci\u0105gi komunikacyjne;<\/li>\n<li>maksymalny format reklamy wolnostoj\u0105cej \u2013 18m<sup>2<\/sup>;<\/li>\n<li>reklama na elewacji podczas remont\u00f3w \u2013 mo\u017ce by\u0107 eksponowana maksymalnie przez 6 miesi\u0119cy, raz na 5 lat;<\/li>\n<li>reklama na elewacji \u2013 tylko na elewacjach bez okien (z zastrze\u017ceniami);<br \/>\nszyldy \u2013 liczba i wielko\u015b\u0107 szyld\u00f3w s\u0105 ograniczone, preferowan\u0105 form\u0105 szyld\u00f3w s\u0105 litery przestrzenne;<\/li>\n<li>zakazy \u2013 umieszczanie reklam na oknach, dachach budynk\u00f3w, przed budynkami publicznymi, w bliskiej odleg\u0142o\u015bci od siebie,<br \/>\nna terenach ochrony konserwatorskiej i przyrodniczej i wiele innych;<\/li>\n<li>reklama cyfrowa \u2013 w du\u017cym stopniu ograniczona mo\u017cliwo\u015bciami technicznymi;<\/li>\n<li>murale \u2013 dopuszczone jako szyldy;<\/li>\n<li>okres dostosowania \u2013 2 lata;<\/li>\n<li>warunki dostosowania \u2013 nieokre\u015blone;<\/li>\n<li>prawa nabyte \u2013 nieuwzgl\u0119dnione.<\/li>\n<\/ul>\n<p>Miasto rozwa\u017ca wprowadzenie op\u0142aty reklamowej. Po prezentacji autorzy projektu otrzymali oko\u0142o tysi\u0105ca uwag. Nie wiemy, kt\u00f3re uwagi zosta\u0142y uwzgl\u0119dnione i w jakim stopniu. W zwi\u0105zku z tym nie wiemy, jak\u0105 posta\u0107 przybierze projekt. Termin wy\u0142o\u017cenia projektu by\u0142 wielokrotnie przek\u0142adany.<br \/>\n<strong>Nie jest wykluczone wy\u0142o\u017cenie projektu jeszcze w tej kadencji samorz\u0105du.<\/strong><\/p>\n<p>Materia\u0142y dotycz\u0105ce uchwa\u0142y znajduj\u0105 si\u0119 pod adresem:<br \/>\n<a href=\"http:\/\/konsultacje.um.warszawa.pl\/sites\/konsultacje.um.warszawa.pl\/files\/zw_uk_broszura_internet.pdf\">http:\/\/konsultacje.um.warszawa.pl\/sites\/konsultacje.um.warszawa.pl\/files\/zw_uk_broszura_internet.pdf<\/a><\/p>\n<p>Tre\u015b\u0107 uchwa\u0142y znajduje si\u0119 pod adresem:<br \/>\n<a href=\"http:\/\/konsultacje.um.warszawa.pl\/sites\/konsultacje.um.warszawa.pl\/files\/warszawska_uchwala_krajobrazowa_-_projekt.pdf\">http:\/\/konsultacje.um.warszawa.pl\/sites\/konsultacje.um.warszawa.pl\/files\/warszawska_uchwala_krajobrazowa_-_projekt.pdf<\/a><\/p>\n<p><strong>Pozna\u0144<br \/>\n<\/strong>Uchwa\u0142\u0119 intencyjn\u0105 podpisano najp\u00f3\u017aniej ze wszystkich miast G8: w marcu 2017 r., jednak prace nad projektem trwa\u0142y przynajmniej od pocz\u0105tku 2017 r. Pe\u0142na wersja projektu nie zosta\u0142a przedstawiona, w listopadzie 2017 r. zosta\u0142y przedstawione propozycje niekt\u00f3rych zapis\u00f3w do projektu uchwa\u0142. Przedstawiaj\u0105 si\u0119 one nast\u0119puj\u0105co:<\/p>\n<ul>\n<li>strefy \u2013 4;<\/li>\n<li>maksymalny format reklamy wolnostoj\u0105cej \u2013 18m<sup>2<\/sup>;<\/li>\n<li>reklama na elewacji podczas remont\u00f3w \u2013 mo\u017ce by\u0107 eksponowana maksymalnie przez\u00a0 ponownie mo\u017cna j\u0105 umie\u015bci\u0107<br \/>\npo up\u0142ywie 5 lat;<\/li>\n<li>reklama na elewacji \u2013 tylko niewielkie formy<br \/>\nszyldy \u2013 maksymalnie 2 szt, wielko\u015b\u0107 zale\u017cy od typu no\u015bnika i strefy;<\/li>\n<li>reklama cyfrowa \u2013 dopuszczona jedynie na CLP;<\/li>\n<li>murale \u2013 od 5% powierzchni elewacji w zale\u017cno\u015bci od strefy;<\/li>\n<li>okresy dostosowania \u2013 od 1 roku dla centrum do 5 lat poza centrum;<\/li>\n<li>warunki dostosowania \u2013 nie podano;<\/li>\n<li>prawa nabyte \u2013 nie podano.<\/li>\n<\/ul>\n<p>W lutym br. miasto opublikowa\u0142o uwagi zg\u0142oszone do za\u0142o\u017ce\u0144 uchwa\u0142y. Mimo \u017ce projekt nie by\u0142 nigdzie zaprezentowany, wiosn\u0105 jego autorzy zapowiadali bardzo szybkie procedowanie uchwa\u0142y. Od tego czasu nic si\u0119 nie wydarzy\u0142o - poza przekazaniem przez Pozna\u0144 s\u0142up\u00f3w reklamowych i wiat przystankowych pod zarz\u0105d sp\u00f3\u0142ki miejskiej \u2013 Mi\u0119dzynarodowych Targ\u00f3w Pozna\u0144skich.<br \/>\nWydzia\u0142 Urbanistyki i Architektury udost\u0119pni\u0142 stron\u0119 ze informacjami o pracach nad uchwa\u0142\u0105:<br \/>\n<a href=\"http:\/\/www.poznan.pl\/mim\/main\/-,p,40312.html\">http:\/\/www.poznan.pl\/mim\/main\/-,p,40312.html<\/a><\/p>\n<p><strong>Wroc\u0142aw<br \/>\n<\/strong>Jest miastem, kt\u00f3re nie spieszy si\u0119 z wprowadzeniem uchwa\u0142y krajobrazowej, zapewne dlatego, \u017ce jeszcze zanim powsta\u0142a uchwa\u0142a krajobrazowa, w roku 2014 powo\u0142ano we Wroc\u0142awiu park kulturowy, kt\u00f3ry uporz\u0105dkowa\u0142 historyczne centrum miasta. Osoby przygotowuj\u0105ce projekt uznaj\u0105, \u017ce kodeks krajobrazowy jest powa\u017cn\u0105 regulacja prawn\u0105 i nie nale\u017cy si\u0119 z ni\u0105 spieszy\u0107, poniewa\u017c musi to by\u0107 dokument rzetelny i zgodny z prawem. Pierwsze spotkanie konsultacyjne, i jak na razie ostatnie, odby\u0142o si\u0119 we wrze\u015bniu 2017 r. Obecnie trwaj\u0105 prace nad przygotowaniem projektu. Wiadomo, \u017ce miasto planuje wprowadzi\u0107 op\u0142at\u0119 reklamow\u0105.<\/p>\n<p>Informacje o konsultacjach spo\u0142ecznych znajduj\u0105 pod adresem:<br \/>\n<a href=\"https:\/\/www.wroclaw.pl\/rozmawia\/uchwala-krajobrazowa-wroclawia-o-konsultacjach\">https:\/\/www.wroclaw.pl\/rozmawia\/uchwala-krajobrazowa-wroclawia-o-konsultacjach<\/a><\/p>\n<p>Ze zrealizowanym projektem parku kulturowego mo\u017cna zapozna\u0107 si\u0119 pod adresem:<br \/>\n<a href=\"https:\/\/www.wroclaw.pl\/rozmawia\/uchwala-krajobrazowa-wroclawia-park-kulturowy\">https:\/\/www.wroclaw.pl\/rozmawia\/uchwala-krajobrazowa-wroclawia-park-kulturowy<\/a><\/p>\n<p><strong>Katowice<br \/>\n<\/strong>W Katowicach zaproponowano nieco odmienne podej\u015bcie do tematu i rozpisano przetarg na wykonanie inwentaryzacji wybranych miejsc i\u00a0obszar\u00f3w miasta, okre\u015blenie podzia\u0142u miasta na\u00a0strefy oraz przygotowanie wst\u0119pnych za\u0142o\u017ce\u0144 dla zasad i\u00a0warunk\u00f3w<br \/>\nna potrzeby opracowania projektu uchwa\u0142y. Przetarg wygra\u0142a firma PwC Polska Sp. z\u00a0o.o., kt\u00f3ra po wykonaniu pracy przedstawi\u0142a wnioski na spotkaniu w wrze\u015bniu 2017 r. M\u00f3wi\u0105c ogl\u0119dnie, by\u0142y one ma\u0142o precyzyjne.<\/p>\n<p>30 pa\u017adziernika 2017 r. odby\u0142o si\u0119 ostatnie spotkanie konsultacyjne. Do ko\u0144ca marca 2018 r. mia\u0142a zosta\u0107 przedstawiona analiza finansowa dotycz\u0105ca skutk\u00f3w wprowadzenia uchwa\u0142y krajobrazowej \u2013 nie zosta\u0142a. Pod koniec ubieg\u0142ego roku miasto opublikowa\u0142o wyniki konsultacji spo\u0142ecznych oraz stanowisko Prezydenta Miasta Katowice do zg\u0142oszonych wniosk\u00f3w. Termin publicznego przedstawienia projektu nie zosta\u0142 jeszcze og\u0142oszony.<\/p>\n<p>Miasto udost\u0119pni\u0142o stron\u0119 o kodeksie reklamowym, jednak w tym roku nie pojawi\u0142 si\u0119 tam jeszcze \u017caden wpis\u00a0 (na dzie\u0144 publikacji tekstu):<br \/>\n<a href=\"https:\/\/www.katowice.eu\/Konsultacje\/Strony\/uchwa%C5%82a-krajobrazowa.aspx\">https:\/\/www.katowice.eu\/Konsultacje\/Strony\/uchwa%C5%82a-krajobrazowa.aspx<\/a>[\/vc_column_text][divider line_type=\"No Line\" custom_height=\"40\"][\/vc_column][\/vc_row]<\/p>\n","protected":false},"author":16,"featured_media":1593,"template":"","ustawa_cat":[],"class_list":["post-1737","ustawa","type-ustawa","status-publish","has-post-thumbnail","hentry"],"acf":[],"yoast_head":"<!-- This site is optimized with the Yoast SEO plugin v27.5 - https:\/\/yoast.com\/product\/yoast-seo-wordpress\/ -->\n<title>Uchwa\u0142y krajobrazowe w miastach G8. Stan przed wyborami 2018. - Jet Line<\/title>\n<meta name=\"description\" content=\"Ustawa krajobrazowa zosta\u0142a wprowadzona prawie 3 i p\u00f3\u0142 roku temu. Przedstawiamy stan prac - podsumowanie na dzie\u0144 10 pa\u017adziernika 2018 r. - nad uchwa\u0142ami krajobrazowymi w najwi\u0119kszych miastach w Polsce.\" \/>\n<meta name=\"robots\" content=\"index, follow, max-snippet:-1, max-image-preview:large, max-video-preview:-1\" \/>\n<link rel=\"canonical\" href=\"https:\/\/jetline.pl\/en\/ustawa-krajobrazowa\/uchwaly-krajobrazowe-miasta-g8-przed-wyborami-2018\/\" \/>\n<meta property=\"og:locale\" content=\"en_US\" \/>\n<meta property=\"og:type\" content=\"article\" \/>\n<meta property=\"og:title\" content=\"Uchwa\u0142y krajobrazowe w miastach G8. Stan przed wyborami 2018. - Jet Line\" \/>\n<meta property=\"og:description\" content=\"Ustawa krajobrazowa zosta\u0142a wprowadzona prawie 3 i p\u00f3\u0142 roku temu. Przedstawiamy stan prac - podsumowanie na dzie\u0144 10 pa\u017adziernika 2018 r. - nad uchwa\u0142ami krajobrazowymi w najwi\u0119kszych miastach w Polsce.\" \/>\n<meta property=\"og:url\" content=\"https:\/\/jetline.pl\/en\/ustawa-krajobrazowa\/uchwaly-krajobrazowe-miasta-g8-przed-wyborami-2018\/\" \/>\n<meta property=\"og:site_name\" content=\"Jet Line\" \/>\n<meta property=\"og:image\" content=\"https:\/\/jetline.pl\/wp-content\/uploads\/2024\/09\/2018_10_GB_obrazek.jpg\" \/>\n\t<meta property=\"og:image:width\" content=\"872\" \/>\n\t<meta property=\"og:image:height\" content=\"760\" \/>\n\t<meta property=\"og:image:type\" content=\"image\/jpeg\" \/>\n<meta name=\"twitter:card\" content=\"summary_large_image\" \/>\n<meta name=\"twitter:label1\" content=\"Est. reading time\" \/>\n\t<meta name=\"twitter:data1\" content=\"13 minutes\" \/>\n<script type=\"application\/ld+json\" class=\"yoast-schema-graph\">{\"@context\":\"https:\\\/\\\/schema.org\",\"@graph\":[{\"@type\":\"WebPage\",\"@id\":\"https:\\\/\\\/jetline.pl\\\/en\\\/ustawa-krajobrazowa\\\/uchwaly-krajobrazowe-miasta-g8-przed-wyborami-2018\\\/\",\"url\":\"https:\\\/\\\/jetline.pl\\\/en\\\/ustawa-krajobrazowa\\\/uchwaly-krajobrazowe-miasta-g8-przed-wyborami-2018\\\/\",\"name\":\"Uchwa\u0142y krajobrazowe w miastach G8. Stan przed wyborami 2018. - Jet Line\",\"isPartOf\":{\"@id\":\"https:\\\/\\\/jetline.pl\\\/en\\\/#website\"},\"primaryImageOfPage\":{\"@id\":\"https:\\\/\\\/jetline.pl\\\/en\\\/ustawa-krajobrazowa\\\/uchwaly-krajobrazowe-miasta-g8-przed-wyborami-2018\\\/#primaryimage\"},\"image\":{\"@id\":\"https:\\\/\\\/jetline.pl\\\/en\\\/ustawa-krajobrazowa\\\/uchwaly-krajobrazowe-miasta-g8-przed-wyborami-2018\\\/#primaryimage\"},\"thumbnailUrl\":\"https:\\\/\\\/jetline.pl\\\/wp-content\\\/uploads\\\/2024\\\/09\\\/2018_10_GB_obrazek.jpg\",\"datePublished\":\"2018-10-10T05:36:33+00:00\",\"description\":\"Ustawa krajobrazowa zosta\u0142a wprowadzona prawie 3 i p\u00f3\u0142 roku temu. Przedstawiamy stan prac - podsumowanie na dzie\u0144 10 pa\u017adziernika 2018 r. - nad uchwa\u0142ami krajobrazowymi w najwi\u0119kszych miastach w Polsce.\",\"breadcrumb\":{\"@id\":\"https:\\\/\\\/jetline.pl\\\/en\\\/ustawa-krajobrazowa\\\/uchwaly-krajobrazowe-miasta-g8-przed-wyborami-2018\\\/#breadcrumb\"},\"inLanguage\":\"en-US\",\"potentialAction\":[{\"@type\":\"ReadAction\",\"target\":[\"https:\\\/\\\/jetline.pl\\\/en\\\/ustawa-krajobrazowa\\\/uchwaly-krajobrazowe-miasta-g8-przed-wyborami-2018\\\/\"]}]},{\"@type\":\"ImageObject\",\"inLanguage\":\"en-US\",\"@id\":\"https:\\\/\\\/jetline.pl\\\/en\\\/ustawa-krajobrazowa\\\/uchwaly-krajobrazowe-miasta-g8-przed-wyborami-2018\\\/#primaryimage\",\"url\":\"https:\\\/\\\/jetline.pl\\\/wp-content\\\/uploads\\\/2024\\\/09\\\/2018_10_GB_obrazek.jpg\",\"contentUrl\":\"https:\\\/\\\/jetline.pl\\\/wp-content\\\/uploads\\\/2024\\\/09\\\/2018_10_GB_obrazek.jpg\",\"width\":872,\"height\":760},{\"@type\":\"BreadcrumbList\",\"@id\":\"https:\\\/\\\/jetline.pl\\\/en\\\/ustawa-krajobrazowa\\\/uchwaly-krajobrazowe-miasta-g8-przed-wyborami-2018\\\/#breadcrumb\",\"itemListElement\":[{\"@type\":\"ListItem\",\"position\":1,\"name\":\"Strona g\u0142\u00f3wna\",\"item\":\"https:\\\/\\\/jetline.pl\\\/en\\\/\"},{\"@type\":\"ListItem\",\"position\":2,\"name\":\"Ustawa krajobrazowa\",\"item\":\"https:\\\/\\\/jetline.pl\\\/en\\\/ustawa-krajobrazowa\\\/\"},{\"@type\":\"ListItem\",\"position\":3,\"name\":\"Uchwa\u0142y krajobrazowe w miastach G8. Stan przed wyborami 2018.\"}]},{\"@type\":\"WebSite\",\"@id\":\"https:\\\/\\\/jetline.pl\\\/en\\\/#website\",\"url\":\"https:\\\/\\\/jetline.pl\\\/en\\\/\",\"name\":\"Jet Line\",\"description\":\"Tworzymy przestrze\u0144 do komunikacji\",\"publisher\":{\"@id\":\"https:\\\/\\\/jetline.pl\\\/en\\\/#organization\"},\"potentialAction\":[{\"@type\":\"SearchAction\",\"target\":{\"@type\":\"EntryPoint\",\"urlTemplate\":\"https:\\\/\\\/jetline.pl\\\/en\\\/?s={search_term_string}\"},\"query-input\":{\"@type\":\"PropertyValueSpecification\",\"valueRequired\":true,\"valueName\":\"search_term_string\"}}],\"inLanguage\":\"en-US\"},{\"@type\":\"Organization\",\"@id\":\"https:\\\/\\\/jetline.pl\\\/en\\\/#organization\",\"name\":\"Jet Line\",\"url\":\"https:\\\/\\\/jetline.pl\\\/en\\\/\",\"logo\":{\"@type\":\"ImageObject\",\"inLanguage\":\"en-US\",\"@id\":\"https:\\\/\\\/jetline.pl\\\/en\\\/#\\\/schema\\\/logo\\\/image\\\/\",\"url\":\"https:\\\/\\\/jetline.pl\\\/wp-content\\\/uploads\\\/2024\\\/09\\\/logo_poziom_logo_poziom_czerwone-1.png\",\"contentUrl\":\"https:\\\/\\\/jetline.pl\\\/wp-content\\\/uploads\\\/2024\\\/09\\\/logo_poziom_logo_poziom_czerwone-1.png\",\"width\":4946,\"height\":2016,\"caption\":\"Jet Line\"},\"image\":{\"@id\":\"https:\\\/\\\/jetline.pl\\\/en\\\/#\\\/schema\\\/logo\\\/image\\\/\"}}]}<\/script>\n<!-- \/ Yoast SEO plugin. -->","yoast_head_json":{"title":"Uchwa\u0142y krajobrazowe w miastach G8. Stan przed wyborami 2018. - Jet Line","description":"Ustawa krajobrazowa zosta\u0142a wprowadzona prawie 3 i p\u00f3\u0142 roku temu. Przedstawiamy stan prac - podsumowanie na dzie\u0144 10 pa\u017adziernika 2018 r. - nad uchwa\u0142ami krajobrazowymi w najwi\u0119kszych miastach w Polsce.","robots":{"index":"index","follow":"follow","max-snippet":"max-snippet:-1","max-image-preview":"max-image-preview:large","max-video-preview":"max-video-preview:-1"},"canonical":"https:\/\/jetline.pl\/en\/ustawa-krajobrazowa\/uchwaly-krajobrazowe-miasta-g8-przed-wyborami-2018\/","og_locale":"en_US","og_type":"article","og_title":"Uchwa\u0142y krajobrazowe w miastach G8. Stan przed wyborami 2018. - Jet Line","og_description":"Ustawa krajobrazowa zosta\u0142a wprowadzona prawie 3 i p\u00f3\u0142 roku temu. Przedstawiamy stan prac - podsumowanie na dzie\u0144 10 pa\u017adziernika 2018 r. - nad uchwa\u0142ami krajobrazowymi w najwi\u0119kszych miastach w Polsce.","og_url":"https:\/\/jetline.pl\/en\/ustawa-krajobrazowa\/uchwaly-krajobrazowe-miasta-g8-przed-wyborami-2018\/","og_site_name":"Jet Line","og_image":[{"width":872,"height":760,"url":"https:\/\/jetline.pl\/wp-content\/uploads\/2024\/09\/2018_10_GB_obrazek.jpg","type":"image\/jpeg"}],"twitter_card":"summary_large_image","twitter_misc":{"Est. reading time":"13 minutes"},"schema":{"@context":"https:\/\/schema.org","@graph":[{"@type":"WebPage","@id":"https:\/\/jetline.pl\/en\/ustawa-krajobrazowa\/uchwaly-krajobrazowe-miasta-g8-przed-wyborami-2018\/","url":"https:\/\/jetline.pl\/en\/ustawa-krajobrazowa\/uchwaly-krajobrazowe-miasta-g8-przed-wyborami-2018\/","name":"Uchwa\u0142y krajobrazowe w miastach G8. Stan przed wyborami 2018. - Jet Line","isPartOf":{"@id":"https:\/\/jetline.pl\/en\/#website"},"primaryImageOfPage":{"@id":"https:\/\/jetline.pl\/en\/ustawa-krajobrazowa\/uchwaly-krajobrazowe-miasta-g8-przed-wyborami-2018\/#primaryimage"},"image":{"@id":"https:\/\/jetline.pl\/en\/ustawa-krajobrazowa\/uchwaly-krajobrazowe-miasta-g8-przed-wyborami-2018\/#primaryimage"},"thumbnailUrl":"https:\/\/jetline.pl\/wp-content\/uploads\/2024\/09\/2018_10_GB_obrazek.jpg","datePublished":"2018-10-10T05:36:33+00:00","description":"Ustawa krajobrazowa zosta\u0142a wprowadzona prawie 3 i p\u00f3\u0142 roku temu. Przedstawiamy stan prac - podsumowanie na dzie\u0144 10 pa\u017adziernika 2018 r. - nad uchwa\u0142ami krajobrazowymi w najwi\u0119kszych miastach w Polsce.","breadcrumb":{"@id":"https:\/\/jetline.pl\/en\/ustawa-krajobrazowa\/uchwaly-krajobrazowe-miasta-g8-przed-wyborami-2018\/#breadcrumb"},"inLanguage":"en-US","potentialAction":[{"@type":"ReadAction","target":["https:\/\/jetline.pl\/en\/ustawa-krajobrazowa\/uchwaly-krajobrazowe-miasta-g8-przed-wyborami-2018\/"]}]},{"@type":"ImageObject","inLanguage":"en-US","@id":"https:\/\/jetline.pl\/en\/ustawa-krajobrazowa\/uchwaly-krajobrazowe-miasta-g8-przed-wyborami-2018\/#primaryimage","url":"https:\/\/jetline.pl\/wp-content\/uploads\/2024\/09\/2018_10_GB_obrazek.jpg","contentUrl":"https:\/\/jetline.pl\/wp-content\/uploads\/2024\/09\/2018_10_GB_obrazek.jpg","width":872,"height":760},{"@type":"BreadcrumbList","@id":"https:\/\/jetline.pl\/en\/ustawa-krajobrazowa\/uchwaly-krajobrazowe-miasta-g8-przed-wyborami-2018\/#breadcrumb","itemListElement":[{"@type":"ListItem","position":1,"name":"Strona g\u0142\u00f3wna","item":"https:\/\/jetline.pl\/en\/"},{"@type":"ListItem","position":2,"name":"Ustawa krajobrazowa","item":"https:\/\/jetline.pl\/en\/ustawa-krajobrazowa\/"},{"@type":"ListItem","position":3,"name":"Uchwa\u0142y krajobrazowe w miastach G8. Stan przed wyborami 2018."}]},{"@type":"WebSite","@id":"https:\/\/jetline.pl\/en\/#website","url":"https:\/\/jetline.pl\/en\/","name":"Jet Line","description":"Tworzymy przestrze\u0144 do komunikacji","publisher":{"@id":"https:\/\/jetline.pl\/en\/#organization"},"potentialAction":[{"@type":"SearchAction","target":{"@type":"EntryPoint","urlTemplate":"https:\/\/jetline.pl\/en\/?s={search_term_string}"},"query-input":{"@type":"PropertyValueSpecification","valueRequired":true,"valueName":"search_term_string"}}],"inLanguage":"en-US"},{"@type":"Organization","@id":"https:\/\/jetline.pl\/en\/#organization","name":"Jet Line","url":"https:\/\/jetline.pl\/en\/","logo":{"@type":"ImageObject","inLanguage":"en-US","@id":"https:\/\/jetline.pl\/en\/#\/schema\/logo\/image\/","url":"https:\/\/jetline.pl\/wp-content\/uploads\/2024\/09\/logo_poziom_logo_poziom_czerwone-1.png","contentUrl":"https:\/\/jetline.pl\/wp-content\/uploads\/2024\/09\/logo_poziom_logo_poziom_czerwone-1.png","width":4946,"height":2016,"caption":"Jet Line"},"image":{"@id":"https:\/\/jetline.pl\/en\/#\/schema\/logo\/image\/"}}]}},"_links":{"self":[{"href":"https:\/\/jetline.pl\/en\/wp-json\/wp\/v2\/ustawa\/1737","targetHints":{"allow":["GET"]}}],"collection":[{"href":"https:\/\/jetline.pl\/en\/wp-json\/wp\/v2\/ustawa"}],"about":[{"href":"https:\/\/jetline.pl\/en\/wp-json\/wp\/v2\/types\/ustawa"}],"author":[{"embeddable":true,"href":"https:\/\/jetline.pl\/en\/wp-json\/wp\/v2\/users\/16"}],"wp:featuredmedia":[{"embeddable":true,"href":"https:\/\/jetline.pl\/en\/wp-json\/wp\/v2\/media\/1593"}],"wp:attachment":[{"href":"https:\/\/jetline.pl\/en\/wp-json\/wp\/v2\/media?parent=1737"}],"wp:term":[{"taxonomy":"ustawa_cat","embeddable":true,"href":"https:\/\/jetline.pl\/en\/wp-json\/wp\/v2\/ustawa_cat?post=1737"}],"curies":[{"name":"wp","href":"https:\/\/api.w.org\/{rel}","templated":true}]}}