{"id":1738,"date":"2018-10-15T08:50:02","date_gmt":"2018-10-15T06:50:02","guid":{"rendered":"https:\/\/jetline.presb.pl\/ustawa-krajobrazowa\/krajobraz-przed-wyborami-samorzadowymi-2018\/"},"modified":"2018-10-15T08:50:02","modified_gmt":"2018-10-15T06:50:02","slug":"krajobraz-przed-wyborami-samorzadowymi-2018","status":"publish","type":"ustawa","link":"https:\/\/jetline.pl\/en\/ustawa-krajobrazowa\/krajobraz-przed-wyborami-samorzadowymi-2018\/","title":{"rendered":"Krajobraz przed wyborami samorz\u0105dowymi 2018."},"content":{"rendered":"<p>[vc_row type=\"in_container\" full_screen_row_position=\"middle\" scene_position=\"center\" text_color=\"dark\" text_align=\"left\" overlay_strength=\"0.3\" shape_divider_position=\"bottom\"][vc_column column_padding=\"no-extra-padding\" column_padding_position=\"all\" background_color_opacity=\"1\" background_hover_color_opacity=\"1\" column_shadow=\"none\" column_border_radius=\"none\" width=\"1\/1\" tablet_text_alignment=\"default\" phone_text_alignment=\"default\" column_border_width=\"none\" column_border_style=\"solid\"][vc_column_text]Wybory samorz\u0105dowe w najbli\u017csz\u0105 niedziel\u0119, 21 pa\u017adziernika. Krajobraz przed bitw\u0105.[\/vc_column_text][divider line_type=\"No Line\" custom_height=\"40\"][vc_gallery type=\"image_grid\" images=\"11131,11132,11133,11134,11135,11136,11137,11138,11139,11140,11141,11142,11145,11146\" layout=\"3\" gallery_style=\"3\" load_in_animation=\"fade_in_from_bottom\" img_size=\"400x400\"][divider line_type=\"No Line\" custom_height=\"40\"][\/vc_column][\/vc_row]<\/p>\n","protected":false},"author":16,"featured_media":1595,"template":"","ustawa_cat":[],"class_list":["post-1738","ustawa","type-ustawa","status-publish","has-post-thumbnail","hentry"],"acf":[],"yoast_head":"<!-- This site is optimized with the Yoast SEO plugin v27.5 - https:\/\/yoast.com\/product\/yoast-seo-wordpress\/ -->\n<title>Krajobraz przed wyborami samorz\u0105dowymi 2018. - Jet Line<\/title>\n<meta name=\"description\" content=\"Wybory samorz\u0105dowe 2018 w najbli\u017csz\u0105 niedziel\u0119. Ustawa krajobrazowa obecna od 3,5 roku tym kandydatom w niczym nie przeszkadza?\" \/>\n<meta name=\"robots\" content=\"index, follow, max-snippet:-1, max-image-preview:large, max-video-preview:-1\" \/>\n<link rel=\"canonical\" href=\"https:\/\/jetline.pl\/en\/ustawa-krajobrazowa\/krajobraz-przed-wyborami-samorzadowymi-2018\/\" \/>\n<meta property=\"og:locale\" content=\"en_US\" \/>\n<meta property=\"og:type\" content=\"article\" \/>\n<meta property=\"og:title\" content=\"Krajobraz przed wyborami samorz\u0105dowymi 2018. - Jet Line\" \/>\n<meta property=\"og:description\" content=\"Wybory samorz\u0105dowe 2018 w najbli\u017csz\u0105 niedziel\u0119. Ustawa krajobrazowa obecna od 3,5 roku tym kandydatom w niczym nie przeszkadza?\" \/>\n<meta property=\"og:url\" content=\"https:\/\/jetline.pl\/en\/ustawa-krajobrazowa\/krajobraz-przed-wyborami-samorzadowymi-2018\/\" \/>\n<meta property=\"og:site_name\" content=\"Jet Line\" \/>\n<meta property=\"og:image\" content=\"https:\/\/jetline.pl\/wp-content\/uploads\/2024\/09\/nosnikbyleJAKI-4.jpg\" \/>\n\t<meta property=\"og:image:width\" content=\"1028\" \/>\n\t<meta property=\"og:image:height\" content=\"627\" \/>\n\t<meta property=\"og:image:type\" content=\"image\/jpeg\" \/>\n<meta name=\"twitter:card\" content=\"summary_large_image\" \/>\n<meta name=\"twitter:label1\" content=\"Est. reading time\" \/>\n\t<meta name=\"twitter:data1\" content=\"1 minute\" \/>\n<script type=\"application\/ld+json\" class=\"yoast-schema-graph\">{\"@context\":\"https:\\\/\\\/schema.org\",\"@graph\":[{\"@type\":\"WebPage\",\"@id\":\"https:\\\/\\\/jetline.pl\\\/en\\\/ustawa-krajobrazowa\\\/krajobraz-przed-wyborami-samorzadowymi-2018\\\/\",\"url\":\"https:\\\/\\\/jetline.pl\\\/en\\\/ustawa-krajobrazowa\\\/krajobraz-przed-wyborami-samorzadowymi-2018\\\/\",\"name\":\"Krajobraz przed wyborami samorz\u0105dowymi 2018. - Jet Line\",\"isPartOf\":{\"@id\":\"https:\\\/\\\/jetline.pl\\\/en\\\/#website\"},\"primaryImageOfPage\":{\"@id\":\"https:\\\/\\\/jetline.pl\\\/en\\\/ustawa-krajobrazowa\\\/krajobraz-przed-wyborami-samorzadowymi-2018\\\/#primaryimage\"},\"image\":{\"@id\":\"https:\\\/\\\/jetline.pl\\\/en\\\/ustawa-krajobrazowa\\\/krajobraz-przed-wyborami-samorzadowymi-2018\\\/#primaryimage\"},\"thumbnailUrl\":\"https:\\\/\\\/jetline.pl\\\/wp-content\\\/uploads\\\/2024\\\/09\\\/nosnikbyleJAKI-4.jpg\",\"datePublished\":\"2018-10-15T06:50:02+00:00\",\"description\":\"Wybory samorz\u0105dowe 2018 w najbli\u017csz\u0105 niedziel\u0119. Ustawa krajobrazowa obecna od 3,5 roku tym kandydatom w niczym nie przeszkadza?\",\"breadcrumb\":{\"@id\":\"https:\\\/\\\/jetline.pl\\\/en\\\/ustawa-krajobrazowa\\\/krajobraz-przed-wyborami-samorzadowymi-2018\\\/#breadcrumb\"},\"inLanguage\":\"en-US\",\"potentialAction\":[{\"@type\":\"ReadAction\",\"target\":[\"https:\\\/\\\/jetline.pl\\\/en\\\/ustawa-krajobrazowa\\\/krajobraz-przed-wyborami-samorzadowymi-2018\\\/\"]}]},{\"@type\":\"ImageObject\",\"inLanguage\":\"en-US\",\"@id\":\"https:\\\/\\\/jetline.pl\\\/en\\\/ustawa-krajobrazowa\\\/krajobraz-przed-wyborami-samorzadowymi-2018\\\/#primaryimage\",\"url\":\"https:\\\/\\\/jetline.pl\\\/wp-content\\\/uploads\\\/2024\\\/09\\\/nosnikbyleJAKI-4.jpg\",\"contentUrl\":\"https:\\\/\\\/jetline.pl\\\/wp-content\\\/uploads\\\/2024\\\/09\\\/nosnikbyleJAKI-4.jpg\",\"width\":1028,\"height\":627},{\"@type\":\"BreadcrumbList\",\"@id\":\"https:\\\/\\\/jetline.pl\\\/en\\\/ustawa-krajobrazowa\\\/krajobraz-przed-wyborami-samorzadowymi-2018\\\/#breadcrumb\",\"itemListElement\":[{\"@type\":\"ListItem\",\"position\":1,\"name\":\"Strona g\u0142\u00f3wna\",\"item\":\"https:\\\/\\\/jetline.pl\\\/en\\\/\"},{\"@type\":\"ListItem\",\"position\":2,\"name\":\"Ustawa krajobrazowa\",\"item\":\"https:\\\/\\\/jetline.pl\\\/en\\\/ustawa-krajobrazowa\\\/\"},{\"@type\":\"ListItem\",\"position\":3,\"name\":\"Krajobraz przed wyborami samorz\u0105dowymi 2018.\"}]},{\"@type\":\"WebSite\",\"@id\":\"https:\\\/\\\/jetline.pl\\\/en\\\/#website\",\"url\":\"https:\\\/\\\/jetline.pl\\\/en\\\/\",\"name\":\"Jet Line\",\"description\":\"Tworzymy przestrze\u0144 do komunikacji\",\"publisher\":{\"@id\":\"https:\\\/\\\/jetline.pl\\\/en\\\/#organization\"},\"potentialAction\":[{\"@type\":\"SearchAction\",\"target\":{\"@type\":\"EntryPoint\",\"urlTemplate\":\"https:\\\/\\\/jetline.pl\\\/en\\\/?s={search_term_string}\"},\"query-input\":{\"@type\":\"PropertyValueSpecification\",\"valueRequired\":true,\"valueName\":\"search_term_string\"}}],\"inLanguage\":\"en-US\"},{\"@type\":\"Organization\",\"@id\":\"https:\\\/\\\/jetline.pl\\\/en\\\/#organization\",\"name\":\"Jet Line\",\"url\":\"https:\\\/\\\/jetline.pl\\\/en\\\/\",\"logo\":{\"@type\":\"ImageObject\",\"inLanguage\":\"en-US\",\"@id\":\"https:\\\/\\\/jetline.pl\\\/en\\\/#\\\/schema\\\/logo\\\/image\\\/\",\"url\":\"https:\\\/\\\/jetline.pl\\\/wp-content\\\/uploads\\\/2024\\\/09\\\/logo_poziom_logo_poziom_czerwone-1.png\",\"contentUrl\":\"https:\\\/\\\/jetline.pl\\\/wp-content\\\/uploads\\\/2024\\\/09\\\/logo_poziom_logo_poziom_czerwone-1.png\",\"width\":4946,\"height\":2016,\"caption\":\"Jet Line\"},\"image\":{\"@id\":\"https:\\\/\\\/jetline.pl\\\/en\\\/#\\\/schema\\\/logo\\\/image\\\/\"}}]}<\/script>\n<!-- \/ Yoast SEO plugin. -->","yoast_head_json":{"title":"Krajobraz przed wyborami samorz\u0105dowymi 2018. - Jet Line","description":"Wybory samorz\u0105dowe 2018 w najbli\u017csz\u0105 niedziel\u0119. Ustawa krajobrazowa obecna od 3,5 roku tym kandydatom w niczym nie przeszkadza?","robots":{"index":"index","follow":"follow","max-snippet":"max-snippet:-1","max-image-preview":"max-image-preview:large","max-video-preview":"max-video-preview:-1"},"canonical":"https:\/\/jetline.pl\/en\/ustawa-krajobrazowa\/krajobraz-przed-wyborami-samorzadowymi-2018\/","og_locale":"en_US","og_type":"article","og_title":"Krajobraz przed wyborami samorz\u0105dowymi 2018. - Jet Line","og_description":"Wybory samorz\u0105dowe 2018 w najbli\u017csz\u0105 niedziel\u0119. Ustawa krajobrazowa obecna od 3,5 roku tym kandydatom w niczym nie przeszkadza?","og_url":"https:\/\/jetline.pl\/en\/ustawa-krajobrazowa\/krajobraz-przed-wyborami-samorzadowymi-2018\/","og_site_name":"Jet Line","og_image":[{"width":1028,"height":627,"url":"https:\/\/jetline.pl\/wp-content\/uploads\/2024\/09\/nosnikbyleJAKI-4.jpg","type":"image\/jpeg"}],"twitter_card":"summary_large_image","twitter_misc":{"Est. reading time":"1 minute"},"schema":{"@context":"https:\/\/schema.org","@graph":[{"@type":"WebPage","@id":"https:\/\/jetline.pl\/en\/ustawa-krajobrazowa\/krajobraz-przed-wyborami-samorzadowymi-2018\/","url":"https:\/\/jetline.pl\/en\/ustawa-krajobrazowa\/krajobraz-przed-wyborami-samorzadowymi-2018\/","name":"Krajobraz przed wyborami samorz\u0105dowymi 2018. - Jet Line","isPartOf":{"@id":"https:\/\/jetline.pl\/en\/#website"},"primaryImageOfPage":{"@id":"https:\/\/jetline.pl\/en\/ustawa-krajobrazowa\/krajobraz-przed-wyborami-samorzadowymi-2018\/#primaryimage"},"image":{"@id":"https:\/\/jetline.pl\/en\/ustawa-krajobrazowa\/krajobraz-przed-wyborami-samorzadowymi-2018\/#primaryimage"},"thumbnailUrl":"https:\/\/jetline.pl\/wp-content\/uploads\/2024\/09\/nosnikbyleJAKI-4.jpg","datePublished":"2018-10-15T06:50:02+00:00","description":"Wybory samorz\u0105dowe 2018 w najbli\u017csz\u0105 niedziel\u0119. Ustawa krajobrazowa obecna od 3,5 roku tym kandydatom w niczym nie przeszkadza?","breadcrumb":{"@id":"https:\/\/jetline.pl\/en\/ustawa-krajobrazowa\/krajobraz-przed-wyborami-samorzadowymi-2018\/#breadcrumb"},"inLanguage":"en-US","potentialAction":[{"@type":"ReadAction","target":["https:\/\/jetline.pl\/en\/ustawa-krajobrazowa\/krajobraz-przed-wyborami-samorzadowymi-2018\/"]}]},{"@type":"ImageObject","inLanguage":"en-US","@id":"https:\/\/jetline.pl\/en\/ustawa-krajobrazowa\/krajobraz-przed-wyborami-samorzadowymi-2018\/#primaryimage","url":"https:\/\/jetline.pl\/wp-content\/uploads\/2024\/09\/nosnikbyleJAKI-4.jpg","contentUrl":"https:\/\/jetline.pl\/wp-content\/uploads\/2024\/09\/nosnikbyleJAKI-4.jpg","width":1028,"height":627},{"@type":"BreadcrumbList","@id":"https:\/\/jetline.pl\/en\/ustawa-krajobrazowa\/krajobraz-przed-wyborami-samorzadowymi-2018\/#breadcrumb","itemListElement":[{"@type":"ListItem","position":1,"name":"Strona g\u0142\u00f3wna","item":"https:\/\/jetline.pl\/en\/"},{"@type":"ListItem","position":2,"name":"Ustawa krajobrazowa","item":"https:\/\/jetline.pl\/en\/ustawa-krajobrazowa\/"},{"@type":"ListItem","position":3,"name":"Krajobraz przed wyborami samorz\u0105dowymi 2018."}]},{"@type":"WebSite","@id":"https:\/\/jetline.pl\/en\/#website","url":"https:\/\/jetline.pl\/en\/","name":"Jet Line","description":"Tworzymy przestrze\u0144 do komunikacji","publisher":{"@id":"https:\/\/jetline.pl\/en\/#organization"},"potentialAction":[{"@type":"SearchAction","target":{"@type":"EntryPoint","urlTemplate":"https:\/\/jetline.pl\/en\/?s={search_term_string}"},"query-input":{"@type":"PropertyValueSpecification","valueRequired":true,"valueName":"search_term_string"}}],"inLanguage":"en-US"},{"@type":"Organization","@id":"https:\/\/jetline.pl\/en\/#organization","name":"Jet Line","url":"https:\/\/jetline.pl\/en\/","logo":{"@type":"ImageObject","inLanguage":"en-US","@id":"https:\/\/jetline.pl\/en\/#\/schema\/logo\/image\/","url":"https:\/\/jetline.pl\/wp-content\/uploads\/2024\/09\/logo_poziom_logo_poziom_czerwone-1.png","contentUrl":"https:\/\/jetline.pl\/wp-content\/uploads\/2024\/09\/logo_poziom_logo_poziom_czerwone-1.png","width":4946,"height":2016,"caption":"Jet Line"},"image":{"@id":"https:\/\/jetline.pl\/en\/#\/schema\/logo\/image\/"}}]}},"_links":{"self":[{"href":"https:\/\/jetline.pl\/en\/wp-json\/wp\/v2\/ustawa\/1738","targetHints":{"allow":["GET"]}}],"collection":[{"href":"https:\/\/jetline.pl\/en\/wp-json\/wp\/v2\/ustawa"}],"about":[{"href":"https:\/\/jetline.pl\/en\/wp-json\/wp\/v2\/types\/ustawa"}],"author":[{"embeddable":true,"href":"https:\/\/jetline.pl\/en\/wp-json\/wp\/v2\/users\/16"}],"wp:featuredmedia":[{"embeddable":true,"href":"https:\/\/jetline.pl\/en\/wp-json\/wp\/v2\/media\/1595"}],"wp:attachment":[{"href":"https:\/\/jetline.pl\/en\/wp-json\/wp\/v2\/media?parent=1738"}],"wp:term":[{"taxonomy":"ustawa_cat","embeddable":true,"href":"https:\/\/jetline.pl\/en\/wp-json\/wp\/v2\/ustawa_cat?post=1738"}],"curies":[{"name":"wp","href":"https:\/\/api.w.org\/{rel}","templated":true}]}}