{"id":1740,"date":"2018-10-27T06:27:21","date_gmt":"2018-10-27T04:27:21","guid":{"rendered":"https:\/\/jetline.presb.pl\/ustawa-krajobrazowa\/nowy-stary-projekt-warszawskiej-uchwaly-krajobrazowej\/"},"modified":"2018-10-27T06:27:21","modified_gmt":"2018-10-27T04:27:21","slug":"nowy-stary-projekt-warszawskiej-uchwaly-krajobrazowej","status":"publish","type":"ustawa","link":"https:\/\/jetline.pl\/en\/ustawa-krajobrazowa\/nowy-stary-projekt-warszawskiej-uchwaly-krajobrazowej\/","title":{"rendered":"Nowy, stary projekt warszawskiej uchwa\u0142y krajobrazowej"},"content":{"rendered":"<p>[vc_row type=\"in_container\" full_screen_row_position=\"middle\" scene_position=\"center\" text_color=\"dark\" text_align=\"left\" overlay_strength=\"0.3\" shape_divider_position=\"bottom\"][vc_column column_padding=\"no-extra-padding\" column_padding_position=\"all\" background_color_opacity=\"1\" background_hover_color_opacity=\"1\" column_shadow=\"none\" column_border_radius=\"none\" width=\"1\/1\" tablet_text_alignment=\"default\" phone_text_alignment=\"default\" column_border_width=\"none\" column_border_style=\"solid\"][image_with_animation image_url=\"11176\" alignment=\"\" animation=\"Fade In\" border_radius=\"none\" box_shadow=\"none\" max_width=\"100%\"][divider line_type=\"No Line\" custom_height=\"40\"][vc_column_text]Dzi\u015b mogli\u015bmy po raz pierwszy zapozna\u0107 si\u0119 z nowym projektem uchwa\u0142y krajobrazowej\u00a0 dla Warszawy.<br \/>\nOkre\u015blenie \u201eNOWY\u201d odnosi si\u0119 jednak jedynie do czasu, a nie tre\u015bci.<\/p>\n<p>Po raz pierwszy projekt warszawskiej uchwa\u0142y reklamowej zosta\u0142 zaprezentowany \u00a0w czerwcu 2017 roku. Po konsultacjach przeprowadzonych przez Biuro Architektury i Planowania Przestrzennego, wp\u0142yn\u0119\u0142o kilka tysi\u0119cy uwag (z czego 2500 przes\u0142ano z formularza akcji \u201e\u017begnamy reklamy\u201d - <a href=\"http:\/\/www.zegnamyreklamy.pl\/\">http:\/\/www.zegnamyreklamy.pl\/<\/a>, przygotowanej wsp\u00f3lnie przez kilka stowarzysze\u0144).<\/p>\n<p>Prace nad uwagami trwa\u0142y ponad rok. Efekt: jak by\u0142o, tak zosta\u0142o. Poza kosmetycznymi zmianami typu zamiana zwrot\u00f3w z \u201ezabrania si\u0119\u201d na \u201ezakazuje si\u0119\u201d, projekt nie zawiera nowych istotnych tre\u015bci.<\/p>\n<p>Najwa\u017cniejsze elementy projektu dotycz\u0105ce\u00a0 reklam to:<\/p>\n<ul>\n<li>w praktyce uchwa\u0142a dopuszcza jedynie reklam\u0119 na terenach miejskich,<\/li>\n<li>strefy \u2013 3, dodatkowo uchwa\u0142a wyodr\u0119bnia ci\u0105gi komunikacyjne;<\/li>\n<li>maksymalny format reklamy wolnostoj\u0105cej \u2013 18m<sup>2<\/sup>;<\/li>\n<li>reklama na elewacji podczas remont\u00f3w \u2013 mo\u017ce by\u0107 eksponowana raz na 5 , maksymalnie przez 9 miesi\u0119cy;<\/li>\n<li>reklama na elewacji \u2013 tylko na elewacjach bez okien (z zastrze\u017ceniami);<\/li>\n<li>szyldy \u2013 liczba i wielko\u015b\u0107 szyld\u00f3w s\u0105 ograniczone, preferowan\u0105 form\u0105 szyld\u00f3w s\u0105 litery przestrzenne;<\/li>\n<li>zakazy \u2013 umieszczanie reklam na oknach, dachach budynk\u00f3w, przed budynkami publicznymi, w bliskiej odleg\u0142o\u015bci od siebie, na terenach ochrony konserwatorskiej i przyrodniczej i wiele innych;<\/li>\n<li>reklama cyfrowa \u2013 ograniczona do powierzchni 3 m<sup>2<\/sup>;<\/li>\n<li>okresy dostosowania \u2013 2 lata;<\/li>\n<li>warunki dostosowania \u2013 praktycznie nie okre\u015blone;<\/li>\n<li>prawa nabyte \u2013 nieuwzgl\u0119dnione.<\/li>\n<\/ul>\n<p>6 listopada odb\u0119dzie si\u0119 kolejne spotkanie konsultacyjne, zapewne w my\u015bl zasady g\u0142osowali jak chcieli, a wybrali kogo trzeba.<br \/>\nSzczeg\u00f3\u0142owy raport z konsultacji znajduje si\u0119 pod adresem:<\/p>\n<p><a href=\"http:\/\/konsultacje.um.warszawa.pl\/sites\/konsultacje.um.warszawa.pl\/files\/krajobrazowa_raport_final.pdf\">http:\/\/konsultacje.um.warszawa.pl\/sites\/konsultacje.um.warszawa.pl\/files\/krajobrazowa_raport_final.pdf<\/a><\/p>\n<p>Opis projektu znajduje si\u0119 pod adresem:<\/p>\n<p><a href=\"http:\/\/www.um.warszawa.pl\/aktualnosci\/adnie-z-uchwa-krajobrazow\">http:\/\/www.um.warszawa.pl\/aktualnosci\/adnie-z-uchwa-krajobrazow<\/a><\/p>\n<p>Z samym projektem mo\u017cna zapozna\u0107 si\u0119 na stronie:<\/p>\n<p><a href=\"http:\/\/konsultacje.um.warszawa.pl\/jaka_uchwala_krajobrazowa_dla_warszawy_drugi_etap_konsultacji_spolecznych\">http:\/\/konsultacje.um.warszawa.pl\/jaka_uchwala_krajobrazowa_dla_warszawy_drugi_etap_konsultacji_spolecznych<\/a>[\/vc_column_text][divider line_type=\"No Line\" custom_height=\"40\"][\/vc_column][\/vc_row]<\/p>\n","protected":false},"author":16,"featured_media":1599,"template":"","ustawa_cat":[],"class_list":["post-1740","ustawa","type-ustawa","status-publish","has-post-thumbnail","hentry"],"acf":[],"yoast_head":"<!-- This site is optimized with the Yoast SEO plugin v27.5 - https:\/\/yoast.com\/product\/yoast-seo-wordpress\/ -->\n<title>Nowy, stary projekt warszawskiej uchwa\u0142y krajobrazowej - Jet Line<\/title>\n<meta name=\"description\" content=\"Na projekt uchwa\u0142y krajobrazowej dla Warszawy wszyscy czekali z niecierpliwo\u015bci\u0105.\" \/>\n<meta name=\"robots\" content=\"index, follow, max-snippet:-1, max-image-preview:large, max-video-preview:-1\" \/>\n<link rel=\"canonical\" href=\"https:\/\/jetline.pl\/en\/ustawa-krajobrazowa\/nowy-stary-projekt-warszawskiej-uchwaly-krajobrazowej\/\" \/>\n<meta property=\"og:locale\" content=\"en_US\" \/>\n<meta property=\"og:type\" content=\"article\" \/>\n<meta property=\"og:title\" content=\"Nowy, stary projekt warszawskiej uchwa\u0142y krajobrazowej - Jet Line\" \/>\n<meta property=\"og:description\" content=\"Na projekt uchwa\u0142y krajobrazowej dla Warszawy wszyscy czekali z niecierpliwo\u015bci\u0105.\" \/>\n<meta property=\"og:url\" content=\"https:\/\/jetline.pl\/en\/ustawa-krajobrazowa\/nowy-stary-projekt-warszawskiej-uchwaly-krajobrazowej\/\" \/>\n<meta property=\"og:site_name\" content=\"Jet Line\" \/>\n<meta property=\"og:image\" content=\"https:\/\/jetline.pl\/wp-content\/uploads\/2024\/09\/ukwwa.jpg\" \/>\n\t<meta property=\"og:image:width\" content=\"889\" \/>\n\t<meta property=\"og:image:height\" content=\"532\" \/>\n\t<meta property=\"og:image:type\" content=\"image\/jpeg\" \/>\n<meta name=\"twitter:card\" content=\"summary_large_image\" \/>\n<meta name=\"twitter:label1\" content=\"Est. reading time\" \/>\n\t<meta name=\"twitter:data1\" content=\"2 minutes\" \/>\n<script type=\"application\/ld+json\" class=\"yoast-schema-graph\">{\"@context\":\"https:\\\/\\\/schema.org\",\"@graph\":[{\"@type\":\"WebPage\",\"@id\":\"https:\\\/\\\/jetline.pl\\\/en\\\/ustawa-krajobrazowa\\\/nowy-stary-projekt-warszawskiej-uchwaly-krajobrazowej\\\/\",\"url\":\"https:\\\/\\\/jetline.pl\\\/en\\\/ustawa-krajobrazowa\\\/nowy-stary-projekt-warszawskiej-uchwaly-krajobrazowej\\\/\",\"name\":\"Nowy, stary projekt warszawskiej uchwa\u0142y krajobrazowej - Jet Line\",\"isPartOf\":{\"@id\":\"https:\\\/\\\/jetline.pl\\\/en\\\/#website\"},\"primaryImageOfPage\":{\"@id\":\"https:\\\/\\\/jetline.pl\\\/en\\\/ustawa-krajobrazowa\\\/nowy-stary-projekt-warszawskiej-uchwaly-krajobrazowej\\\/#primaryimage\"},\"image\":{\"@id\":\"https:\\\/\\\/jetline.pl\\\/en\\\/ustawa-krajobrazowa\\\/nowy-stary-projekt-warszawskiej-uchwaly-krajobrazowej\\\/#primaryimage\"},\"thumbnailUrl\":\"https:\\\/\\\/jetline.pl\\\/wp-content\\\/uploads\\\/2024\\\/09\\\/ukwwa.jpg\",\"datePublished\":\"2018-10-27T04:27:21+00:00\",\"description\":\"Na projekt uchwa\u0142y krajobrazowej dla Warszawy wszyscy czekali z niecierpliwo\u015bci\u0105.\",\"breadcrumb\":{\"@id\":\"https:\\\/\\\/jetline.pl\\\/en\\\/ustawa-krajobrazowa\\\/nowy-stary-projekt-warszawskiej-uchwaly-krajobrazowej\\\/#breadcrumb\"},\"inLanguage\":\"en-US\",\"potentialAction\":[{\"@type\":\"ReadAction\",\"target\":[\"https:\\\/\\\/jetline.pl\\\/en\\\/ustawa-krajobrazowa\\\/nowy-stary-projekt-warszawskiej-uchwaly-krajobrazowej\\\/\"]}]},{\"@type\":\"ImageObject\",\"inLanguage\":\"en-US\",\"@id\":\"https:\\\/\\\/jetline.pl\\\/en\\\/ustawa-krajobrazowa\\\/nowy-stary-projekt-warszawskiej-uchwaly-krajobrazowej\\\/#primaryimage\",\"url\":\"https:\\\/\\\/jetline.pl\\\/wp-content\\\/uploads\\\/2024\\\/09\\\/ukwwa.jpg\",\"contentUrl\":\"https:\\\/\\\/jetline.pl\\\/wp-content\\\/uploads\\\/2024\\\/09\\\/ukwwa.jpg\",\"width\":889,\"height\":532},{\"@type\":\"BreadcrumbList\",\"@id\":\"https:\\\/\\\/jetline.pl\\\/en\\\/ustawa-krajobrazowa\\\/nowy-stary-projekt-warszawskiej-uchwaly-krajobrazowej\\\/#breadcrumb\",\"itemListElement\":[{\"@type\":\"ListItem\",\"position\":1,\"name\":\"Strona g\u0142\u00f3wna\",\"item\":\"https:\\\/\\\/jetline.pl\\\/en\\\/\"},{\"@type\":\"ListItem\",\"position\":2,\"name\":\"Ustawa krajobrazowa\",\"item\":\"https:\\\/\\\/jetline.pl\\\/en\\\/ustawa-krajobrazowa\\\/\"},{\"@type\":\"ListItem\",\"position\":3,\"name\":\"Nowy, stary projekt warszawskiej uchwa\u0142y krajobrazowej\"}]},{\"@type\":\"WebSite\",\"@id\":\"https:\\\/\\\/jetline.pl\\\/en\\\/#website\",\"url\":\"https:\\\/\\\/jetline.pl\\\/en\\\/\",\"name\":\"Jet Line\",\"description\":\"Tworzymy przestrze\u0144 do komunikacji\",\"publisher\":{\"@id\":\"https:\\\/\\\/jetline.pl\\\/en\\\/#organization\"},\"potentialAction\":[{\"@type\":\"SearchAction\",\"target\":{\"@type\":\"EntryPoint\",\"urlTemplate\":\"https:\\\/\\\/jetline.pl\\\/en\\\/?s={search_term_string}\"},\"query-input\":{\"@type\":\"PropertyValueSpecification\",\"valueRequired\":true,\"valueName\":\"search_term_string\"}}],\"inLanguage\":\"en-US\"},{\"@type\":\"Organization\",\"@id\":\"https:\\\/\\\/jetline.pl\\\/en\\\/#organization\",\"name\":\"Jet Line\",\"url\":\"https:\\\/\\\/jetline.pl\\\/en\\\/\",\"logo\":{\"@type\":\"ImageObject\",\"inLanguage\":\"en-US\",\"@id\":\"https:\\\/\\\/jetline.pl\\\/en\\\/#\\\/schema\\\/logo\\\/image\\\/\",\"url\":\"https:\\\/\\\/jetline.pl\\\/wp-content\\\/uploads\\\/2024\\\/09\\\/logo_poziom_logo_poziom_czerwone-1.png\",\"contentUrl\":\"https:\\\/\\\/jetline.pl\\\/wp-content\\\/uploads\\\/2024\\\/09\\\/logo_poziom_logo_poziom_czerwone-1.png\",\"width\":4946,\"height\":2016,\"caption\":\"Jet Line\"},\"image\":{\"@id\":\"https:\\\/\\\/jetline.pl\\\/en\\\/#\\\/schema\\\/logo\\\/image\\\/\"}}]}<\/script>\n<!-- \/ Yoast SEO plugin. -->","yoast_head_json":{"title":"Nowy, stary projekt warszawskiej uchwa\u0142y krajobrazowej - Jet Line","description":"Na projekt uchwa\u0142y krajobrazowej dla Warszawy wszyscy czekali z niecierpliwo\u015bci\u0105.","robots":{"index":"index","follow":"follow","max-snippet":"max-snippet:-1","max-image-preview":"max-image-preview:large","max-video-preview":"max-video-preview:-1"},"canonical":"https:\/\/jetline.pl\/en\/ustawa-krajobrazowa\/nowy-stary-projekt-warszawskiej-uchwaly-krajobrazowej\/","og_locale":"en_US","og_type":"article","og_title":"Nowy, stary projekt warszawskiej uchwa\u0142y krajobrazowej - Jet Line","og_description":"Na projekt uchwa\u0142y krajobrazowej dla Warszawy wszyscy czekali z niecierpliwo\u015bci\u0105.","og_url":"https:\/\/jetline.pl\/en\/ustawa-krajobrazowa\/nowy-stary-projekt-warszawskiej-uchwaly-krajobrazowej\/","og_site_name":"Jet Line","og_image":[{"width":889,"height":532,"url":"https:\/\/jetline.pl\/wp-content\/uploads\/2024\/09\/ukwwa.jpg","type":"image\/jpeg"}],"twitter_card":"summary_large_image","twitter_misc":{"Est. reading time":"2 minutes"},"schema":{"@context":"https:\/\/schema.org","@graph":[{"@type":"WebPage","@id":"https:\/\/jetline.pl\/en\/ustawa-krajobrazowa\/nowy-stary-projekt-warszawskiej-uchwaly-krajobrazowej\/","url":"https:\/\/jetline.pl\/en\/ustawa-krajobrazowa\/nowy-stary-projekt-warszawskiej-uchwaly-krajobrazowej\/","name":"Nowy, stary projekt warszawskiej uchwa\u0142y krajobrazowej - Jet Line","isPartOf":{"@id":"https:\/\/jetline.pl\/en\/#website"},"primaryImageOfPage":{"@id":"https:\/\/jetline.pl\/en\/ustawa-krajobrazowa\/nowy-stary-projekt-warszawskiej-uchwaly-krajobrazowej\/#primaryimage"},"image":{"@id":"https:\/\/jetline.pl\/en\/ustawa-krajobrazowa\/nowy-stary-projekt-warszawskiej-uchwaly-krajobrazowej\/#primaryimage"},"thumbnailUrl":"https:\/\/jetline.pl\/wp-content\/uploads\/2024\/09\/ukwwa.jpg","datePublished":"2018-10-27T04:27:21+00:00","description":"Na projekt uchwa\u0142y krajobrazowej dla Warszawy wszyscy czekali z niecierpliwo\u015bci\u0105.","breadcrumb":{"@id":"https:\/\/jetline.pl\/en\/ustawa-krajobrazowa\/nowy-stary-projekt-warszawskiej-uchwaly-krajobrazowej\/#breadcrumb"},"inLanguage":"en-US","potentialAction":[{"@type":"ReadAction","target":["https:\/\/jetline.pl\/en\/ustawa-krajobrazowa\/nowy-stary-projekt-warszawskiej-uchwaly-krajobrazowej\/"]}]},{"@type":"ImageObject","inLanguage":"en-US","@id":"https:\/\/jetline.pl\/en\/ustawa-krajobrazowa\/nowy-stary-projekt-warszawskiej-uchwaly-krajobrazowej\/#primaryimage","url":"https:\/\/jetline.pl\/wp-content\/uploads\/2024\/09\/ukwwa.jpg","contentUrl":"https:\/\/jetline.pl\/wp-content\/uploads\/2024\/09\/ukwwa.jpg","width":889,"height":532},{"@type":"BreadcrumbList","@id":"https:\/\/jetline.pl\/en\/ustawa-krajobrazowa\/nowy-stary-projekt-warszawskiej-uchwaly-krajobrazowej\/#breadcrumb","itemListElement":[{"@type":"ListItem","position":1,"name":"Strona g\u0142\u00f3wna","item":"https:\/\/jetline.pl\/en\/"},{"@type":"ListItem","position":2,"name":"Ustawa krajobrazowa","item":"https:\/\/jetline.pl\/en\/ustawa-krajobrazowa\/"},{"@type":"ListItem","position":3,"name":"Nowy, stary projekt warszawskiej uchwa\u0142y krajobrazowej"}]},{"@type":"WebSite","@id":"https:\/\/jetline.pl\/en\/#website","url":"https:\/\/jetline.pl\/en\/","name":"Jet Line","description":"Tworzymy przestrze\u0144 do komunikacji","publisher":{"@id":"https:\/\/jetline.pl\/en\/#organization"},"potentialAction":[{"@type":"SearchAction","target":{"@type":"EntryPoint","urlTemplate":"https:\/\/jetline.pl\/en\/?s={search_term_string}"},"query-input":{"@type":"PropertyValueSpecification","valueRequired":true,"valueName":"search_term_string"}}],"inLanguage":"en-US"},{"@type":"Organization","@id":"https:\/\/jetline.pl\/en\/#organization","name":"Jet Line","url":"https:\/\/jetline.pl\/en\/","logo":{"@type":"ImageObject","inLanguage":"en-US","@id":"https:\/\/jetline.pl\/en\/#\/schema\/logo\/image\/","url":"https:\/\/jetline.pl\/wp-content\/uploads\/2024\/09\/logo_poziom_logo_poziom_czerwone-1.png","contentUrl":"https:\/\/jetline.pl\/wp-content\/uploads\/2024\/09\/logo_poziom_logo_poziom_czerwone-1.png","width":4946,"height":2016,"caption":"Jet Line"},"image":{"@id":"https:\/\/jetline.pl\/en\/#\/schema\/logo\/image\/"}}]}},"_links":{"self":[{"href":"https:\/\/jetline.pl\/en\/wp-json\/wp\/v2\/ustawa\/1740","targetHints":{"allow":["GET"]}}],"collection":[{"href":"https:\/\/jetline.pl\/en\/wp-json\/wp\/v2\/ustawa"}],"about":[{"href":"https:\/\/jetline.pl\/en\/wp-json\/wp\/v2\/types\/ustawa"}],"author":[{"embeddable":true,"href":"https:\/\/jetline.pl\/en\/wp-json\/wp\/v2\/users\/16"}],"wp:featuredmedia":[{"embeddable":true,"href":"https:\/\/jetline.pl\/en\/wp-json\/wp\/v2\/media\/1599"}],"wp:attachment":[{"href":"https:\/\/jetline.pl\/en\/wp-json\/wp\/v2\/media?parent=1740"}],"wp:term":[{"taxonomy":"ustawa_cat","embeddable":true,"href":"https:\/\/jetline.pl\/en\/wp-json\/wp\/v2\/ustawa_cat?post=1740"}],"curies":[{"name":"wp","href":"https:\/\/api.w.org\/{rel}","templated":true}]}}