{"id":1742,"date":"2019-03-01T09:03:20","date_gmt":"2019-03-01T08:03:20","guid":{"rendered":"https:\/\/jetline.presb.pl\/ustawa-krajobrazowa\/08-gmin-w-polsce-ma-uchwale-krajobrazowa-raport-na-dzien-28-lutego-2019-r\/"},"modified":"2024-09-04T12:57:09","modified_gmt":"2024-09-04T10:57:09","slug":"08-gmin-w-polsce-ma-uchwale-krajobrazowa-raport-na-dzien-28-lutego-2019-r","status":"publish","type":"ustawa","link":"https:\/\/jetline.pl\/en\/ustawa-krajobrazowa\/08-gmin-w-polsce-ma-uchwale-krajobrazowa-raport-na-dzien-28-lutego-2019-r\/","title":{"rendered":"0,8% gmin w Polsce ma uchwa\u0142\u0119 krajobrazow\u0105. Raport na dzie\u0144 28 lutego 2019 r."},"content":{"rendered":"<p><img loading=\"lazy\" decoding=\"async\" class=\"alignnone wp-image-11267 size-full\" src=\"https:\/\/jetline.pl\/wp-content\/uploads\/2024\/08\/2019_02_PROCES_UK-1.jpg\" alt=\"\" width=\"3157\" height=\"1778\" \/><\/p>\n<p>Uchwa\u0142y krajobrazowe w Polsce - w zesz\u0142ym tygodniu opublikowali\u015bmy raport dotycz\u0105cy stanu prac nad uchwa\u0142ami krajobrazowymi w o\u015bmiu najwi\u0119kszych miastach w Polsce (miastach G8 - link do artyku\u0142u:\u00a0\u00a0<a href=\"http:\/\/jetline.pl\/ustawa-krajobrazowa\/uchwaly-krajobrazowe-miastach-g8-miesiace-rozpoczeciu-nowej-kadencji-samorzadu\" target=\"_blank\" rel=\"noopener\">http:\/\/jetline.pl\/ustawa-krajobrazowa\/uchwaly-krajobrazowe-miastach-g8-miesiace-rozpoczeciu-nowej-kadencji-samorzadu<\/a>).<br \/>\nTym razem przedstawiamy, jak wygl\u0105daj\u0105 prace nad uchwa\u0142ami zwanymi tak\u017ce kodeksami reklamowymi w ca\u0142ym kraju.<\/p>\n<p>Uchwa\u0142y krajobrazowe s\u0105 prawem lokalnym, czyli ka\u017cda gmina tworzy w\u0142asn\u0105 uchwa\u0142\u0119, w\u0142asny kodeks reklamowy.<\/p>\n<p>Gmin w Polsce jest 2 478. Nie ma jednego miejsca \u2013 katalogu, rejestru, spisu - \u00a0w kt\u00f3rym mo\u017cna zapozna\u0107 si\u0119 z pracami nad danym zagadnieniem. Informacje s\u0105 rozproszone i znajduj\u0105 si\u0119 na stronach poszczeg\u00f3lnych gmin, w BIP (Biuletynie Informacji Publicznej) oraz na stronach urz\u0119d\u00f3w wojew\u00f3dzkich. Niniejsze opracowanie powsta\u0142o przy wykorzystaniu tych \u017ar\u00f3de\u0142 oraz na podstawie danych, jakie uzyskujemy stale monitoruj\u0105c ponad 250 gmin.<\/p>\n<p>Pierwszym krokiem w procesie tworzenia kodeksu reklamowego jest podj\u0119cie uchwa\u0142y intencyjnej zobowi\u0105zuj\u0105cej w\u00f3jta, burmistrza lub prezydenta miasta do przygotowania projektu uchwa\u0142y krajobrazowej. Dane, kt\u00f3rymi dysponujemy, pozwalaj\u0105 stwierdzi\u0107, \u017ce na razie jedynie 16% gmin w Polsce podj\u0119\u0142o uchwa\u0142\u0119 intencyjn\u0105. W wi\u0119kszo\u015bci samorz\u0105d\u00f3w na niej ko\u0144czy si\u0119 praca nad kodeksem reklamowym.<\/p>\n<p>Spo\u015br\u00f3d gmin, kt\u00f3re uchwali\u0142y uchwa\u0142\u0119 intencyjn\u0105, prac\u0119 nad projektem rozpoczyna co pi\u0105ta. Gotowy projekt lub szczeg\u00f3\u0142ow\u0105 koncepcj\u0119 przedstawi\u0142o co najmniej 46 gmin. S\u0105 w tej grupie najwi\u0119ksze miasta w Polsce, miasta \u015brednie i ma\u0142e oraz gminy wiejskie.<\/p>\n<p>Do kolejnego etapu - czyli wy\u0142o\u017cenia projektu, aby mogli zapozna\u0107 si\u0119 z nim mieszka\u0144cy i przedsi\u0119biorcy - dotar\u0142y 34 gminy. S\u0105 w\u015br\u00f3d nich gminy, kt\u00f3re do etapu wy\u0142o\u017cenia podchodz\u0105 po kilka razy \u2013 na przyk\u0142ad Krak\u00f3w czy Gda\u0144sk.<br \/>\nWy\u0142o\u017cenie jest ostatnim etapem, podczas kt\u00f3rego zainteresowani mog\u0105 wnosi\u0107 uwagi i propozycje poprawek. Uwagi s\u0105 nast\u0119pnie rozpatrywane i w zale\u017cno\u015bci od decyzji osoby odpowiedzialnej za tworzenie projektu \u2013 wprowadzane do projektu lub nie. Niezaakceptowane uwagi s\u0105 zebrane w jednym dokumencie i przedstawione do wiadomo\u015bci radnych razem z gotowym projektem uchwa\u0142y. Nast\u0119pnie podlegaj\u0105 g\u0142osowaniu przez Rad\u0119 Gminy razem z projektem uchwa\u0142y, ale ich los jest raczej przes\u0105dzony i zazwyczaj zostaj\u0105 odrzucone w g\u0142osowaniu.<\/p>\n<p>Etap g\u0142osowania ma za sob\u0105 20 gmin: \u0141\u00f3d\u017a, Opole, Ciechan\u00f3w (dwukrotnie), Wyszk\u00f3w (dwukrotnie), Kobylnica, Baran\u00f3w, Lubin, Ko\u0142baskowo, Koronowo, Nowy S\u0105cz, Nysa, Postomino, Gda\u0144sk, Sopot, Suchy Las, Szczawno Zdr\u00f3j, Janowice Wielkie, Bochnia, Bartoszyce, M\u0142ynary. By\u0107 mo\u017ce w marcu 2019 r. do tego grona do\u0142\u0105czy Piaseczno, aczkolwiek termin ten by\u0142 ju\u017c przek\u0142adany.<\/p>\n<p>Uchwa\u0142y w Ciechanowie (pierwszy projekt), Ko\u0142baskowie, Janowicach Wielkich, Nysie zosta\u0142y w cz\u0119\u015bci uchylone przez wojewod\u00f3w. W przypadku pierwszego projektu w Wyszkowie, wojewoda uchyli\u0142 dokument w ca\u0142o\u015bci \u00a0jako niezgodny z prawem. Pierwsza uchwa\u0142a krajobrazowa w Polsce powsta\u0142a w Ciechanowie 28 kwietnia 2016 r. i w\u0142a\u015bnie ko\u0144czy sw\u00f3j \u017cywot, gdy\u017c miesi\u0105c temu Rada Miasta Ciechanowa uchwali\u0142a kolejn\u0105 uchwa\u0142\u0119.<br \/>\nUchwa\u0142y w \u0141odzi, Opolu, Gda\u0144sku, Nysie zosta\u0142y zaskar\u017cone i o ich zgodno\u015bci z prawem zadecyduj\u0105 Wojew\u00f3dzkie S\u0105dy Administracyjne lub Naczelny S\u0105d Administracyjny.<\/p>\n<p>Tworzenie zapis\u00f3w niezgodnych z prawem, zak\u0142adanie ich zmienno\u015bci ju\u017c na etapie tworzenia, brak czytelnych zasad realizacji zapis\u00f3w uchwa\u0142y \u2013 to najcz\u0119stsze i najwi\u0119ksze problemy powstaj\u0105cych uchwa\u0142 krajobrazowych.<\/p>\n<p>Gminami, w kt\u00f3rych up\u0142yn\u0105\u0142 okres dostosowania, czyli czas w kt\u00f3rym nale\u017cy przystosowa\u0107 istniej\u0105ce tablice reklamowe do zapis\u00f3w uchwa\u0142y s\u0105: Baran\u00f3w k. Lublina, Koronowo, Lubin, Nowy S\u0105cz, Postomino. W marcu zako\u0144czy si\u0119 okres dostosowania w Bartoszycach i Bochni. Oznacza to, \u017ce wszystkie tablice reklamowe, kt\u00f3re nie s\u0105 zgodne z ustaleniami zawartymi w uchwale, musz\u0105 by\u0107 zdemontowane. Za niezdemontowanie takiej tablicy s\u0105 przewidziane bardzo wysokie kary (dla tablicy 12 m<sup>2<\/sup> kara wynosi 5\u00a0880,00 z\u0142otych miesi\u0119cznie).<\/p>\n<p>Gminy, kt\u00f3re maj\u0105 uchwa\u0142\u0119 krajobrazow\u0105, mog\u0105 wprowadzi\u0107 op\u0142at\u0119 reklamow\u0105 \u2013 na taki krok zdecydowa\u0142y si\u0119 gminy: Ciechan\u00f3w, Kobylnica, Lubin i Baran\u00f3w, przy czym Ciechan\u00f3w i Lubin wycofa\u0142y si\u0119 ze swoich uchwa\u0142.<\/p>\n<p>Wiele gmin wycofuje si\u0119 \u00a0z prac nad uchwa\u0142ami na r\u00f3\u017cnym etapie, warto zapozna\u0107 si\u0119 z kilkoma przyk\u0142adami:<\/p>\n<p><a href=\"https:\/\/www.asta24.pl\/2017\/10\/28\/uchwala-krajobrazowa-podjeta\/\" target=\"_blank\" rel=\"noopener\">https:\/\/www.asta24.pl\/2017\/10\/28\/uchwala-krajobrazowa-podjeta\/<\/a><\/p>\n<p><a href=\"http:\/\/www.lubin.pl\/nie-bedzie-oplat-za-reklamy\/\" target=\"_blank\" rel=\"noopener\">http:\/\/www.lubin.pl\/nie-bedzie-oplat-za-reklamy\/<\/a><\/p>\n<p><a href=\"http:\/\/krakow.wyborcza.pl\/krakow\/7,44425,24364489,krakowskie-klopoty-z-uchwala-krajobrazowa-malo-reklam-tez.html\" target=\"_blank\" rel=\"noopener\">http:\/\/krakow.wyborcza.pl\/krakow\/7,44425,24364489,krakowskie-klopoty-z-uchwala-krajobrazowa-malo-reklam-tez.html<\/a><\/p>\n<p>S\u0105 gminy, kt\u00f3re dawno przygotowa\u0142y projekt, czekaj\u0105cy nast\u0119pnie na g\u0142osowanie.<br \/>\nRekordzist\u0105 jest Szczecin, kt\u00f3ry od wiosny 2017 roku ma gotowy projekt oczekuj\u0105cy na g\u0142osowanie.<\/p>\n<p>Tzw. ustawa krajobrazowa wesz\u0142a w \u017cycie we wrze\u015bniu 2015 roku.<br \/>\nOd tego momentu trwaj\u0105 w Polsce prace nad uchwa\u0142ami krajobrazowymi. Do tej pory \u2013 czyli w ci\u0105gu 3,5 roku - niespe\u0142na 0,8% gmin w Polsce uchwali\u0142o kodeksy reklamowe.<br \/>\nS\u0105dz\u0119, \u017ce dla coraz wi\u0119kszej liczby ludzi jest oczywiste, \u017ce tworzenie lokalnego prawa na podstawie wadliwej ustawy jest przedsi\u0119wzi\u0119ciem szalenie trudnym: czasoch\u0142onnym, kosztoch\u0142onnym. Trzeba r\u00f3wnie\u017c pami\u0119ta\u0107, \u017ce wi\u0119kszo\u015b\u0107 ma\u0142ych gmin nie ma potrzeby tworzenia uchwa\u0142y krajobrazowej. Zgodnie z ankiet\u0105 Instytutu Gospodarki Przestrzennej i Mieszkalnictwa z 2017 r. - 74% gmin uwa\u017ca, \u017ce zjawisko nadmiaru tablic i urz\u0105dze\u0144 reklamowych nie wyst\u0119puje lub wyst\u0119puje w niewielkim stopniu.<\/p>\n<p>Pora zrewidowa\u0107 pok\u0142adane w ustawie krajobrazowej nadzieje i zacz\u0105\u0107 egzekwowa\u0107 prawo z pomoc\u0105 narz\u0119dzi, kt\u00f3re istniej\u0105 od dawna: plany miejscowe, parki kulturowe, prawo budowlane.<br \/>\nAlternatyw\u0105 jest zmiana ustawy.<br \/>\nA poza tym wszystkim nale\u017cy zadba\u0107 o edukacj\u0119 i kszta\u0142cenie poczucia odpowiedzialno\u015bci za wsp\u00f3ln\u0105 przestrze\u0144.<\/p>\n","protected":false},"author":16,"featured_media":1603,"template":"","ustawa_cat":[],"class_list":["post-1742","ustawa","type-ustawa","status-publish","has-post-thumbnail","hentry"],"acf":[],"yoast_head":"<!-- This site is optimized with the Yoast SEO plugin v27.5 - https:\/\/yoast.com\/product\/yoast-seo-wordpress\/ -->\n<title>0,8% gmin w Polsce ma uchwa\u0142\u0119 krajobrazow\u0105. Raport na dzie\u0144 28 lutego 2019 r. - Jet Line<\/title>\n<meta name=\"description\" content=\"Uchwa\u0142y krajobrazowe w Polsce - jak wygl\u0105da stan prac nad lokalnym prawem dotycz\u0105cym mi\u0119dzy innymi reklam w przestrzeni? Oto nasz kr\u00f3tki raport na dzie\u0144 28 lutego 2019 r.\" \/>\n<meta name=\"robots\" content=\"index, follow, max-snippet:-1, max-image-preview:large, max-video-preview:-1\" \/>\n<link rel=\"canonical\" href=\"https:\/\/jetline.pl\/en\/ustawa-krajobrazowa\/08-gmin-w-polsce-ma-uchwale-krajobrazowa-raport-na-dzien-28-lutego-2019-r\/\" \/>\n<meta property=\"og:locale\" content=\"en_US\" \/>\n<meta property=\"og:type\" content=\"article\" \/>\n<meta property=\"og:title\" content=\"0,8% gmin w Polsce ma uchwa\u0142\u0119 krajobrazow\u0105. Raport na dzie\u0144 28 lutego 2019 r. - Jet Line\" \/>\n<meta property=\"og:description\" content=\"Uchwa\u0142y krajobrazowe w Polsce - jak wygl\u0105da stan prac nad lokalnym prawem dotycz\u0105cym mi\u0119dzy innymi reklam w przestrzeni? Oto nasz kr\u00f3tki raport na dzie\u0144 28 lutego 2019 r.\" \/>\n<meta property=\"og:url\" content=\"https:\/\/jetline.pl\/en\/ustawa-krajobrazowa\/08-gmin-w-polsce-ma-uchwale-krajobrazowa-raport-na-dzien-28-lutego-2019-r\/\" \/>\n<meta property=\"og:site_name\" content=\"Jet Line\" \/>\n<meta property=\"article:modified_time\" content=\"2024-09-04T10:57:09+00:00\" \/>\n<meta property=\"og:image\" content=\"https:\/\/jetline.pl\/wp-content\/uploads\/2024\/09\/2019_02_PROCES_UK-\u2014-kopia.jpg\" \/>\n\t<meta property=\"og:image:width\" content=\"640\" \/>\n\t<meta property=\"og:image:height\" content=\"360\" \/>\n\t<meta property=\"og:image:type\" content=\"image\/jpeg\" \/>\n<meta name=\"twitter:card\" content=\"summary_large_image\" \/>\n<meta name=\"twitter:label1\" content=\"Est. reading time\" \/>\n\t<meta name=\"twitter:data1\" content=\"5 minutes\" \/>\n<script type=\"application\/ld+json\" class=\"yoast-schema-graph\">{\"@context\":\"https:\\\/\\\/schema.org\",\"@graph\":[{\"@type\":\"WebPage\",\"@id\":\"https:\\\/\\\/jetline.pl\\\/en\\\/ustawa-krajobrazowa\\\/08-gmin-w-polsce-ma-uchwale-krajobrazowa-raport-na-dzien-28-lutego-2019-r\\\/\",\"url\":\"https:\\\/\\\/jetline.pl\\\/en\\\/ustawa-krajobrazowa\\\/08-gmin-w-polsce-ma-uchwale-krajobrazowa-raport-na-dzien-28-lutego-2019-r\\\/\",\"name\":\"0,8% gmin w Polsce ma uchwa\u0142\u0119 krajobrazow\u0105. Raport na dzie\u0144 28 lutego 2019 r. - Jet Line\",\"isPartOf\":{\"@id\":\"https:\\\/\\\/jetline.pl\\\/en\\\/#website\"},\"primaryImageOfPage\":{\"@id\":\"https:\\\/\\\/jetline.pl\\\/en\\\/ustawa-krajobrazowa\\\/08-gmin-w-polsce-ma-uchwale-krajobrazowa-raport-na-dzien-28-lutego-2019-r\\\/#primaryimage\"},\"image\":{\"@id\":\"https:\\\/\\\/jetline.pl\\\/en\\\/ustawa-krajobrazowa\\\/08-gmin-w-polsce-ma-uchwale-krajobrazowa-raport-na-dzien-28-lutego-2019-r\\\/#primaryimage\"},\"thumbnailUrl\":\"https:\\\/\\\/jetline.pl\\\/wp-content\\\/uploads\\\/2024\\\/09\\\/2019_02_PROCES_UK-\u2014-kopia.jpg\",\"datePublished\":\"2019-03-01T08:03:20+00:00\",\"dateModified\":\"2024-09-04T10:57:09+00:00\",\"description\":\"Uchwa\u0142y krajobrazowe w Polsce - jak wygl\u0105da stan prac nad lokalnym prawem dotycz\u0105cym mi\u0119dzy innymi reklam w przestrzeni? Oto nasz kr\u00f3tki raport na dzie\u0144 28 lutego 2019 r.\",\"breadcrumb\":{\"@id\":\"https:\\\/\\\/jetline.pl\\\/en\\\/ustawa-krajobrazowa\\\/08-gmin-w-polsce-ma-uchwale-krajobrazowa-raport-na-dzien-28-lutego-2019-r\\\/#breadcrumb\"},\"inLanguage\":\"en-US\",\"potentialAction\":[{\"@type\":\"ReadAction\",\"target\":[\"https:\\\/\\\/jetline.pl\\\/en\\\/ustawa-krajobrazowa\\\/08-gmin-w-polsce-ma-uchwale-krajobrazowa-raport-na-dzien-28-lutego-2019-r\\\/\"]}]},{\"@type\":\"ImageObject\",\"inLanguage\":\"en-US\",\"@id\":\"https:\\\/\\\/jetline.pl\\\/en\\\/ustawa-krajobrazowa\\\/08-gmin-w-polsce-ma-uchwale-krajobrazowa-raport-na-dzien-28-lutego-2019-r\\\/#primaryimage\",\"url\":\"https:\\\/\\\/jetline.pl\\\/wp-content\\\/uploads\\\/2024\\\/09\\\/2019_02_PROCES_UK-\u2014-kopia.jpg\",\"contentUrl\":\"https:\\\/\\\/jetline.pl\\\/wp-content\\\/uploads\\\/2024\\\/09\\\/2019_02_PROCES_UK-\u2014-kopia.jpg\",\"width\":640,\"height\":360},{\"@type\":\"BreadcrumbList\",\"@id\":\"https:\\\/\\\/jetline.pl\\\/en\\\/ustawa-krajobrazowa\\\/08-gmin-w-polsce-ma-uchwale-krajobrazowa-raport-na-dzien-28-lutego-2019-r\\\/#breadcrumb\",\"itemListElement\":[{\"@type\":\"ListItem\",\"position\":1,\"name\":\"Strona g\u0142\u00f3wna\",\"item\":\"https:\\\/\\\/jetline.pl\\\/en\\\/\"},{\"@type\":\"ListItem\",\"position\":2,\"name\":\"Ustawa krajobrazowa\",\"item\":\"https:\\\/\\\/jetline.pl\\\/en\\\/ustawa-krajobrazowa\\\/\"},{\"@type\":\"ListItem\",\"position\":3,\"name\":\"0,8% gmin w Polsce ma uchwa\u0142\u0119 krajobrazow\u0105. Raport na dzie\u0144 28 lutego 2019 r.\"}]},{\"@type\":\"WebSite\",\"@id\":\"https:\\\/\\\/jetline.pl\\\/en\\\/#website\",\"url\":\"https:\\\/\\\/jetline.pl\\\/en\\\/\",\"name\":\"Jet Line\",\"description\":\"Tworzymy przestrze\u0144 do komunikacji\",\"publisher\":{\"@id\":\"https:\\\/\\\/jetline.pl\\\/en\\\/#organization\"},\"potentialAction\":[{\"@type\":\"SearchAction\",\"target\":{\"@type\":\"EntryPoint\",\"urlTemplate\":\"https:\\\/\\\/jetline.pl\\\/en\\\/?s={search_term_string}\"},\"query-input\":{\"@type\":\"PropertyValueSpecification\",\"valueRequired\":true,\"valueName\":\"search_term_string\"}}],\"inLanguage\":\"en-US\"},{\"@type\":\"Organization\",\"@id\":\"https:\\\/\\\/jetline.pl\\\/en\\\/#organization\",\"name\":\"Jet Line\",\"url\":\"https:\\\/\\\/jetline.pl\\\/en\\\/\",\"logo\":{\"@type\":\"ImageObject\",\"inLanguage\":\"en-US\",\"@id\":\"https:\\\/\\\/jetline.pl\\\/en\\\/#\\\/schema\\\/logo\\\/image\\\/\",\"url\":\"https:\\\/\\\/jetline.pl\\\/wp-content\\\/uploads\\\/2024\\\/09\\\/logo_poziom_logo_poziom_czerwone-1.png\",\"contentUrl\":\"https:\\\/\\\/jetline.pl\\\/wp-content\\\/uploads\\\/2024\\\/09\\\/logo_poziom_logo_poziom_czerwone-1.png\",\"width\":4946,\"height\":2016,\"caption\":\"Jet Line\"},\"image\":{\"@id\":\"https:\\\/\\\/jetline.pl\\\/en\\\/#\\\/schema\\\/logo\\\/image\\\/\"}}]}<\/script>\n<!-- \/ Yoast SEO plugin. -->","yoast_head_json":{"title":"0,8% gmin w Polsce ma uchwa\u0142\u0119 krajobrazow\u0105. Raport na dzie\u0144 28 lutego 2019 r. - Jet Line","description":"Uchwa\u0142y krajobrazowe w Polsce - jak wygl\u0105da stan prac nad lokalnym prawem dotycz\u0105cym mi\u0119dzy innymi reklam w przestrzeni? Oto nasz kr\u00f3tki raport na dzie\u0144 28 lutego 2019 r.","robots":{"index":"index","follow":"follow","max-snippet":"max-snippet:-1","max-image-preview":"max-image-preview:large","max-video-preview":"max-video-preview:-1"},"canonical":"https:\/\/jetline.pl\/en\/ustawa-krajobrazowa\/08-gmin-w-polsce-ma-uchwale-krajobrazowa-raport-na-dzien-28-lutego-2019-r\/","og_locale":"en_US","og_type":"article","og_title":"0,8% gmin w Polsce ma uchwa\u0142\u0119 krajobrazow\u0105. Raport na dzie\u0144 28 lutego 2019 r. - Jet Line","og_description":"Uchwa\u0142y krajobrazowe w Polsce - jak wygl\u0105da stan prac nad lokalnym prawem dotycz\u0105cym mi\u0119dzy innymi reklam w przestrzeni? Oto nasz kr\u00f3tki raport na dzie\u0144 28 lutego 2019 r.","og_url":"https:\/\/jetline.pl\/en\/ustawa-krajobrazowa\/08-gmin-w-polsce-ma-uchwale-krajobrazowa-raport-na-dzien-28-lutego-2019-r\/","og_site_name":"Jet Line","article_modified_time":"2024-09-04T10:57:09+00:00","og_image":[{"width":640,"height":360,"url":"https:\/\/jetline.pl\/wp-content\/uploads\/2024\/09\/2019_02_PROCES_UK-\u2014-kopia.jpg","type":"image\/jpeg"}],"twitter_card":"summary_large_image","twitter_misc":{"Est. reading time":"5 minutes"},"schema":{"@context":"https:\/\/schema.org","@graph":[{"@type":"WebPage","@id":"https:\/\/jetline.pl\/en\/ustawa-krajobrazowa\/08-gmin-w-polsce-ma-uchwale-krajobrazowa-raport-na-dzien-28-lutego-2019-r\/","url":"https:\/\/jetline.pl\/en\/ustawa-krajobrazowa\/08-gmin-w-polsce-ma-uchwale-krajobrazowa-raport-na-dzien-28-lutego-2019-r\/","name":"0,8% gmin w Polsce ma uchwa\u0142\u0119 krajobrazow\u0105. Raport na dzie\u0144 28 lutego 2019 r. - Jet Line","isPartOf":{"@id":"https:\/\/jetline.pl\/en\/#website"},"primaryImageOfPage":{"@id":"https:\/\/jetline.pl\/en\/ustawa-krajobrazowa\/08-gmin-w-polsce-ma-uchwale-krajobrazowa-raport-na-dzien-28-lutego-2019-r\/#primaryimage"},"image":{"@id":"https:\/\/jetline.pl\/en\/ustawa-krajobrazowa\/08-gmin-w-polsce-ma-uchwale-krajobrazowa-raport-na-dzien-28-lutego-2019-r\/#primaryimage"},"thumbnailUrl":"https:\/\/jetline.pl\/wp-content\/uploads\/2024\/09\/2019_02_PROCES_UK-\u2014-kopia.jpg","datePublished":"2019-03-01T08:03:20+00:00","dateModified":"2024-09-04T10:57:09+00:00","description":"Uchwa\u0142y krajobrazowe w Polsce - jak wygl\u0105da stan prac nad lokalnym prawem dotycz\u0105cym mi\u0119dzy innymi reklam w przestrzeni? Oto nasz kr\u00f3tki raport na dzie\u0144 28 lutego 2019 r.","breadcrumb":{"@id":"https:\/\/jetline.pl\/en\/ustawa-krajobrazowa\/08-gmin-w-polsce-ma-uchwale-krajobrazowa-raport-na-dzien-28-lutego-2019-r\/#breadcrumb"},"inLanguage":"en-US","potentialAction":[{"@type":"ReadAction","target":["https:\/\/jetline.pl\/en\/ustawa-krajobrazowa\/08-gmin-w-polsce-ma-uchwale-krajobrazowa-raport-na-dzien-28-lutego-2019-r\/"]}]},{"@type":"ImageObject","inLanguage":"en-US","@id":"https:\/\/jetline.pl\/en\/ustawa-krajobrazowa\/08-gmin-w-polsce-ma-uchwale-krajobrazowa-raport-na-dzien-28-lutego-2019-r\/#primaryimage","url":"https:\/\/jetline.pl\/wp-content\/uploads\/2024\/09\/2019_02_PROCES_UK-\u2014-kopia.jpg","contentUrl":"https:\/\/jetline.pl\/wp-content\/uploads\/2024\/09\/2019_02_PROCES_UK-\u2014-kopia.jpg","width":640,"height":360},{"@type":"BreadcrumbList","@id":"https:\/\/jetline.pl\/en\/ustawa-krajobrazowa\/08-gmin-w-polsce-ma-uchwale-krajobrazowa-raport-na-dzien-28-lutego-2019-r\/#breadcrumb","itemListElement":[{"@type":"ListItem","position":1,"name":"Strona g\u0142\u00f3wna","item":"https:\/\/jetline.pl\/en\/"},{"@type":"ListItem","position":2,"name":"Ustawa krajobrazowa","item":"https:\/\/jetline.pl\/en\/ustawa-krajobrazowa\/"},{"@type":"ListItem","position":3,"name":"0,8% gmin w Polsce ma uchwa\u0142\u0119 krajobrazow\u0105. Raport na dzie\u0144 28 lutego 2019 r."}]},{"@type":"WebSite","@id":"https:\/\/jetline.pl\/en\/#website","url":"https:\/\/jetline.pl\/en\/","name":"Jet Line","description":"Tworzymy przestrze\u0144 do komunikacji","publisher":{"@id":"https:\/\/jetline.pl\/en\/#organization"},"potentialAction":[{"@type":"SearchAction","target":{"@type":"EntryPoint","urlTemplate":"https:\/\/jetline.pl\/en\/?s={search_term_string}"},"query-input":{"@type":"PropertyValueSpecification","valueRequired":true,"valueName":"search_term_string"}}],"inLanguage":"en-US"},{"@type":"Organization","@id":"https:\/\/jetline.pl\/en\/#organization","name":"Jet Line","url":"https:\/\/jetline.pl\/en\/","logo":{"@type":"ImageObject","inLanguage":"en-US","@id":"https:\/\/jetline.pl\/en\/#\/schema\/logo\/image\/","url":"https:\/\/jetline.pl\/wp-content\/uploads\/2024\/09\/logo_poziom_logo_poziom_czerwone-1.png","contentUrl":"https:\/\/jetline.pl\/wp-content\/uploads\/2024\/09\/logo_poziom_logo_poziom_czerwone-1.png","width":4946,"height":2016,"caption":"Jet Line"},"image":{"@id":"https:\/\/jetline.pl\/en\/#\/schema\/logo\/image\/"}}]}},"_links":{"self":[{"href":"https:\/\/jetline.pl\/en\/wp-json\/wp\/v2\/ustawa\/1742","targetHints":{"allow":["GET"]}}],"collection":[{"href":"https:\/\/jetline.pl\/en\/wp-json\/wp\/v2\/ustawa"}],"about":[{"href":"https:\/\/jetline.pl\/en\/wp-json\/wp\/v2\/types\/ustawa"}],"author":[{"embeddable":true,"href":"https:\/\/jetline.pl\/en\/wp-json\/wp\/v2\/users\/16"}],"wp:featuredmedia":[{"embeddable":true,"href":"https:\/\/jetline.pl\/en\/wp-json\/wp\/v2\/media\/1603"}],"wp:attachment":[{"href":"https:\/\/jetline.pl\/en\/wp-json\/wp\/v2\/media?parent=1742"}],"wp:term":[{"taxonomy":"ustawa_cat","embeddable":true,"href":"https:\/\/jetline.pl\/en\/wp-json\/wp\/v2\/ustawa_cat?post=1742"}],"curies":[{"name":"wp","href":"https:\/\/api.w.org\/{rel}","templated":true}]}}