{"id":1743,"date":"2019-04-03T17:40:32","date_gmt":"2019-04-03T15:40:32","guid":{"rendered":"https:\/\/jetline.presb.pl\/ustawa-krajobrazowa\/opole-refleksja-przed-ostatnim-dzwonkiem\/"},"modified":"2024-09-04T12:57:09","modified_gmt":"2024-09-04T10:57:09","slug":"opole-refleksja-przed-ostatnim-dzwonkiem","status":"publish","type":"ustawa","link":"https:\/\/jetline.pl\/en\/ustawa-krajobrazowa\/opole-refleksja-przed-ostatnim-dzwonkiem\/","title":{"rendered":"Opole - refleksja przed ostatnim dzwonkiem"},"content":{"rendered":"<p><img loading=\"lazy\" decoding=\"async\" class=\"alignnone wp-image-11291 size-full\" src=\"https:\/\/jetline.pl\/wp-content\/uploads\/2024\/08\/Opole.jpg\" alt=\"\" width=\"656\" height=\"578\" \/><\/p>\n<p>Opole jako jedno z pierwszych miast w Polsce uchwali\u0142o kodeks krajobrazowy. Mia\u0142o to miejsce pod koniec 2016 roku. Projekt, zawieraj\u0105cy bardzo du\u017co b\u0142\u0119d\u00f3w, zosta\u0142 zaskar\u017cony do Wojew\u00f3dzkiego S\u0105du Administracyjnego i sprawa czeka na rozstrzygni\u0119cie w NSA.<br \/>\nPod koniec lipca br. minie termin, do kiedy istniej\u0105ce w mie\u015bcie tablice reklamowe powinny zosta\u0107 zdemontowane lub dostosowane do warunk\u00f3w uchwa\u0142y. By\u0107 mo\u017ce da\u0142oby si\u0119 to zrobi\u0107, gdyby uchwa\u0142a zawiera\u0142a takie regulacje.<br \/>\nZapewne dlatego jutro (4 kwietnia 2019 r. ) Prezydent Miasta Opola wy\u0142o\u017cy do publicznego wgl\u0105du projekt nowej uchwa\u0142y w sprawie ustalenia zasad i warunk\u00f3w sytuowania obiekt\u00f3w ma\u0142ej architektury, tablic reklamowych i urz\u0105dze\u0144 reklamowych oraz ogrodze\u0144 w Opolu.<br \/>\nDo wy\u017cej wymienionego projektu uchwa\u0142y zainteresowani mog\u0105 sk\u0142ada\u0107 uwagi w\u00a0terminie do dnia 22 maja 2019 r. Po tej dacie nale\u017cy zatem spodziewa\u0107 si\u0119 uchylenia obecnej uchwa\u0142y i wprowadzenia nowej.<br \/>\nOpole jest kolejnym miastem, kt\u00f3re najpierw uchwala, a potem analizuje konsekwencje. Szkoda, \u017ce odbywa si\u0119 to w tej kolejno\u015bci i szkoda, \u017ce znowu bez szerokich konsultacji.<\/p>\n<p>Wi\u0119cej:<br \/>\n<a href=\"http:\/\/www.komunikaty.pl\/komunikaty\/p\/Komunikaty\/6455348\/ogloszenie+o+wylozeniu+do+publicznego+wgladu+p\" target=\"_blank\" rel=\"noopener\">http:\/\/www.komunikaty.pl\/komunikaty\/p\/Komunikaty\/6455348\/ogloszenie+o+wylozeniu+do+publicznego+wgladu+p<\/a><\/p>\n","protected":false},"author":16,"featured_media":1605,"template":"","ustawa_cat":[],"class_list":["post-1743","ustawa","type-ustawa","status-publish","has-post-thumbnail","hentry"],"acf":[],"yoast_head":"<!-- This site is optimized with the Yoast SEO plugin v27.5 - https:\/\/yoast.com\/product\/yoast-seo-wordpress\/ -->\n<title>Opole - refleksja przed ostatnim dzwonkiem - Jet Line<\/title>\n<meta name=\"description\" content=\"Opole jako jedno z pierwszych miast w Polsce uchwali\u0142o kodeks krajobrazowy. Projekt, zawieraj\u0105cy bardzo du\u017co b\u0142\u0119d\u00f3w, zosta\u0142 zaskar\u017cony do Wojew\u00f3dzkiego S\u0105du Administracyjnego i sprawa czeka na rozstrzygni\u0119cie w NSA.\" \/>\n<meta name=\"robots\" content=\"index, follow, max-snippet:-1, max-image-preview:large, max-video-preview:-1\" \/>\n<link rel=\"canonical\" href=\"https:\/\/jetline.pl\/en\/ustawa-krajobrazowa\/opole-refleksja-przed-ostatnim-dzwonkiem\/\" \/>\n<meta property=\"og:locale\" content=\"en_US\" \/>\n<meta property=\"og:type\" content=\"article\" \/>\n<meta property=\"og:title\" content=\"Opole - refleksja przed ostatnim dzwonkiem - Jet Line\" \/>\n<meta property=\"og:description\" content=\"Opole jako jedno z pierwszych miast w Polsce uchwali\u0142o kodeks krajobrazowy. Projekt, zawieraj\u0105cy bardzo du\u017co b\u0142\u0119d\u00f3w, zosta\u0142 zaskar\u017cony do Wojew\u00f3dzkiego S\u0105du Administracyjnego i sprawa czeka na rozstrzygni\u0119cie w NSA.\" \/>\n<meta property=\"og:url\" content=\"https:\/\/jetline.pl\/en\/ustawa-krajobrazowa\/opole-refleksja-przed-ostatnim-dzwonkiem\/\" \/>\n<meta property=\"og:site_name\" content=\"Jet Line\" \/>\n<meta property=\"article:modified_time\" content=\"2024-09-04T10:57:09+00:00\" \/>\n<meta property=\"og:image\" content=\"https:\/\/jetline.pl\/wp-content\/uploads\/2024\/09\/Opole.jpg\" \/>\n\t<meta property=\"og:image:width\" content=\"656\" \/>\n\t<meta property=\"og:image:height\" content=\"578\" \/>\n\t<meta property=\"og:image:type\" content=\"image\/jpeg\" \/>\n<meta name=\"twitter:card\" content=\"summary_large_image\" \/>\n<meta name=\"twitter:label1\" content=\"Est. reading time\" \/>\n\t<meta name=\"twitter:data1\" content=\"1 minute\" \/>\n<script type=\"application\/ld+json\" class=\"yoast-schema-graph\">{\"@context\":\"https:\\\/\\\/schema.org\",\"@graph\":[{\"@type\":\"WebPage\",\"@id\":\"https:\\\/\\\/jetline.pl\\\/en\\\/ustawa-krajobrazowa\\\/opole-refleksja-przed-ostatnim-dzwonkiem\\\/\",\"url\":\"https:\\\/\\\/jetline.pl\\\/en\\\/ustawa-krajobrazowa\\\/opole-refleksja-przed-ostatnim-dzwonkiem\\\/\",\"name\":\"Opole - refleksja przed ostatnim dzwonkiem - Jet Line\",\"isPartOf\":{\"@id\":\"https:\\\/\\\/jetline.pl\\\/en\\\/#website\"},\"primaryImageOfPage\":{\"@id\":\"https:\\\/\\\/jetline.pl\\\/en\\\/ustawa-krajobrazowa\\\/opole-refleksja-przed-ostatnim-dzwonkiem\\\/#primaryimage\"},\"image\":{\"@id\":\"https:\\\/\\\/jetline.pl\\\/en\\\/ustawa-krajobrazowa\\\/opole-refleksja-przed-ostatnim-dzwonkiem\\\/#primaryimage\"},\"thumbnailUrl\":\"https:\\\/\\\/jetline.pl\\\/wp-content\\\/uploads\\\/2024\\\/09\\\/Opole.jpg\",\"datePublished\":\"2019-04-03T15:40:32+00:00\",\"dateModified\":\"2024-09-04T10:57:09+00:00\",\"description\":\"Opole jako jedno z pierwszych miast w Polsce uchwali\u0142o kodeks krajobrazowy. Projekt, zawieraj\u0105cy bardzo du\u017co b\u0142\u0119d\u00f3w, zosta\u0142 zaskar\u017cony do Wojew\u00f3dzkiego S\u0105du Administracyjnego i sprawa czeka na rozstrzygni\u0119cie w NSA.\",\"breadcrumb\":{\"@id\":\"https:\\\/\\\/jetline.pl\\\/en\\\/ustawa-krajobrazowa\\\/opole-refleksja-przed-ostatnim-dzwonkiem\\\/#breadcrumb\"},\"inLanguage\":\"en-US\",\"potentialAction\":[{\"@type\":\"ReadAction\",\"target\":[\"https:\\\/\\\/jetline.pl\\\/en\\\/ustawa-krajobrazowa\\\/opole-refleksja-przed-ostatnim-dzwonkiem\\\/\"]}]},{\"@type\":\"ImageObject\",\"inLanguage\":\"en-US\",\"@id\":\"https:\\\/\\\/jetline.pl\\\/en\\\/ustawa-krajobrazowa\\\/opole-refleksja-przed-ostatnim-dzwonkiem\\\/#primaryimage\",\"url\":\"https:\\\/\\\/jetline.pl\\\/wp-content\\\/uploads\\\/2024\\\/09\\\/Opole.jpg\",\"contentUrl\":\"https:\\\/\\\/jetline.pl\\\/wp-content\\\/uploads\\\/2024\\\/09\\\/Opole.jpg\",\"width\":656,\"height\":578},{\"@type\":\"BreadcrumbList\",\"@id\":\"https:\\\/\\\/jetline.pl\\\/en\\\/ustawa-krajobrazowa\\\/opole-refleksja-przed-ostatnim-dzwonkiem\\\/#breadcrumb\",\"itemListElement\":[{\"@type\":\"ListItem\",\"position\":1,\"name\":\"Strona g\u0142\u00f3wna\",\"item\":\"https:\\\/\\\/jetline.pl\\\/en\\\/\"},{\"@type\":\"ListItem\",\"position\":2,\"name\":\"Ustawa krajobrazowa\",\"item\":\"https:\\\/\\\/jetline.pl\\\/en\\\/ustawa-krajobrazowa\\\/\"},{\"@type\":\"ListItem\",\"position\":3,\"name\":\"Opole - refleksja przed ostatnim dzwonkiem\"}]},{\"@type\":\"WebSite\",\"@id\":\"https:\\\/\\\/jetline.pl\\\/en\\\/#website\",\"url\":\"https:\\\/\\\/jetline.pl\\\/en\\\/\",\"name\":\"Jet Line\",\"description\":\"Tworzymy przestrze\u0144 do komunikacji\",\"publisher\":{\"@id\":\"https:\\\/\\\/jetline.pl\\\/en\\\/#organization\"},\"potentialAction\":[{\"@type\":\"SearchAction\",\"target\":{\"@type\":\"EntryPoint\",\"urlTemplate\":\"https:\\\/\\\/jetline.pl\\\/en\\\/?s={search_term_string}\"},\"query-input\":{\"@type\":\"PropertyValueSpecification\",\"valueRequired\":true,\"valueName\":\"search_term_string\"}}],\"inLanguage\":\"en-US\"},{\"@type\":\"Organization\",\"@id\":\"https:\\\/\\\/jetline.pl\\\/en\\\/#organization\",\"name\":\"Jet Line\",\"url\":\"https:\\\/\\\/jetline.pl\\\/en\\\/\",\"logo\":{\"@type\":\"ImageObject\",\"inLanguage\":\"en-US\",\"@id\":\"https:\\\/\\\/jetline.pl\\\/en\\\/#\\\/schema\\\/logo\\\/image\\\/\",\"url\":\"https:\\\/\\\/jetline.pl\\\/wp-content\\\/uploads\\\/2024\\\/09\\\/logo_poziom_logo_poziom_czerwone-1.png\",\"contentUrl\":\"https:\\\/\\\/jetline.pl\\\/wp-content\\\/uploads\\\/2024\\\/09\\\/logo_poziom_logo_poziom_czerwone-1.png\",\"width\":4946,\"height\":2016,\"caption\":\"Jet Line\"},\"image\":{\"@id\":\"https:\\\/\\\/jetline.pl\\\/en\\\/#\\\/schema\\\/logo\\\/image\\\/\"}}]}<\/script>\n<!-- \/ Yoast SEO plugin. -->","yoast_head_json":{"title":"Opole - refleksja przed ostatnim dzwonkiem - Jet Line","description":"Opole jako jedno z pierwszych miast w Polsce uchwali\u0142o kodeks krajobrazowy. Projekt, zawieraj\u0105cy bardzo du\u017co b\u0142\u0119d\u00f3w, zosta\u0142 zaskar\u017cony do Wojew\u00f3dzkiego S\u0105du Administracyjnego i sprawa czeka na rozstrzygni\u0119cie w NSA.","robots":{"index":"index","follow":"follow","max-snippet":"max-snippet:-1","max-image-preview":"max-image-preview:large","max-video-preview":"max-video-preview:-1"},"canonical":"https:\/\/jetline.pl\/en\/ustawa-krajobrazowa\/opole-refleksja-przed-ostatnim-dzwonkiem\/","og_locale":"en_US","og_type":"article","og_title":"Opole - refleksja przed ostatnim dzwonkiem - Jet Line","og_description":"Opole jako jedno z pierwszych miast w Polsce uchwali\u0142o kodeks krajobrazowy. Projekt, zawieraj\u0105cy bardzo du\u017co b\u0142\u0119d\u00f3w, zosta\u0142 zaskar\u017cony do Wojew\u00f3dzkiego S\u0105du Administracyjnego i sprawa czeka na rozstrzygni\u0119cie w NSA.","og_url":"https:\/\/jetline.pl\/en\/ustawa-krajobrazowa\/opole-refleksja-przed-ostatnim-dzwonkiem\/","og_site_name":"Jet Line","article_modified_time":"2024-09-04T10:57:09+00:00","og_image":[{"width":656,"height":578,"url":"https:\/\/jetline.pl\/wp-content\/uploads\/2024\/09\/Opole.jpg","type":"image\/jpeg"}],"twitter_card":"summary_large_image","twitter_misc":{"Est. reading time":"1 minute"},"schema":{"@context":"https:\/\/schema.org","@graph":[{"@type":"WebPage","@id":"https:\/\/jetline.pl\/en\/ustawa-krajobrazowa\/opole-refleksja-przed-ostatnim-dzwonkiem\/","url":"https:\/\/jetline.pl\/en\/ustawa-krajobrazowa\/opole-refleksja-przed-ostatnim-dzwonkiem\/","name":"Opole - refleksja przed ostatnim dzwonkiem - Jet Line","isPartOf":{"@id":"https:\/\/jetline.pl\/en\/#website"},"primaryImageOfPage":{"@id":"https:\/\/jetline.pl\/en\/ustawa-krajobrazowa\/opole-refleksja-przed-ostatnim-dzwonkiem\/#primaryimage"},"image":{"@id":"https:\/\/jetline.pl\/en\/ustawa-krajobrazowa\/opole-refleksja-przed-ostatnim-dzwonkiem\/#primaryimage"},"thumbnailUrl":"https:\/\/jetline.pl\/wp-content\/uploads\/2024\/09\/Opole.jpg","datePublished":"2019-04-03T15:40:32+00:00","dateModified":"2024-09-04T10:57:09+00:00","description":"Opole jako jedno z pierwszych miast w Polsce uchwali\u0142o kodeks krajobrazowy. Projekt, zawieraj\u0105cy bardzo du\u017co b\u0142\u0119d\u00f3w, zosta\u0142 zaskar\u017cony do Wojew\u00f3dzkiego S\u0105du Administracyjnego i sprawa czeka na rozstrzygni\u0119cie w NSA.","breadcrumb":{"@id":"https:\/\/jetline.pl\/en\/ustawa-krajobrazowa\/opole-refleksja-przed-ostatnim-dzwonkiem\/#breadcrumb"},"inLanguage":"en-US","potentialAction":[{"@type":"ReadAction","target":["https:\/\/jetline.pl\/en\/ustawa-krajobrazowa\/opole-refleksja-przed-ostatnim-dzwonkiem\/"]}]},{"@type":"ImageObject","inLanguage":"en-US","@id":"https:\/\/jetline.pl\/en\/ustawa-krajobrazowa\/opole-refleksja-przed-ostatnim-dzwonkiem\/#primaryimage","url":"https:\/\/jetline.pl\/wp-content\/uploads\/2024\/09\/Opole.jpg","contentUrl":"https:\/\/jetline.pl\/wp-content\/uploads\/2024\/09\/Opole.jpg","width":656,"height":578},{"@type":"BreadcrumbList","@id":"https:\/\/jetline.pl\/en\/ustawa-krajobrazowa\/opole-refleksja-przed-ostatnim-dzwonkiem\/#breadcrumb","itemListElement":[{"@type":"ListItem","position":1,"name":"Strona g\u0142\u00f3wna","item":"https:\/\/jetline.pl\/en\/"},{"@type":"ListItem","position":2,"name":"Ustawa krajobrazowa","item":"https:\/\/jetline.pl\/en\/ustawa-krajobrazowa\/"},{"@type":"ListItem","position":3,"name":"Opole - refleksja przed ostatnim dzwonkiem"}]},{"@type":"WebSite","@id":"https:\/\/jetline.pl\/en\/#website","url":"https:\/\/jetline.pl\/en\/","name":"Jet Line","description":"Tworzymy przestrze\u0144 do komunikacji","publisher":{"@id":"https:\/\/jetline.pl\/en\/#organization"},"potentialAction":[{"@type":"SearchAction","target":{"@type":"EntryPoint","urlTemplate":"https:\/\/jetline.pl\/en\/?s={search_term_string}"},"query-input":{"@type":"PropertyValueSpecification","valueRequired":true,"valueName":"search_term_string"}}],"inLanguage":"en-US"},{"@type":"Organization","@id":"https:\/\/jetline.pl\/en\/#organization","name":"Jet Line","url":"https:\/\/jetline.pl\/en\/","logo":{"@type":"ImageObject","inLanguage":"en-US","@id":"https:\/\/jetline.pl\/en\/#\/schema\/logo\/image\/","url":"https:\/\/jetline.pl\/wp-content\/uploads\/2024\/09\/logo_poziom_logo_poziom_czerwone-1.png","contentUrl":"https:\/\/jetline.pl\/wp-content\/uploads\/2024\/09\/logo_poziom_logo_poziom_czerwone-1.png","width":4946,"height":2016,"caption":"Jet Line"},"image":{"@id":"https:\/\/jetline.pl\/en\/#\/schema\/logo\/image\/"}}]}},"_links":{"self":[{"href":"https:\/\/jetline.pl\/en\/wp-json\/wp\/v2\/ustawa\/1743","targetHints":{"allow":["GET"]}}],"collection":[{"href":"https:\/\/jetline.pl\/en\/wp-json\/wp\/v2\/ustawa"}],"about":[{"href":"https:\/\/jetline.pl\/en\/wp-json\/wp\/v2\/types\/ustawa"}],"author":[{"embeddable":true,"href":"https:\/\/jetline.pl\/en\/wp-json\/wp\/v2\/users\/16"}],"wp:featuredmedia":[{"embeddable":true,"href":"https:\/\/jetline.pl\/en\/wp-json\/wp\/v2\/media\/1605"}],"wp:attachment":[{"href":"https:\/\/jetline.pl\/en\/wp-json\/wp\/v2\/media?parent=1743"}],"wp:term":[{"taxonomy":"ustawa_cat","embeddable":true,"href":"https:\/\/jetline.pl\/en\/wp-json\/wp\/v2\/ustawa_cat?post=1743"}],"curies":[{"name":"wp","href":"https:\/\/api.w.org\/{rel}","templated":true}]}}