{"id":1744,"date":"2019-04-24T14:38:10","date_gmt":"2019-04-24T12:38:10","guid":{"rendered":"https:\/\/jetline.presb.pl\/ustawa-krajobrazowa\/specjalisci-z-wyszkowa\/"},"modified":"2024-09-04T12:57:09","modified_gmt":"2024-09-04T10:57:09","slug":"specjalisci-z-wyszkowa","status":"publish","type":"ustawa","link":"https:\/\/jetline.pl\/en\/ustawa-krajobrazowa\/specjalisci-z-wyszkowa\/","title":{"rendered":"Specjali\u015bci z Wyszkowa"},"content":{"rendered":"<p><img loading=\"lazy\" decoding=\"async\" class=\"alignnone wp-image-11297 size-full\" src=\"https:\/\/jetline.pl\/wp-content\/uploads\/2024\/08\/Wyszkow-koniec-uchwaly.jpg\" alt=\"\" width=\"772\" height=\"448\" \/><\/p>\n<p>28 marca 2019 r. uchwa\u0142a krajobrazowa Wyszkowa zosta\u0142a pogrzebana trzema paragrafami rady miasta.<\/p>\n<p>Wojewoda ma teraz dwie mo\u017cliwo\u015bci: mo\u017ce opublikowa\u0107 w dzienniku Urz\u0119dowym Wojew\u00f3dztwa Mazowieckiego uchwa\u0142\u0119 o uchyleniu uchwa\u0142y krajobrazowej lub j\u0105 uchyli\u0107. W pierwszym przypadku nowe prawo (czyli sytuacja, w kt\u00f3rej uchwa\u0142a krajobrazowa zwyczajnie nie istnieje) zacznie obowi\u0105zywa\u0107 najprawdopodobniej w pierwszej po\u0142owie maja.<\/p>\n<p>Historia prac nad uchwa\u0142\u0105 jest bardzo ciekawa. Pierwsza uchwa\u0142a powsta\u0142a w maju 2017 r., ale zawiera\u0142a tak du\u017co b\u0142\u0119d\u00f3w, \u017ce wojewoda mazowiecki uchyli\u0142 j\u0105 miesi\u0105c p\u00f3\u017aniej. Niezra\u017cone miasto bardzo szybko przygotowa\u0142o kolejny projekt, kt\u00f3ry radni przeg\u0142osowali w listopadzie 2017 r.<\/p>\n<p>R\u00f3wnie zdecydowani radni byli tak\u017ce w marcu br.: za odwo\u0142aniem uchwa\u0142y g\u0142osowa\u0142o siedemna\u015bcie os\u00f3b, trzy si\u0119 wstrzyma\u0142y, nikt nie by\u0142 przeciwny. Dziwi\u0107 si\u0119 w sumie nie ma czemu \u2013 w ko\u0144cu wielu z\u0142ama\u0142o t\u0119 uchwa\u0142\u0119 podczas kampanii wyborczej do samorz\u0105du.\u00a0<a href=\"http:\/\/jetline.pl\/ooh-w-polsce\/ilustrowany-przewodnik-uchwale-krajobrazowej-wyszkowa\" target=\"_blank\" rel=\"noopener\">Ilustrowany przewodnik po uchwale krajobrazowej Wyszkowa<\/a><\/p>\n<p>Ciekawe jest uzasadnienie uchylenia kodeksu krajobrazowego Wyszkowa:<\/p>\n<p><em>\u201eMimo, \u017ce od dnia jej wej\u015bcia w \u017cycie up\u0142yn\u0105\u0142 ponad roku czasu, zapisy uchwa\u0142y nie s\u0105 znane szerokim kr\u0119gom podmiot\u00f3w. Przy jej tworzeniu niewystarczaj\u0105co dostrze\u017cone okaza\u0142y si\u0119 g\u0142osy przedsi\u0119biorc\u00f3w, ale i zwyk\u0142ych mieszka\u0144c\u00f3w. Nale\u017cy doceni\u0107 jej zawarto\u015b\u0107\u00a0 merytoryczn\u0105, jednak winna ona stanowi\u0107 prawid\u0142owy kompromis mi\u0119dzy zachowaniem mo\u017cliwo\u015bci szerokiego informowania o prowadzonych dzia\u0142alno\u015bciach gospodarczych, a zatrzymaniem post\u0119puj\u0105cego chaosu wizualnego i zapewnieniem estetyki przestrzeni publicznej. W obecnym kszta\u0142cie widoczny jest r\u00f3wnie\u017c brak zrozumienia dla wprowadzonych regulacji, co wi\u0105\u017ce si\u0119 z rosn\u0105c\u0105 niech\u0119ci\u0105 do podejmowania dzia\u0142a\u0144 dostosowawczych. Rada Miejska w Wyszkowie, maj\u0105c na wzgl\u0119dzie postulaty mieszka\u0144c\u00f3w reprezentuj\u0105cych r\u00f3\u017cne interesy, pragnie usun\u0105\u0107 przedmiotow\u0105 uchwa\u0142\u0119 z porz\u0105dku prawnego, tak by bez po\u015bpiechu, uwa\u017cnie, ws\u0142uchuj\u0105c si\u0119 w g\u0142osy mieszka\u0144c\u00f3w, rozwa\u017cy\u0107 potrzeb\u0119 przedmiotowych regulacji i ich ewentualny kszta\u0142t\".<\/em><\/p>\n<p>M\u00f3wi\u0105c wprost: wi\u0119kszo\u015b\u0107 zainteresowanych, kt\u00f3rzy mieli ponie\u015b\u0107 koszty uchwa\u0142y dowiedzia\u0142a si\u0119 o tym dwa lata p\u00f3\u017aniej, ni\u017c powinna. Idealnie by\u0142oby najpierw zbada\u0107 problem, potem porozmawia\u0107 a nast\u0119pnie tworzy\u0107 prawo.<br \/>\nBy\u0107 mo\u017ce t\u0119 lekcj\u0119 odrobi\u0105 inne samorz\u0105dy, bo niestety raczej nie zrobi tego Wyszk\u00f3w, kt\u00f3ry ju\u017c szykuje kolejny kodeks reklamowy.<br \/>\nNiewykluczone, \u017ce zobaczymy go jeszcze tej wiosny.<\/p>\n<p>Wyszk\u00f3w nie tylko straci\u0142 na wizerunku, ale te\u017c zdemolowa\u0142 sobie plany miejscowe \u2013 najpierw zmieniaj\u0105c w nich zapisy, a potem je uchylaj\u0105c.<\/p>\n","protected":false},"author":16,"featured_media":1607,"template":"","ustawa_cat":[],"class_list":["post-1744","ustawa","type-ustawa","status-publish","has-post-thumbnail","hentry"],"acf":[],"yoast_head":"<!-- This site is optimized with the Yoast SEO plugin v27.5 - https:\/\/yoast.com\/product\/yoast-seo-wordpress\/ -->\n<title>Specjali\u015bci z Wyszkowa - Jet Line<\/title>\n<meta name=\"description\" content=\"Za odwo\u0142aniem uchwa\u0142y w marcu br. g\u0142osowa\u0142o siedemna\u015bcie os\u00f3b, trzy si\u0119 wstrzyma\u0142y, nikt nie by\u0142 przeciwny. Dziwi\u0107 si\u0119 nie ma czemu \u2013 w ko\u0144cu wielu radnych osobi\u015bcie z\u0142ama\u0142o w\u0142asn\u0105 uchwa\u0142\u0119 prowadz\u0105c kampani\u0119 wyborcz\u0105 do samorz\u0105du.\" \/>\n<meta name=\"robots\" content=\"index, follow, max-snippet:-1, max-image-preview:large, max-video-preview:-1\" \/>\n<link rel=\"canonical\" href=\"https:\/\/jetline.pl\/en\/ustawa-krajobrazowa\/specjalisci-z-wyszkowa\/\" \/>\n<meta property=\"og:locale\" content=\"en_US\" \/>\n<meta property=\"og:type\" content=\"article\" \/>\n<meta property=\"og:title\" content=\"Specjali\u015bci z Wyszkowa - Jet Line\" \/>\n<meta property=\"og:description\" content=\"Za odwo\u0142aniem uchwa\u0142y w marcu br. g\u0142osowa\u0142o siedemna\u015bcie os\u00f3b, trzy si\u0119 wstrzyma\u0142y, nikt nie by\u0142 przeciwny. Dziwi\u0107 si\u0119 nie ma czemu \u2013 w ko\u0144cu wielu radnych osobi\u015bcie z\u0142ama\u0142o w\u0142asn\u0105 uchwa\u0142\u0119 prowadz\u0105c kampani\u0119 wyborcz\u0105 do samorz\u0105du.\" \/>\n<meta property=\"og:url\" content=\"https:\/\/jetline.pl\/en\/ustawa-krajobrazowa\/specjalisci-z-wyszkowa\/\" \/>\n<meta property=\"og:site_name\" content=\"Jet Line\" \/>\n<meta property=\"article:modified_time\" content=\"2024-09-04T10:57:09+00:00\" \/>\n<meta property=\"og:image\" content=\"https:\/\/jetline.pl\/wp-content\/uploads\/2024\/09\/Wyszkow-koniec-uchwaly.jpg\" \/>\n\t<meta property=\"og:image:width\" content=\"772\" \/>\n\t<meta property=\"og:image:height\" content=\"448\" \/>\n\t<meta property=\"og:image:type\" content=\"image\/jpeg\" \/>\n<meta name=\"twitter:card\" content=\"summary_large_image\" \/>\n<meta name=\"twitter:label1\" content=\"Est. reading time\" \/>\n\t<meta name=\"twitter:data1\" content=\"2 minutes\" \/>\n<script type=\"application\/ld+json\" class=\"yoast-schema-graph\">{\"@context\":\"https:\\\/\\\/schema.org\",\"@graph\":[{\"@type\":\"WebPage\",\"@id\":\"https:\\\/\\\/jetline.pl\\\/en\\\/ustawa-krajobrazowa\\\/specjalisci-z-wyszkowa\\\/\",\"url\":\"https:\\\/\\\/jetline.pl\\\/en\\\/ustawa-krajobrazowa\\\/specjalisci-z-wyszkowa\\\/\",\"name\":\"Specjali\u015bci z Wyszkowa - Jet Line\",\"isPartOf\":{\"@id\":\"https:\\\/\\\/jetline.pl\\\/en\\\/#website\"},\"primaryImageOfPage\":{\"@id\":\"https:\\\/\\\/jetline.pl\\\/en\\\/ustawa-krajobrazowa\\\/specjalisci-z-wyszkowa\\\/#primaryimage\"},\"image\":{\"@id\":\"https:\\\/\\\/jetline.pl\\\/en\\\/ustawa-krajobrazowa\\\/specjalisci-z-wyszkowa\\\/#primaryimage\"},\"thumbnailUrl\":\"https:\\\/\\\/jetline.pl\\\/wp-content\\\/uploads\\\/2024\\\/09\\\/Wyszkow-koniec-uchwaly.jpg\",\"datePublished\":\"2019-04-24T12:38:10+00:00\",\"dateModified\":\"2024-09-04T10:57:09+00:00\",\"description\":\"Za odwo\u0142aniem uchwa\u0142y w marcu br. g\u0142osowa\u0142o siedemna\u015bcie os\u00f3b, trzy si\u0119 wstrzyma\u0142y, nikt nie by\u0142 przeciwny. Dziwi\u0107 si\u0119 nie ma czemu \u2013 w ko\u0144cu wielu radnych osobi\u015bcie z\u0142ama\u0142o w\u0142asn\u0105 uchwa\u0142\u0119 prowadz\u0105c kampani\u0119 wyborcz\u0105 do samorz\u0105du.\",\"breadcrumb\":{\"@id\":\"https:\\\/\\\/jetline.pl\\\/en\\\/ustawa-krajobrazowa\\\/specjalisci-z-wyszkowa\\\/#breadcrumb\"},\"inLanguage\":\"en-US\",\"potentialAction\":[{\"@type\":\"ReadAction\",\"target\":[\"https:\\\/\\\/jetline.pl\\\/en\\\/ustawa-krajobrazowa\\\/specjalisci-z-wyszkowa\\\/\"]}]},{\"@type\":\"ImageObject\",\"inLanguage\":\"en-US\",\"@id\":\"https:\\\/\\\/jetline.pl\\\/en\\\/ustawa-krajobrazowa\\\/specjalisci-z-wyszkowa\\\/#primaryimage\",\"url\":\"https:\\\/\\\/jetline.pl\\\/wp-content\\\/uploads\\\/2024\\\/09\\\/Wyszkow-koniec-uchwaly.jpg\",\"contentUrl\":\"https:\\\/\\\/jetline.pl\\\/wp-content\\\/uploads\\\/2024\\\/09\\\/Wyszkow-koniec-uchwaly.jpg\",\"width\":772,\"height\":448},{\"@type\":\"BreadcrumbList\",\"@id\":\"https:\\\/\\\/jetline.pl\\\/en\\\/ustawa-krajobrazowa\\\/specjalisci-z-wyszkowa\\\/#breadcrumb\",\"itemListElement\":[{\"@type\":\"ListItem\",\"position\":1,\"name\":\"Strona g\u0142\u00f3wna\",\"item\":\"https:\\\/\\\/jetline.pl\\\/en\\\/\"},{\"@type\":\"ListItem\",\"position\":2,\"name\":\"Ustawa krajobrazowa\",\"item\":\"https:\\\/\\\/jetline.pl\\\/en\\\/ustawa-krajobrazowa\\\/\"},{\"@type\":\"ListItem\",\"position\":3,\"name\":\"Specjali\u015bci z Wyszkowa\"}]},{\"@type\":\"WebSite\",\"@id\":\"https:\\\/\\\/jetline.pl\\\/en\\\/#website\",\"url\":\"https:\\\/\\\/jetline.pl\\\/en\\\/\",\"name\":\"Jet Line\",\"description\":\"Tworzymy przestrze\u0144 do komunikacji\",\"publisher\":{\"@id\":\"https:\\\/\\\/jetline.pl\\\/en\\\/#organization\"},\"potentialAction\":[{\"@type\":\"SearchAction\",\"target\":{\"@type\":\"EntryPoint\",\"urlTemplate\":\"https:\\\/\\\/jetline.pl\\\/en\\\/?s={search_term_string}\"},\"query-input\":{\"@type\":\"PropertyValueSpecification\",\"valueRequired\":true,\"valueName\":\"search_term_string\"}}],\"inLanguage\":\"en-US\"},{\"@type\":\"Organization\",\"@id\":\"https:\\\/\\\/jetline.pl\\\/en\\\/#organization\",\"name\":\"Jet Line\",\"url\":\"https:\\\/\\\/jetline.pl\\\/en\\\/\",\"logo\":{\"@type\":\"ImageObject\",\"inLanguage\":\"en-US\",\"@id\":\"https:\\\/\\\/jetline.pl\\\/en\\\/#\\\/schema\\\/logo\\\/image\\\/\",\"url\":\"https:\\\/\\\/jetline.pl\\\/wp-content\\\/uploads\\\/2024\\\/09\\\/logo_poziom_logo_poziom_czerwone-1.png\",\"contentUrl\":\"https:\\\/\\\/jetline.pl\\\/wp-content\\\/uploads\\\/2024\\\/09\\\/logo_poziom_logo_poziom_czerwone-1.png\",\"width\":4946,\"height\":2016,\"caption\":\"Jet Line\"},\"image\":{\"@id\":\"https:\\\/\\\/jetline.pl\\\/en\\\/#\\\/schema\\\/logo\\\/image\\\/\"}}]}<\/script>\n<!-- \/ Yoast SEO plugin. -->","yoast_head_json":{"title":"Specjali\u015bci z Wyszkowa - Jet Line","description":"Za odwo\u0142aniem uchwa\u0142y w marcu br. g\u0142osowa\u0142o siedemna\u015bcie os\u00f3b, trzy si\u0119 wstrzyma\u0142y, nikt nie by\u0142 przeciwny. Dziwi\u0107 si\u0119 nie ma czemu \u2013 w ko\u0144cu wielu radnych osobi\u015bcie z\u0142ama\u0142o w\u0142asn\u0105 uchwa\u0142\u0119 prowadz\u0105c kampani\u0119 wyborcz\u0105 do samorz\u0105du.","robots":{"index":"index","follow":"follow","max-snippet":"max-snippet:-1","max-image-preview":"max-image-preview:large","max-video-preview":"max-video-preview:-1"},"canonical":"https:\/\/jetline.pl\/en\/ustawa-krajobrazowa\/specjalisci-z-wyszkowa\/","og_locale":"en_US","og_type":"article","og_title":"Specjali\u015bci z Wyszkowa - Jet Line","og_description":"Za odwo\u0142aniem uchwa\u0142y w marcu br. g\u0142osowa\u0142o siedemna\u015bcie os\u00f3b, trzy si\u0119 wstrzyma\u0142y, nikt nie by\u0142 przeciwny. Dziwi\u0107 si\u0119 nie ma czemu \u2013 w ko\u0144cu wielu radnych osobi\u015bcie z\u0142ama\u0142o w\u0142asn\u0105 uchwa\u0142\u0119 prowadz\u0105c kampani\u0119 wyborcz\u0105 do samorz\u0105du.","og_url":"https:\/\/jetline.pl\/en\/ustawa-krajobrazowa\/specjalisci-z-wyszkowa\/","og_site_name":"Jet Line","article_modified_time":"2024-09-04T10:57:09+00:00","og_image":[{"width":772,"height":448,"url":"https:\/\/jetline.pl\/wp-content\/uploads\/2024\/09\/Wyszkow-koniec-uchwaly.jpg","type":"image\/jpeg"}],"twitter_card":"summary_large_image","twitter_misc":{"Est. reading time":"2 minutes"},"schema":{"@context":"https:\/\/schema.org","@graph":[{"@type":"WebPage","@id":"https:\/\/jetline.pl\/en\/ustawa-krajobrazowa\/specjalisci-z-wyszkowa\/","url":"https:\/\/jetline.pl\/en\/ustawa-krajobrazowa\/specjalisci-z-wyszkowa\/","name":"Specjali\u015bci z Wyszkowa - Jet Line","isPartOf":{"@id":"https:\/\/jetline.pl\/en\/#website"},"primaryImageOfPage":{"@id":"https:\/\/jetline.pl\/en\/ustawa-krajobrazowa\/specjalisci-z-wyszkowa\/#primaryimage"},"image":{"@id":"https:\/\/jetline.pl\/en\/ustawa-krajobrazowa\/specjalisci-z-wyszkowa\/#primaryimage"},"thumbnailUrl":"https:\/\/jetline.pl\/wp-content\/uploads\/2024\/09\/Wyszkow-koniec-uchwaly.jpg","datePublished":"2019-04-24T12:38:10+00:00","dateModified":"2024-09-04T10:57:09+00:00","description":"Za odwo\u0142aniem uchwa\u0142y w marcu br. g\u0142osowa\u0142o siedemna\u015bcie os\u00f3b, trzy si\u0119 wstrzyma\u0142y, nikt nie by\u0142 przeciwny. Dziwi\u0107 si\u0119 nie ma czemu \u2013 w ko\u0144cu wielu radnych osobi\u015bcie z\u0142ama\u0142o w\u0142asn\u0105 uchwa\u0142\u0119 prowadz\u0105c kampani\u0119 wyborcz\u0105 do samorz\u0105du.","breadcrumb":{"@id":"https:\/\/jetline.pl\/en\/ustawa-krajobrazowa\/specjalisci-z-wyszkowa\/#breadcrumb"},"inLanguage":"en-US","potentialAction":[{"@type":"ReadAction","target":["https:\/\/jetline.pl\/en\/ustawa-krajobrazowa\/specjalisci-z-wyszkowa\/"]}]},{"@type":"ImageObject","inLanguage":"en-US","@id":"https:\/\/jetline.pl\/en\/ustawa-krajobrazowa\/specjalisci-z-wyszkowa\/#primaryimage","url":"https:\/\/jetline.pl\/wp-content\/uploads\/2024\/09\/Wyszkow-koniec-uchwaly.jpg","contentUrl":"https:\/\/jetline.pl\/wp-content\/uploads\/2024\/09\/Wyszkow-koniec-uchwaly.jpg","width":772,"height":448},{"@type":"BreadcrumbList","@id":"https:\/\/jetline.pl\/en\/ustawa-krajobrazowa\/specjalisci-z-wyszkowa\/#breadcrumb","itemListElement":[{"@type":"ListItem","position":1,"name":"Strona g\u0142\u00f3wna","item":"https:\/\/jetline.pl\/en\/"},{"@type":"ListItem","position":2,"name":"Ustawa krajobrazowa","item":"https:\/\/jetline.pl\/en\/ustawa-krajobrazowa\/"},{"@type":"ListItem","position":3,"name":"Specjali\u015bci z Wyszkowa"}]},{"@type":"WebSite","@id":"https:\/\/jetline.pl\/en\/#website","url":"https:\/\/jetline.pl\/en\/","name":"Jet Line","description":"Tworzymy przestrze\u0144 do komunikacji","publisher":{"@id":"https:\/\/jetline.pl\/en\/#organization"},"potentialAction":[{"@type":"SearchAction","target":{"@type":"EntryPoint","urlTemplate":"https:\/\/jetline.pl\/en\/?s={search_term_string}"},"query-input":{"@type":"PropertyValueSpecification","valueRequired":true,"valueName":"search_term_string"}}],"inLanguage":"en-US"},{"@type":"Organization","@id":"https:\/\/jetline.pl\/en\/#organization","name":"Jet Line","url":"https:\/\/jetline.pl\/en\/","logo":{"@type":"ImageObject","inLanguage":"en-US","@id":"https:\/\/jetline.pl\/en\/#\/schema\/logo\/image\/","url":"https:\/\/jetline.pl\/wp-content\/uploads\/2024\/09\/logo_poziom_logo_poziom_czerwone-1.png","contentUrl":"https:\/\/jetline.pl\/wp-content\/uploads\/2024\/09\/logo_poziom_logo_poziom_czerwone-1.png","width":4946,"height":2016,"caption":"Jet Line"},"image":{"@id":"https:\/\/jetline.pl\/en\/#\/schema\/logo\/image\/"}}]}},"_links":{"self":[{"href":"https:\/\/jetline.pl\/en\/wp-json\/wp\/v2\/ustawa\/1744","targetHints":{"allow":["GET"]}}],"collection":[{"href":"https:\/\/jetline.pl\/en\/wp-json\/wp\/v2\/ustawa"}],"about":[{"href":"https:\/\/jetline.pl\/en\/wp-json\/wp\/v2\/types\/ustawa"}],"author":[{"embeddable":true,"href":"https:\/\/jetline.pl\/en\/wp-json\/wp\/v2\/users\/16"}],"wp:featuredmedia":[{"embeddable":true,"href":"https:\/\/jetline.pl\/en\/wp-json\/wp\/v2\/media\/1607"}],"wp:attachment":[{"href":"https:\/\/jetline.pl\/en\/wp-json\/wp\/v2\/media?parent=1744"}],"wp:term":[{"taxonomy":"ustawa_cat","embeddable":true,"href":"https:\/\/jetline.pl\/en\/wp-json\/wp\/v2\/ustawa_cat?post=1744"}],"curies":[{"name":"wp","href":"https:\/\/api.w.org\/{rel}","templated":true}]}}