{"id":1745,"date":"2019-05-08T14:23:20","date_gmt":"2019-05-08T12:23:20","guid":{"rendered":"https:\/\/jetline.presb.pl\/ustawa-krajobrazowa\/miejska-firma-reklamowa-czyli-slow-o-kodeksie-reklamowym-poznania\/"},"modified":"2024-09-04T12:57:09","modified_gmt":"2024-09-04T10:57:09","slug":"miejska-firma-reklamowa-czyli-slow-o-kodeksie-reklamowym-poznania","status":"publish","type":"ustawa","link":"https:\/\/jetline.pl\/en\/ustawa-krajobrazowa\/miejska-firma-reklamowa-czyli-slow-o-kodeksie-reklamowym-poznania\/","title":{"rendered":"Miejska Firma Reklamowa, czyli kilka s\u0142\u00f3w o Kodeksie Reklamowym Poznania"},"content":{"rendered":"<p><img loading=\"lazy\" decoding=\"async\" class=\"alignnone wp-image-11320 size-full\" src=\"https:\/\/jetline.pl\/wp-content\/uploads\/2024\/08\/UK-Poznan-obrazek.jpg\" alt=\"\" width=\"1694\" height=\"749\" \/><\/p>\n<p>W\u0142asnie ukaza\u0142a si\u0119 projektowana uchwa\u0142a krajobrazowa w Poznaniu.\u00a0 Wydzia\u0142 Urbanistyki i Architektury Urz\u0119du Miasta Poznania, po dw\u00f3ch latach pracy w\u0142a\u015bnie pokaza\u0142 pierwszy projekt uchwa\u0142y krajobrazowej.<br \/>\nPozna\u0144 przyj\u0105\u0142 uchwa\u0142\u0119 intencyjn\u0105 dopiero w marcu 2017 r, najp\u00f3\u017aniej ze wszystkich miast G8. Ten czas by\u0142 wykorzystany na prac\u0119 nad w\u0142asnym projektem, konsultacje i analiz\u0119 tego, co dzieje si\u0119 z uchwa\u0142ami w innych miastach.<\/p>\n<p>W por\u00f3wnaniu z uchwa\u0142ami innych miast dokument pozna\u0144ski jest napisany w spos\u00f3b prosty i jego zrozumienie nie powinno nastr\u0119cza\u0107 wi\u0119kszych problem\u00f3w. W skr\u00f3cie zapisy uchwa\u0142y przedstawiaj\u0105 si\u0119 nast\u0119puj\u0105co:<\/p>\n<ul>\n<li>strefy \u2013 s\u0105 cztery: staromiejska, centrum i historyczne dzielnice, zurbanizowana, przyrodnicza<\/li>\n<li>maksymalny format reklamy wolnostoj\u0105cej \u2013 18m<sup>2<\/sup>;<\/li>\n<li>reklama na elewacji podczas remont\u00f3w \u2013 mo\u017ce by\u0107 eksponowana maksymalnie na 30% elewacji przez 1 rok,\u00a0 ponownie mo\u017cna j\u0105 umie\u015bci\u0107 po up\u0142ywie 5 lat;<\/li>\n<li>reklama na elewacji \u2013 tylko niewielkie formy;<\/li>\n<li>szyldy \u2013 maksymalnie 2 szt., wielko\u015b\u0107 zale\u017cy od typu no\u015bnika i strefy;<\/li>\n<li>reklama cyfrowa \u2013 dopuszczona (na poziomie intencji) na formacie citylight oraz na formacie 9m<sup>2<\/sup>;<\/li>\n<li>murale \u2013 od 5% do 50% powierzchni elewacji w zale\u017cno\u015bci od strefy;<\/li>\n<li>okresy dostosowania \u2013 od 1 roku dla centrum do 3 lat;<\/li>\n<li>warunki dostosowania \u2013 okre\u015blono cz\u0119\u015bciowo wy\u0142\u0105czaj\u0105c z nich wiaty przystankowe;<\/li>\n<li>prawa nabyte \u2013 nie s\u0105 uwzgl\u0119dnione.<\/li>\n<\/ul>\n<p>W ka\u017cdej uchwale bardzo wa\u017cne s\u0105 szczeg\u00f3\u0142y: odleg\u0142o\u015bci, warunki dodatkowe, wy\u0142\u0105czenia, preferencje \u2013 to one decyduj\u0105, co tak naprawd\u0119 zostanie w mie\u015bcie i jakie b\u0119d\u0105 mo\u017cliwo\u015bci inwestycyjne. Tak te\u017c jest w tym przypadku. Uchwa\u0142a zdecydowanie faworyzuje no\u015bniki ustawione na terenie miejskim. Pami\u0119tajmy, \u017ce w drugiej po\u0142owie 2018 roku Pozna\u0144 przekaza\u0142 s\u0142upy reklamowe i wiaty przystankowe pod zarz\u0105d sp\u00f3\u0142ki miejskiej \u2013 Mi\u0119dzynarodowych Targ\u00f3w Pozna\u0144skich.<br \/>\nI jeszcze jeden komentarz: proponowana w Poznaniu uchwa\u0142a, mimo stosunkowej przejrzysto\u015bci - r\u00f3wnie\u017c nie jest wolna od b\u0142\u0119d\u00f3w i nie\u015bcis\u0142o\u015bci. Na przyk\u0142ad w jednym miejscu dopuszcza si\u0119 reklamy DOOH, a w innym ich zakazuje ze wzgl\u0119du na materia\u0142, z kt\u00f3rego s\u0105 wykonane.<\/p>\n<p>Wi\u0119cej szczeg\u00f3\u0142\u00f3w pod adresem:<\/p>\n<p><a href=\"http:\/\/www.poznan.pl\/krajobrazowa\/\" target=\"_blank\" rel=\"noopener\">http:\/\/www.poznan.pl\/krajobrazowa\/<\/a><\/p>\n","protected":false},"author":16,"featured_media":1609,"template":"","ustawa_cat":[],"class_list":["post-1745","ustawa","type-ustawa","status-publish","has-post-thumbnail","hentry"],"acf":[],"yoast_head":"<!-- This site is optimized with the Yoast SEO plugin v27.5 - https:\/\/yoast.com\/product\/yoast-seo-wordpress\/ -->\n<title>Miejska Firma Reklamowa, czyli kilka s\u0142\u00f3w o Kodeksie Reklamowym Poznania - Jet Line<\/title>\n<meta name=\"robots\" content=\"index, follow, max-snippet:-1, max-image-preview:large, max-video-preview:-1\" \/>\n<link rel=\"canonical\" href=\"https:\/\/jetline.pl\/en\/ustawa-krajobrazowa\/miejska-firma-reklamowa-czyli-slow-o-kodeksie-reklamowym-poznania\/\" \/>\n<meta property=\"og:locale\" content=\"en_US\" \/>\n<meta property=\"og:type\" content=\"article\" \/>\n<meta property=\"og:title\" content=\"Miejska Firma Reklamowa, czyli kilka s\u0142\u00f3w o Kodeksie Reklamowym Poznania - Jet Line\" \/>\n<meta property=\"og:description\" content=\"W\u0142asnie ukaza\u0142a si\u0119 projektowana uchwa\u0142a krajobrazowa w Poznaniu.\u00a0 Wydzia\u0142 Urbanistyki...\" \/>\n<meta property=\"og:url\" content=\"https:\/\/jetline.pl\/en\/ustawa-krajobrazowa\/miejska-firma-reklamowa-czyli-slow-o-kodeksie-reklamowym-poznania\/\" \/>\n<meta property=\"og:site_name\" content=\"Jet Line\" \/>\n<meta property=\"article:modified_time\" content=\"2024-09-04T10:57:09+00:00\" \/>\n<meta property=\"og:image\" content=\"https:\/\/jetline.pl\/wp-content\/uploads\/2024\/09\/UK-Poznan-obrazek.jpg\" \/>\n\t<meta property=\"og:image:width\" content=\"1694\" \/>\n\t<meta property=\"og:image:height\" content=\"749\" \/>\n\t<meta property=\"og:image:type\" content=\"image\/jpeg\" \/>\n<meta name=\"twitter:card\" content=\"summary_large_image\" \/>\n<meta name=\"twitter:label1\" content=\"Est. reading time\" \/>\n\t<meta name=\"twitter:data1\" content=\"2 minutes\" \/>\n<script type=\"application\/ld+json\" class=\"yoast-schema-graph\">{\"@context\":\"https:\\\/\\\/schema.org\",\"@graph\":[{\"@type\":\"WebPage\",\"@id\":\"https:\\\/\\\/jetline.pl\\\/en\\\/ustawa-krajobrazowa\\\/miejska-firma-reklamowa-czyli-slow-o-kodeksie-reklamowym-poznania\\\/\",\"url\":\"https:\\\/\\\/jetline.pl\\\/en\\\/ustawa-krajobrazowa\\\/miejska-firma-reklamowa-czyli-slow-o-kodeksie-reklamowym-poznania\\\/\",\"name\":\"Miejska Firma Reklamowa, czyli kilka s\u0142\u00f3w o Kodeksie Reklamowym Poznania - Jet Line\",\"isPartOf\":{\"@id\":\"https:\\\/\\\/jetline.pl\\\/en\\\/#website\"},\"primaryImageOfPage\":{\"@id\":\"https:\\\/\\\/jetline.pl\\\/en\\\/ustawa-krajobrazowa\\\/miejska-firma-reklamowa-czyli-slow-o-kodeksie-reklamowym-poznania\\\/#primaryimage\"},\"image\":{\"@id\":\"https:\\\/\\\/jetline.pl\\\/en\\\/ustawa-krajobrazowa\\\/miejska-firma-reklamowa-czyli-slow-o-kodeksie-reklamowym-poznania\\\/#primaryimage\"},\"thumbnailUrl\":\"https:\\\/\\\/jetline.pl\\\/wp-content\\\/uploads\\\/2024\\\/09\\\/UK-Poznan-obrazek.jpg\",\"datePublished\":\"2019-05-08T12:23:20+00:00\",\"dateModified\":\"2024-09-04T10:57:09+00:00\",\"breadcrumb\":{\"@id\":\"https:\\\/\\\/jetline.pl\\\/en\\\/ustawa-krajobrazowa\\\/miejska-firma-reklamowa-czyli-slow-o-kodeksie-reklamowym-poznania\\\/#breadcrumb\"},\"inLanguage\":\"en-US\",\"potentialAction\":[{\"@type\":\"ReadAction\",\"target\":[\"https:\\\/\\\/jetline.pl\\\/en\\\/ustawa-krajobrazowa\\\/miejska-firma-reklamowa-czyli-slow-o-kodeksie-reklamowym-poznania\\\/\"]}]},{\"@type\":\"ImageObject\",\"inLanguage\":\"en-US\",\"@id\":\"https:\\\/\\\/jetline.pl\\\/en\\\/ustawa-krajobrazowa\\\/miejska-firma-reklamowa-czyli-slow-o-kodeksie-reklamowym-poznania\\\/#primaryimage\",\"url\":\"https:\\\/\\\/jetline.pl\\\/wp-content\\\/uploads\\\/2024\\\/09\\\/UK-Poznan-obrazek.jpg\",\"contentUrl\":\"https:\\\/\\\/jetline.pl\\\/wp-content\\\/uploads\\\/2024\\\/09\\\/UK-Poznan-obrazek.jpg\",\"width\":1694,\"height\":749},{\"@type\":\"BreadcrumbList\",\"@id\":\"https:\\\/\\\/jetline.pl\\\/en\\\/ustawa-krajobrazowa\\\/miejska-firma-reklamowa-czyli-slow-o-kodeksie-reklamowym-poznania\\\/#breadcrumb\",\"itemListElement\":[{\"@type\":\"ListItem\",\"position\":1,\"name\":\"Strona g\u0142\u00f3wna\",\"item\":\"https:\\\/\\\/jetline.pl\\\/en\\\/\"},{\"@type\":\"ListItem\",\"position\":2,\"name\":\"Ustawa krajobrazowa\",\"item\":\"https:\\\/\\\/jetline.pl\\\/en\\\/ustawa-krajobrazowa\\\/\"},{\"@type\":\"ListItem\",\"position\":3,\"name\":\"Miejska Firma Reklamowa, czyli kilka s\u0142\u00f3w o Kodeksie Reklamowym Poznania\"}]},{\"@type\":\"WebSite\",\"@id\":\"https:\\\/\\\/jetline.pl\\\/en\\\/#website\",\"url\":\"https:\\\/\\\/jetline.pl\\\/en\\\/\",\"name\":\"Jet Line\",\"description\":\"Tworzymy przestrze\u0144 do komunikacji\",\"publisher\":{\"@id\":\"https:\\\/\\\/jetline.pl\\\/en\\\/#organization\"},\"potentialAction\":[{\"@type\":\"SearchAction\",\"target\":{\"@type\":\"EntryPoint\",\"urlTemplate\":\"https:\\\/\\\/jetline.pl\\\/en\\\/?s={search_term_string}\"},\"query-input\":{\"@type\":\"PropertyValueSpecification\",\"valueRequired\":true,\"valueName\":\"search_term_string\"}}],\"inLanguage\":\"en-US\"},{\"@type\":\"Organization\",\"@id\":\"https:\\\/\\\/jetline.pl\\\/en\\\/#organization\",\"name\":\"Jet Line\",\"url\":\"https:\\\/\\\/jetline.pl\\\/en\\\/\",\"logo\":{\"@type\":\"ImageObject\",\"inLanguage\":\"en-US\",\"@id\":\"https:\\\/\\\/jetline.pl\\\/en\\\/#\\\/schema\\\/logo\\\/image\\\/\",\"url\":\"https:\\\/\\\/jetline.pl\\\/wp-content\\\/uploads\\\/2024\\\/09\\\/logo_poziom_logo_poziom_czerwone-1.png\",\"contentUrl\":\"https:\\\/\\\/jetline.pl\\\/wp-content\\\/uploads\\\/2024\\\/09\\\/logo_poziom_logo_poziom_czerwone-1.png\",\"width\":4946,\"height\":2016,\"caption\":\"Jet Line\"},\"image\":{\"@id\":\"https:\\\/\\\/jetline.pl\\\/en\\\/#\\\/schema\\\/logo\\\/image\\\/\"}}]}<\/script>\n<!-- \/ Yoast SEO plugin. -->","yoast_head_json":{"title":"Miejska Firma Reklamowa, czyli kilka s\u0142\u00f3w o Kodeksie Reklamowym Poznania - Jet Line","robots":{"index":"index","follow":"follow","max-snippet":"max-snippet:-1","max-image-preview":"max-image-preview:large","max-video-preview":"max-video-preview:-1"},"canonical":"https:\/\/jetline.pl\/en\/ustawa-krajobrazowa\/miejska-firma-reklamowa-czyli-slow-o-kodeksie-reklamowym-poznania\/","og_locale":"en_US","og_type":"article","og_title":"Miejska Firma Reklamowa, czyli kilka s\u0142\u00f3w o Kodeksie Reklamowym Poznania - Jet Line","og_description":"W\u0142asnie ukaza\u0142a si\u0119 projektowana uchwa\u0142a krajobrazowa w Poznaniu.\u00a0 Wydzia\u0142 Urbanistyki...","og_url":"https:\/\/jetline.pl\/en\/ustawa-krajobrazowa\/miejska-firma-reklamowa-czyli-slow-o-kodeksie-reklamowym-poznania\/","og_site_name":"Jet Line","article_modified_time":"2024-09-04T10:57:09+00:00","og_image":[{"width":1694,"height":749,"url":"https:\/\/jetline.pl\/wp-content\/uploads\/2024\/09\/UK-Poznan-obrazek.jpg","type":"image\/jpeg"}],"twitter_card":"summary_large_image","twitter_misc":{"Est. reading time":"2 minutes"},"schema":{"@context":"https:\/\/schema.org","@graph":[{"@type":"WebPage","@id":"https:\/\/jetline.pl\/en\/ustawa-krajobrazowa\/miejska-firma-reklamowa-czyli-slow-o-kodeksie-reklamowym-poznania\/","url":"https:\/\/jetline.pl\/en\/ustawa-krajobrazowa\/miejska-firma-reklamowa-czyli-slow-o-kodeksie-reklamowym-poznania\/","name":"Miejska Firma Reklamowa, czyli kilka s\u0142\u00f3w o Kodeksie Reklamowym Poznania - Jet Line","isPartOf":{"@id":"https:\/\/jetline.pl\/en\/#website"},"primaryImageOfPage":{"@id":"https:\/\/jetline.pl\/en\/ustawa-krajobrazowa\/miejska-firma-reklamowa-czyli-slow-o-kodeksie-reklamowym-poznania\/#primaryimage"},"image":{"@id":"https:\/\/jetline.pl\/en\/ustawa-krajobrazowa\/miejska-firma-reklamowa-czyli-slow-o-kodeksie-reklamowym-poznania\/#primaryimage"},"thumbnailUrl":"https:\/\/jetline.pl\/wp-content\/uploads\/2024\/09\/UK-Poznan-obrazek.jpg","datePublished":"2019-05-08T12:23:20+00:00","dateModified":"2024-09-04T10:57:09+00:00","breadcrumb":{"@id":"https:\/\/jetline.pl\/en\/ustawa-krajobrazowa\/miejska-firma-reklamowa-czyli-slow-o-kodeksie-reklamowym-poznania\/#breadcrumb"},"inLanguage":"en-US","potentialAction":[{"@type":"ReadAction","target":["https:\/\/jetline.pl\/en\/ustawa-krajobrazowa\/miejska-firma-reklamowa-czyli-slow-o-kodeksie-reklamowym-poznania\/"]}]},{"@type":"ImageObject","inLanguage":"en-US","@id":"https:\/\/jetline.pl\/en\/ustawa-krajobrazowa\/miejska-firma-reklamowa-czyli-slow-o-kodeksie-reklamowym-poznania\/#primaryimage","url":"https:\/\/jetline.pl\/wp-content\/uploads\/2024\/09\/UK-Poznan-obrazek.jpg","contentUrl":"https:\/\/jetline.pl\/wp-content\/uploads\/2024\/09\/UK-Poznan-obrazek.jpg","width":1694,"height":749},{"@type":"BreadcrumbList","@id":"https:\/\/jetline.pl\/en\/ustawa-krajobrazowa\/miejska-firma-reklamowa-czyli-slow-o-kodeksie-reklamowym-poznania\/#breadcrumb","itemListElement":[{"@type":"ListItem","position":1,"name":"Strona g\u0142\u00f3wna","item":"https:\/\/jetline.pl\/en\/"},{"@type":"ListItem","position":2,"name":"Ustawa krajobrazowa","item":"https:\/\/jetline.pl\/en\/ustawa-krajobrazowa\/"},{"@type":"ListItem","position":3,"name":"Miejska Firma Reklamowa, czyli kilka s\u0142\u00f3w o Kodeksie Reklamowym Poznania"}]},{"@type":"WebSite","@id":"https:\/\/jetline.pl\/en\/#website","url":"https:\/\/jetline.pl\/en\/","name":"Jet Line","description":"Tworzymy przestrze\u0144 do komunikacji","publisher":{"@id":"https:\/\/jetline.pl\/en\/#organization"},"potentialAction":[{"@type":"SearchAction","target":{"@type":"EntryPoint","urlTemplate":"https:\/\/jetline.pl\/en\/?s={search_term_string}"},"query-input":{"@type":"PropertyValueSpecification","valueRequired":true,"valueName":"search_term_string"}}],"inLanguage":"en-US"},{"@type":"Organization","@id":"https:\/\/jetline.pl\/en\/#organization","name":"Jet Line","url":"https:\/\/jetline.pl\/en\/","logo":{"@type":"ImageObject","inLanguage":"en-US","@id":"https:\/\/jetline.pl\/en\/#\/schema\/logo\/image\/","url":"https:\/\/jetline.pl\/wp-content\/uploads\/2024\/09\/logo_poziom_logo_poziom_czerwone-1.png","contentUrl":"https:\/\/jetline.pl\/wp-content\/uploads\/2024\/09\/logo_poziom_logo_poziom_czerwone-1.png","width":4946,"height":2016,"caption":"Jet Line"},"image":{"@id":"https:\/\/jetline.pl\/en\/#\/schema\/logo\/image\/"}}]}},"_links":{"self":[{"href":"https:\/\/jetline.pl\/en\/wp-json\/wp\/v2\/ustawa\/1745","targetHints":{"allow":["GET"]}}],"collection":[{"href":"https:\/\/jetline.pl\/en\/wp-json\/wp\/v2\/ustawa"}],"about":[{"href":"https:\/\/jetline.pl\/en\/wp-json\/wp\/v2\/types\/ustawa"}],"author":[{"embeddable":true,"href":"https:\/\/jetline.pl\/en\/wp-json\/wp\/v2\/users\/16"}],"wp:featuredmedia":[{"embeddable":true,"href":"https:\/\/jetline.pl\/en\/wp-json\/wp\/v2\/media\/1609"}],"wp:attachment":[{"href":"https:\/\/jetline.pl\/en\/wp-json\/wp\/v2\/media?parent=1745"}],"wp:term":[{"taxonomy":"ustawa_cat","embeddable":true,"href":"https:\/\/jetline.pl\/en\/wp-json\/wp\/v2\/ustawa_cat?post=1745"}],"curies":[{"name":"wp","href":"https:\/\/api.w.org\/{rel}","templated":true}]}}