{"id":1746,"date":"2019-05-17T13:33:59","date_gmt":"2019-05-17T11:33:59","guid":{"rendered":"https:\/\/jetline.presb.pl\/ustawa-krajobrazowa\/nowy-kodeks-krajobrazowy-lodzi\/"},"modified":"2024-09-04T12:57:09","modified_gmt":"2024-09-04T10:57:09","slug":"nowy-kodeks-krajobrazowy-lodzi","status":"publish","type":"ustawa","link":"https:\/\/jetline.pl\/en\/ustawa-krajobrazowa\/nowy-kodeks-krajobrazowy-lodzi\/","title":{"rendered":"Nowy kodeks krajobrazowy \u0141odzi"},"content":{"rendered":"<p><img loading=\"lazy\" decoding=\"async\" class=\"alignnone wp-image-11329 size-full\" src=\"https:\/\/jetline.pl\/wp-content\/uploads\/2024\/08\/lodz.jpg\" alt=\"\" width=\"1607\" height=\"736\" \/><\/p>\n<p>Nowa uchwa\u0142a krajobrazowa \u0141odzi zadebiutowa\u0142a wczoraj, 16 maja, podczas pierwszego spotkania konsultacyjnego.<br \/>\nPokr\u00f3tce historia uchwa\u0142y w \u0141odzi wygl\u0105da nast\u0119puj\u0105co:<\/p>\n<ul>\n<li>16 listopada 2016 r. Rada Miejska w \u0141odzi, podj\u0119\u0142a uchwa\u0142\u0119 krajobrazow\u0105<\/li>\n<li>11 sierpnia 2017 r. Wojew\u00f3dzki S\u0105d Administracyjny (WSA) w \u0141odzi stwierdzi\u0142 niewa\u017cno\u015b\u0107 uchwa\u0142y w ca\u0142o\u015bci<\/li>\n<li>Rada Miejska w \u0141odzi, skierowa\u0142a skarg\u0119 kasacyjn\u0105 do Naczelnego S\u0105du Administracyjnego,<\/li>\n<li>13 grudnia 2017 r. Rada Miasta wprowadzi\u0142a zmiany do uchwa\u0142y krajobrazowej<\/li>\n<li>7 marca 2018 r. Rada Miasta podj\u0119\u0142a uchwa\u0142\u0119 o przyst\u0105pieniu do prac nad nowym Kodeksem Krajobrazowym dla miasta \u0141odzi.<\/li>\n<\/ul>\n<p>Prezentacja dotycz\u0105ca \u0141odzi i jej problem\u00f3w z reklamami, kt\u00f3r\u0105 ogl\u0105dali\u015bmy na pocz\u0105tku spotkania, zaczyna\u0142a si\u0119 od zdj\u0119cia Poznania, i do tego zdj\u0119cia bardzo starego. Troch\u0119 dziwnie...<\/p>\n<p>Na stronie miasta jest udost\u0119pniona ankieta <a href=\"https:\/\/docs.google.com\/forms\/d\/e\/1FAIpQLScP-tcT3lDv_q5B9TxYzLO9_uZzN3MJICeSNf8-59D39nHP_g\/formResponse\">https:\/\/docs.google.com\/forms\/d\/e\/1FAIpQLScP-tcT3lDv_q5B9TxYzLO9_uZzN3MJICeSNf8-59D39nHP_g\/formResponse<\/a>, niestety jest to ta sama ankieta, kt\u00f3ra by\u0142a realizowana w 2016 roku. Zamkni\u0119ta lista wyselekcjonowanych odpowiedzi uniemo\u017cliwia okre\u015blenie w\u0142asnego stanowiska, np<em>.: \u201eKt\u00f3rych typ\u00f3w tablic\/urz\u0105dze\u0144 reklamowych, wed\u0142ug Pani\/ Pana opinii, nale\u017ca\u0142oby zakaza\u0107 w odniesieniu do teren\u00f3w przemys\u0142owo - us\u0142ugowych?\u201d <\/em>A do wyboru mamy odpowiedzi:<em>\u00a0 \u201eWy\u015bwietlacze LED, urz\u0105dzenie reklamowe wolnostoj\u0105ce, tablice kierunkowe, siatki wielkoformatowa itp.\u201d<\/em> A co odpowiedzie\u0107, je\u017celi nie widzimy potrzeby zakazywania czegokolwiek w tym przypadku? Jednak odpowied\u017a musimy zaznaczy\u0107, bo tego wymaga system.<\/p>\n<p>Nad projektem nie pracuj\u0105 ju\u017c osoby, kt\u00f3re tworzy\u0142y poprzedni kodeks reklamowy. Przed nowym zespo\u0142em jest trudne zadanie, na razie jest na pocz\u0105tku drogi i zaczyna zbiera\u0107 informacje. Trzymamy kciuki i liczymy na dokument, kt\u00f3ry b\u0119dzie z jednej strony porz\u0105dkowa\u0142 miasto, z drugiej \u2013 umo\u017cliwi przedsi\u0119biorcom mo\u017cliwo\u015b\u0107 komunikowania si\u0119 w przestrzeni publicznej oraz kt\u00f3ry b\u0119dzie szanowa\u0142 poprzednie decyzje administracyjne takie jak pozwolenia na budow\u0119. Liczymy jednocze\u015bnie, \u017ce b\u0119dzie to dokument, niezmuszaj\u0105cy przedsi\u0119biorc\u00f3w do ponoszenia zb\u0119dnych wydatk\u00f3w i zarazem taki, kt\u00f3ry rozwi\u0105\u017ce problem nielegalnej reklamy.<\/p>\n<p>Z drugiej strony zastanawia mnie sens wprowadzania nowego prawa, skoro stare obowi\u0105zuje od 3 lat i nikt go nie egzekwuje. Urz\u0105d przez ten czas nie wystawi\u0142 \u017cadnej decyzji pobieraj\u0105cej op\u0142at\u0119 za reklam\u0119 niespe\u0142niaj\u0105c\u0105 warunk\u00f3w uchwa\u0142y krajobrazowej. Przed wej\u015bciem na spotkanie w Urz\u0119dzie Miasta \u0141odzi by\u0142o stoisko wyborcze obwieszone banerami. Jest to ca\u0142kowicie niezgodne z uchwa\u0142\u0105 o parku kulturowym, kt\u00f3ra w tym miejscu zast\u0119puje zapisy uchwa\u0142y krajobrazowej. Rozdzia\u0142 2 par. 4 ust. 11 tej uchwa\u0142y brzmi bowiem: \u201e<em>zakazuje si\u0119 umieszczania wolnostoj\u0105cych no\u015bnik\u00f3w reklamowych\u201d.<br \/>\n<\/em>Jednak dla nikogo w urz\u0119dzie nie stanowi\u0142o to problemu.<\/p>\n<p><img loading=\"lazy\" decoding=\"async\" class=\"alignnone wp-image-11330 size-full\" src=\"https:\/\/jetline.pl\/wp-content\/uploads\/2024\/08\/zdjecie-koncowe.jpg\" alt=\"\" width=\"1530\" height=\"782\" \/><\/p>\n","protected":false},"author":16,"featured_media":1611,"template":"","ustawa_cat":[],"class_list":["post-1746","ustawa","type-ustawa","status-publish","has-post-thumbnail","hentry"],"acf":[],"yoast_head":"<!-- This site is optimized with the Yoast SEO plugin v27.5 - https:\/\/yoast.com\/product\/yoast-seo-wordpress\/ -->\n<title>Nowy kodeks krajobrazowy \u0141odzi - Jet Line<\/title>\n<meta name=\"robots\" content=\"index, follow, max-snippet:-1, max-image-preview:large, max-video-preview:-1\" \/>\n<link rel=\"canonical\" href=\"https:\/\/jetline.pl\/en\/ustawa-krajobrazowa\/nowy-kodeks-krajobrazowy-lodzi\/\" \/>\n<meta property=\"og:locale\" content=\"en_US\" \/>\n<meta property=\"og:type\" content=\"article\" \/>\n<meta property=\"og:title\" content=\"Nowy kodeks krajobrazowy \u0141odzi - Jet Line\" \/>\n<meta property=\"og:description\" content=\"Nowa uchwa\u0142a krajobrazowa \u0141odzi zadebiutowa\u0142a wczoraj, 16 maja, podczas pierwszego...\" \/>\n<meta property=\"og:url\" content=\"https:\/\/jetline.pl\/en\/ustawa-krajobrazowa\/nowy-kodeks-krajobrazowy-lodzi\/\" \/>\n<meta property=\"og:site_name\" content=\"Jet Line\" \/>\n<meta property=\"article:modified_time\" content=\"2024-09-04T10:57:09+00:00\" \/>\n<meta property=\"og:image\" content=\"https:\/\/jetline.pl\/wp-content\/uploads\/2024\/09\/lodz.jpg\" \/>\n\t<meta property=\"og:image:width\" content=\"1607\" \/>\n\t<meta property=\"og:image:height\" content=\"736\" \/>\n\t<meta property=\"og:image:type\" content=\"image\/jpeg\" \/>\n<meta name=\"twitter:card\" content=\"summary_large_image\" \/>\n<meta name=\"twitter:label1\" content=\"Est. reading time\" \/>\n\t<meta name=\"twitter:data1\" content=\"2 minutes\" \/>\n<script type=\"application\/ld+json\" class=\"yoast-schema-graph\">{\"@context\":\"https:\\\/\\\/schema.org\",\"@graph\":[{\"@type\":\"WebPage\",\"@id\":\"https:\\\/\\\/jetline.pl\\\/en\\\/ustawa-krajobrazowa\\\/nowy-kodeks-krajobrazowy-lodzi\\\/\",\"url\":\"https:\\\/\\\/jetline.pl\\\/en\\\/ustawa-krajobrazowa\\\/nowy-kodeks-krajobrazowy-lodzi\\\/\",\"name\":\"Nowy kodeks krajobrazowy \u0141odzi - Jet Line\",\"isPartOf\":{\"@id\":\"https:\\\/\\\/jetline.pl\\\/en\\\/#website\"},\"primaryImageOfPage\":{\"@id\":\"https:\\\/\\\/jetline.pl\\\/en\\\/ustawa-krajobrazowa\\\/nowy-kodeks-krajobrazowy-lodzi\\\/#primaryimage\"},\"image\":{\"@id\":\"https:\\\/\\\/jetline.pl\\\/en\\\/ustawa-krajobrazowa\\\/nowy-kodeks-krajobrazowy-lodzi\\\/#primaryimage\"},\"thumbnailUrl\":\"https:\\\/\\\/jetline.pl\\\/wp-content\\\/uploads\\\/2024\\\/09\\\/lodz.jpg\",\"datePublished\":\"2019-05-17T11:33:59+00:00\",\"dateModified\":\"2024-09-04T10:57:09+00:00\",\"breadcrumb\":{\"@id\":\"https:\\\/\\\/jetline.pl\\\/en\\\/ustawa-krajobrazowa\\\/nowy-kodeks-krajobrazowy-lodzi\\\/#breadcrumb\"},\"inLanguage\":\"en-US\",\"potentialAction\":[{\"@type\":\"ReadAction\",\"target\":[\"https:\\\/\\\/jetline.pl\\\/en\\\/ustawa-krajobrazowa\\\/nowy-kodeks-krajobrazowy-lodzi\\\/\"]}]},{\"@type\":\"ImageObject\",\"inLanguage\":\"en-US\",\"@id\":\"https:\\\/\\\/jetline.pl\\\/en\\\/ustawa-krajobrazowa\\\/nowy-kodeks-krajobrazowy-lodzi\\\/#primaryimage\",\"url\":\"https:\\\/\\\/jetline.pl\\\/wp-content\\\/uploads\\\/2024\\\/09\\\/lodz.jpg\",\"contentUrl\":\"https:\\\/\\\/jetline.pl\\\/wp-content\\\/uploads\\\/2024\\\/09\\\/lodz.jpg\",\"width\":1607,\"height\":736},{\"@type\":\"BreadcrumbList\",\"@id\":\"https:\\\/\\\/jetline.pl\\\/en\\\/ustawa-krajobrazowa\\\/nowy-kodeks-krajobrazowy-lodzi\\\/#breadcrumb\",\"itemListElement\":[{\"@type\":\"ListItem\",\"position\":1,\"name\":\"Strona g\u0142\u00f3wna\",\"item\":\"https:\\\/\\\/jetline.pl\\\/en\\\/\"},{\"@type\":\"ListItem\",\"position\":2,\"name\":\"Ustawa krajobrazowa\",\"item\":\"https:\\\/\\\/jetline.pl\\\/en\\\/ustawa-krajobrazowa\\\/\"},{\"@type\":\"ListItem\",\"position\":3,\"name\":\"Nowy kodeks krajobrazowy \u0141odzi\"}]},{\"@type\":\"WebSite\",\"@id\":\"https:\\\/\\\/jetline.pl\\\/en\\\/#website\",\"url\":\"https:\\\/\\\/jetline.pl\\\/en\\\/\",\"name\":\"Jet Line\",\"description\":\"Tworzymy przestrze\u0144 do komunikacji\",\"publisher\":{\"@id\":\"https:\\\/\\\/jetline.pl\\\/en\\\/#organization\"},\"potentialAction\":[{\"@type\":\"SearchAction\",\"target\":{\"@type\":\"EntryPoint\",\"urlTemplate\":\"https:\\\/\\\/jetline.pl\\\/en\\\/?s={search_term_string}\"},\"query-input\":{\"@type\":\"PropertyValueSpecification\",\"valueRequired\":true,\"valueName\":\"search_term_string\"}}],\"inLanguage\":\"en-US\"},{\"@type\":\"Organization\",\"@id\":\"https:\\\/\\\/jetline.pl\\\/en\\\/#organization\",\"name\":\"Jet Line\",\"url\":\"https:\\\/\\\/jetline.pl\\\/en\\\/\",\"logo\":{\"@type\":\"ImageObject\",\"inLanguage\":\"en-US\",\"@id\":\"https:\\\/\\\/jetline.pl\\\/en\\\/#\\\/schema\\\/logo\\\/image\\\/\",\"url\":\"https:\\\/\\\/jetline.pl\\\/wp-content\\\/uploads\\\/2024\\\/09\\\/logo_poziom_logo_poziom_czerwone-1.png\",\"contentUrl\":\"https:\\\/\\\/jetline.pl\\\/wp-content\\\/uploads\\\/2024\\\/09\\\/logo_poziom_logo_poziom_czerwone-1.png\",\"width\":4946,\"height\":2016,\"caption\":\"Jet Line\"},\"image\":{\"@id\":\"https:\\\/\\\/jetline.pl\\\/en\\\/#\\\/schema\\\/logo\\\/image\\\/\"}}]}<\/script>\n<!-- \/ Yoast SEO plugin. -->","yoast_head_json":{"title":"Nowy kodeks krajobrazowy \u0141odzi - Jet Line","robots":{"index":"index","follow":"follow","max-snippet":"max-snippet:-1","max-image-preview":"max-image-preview:large","max-video-preview":"max-video-preview:-1"},"canonical":"https:\/\/jetline.pl\/en\/ustawa-krajobrazowa\/nowy-kodeks-krajobrazowy-lodzi\/","og_locale":"en_US","og_type":"article","og_title":"Nowy kodeks krajobrazowy \u0141odzi - Jet Line","og_description":"Nowa uchwa\u0142a krajobrazowa \u0141odzi zadebiutowa\u0142a wczoraj, 16 maja, podczas pierwszego...","og_url":"https:\/\/jetline.pl\/en\/ustawa-krajobrazowa\/nowy-kodeks-krajobrazowy-lodzi\/","og_site_name":"Jet Line","article_modified_time":"2024-09-04T10:57:09+00:00","og_image":[{"width":1607,"height":736,"url":"https:\/\/jetline.pl\/wp-content\/uploads\/2024\/09\/lodz.jpg","type":"image\/jpeg"}],"twitter_card":"summary_large_image","twitter_misc":{"Est. reading time":"2 minutes"},"schema":{"@context":"https:\/\/schema.org","@graph":[{"@type":"WebPage","@id":"https:\/\/jetline.pl\/en\/ustawa-krajobrazowa\/nowy-kodeks-krajobrazowy-lodzi\/","url":"https:\/\/jetline.pl\/en\/ustawa-krajobrazowa\/nowy-kodeks-krajobrazowy-lodzi\/","name":"Nowy kodeks krajobrazowy \u0141odzi - Jet Line","isPartOf":{"@id":"https:\/\/jetline.pl\/en\/#website"},"primaryImageOfPage":{"@id":"https:\/\/jetline.pl\/en\/ustawa-krajobrazowa\/nowy-kodeks-krajobrazowy-lodzi\/#primaryimage"},"image":{"@id":"https:\/\/jetline.pl\/en\/ustawa-krajobrazowa\/nowy-kodeks-krajobrazowy-lodzi\/#primaryimage"},"thumbnailUrl":"https:\/\/jetline.pl\/wp-content\/uploads\/2024\/09\/lodz.jpg","datePublished":"2019-05-17T11:33:59+00:00","dateModified":"2024-09-04T10:57:09+00:00","breadcrumb":{"@id":"https:\/\/jetline.pl\/en\/ustawa-krajobrazowa\/nowy-kodeks-krajobrazowy-lodzi\/#breadcrumb"},"inLanguage":"en-US","potentialAction":[{"@type":"ReadAction","target":["https:\/\/jetline.pl\/en\/ustawa-krajobrazowa\/nowy-kodeks-krajobrazowy-lodzi\/"]}]},{"@type":"ImageObject","inLanguage":"en-US","@id":"https:\/\/jetline.pl\/en\/ustawa-krajobrazowa\/nowy-kodeks-krajobrazowy-lodzi\/#primaryimage","url":"https:\/\/jetline.pl\/wp-content\/uploads\/2024\/09\/lodz.jpg","contentUrl":"https:\/\/jetline.pl\/wp-content\/uploads\/2024\/09\/lodz.jpg","width":1607,"height":736},{"@type":"BreadcrumbList","@id":"https:\/\/jetline.pl\/en\/ustawa-krajobrazowa\/nowy-kodeks-krajobrazowy-lodzi\/#breadcrumb","itemListElement":[{"@type":"ListItem","position":1,"name":"Strona g\u0142\u00f3wna","item":"https:\/\/jetline.pl\/en\/"},{"@type":"ListItem","position":2,"name":"Ustawa krajobrazowa","item":"https:\/\/jetline.pl\/en\/ustawa-krajobrazowa\/"},{"@type":"ListItem","position":3,"name":"Nowy kodeks krajobrazowy \u0141odzi"}]},{"@type":"WebSite","@id":"https:\/\/jetline.pl\/en\/#website","url":"https:\/\/jetline.pl\/en\/","name":"Jet Line","description":"Tworzymy przestrze\u0144 do komunikacji","publisher":{"@id":"https:\/\/jetline.pl\/en\/#organization"},"potentialAction":[{"@type":"SearchAction","target":{"@type":"EntryPoint","urlTemplate":"https:\/\/jetline.pl\/en\/?s={search_term_string}"},"query-input":{"@type":"PropertyValueSpecification","valueRequired":true,"valueName":"search_term_string"}}],"inLanguage":"en-US"},{"@type":"Organization","@id":"https:\/\/jetline.pl\/en\/#organization","name":"Jet Line","url":"https:\/\/jetline.pl\/en\/","logo":{"@type":"ImageObject","inLanguage":"en-US","@id":"https:\/\/jetline.pl\/en\/#\/schema\/logo\/image\/","url":"https:\/\/jetline.pl\/wp-content\/uploads\/2024\/09\/logo_poziom_logo_poziom_czerwone-1.png","contentUrl":"https:\/\/jetline.pl\/wp-content\/uploads\/2024\/09\/logo_poziom_logo_poziom_czerwone-1.png","width":4946,"height":2016,"caption":"Jet Line"},"image":{"@id":"https:\/\/jetline.pl\/en\/#\/schema\/logo\/image\/"}}]}},"_links":{"self":[{"href":"https:\/\/jetline.pl\/en\/wp-json\/wp\/v2\/ustawa\/1746","targetHints":{"allow":["GET"]}}],"collection":[{"href":"https:\/\/jetline.pl\/en\/wp-json\/wp\/v2\/ustawa"}],"about":[{"href":"https:\/\/jetline.pl\/en\/wp-json\/wp\/v2\/types\/ustawa"}],"author":[{"embeddable":true,"href":"https:\/\/jetline.pl\/en\/wp-json\/wp\/v2\/users\/16"}],"wp:featuredmedia":[{"embeddable":true,"href":"https:\/\/jetline.pl\/en\/wp-json\/wp\/v2\/media\/1611"}],"wp:attachment":[{"href":"https:\/\/jetline.pl\/en\/wp-json\/wp\/v2\/media?parent=1746"}],"wp:term":[{"taxonomy":"ustawa_cat","embeddable":true,"href":"https:\/\/jetline.pl\/en\/wp-json\/wp\/v2\/ustawa_cat?post=1746"}],"curies":[{"name":"wp","href":"https:\/\/api.w.org\/{rel}","templated":true}]}}