{"id":1747,"date":"2019-06-03T13:17:47","date_gmt":"2019-06-03T11:17:47","guid":{"rendered":"https:\/\/jetline.presb.pl\/ustawa-krajobrazowa\/zmiany-ustawie-krajobrazowej\/"},"modified":"2025-02-28T10:51:12","modified_gmt":"2025-02-28T09:51:12","slug":"zmiany-ustawie-krajobrazowej","status":"publish","type":"ustawa","link":"https:\/\/jetline.pl\/en\/ustawa-krajobrazowa\/zmiany-ustawie-krajobrazowej\/","title":{"rendered":"Zmiany w ustawie krajobrazowej?"},"content":{"rendered":"<p>Od kilku dni w mediach pojawiaj\u0105 si\u0119 emocjonalne wpisy dotycz\u0105ce likwidacji ustawy krajobrazowej.<br \/>\nTak zwana ustawa krajobrazowa obowi\u0105zuje od prawie 4 lat, a jej efektem jest podj\u0119cie uchwa\u0142 jedynie w 0,8% gmin w Polsce. Wi\u0119kszo\u015b\u0107 zrealizowanych projekt\u00f3w znajduje si\u0119 w s\u0105dach lub te\u017c gminy z w\u0142asnej inicjatywy pracuj\u0105 nad ich zmian\u0105. Nie trzeba mie\u0107 jakiej\u015b szczeg\u00f3lnej wiedzy, \u017ceby doj\u015b\u0107 do wniosku, \u017ce prawo w obecnej postaci nie dzia\u0142a.<\/p>\n<p>By\u0107 mo\u017ce dlatego ustawa krajobrazowa ma zosta\u0107 zmieniona. I tak si\u0119 powinno dzia\u0107 w przypadku je\u017celi prawo, kt\u00f3re powsta\u0142o, jest wadliwe i nie dzia\u0142a.<\/p>\n<p>Podkre\u015blmy, \u017ce burza odnosi si\u0119 do dokumentu, kt\u00f3ry nie zosta\u0142 jeszcze pokazany publicznie i obecnie znajduje si\u0119 na etapie konsultacji wewn\u0105trz Ministerstwa Inwestycji i Rozwoju, a potem trafi na konsultacje mi\u0119dzyresortowe. Prace nad zmianami ustaw o planowaniu przestrzennym i prawie budowlanym (ustawa krajobrazowa jest cz\u0119\u015bci\u0105 tych ustaw) trwaj\u0105 od wielu lat i co jaki\u015b czas pojawiaj\u0105 si\u0119 projekty i informacje, co mo\u017ce ulec zmianie. Do tej pory nie ma jednak \u017cadnego konkretu.<br \/>\nDo projekt\u00f3w uchwa\u0142 porz\u0105dkuj\u0105cych prawo w zakresie budownictwa wszyscy zainteresowani mogli sk\u0142ada\u0107 swoje uwagi. Ustawodawca ma obowi\u0105zek je przeanalizowa\u0107 i\u00a0 przedstawi\u0107 rozwi\u0105zanie najlepsze dla mieszka\u0144c\u00f3w i przedsi\u0119biorc\u00f3w.<\/p>\n<p>O b\u0142\u0119dach w ustawie krajobrazowej m\u00f3wili\u015bmy od samego pocz\u0105tku jej powstania.<br \/>\nJednocze\u015bnie nie negujemy potrzeby porz\u0105dkowania kwestii zwi\u0105zanych z reklam\u0105.<br \/>\nWszystko zale\u017cy jednak od tego, w jaki spos\u00f3b si\u0119 to robi.<\/p>\n<p>Czy dokument, o kt\u00f3rym zrobi\u0142o si\u0119 tak g\u0142o\u015bno, rzeczywi\u015bcie likwiduje mo\u017cliwo\u015b\u0107 regulowania reklamy na poziomie ca\u0142ej gminy, czy likwiduje kary, czy nak\u0142ada na gminy obowi\u0105zek odszkodowawczy w przypadku ograniczenia mo\u017cliwo\u015bci reklamy na budynku czy te\u017c porz\u0105dkuje prawo definiuj\u0105c przestrze\u0144 publiczn\u0105 i nie pozwalaj\u0105c na rozbi\u00f3rk\u0119 reklam ustawionych zgodnie z prawem \u2013 zobaczymy po jego publikacji.<\/p>\n<p>Podsumowuj\u0105c \u2013 najwa\u017cniejsze, \u017ceby jedna z\u0142a ustawa nie zosta\u0142a zast\u0105piona drug\u0105 z\u0142\u0105 ustaw\u0105. Miejmy nadziej\u0119, \u017ce temat planowania przestrzennego nie b\u0119dzie wymaga\u0142 nocnego g\u0142osowania i znajdzie si\u0119 podczas procesu legislacyjnego czas na rzeczow\u0105 dyskusj\u0119 dotycz\u0105c\u0105 skutecznej ochrony przestrzeni publicznej.<\/p>\n","protected":false},"author":16,"featured_media":1613,"template":"","ustawa_cat":[567],"class_list":["post-1747","ustawa","type-ustawa","status-publish","has-post-thumbnail","hentry","ustawa_cat-przeglady-sytuacji"],"acf":[],"yoast_head":"<!-- This site is optimized with the Yoast SEO plugin v27.5 - https:\/\/yoast.com\/product\/yoast-seo-wordpress\/ -->\n<title>Zmiany w ustawie krajobrazowej?<\/title>\n<meta name=\"description\" content=\"Tak zwana ustawa krajobrazowa obowi\u0105zuje od prawie 4 lat, a jej efektem jest podj\u0119cie uchwa\u0142 jedynie w 0,8% gmin w Polsce.\" \/>\n<meta name=\"robots\" content=\"index, follow, max-snippet:-1, max-image-preview:large, max-video-preview:-1\" \/>\n<link rel=\"canonical\" href=\"https:\/\/jetline.pl\/en\/ustawa-krajobrazowa\/zmiany-ustawie-krajobrazowej\/\" \/>\n<meta property=\"og:locale\" content=\"en_US\" \/>\n<meta property=\"og:type\" content=\"article\" \/>\n<meta property=\"og:title\" content=\"Zmiany w ustawie krajobrazowej?\" \/>\n<meta property=\"og:description\" content=\"Tak zwana ustawa krajobrazowa obowi\u0105zuje od prawie 4 lat, a jej efektem jest podj\u0119cie uchwa\u0142 jedynie w 0,8% gmin w Polsce.\" \/>\n<meta property=\"og:url\" content=\"https:\/\/jetline.pl\/en\/ustawa-krajobrazowa\/zmiany-ustawie-krajobrazowej\/\" \/>\n<meta property=\"og:site_name\" content=\"Jet Line\" \/>\n<meta property=\"article:modified_time\" content=\"2025-02-28T09:51:12+00:00\" \/>\n<meta property=\"og:image\" content=\"https:\/\/jetline.pl\/wp-content\/uploads\/2024\/09\/UK_komentarz-czerwiec-2019.jpg\" \/>\n\t<meta property=\"og:image:width\" content=\"3000\" \/>\n\t<meta property=\"og:image:height\" content=\"1688\" \/>\n\t<meta property=\"og:image:type\" content=\"image\/jpeg\" \/>\n<meta name=\"twitter:card\" content=\"summary_large_image\" \/>\n<meta name=\"twitter:label1\" content=\"Est. reading time\" \/>\n\t<meta name=\"twitter:data1\" content=\"3 minutes\" \/>\n<script type=\"application\/ld+json\" class=\"yoast-schema-graph\">{\"@context\":\"https:\\\/\\\/schema.org\",\"@graph\":[{\"@type\":\"WebPage\",\"@id\":\"https:\\\/\\\/jetline.pl\\\/en\\\/ustawa-krajobrazowa\\\/zmiany-ustawie-krajobrazowej\\\/\",\"url\":\"https:\\\/\\\/jetline.pl\\\/en\\\/ustawa-krajobrazowa\\\/zmiany-ustawie-krajobrazowej\\\/\",\"name\":\"Zmiany w ustawie krajobrazowej?\",\"isPartOf\":{\"@id\":\"https:\\\/\\\/jetline.pl\\\/en\\\/#website\"},\"primaryImageOfPage\":{\"@id\":\"https:\\\/\\\/jetline.pl\\\/en\\\/ustawa-krajobrazowa\\\/zmiany-ustawie-krajobrazowej\\\/#primaryimage\"},\"image\":{\"@id\":\"https:\\\/\\\/jetline.pl\\\/en\\\/ustawa-krajobrazowa\\\/zmiany-ustawie-krajobrazowej\\\/#primaryimage\"},\"thumbnailUrl\":\"https:\\\/\\\/jetline.pl\\\/wp-content\\\/uploads\\\/2024\\\/09\\\/UK_komentarz-czerwiec-2019.jpg\",\"datePublished\":\"2019-06-03T11:17:47+00:00\",\"dateModified\":\"2025-02-28T09:51:12+00:00\",\"description\":\"Tak zwana ustawa krajobrazowa obowi\u0105zuje od prawie 4 lat, a jej efektem jest podj\u0119cie uchwa\u0142 jedynie w 0,8% gmin w Polsce.\",\"breadcrumb\":{\"@id\":\"https:\\\/\\\/jetline.pl\\\/en\\\/ustawa-krajobrazowa\\\/zmiany-ustawie-krajobrazowej\\\/#breadcrumb\"},\"inLanguage\":\"en-US\",\"potentialAction\":[{\"@type\":\"ReadAction\",\"target\":[\"https:\\\/\\\/jetline.pl\\\/en\\\/ustawa-krajobrazowa\\\/zmiany-ustawie-krajobrazowej\\\/\"]}]},{\"@type\":\"ImageObject\",\"inLanguage\":\"en-US\",\"@id\":\"https:\\\/\\\/jetline.pl\\\/en\\\/ustawa-krajobrazowa\\\/zmiany-ustawie-krajobrazowej\\\/#primaryimage\",\"url\":\"https:\\\/\\\/jetline.pl\\\/wp-content\\\/uploads\\\/2024\\\/09\\\/UK_komentarz-czerwiec-2019.jpg\",\"contentUrl\":\"https:\\\/\\\/jetline.pl\\\/wp-content\\\/uploads\\\/2024\\\/09\\\/UK_komentarz-czerwiec-2019.jpg\",\"width\":3000,\"height\":1688},{\"@type\":\"BreadcrumbList\",\"@id\":\"https:\\\/\\\/jetline.pl\\\/en\\\/ustawa-krajobrazowa\\\/zmiany-ustawie-krajobrazowej\\\/#breadcrumb\",\"itemListElement\":[{\"@type\":\"ListItem\",\"position\":1,\"name\":\"Strona g\u0142\u00f3wna\",\"item\":\"https:\\\/\\\/jetline.pl\\\/en\\\/\"},{\"@type\":\"ListItem\",\"position\":2,\"name\":\"Ustawa krajobrazowa\",\"item\":\"https:\\\/\\\/jetline.pl\\\/en\\\/ustawa-krajobrazowa\\\/\"},{\"@type\":\"ListItem\",\"position\":3,\"name\":\"Zmiany w ustawie krajobrazowej?\"}]},{\"@type\":\"WebSite\",\"@id\":\"https:\\\/\\\/jetline.pl\\\/en\\\/#website\",\"url\":\"https:\\\/\\\/jetline.pl\\\/en\\\/\",\"name\":\"Jet Line\",\"description\":\"Tworzymy przestrze\u0144 do komunikacji\",\"publisher\":{\"@id\":\"https:\\\/\\\/jetline.pl\\\/en\\\/#organization\"},\"potentialAction\":[{\"@type\":\"SearchAction\",\"target\":{\"@type\":\"EntryPoint\",\"urlTemplate\":\"https:\\\/\\\/jetline.pl\\\/en\\\/?s={search_term_string}\"},\"query-input\":{\"@type\":\"PropertyValueSpecification\",\"valueRequired\":true,\"valueName\":\"search_term_string\"}}],\"inLanguage\":\"en-US\"},{\"@type\":\"Organization\",\"@id\":\"https:\\\/\\\/jetline.pl\\\/en\\\/#organization\",\"name\":\"Jet Line\",\"url\":\"https:\\\/\\\/jetline.pl\\\/en\\\/\",\"logo\":{\"@type\":\"ImageObject\",\"inLanguage\":\"en-US\",\"@id\":\"https:\\\/\\\/jetline.pl\\\/en\\\/#\\\/schema\\\/logo\\\/image\\\/\",\"url\":\"https:\\\/\\\/jetline.pl\\\/wp-content\\\/uploads\\\/2024\\\/09\\\/logo_poziom_logo_poziom_czerwone-1.png\",\"contentUrl\":\"https:\\\/\\\/jetline.pl\\\/wp-content\\\/uploads\\\/2024\\\/09\\\/logo_poziom_logo_poziom_czerwone-1.png\",\"width\":4946,\"height\":2016,\"caption\":\"Jet Line\"},\"image\":{\"@id\":\"https:\\\/\\\/jetline.pl\\\/en\\\/#\\\/schema\\\/logo\\\/image\\\/\"}}]}<\/script>\n<!-- \/ Yoast SEO plugin. -->","yoast_head_json":{"title":"Zmiany w ustawie krajobrazowej?","description":"Tak zwana ustawa krajobrazowa obowi\u0105zuje od prawie 4 lat, a jej efektem jest podj\u0119cie uchwa\u0142 jedynie w 0,8% gmin w Polsce.","robots":{"index":"index","follow":"follow","max-snippet":"max-snippet:-1","max-image-preview":"max-image-preview:large","max-video-preview":"max-video-preview:-1"},"canonical":"https:\/\/jetline.pl\/en\/ustawa-krajobrazowa\/zmiany-ustawie-krajobrazowej\/","og_locale":"en_US","og_type":"article","og_title":"Zmiany w ustawie krajobrazowej?","og_description":"Tak zwana ustawa krajobrazowa obowi\u0105zuje od prawie 4 lat, a jej efektem jest podj\u0119cie uchwa\u0142 jedynie w 0,8% gmin w Polsce.","og_url":"https:\/\/jetline.pl\/en\/ustawa-krajobrazowa\/zmiany-ustawie-krajobrazowej\/","og_site_name":"Jet Line","article_modified_time":"2025-02-28T09:51:12+00:00","og_image":[{"width":3000,"height":1688,"url":"https:\/\/jetline.pl\/wp-content\/uploads\/2024\/09\/UK_komentarz-czerwiec-2019.jpg","type":"image\/jpeg"}],"twitter_card":"summary_large_image","twitter_misc":{"Est. reading time":"3 minutes"},"schema":{"@context":"https:\/\/schema.org","@graph":[{"@type":"WebPage","@id":"https:\/\/jetline.pl\/en\/ustawa-krajobrazowa\/zmiany-ustawie-krajobrazowej\/","url":"https:\/\/jetline.pl\/en\/ustawa-krajobrazowa\/zmiany-ustawie-krajobrazowej\/","name":"Zmiany w ustawie krajobrazowej?","isPartOf":{"@id":"https:\/\/jetline.pl\/en\/#website"},"primaryImageOfPage":{"@id":"https:\/\/jetline.pl\/en\/ustawa-krajobrazowa\/zmiany-ustawie-krajobrazowej\/#primaryimage"},"image":{"@id":"https:\/\/jetline.pl\/en\/ustawa-krajobrazowa\/zmiany-ustawie-krajobrazowej\/#primaryimage"},"thumbnailUrl":"https:\/\/jetline.pl\/wp-content\/uploads\/2024\/09\/UK_komentarz-czerwiec-2019.jpg","datePublished":"2019-06-03T11:17:47+00:00","dateModified":"2025-02-28T09:51:12+00:00","description":"Tak zwana ustawa krajobrazowa obowi\u0105zuje od prawie 4 lat, a jej efektem jest podj\u0119cie uchwa\u0142 jedynie w 0,8% gmin w Polsce.","breadcrumb":{"@id":"https:\/\/jetline.pl\/en\/ustawa-krajobrazowa\/zmiany-ustawie-krajobrazowej\/#breadcrumb"},"inLanguage":"en-US","potentialAction":[{"@type":"ReadAction","target":["https:\/\/jetline.pl\/en\/ustawa-krajobrazowa\/zmiany-ustawie-krajobrazowej\/"]}]},{"@type":"ImageObject","inLanguage":"en-US","@id":"https:\/\/jetline.pl\/en\/ustawa-krajobrazowa\/zmiany-ustawie-krajobrazowej\/#primaryimage","url":"https:\/\/jetline.pl\/wp-content\/uploads\/2024\/09\/UK_komentarz-czerwiec-2019.jpg","contentUrl":"https:\/\/jetline.pl\/wp-content\/uploads\/2024\/09\/UK_komentarz-czerwiec-2019.jpg","width":3000,"height":1688},{"@type":"BreadcrumbList","@id":"https:\/\/jetline.pl\/en\/ustawa-krajobrazowa\/zmiany-ustawie-krajobrazowej\/#breadcrumb","itemListElement":[{"@type":"ListItem","position":1,"name":"Strona g\u0142\u00f3wna","item":"https:\/\/jetline.pl\/en\/"},{"@type":"ListItem","position":2,"name":"Ustawa krajobrazowa","item":"https:\/\/jetline.pl\/en\/ustawa-krajobrazowa\/"},{"@type":"ListItem","position":3,"name":"Zmiany w ustawie krajobrazowej?"}]},{"@type":"WebSite","@id":"https:\/\/jetline.pl\/en\/#website","url":"https:\/\/jetline.pl\/en\/","name":"Jet Line","description":"Tworzymy przestrze\u0144 do komunikacji","publisher":{"@id":"https:\/\/jetline.pl\/en\/#organization"},"potentialAction":[{"@type":"SearchAction","target":{"@type":"EntryPoint","urlTemplate":"https:\/\/jetline.pl\/en\/?s={search_term_string}"},"query-input":{"@type":"PropertyValueSpecification","valueRequired":true,"valueName":"search_term_string"}}],"inLanguage":"en-US"},{"@type":"Organization","@id":"https:\/\/jetline.pl\/en\/#organization","name":"Jet Line","url":"https:\/\/jetline.pl\/en\/","logo":{"@type":"ImageObject","inLanguage":"en-US","@id":"https:\/\/jetline.pl\/en\/#\/schema\/logo\/image\/","url":"https:\/\/jetline.pl\/wp-content\/uploads\/2024\/09\/logo_poziom_logo_poziom_czerwone-1.png","contentUrl":"https:\/\/jetline.pl\/wp-content\/uploads\/2024\/09\/logo_poziom_logo_poziom_czerwone-1.png","width":4946,"height":2016,"caption":"Jet Line"},"image":{"@id":"https:\/\/jetline.pl\/en\/#\/schema\/logo\/image\/"}}]}},"_links":{"self":[{"href":"https:\/\/jetline.pl\/en\/wp-json\/wp\/v2\/ustawa\/1747","targetHints":{"allow":["GET"]}}],"collection":[{"href":"https:\/\/jetline.pl\/en\/wp-json\/wp\/v2\/ustawa"}],"about":[{"href":"https:\/\/jetline.pl\/en\/wp-json\/wp\/v2\/types\/ustawa"}],"author":[{"embeddable":true,"href":"https:\/\/jetline.pl\/en\/wp-json\/wp\/v2\/users\/16"}],"wp:featuredmedia":[{"embeddable":true,"href":"https:\/\/jetline.pl\/en\/wp-json\/wp\/v2\/media\/1613"}],"wp:attachment":[{"href":"https:\/\/jetline.pl\/en\/wp-json\/wp\/v2\/media?parent=1747"}],"wp:term":[{"taxonomy":"ustawa_cat","embeddable":true,"href":"https:\/\/jetline.pl\/en\/wp-json\/wp\/v2\/ustawa_cat?post=1747"}],"curies":[{"name":"wp","href":"https:\/\/api.w.org\/{rel}","templated":true}]}}