{"id":1748,"date":"2019-07-30T12:15:23","date_gmt":"2019-07-30T10:15:23","guid":{"rendered":"https:\/\/jetline.presb.pl\/ustawa-krajobrazowa\/uchwaly-krajobrazowe-w-miastach-g8-po-4-latach-od-uchwalenia-przez-sejm-ustawy-krajobrazowej\/"},"modified":"2025-02-28T10:49:37","modified_gmt":"2025-02-28T09:49:37","slug":"uchwaly-krajobrazowe-w-miastach-g8-po-4-latach-od-uchwalenia-przez-sejm-ustawy-krajobrazowej","status":"publish","type":"ustawa","link":"https:\/\/jetline.pl\/en\/ustawa-krajobrazowa\/uchwaly-krajobrazowe-w-miastach-g8-po-4-latach-od-uchwalenia-przez-sejm-ustawy-krajobrazowej\/","title":{"rendered":"Uchwa\u0142y krajobrazowe w miastach G8, po 4 latach od uchwalenia przez Sejm ustawy krajobrazowej"},"content":{"rendered":"<p><img loading=\"lazy\" decoding=\"async\" class=\"alignnone wp-image-11445 size-full\" src=\"https:\/\/jetline.pl\/wp-content\/uploads\/2024\/08\/G8-rys.jpg\" alt=\"\" width=\"930\" height=\"756\" \/><\/p>\n<p>Min\u0119\u0142y ponad 4 lata od przeg\u0142osowania w sejmie ustawy krajobrazowej, co dzia\u0142o si\u0119 w przedwyborczej atmosferze. Dzi\u015b jeste\u015bmy w podobnej sytuacji. Pora zatem przedstawi\u0107 jak wygl\u0105daj\u0105 uchwa\u0142y lub prace nad nimi w \u0141odzi, Gda\u0144sku, Szczecinie, Krakowie, Warszawie, Poznaniu, Wroc\u0142awiu i Katowicach.<\/p>\n<p>Przegl\u0105d stanu uchwa\u0142 krajobrazowych ograniczamy do najwi\u0119kszych polskich miast jako tych, kt\u00f3re s\u0105 wyj\u0105tkowo interesuj\u0105ce dla reklamodawc\u00f3w i jednocze\u015bnie mog\u0142yby by\u0107 liderami zmian i o\u015brodkami wyznaczaj\u0105cymi standardy. Tymczasem jako\u015b\u0107 i efektywno\u015b\u0107 dzia\u0142a\u0144 prowadzonych przez samorz\u0105dy oceniamy nisko, chocia\u017c mamy \u015bwiadomo\u015b\u0107, \u017ce w\u0142adze lokalne poruszaj\u0105 si\u0119 w ramach prawa stworzonego centralnie, w przedwyborczym po\u015bpiechu, bez uwzgl\u0119dnienia g\u0142osu bran\u017cy.<\/p>\n<p>Jednak cztery lata to du\u017co czasu na refleksj\u0119, gromadzenie danych i wyci\u0105ganie wniosk\u00f3w.<\/p>\n<p>Szkoda, \u017ce w\u0142adze tak cz\u0119sto brn\u0105 w kiepskie rejony, odk\u0142adaj\u0105c lub trac\u0105c szanse na realne uporz\u0105dkowanie przestrzeni, wy\u017csze wp\u0142ywy do miejskich kas, tworzenie wizerunku nowoczesnych miast a przede wszystkim \u2013 na wprowadzenie trendu nowoczesnej komunikacji w przestrzeni i tworzenie wymagaj\u0105cej, partnerskiej i proaktywnej wobec firm OOH roli s\u0142u\u017c\u0105cej eliminacji szarej strefy.<\/p>\n<p><strong>\u0141\u00f3d\u017a<\/strong><br \/>\n16 listopada 2016 r. \u0141\u00f3d\u017a uchwali\u0142a jedn\u0105 z pierwszych w kraju uchwa\u0142 krajobrazowych. Jej podstawowe zapisy to:<\/p>\n<ul>\n<li>strefy \u2013 3;<\/li>\n<li>maksymalny format reklamy wolnostoj\u0105cej \u2013 18m<sup>2<\/sup>;<\/li>\n<li>reklama na elewacji podczas remont\u00f3w \u2013 maksymalnie 30% powierzchni, pozosta\u0142\u0105 cz\u0119\u015b\u0107 musi stanowi\u0107 odtworzenie elewacji, reklama mo\u017ce by\u0107 eksponowana nie d\u0142u\u017cej ni\u017c przez 8 miesi\u0119cy;<\/li>\n<li>reklama na elewacji \u2013 tylko w II strefie na \u015bcianach szczytowych, nie wi\u0119cej ni\u017c na 25% elewacji;<\/li>\n<li>szyldy \u2013 liczba i wielko\u015b\u0107 szyld\u00f3w s\u0105 bardzo ograniczone i zmieniaj\u0105 si\u0119\u00a0 w zale\u017cno\u015bci od strefy, przeznaczenia obiektu, jego wysoko\u015bci, preferowan\u0105 form\u0105 szyld\u00f3w s\u0105 litery przestrzenne;<\/li>\n<li>zakazy \u2013 umieszczanie reklam na banerach, reklam wolnostoj\u0105cych bez sta\u0142ego zamocowania w gruncie, oraz reklamy mobilnej;<\/li>\n<li>reklama cyfrowa \u2013 mocno ograniczona;<\/li>\n<li>murale \u2013 zakazane;<\/li>\n<li>okresy dostosowania \u2013 od 3 do 5 lat w zale\u017cno\u015bci od strefy;<\/li>\n<li>warunki dostosowania \u2013 nieokre\u015blone;<\/li>\n<li>prawa nabyte \u2013 nieuwzgl\u0119dnione;<\/li>\n<li>aktualizacja uchwa\u0142y \u2013 1.<\/li>\n<\/ul>\n<p>Poniewa\u017c uchwa\u0142a wprowadza\u0142a nier\u00f3wne traktowanie podmiot\u00f3w, przekracza\u0142a upowa\u017cnienie ustawowe w wielu kwestiach i zawiera\u0142a wiele innych b\u0142\u0119d\u00f3w \u2013 11 sierpnia 2017 r. Wojew\u00f3dzki S\u0105d Administracyjny (WSA) w \u0141odzi stwierdzi\u0142 niewa\u017cno\u015b\u0107 uchwa\u0142y w ca\u0142o\u015bci. W\u015br\u00f3d wielu zarzut\u00f3w za najistotniejszy merytorycznie nale\u017cy wskaza\u0107 ten, \u017ce uchwa\u0142a krajobrazowa \u0141odzi nie wskazuje warunk\u00f3w dostosowania istniej\u0105cych tablic i urz\u0105dze\u0144 reklamowych do zapis\u00f3w uchwa\u0142y oraz \u017ce sprawy zwi\u0105zane z odleg\u0142o\u015bciami reklam od drogi s\u0105 okre\u015blone w ustawie o drogach publicznych.<\/p>\n<p>W po\u0142owie pa\u017adziernika \u0141\u00f3d\u017a z\u0142o\u017cy\u0142a skarg\u0105 kasacyjn\u0105 do Naczelnego S\u0105du Administracyjnego (NSA). Termin rozprawy w NSA, mimo prawie dwuletniego oczekiwania, nie zosta\u0142 jeszcze okre\u015blony. Wyrok, kt\u00f3ry zapadnie, b\u0119dzie rzutowa\u0142 na dzia\u0142ania w pozosta\u0142ych miastach. Urz\u0105d Miasta nie chcia\u0142 nara\u017ca\u0107 si\u0119 na konieczno\u015b\u0107 wyp\u0142aty odszkodowa\u0144 w przypadku og\u0142oszenia niekorzystnego dla siebie wyroku, dlatego te\u017c Rada przeg\u0142osowa\u0142a zmian\u0119 uchwa\u0142y krajobrazowej, zmieniaj\u0105c termin dostosowania na trzy lata w strefie, w kt\u00f3rej pierwotnie by\u0142 on okre\u015blony na rok.<\/p>\n<p>W lutym 2018 \u0141\u00f3d\u017a og\u0142osi\u0142a, \u017ce przyst\u0119puje do prac nad nowym kodeksem reklamowym. 7 marca 2018 uchwalono uchwa\u0142\u0119 intencyjn\u0105. Obecnie obowi\u0105zuj\u0105ca uchwa\u0142a ma zosta\u0107 uchylona, a na jej miejsce zostanie ustanowione nowe prawo dotycz\u0105ce reklam. Na razie trwaj\u0105 prace projektowe. Jednym z element\u00f3w, kt\u00f3ry ma pozwoli\u0107 zespo\u0142owi zapozna\u0107 si\u0119 z tematem, jest ankieta \u2013 ta sama, na podstawie kt\u00f3rej napisano poprzedni\u0105 uchwa\u0142\u0119. Na tendencyjne pytania ankiety zwracali\u015bmy uwag\u0119 ju\u017c wcze\u015bniej. W maju br. odby\u0142y si\u0119 konsultacje dotycz\u0105ce za\u0142o\u017ce\u0144. Projekt ma zosta\u0107 pokazany publicznie dopiero na etapie wy\u0142o\u017cenia, co mo\u017ce nast\u0105pi\u0107 jesieni\u0105 tego roku.<\/p>\n<p>Urz\u0105d miasta udost\u0119pni\u0142 stron\u0119, na kt\u00f3rej w przejrzysty spos\u00f3b mo\u017cna zapozna\u0107 si\u0119 z aktualn\u0105 uchwa\u0142\u0105 krajobrazow\u0105:<br \/>\n<a href=\"https:\/\/uml.lodz.pl\/dla-biznesu\/kodeks-reklamowy\/\">https:\/\/uml.lodz.pl\/dla-biznesu\/kodeks-reklamowy\/<\/a><\/p>\n<p>Tekst uchwa\u0142y znajduje si\u0119 pod adresem:<br \/>\n<a href=\"https:\/\/bip.uml.lodz.pl\/files\/bip\/public\/user_upload\/uchwalal_-30112017104058.pdf\">https:\/\/bip.uml.lodz.pl\/files\/bip\/public\/user_upload\/uchwalal_-30112017104058.pdf<\/a><\/p>\n<p>&nbsp;<\/p>\n<p><strong>Gda\u0144sk<\/strong><br \/>\nUchwali\u0142 sw\u00f3j kodeks reklamowy na sesji Rady Miasta 22 lutego 2018 r.<br \/>\nPodstawowe zapisy uchwa\u0142y:<\/p>\n<ul>\n<li>strefy \u2013 8;<\/li>\n<li>maksymalny format reklamy wolnostoj\u0105cej \u2013 18m<sup>2<\/sup>;<\/li>\n<li>reklama na elewacji podczas remont\u00f3w \u2013 jest dopuszczona tylko w niekt\u00f3rych strefach, mo\u017ce stanowi\u0107 od 30% do 100% powierzchni w zale\u017cno\u015bci od rodzaju budynku, reklama mo\u017ce by\u0107 eksponowana maksymalnie przez 12 miesi\u0119cy, raz na 5 lat;<\/li>\n<li>reklama na elewacji poza szyldami jest praktycznie zakazana;<br \/>\nszyldy \u2013 liczba i wielko\u015b\u0107 szyld\u00f3w s\u0105 bardzo ograniczone i zmieniaj\u0105 si\u0119\u00a0 w zale\u017cno\u015bci od strefy, przeznaczenia obiektu, jego wysoko\u015bci; preferowan\u0105 form\u0105 szyld\u00f3w s\u0105 litery przestrzenne;<\/li>\n<li>zakazy \u2013 umieszczanie reklam na banerach i siatkach reklamowych poza remontami;<\/li>\n<li>reklama cyfrowa \u2013 mocno ograniczona poza nale\u017c\u0105cymi do miasta \u201eterenami o funkcji widowiskowo-sportowej, kt\u00f3rej charakter wymaga niekonwencjonalnych form promocji\u201d;<\/li>\n<li>murale \u2013 dopuszczone w niekt\u00f3rych strefach;<\/li>\n<li>okresy dostosowania \u2013 2 lata;<\/li>\n<li>warunki dostosowania \u2013 cz\u0119\u015bciowo okre\u015blone;<\/li>\n<li>prawa nabyte \u2013 nieuwzgl\u0119dnione.<\/li>\n<\/ul>\n<p>30 marca 2018 r. Wojewoda Pomorski wyda\u0142 rozstrzygni\u0119cie nadzorcze uchylaj\u0105c zapisy dotycz\u0105ce reklamy wyborczej, odleg\u0142o\u015bci reklam od niekt\u00f3rych element\u00f3w infrastruktury oraz okre\u015blania sposobu utrzymania tablic i urz\u0105dze\u0144 reklamowych jako regulacji, kt\u00f3re przekraczaj\u0105 upowa\u017cnienie ustawowe. Miasto odwo\u0142a\u0142o si\u0119 od decyzji wojewody do Wojew\u00f3dzkiego S\u0105du Administracyjnego, powo\u0142uj\u0105c si\u0119 na b\u0142\u0119dy w uzasadnieniu decyzji.<br \/>\n14 sierpnia br. WSA w Gda\u0144sku uchyli\u0142 w ca\u0142o\u015bci rozstrzygni\u0119cie nadzorcze Wojewody Pomorskiego. Wojewoda nie z\u0142o\u017cy\u0142 skargi kasacyjnej do NSA.<br \/>\nDo WSA w Gda\u0144sku wp\u0142yn\u0119\u0142o 19 skarg na uchwa\u0142\u0119 krajobrazow\u0105. Pochodzi\u0142y zar\u00f3wno od mieszka\u0144c\u00f3w, jak i przedsi\u0119biorc\u00f3w dzia\u0142aj\u0105cych w Gda\u0144sku. S\u0105d oddali\u0142 wszystkie skargi i o dalszym ich losie rozstrzygnie teraz NSA.<\/p>\n<p>Gda\u0144sk nie ma strony po\u015bwi\u0119conej uchwale krajobrazowej, na kt\u00f3rej przedsi\u0119biorcy i mieszka\u0144cy mogliby \u0142atwo zapozna\u0107 si\u0119 z zapisami uchwa\u0142y. Jest to niezrozumia\u0142e tym bardziej, \u017ce uchwa\u0142a jest zapisana w spos\u00f3b obszerny (53 strony) i skomplikowany, a jej zrozumienie przez przedsi\u0119biorc\u0119 bardzo cz\u0119sto b\u0119dzie wymaga\u0142o konsultacji prawnych.<\/p>\n<p>Obecnie miasto nie wydaje \u017cadnych decyzji dotycz\u0105cych reklam, nawet takich, kt\u00f3re dotycz\u0105 dostosowania obecnie istniej\u0105cych urz\u0105dze\u0144 reklamowych do zapis\u00f3w uchwa\u0142y. Z uchwa\u0142\u0105 mo\u017cna zapozna\u0107 si\u0119 na stronach BIP:<br \/>\n<a href=\"https:\/\/bip.gdansk.pl\/subpages\/akty_prawne\/pliki\/2018\/URM_2018_7_1465.PDF\">https:\/\/bip.gdansk.pl\/subpages\/akty_prawne\/pliki\/2018\/URM_2018_7_1465.PDF <\/a>lub na stronie Gda\u0144skiego Zarz\u0105du Dr\u00f3g i Zieleni.<\/p>\n<p>\u0141\u00f3d\u017a i Gda\u0144sk s\u0105 miastami, w kt\u00f3rych obowi\u0105zuje uchwa\u0142a krajobrazowa, tzn. wszystkie nowe inwestycje musz\u0105 by\u0107 zgodne z zapisami zawartymi w tych aktach prawnych.\u00a0Okres dostosowania dotyczy jedynie tych lokalizacji, kt\u00f3re istnia\u0142y w momencie wej\u015bcia uchwa\u0142y w \u017cycie.<\/p>\n<p>&nbsp;<\/p>\n<p><strong>Szczecin<\/strong><br \/>\nPrzed przyst\u0105pieniem do prac nad uchwa\u0142\u0105 w Szczecinie przeprowadzono szczeg\u00f3\u0142ow\u0105 inwentaryzacj\u0119, kt\u00f3ra pokaza\u0142a, \u017ce jedynie 19% reklam w mie\u015bcie zosta\u0142o ustawionych legalnie. Jako jedyne miasto w Polsce Szczecin skonstruowa\u0142 sw\u00f3j kodeks na bazie istniej\u0105cych plan\u00f3w miejscowych (pozosta\u0142e miasta wprowadzaj\u0105c uchwa\u0142y reklamowe zmieni\u0105 miejscowe plany zagospodarowania przestrzennego).<\/p>\n<p>Taka konstrukcja powoduje podzia\u0142 miasta na tyle stref, ile zosta\u0142o uchwalonych plan\u00f3w miejscowych plus 1 \u2013 dla strefy, w kt\u00f3rej brak planu miejscowego.<br \/>\nZ jednej strony jest to najbardziej skomplikowany i najobszerniejszy projekt uchwa\u0142y (gdyby wydrukowa\u0107 ca\u0142o\u015b\u0107 otrzymaliby\u015bmy ponad 1000 stron), jednak je\u017celi wybierzemy konkretn\u0105 lokalizacj\u0119, uchwa\u0142a dla tego miejsca b\u0119dzie bardzo czytelna i skondensowana. Podstawowe zapisy projektu uchwa\u0142y w miejscach, w kt\u00f3rych nie ma plan\u00f3w miejscowych przewiduj\u0105:<\/p>\n<ul>\n<li>maksymalny format reklamy wolnostoj\u0105cej \u2013 48m<sup>2\u00a0<\/sup><\/li>\n<li>reklama na elewacji podczas remont\u00f3w \u2013 jest dopuszczona na ca\u0142ej powierzchni rusztowania przez okres 3 miesi\u0119cy raz na 5 lat;<\/li>\n<li>reklama na elewacji \u2013 do 10% powierzchni elewacji (z zastrze\u017ceniami);<\/li>\n<li>szyldy \u2013 na jedn\u0105 dzia\u0142alno\u015b\u0107 gospodarcz\u0105 przys\u0142uguje 1 szyld o powierzchni 0,3 m<sup>2<\/sup><\/li>\n<li>zakazy \u2013 umieszczanie reklam na ogrodzeniach, terenach zielonych, urz\u0105dzeniach bezpiecze\u0144stwa ruchu drogowego, obszarach wodnych, reklam na przystankach przekraczaj\u0105cych 30% powierzchni wiaty;<\/li>\n<li>reklama cyfrowa \u2013 dopuszczona, z wyj\u0105tkiem reklam o niskiej rozdzielczo\u015bci;<\/li>\n<li>murale \u2013 traktowane jak reklama na elewacji;<\/li>\n<li>okresy dostosowania \u2013 2 lata;<\/li>\n<li>warunki dostosowania \u2013 cz\u0119\u015bciowo okre\u015blone;<\/li>\n<li>prawa nabyte \u2013uwzgl\u0119dnione.<\/li>\n<\/ul>\n<p>Termin wy\u0142o\u017cenia i zg\u0142aszania uwag do projektu min\u0105\u0142 w marcu 2017 r. Zesp\u00f3\u0142 projektowy zako\u0144czy\u0142 prace i przekaza\u0142 gotowy dokument do Rady Miasta, kt\u00f3ra nie podj\u0119\u0142a do tej pory decyzji o g\u0142osowaniu nad projektem uchwa\u0142y. Projekt szczeci\u0144skiej uchwa\u0142y jest najd\u0142u\u017cej zamro\u017conym dokumentem spo\u015br\u00f3d kodeks\u00f3w reklamowych.<\/p>\n<p>Z projektem mo\u017cna zapozna\u0107 si\u0119 pod adresem:<br \/>\n<a href=\"http:\/\/krajobraz.szczecin.pl\/chapter_139000.asp\">http:\/\/krajobraz.szczecin.pl\/chapter_139000.asp<\/a><\/p>\n<p>&nbsp;<\/p>\n<p><strong>Krak\u00f3w<\/strong><br \/>\nTrzykrotnie prezentowa\u0142 sw\u00f3j kodeks reklamowy \u2013 po raz pierwszy wiosn\u0105 2016 r., po raz drugi w sierpniu 2017 r., ostatni raz wy\u0142o\u017cenie odby\u0142o si\u0119 w kwietniu 2018 r. Podstawowe zapisy ostatnio prezentowanego projektu uchwa\u0142y:<\/p>\n<ul>\n<li>strefy \u2013 5; dodatkowo uchwa\u0142a okre\u015bla inne warunki dla ci\u0105g\u00f3w komunikacyjnych i teren\u00f3w sklep\u00f3w wielkopowierzchniowych i stacji benzynowych;<\/li>\n<li>maksymalny format reklamy wolnostoj\u0105cej \u2013 18m<sup>2<\/sup>;<\/li>\n<li>reklama na elewacji podczas remont\u00f3w \u2013 jest dopuszczona tylko w niekt\u00f3rych strefach , mo\u017ce stanowi\u0107 do 50% powierzchni dekoracji, reklama mo\u017ce by\u0107 eksponowana maksymalnie przez 12 miesi\u0119cy raz na 7 lat;<\/li>\n<li>reklama na elewacji \u2013 maksymalnie 25%powierzchni elewacji frontowej parteru;<\/li>\n<li>szyldy \u2013 liczba i wielko\u015b\u0107 szyld\u00f3w s\u0105 bardzo ograniczone i zmieniaj\u0105 si\u0119\u00a0 w zale\u017cno\u015bci od strefy, wysoko\u015bci i przeznaczenia obiektu, miejsca umieszczenia, preferowan\u0105 form\u0105 szyld\u00f3w s\u0105 litery przestrzenne;<\/li>\n<li>zakazy \u2013 umieszczanie reklam na ogrodzeniach;<\/li>\n<li>reklama cyfrowa \u2013 praktycznie zakazana, za wyj\u0105tkiem niekt\u00f3rych ma\u0142ych form i ekranu o powierzchni ponad 5 tys. m2 \u00a0zamontowanego na Tauron Arena w Krakowie, gdzie reklama jest mo\u017cliwa w czasie imprez plenerowych<\/li>\n<li>murale \u2013 zakaz;<\/li>\n<li>okresy dostosowania \u2013 2 lata;<\/li>\n<li>warunki dostosowania \u2013 cz\u0119\u015bciowo okre\u015blone;<\/li>\n<li>prawa nabyte \u2013 nieuwzgl\u0119dnione.<\/li>\n<\/ul>\n<p>Po wy\u0142o\u017ceniu projektu do Biura Planowania Przestrzennego wp\u0142yn\u0119\u0142o kilkaset uwagi niekt\u00f3re z nich zosta\u0142y uwzgl\u0119dnione w cz\u0119\u015bci lub ca\u0142o\u015bci. Dokument opisuj\u0105cy spos\u00f3b rozpatrzenia uwag liczy 175 stron.<br \/>\nAutorzy projektu przewidywali, \u017ce uchwa\u0142a b\u0119dzie prezentem dla nast\u0119pnej kadencji samorz\u0105du, termin wej\u015bcia w \u017cycie uchwa\u0142y zosta\u0142 okre\u015blony na 1 stycznia 2019 r. Projekt pojawia\u0142 si\u0119 w porz\u0105dku obrad sesji Rady Miasta dwukrotnie: w czerwcu i wrze\u015bniu 2018 r, jednak za ka\u017cdym razem by\u0142 z niej wycofywany. Projekt zosta\u0142 negatywnie zaopiniowany przez Komisj\u0119 Planowania Przestrzennego i Ochrony \u015arodowiska.<\/p>\n<p>W styczniu 2019 zast\u0119pca prezydenta Krakowa Jerzy Muzyk \u00a0rozpocz\u0105\u0142 dzia\u0142ania, kt\u00f3re maj\u0105 odpowiedzie\u0107 na pytanie, jaki wp\u0142yw na rynek reklamy b\u0119d\u0105 mia\u0142y zapisy uchwa\u0142y. Postanowiono przeprowadzi\u0107 szczeg\u00f3\u0142ow\u0105 analiz\u0119, kt\u00f3rej niestety nie wykonano przed przyst\u0105pieniem do prac nad uchwa\u0142\u0105.<\/p>\n<p>Za 56 tys. z\u0142otych miasto zleci\u0142o wykonanie audytu na 13 g\u0142\u00f3wnych ulicach w mie\u015bcie. Obliczono \u017ce znajduje si\u0119 na nich ponad 8 tys. m2 reklam wolno stoj\u0105cych i 20 tys. m2. reklam na obiektach budowlanych. Niestety nie zbadano, jaka cze\u015b\u0107 z nich to reklamy nielegalne. Z analiz\u0105 zapozna\u0142a si\u0119 Komisja Planowania Przestrzennego, kt\u00f3ra 8 lipca br. pozytywnie zaopiniowa\u0142a projekt uchwa\u0142y z uwagami. S\u0105 w\u015br\u00f3d nich: okre\u015blenie, \u017ce s\u0142upy reklamowe musz\u0105 znajdowa\u0107 si\u0119 przynajmniej 15m od siebie i co najmniej 15m od skrzy\u017cowania; reklamy przy obwodnicy musz\u0105 by\u0107 oddalone od kraw\u0119dzi jezdni o 100m; maksymalny format reklamy na elewacji bez okien to 12m2. Kolejnego wy\u0142o\u017cenia projektu nale\u017cy spodziewa\u0107 si\u0119 w pa\u017adzierniku br.<\/p>\n<p>Wszystkie dokumenty znajduj\u0105 si\u0119 na stronie BIP:<br \/>\n<a href=\"https:\/\/www.bip.krakow.pl\/?dok_id=71173&amp;metka=1&amp;vReg=1\">https:\/\/www.bip.krakow.pl\/?dok_id=71173&amp;metka=1&amp;vReg=1<\/a><\/p>\n<p>&nbsp;<\/p>\n<p><strong>Warszawa<\/strong><br \/>\nWielokrotnie przek\u0142ada\u0142a termin prezentacji projektu uchwa\u0142y krajobrazowej. Opublikowanie projektu nast\u0105pi\u0142o na pocz\u0105tku czerwca 2017 r. Za\u0142o\u017cenie, kt\u00f3re przy\u015bwieca\u0142o tw\u00f3rcom uchwa\u0142y, to\u00a0generalnie wprowadzenie zakazu umieszczania no\u015bnik\u00f3w reklamowych w mie\u015bcie, przy dopuszczeniu pewnych wyj\u0105tk\u00f3w i dotycz\u0105cych no\u015bnik\u00f3w, kt\u00f3re znajduj\u0105 si\u0119 w wi\u0119kszo\u015bci przypadk\u00f3w na terenach miejskich: citylight\u00f3w na\u00a0wiatach przystankowych oraz s\u0142up\u00f3w reklamowych.<\/p>\n<p>Po prezentacji projektu zebrano ponad 1 000 uwag. 19 pa\u017adziernika 2018 r., dwa dni przed I tur\u0105 wybor\u00f3w samorz\u0105dowych og\u0142oszono wy\u0142o\u017cenie projektu, niewiele r\u00f3\u017cni\u0105cego si\u0119 od pierwotnej wersji. Podstawowe zapisy projektu uchwa\u0142y wygl\u0105daj\u0105 nast\u0119puj\u0105co:<\/p>\n<ul>\n<li>strefy \u2013 3, dodatkowo uchwa\u0142a wyodr\u0119bnia ci\u0105gi komunikacyjne;<\/li>\n<li>maksymalny format reklamy wolnostoj\u0105cej \u2013 18m<sup>2<\/sup>;<\/li>\n<li>reklama na elewacji podczas remont\u00f3w \u2013 mo\u017ce by\u0107 eksponowana maksymalnie przez 9 miesi\u0119cy, raz na 5 lat;<\/li>\n<li>reklama na elewacji \u2013 tylko na elewacjach bez okien (z zastrze\u017ceniami);<\/li>\n<li>szyldy - liczba i wielko\u015b\u0107 szyld\u00f3w s\u0105 ograniczone, preferowan\u0105 form\u0105 szyld\u00f3w s\u0105 litery przestrzenne;<\/li>\n<li>zakazy \u2013 umieszczanie reklam na oknach, dachach budynk\u00f3w, przed budynkami publicznymi, w bliskiej odleg\u0142o\u015bci od siebie, na terenach ochrony konserwatorskiej i przyrodniczej i wiele innych;<\/li>\n<li>reklama cyfrowa \u2013 w du\u017cym stopniu ograniczona mo\u017cliwo\u015bciami technicznymi;<\/li>\n<li>okres dostosowania \u2013 2 lata;<\/li>\n<li>warunki dostosowania \u2013 praktycznie nieokre\u015blone;<\/li>\n<li>prawa nabyte \u2013 nieuwzgl\u0119dnione.<\/li>\n<\/ul>\n<p>Po wy\u0142o\u017ceniu projektu uchwa\u0142y do urz\u0119du wp\u0142yn\u0119\u0142o ok 3 tys. uwag z czego 2\/3 powtarzalnych, zaczerpni\u0119tych z szablonu opublikowanego w mediach spo\u0142eczno\u015bciowych. Obecnie projekt czeka na decyzj\u0119 Prezydenta i Rady. Wiele wskazuje na to, \u017ce do wybor\u00f3w nic si\u0119 nie zmieni.\u00a0 Prezentowane na stronie miasta materia\u0142y dotycz\u0105ce uchwa\u0142y s\u0105 ubogie: <a href=\"http:\/\/konsultacje.um.warszawa.pl\/jaka_uchwala_krajobrazowa_dla_warszawy_drugi_etap_konsultacji_spolecznych\">http:\/\/konsultacje.um.warszawa.pl\/jaka_uchwala_krajobrazowa_dla_warszawy_drugi_etap_konsultacji_spolecznych<\/a><br \/>\nWi\u0119kszo\u015b\u0107 link\u00f3w jest nieaktywna.<\/p>\n<p>&nbsp;<\/p>\n<p><strong>Pozna\u0144<\/strong><br \/>\nUchwa\u0142\u0119 intencyjn\u0105 podpisa\u0142 najp\u00f3\u017aniej ze wszystkich miast G8: w marcu 2017 r., jednak prace nad projektem trwa\u0142y od pocz\u0105tku 2017 r. Do maja br. miasto przedstawia\u0142o jedynie za\u0142o\u017cenia projektowe. Z projektem uchwa\u0142y mo\u017cna zapozna\u0107 si\u0119 od niespe\u0142na 3 miesi\u0119cy.<\/p>\n<p>W por\u00f3wnaniu z uchwa\u0142ami innych miast dokument pozna\u0144ski jest napisany w spos\u00f3b prosty i jego zrozumienie nie powinno nastr\u0119cza\u0107 wi\u0119kszych problem\u00f3w. W skr\u00f3cie zapisy uchwa\u0142y przedstawiaj\u0105 si\u0119 nast\u0119puj\u0105co:<\/p>\n<ul>\n<li>strefy \u2013 s\u0105 cztery: staromiejska, centrum i historyczne dzielnice, zurbanizowana, przyrodnicza<\/li>\n<li>maksymalny format reklamy wolnostoj\u0105cej \u2013 18m2;<\/li>\n<li>reklama na elewacji podczas remont\u00f3w \u2013 mo\u017ce by\u0107 eksponowana maksymalnie na 30% elewacji przez 1 rok,\u00a0 ponownie mo\u017cna j\u0105 umie\u015bci\u0107 po up\u0142ywie 5 lat;<\/li>\n<li>reklama na elewacji \u2013 tylko niewielkie formy;<\/li>\n<li>szyldy \u2013 maksymalnie 2 szt., wielko\u015b\u0107 zale\u017cy od typu no\u015bnika i strefy;<\/li>\n<li>reklama cyfrowa \u2013 dopuszczona (na poziomie intencji) na formacie citylight oraz na formacie 9m2;<\/li>\n<li>murale \u2013 od 5% do 50% powierzchni elewacji w zale\u017cno\u015bci od strefy;<\/li>\n<li>okresy dostosowania \u2013 od 1 roku dla centrum do 3 lat;<\/li>\n<li>warunki dostosowania \u2013 okre\u015blono cz\u0119\u015bciowo wy\u0142\u0105czaj\u0105c z nich wiaty przystankowe;<\/li>\n<li>prawa nabyte \u2013 nie s\u0105 uwzgl\u0119dnione.<\/li>\n<\/ul>\n<p>W drugiej po\u0142owie zesz\u0142ego roku Pozna\u0144 \u00a0przekaza\u0142 s\u0142upy reklamowe i wiaty przystankowe pod zarz\u0105d sp\u00f3\u0142ki miejskiej, to jest Mi\u0119dzynarodowych Targ\u00f3w Pozna\u0144skich. W Poznaniu odby\u0142y si\u0119 spotkania konsultacyjne, uwagi do projektu nale\u017ca\u0142o przesy\u0142a\u0107 do 30 czerwca br. Teraz projekt jest na etapie wprowadzania korekt, opiniowania i uzgadniania. Jego oficjalne wy\u0142o\u017cenie jest planowane na wrzesie\u0144.<\/p>\n<p>Wydzia\u0142 Urbanistyki i Architektury udost\u0119pni\u0142 stron\u0119 ze informacjami o uchwale:<br \/>\n<a href=\"http:\/\/www.poznan.pl\/krajobrazowa\/\">http:\/\/www.poznan.pl\/krajobrazowa\/<\/a><\/p>\n<p>&nbsp;<\/p>\n<p><strong>Wroc\u0142aw<\/strong><br \/>\nJest miastem, kt\u00f3re nie spieszy si\u0119 z wprowadzeniem uchwa\u0142y krajobrazowej, zapewne dlatego, \u017ce w roku 2014, zanim jeszcze powsta\u0142a uchwa\u0142a krajobrazowa, \u00a0powo\u0142ano we Wroc\u0142awiu park kulturowy, kt\u00f3ry uporz\u0105dkowa\u0142 historyczne centrum miasta. Osoby przygotowuj\u0105ce projekt stoj\u0105 na stanowisku, \u017ce kodeks krajobrazowy jest powa\u017cn\u0105 regulacja prawn\u0105 i nie nale\u017cy si\u0119 z ni\u0105 spieszy\u0107, poniewa\u017c musi to by\u0107 dokument rzetelny i zgodny z prawem. Pierwsze spotkanie konsultacyjne (i jak na razie jedyne), odby\u0142o si\u0119 we wrze\u015bniu 2017 r. Po wyborach samorz\u0105dowych we Wroc\u0142awiu nast\u0105pi\u0142y du\u017ce zmiany w strukturze urz\u0119du, co zapewne mia\u0142o wp\u0142yw na op\u00f3\u017anienie prac. Obecnie trwaj\u0105 prace nad przygotowaniem projektu. Wiadomo, \u017ce miasto planuje wprowadzi\u0107 op\u0142at\u0119 reklamow\u0105. Prawdopodobnie do ko\u0144ca roku zostanie pokazany projekt.<\/p>\n<p>Informacje o konsultacjach spo\u0142ecznych znajduj\u0105 pod adresem:<br \/>\n<a href=\"https:\/\/www.wroclaw.pl\/rozmawia\/uchwala-krajobrazowa-wroclawia-o-konsultacjach\">https:\/\/www.wroclaw.pl\/rozmawia\/uchwala-krajobrazowa-wroclawia-o-konsultacjach<\/a><\/p>\n<p>Ze zrealizowanym projektem parku kulturowego mo\u017cna zapozna\u0107 si\u0119 pod adresem:<br \/>\n<a href=\"https:\/\/www.wroclaw.pl\/rozmawia\/uchwala-krajobrazowa-wroclawia-park-kulturowy\">https:\/\/www.wroclaw.pl\/rozmawia\/uchwala-krajobrazowa-wroclawia-park-kulturowy<\/a><\/p>\n<p><strong><br \/>\nKatowice<\/strong><br \/>\nW Katowicach zaproponowano nieco odmienne podej\u015bcie do tematu i rozpisano przetarg na wykonanie inwentaryzacji wybranych miejsc i obszar\u00f3w miasta, okre\u015blenie podzia\u0142u miasta na strefy oraz przygotowanie wst\u0119pnych za\u0142o\u017ce\u0144 dla zasad i warunk\u00f3w na potrzeby opracowania projektu uchwa\u0142y. Przetarg wygra\u0142a firma PwC Polska Sp. z o.o., kt\u00f3ra po wykonaniu pracy przedstawi\u0142a wnioski na spotkaniu ze wszystkimi zainteresowanymi stronami. Spotkanie odby\u0142o si\u0119 \u00a0we wrze\u015bniu 2017 r. przedstawione na nim wnioski by\u0142y ma\u0142o precyzyjne i wykaza\u0142y niewielkie zg\u0142\u0119bienie tematu przez PwC.<\/p>\n<p>30 pa\u017adziernika 2017 r. odby\u0142o si\u0119 ostatnie spotkanie konsultacyjne. Do ko\u0144ca marca 2018 r. mia\u0142a zosta\u0107 przedstawiona analiza finansowa dotycz\u0105ca skutk\u00f3w wprowadzenia uchwa\u0142y krajobrazowej \u2013 nie zosta\u0142a. Pod koniec 2017 r. miasto opublikowa\u0142o wyniki konsultacji spo\u0142ecznych oraz stanowisko Prezydenta Miasta Katowice wobec zg\u0142oszonych wniosk\u00f3w. W Wydziale Architektury i Budownictwa prace projektowe nad uchwa\u0142\u0105 s\u0105 zawieszone. O dalszym losie projektu zadecyduj\u0105 zapewne zmiany ustawowe i wnioski z wprowadzania zapis\u00f3w uchwa\u0142 krajobrazowych w innych miastach. Dodajmy, \u017ce Katowice maj\u0105 wiele zapis\u00f3w w planach miejscowych odnosz\u0105cych si\u0119 do reklam.<\/p>\n<p>Miasto udost\u0119pni\u0142o stron\u0119 o kodeksie reklamowym, jednak ostatni wpis jest z pa\u017adziernika 2017 (na dzie\u0144 publikacji tekstu):<br \/>\n<a href=\"https:\/\/www.katowice.eu\/Konsultacje\/Strony\/uchwa%C5%82a-krajobrazowa.aspx\">https:\/\/www.katowice.eu\/Konsultacje\/Strony\/uchwa%C5%82a-krajobrazowa.aspx<\/a><\/p>\n<p>&nbsp;<\/p>\n","protected":false},"author":16,"featured_media":1615,"template":"","ustawa_cat":[567],"class_list":["post-1748","ustawa","type-ustawa","status-publish","has-post-thumbnail","hentry","ustawa_cat-przeglady-sytuacji"],"acf":[],"yoast_head":"<!-- This site is optimized with the Yoast SEO plugin v27.5 - https:\/\/yoast.com\/product\/yoast-seo-wordpress\/ -->\n<title>Uchwa\u0142y krajobrazowe w miastach G8, po 4 latach od uchwalenia przez Sejm ustawy krajobrazowej - Jet Line<\/title>\n<meta name=\"robots\" content=\"index, follow, max-snippet:-1, max-image-preview:large, max-video-preview:-1\" \/>\n<link rel=\"canonical\" href=\"https:\/\/jetline.pl\/en\/ustawa-krajobrazowa\/uchwaly-krajobrazowe-w-miastach-g8-po-4-latach-od-uchwalenia-przez-sejm-ustawy-krajobrazowej\/\" \/>\n<meta property=\"og:locale\" content=\"en_US\" \/>\n<meta property=\"og:type\" content=\"article\" \/>\n<meta property=\"og:title\" content=\"Uchwa\u0142y krajobrazowe w miastach G8, po 4 latach od uchwalenia przez Sejm ustawy krajobrazowej - Jet Line\" \/>\n<meta property=\"og:description\" content=\"Min\u0119\u0142y ponad 4 lata od przeg\u0142osowania w sejmie ustawy krajobrazowej,...\" \/>\n<meta property=\"og:url\" content=\"https:\/\/jetline.pl\/en\/ustawa-krajobrazowa\/uchwaly-krajobrazowe-w-miastach-g8-po-4-latach-od-uchwalenia-przez-sejm-ustawy-krajobrazowej\/\" \/>\n<meta property=\"og:site_name\" content=\"Jet Line\" \/>\n<meta property=\"article:modified_time\" content=\"2025-02-28T09:49:37+00:00\" \/>\n<meta property=\"og:image\" content=\"https:\/\/jetline.pl\/wp-content\/uploads\/2024\/09\/G8-rys.jpg\" \/>\n\t<meta property=\"og:image:width\" content=\"930\" \/>\n\t<meta property=\"og:image:height\" content=\"756\" \/>\n\t<meta property=\"og:image:type\" content=\"image\/jpeg\" \/>\n<meta name=\"twitter:card\" content=\"summary_large_image\" \/>\n<meta name=\"twitter:label1\" content=\"Est. reading time\" \/>\n\t<meta name=\"twitter:data1\" content=\"15 minutes\" \/>\n<script type=\"application\/ld+json\" class=\"yoast-schema-graph\">{\"@context\":\"https:\\\/\\\/schema.org\",\"@graph\":[{\"@type\":\"WebPage\",\"@id\":\"https:\\\/\\\/jetline.pl\\\/en\\\/ustawa-krajobrazowa\\\/uchwaly-krajobrazowe-w-miastach-g8-po-4-latach-od-uchwalenia-przez-sejm-ustawy-krajobrazowej\\\/\",\"url\":\"https:\\\/\\\/jetline.pl\\\/en\\\/ustawa-krajobrazowa\\\/uchwaly-krajobrazowe-w-miastach-g8-po-4-latach-od-uchwalenia-przez-sejm-ustawy-krajobrazowej\\\/\",\"name\":\"Uchwa\u0142y krajobrazowe w miastach G8, po 4 latach od uchwalenia przez Sejm ustawy krajobrazowej - Jet Line\",\"isPartOf\":{\"@id\":\"https:\\\/\\\/jetline.pl\\\/en\\\/#website\"},\"primaryImageOfPage\":{\"@id\":\"https:\\\/\\\/jetline.pl\\\/en\\\/ustawa-krajobrazowa\\\/uchwaly-krajobrazowe-w-miastach-g8-po-4-latach-od-uchwalenia-przez-sejm-ustawy-krajobrazowej\\\/#primaryimage\"},\"image\":{\"@id\":\"https:\\\/\\\/jetline.pl\\\/en\\\/ustawa-krajobrazowa\\\/uchwaly-krajobrazowe-w-miastach-g8-po-4-latach-od-uchwalenia-przez-sejm-ustawy-krajobrazowej\\\/#primaryimage\"},\"thumbnailUrl\":\"https:\\\/\\\/jetline.pl\\\/wp-content\\\/uploads\\\/2024\\\/09\\\/G8-rys.jpg\",\"datePublished\":\"2019-07-30T10:15:23+00:00\",\"dateModified\":\"2025-02-28T09:49:37+00:00\",\"breadcrumb\":{\"@id\":\"https:\\\/\\\/jetline.pl\\\/en\\\/ustawa-krajobrazowa\\\/uchwaly-krajobrazowe-w-miastach-g8-po-4-latach-od-uchwalenia-przez-sejm-ustawy-krajobrazowej\\\/#breadcrumb\"},\"inLanguage\":\"en-US\",\"potentialAction\":[{\"@type\":\"ReadAction\",\"target\":[\"https:\\\/\\\/jetline.pl\\\/en\\\/ustawa-krajobrazowa\\\/uchwaly-krajobrazowe-w-miastach-g8-po-4-latach-od-uchwalenia-przez-sejm-ustawy-krajobrazowej\\\/\"]}]},{\"@type\":\"ImageObject\",\"inLanguage\":\"en-US\",\"@id\":\"https:\\\/\\\/jetline.pl\\\/en\\\/ustawa-krajobrazowa\\\/uchwaly-krajobrazowe-w-miastach-g8-po-4-latach-od-uchwalenia-przez-sejm-ustawy-krajobrazowej\\\/#primaryimage\",\"url\":\"https:\\\/\\\/jetline.pl\\\/wp-content\\\/uploads\\\/2024\\\/09\\\/G8-rys.jpg\",\"contentUrl\":\"https:\\\/\\\/jetline.pl\\\/wp-content\\\/uploads\\\/2024\\\/09\\\/G8-rys.jpg\",\"width\":930,\"height\":756},{\"@type\":\"BreadcrumbList\",\"@id\":\"https:\\\/\\\/jetline.pl\\\/en\\\/ustawa-krajobrazowa\\\/uchwaly-krajobrazowe-w-miastach-g8-po-4-latach-od-uchwalenia-przez-sejm-ustawy-krajobrazowej\\\/#breadcrumb\",\"itemListElement\":[{\"@type\":\"ListItem\",\"position\":1,\"name\":\"Strona g\u0142\u00f3wna\",\"item\":\"https:\\\/\\\/jetline.pl\\\/en\\\/\"},{\"@type\":\"ListItem\",\"position\":2,\"name\":\"Ustawa krajobrazowa\",\"item\":\"https:\\\/\\\/jetline.pl\\\/en\\\/ustawa-krajobrazowa\\\/\"},{\"@type\":\"ListItem\",\"position\":3,\"name\":\"Uchwa\u0142y krajobrazowe w miastach G8, po 4 latach od uchwalenia przez Sejm ustawy krajobrazowej\"}]},{\"@type\":\"WebSite\",\"@id\":\"https:\\\/\\\/jetline.pl\\\/en\\\/#website\",\"url\":\"https:\\\/\\\/jetline.pl\\\/en\\\/\",\"name\":\"Jet Line\",\"description\":\"Tworzymy przestrze\u0144 do komunikacji\",\"publisher\":{\"@id\":\"https:\\\/\\\/jetline.pl\\\/en\\\/#organization\"},\"potentialAction\":[{\"@type\":\"SearchAction\",\"target\":{\"@type\":\"EntryPoint\",\"urlTemplate\":\"https:\\\/\\\/jetline.pl\\\/en\\\/?s={search_term_string}\"},\"query-input\":{\"@type\":\"PropertyValueSpecification\",\"valueRequired\":true,\"valueName\":\"search_term_string\"}}],\"inLanguage\":\"en-US\"},{\"@type\":\"Organization\",\"@id\":\"https:\\\/\\\/jetline.pl\\\/en\\\/#organization\",\"name\":\"Jet Line\",\"url\":\"https:\\\/\\\/jetline.pl\\\/en\\\/\",\"logo\":{\"@type\":\"ImageObject\",\"inLanguage\":\"en-US\",\"@id\":\"https:\\\/\\\/jetline.pl\\\/en\\\/#\\\/schema\\\/logo\\\/image\\\/\",\"url\":\"https:\\\/\\\/jetline.pl\\\/wp-content\\\/uploads\\\/2024\\\/09\\\/logo_poziom_logo_poziom_czerwone-1.png\",\"contentUrl\":\"https:\\\/\\\/jetline.pl\\\/wp-content\\\/uploads\\\/2024\\\/09\\\/logo_poziom_logo_poziom_czerwone-1.png\",\"width\":4946,\"height\":2016,\"caption\":\"Jet Line\"},\"image\":{\"@id\":\"https:\\\/\\\/jetline.pl\\\/en\\\/#\\\/schema\\\/logo\\\/image\\\/\"}}]}<\/script>\n<!-- \/ Yoast SEO plugin. -->","yoast_head_json":{"title":"Uchwa\u0142y krajobrazowe w miastach G8, po 4 latach od uchwalenia przez Sejm ustawy krajobrazowej - Jet Line","robots":{"index":"index","follow":"follow","max-snippet":"max-snippet:-1","max-image-preview":"max-image-preview:large","max-video-preview":"max-video-preview:-1"},"canonical":"https:\/\/jetline.pl\/en\/ustawa-krajobrazowa\/uchwaly-krajobrazowe-w-miastach-g8-po-4-latach-od-uchwalenia-przez-sejm-ustawy-krajobrazowej\/","og_locale":"en_US","og_type":"article","og_title":"Uchwa\u0142y krajobrazowe w miastach G8, po 4 latach od uchwalenia przez Sejm ustawy krajobrazowej - Jet Line","og_description":"Min\u0119\u0142y ponad 4 lata od przeg\u0142osowania w sejmie ustawy krajobrazowej,...","og_url":"https:\/\/jetline.pl\/en\/ustawa-krajobrazowa\/uchwaly-krajobrazowe-w-miastach-g8-po-4-latach-od-uchwalenia-przez-sejm-ustawy-krajobrazowej\/","og_site_name":"Jet Line","article_modified_time":"2025-02-28T09:49:37+00:00","og_image":[{"width":930,"height":756,"url":"https:\/\/jetline.pl\/wp-content\/uploads\/2024\/09\/G8-rys.jpg","type":"image\/jpeg"}],"twitter_card":"summary_large_image","twitter_misc":{"Est. reading time":"15 minutes"},"schema":{"@context":"https:\/\/schema.org","@graph":[{"@type":"WebPage","@id":"https:\/\/jetline.pl\/en\/ustawa-krajobrazowa\/uchwaly-krajobrazowe-w-miastach-g8-po-4-latach-od-uchwalenia-przez-sejm-ustawy-krajobrazowej\/","url":"https:\/\/jetline.pl\/en\/ustawa-krajobrazowa\/uchwaly-krajobrazowe-w-miastach-g8-po-4-latach-od-uchwalenia-przez-sejm-ustawy-krajobrazowej\/","name":"Uchwa\u0142y krajobrazowe w miastach G8, po 4 latach od uchwalenia przez Sejm ustawy krajobrazowej - Jet Line","isPartOf":{"@id":"https:\/\/jetline.pl\/en\/#website"},"primaryImageOfPage":{"@id":"https:\/\/jetline.pl\/en\/ustawa-krajobrazowa\/uchwaly-krajobrazowe-w-miastach-g8-po-4-latach-od-uchwalenia-przez-sejm-ustawy-krajobrazowej\/#primaryimage"},"image":{"@id":"https:\/\/jetline.pl\/en\/ustawa-krajobrazowa\/uchwaly-krajobrazowe-w-miastach-g8-po-4-latach-od-uchwalenia-przez-sejm-ustawy-krajobrazowej\/#primaryimage"},"thumbnailUrl":"https:\/\/jetline.pl\/wp-content\/uploads\/2024\/09\/G8-rys.jpg","datePublished":"2019-07-30T10:15:23+00:00","dateModified":"2025-02-28T09:49:37+00:00","breadcrumb":{"@id":"https:\/\/jetline.pl\/en\/ustawa-krajobrazowa\/uchwaly-krajobrazowe-w-miastach-g8-po-4-latach-od-uchwalenia-przez-sejm-ustawy-krajobrazowej\/#breadcrumb"},"inLanguage":"en-US","potentialAction":[{"@type":"ReadAction","target":["https:\/\/jetline.pl\/en\/ustawa-krajobrazowa\/uchwaly-krajobrazowe-w-miastach-g8-po-4-latach-od-uchwalenia-przez-sejm-ustawy-krajobrazowej\/"]}]},{"@type":"ImageObject","inLanguage":"en-US","@id":"https:\/\/jetline.pl\/en\/ustawa-krajobrazowa\/uchwaly-krajobrazowe-w-miastach-g8-po-4-latach-od-uchwalenia-przez-sejm-ustawy-krajobrazowej\/#primaryimage","url":"https:\/\/jetline.pl\/wp-content\/uploads\/2024\/09\/G8-rys.jpg","contentUrl":"https:\/\/jetline.pl\/wp-content\/uploads\/2024\/09\/G8-rys.jpg","width":930,"height":756},{"@type":"BreadcrumbList","@id":"https:\/\/jetline.pl\/en\/ustawa-krajobrazowa\/uchwaly-krajobrazowe-w-miastach-g8-po-4-latach-od-uchwalenia-przez-sejm-ustawy-krajobrazowej\/#breadcrumb","itemListElement":[{"@type":"ListItem","position":1,"name":"Strona g\u0142\u00f3wna","item":"https:\/\/jetline.pl\/en\/"},{"@type":"ListItem","position":2,"name":"Ustawa krajobrazowa","item":"https:\/\/jetline.pl\/en\/ustawa-krajobrazowa\/"},{"@type":"ListItem","position":3,"name":"Uchwa\u0142y krajobrazowe w miastach G8, po 4 latach od uchwalenia przez Sejm ustawy krajobrazowej"}]},{"@type":"WebSite","@id":"https:\/\/jetline.pl\/en\/#website","url":"https:\/\/jetline.pl\/en\/","name":"Jet Line","description":"Tworzymy przestrze\u0144 do komunikacji","publisher":{"@id":"https:\/\/jetline.pl\/en\/#organization"},"potentialAction":[{"@type":"SearchAction","target":{"@type":"EntryPoint","urlTemplate":"https:\/\/jetline.pl\/en\/?s={search_term_string}"},"query-input":{"@type":"PropertyValueSpecification","valueRequired":true,"valueName":"search_term_string"}}],"inLanguage":"en-US"},{"@type":"Organization","@id":"https:\/\/jetline.pl\/en\/#organization","name":"Jet Line","url":"https:\/\/jetline.pl\/en\/","logo":{"@type":"ImageObject","inLanguage":"en-US","@id":"https:\/\/jetline.pl\/en\/#\/schema\/logo\/image\/","url":"https:\/\/jetline.pl\/wp-content\/uploads\/2024\/09\/logo_poziom_logo_poziom_czerwone-1.png","contentUrl":"https:\/\/jetline.pl\/wp-content\/uploads\/2024\/09\/logo_poziom_logo_poziom_czerwone-1.png","width":4946,"height":2016,"caption":"Jet Line"},"image":{"@id":"https:\/\/jetline.pl\/en\/#\/schema\/logo\/image\/"}}]}},"_links":{"self":[{"href":"https:\/\/jetline.pl\/en\/wp-json\/wp\/v2\/ustawa\/1748","targetHints":{"allow":["GET"]}}],"collection":[{"href":"https:\/\/jetline.pl\/en\/wp-json\/wp\/v2\/ustawa"}],"about":[{"href":"https:\/\/jetline.pl\/en\/wp-json\/wp\/v2\/types\/ustawa"}],"author":[{"embeddable":true,"href":"https:\/\/jetline.pl\/en\/wp-json\/wp\/v2\/users\/16"}],"wp:featuredmedia":[{"embeddable":true,"href":"https:\/\/jetline.pl\/en\/wp-json\/wp\/v2\/media\/1615"}],"wp:attachment":[{"href":"https:\/\/jetline.pl\/en\/wp-json\/wp\/v2\/media?parent=1748"}],"wp:term":[{"taxonomy":"ustawa_cat","embeddable":true,"href":"https:\/\/jetline.pl\/en\/wp-json\/wp\/v2\/ustawa_cat?post=1748"}],"curies":[{"name":"wp","href":"https:\/\/api.w.org\/{rel}","templated":true}]}}