{"id":1750,"date":"2019-09-16T14:50:28","date_gmt":"2019-09-16T12:50:28","guid":{"rendered":"https:\/\/jetline.presb.pl\/ustawa-krajobrazowa\/opole-wybory-ponad-prawem\/"},"modified":"2024-09-04T12:57:10","modified_gmt":"2024-09-04T10:57:10","slug":"opole-wybory-ponad-prawem","status":"publish","type":"ustawa","link":"https:\/\/jetline.pl\/en\/ustawa-krajobrazowa\/opole-wybory-ponad-prawem\/","title":{"rendered":"Opole \u2013 wybory ponad prawem?"},"content":{"rendered":"<p>Uchwa\u0142y krajobrazowe obowi\u0105zuj\u0105 zaledwie w kilku gminach w Polsce. Jedn\u0105 z nich jest Opole, kt\u00f3re ma ju\u017c drug\u0105 uchwa\u0142\u0119. Pierwsza w zwi\u0105zku z wadami prawnymi zosta\u0142a uchylona, nowa obowi\u0105zuje od niespe\u0142na 2 miesi\u0119cy.<\/p>\n<p>Obecna uchwa\u0142a Opola jasno okre\u015bla, gdzie i kiedy w mie\u015bcie mo\u017ce by\u0107 eksponowana reklama wyborcza:<\/p>\n<p><em>\u201e dopuszcza si\u0119 jako tymczasowe w szczeg\u00f3lno\u015bci: banery, telebimy, siatki reklamowe, wolnostoj\u0105ce lub pneumatyczne urz\u0105dzenia reklamowe, flagi reklamowe, spe\u0142niaj\u0105ce warunki:<\/em><\/p>\n<p><em>- usytuowanie w miejscu organizowania imprez miejskich, okoliczno\u015bciowych, \u015bwi\u0105t, wybor\u00f3w,<\/em><\/p>\n<p><em>- usytuowane na czas trwania imprez miejskich, okoliczno\u015bciowych, \u015bwi\u0105t, wybor\u00f3w oraz nie d\u0142u\u017cej ni\u017c na 30 dni przed ich rozpocz\u0119ciem\u201d<\/em><\/p>\n<p>Reklamy wyborcze, kt\u00f3rych zdj\u0119cia widz\u0105 Pa\u0144stwo pod tekstem, w wi\u0119kszo\u015bci zosta\u0142y zamontowane na pocz\u0105tku wrze\u015bnia, czyli przed trzydziestodniowym terminem okre\u015blonym w uchwale. Czyli w spos\u00f3b oczywisty \u0142ami\u0105 zapisy uchwa\u0142y. Obroni\u0107 je jest tym trudniej, gdy\u017c niekt\u00f3re stoj\u0105 w wej\u015bciu do urz\u0119du.<\/p>\n<p>Jest jeszcze inny aspekt prawny. Czy te reklamy powinny w og\u00f3le znale\u017a\u0107 si\u0119 w przestrzeni publicznej, je\u015bli zapis uchwa\u0142y wyra\u017anie m\u00f3wi, \u017ce reklama mo\u017ce by\u0107 eksponowana jedynie w miejscu prowadzenia wybor\u00f3w?<br \/>\nMoim zdaniem miejscem prowadzenia wybor\u00f3w jest lokal wyborczy, a nie p\u0142ot, wiadukt czy stojak przed urz\u0119dem miasta.<br \/>\nNa marginesie dodajmy, \u017ce agitacja w lokalu wyborczym jest zakazana.<\/p>\n<p>Patrz\u0105c na to, co dzieje si\u0119 w Opolu, wida\u0107 wyra\u017anie, \u017ce powsta\u0142 kolejny bubel prawny, kt\u00f3rego przepis\u00f3w nie przestrzegaj\u0105 nawet politycy, kt\u00f3rzy w nowej kadencji chc\u0105 tworzy\u0107 prawo.<\/p>\n<p>\/Zdj\u0119cia: Rafa\u0142 Adamik\/<\/p>\n<p><img loading=\"lazy\" decoding=\"async\" class=\"alignnone wp-image-11676 size-large\" src=\"https:\/\/jetline.pl\/wp-content\/uploads\/2024\/08\/DSCN6657.jpg\" alt=\"\" width=\"1024\" height=\"508\" \/><\/p>\n<p><img loading=\"lazy\" decoding=\"async\" class=\"alignnone wp-image-11675 size-large\" src=\"https:\/\/jetline.pl\/wp-content\/uploads\/2024\/08\/DSCN6655.jpg\" alt=\"\" width=\"1024\" height=\"683\" \/><\/p>\n<p><img loading=\"lazy\" decoding=\"async\" class=\"alignnone wp-image-11677 size-large\" src=\"https:\/\/jetline.pl\/wp-content\/uploads\/2024\/08\/DSCN6660.jpg\" alt=\"\" width=\"1024\" height=\"574\" \/><\/p>\n<p><img loading=\"lazy\" decoding=\"async\" class=\"alignnone wp-image-11679 size-large\" src=\"https:\/\/jetline.pl\/wp-content\/uploads\/2024\/08\/DSCN6730.jpg\" alt=\"\" width=\"1024\" height=\"683\" \/><\/p>\n<p>&nbsp;<\/p>\n<p><img loading=\"lazy\" decoding=\"async\" class=\"alignnone wp-image-11678 size-large\" src=\"https:\/\/jetline.pl\/wp-content\/uploads\/2024\/08\/DSCN6698.jpg\" alt=\"\" width=\"1024\" height=\"683\" \/><\/p>\n","protected":false},"author":16,"featured_media":1619,"template":"","ustawa_cat":[],"class_list":["post-1750","ustawa","type-ustawa","status-publish","has-post-thumbnail","hentry"],"acf":[],"yoast_head":"<!-- This site is optimized with the Yoast SEO plugin v27.5 - https:\/\/yoast.com\/product\/yoast-seo-wordpress\/ -->\n<title>Opole \u2013 wybory ponad prawem? - Jet Line<\/title>\n<meta name=\"robots\" content=\"index, follow, max-snippet:-1, max-image-preview:large, max-video-preview:-1\" \/>\n<link rel=\"canonical\" href=\"https:\/\/jetline.pl\/en\/ustawa-krajobrazowa\/opole-wybory-ponad-prawem\/\" \/>\n<meta property=\"og:locale\" content=\"en_US\" \/>\n<meta property=\"og:type\" content=\"article\" \/>\n<meta property=\"og:title\" content=\"Opole \u2013 wybory ponad prawem? - Jet Line\" \/>\n<meta property=\"og:description\" content=\"Uchwa\u0142y krajobrazowe obowi\u0105zuj\u0105 zaledwie w kilku gminach w Polsce. Jedn\u0105...\" \/>\n<meta property=\"og:url\" content=\"https:\/\/jetline.pl\/en\/ustawa-krajobrazowa\/opole-wybory-ponad-prawem\/\" \/>\n<meta property=\"og:site_name\" content=\"Jet Line\" \/>\n<meta property=\"article:modified_time\" content=\"2024-09-04T10:57:10+00:00\" \/>\n<meta property=\"og:image\" content=\"https:\/\/jetline.pl\/wp-content\/uploads\/2024\/09\/tytulowe.jpg\" \/>\n\t<meta property=\"og:image:width\" content=\"1476\" \/>\n\t<meta property=\"og:image:height\" content=\"984\" \/>\n\t<meta property=\"og:image:type\" content=\"image\/jpeg\" \/>\n<meta name=\"twitter:card\" content=\"summary_large_image\" \/>\n<meta name=\"twitter:label1\" content=\"Est. reading time\" \/>\n\t<meta name=\"twitter:data1\" content=\"1 minute\" \/>\n<script type=\"application\/ld+json\" class=\"yoast-schema-graph\">{\"@context\":\"https:\\\/\\\/schema.org\",\"@graph\":[{\"@type\":\"WebPage\",\"@id\":\"https:\\\/\\\/jetline.pl\\\/en\\\/ustawa-krajobrazowa\\\/opole-wybory-ponad-prawem\\\/\",\"url\":\"https:\\\/\\\/jetline.pl\\\/en\\\/ustawa-krajobrazowa\\\/opole-wybory-ponad-prawem\\\/\",\"name\":\"Opole \u2013 wybory ponad prawem? - Jet Line\",\"isPartOf\":{\"@id\":\"https:\\\/\\\/jetline.pl\\\/en\\\/#website\"},\"primaryImageOfPage\":{\"@id\":\"https:\\\/\\\/jetline.pl\\\/en\\\/ustawa-krajobrazowa\\\/opole-wybory-ponad-prawem\\\/#primaryimage\"},\"image\":{\"@id\":\"https:\\\/\\\/jetline.pl\\\/en\\\/ustawa-krajobrazowa\\\/opole-wybory-ponad-prawem\\\/#primaryimage\"},\"thumbnailUrl\":\"https:\\\/\\\/jetline.pl\\\/wp-content\\\/uploads\\\/2024\\\/09\\\/tytulowe.jpg\",\"datePublished\":\"2019-09-16T12:50:28+00:00\",\"dateModified\":\"2024-09-04T10:57:10+00:00\",\"breadcrumb\":{\"@id\":\"https:\\\/\\\/jetline.pl\\\/en\\\/ustawa-krajobrazowa\\\/opole-wybory-ponad-prawem\\\/#breadcrumb\"},\"inLanguage\":\"en-US\",\"potentialAction\":[{\"@type\":\"ReadAction\",\"target\":[\"https:\\\/\\\/jetline.pl\\\/en\\\/ustawa-krajobrazowa\\\/opole-wybory-ponad-prawem\\\/\"]}]},{\"@type\":\"ImageObject\",\"inLanguage\":\"en-US\",\"@id\":\"https:\\\/\\\/jetline.pl\\\/en\\\/ustawa-krajobrazowa\\\/opole-wybory-ponad-prawem\\\/#primaryimage\",\"url\":\"https:\\\/\\\/jetline.pl\\\/wp-content\\\/uploads\\\/2024\\\/09\\\/tytulowe.jpg\",\"contentUrl\":\"https:\\\/\\\/jetline.pl\\\/wp-content\\\/uploads\\\/2024\\\/09\\\/tytulowe.jpg\",\"width\":1476,\"height\":984},{\"@type\":\"BreadcrumbList\",\"@id\":\"https:\\\/\\\/jetline.pl\\\/en\\\/ustawa-krajobrazowa\\\/opole-wybory-ponad-prawem\\\/#breadcrumb\",\"itemListElement\":[{\"@type\":\"ListItem\",\"position\":1,\"name\":\"Strona g\u0142\u00f3wna\",\"item\":\"https:\\\/\\\/jetline.pl\\\/en\\\/\"},{\"@type\":\"ListItem\",\"position\":2,\"name\":\"Ustawa krajobrazowa\",\"item\":\"https:\\\/\\\/jetline.pl\\\/en\\\/ustawa-krajobrazowa\\\/\"},{\"@type\":\"ListItem\",\"position\":3,\"name\":\"Opole \u2013 wybory ponad prawem?\"}]},{\"@type\":\"WebSite\",\"@id\":\"https:\\\/\\\/jetline.pl\\\/en\\\/#website\",\"url\":\"https:\\\/\\\/jetline.pl\\\/en\\\/\",\"name\":\"Jet Line\",\"description\":\"Tworzymy przestrze\u0144 do komunikacji\",\"publisher\":{\"@id\":\"https:\\\/\\\/jetline.pl\\\/en\\\/#organization\"},\"potentialAction\":[{\"@type\":\"SearchAction\",\"target\":{\"@type\":\"EntryPoint\",\"urlTemplate\":\"https:\\\/\\\/jetline.pl\\\/en\\\/?s={search_term_string}\"},\"query-input\":{\"@type\":\"PropertyValueSpecification\",\"valueRequired\":true,\"valueName\":\"search_term_string\"}}],\"inLanguage\":\"en-US\"},{\"@type\":\"Organization\",\"@id\":\"https:\\\/\\\/jetline.pl\\\/en\\\/#organization\",\"name\":\"Jet Line\",\"url\":\"https:\\\/\\\/jetline.pl\\\/en\\\/\",\"logo\":{\"@type\":\"ImageObject\",\"inLanguage\":\"en-US\",\"@id\":\"https:\\\/\\\/jetline.pl\\\/en\\\/#\\\/schema\\\/logo\\\/image\\\/\",\"url\":\"https:\\\/\\\/jetline.pl\\\/wp-content\\\/uploads\\\/2024\\\/09\\\/logo_poziom_logo_poziom_czerwone-1.png\",\"contentUrl\":\"https:\\\/\\\/jetline.pl\\\/wp-content\\\/uploads\\\/2024\\\/09\\\/logo_poziom_logo_poziom_czerwone-1.png\",\"width\":4946,\"height\":2016,\"caption\":\"Jet Line\"},\"image\":{\"@id\":\"https:\\\/\\\/jetline.pl\\\/en\\\/#\\\/schema\\\/logo\\\/image\\\/\"}}]}<\/script>\n<!-- \/ Yoast SEO plugin. -->","yoast_head_json":{"title":"Opole \u2013 wybory ponad prawem? - Jet Line","robots":{"index":"index","follow":"follow","max-snippet":"max-snippet:-1","max-image-preview":"max-image-preview:large","max-video-preview":"max-video-preview:-1"},"canonical":"https:\/\/jetline.pl\/en\/ustawa-krajobrazowa\/opole-wybory-ponad-prawem\/","og_locale":"en_US","og_type":"article","og_title":"Opole \u2013 wybory ponad prawem? - Jet Line","og_description":"Uchwa\u0142y krajobrazowe obowi\u0105zuj\u0105 zaledwie w kilku gminach w Polsce. Jedn\u0105...","og_url":"https:\/\/jetline.pl\/en\/ustawa-krajobrazowa\/opole-wybory-ponad-prawem\/","og_site_name":"Jet Line","article_modified_time":"2024-09-04T10:57:10+00:00","og_image":[{"width":1476,"height":984,"url":"https:\/\/jetline.pl\/wp-content\/uploads\/2024\/09\/tytulowe.jpg","type":"image\/jpeg"}],"twitter_card":"summary_large_image","twitter_misc":{"Est. reading time":"1 minute"},"schema":{"@context":"https:\/\/schema.org","@graph":[{"@type":"WebPage","@id":"https:\/\/jetline.pl\/en\/ustawa-krajobrazowa\/opole-wybory-ponad-prawem\/","url":"https:\/\/jetline.pl\/en\/ustawa-krajobrazowa\/opole-wybory-ponad-prawem\/","name":"Opole \u2013 wybory ponad prawem? - Jet Line","isPartOf":{"@id":"https:\/\/jetline.pl\/en\/#website"},"primaryImageOfPage":{"@id":"https:\/\/jetline.pl\/en\/ustawa-krajobrazowa\/opole-wybory-ponad-prawem\/#primaryimage"},"image":{"@id":"https:\/\/jetline.pl\/en\/ustawa-krajobrazowa\/opole-wybory-ponad-prawem\/#primaryimage"},"thumbnailUrl":"https:\/\/jetline.pl\/wp-content\/uploads\/2024\/09\/tytulowe.jpg","datePublished":"2019-09-16T12:50:28+00:00","dateModified":"2024-09-04T10:57:10+00:00","breadcrumb":{"@id":"https:\/\/jetline.pl\/en\/ustawa-krajobrazowa\/opole-wybory-ponad-prawem\/#breadcrumb"},"inLanguage":"en-US","potentialAction":[{"@type":"ReadAction","target":["https:\/\/jetline.pl\/en\/ustawa-krajobrazowa\/opole-wybory-ponad-prawem\/"]}]},{"@type":"ImageObject","inLanguage":"en-US","@id":"https:\/\/jetline.pl\/en\/ustawa-krajobrazowa\/opole-wybory-ponad-prawem\/#primaryimage","url":"https:\/\/jetline.pl\/wp-content\/uploads\/2024\/09\/tytulowe.jpg","contentUrl":"https:\/\/jetline.pl\/wp-content\/uploads\/2024\/09\/tytulowe.jpg","width":1476,"height":984},{"@type":"BreadcrumbList","@id":"https:\/\/jetline.pl\/en\/ustawa-krajobrazowa\/opole-wybory-ponad-prawem\/#breadcrumb","itemListElement":[{"@type":"ListItem","position":1,"name":"Strona g\u0142\u00f3wna","item":"https:\/\/jetline.pl\/en\/"},{"@type":"ListItem","position":2,"name":"Ustawa krajobrazowa","item":"https:\/\/jetline.pl\/en\/ustawa-krajobrazowa\/"},{"@type":"ListItem","position":3,"name":"Opole \u2013 wybory ponad prawem?"}]},{"@type":"WebSite","@id":"https:\/\/jetline.pl\/en\/#website","url":"https:\/\/jetline.pl\/en\/","name":"Jet Line","description":"Tworzymy przestrze\u0144 do komunikacji","publisher":{"@id":"https:\/\/jetline.pl\/en\/#organization"},"potentialAction":[{"@type":"SearchAction","target":{"@type":"EntryPoint","urlTemplate":"https:\/\/jetline.pl\/en\/?s={search_term_string}"},"query-input":{"@type":"PropertyValueSpecification","valueRequired":true,"valueName":"search_term_string"}}],"inLanguage":"en-US"},{"@type":"Organization","@id":"https:\/\/jetline.pl\/en\/#organization","name":"Jet Line","url":"https:\/\/jetline.pl\/en\/","logo":{"@type":"ImageObject","inLanguage":"en-US","@id":"https:\/\/jetline.pl\/en\/#\/schema\/logo\/image\/","url":"https:\/\/jetline.pl\/wp-content\/uploads\/2024\/09\/logo_poziom_logo_poziom_czerwone-1.png","contentUrl":"https:\/\/jetline.pl\/wp-content\/uploads\/2024\/09\/logo_poziom_logo_poziom_czerwone-1.png","width":4946,"height":2016,"caption":"Jet Line"},"image":{"@id":"https:\/\/jetline.pl\/en\/#\/schema\/logo\/image\/"}}]}},"_links":{"self":[{"href":"https:\/\/jetline.pl\/en\/wp-json\/wp\/v2\/ustawa\/1750","targetHints":{"allow":["GET"]}}],"collection":[{"href":"https:\/\/jetline.pl\/en\/wp-json\/wp\/v2\/ustawa"}],"about":[{"href":"https:\/\/jetline.pl\/en\/wp-json\/wp\/v2\/types\/ustawa"}],"author":[{"embeddable":true,"href":"https:\/\/jetline.pl\/en\/wp-json\/wp\/v2\/users\/16"}],"wp:featuredmedia":[{"embeddable":true,"href":"https:\/\/jetline.pl\/en\/wp-json\/wp\/v2\/media\/1619"}],"wp:attachment":[{"href":"https:\/\/jetline.pl\/en\/wp-json\/wp\/v2\/media?parent=1750"}],"wp:term":[{"taxonomy":"ustawa_cat","embeddable":true,"href":"https:\/\/jetline.pl\/en\/wp-json\/wp\/v2\/ustawa_cat?post=1750"}],"curies":[{"name":"wp","href":"https:\/\/api.w.org\/{rel}","templated":true}]}}