{"id":1751,"date":"2019-10-23T07:30:54","date_gmt":"2019-10-23T05:30:54","guid":{"rendered":"https:\/\/jetline.presb.pl\/ustawa-krajobrazowa\/lodz-i-opole-pierwsze-wyroki-nsa-w-sprawie-uchwal-krajobrazowych\/"},"modified":"2025-02-28T10:48:36","modified_gmt":"2025-02-28T09:48:36","slug":"lodz-i-opole-pierwsze-wyroki-nsa-w-sprawie-uchwal-krajobrazowych","status":"publish","type":"ustawa","link":"https:\/\/jetline.pl\/en\/ustawa-krajobrazowa\/lodz-i-opole-pierwsze-wyroki-nsa-w-sprawie-uchwal-krajobrazowych\/","title":{"rendered":"\u0141\u00f3d\u017a i Opole. Pierwsze wyroki Naczelnego S\u0105du Administracyjnego w sprawie uchwa\u0142 krajobrazowych"},"content":{"rendered":"<p><img loading=\"lazy\" decoding=\"async\" class=\"wp-image-11793 size-full aligncenter\" src=\"https:\/\/jetline.pl\/wp-content\/uploads\/2024\/08\/NSA-Lodz.jpg\" alt=\"\" width=\"777\" height=\"642\" \/><\/p>\n<p>Trzy lata temu \u0141\u00f3d\u017a, pierwsza z du\u017cych miast w Polsce, uchwali\u0142a kodeks reklamowy. W sierpniu 2017 r. Wojew\u00f3dzki S\u0105d Administracyjny (WSA) w \u0141odzi <a href=\"http:\/\/jetline.pl\/ustawa-krajobrazowa\/wyrok-wsa-w-lodzi-czyli-kolejna-niezgodna-z-prawem-uchwala-w-koszu\" target=\"_blank\" rel=\"noopener noreferrer\">stwierdzi\u0142 jego niewa\u017cno\u015b\u0107<\/a>. \u0141\u00f3dzk\u0105 uchwa\u0142\u0119 krajobrazow\u0105 zaskar\u017cy\u0142o kilka podmiot\u00f3w, w\u015br\u00f3d nich wojewoda.<br \/>\nS\u0105d potwierdzi\u0142 wiele wad uchwa\u0142y, w tym przekroczenie upowa\u017cnie\u0144 ustawowych, brak okre\u015blenia warunk\u00f3w dostosowania istniej\u0105cych reklam oraz b\u0142\u0119dy proceduralne. Rada miasta odwo\u0142a\u0142a si\u0119 do Naczelnego S\u0105du Administracyjnego (NSA). Min\u0119\u0142y dwa lata (!) i s\u0105d, na posiedzeniu 15 pa\u017adziernika 2019 r., rozpatrzy\u0142 skarg\u0119 odsy\u0142aj\u0105c spraw\u0119 do ponownego rozpatrzenia przez WSA.<br \/>\n\u017beby pozna\u0107 argumenty s\u0105du, musimy poczeka\u0107 kilka tygodni na uzasadnienie wyroku.<br \/>\nPodsumowuj\u0105c, nadal nie wiadomo, co z uchwa\u0142\u0105 krajobrazow\u0105 w \u0141odzi poza tym, \u017ce r\u00f3wnolegle trwaj\u0105 prace nad now\u0105 uchwa\u0142\u0105.<\/p>\n<p>W czerwcu br. NSA rozpatrzy\u0142 skarg\u0119 na uchwa\u0142\u0119 krajobrazow\u0105 <a href=\"http:\/\/jetline.pl\/aktualnosci\/opole-refleksja-przed-ostatnim-dzwonkiem\" target=\"_blank\" rel=\"noopener noreferrer\">Opola<\/a>. S\u0105d stwierdzi\u0142, \u017ce jeden z przepis\u00f3w ustawy o planowaniu i zagospodarowaniu przestrzennym mo\u017ce narusza\u0107 konstytucj\u0119. Tym samym uchwa\u0142y, kt\u00f3re s\u0105 tworzone na podstawie tego upowa\u017cnienia ustawowego \u2013 mog\u0105 narusza\u0107 konstytucj\u0119.<br \/>\nChodzi o przepis nakazuj\u0105cy demontowanie no\u015bnik\u00f3w reklamowych, ustawionych zgodnie z obowi\u0105zuj\u0105cymi przepisami prawa. Wed\u0142ug NSA na podstawie tego uregulowania dochodzi do wyw\u0142aszczenia, ale bez odszkodowania lub rekompensaty finansowej. Dlatego NSA w Opolu wystosowa\u0142 do Trybuna\u0142u Konstytucyjnego zapytanie o zgodno\u015b\u0107 ustawy z konstytucj\u0105.<\/p>\n<p>Je\u017celi Trybuna\u0142 stwierdzi, \u017ce ustawa jest niezgodna z konstytucj\u0105, to przepis utraci moc prawn\u0105, a gminy, w kt\u00f3rych na podstawie uchwalonych kodeks\u00f3w reklamowych zdemontowano no\u015bniki, mog\u0105 by\u0107 nara\u017cone na wyp\u0142at\u0119 odszkodowa\u0144 firmom reklamowym i w\u0142a\u015bcicielom dzia\u0142ek.<\/p>\n<p>Obecnie <a href=\"http:\/\/jetline.pl\/aktualnosci\/08-gmin-w-polsce-ma-uchwale-krajobrazowa-raport-na-dzien-28-lutego-2019-r\" target=\"_blank\" rel=\"noopener noreferrer\">oko\u0142o 30 gmin w Polsce ma kodeksy reklamowe.<\/a><br \/>\nW\u015br\u00f3d najwi\u0119kszych s\u0105: Gda\u0144sk, \u0141\u00f3d\u017a oraz Opole. Tydzie\u0144 temu sw\u00f3j projekt do publicznego wgl\u0105du wy\u0142o\u017cy\u0142 Krak\u00f3w, za\u015b co do pozosta\u0142ych miast i gmin - wygl\u0105da na to, \u017ce czekaj\u0105 na orzeczenie Trybuna\u0142u Konstytucyjnego.<\/p>\n","protected":false},"author":16,"featured_media":1622,"template":"","ustawa_cat":[559],"class_list":["post-1751","ustawa","type-ustawa","status-publish","has-post-thumbnail","hentry","ustawa_cat-lodz"],"acf":[],"yoast_head":"<!-- This site is optimized with the Yoast SEO plugin v27.5 - https:\/\/yoast.com\/product\/yoast-seo-wordpress\/ -->\n<title>\u0141\u00f3d\u017a i Opole. Pierwsze wyroki Naczelnego S\u0105du Administracyjnego w sprawie uchwa\u0142 krajobrazowych - Jet Line<\/title>\n<meta name=\"description\" content=\"Pierwsza w Polsce uchwa\u0142a reklamowa podj\u0119ta w du\u017cym mie\u015bcie zosta\u0142a uchwalona w \u0141odzi, trzy lata temu. W sierpniu 2017 r. Wojew\u00f3dzki S\u0105d Administracyjny w \u0141odzi stwierdzi\u0142 jej niewa\u017cno\u015b\u0107. \u0141\u00f3dzki kodeks rekamowy zaskar\u017cy\u0142o kilka podmiot\u00f3w, w\u015br\u00f3d nich wojewoda.\" \/>\n<meta name=\"robots\" content=\"index, follow, max-snippet:-1, max-image-preview:large, max-video-preview:-1\" \/>\n<link rel=\"canonical\" href=\"https:\/\/jetline.pl\/en\/ustawa-krajobrazowa\/lodz-i-opole-pierwsze-wyroki-nsa-w-sprawie-uchwal-krajobrazowych\/\" \/>\n<meta property=\"og:locale\" content=\"en_US\" \/>\n<meta property=\"og:type\" content=\"article\" \/>\n<meta property=\"og:title\" content=\"\u0141\u00f3d\u017a i Opole. Pierwsze wyroki Naczelnego S\u0105du Administracyjnego w sprawie uchwa\u0142 krajobrazowych - Jet Line\" \/>\n<meta property=\"og:description\" content=\"Pierwsza w Polsce uchwa\u0142a reklamowa podj\u0119ta w du\u017cym mie\u015bcie zosta\u0142a uchwalona w \u0141odzi, trzy lata temu. W sierpniu 2017 r. Wojew\u00f3dzki S\u0105d Administracyjny w \u0141odzi stwierdzi\u0142 jej niewa\u017cno\u015b\u0107. \u0141\u00f3dzki kodeks rekamowy zaskar\u017cy\u0142o kilka podmiot\u00f3w, w\u015br\u00f3d nich wojewoda.\" \/>\n<meta property=\"og:url\" content=\"https:\/\/jetline.pl\/en\/ustawa-krajobrazowa\/lodz-i-opole-pierwsze-wyroki-nsa-w-sprawie-uchwal-krajobrazowych\/\" \/>\n<meta property=\"og:site_name\" content=\"Jet Line\" \/>\n<meta property=\"article:modified_time\" content=\"2025-02-28T09:48:36+00:00\" \/>\n<meta property=\"og:image\" content=\"https:\/\/jetline.pl\/wp-content\/uploads\/2024\/09\/1-1.jpg\" \/>\n\t<meta property=\"og:image:width\" content=\"514\" \/>\n\t<meta property=\"og:image:height\" content=\"287\" \/>\n\t<meta property=\"og:image:type\" content=\"image\/jpeg\" \/>\n<meta name=\"twitter:card\" content=\"summary_large_image\" \/>\n<meta name=\"twitter:label1\" content=\"Est. reading time\" \/>\n\t<meta name=\"twitter:data1\" content=\"3 minutes\" \/>\n<script type=\"application\/ld+json\" class=\"yoast-schema-graph\">{\"@context\":\"https:\\\/\\\/schema.org\",\"@graph\":[{\"@type\":\"WebPage\",\"@id\":\"https:\\\/\\\/jetline.pl\\\/en\\\/ustawa-krajobrazowa\\\/lodz-i-opole-pierwsze-wyroki-nsa-w-sprawie-uchwal-krajobrazowych\\\/\",\"url\":\"https:\\\/\\\/jetline.pl\\\/en\\\/ustawa-krajobrazowa\\\/lodz-i-opole-pierwsze-wyroki-nsa-w-sprawie-uchwal-krajobrazowych\\\/\",\"name\":\"\u0141\u00f3d\u017a i Opole. Pierwsze wyroki Naczelnego S\u0105du Administracyjnego w sprawie uchwa\u0142 krajobrazowych - Jet Line\",\"isPartOf\":{\"@id\":\"https:\\\/\\\/jetline.pl\\\/en\\\/#website\"},\"primaryImageOfPage\":{\"@id\":\"https:\\\/\\\/jetline.pl\\\/en\\\/ustawa-krajobrazowa\\\/lodz-i-opole-pierwsze-wyroki-nsa-w-sprawie-uchwal-krajobrazowych\\\/#primaryimage\"},\"image\":{\"@id\":\"https:\\\/\\\/jetline.pl\\\/en\\\/ustawa-krajobrazowa\\\/lodz-i-opole-pierwsze-wyroki-nsa-w-sprawie-uchwal-krajobrazowych\\\/#primaryimage\"},\"thumbnailUrl\":\"https:\\\/\\\/jetline.pl\\\/wp-content\\\/uploads\\\/2024\\\/09\\\/1-1.jpg\",\"datePublished\":\"2019-10-23T05:30:54+00:00\",\"dateModified\":\"2025-02-28T09:48:36+00:00\",\"description\":\"Pierwsza w Polsce uchwa\u0142a reklamowa podj\u0119ta w du\u017cym mie\u015bcie zosta\u0142a uchwalona w \u0141odzi, trzy lata temu. W sierpniu 2017 r. Wojew\u00f3dzki S\u0105d Administracyjny w \u0141odzi stwierdzi\u0142 jej niewa\u017cno\u015b\u0107. \u0141\u00f3dzki kodeks rekamowy zaskar\u017cy\u0142o kilka podmiot\u00f3w, w\u015br\u00f3d nich wojewoda.\",\"breadcrumb\":{\"@id\":\"https:\\\/\\\/jetline.pl\\\/en\\\/ustawa-krajobrazowa\\\/lodz-i-opole-pierwsze-wyroki-nsa-w-sprawie-uchwal-krajobrazowych\\\/#breadcrumb\"},\"inLanguage\":\"en-US\",\"potentialAction\":[{\"@type\":\"ReadAction\",\"target\":[\"https:\\\/\\\/jetline.pl\\\/en\\\/ustawa-krajobrazowa\\\/lodz-i-opole-pierwsze-wyroki-nsa-w-sprawie-uchwal-krajobrazowych\\\/\"]}]},{\"@type\":\"ImageObject\",\"inLanguage\":\"en-US\",\"@id\":\"https:\\\/\\\/jetline.pl\\\/en\\\/ustawa-krajobrazowa\\\/lodz-i-opole-pierwsze-wyroki-nsa-w-sprawie-uchwal-krajobrazowych\\\/#primaryimage\",\"url\":\"https:\\\/\\\/jetline.pl\\\/wp-content\\\/uploads\\\/2024\\\/09\\\/1-1.jpg\",\"contentUrl\":\"https:\\\/\\\/jetline.pl\\\/wp-content\\\/uploads\\\/2024\\\/09\\\/1-1.jpg\",\"width\":514,\"height\":287},{\"@type\":\"BreadcrumbList\",\"@id\":\"https:\\\/\\\/jetline.pl\\\/en\\\/ustawa-krajobrazowa\\\/lodz-i-opole-pierwsze-wyroki-nsa-w-sprawie-uchwal-krajobrazowych\\\/#breadcrumb\",\"itemListElement\":[{\"@type\":\"ListItem\",\"position\":1,\"name\":\"Strona g\u0142\u00f3wna\",\"item\":\"https:\\\/\\\/jetline.pl\\\/en\\\/\"},{\"@type\":\"ListItem\",\"position\":2,\"name\":\"Ustawa krajobrazowa\",\"item\":\"https:\\\/\\\/jetline.pl\\\/en\\\/ustawa-krajobrazowa\\\/\"},{\"@type\":\"ListItem\",\"position\":3,\"name\":\"\u0141\u00f3d\u017a i Opole. Pierwsze wyroki Naczelnego S\u0105du Administracyjnego w sprawie uchwa\u0142 krajobrazowych\"}]},{\"@type\":\"WebSite\",\"@id\":\"https:\\\/\\\/jetline.pl\\\/en\\\/#website\",\"url\":\"https:\\\/\\\/jetline.pl\\\/en\\\/\",\"name\":\"Jet Line\",\"description\":\"Tworzymy przestrze\u0144 do komunikacji\",\"publisher\":{\"@id\":\"https:\\\/\\\/jetline.pl\\\/en\\\/#organization\"},\"potentialAction\":[{\"@type\":\"SearchAction\",\"target\":{\"@type\":\"EntryPoint\",\"urlTemplate\":\"https:\\\/\\\/jetline.pl\\\/en\\\/?s={search_term_string}\"},\"query-input\":{\"@type\":\"PropertyValueSpecification\",\"valueRequired\":true,\"valueName\":\"search_term_string\"}}],\"inLanguage\":\"en-US\"},{\"@type\":\"Organization\",\"@id\":\"https:\\\/\\\/jetline.pl\\\/en\\\/#organization\",\"name\":\"Jet Line\",\"url\":\"https:\\\/\\\/jetline.pl\\\/en\\\/\",\"logo\":{\"@type\":\"ImageObject\",\"inLanguage\":\"en-US\",\"@id\":\"https:\\\/\\\/jetline.pl\\\/en\\\/#\\\/schema\\\/logo\\\/image\\\/\",\"url\":\"https:\\\/\\\/jetline.pl\\\/wp-content\\\/uploads\\\/2024\\\/09\\\/logo_poziom_logo_poziom_czerwone-1.png\",\"contentUrl\":\"https:\\\/\\\/jetline.pl\\\/wp-content\\\/uploads\\\/2024\\\/09\\\/logo_poziom_logo_poziom_czerwone-1.png\",\"width\":4946,\"height\":2016,\"caption\":\"Jet Line\"},\"image\":{\"@id\":\"https:\\\/\\\/jetline.pl\\\/en\\\/#\\\/schema\\\/logo\\\/image\\\/\"}}]}<\/script>\n<!-- \/ Yoast SEO plugin. -->","yoast_head_json":{"title":"\u0141\u00f3d\u017a i Opole. Pierwsze wyroki Naczelnego S\u0105du Administracyjnego w sprawie uchwa\u0142 krajobrazowych - Jet Line","description":"Pierwsza w Polsce uchwa\u0142a reklamowa podj\u0119ta w du\u017cym mie\u015bcie zosta\u0142a uchwalona w \u0141odzi, trzy lata temu. W sierpniu 2017 r. Wojew\u00f3dzki S\u0105d Administracyjny w \u0141odzi stwierdzi\u0142 jej niewa\u017cno\u015b\u0107. \u0141\u00f3dzki kodeks rekamowy zaskar\u017cy\u0142o kilka podmiot\u00f3w, w\u015br\u00f3d nich wojewoda.","robots":{"index":"index","follow":"follow","max-snippet":"max-snippet:-1","max-image-preview":"max-image-preview:large","max-video-preview":"max-video-preview:-1"},"canonical":"https:\/\/jetline.pl\/en\/ustawa-krajobrazowa\/lodz-i-opole-pierwsze-wyroki-nsa-w-sprawie-uchwal-krajobrazowych\/","og_locale":"en_US","og_type":"article","og_title":"\u0141\u00f3d\u017a i Opole. Pierwsze wyroki Naczelnego S\u0105du Administracyjnego w sprawie uchwa\u0142 krajobrazowych - Jet Line","og_description":"Pierwsza w Polsce uchwa\u0142a reklamowa podj\u0119ta w du\u017cym mie\u015bcie zosta\u0142a uchwalona w \u0141odzi, trzy lata temu. W sierpniu 2017 r. Wojew\u00f3dzki S\u0105d Administracyjny w \u0141odzi stwierdzi\u0142 jej niewa\u017cno\u015b\u0107. \u0141\u00f3dzki kodeks rekamowy zaskar\u017cy\u0142o kilka podmiot\u00f3w, w\u015br\u00f3d nich wojewoda.","og_url":"https:\/\/jetline.pl\/en\/ustawa-krajobrazowa\/lodz-i-opole-pierwsze-wyroki-nsa-w-sprawie-uchwal-krajobrazowych\/","og_site_name":"Jet Line","article_modified_time":"2025-02-28T09:48:36+00:00","og_image":[{"width":514,"height":287,"url":"https:\/\/jetline.pl\/wp-content\/uploads\/2024\/09\/1-1.jpg","type":"image\/jpeg"}],"twitter_card":"summary_large_image","twitter_misc":{"Est. reading time":"3 minutes"},"schema":{"@context":"https:\/\/schema.org","@graph":[{"@type":"WebPage","@id":"https:\/\/jetline.pl\/en\/ustawa-krajobrazowa\/lodz-i-opole-pierwsze-wyroki-nsa-w-sprawie-uchwal-krajobrazowych\/","url":"https:\/\/jetline.pl\/en\/ustawa-krajobrazowa\/lodz-i-opole-pierwsze-wyroki-nsa-w-sprawie-uchwal-krajobrazowych\/","name":"\u0141\u00f3d\u017a i Opole. Pierwsze wyroki Naczelnego S\u0105du Administracyjnego w sprawie uchwa\u0142 krajobrazowych - Jet Line","isPartOf":{"@id":"https:\/\/jetline.pl\/en\/#website"},"primaryImageOfPage":{"@id":"https:\/\/jetline.pl\/en\/ustawa-krajobrazowa\/lodz-i-opole-pierwsze-wyroki-nsa-w-sprawie-uchwal-krajobrazowych\/#primaryimage"},"image":{"@id":"https:\/\/jetline.pl\/en\/ustawa-krajobrazowa\/lodz-i-opole-pierwsze-wyroki-nsa-w-sprawie-uchwal-krajobrazowych\/#primaryimage"},"thumbnailUrl":"https:\/\/jetline.pl\/wp-content\/uploads\/2024\/09\/1-1.jpg","datePublished":"2019-10-23T05:30:54+00:00","dateModified":"2025-02-28T09:48:36+00:00","description":"Pierwsza w Polsce uchwa\u0142a reklamowa podj\u0119ta w du\u017cym mie\u015bcie zosta\u0142a uchwalona w \u0141odzi, trzy lata temu. W sierpniu 2017 r. Wojew\u00f3dzki S\u0105d Administracyjny w \u0141odzi stwierdzi\u0142 jej niewa\u017cno\u015b\u0107. \u0141\u00f3dzki kodeks rekamowy zaskar\u017cy\u0142o kilka podmiot\u00f3w, w\u015br\u00f3d nich wojewoda.","breadcrumb":{"@id":"https:\/\/jetline.pl\/en\/ustawa-krajobrazowa\/lodz-i-opole-pierwsze-wyroki-nsa-w-sprawie-uchwal-krajobrazowych\/#breadcrumb"},"inLanguage":"en-US","potentialAction":[{"@type":"ReadAction","target":["https:\/\/jetline.pl\/en\/ustawa-krajobrazowa\/lodz-i-opole-pierwsze-wyroki-nsa-w-sprawie-uchwal-krajobrazowych\/"]}]},{"@type":"ImageObject","inLanguage":"en-US","@id":"https:\/\/jetline.pl\/en\/ustawa-krajobrazowa\/lodz-i-opole-pierwsze-wyroki-nsa-w-sprawie-uchwal-krajobrazowych\/#primaryimage","url":"https:\/\/jetline.pl\/wp-content\/uploads\/2024\/09\/1-1.jpg","contentUrl":"https:\/\/jetline.pl\/wp-content\/uploads\/2024\/09\/1-1.jpg","width":514,"height":287},{"@type":"BreadcrumbList","@id":"https:\/\/jetline.pl\/en\/ustawa-krajobrazowa\/lodz-i-opole-pierwsze-wyroki-nsa-w-sprawie-uchwal-krajobrazowych\/#breadcrumb","itemListElement":[{"@type":"ListItem","position":1,"name":"Strona g\u0142\u00f3wna","item":"https:\/\/jetline.pl\/en\/"},{"@type":"ListItem","position":2,"name":"Ustawa krajobrazowa","item":"https:\/\/jetline.pl\/en\/ustawa-krajobrazowa\/"},{"@type":"ListItem","position":3,"name":"\u0141\u00f3d\u017a i Opole. Pierwsze wyroki Naczelnego S\u0105du Administracyjnego w sprawie uchwa\u0142 krajobrazowych"}]},{"@type":"WebSite","@id":"https:\/\/jetline.pl\/en\/#website","url":"https:\/\/jetline.pl\/en\/","name":"Jet Line","description":"Tworzymy przestrze\u0144 do komunikacji","publisher":{"@id":"https:\/\/jetline.pl\/en\/#organization"},"potentialAction":[{"@type":"SearchAction","target":{"@type":"EntryPoint","urlTemplate":"https:\/\/jetline.pl\/en\/?s={search_term_string}"},"query-input":{"@type":"PropertyValueSpecification","valueRequired":true,"valueName":"search_term_string"}}],"inLanguage":"en-US"},{"@type":"Organization","@id":"https:\/\/jetline.pl\/en\/#organization","name":"Jet Line","url":"https:\/\/jetline.pl\/en\/","logo":{"@type":"ImageObject","inLanguage":"en-US","@id":"https:\/\/jetline.pl\/en\/#\/schema\/logo\/image\/","url":"https:\/\/jetline.pl\/wp-content\/uploads\/2024\/09\/logo_poziom_logo_poziom_czerwone-1.png","contentUrl":"https:\/\/jetline.pl\/wp-content\/uploads\/2024\/09\/logo_poziom_logo_poziom_czerwone-1.png","width":4946,"height":2016,"caption":"Jet Line"},"image":{"@id":"https:\/\/jetline.pl\/en\/#\/schema\/logo\/image\/"}}]}},"_links":{"self":[{"href":"https:\/\/jetline.pl\/en\/wp-json\/wp\/v2\/ustawa\/1751","targetHints":{"allow":["GET"]}}],"collection":[{"href":"https:\/\/jetline.pl\/en\/wp-json\/wp\/v2\/ustawa"}],"about":[{"href":"https:\/\/jetline.pl\/en\/wp-json\/wp\/v2\/types\/ustawa"}],"author":[{"embeddable":true,"href":"https:\/\/jetline.pl\/en\/wp-json\/wp\/v2\/users\/16"}],"wp:featuredmedia":[{"embeddable":true,"href":"https:\/\/jetline.pl\/en\/wp-json\/wp\/v2\/media\/1622"}],"wp:attachment":[{"href":"https:\/\/jetline.pl\/en\/wp-json\/wp\/v2\/media?parent=1751"}],"wp:term":[{"taxonomy":"ustawa_cat","embeddable":true,"href":"https:\/\/jetline.pl\/en\/wp-json\/wp\/v2\/ustawa_cat?post=1751"}],"curies":[{"name":"wp","href":"https:\/\/api.w.org\/{rel}","templated":true}]}}