{"id":1752,"date":"2020-01-16T10:51:06","date_gmt":"2020-01-16T09:51:06","guid":{"rendered":"https:\/\/jetline.presb.pl\/ustawa-krajobrazowa\/uchwala-krajobrazowa-w-warszawie\/"},"modified":"2024-09-04T12:57:10","modified_gmt":"2024-09-04T10:57:10","slug":"uchwala-krajobrazowa-w-warszawie","status":"publish","type":"ustawa","link":"https:\/\/jetline.pl\/en\/ustawa-krajobrazowa\/uchwala-krajobrazowa-w-warszawie\/","title":{"rendered":"Uchwa\u0142a krajobrazowa w Warszawie"},"content":{"rendered":"<p><img loading=\"lazy\" decoding=\"async\" class=\"alignnone wp-image-11926 size-large\" src=\"https:\/\/jetline.pl\/wp-content\/uploads\/2024\/08\/IMG_3624.jpg\" alt=\"\" width=\"1024\" height=\"768\" \/><\/p>\n<p>Dzi\u015b (16 stycznia 2020 r.) podczas sesji Rady Miasta Warszawy zatwierdzono uchwa\u0142\u0119 w sprawie zasad i warunk\u00f3w sytuowania obiekt\u00f3w ma\u0142ej architektury, tablic reklamowych i urz\u0105dze\u0144 reklamowych oraz ogrodze\u0144, popularnie zwan\u0105 uchwa\u0142\u0105 krajobrazow\u0105.<br \/>\nZa przyj\u0119ciem uchwa\u0142y g\u0142osowa\u0142o\u00a0 51 radnych, nikt nie by\u0142 przeciw, wstrzyma\u0142y si\u0119 3 osoby. Uchwa\u0142a w nast\u0119puj\u0105cy spos\u00f3b okre\u015bla zasady umieszczania reklam:<\/p>\n<ul>\n<li>miasto jest podzielone na 4 strefy, dodatkowo ma wyodr\u0119bnione ci\u0105gi komunikacyjne,<\/li>\n<li>najwi\u0119kszy dopuszczony format reklamy to 6x3 m,<\/li>\n<li>reklama cyfrowa w praktyce jest zakazana,<\/li>\n<li>zapisy uchwa\u0142y preferuj\u0105 reklamy ustawione na terenach miejskich,<\/li>\n<li>okres dostosowania dla reklam wynosi 2 lata, dla szyld\u00f3w - 3 lata.<\/li>\n<\/ul>\n<p>W zakresie reklam dokument jest napisany w spos\u00f3b przejrzysty, inaczej ni\u017c cz\u0119\u015b\u0107 dotycz\u0105ca szyld\u00f3w, przyk\u0142adowy fragment o ich dostosowaniu: <em>\u201e szyldy s\u0105 usytuowane niezgodnie z postanowieniami \u00a7 5 ust. 2 pkt 1 lit. c, to nale\u017cy je w tym zakresie dostosowa\u0107 do najliczniejszej grupy szyld\u00f3w tworz\u0105cych poziom\u0105 lub pionow\u0105 o\u015b na elewacji, o ile grup\u0119 tak\u0105 mo\u017cna wyr\u00f3\u017cni\u0107; w przypadku, gdy nie ma mo\u017cliwo\u015bci wyznaczenia najliczniejszej grupy odniesienia, za niezgodne z uchwa\u0142\u0105 uznaje si\u0119 wszystkie szyldy sytuowane na danej elewacji <\/em><em>poza stref\u0105 parteru i poni\u017cej g\u00f3rnej kraw\u0119dzi elewacji\u201d.<\/em><\/p>\n<p>Przeczyta\u0142em wiele projekt\u00f3w uchwa\u0142 krajobrazowych i niewiele mnie dziwi, ale likwidacja wzoru s\u0142upa og\u0142oszeniowego, kt\u00f3ry w Warszawie funkcjonowa\u0142 przez prawie 140 lat, jest oryginalnym pomys\u0142em.<br \/>\nPodsumowuj\u0105c:<\/p>\n<ul>\n<li>Uchwa\u0142a warszawska buduje monopol miasta na rynku reklamy.<\/li>\n<li>Koszt dostosowania szyld\u00f3w w Warszawie oznacza dla ka\u017cdego przedsi\u0119biorcy w Warszawie od kilkuset do kilkuset tysi\u0119cy z\u0142otych, a w przypadku centr\u00f3w handlowych znacznie wi\u0119cej.<\/li>\n<li>Wszyscy zainteresowani tematem czekaj\u0105 na orzeczenie Trybuna\u0142u Konstytucyjnego o zgodno\u015bci z konstytucj\u0105 prawa, na podstawie kt\u00f3rego jest tworzona uchwa\u0142a. W tym tygodniu s\u0105dy w Poznaniu i \u0141odzi zawiesi\u0142y post\u0119powania do czasu wydania orzeczenia przez TK.\u00a0 Dlaczego Warszawa robi inaczej \u2013 nie potrafi\u0119 odpowiedzie\u0107.<\/li>\n<li>Zapisy uchwa\u0142y zawieraj\u0105 b\u0142\u0119dy prawne.<\/li>\n<\/ul>\n<p>W ci\u0105gu miesi\u0105ca wojewoda jako organ nadzorczy wyda rozstrzygni\u0119cie dotycz\u0105ce zgodno\u015bci uchwa\u0142y z prawem.<\/p>\n","protected":false},"author":16,"featured_media":1145,"template":"","ustawa_cat":[],"class_list":["post-1752","ustawa","type-ustawa","status-publish","has-post-thumbnail","hentry"],"acf":[],"yoast_head":"<!-- This site is optimized with the Yoast SEO plugin v27.5 - https:\/\/yoast.com\/product\/yoast-seo-wordpress\/ -->\n<title>Uchwa\u0142a krajobrazowa w Warszawie<\/title>\n<meta name=\"description\" content=\"Uchwa\u0142a krajobrazowa w Warszawie czyli o tym, \u017ce stolica robi inaczej. Przeczyta\u0142em wiele projekt\u00f3w uchwa\u0142 krajobrazowych i niewiele mnie...\" \/>\n<meta name=\"robots\" content=\"index, follow, max-snippet:-1, max-image-preview:large, max-video-preview:-1\" \/>\n<link rel=\"canonical\" href=\"https:\/\/jetline.pl\/en\/ustawa-krajobrazowa\/uchwala-krajobrazowa-w-warszawie\/\" \/>\n<meta property=\"og:locale\" content=\"en_US\" \/>\n<meta property=\"og:type\" content=\"article\" \/>\n<meta property=\"og:title\" content=\"Uchwa\u0142a krajobrazowa w Warszawie\" \/>\n<meta property=\"og:description\" content=\"Uchwa\u0142a krajobrazowa w Warszawie czyli o tym, \u017ce stolica robi inaczej. Przeczyta\u0142em wiele projekt\u00f3w uchwa\u0142 krajobrazowych i niewiele mnie...\" \/>\n<meta property=\"og:url\" content=\"https:\/\/jetline.pl\/en\/ustawa-krajobrazowa\/uchwala-krajobrazowa-w-warszawie\/\" \/>\n<meta property=\"og:site_name\" content=\"Jet Line\" \/>\n<meta property=\"article:modified_time\" content=\"2024-09-04T10:57:10+00:00\" \/>\n<meta property=\"og:image\" content=\"https:\/\/jetline.pl\/wp-content\/uploads\/2024\/08\/IMG_3624.jpg\" \/>\n\t<meta property=\"og:image:width\" content=\"1280\" \/>\n\t<meta property=\"og:image:height\" content=\"960\" \/>\n\t<meta property=\"og:image:type\" content=\"image\/jpeg\" \/>\n<meta name=\"twitter:card\" content=\"summary_large_image\" \/>\n<meta name=\"twitter:label1\" content=\"Est. reading time\" \/>\n\t<meta name=\"twitter:data1\" content=\"2 minutes\" \/>\n<script type=\"application\/ld+json\" class=\"yoast-schema-graph\">{\"@context\":\"https:\\\/\\\/schema.org\",\"@graph\":[{\"@type\":\"WebPage\",\"@id\":\"https:\\\/\\\/jetline.pl\\\/en\\\/ustawa-krajobrazowa\\\/uchwala-krajobrazowa-w-warszawie\\\/\",\"url\":\"https:\\\/\\\/jetline.pl\\\/en\\\/ustawa-krajobrazowa\\\/uchwala-krajobrazowa-w-warszawie\\\/\",\"name\":\"Uchwa\u0142a krajobrazowa w Warszawie\",\"isPartOf\":{\"@id\":\"https:\\\/\\\/jetline.pl\\\/en\\\/#website\"},\"primaryImageOfPage\":{\"@id\":\"https:\\\/\\\/jetline.pl\\\/en\\\/ustawa-krajobrazowa\\\/uchwala-krajobrazowa-w-warszawie\\\/#primaryimage\"},\"image\":{\"@id\":\"https:\\\/\\\/jetline.pl\\\/en\\\/ustawa-krajobrazowa\\\/uchwala-krajobrazowa-w-warszawie\\\/#primaryimage\"},\"thumbnailUrl\":\"https:\\\/\\\/jetline.pl\\\/wp-content\\\/uploads\\\/2024\\\/08\\\/IMG_3624.jpg\",\"datePublished\":\"2020-01-16T09:51:06+00:00\",\"dateModified\":\"2024-09-04T10:57:10+00:00\",\"description\":\"Uchwa\u0142a krajobrazowa w Warszawie czyli o tym, \u017ce stolica robi inaczej. Przeczyta\u0142em wiele projekt\u00f3w uchwa\u0142 krajobrazowych i niewiele mnie...\",\"breadcrumb\":{\"@id\":\"https:\\\/\\\/jetline.pl\\\/en\\\/ustawa-krajobrazowa\\\/uchwala-krajobrazowa-w-warszawie\\\/#breadcrumb\"},\"inLanguage\":\"en-US\",\"potentialAction\":[{\"@type\":\"ReadAction\",\"target\":[\"https:\\\/\\\/jetline.pl\\\/en\\\/ustawa-krajobrazowa\\\/uchwala-krajobrazowa-w-warszawie\\\/\"]}]},{\"@type\":\"ImageObject\",\"inLanguage\":\"en-US\",\"@id\":\"https:\\\/\\\/jetline.pl\\\/en\\\/ustawa-krajobrazowa\\\/uchwala-krajobrazowa-w-warszawie\\\/#primaryimage\",\"url\":\"https:\\\/\\\/jetline.pl\\\/wp-content\\\/uploads\\\/2024\\\/08\\\/IMG_3624.jpg\",\"contentUrl\":\"https:\\\/\\\/jetline.pl\\\/wp-content\\\/uploads\\\/2024\\\/08\\\/IMG_3624.jpg\",\"width\":1280,\"height\":960},{\"@type\":\"BreadcrumbList\",\"@id\":\"https:\\\/\\\/jetline.pl\\\/en\\\/ustawa-krajobrazowa\\\/uchwala-krajobrazowa-w-warszawie\\\/#breadcrumb\",\"itemListElement\":[{\"@type\":\"ListItem\",\"position\":1,\"name\":\"Strona g\u0142\u00f3wna\",\"item\":\"https:\\\/\\\/jetline.pl\\\/en\\\/\"},{\"@type\":\"ListItem\",\"position\":2,\"name\":\"Ustawa krajobrazowa\",\"item\":\"https:\\\/\\\/jetline.pl\\\/en\\\/ustawa-krajobrazowa\\\/\"},{\"@type\":\"ListItem\",\"position\":3,\"name\":\"Uchwa\u0142a krajobrazowa w Warszawie\"}]},{\"@type\":\"WebSite\",\"@id\":\"https:\\\/\\\/jetline.pl\\\/en\\\/#website\",\"url\":\"https:\\\/\\\/jetline.pl\\\/en\\\/\",\"name\":\"Jet Line\",\"description\":\"Tworzymy przestrze\u0144 do komunikacji\",\"publisher\":{\"@id\":\"https:\\\/\\\/jetline.pl\\\/en\\\/#organization\"},\"potentialAction\":[{\"@type\":\"SearchAction\",\"target\":{\"@type\":\"EntryPoint\",\"urlTemplate\":\"https:\\\/\\\/jetline.pl\\\/en\\\/?s={search_term_string}\"},\"query-input\":{\"@type\":\"PropertyValueSpecification\",\"valueRequired\":true,\"valueName\":\"search_term_string\"}}],\"inLanguage\":\"en-US\"},{\"@type\":\"Organization\",\"@id\":\"https:\\\/\\\/jetline.pl\\\/en\\\/#organization\",\"name\":\"Jet Line\",\"url\":\"https:\\\/\\\/jetline.pl\\\/en\\\/\",\"logo\":{\"@type\":\"ImageObject\",\"inLanguage\":\"en-US\",\"@id\":\"https:\\\/\\\/jetline.pl\\\/en\\\/#\\\/schema\\\/logo\\\/image\\\/\",\"url\":\"https:\\\/\\\/jetline.pl\\\/wp-content\\\/uploads\\\/2024\\\/09\\\/logo_poziom_logo_poziom_czerwone-1.png\",\"contentUrl\":\"https:\\\/\\\/jetline.pl\\\/wp-content\\\/uploads\\\/2024\\\/09\\\/logo_poziom_logo_poziom_czerwone-1.png\",\"width\":4946,\"height\":2016,\"caption\":\"Jet Line\"},\"image\":{\"@id\":\"https:\\\/\\\/jetline.pl\\\/en\\\/#\\\/schema\\\/logo\\\/image\\\/\"}}]}<\/script>\n<!-- \/ Yoast SEO plugin. -->","yoast_head_json":{"title":"Uchwa\u0142a krajobrazowa w Warszawie","description":"Uchwa\u0142a krajobrazowa w Warszawie czyli o tym, \u017ce stolica robi inaczej. Przeczyta\u0142em wiele projekt\u00f3w uchwa\u0142 krajobrazowych i niewiele mnie...","robots":{"index":"index","follow":"follow","max-snippet":"max-snippet:-1","max-image-preview":"max-image-preview:large","max-video-preview":"max-video-preview:-1"},"canonical":"https:\/\/jetline.pl\/en\/ustawa-krajobrazowa\/uchwala-krajobrazowa-w-warszawie\/","og_locale":"en_US","og_type":"article","og_title":"Uchwa\u0142a krajobrazowa w Warszawie","og_description":"Uchwa\u0142a krajobrazowa w Warszawie czyli o tym, \u017ce stolica robi inaczej. Przeczyta\u0142em wiele projekt\u00f3w uchwa\u0142 krajobrazowych i niewiele mnie...","og_url":"https:\/\/jetline.pl\/en\/ustawa-krajobrazowa\/uchwala-krajobrazowa-w-warszawie\/","og_site_name":"Jet Line","article_modified_time":"2024-09-04T10:57:10+00:00","og_image":[{"width":1280,"height":960,"url":"https:\/\/jetline.pl\/wp-content\/uploads\/2024\/08\/IMG_3624.jpg","type":"image\/jpeg"}],"twitter_card":"summary_large_image","twitter_misc":{"Est. reading time":"2 minutes"},"schema":{"@context":"https:\/\/schema.org","@graph":[{"@type":"WebPage","@id":"https:\/\/jetline.pl\/en\/ustawa-krajobrazowa\/uchwala-krajobrazowa-w-warszawie\/","url":"https:\/\/jetline.pl\/en\/ustawa-krajobrazowa\/uchwala-krajobrazowa-w-warszawie\/","name":"Uchwa\u0142a krajobrazowa w Warszawie","isPartOf":{"@id":"https:\/\/jetline.pl\/en\/#website"},"primaryImageOfPage":{"@id":"https:\/\/jetline.pl\/en\/ustawa-krajobrazowa\/uchwala-krajobrazowa-w-warszawie\/#primaryimage"},"image":{"@id":"https:\/\/jetline.pl\/en\/ustawa-krajobrazowa\/uchwala-krajobrazowa-w-warszawie\/#primaryimage"},"thumbnailUrl":"https:\/\/jetline.pl\/wp-content\/uploads\/2024\/08\/IMG_3624.jpg","datePublished":"2020-01-16T09:51:06+00:00","dateModified":"2024-09-04T10:57:10+00:00","description":"Uchwa\u0142a krajobrazowa w Warszawie czyli o tym, \u017ce stolica robi inaczej. Przeczyta\u0142em wiele projekt\u00f3w uchwa\u0142 krajobrazowych i niewiele mnie...","breadcrumb":{"@id":"https:\/\/jetline.pl\/en\/ustawa-krajobrazowa\/uchwala-krajobrazowa-w-warszawie\/#breadcrumb"},"inLanguage":"en-US","potentialAction":[{"@type":"ReadAction","target":["https:\/\/jetline.pl\/en\/ustawa-krajobrazowa\/uchwala-krajobrazowa-w-warszawie\/"]}]},{"@type":"ImageObject","inLanguage":"en-US","@id":"https:\/\/jetline.pl\/en\/ustawa-krajobrazowa\/uchwala-krajobrazowa-w-warszawie\/#primaryimage","url":"https:\/\/jetline.pl\/wp-content\/uploads\/2024\/08\/IMG_3624.jpg","contentUrl":"https:\/\/jetline.pl\/wp-content\/uploads\/2024\/08\/IMG_3624.jpg","width":1280,"height":960},{"@type":"BreadcrumbList","@id":"https:\/\/jetline.pl\/en\/ustawa-krajobrazowa\/uchwala-krajobrazowa-w-warszawie\/#breadcrumb","itemListElement":[{"@type":"ListItem","position":1,"name":"Strona g\u0142\u00f3wna","item":"https:\/\/jetline.pl\/en\/"},{"@type":"ListItem","position":2,"name":"Ustawa krajobrazowa","item":"https:\/\/jetline.pl\/en\/ustawa-krajobrazowa\/"},{"@type":"ListItem","position":3,"name":"Uchwa\u0142a krajobrazowa w Warszawie"}]},{"@type":"WebSite","@id":"https:\/\/jetline.pl\/en\/#website","url":"https:\/\/jetline.pl\/en\/","name":"Jet Line","description":"Tworzymy przestrze\u0144 do komunikacji","publisher":{"@id":"https:\/\/jetline.pl\/en\/#organization"},"potentialAction":[{"@type":"SearchAction","target":{"@type":"EntryPoint","urlTemplate":"https:\/\/jetline.pl\/en\/?s={search_term_string}"},"query-input":{"@type":"PropertyValueSpecification","valueRequired":true,"valueName":"search_term_string"}}],"inLanguage":"en-US"},{"@type":"Organization","@id":"https:\/\/jetline.pl\/en\/#organization","name":"Jet Line","url":"https:\/\/jetline.pl\/en\/","logo":{"@type":"ImageObject","inLanguage":"en-US","@id":"https:\/\/jetline.pl\/en\/#\/schema\/logo\/image\/","url":"https:\/\/jetline.pl\/wp-content\/uploads\/2024\/09\/logo_poziom_logo_poziom_czerwone-1.png","contentUrl":"https:\/\/jetline.pl\/wp-content\/uploads\/2024\/09\/logo_poziom_logo_poziom_czerwone-1.png","width":4946,"height":2016,"caption":"Jet Line"},"image":{"@id":"https:\/\/jetline.pl\/en\/#\/schema\/logo\/image\/"}}]}},"_links":{"self":[{"href":"https:\/\/jetline.pl\/en\/wp-json\/wp\/v2\/ustawa\/1752","targetHints":{"allow":["GET"]}}],"collection":[{"href":"https:\/\/jetline.pl\/en\/wp-json\/wp\/v2\/ustawa"}],"about":[{"href":"https:\/\/jetline.pl\/en\/wp-json\/wp\/v2\/types\/ustawa"}],"author":[{"embeddable":true,"href":"https:\/\/jetline.pl\/en\/wp-json\/wp\/v2\/users\/16"}],"wp:featuredmedia":[{"embeddable":true,"href":"https:\/\/jetline.pl\/en\/wp-json\/wp\/v2\/media\/1145"}],"wp:attachment":[{"href":"https:\/\/jetline.pl\/en\/wp-json\/wp\/v2\/media?parent=1752"}],"wp:term":[{"taxonomy":"ustawa_cat","embeddable":true,"href":"https:\/\/jetline.pl\/en\/wp-json\/wp\/v2\/ustawa_cat?post=1752"}],"curies":[{"name":"wp","href":"https:\/\/api.w.org\/{rel}","templated":true}]}}