{"id":1753,"date":"2020-01-31T15:04:52","date_gmt":"2020-01-31T14:04:52","guid":{"rendered":"https:\/\/jetline.presb.pl\/ustawa-krajobrazowa\/uchwala-krajobrazowa-w-warszawie-2\/"},"modified":"2020-01-31T15:04:52","modified_gmt":"2020-01-31T14:04:52","slug":"uchwala-krajobrazowa-w-warszawie-2","status":"publish","type":"ustawa","link":"https:\/\/jetline.pl\/en\/ustawa-krajobrazowa\/uchwala-krajobrazowa-w-warszawie-2\/","title":{"rendered":"Uchwa\u0142a krajobrazowa w Warszawie"},"content":{"rendered":"<p>23 stycznia do biura Wojewody Mazowieckiego wp\u0142yn\u0119\u0142a <a href=\"https:\/\/jetline.pl\/ustawa-krajobrazowa\/uchwala-krajobrazowa-w-warszawie\" target=\"_blank\" rel=\"noopener noreferrer\">uchwa\u0142a krajobrazowa zatwierdzona kilka dni wcze\u015bniej<\/a> przez Rad\u0119 Miasta Warszawy. 30 stycznia w Dzienniku Urz\u0119dowym Wojew\u00f3dztwa Mazowieckiego uchwa\u0142\u0119 warszawsk\u0105 opublikowano (Uchwa\u0142a nr XXV\/697\/2020 Rady Miasta Sto\u0142ecznego Warszawy z dnia 16 stycznia 2020 r. w sprawie zasad i warunk\u00f3w sytuowania obiekt\u00f3w ma\u0142ej architektury, tablic reklamowych i urz\u0105dze\u0144 reklamowych oraz ogrodze\u0144).<\/p>\n<p><a href=\"https:\/\/edziennik.mazowieckie.pl\/legalact\/2020\/1373\/\" target=\"_blank\" rel=\"noopener noreferrer\">https:\/\/edziennik.mazowieckie.pl\/legalact\/2020\/1373\/<\/a><\/p>\n<p>Publikacja uchwa\u0142y jest zgodna z procedur\u0105 administracyjn\u0105. Wczorajsza data oznacza, \u017ce rozpocz\u0105\u0142 si\u0119 90-dniowy okres, po kt\u00f3rym uchwa\u0142a mo\u017ce wej\u015b\u0107 w \u017cycie. Do 22 lutego wojewoda ma prawo wyda\u0107 rozstrzygni\u0119cie nadzorcze, kt\u00f3re mo\u017ce uchwa\u0142\u0119 w ca\u0142o\u015bci lub w cz\u0119\u015bci uchyli\u0107.<\/p>\n<h5>Naszym zdaniem<\/h5>\n<p>Porz\u0105dek w przestrzeni publicznej jest bardzo wa\u017cny.<br \/>\nPorz\u0105dkowanie przestrzeni publicznej jest bardzo wa\u017cne.<br \/>\nNie ma w naszej firmie nikogo, kto twierdzi\u0142by inaczej. Nie mo\u017cemy si\u0119 jednak zgodzi\u0107 na to, aby porz\u0105dkowanie oznacza\u0142o nieprzestrzeganie prawa. Problem, przed kt\u00f3rym stoimy jest wynikiem tego, \u017ce oko\u0142o 80% reklam w przestrzeni publicznej funkcjonuje bez pozwole\u0144. Wielu urz\u0119dnik\u00f3w za\u015b nie ma kompetencji, aby ten problem rozwi\u0105za\u0107 dost\u0119pnymi narz\u0119dziami i \u015brodkami prawnymi.<\/p>\n<h5>Wr\u00f3\u0107my do warszawskiej uchwa\u0142y<\/h5>\n<p>Je\u017celi uchwa\u0142a w Warszawie zacznie obowi\u0105zywa\u0107, b\u0119dzie to bardzo wa\u017cna i niekorzystna wiadomo\u015b\u0107 dla przedsi\u0119biorc\u00f3w. Uchwa\u0142a utrudni prowadzenie dzia\u0142alno\u015bci\u00a0 gospodarczej. Od wi\u0119kszo\u015bci firm b\u0119dzie wymaga\u0142a poniesienia nak\u0142ad\u00f3w na zmian\u0119 identyfikacji wizualnej.<\/p>\n<p>Podam konkretny przyk\u0142ad. Nasi s\u0105siedzi, klinika medyczna \u2013 ma na dachu neon z logo firmy i je\u017celi uchwa\u0142a wejdzie w \u017cycie, zgodnie z ni\u0105 za 3 lata neon b\u0119dzie musia\u0142 by\u0107 zdemontowany. Dlaczego? Poniewa\u017c jest o oko\u0142o 20 cm za wysoki, ni\u017c przewiduj\u0105 to przepisy. Zbudowanie takiego neonu kosztowa\u0142o mniej wi\u0119cej 20 tys. z\u0142otych. Na jego miejscu b\u0119dzie mo\u017cna ustawi\u0107 ni\u017cszy, kt\u00f3rego koszt b\u0119dzie podobny. To czeka prawie wszystkie firmy\u00a0 \u2013 r\u00f3\u017cnica jest taka, \u017ce jedni wydadz\u0105 kilkaset z\u0142otych, inni za\u015b kilkaset tysi\u0119cy.<\/p>\n<p>Oczywi\u015bcie Rada Miasta mia\u0142a prawo do wprowadzenia regulacji. Zignorowano jednak fakt, \u017ce miasto rozwija si\u0119 dzi\u0119ki przedsi\u0119biorcom, kt\u00f3rzy zatrudniaj\u0105 ludzi i bezpo\u015brednio lub po\u015brednio sk\u0142adaj\u0105 si\u0119 na bud\u017cet miasta. Miasto powinno ich wspiera\u0107, a wprowadzaj\u0105c nawet uzasadnione ograniczenia - nie szkodzi\u0107.<\/p>\n<h5>Zarzuty pod adresem uchwa\u0142y<\/h5>\n<p>Jednak to nie jest najwa\u017cniejszy zarzut do uchwa\u0142y.<br \/>\nUchwa\u0142a warszawska \u0142amie prawo.<br \/>\nUchwa\u0142a buduje monopol miasta na rynku reklamy zewn\u0119trznej. Szczeg\u00f3\u0142owe zapisy uchwa\u0142y w praktyce likwiduj\u0105 reklam\u0119 na prywatnych terenach. Miasto bez wi\u0119kszych ogranicze\u0144 dopuszcza reklamy na w\u0142asnym terenie: na przystankach, w przej\u015bciach podziemnych, na rusztowaniach w pasie drogowym, s\u0142upach o\u015bwietleniowych, murach oporowych dr\u00f3g, stacjach rower\u00f3w publicznych itp. To jest \u0142amanie zasad okre\u015blonych w ustawie o zwalczaniu nieuczciwej konkurencji.<\/p>\n<p>Warszawska uchwa\u0142a krajobrazowa zawiera ewidentne b\u0142\u0119dy prawne: myli szyldy z innymi reklamami, w wielu miejscach przekracza upowa\u017cnienie ustawowe daj\u0105c np. wi\u0119ksze prawa budynkom u\u017cyteczno\u015bci publicznej, wprowadza niezgodne z prawem definicje i regulacje itp.<\/p>\n<p>Warszawska uchwa\u0142a krajobrazowa nier\u00f3wno traktuje firmy. Dwie tej samej wielko\u015bci firmy z tej samej bran\u017cy b\u0119d\u0105 mog\u0142y umie\u015bci\u0107\u00a0 r\u00f3\u017cnej wielko\u015bci szyldy. B\u0119dzie to zale\u017ca\u0142o od miejsca, w kt\u00f3rym obie prowadz\u0105 dzia\u0142alno\u015b\u0107. Inaczej wi\u0119c mo\u017ce wygl\u0105da\u0107 identyfikacja sklepu przy ulicy, inaczej za\u015b -\u00a0 w galerii handlowej.<\/p>\n<h5>Zarzuty pod adresem ustawy<\/h5>\n<p>Ustawa (na podstawie kt\u00f3rej powstaj\u0105 uchwa\u0142y) pozwala na likwidacj\u0119 no\u015bnik\u00f3w reklamowych, ustawionych zgodnie z pozwoleniem na budow\u0119, bez wyp\u0142aty odszkodowania. To znaczy, \u017ce w jednakowy spos\u00f3b traktuje podmioty, kt\u00f3re dzia\u0142a\u0142y zgodnie z prawem i te, kt\u00f3re to prawo \u0142ama\u0142y.<\/p>\n<p>Podkre\u015blmy, \u017ce uchwa\u0142a powsta\u0142a na podstawie ustawy, kt\u00f3ra wed\u0142ug wielu os\u00f3b jest sprzeczna z konstytucj\u0105 (czekamy na decyzj\u0119 Trybuna\u0142u Konstytucyjnego, kt\u00f3ry ma wypowiedzie\u0107 si\u0119 na temat zgodno\u015bci ustawy z Konstytucj\u0105). Wydanie przez TK wyroku o niezgodno\u015bci ustawy krajobrazowej z konstytucj\u0105 postawi gminy posiadaj\u0105ce uchwa\u0142y krajobrazowe w bardzo trudnej sytuacji. Dlatego wi\u0119kszo\u015b\u0107 gmin od\u0142o\u017cy\u0142o wprowadzenie uchwa\u0142 do czasu og\u0142oszenia wyroku Trybuna\u0142u.<\/p>\n<p>&nbsp;<\/p>\n<p>&nbsp;<\/p>\n<p>&nbsp;<\/p>\n","protected":false},"author":16,"featured_media":1625,"template":"","ustawa_cat":[],"class_list":["post-1753","ustawa","type-ustawa","status-publish","has-post-thumbnail","hentry"],"acf":[],"yoast_head":"<!-- This site is optimized with the Yoast SEO plugin v27.5 - https:\/\/yoast.com\/product\/yoast-seo-wordpress\/ -->\n<title>Uchwa\u0142a krajobrazowa w Warszawie - Jet Line<\/title>\n<meta name=\"description\" content=\"Porz\u0105dkowanie przestrzeni publicznej jest bardzo wa\u017cne. Nie ma w naszej firmie nikogo, kto twierdzi\u0142by inaczej. Ale czy uchwa\u0142a krajobrazowa robi to dobrze?\" \/>\n<meta name=\"robots\" content=\"index, follow, max-snippet:-1, max-image-preview:large, max-video-preview:-1\" \/>\n<link rel=\"canonical\" href=\"https:\/\/jetline.pl\/en\/ustawa-krajobrazowa\/uchwala-krajobrazowa-w-warszawie-2\/\" \/>\n<meta property=\"og:locale\" content=\"en_US\" \/>\n<meta property=\"og:type\" content=\"article\" \/>\n<meta property=\"og:title\" content=\"Uchwa\u0142a krajobrazowa w Warszawie - Jet Line\" \/>\n<meta property=\"og:description\" content=\"Porz\u0105dkowanie przestrzeni publicznej jest bardzo wa\u017cne. Nie ma w naszej firmie nikogo, kto twierdzi\u0142by inaczej. Ale czy uchwa\u0142a krajobrazowa robi to dobrze?\" \/>\n<meta property=\"og:url\" content=\"https:\/\/jetline.pl\/en\/ustawa-krajobrazowa\/uchwala-krajobrazowa-w-warszawie-2\/\" \/>\n<meta property=\"og:site_name\" content=\"Jet Line\" \/>\n<meta property=\"og:image\" content=\"https:\/\/jetline.pl\/wp-content\/uploads\/2024\/09\/obrazek2.jpg\" \/>\n\t<meta property=\"og:image:width\" content=\"1001\" \/>\n\t<meta property=\"og:image:height\" content=\"593\" \/>\n\t<meta property=\"og:image:type\" content=\"image\/jpeg\" \/>\n<meta name=\"twitter:card\" content=\"summary_large_image\" \/>\n<meta name=\"twitter:label1\" content=\"Est. reading time\" \/>\n\t<meta name=\"twitter:data1\" content=\"4 minutes\" \/>\n<script type=\"application\/ld+json\" class=\"yoast-schema-graph\">{\"@context\":\"https:\\\/\\\/schema.org\",\"@graph\":[{\"@type\":\"WebPage\",\"@id\":\"https:\\\/\\\/jetline.pl\\\/en\\\/ustawa-krajobrazowa\\\/uchwala-krajobrazowa-w-warszawie-2\\\/\",\"url\":\"https:\\\/\\\/jetline.pl\\\/en\\\/ustawa-krajobrazowa\\\/uchwala-krajobrazowa-w-warszawie-2\\\/\",\"name\":\"Uchwa\u0142a krajobrazowa w Warszawie - Jet Line\",\"isPartOf\":{\"@id\":\"https:\\\/\\\/jetline.pl\\\/en\\\/#website\"},\"primaryImageOfPage\":{\"@id\":\"https:\\\/\\\/jetline.pl\\\/en\\\/ustawa-krajobrazowa\\\/uchwala-krajobrazowa-w-warszawie-2\\\/#primaryimage\"},\"image\":{\"@id\":\"https:\\\/\\\/jetline.pl\\\/en\\\/ustawa-krajobrazowa\\\/uchwala-krajobrazowa-w-warszawie-2\\\/#primaryimage\"},\"thumbnailUrl\":\"https:\\\/\\\/jetline.pl\\\/wp-content\\\/uploads\\\/2024\\\/09\\\/obrazek2.jpg\",\"datePublished\":\"2020-01-31T14:04:52+00:00\",\"description\":\"Porz\u0105dkowanie przestrzeni publicznej jest bardzo wa\u017cne. Nie ma w naszej firmie nikogo, kto twierdzi\u0142by inaczej. Ale czy uchwa\u0142a krajobrazowa robi to dobrze?\",\"breadcrumb\":{\"@id\":\"https:\\\/\\\/jetline.pl\\\/en\\\/ustawa-krajobrazowa\\\/uchwala-krajobrazowa-w-warszawie-2\\\/#breadcrumb\"},\"inLanguage\":\"en-US\",\"potentialAction\":[{\"@type\":\"ReadAction\",\"target\":[\"https:\\\/\\\/jetline.pl\\\/en\\\/ustawa-krajobrazowa\\\/uchwala-krajobrazowa-w-warszawie-2\\\/\"]}]},{\"@type\":\"ImageObject\",\"inLanguage\":\"en-US\",\"@id\":\"https:\\\/\\\/jetline.pl\\\/en\\\/ustawa-krajobrazowa\\\/uchwala-krajobrazowa-w-warszawie-2\\\/#primaryimage\",\"url\":\"https:\\\/\\\/jetline.pl\\\/wp-content\\\/uploads\\\/2024\\\/09\\\/obrazek2.jpg\",\"contentUrl\":\"https:\\\/\\\/jetline.pl\\\/wp-content\\\/uploads\\\/2024\\\/09\\\/obrazek2.jpg\",\"width\":1001,\"height\":593},{\"@type\":\"BreadcrumbList\",\"@id\":\"https:\\\/\\\/jetline.pl\\\/en\\\/ustawa-krajobrazowa\\\/uchwala-krajobrazowa-w-warszawie-2\\\/#breadcrumb\",\"itemListElement\":[{\"@type\":\"ListItem\",\"position\":1,\"name\":\"Strona g\u0142\u00f3wna\",\"item\":\"https:\\\/\\\/jetline.pl\\\/en\\\/\"},{\"@type\":\"ListItem\",\"position\":2,\"name\":\"Ustawa krajobrazowa\",\"item\":\"https:\\\/\\\/jetline.pl\\\/en\\\/ustawa-krajobrazowa\\\/\"},{\"@type\":\"ListItem\",\"position\":3,\"name\":\"Uchwa\u0142a krajobrazowa w Warszawie\"}]},{\"@type\":\"WebSite\",\"@id\":\"https:\\\/\\\/jetline.pl\\\/en\\\/#website\",\"url\":\"https:\\\/\\\/jetline.pl\\\/en\\\/\",\"name\":\"Jet Line\",\"description\":\"Tworzymy przestrze\u0144 do komunikacji\",\"publisher\":{\"@id\":\"https:\\\/\\\/jetline.pl\\\/en\\\/#organization\"},\"potentialAction\":[{\"@type\":\"SearchAction\",\"target\":{\"@type\":\"EntryPoint\",\"urlTemplate\":\"https:\\\/\\\/jetline.pl\\\/en\\\/?s={search_term_string}\"},\"query-input\":{\"@type\":\"PropertyValueSpecification\",\"valueRequired\":true,\"valueName\":\"search_term_string\"}}],\"inLanguage\":\"en-US\"},{\"@type\":\"Organization\",\"@id\":\"https:\\\/\\\/jetline.pl\\\/en\\\/#organization\",\"name\":\"Jet Line\",\"url\":\"https:\\\/\\\/jetline.pl\\\/en\\\/\",\"logo\":{\"@type\":\"ImageObject\",\"inLanguage\":\"en-US\",\"@id\":\"https:\\\/\\\/jetline.pl\\\/en\\\/#\\\/schema\\\/logo\\\/image\\\/\",\"url\":\"https:\\\/\\\/jetline.pl\\\/wp-content\\\/uploads\\\/2024\\\/09\\\/logo_poziom_logo_poziom_czerwone-1.png\",\"contentUrl\":\"https:\\\/\\\/jetline.pl\\\/wp-content\\\/uploads\\\/2024\\\/09\\\/logo_poziom_logo_poziom_czerwone-1.png\",\"width\":4946,\"height\":2016,\"caption\":\"Jet Line\"},\"image\":{\"@id\":\"https:\\\/\\\/jetline.pl\\\/en\\\/#\\\/schema\\\/logo\\\/image\\\/\"}}]}<\/script>\n<!-- \/ Yoast SEO plugin. -->","yoast_head_json":{"title":"Uchwa\u0142a krajobrazowa w Warszawie - Jet Line","description":"Porz\u0105dkowanie przestrzeni publicznej jest bardzo wa\u017cne. Nie ma w naszej firmie nikogo, kto twierdzi\u0142by inaczej. Ale czy uchwa\u0142a krajobrazowa robi to dobrze?","robots":{"index":"index","follow":"follow","max-snippet":"max-snippet:-1","max-image-preview":"max-image-preview:large","max-video-preview":"max-video-preview:-1"},"canonical":"https:\/\/jetline.pl\/en\/ustawa-krajobrazowa\/uchwala-krajobrazowa-w-warszawie-2\/","og_locale":"en_US","og_type":"article","og_title":"Uchwa\u0142a krajobrazowa w Warszawie - Jet Line","og_description":"Porz\u0105dkowanie przestrzeni publicznej jest bardzo wa\u017cne. Nie ma w naszej firmie nikogo, kto twierdzi\u0142by inaczej. Ale czy uchwa\u0142a krajobrazowa robi to dobrze?","og_url":"https:\/\/jetline.pl\/en\/ustawa-krajobrazowa\/uchwala-krajobrazowa-w-warszawie-2\/","og_site_name":"Jet Line","og_image":[{"width":1001,"height":593,"url":"https:\/\/jetline.pl\/wp-content\/uploads\/2024\/09\/obrazek2.jpg","type":"image\/jpeg"}],"twitter_card":"summary_large_image","twitter_misc":{"Est. reading time":"4 minutes"},"schema":{"@context":"https:\/\/schema.org","@graph":[{"@type":"WebPage","@id":"https:\/\/jetline.pl\/en\/ustawa-krajobrazowa\/uchwala-krajobrazowa-w-warszawie-2\/","url":"https:\/\/jetline.pl\/en\/ustawa-krajobrazowa\/uchwala-krajobrazowa-w-warszawie-2\/","name":"Uchwa\u0142a krajobrazowa w Warszawie - Jet Line","isPartOf":{"@id":"https:\/\/jetline.pl\/en\/#website"},"primaryImageOfPage":{"@id":"https:\/\/jetline.pl\/en\/ustawa-krajobrazowa\/uchwala-krajobrazowa-w-warszawie-2\/#primaryimage"},"image":{"@id":"https:\/\/jetline.pl\/en\/ustawa-krajobrazowa\/uchwala-krajobrazowa-w-warszawie-2\/#primaryimage"},"thumbnailUrl":"https:\/\/jetline.pl\/wp-content\/uploads\/2024\/09\/obrazek2.jpg","datePublished":"2020-01-31T14:04:52+00:00","description":"Porz\u0105dkowanie przestrzeni publicznej jest bardzo wa\u017cne. Nie ma w naszej firmie nikogo, kto twierdzi\u0142by inaczej. Ale czy uchwa\u0142a krajobrazowa robi to dobrze?","breadcrumb":{"@id":"https:\/\/jetline.pl\/en\/ustawa-krajobrazowa\/uchwala-krajobrazowa-w-warszawie-2\/#breadcrumb"},"inLanguage":"en-US","potentialAction":[{"@type":"ReadAction","target":["https:\/\/jetline.pl\/en\/ustawa-krajobrazowa\/uchwala-krajobrazowa-w-warszawie-2\/"]}]},{"@type":"ImageObject","inLanguage":"en-US","@id":"https:\/\/jetline.pl\/en\/ustawa-krajobrazowa\/uchwala-krajobrazowa-w-warszawie-2\/#primaryimage","url":"https:\/\/jetline.pl\/wp-content\/uploads\/2024\/09\/obrazek2.jpg","contentUrl":"https:\/\/jetline.pl\/wp-content\/uploads\/2024\/09\/obrazek2.jpg","width":1001,"height":593},{"@type":"BreadcrumbList","@id":"https:\/\/jetline.pl\/en\/ustawa-krajobrazowa\/uchwala-krajobrazowa-w-warszawie-2\/#breadcrumb","itemListElement":[{"@type":"ListItem","position":1,"name":"Strona g\u0142\u00f3wna","item":"https:\/\/jetline.pl\/en\/"},{"@type":"ListItem","position":2,"name":"Ustawa krajobrazowa","item":"https:\/\/jetline.pl\/en\/ustawa-krajobrazowa\/"},{"@type":"ListItem","position":3,"name":"Uchwa\u0142a krajobrazowa w Warszawie"}]},{"@type":"WebSite","@id":"https:\/\/jetline.pl\/en\/#website","url":"https:\/\/jetline.pl\/en\/","name":"Jet Line","description":"Tworzymy przestrze\u0144 do komunikacji","publisher":{"@id":"https:\/\/jetline.pl\/en\/#organization"},"potentialAction":[{"@type":"SearchAction","target":{"@type":"EntryPoint","urlTemplate":"https:\/\/jetline.pl\/en\/?s={search_term_string}"},"query-input":{"@type":"PropertyValueSpecification","valueRequired":true,"valueName":"search_term_string"}}],"inLanguage":"en-US"},{"@type":"Organization","@id":"https:\/\/jetline.pl\/en\/#organization","name":"Jet Line","url":"https:\/\/jetline.pl\/en\/","logo":{"@type":"ImageObject","inLanguage":"en-US","@id":"https:\/\/jetline.pl\/en\/#\/schema\/logo\/image\/","url":"https:\/\/jetline.pl\/wp-content\/uploads\/2024\/09\/logo_poziom_logo_poziom_czerwone-1.png","contentUrl":"https:\/\/jetline.pl\/wp-content\/uploads\/2024\/09\/logo_poziom_logo_poziom_czerwone-1.png","width":4946,"height":2016,"caption":"Jet Line"},"image":{"@id":"https:\/\/jetline.pl\/en\/#\/schema\/logo\/image\/"}}]}},"_links":{"self":[{"href":"https:\/\/jetline.pl\/en\/wp-json\/wp\/v2\/ustawa\/1753","targetHints":{"allow":["GET"]}}],"collection":[{"href":"https:\/\/jetline.pl\/en\/wp-json\/wp\/v2\/ustawa"}],"about":[{"href":"https:\/\/jetline.pl\/en\/wp-json\/wp\/v2\/types\/ustawa"}],"author":[{"embeddable":true,"href":"https:\/\/jetline.pl\/en\/wp-json\/wp\/v2\/users\/16"}],"wp:featuredmedia":[{"embeddable":true,"href":"https:\/\/jetline.pl\/en\/wp-json\/wp\/v2\/media\/1625"}],"wp:attachment":[{"href":"https:\/\/jetline.pl\/en\/wp-json\/wp\/v2\/media?parent=1753"}],"wp:term":[{"taxonomy":"ustawa_cat","embeddable":true,"href":"https:\/\/jetline.pl\/en\/wp-json\/wp\/v2\/ustawa_cat?post=1753"}],"curies":[{"name":"wp","href":"https:\/\/api.w.org\/{rel}","templated":true}]}}