{"id":1757,"date":"2020-03-04T08:50:42","date_gmt":"2020-03-04T07:50:42","guid":{"rendered":"https:\/\/jetline.presb.pl\/ustawa-krajobrazowa\/ustawa-krajobrazowa-uchwaly-w-najwiekszych-miastach\/"},"modified":"2024-11-25T11:30:53","modified_gmt":"2024-11-25T10:30:53","slug":"ustawa-krajobrazowa-uchwaly-w-najwiekszych-miastach","status":"publish","type":"ustawa","link":"https:\/\/jetline.pl\/en\/ustawa-krajobrazowa\/ustawa-krajobrazowa-uchwaly-w-najwiekszych-miastach\/","title":{"rendered":"Ustawa krajobrazowa. Stan uchwa\u0142 w o\u015bmiu najwi\u0119kszych miastach Polski"},"content":{"rendered":"<p>Ustawa krajobrazowa zosta\u0142a uchwalona w sejmie prawie 5 lat temu. Przedstawiamy, jak wygl\u0105da jej kondycja oraz powstaj\u0105cych na jej podstawie uchwa\u0142 w o\u015bmiu najwi\u0119kszych miastach Polski. Przegl\u0105d stanu uchwa\u0142 krajobrazowych ograniczamy do miast najbardziej interesuj\u0105cych reklamodawc\u00f3w i zarazem wyznaczaj\u0105cych kierunki dzia\u0142ania dla innych, mniejszych miejscowo\u015bci. Poprzednie przegl\u0105dy przedstawiali\u015bmy <a href=\"https:\/\/jetline.pl\/ustawa-krajobrazowa\/08-gmin-w-polsce-ma-uchwale-krajobrazowa-raport-na-dzien-28-lutego-2019-r\" target=\"_blank\" rel=\"noopener noreferrer\">w lutym 2019 r<\/a>. i w <a href=\"https:\/\/jetline.pl\/ustawa-krajobrazowa\/uchwaly-krajobrazowe-w-miastach-g8-po-4-latach-od-uchwalenia-przez-sejm-ustawy-krajobrazowej\" target=\"_blank\" rel=\"noopener noreferrer\">lipcu 2019 r.<\/a><\/p>\n<h4><strong>Ustawa<\/strong><\/h4>\n<p>Od momentu, gdy ustawa krajobrazowa zosta\u0142a uchwalona przez sejm, wiele organizacji i przedsi\u0119biorc\u00f3w zg\u0142asza\u0142o zastrze\u017cenia co do jej zgodno\u015bci z konstytucj\u0105. Te w\u0105tpliwo\u015bci w 2019 r. podzieli\u0142 r\u00f3wnie\u017c Naczelny S\u0105d Administracyjny (NSA). Dlatego skierowa\u0142 do Trybuna\u0142u Konstytucyjnego zapytanie dotycz\u0105ce zgodno\u015bci ustawy z prawem.<\/p>\n<p>Je\u017celi Trybuna\u0142 stwierdzi, \u017ce ustawa krajobrazowa jest niezgodna z konstytucj\u0105, przepis utraci moc prawn\u0105. W\u00f3wczas gminy, w kt\u00f3rych na podstawie uchwalonych kodeks\u00f3w reklamowych zdemontowano no\u015bniki, mog\u0105 by\u0107 nara\u017cone na wyp\u0142at\u0119 odszkodowa\u0144 firmom reklamowym i w\u0142a\u015bcicielom dzia\u0142ek. Po skierowaniu zapytania do Trybuna\u0142u Konstytucyjnego, Wojew\u00f3dzkie S\u0105dy Administracyjne zacz\u0119\u0142y zawiesza\u0107 post\u0119powania do czasu rozstrzygni\u0119cia kwestii zgodno\u015bci ustawy z konstytucj\u0105.<\/p>\n<p>Przypomnijmy, \u017ce\u00a0 od wielu lat trwaj\u0105 prace nad zmian\u0105 ustawy o planowaniu przestrzennym. Nie wiadomo, jaki kszta\u0142t b\u0119dzie mia\u0142a ostatecznie ta ustawa, jednak zapewne zmieni\u0105 si\u0119 zapisy dotycz\u0105ce ochrony krajobrazu.<\/p>\n<h4><strong>\u0141\u00f3d\u017a<\/strong><\/h4>\n<p>Jedn\u0105 z pierwszych w kraju uchwa\u0142 krajobrazowych uchwali\u0142a 16 listopada 2016 r. \u0141\u00f3d\u017a. Podstawowe zapisy \u0142\u00f3dzkiej uchwa\u0142y to:<\/p>\n<ul>\n<li>strefy \u2013 3;<\/li>\n<li>maksymalny format reklamy wolnostoj\u0105cej \u2013 18m<sup>2<\/sup>;<\/li>\n<li>reklama na elewacji podczas remont\u00f3w \u2013 maksymalnie 30% powierzchni, pozosta\u0142\u0105 cz\u0119\u015b\u0107 musi stanowi\u0107 odtworzenie elewacji, reklama mo\u017ce by\u0107 eksponowana nie d\u0142u\u017cej ni\u017c przez 8 miesi\u0119cy;<\/li>\n<li>reklama na elewacji \u2013 tylko w II strefie na \u015bcianach szczytowych, nie wi\u0119cej ni\u017c na 25% elewacji;<\/li>\n<li>szyldy \u2013 liczba i wielko\u015b\u0107 szyld\u00f3w s\u0105 bardzo ograniczone i zmieniaj\u0105 si\u0119 w zale\u017cno\u015bci od strefy, przeznaczenia obiektu, jego wysoko\u015bci, preferowan\u0105 form\u0105 szyld\u00f3w s\u0105 litery przestrzenne;<\/li>\n<li>zakazy \u2013 umieszczanie reklam na banerach, reklam wolnostoj\u0105cych bez sta\u0142ego zamocowania w gruncie, oraz reklamy mobilnej;<\/li>\n<li>reklama cyfrowa \u2013 mocno ograniczona;<\/li>\n<li>murale \u2013 zakazane;<\/li>\n<li>okresy dostosowania \u2013 od 3 do 5 lat w zale\u017cno\u015bci od strefy;<\/li>\n<li>warunki dostosowania \u2013 nieokre\u015blone;<\/li>\n<li>prawa nabyte \u2013 nieuwzgl\u0119dnione;<\/li>\n<li>aktualizacja uchwa\u0142y \u2013 1.<\/li>\n<\/ul>\n<p>Poniewa\u017c uchwa\u0142a wprowadza\u0142a nier\u00f3wne traktowanie podmiot\u00f3w, w wielu kwestiach przekracza\u0142a upowa\u017cnienie ustawowe i zawiera\u0142a inne b\u0142\u0119dy, 11 sierpnia 2017 r. Wojew\u00f3dzki S\u0105d Administracyjny (WSA) w \u0141odzi stwierdzi\u0142 niewa\u017cno\u015b\u0107 uchwa\u0142y w ca\u0142o\u015bci. W\u015br\u00f3d wielu zarzut\u00f3w, najistotniejszym merytorycznie jest ten, \u017ce uchwa\u0142a krajobrazowa \u0141odzi nie wskazuje warunk\u00f3w dostosowania istniej\u0105cych tablic i urz\u0105dze\u0144 reklamowych do zapis\u00f3w uchwa\u0142y oraz, \u017ce na nowo reguluje kwestie uregulowane w ustawie o drogach publicznych.<\/p>\n<p>W po\u0142owie pa\u017adziernika 2017 r. \u0141\u00f3d\u017a z\u0142o\u017cy\u0142a skarg\u0105 kasacyjn\u0105 do Naczelnego S\u0105du Administracyjnego (NSA). Po dw\u00f3ch latach oczekiwania, w pa\u017adzierniku 2019\u00a0 NSA rozpatrzy\u0142 skarg\u0119 i odes\u0142a\u0142 spraw\u0119 do ponownego rozpatrzenia w WSA. Nast\u0119pnie w styczniu br. WSA zawiesi\u0142 rozpatrzenie sprawy do czasu rozpatrzenia przez Trybuna\u0142 Konstytucyjny zgodno\u015bci ustawy z\u00a0 konstytucj\u0105.<\/p>\n<p>Mimo zako\u0144czenia okresu dostosowania, miasto nie nak\u0142ada jednak kar na w\u0142a\u015bcicieli baner\u00f3w (w ca\u0142ym mie\u015bcie) i reklam (w I strefie).<\/p>\n<h5>\u0141\u00f3d\u017a - nowy kodeks<\/h5>\n<p>W lutym 2018 r. \u0141\u00f3d\u017a og\u0142osi\u0142a, \u017ce przyst\u0119puje do prac nad nowym kodeksem reklamowym. 7 marca 2018 r. radni uchwalili uchwa\u0142\u0119 intencyjn\u0105. Obecnie obowi\u0105zuj\u0105ca uchwa\u0142a ma zosta\u0107 uchylona, zast\u0105pi j\u0105 nowe prawo dotycz\u0105ce reklam. Na razie trwaj\u0105 prace projektowe. Jednym z element\u00f3w, kt\u00f3ry ma pozwoli\u0107 zespo\u0142owi zapozna\u0107 si\u0119 z tematem, jest ankieta \u2013 ta sama, na podstawie kt\u00f3rej powsta\u0142a poprzednia uchwa\u0142a. Na tendencyjne pytania ankiety zwracali\u015bmy ju\u017c uwag\u0119 wcze\u015bniej. W maju 2019 r. odby\u0142y si\u0119 konsultacje dotycz\u0105ce za\u0142o\u017ce\u0144 nowego projektu. Projekt ma zosta\u0107 pokazany publicznie dopiero na etapie wy\u0142o\u017cenia, termin wy\u0142o\u017cenia za\u015b nie jest znany.<\/p>\n<p>Urz\u0105d miasta udost\u0119pni\u0142 stron\u0119, na kt\u00f3rej w przejrzysty spos\u00f3b mo\u017cna zapozna\u0107 si\u0119 z aktualn\u0105 uchwa\u0142\u0105 krajobrazow\u0105:<br \/>\n<a href=\"https:\/\/uml.lodz.pl\/dla-biznesu\/kodeks-reklamowy\/\" target=\"_blank\" rel=\"noopener noreferrer\">https:\/\/uml.lodz.pl\/dla-biznesu\/kodeks-reklamowy\/<\/a><\/p>\n<p>Tekst uchwa\u0142y znajduje si\u0119 pod adresem:<br \/>\n<a href=\"https:\/\/bip.uml.lodz.pl\/files\/bip\/public\/user_upload\/uchwalal_-30112017104058.pdf\" target=\"_blank\" rel=\"noopener noreferrer\">https:\/\/bip.uml.lodz.pl\/files\/bip\/public\/user_upload\/uchwalal_-30112017104058.pdf<\/a><\/p>\n<p>&nbsp;<\/p>\n<h4><strong>Gda\u0144sk<\/strong><\/h4>\n<p>Gda\u0144sk uchwali\u0142 sw\u00f3j kodeks reklamowy na sesji Rady Miasta 22 lutego 2018 r.<br \/>\nPodstawowe zapisy uchwa\u0142y:<\/p>\n<ul>\n<li>strefy \u2013 8;<\/li>\n<li>maksymalny format reklamy wolnostoj\u0105cej \u2013 18m<sup>2<\/sup>;<\/li>\n<li>reklama na elewacji podczas remont\u00f3w \u2013 jest dopuszczona tylko w niekt\u00f3rych strefach, mo\u017ce stanowi\u0107 od 30% do 100% powierzchni w zale\u017cno\u015bci od rodzaju budynku, reklama mo\u017ce by\u0107 eksponowana maksymalnie przez 12 miesi\u0119cy, raz na 5 lat;<\/li>\n<li>reklama na elewacji poza szyldami jest praktycznie zakazana;<\/li>\n<li>szyldy \u2013 liczba i wielko\u015b\u0107 szyld\u00f3w s\u0105 bardzo ograniczone i zmieniaj\u0105 si\u0119 w zale\u017cno\u015bci od strefy, przeznaczenia obiektu, jego wysoko\u015bci; preferowan\u0105 form\u0105 szyld\u00f3w s\u0105 litery przestrzenne;<\/li>\n<li>zakazy \u2013 umieszczanie reklam na banerach i siatkach reklamowych poza remontami;<\/li>\n<li>reklama cyfrowa \u2013 mocno ograniczona poza nale\u017c\u0105cymi do miasta \u201eterenami o funkcji widowiskowo-sportowej, kt\u00f3rej charakter wymaga niekonwencjonalnych form promocji\u201d;<\/li>\n<li>murale \u2013 dopuszczone w niekt\u00f3rych strefach;<\/li>\n<li>okresy dostosowania \u2013 2 lata;<\/li>\n<li>warunki dostosowania \u2013 cz\u0119\u015bciowo okre\u015blone;<\/li>\n<li>prawa nabyte \u2013 nieuwzgl\u0119dnione.<\/li>\n<\/ul>\n<p>30 marca 2018 r. Wojewoda Pomorski wyda\u0142 rozstrzygni\u0119cie nadzorcze i uchyli\u0142 zapisy dotycz\u0105ce reklamy wyborczej, odleg\u0142o\u015bci reklam od niekt\u00f3rych element\u00f3w infrastruktury oraz okre\u015blania sposobu utrzymania tablic i urz\u0105dze\u0144 reklamowych. Uzna\u0142 te regulacje za przekraczaj\u0105ce upowa\u017cnienie ustawowe. Miasto odwo\u0142a\u0142o si\u0119 od decyzji wojewody do Wojew\u00f3dzkiego S\u0105du Administracyjnego, powo\u0142uj\u0105c si\u0119 na b\u0142\u0119dy w uzasadnieniu decyzji.<\/p>\n<p>14 sierpnia br. WSA w Gda\u0144sku uchyli\u0142 w ca\u0142o\u015bci rozstrzygni\u0119cie nadzorcze Wojewody Pomorskiego. Wojewoda nie z\u0142o\u017cy\u0142 skargi kasacyjnej do NSA. Do WSA w Gda\u0144sku wp\u0142yn\u0119\u0142o 19 skarg na uchwa\u0142\u0119 krajobrazow\u0105. Pochodzi\u0142y zar\u00f3wno od mieszka\u0144c\u00f3w, jak i przedsi\u0119biorc\u00f3w dzia\u0142aj\u0105cych w Gda\u0144sku. S\u0105d oddali\u0142 wszystkie skargi i o dalszym ich losie rozstrzygnie teraz NSA.<\/p>\n<h5>Informacja i edukacja w Gda\u0144sku<\/h5>\n<p>Uchwa\u0142a gda\u0144ska jest obszerna (53 strony) i zapisana w skomplikowany spos\u00f3b. Jej zrozumienie przez przedsi\u0119biorc\u0119 cz\u0119sto b\u0119dzie wymaga\u0142o konsultacji prawnych.Niestety, przez prawie dwa lata miasto nie prowadzi\u0142o \u017cadnej akcji informacyjno-edukacyjnej.\u00a0 Dopiero oko\u0142o 2 miesi\u0105ce temu Gda\u0144sk uruchomi\u0142 stron\u0119 <a href=\"http:\/\/www.uchwalakrajobrazowagdanska.pl\/\">http:\/\/www.uchwalakrajobrazowagdanska.pl\/<\/a> Na s\u0142owa uznania zas\u0142uguje niew\u0105tpliwie poradnik \"Szyld gda\u0144ski\" umieszczony na tej stronie.<\/p>\n<p>Od kilku tygodni miasto rozsy\u0142a pisma do przedsi\u0119biorc\u00f3w, kt\u00f3rzy wykonali identyfikacj\u0119 sklep\u00f3w i biur ju\u017c \u00a0po wej\u015bciu w \u017cycie uchwa\u0142y. W pismach wzywa do natychmiastowego dostosowania i ostrzega o karze 112,8 PLN dziennie za ka\u017cdy metr kwadratowy szyldu czy reklamy. W\u0142a\u015bciwie nie wiadomo, dlaczego miasto nie egzekwuje ustanowionego przez siebie prawa.<\/p>\n<p>Z uchwa\u0142\u0105 mo\u017cna zapozna\u0107 si\u0119 na stronach BIP: <a href=\"https:\/\/bip.gdansk.pl\/subpages\/akty_prawne\/pliki\/2018\/URM_2018_7_1465.PDF\">https:\/\/bip.gdansk.pl\/subpages\/akty_prawne\/pliki\/2018\/URM_2018_7_1465.PDF<\/a> \u00a0lub na stronie Gda\u0144skiego Zarz\u0105du Dr\u00f3g i Zieleni.<\/p>\n<p>Czas na dostosowanie reklam (powsta\u0142e przed wej\u015bciem\u00a0 w \u017cycie uchwa\u0142y) do zapis\u00f3w okre\u015blonych w uchwale, minie 2 kwietnia 2020 r. W okresie dostosowania miasto nie udziela\u0142o \u017cadnych zg\u00f3d na dostosowanie. Prawie wszystkie reklamy w mie\u015bcie nie spe\u0142niaj\u0105 zapis\u00f3w uchwa\u0142y i powinny zosta\u0107 zdemontowane.<\/p>\n<p>\u0141\u00f3d\u017a i Gda\u0144sk s\u0105 jedynymi du\u017cymi miastami, w kt\u00f3rych obowi\u0105zuj\u0105 uchwa\u0142y krajobrazowe. Wszystkie nowe inwestycje musz\u0105 by\u0107 zgodne z zapisami zawartymi w tych aktach prawnych. Okres dostosowania dotyczy jedynie tych lokalizacji, kt\u00f3re istnia\u0142y w momencie wej\u015bcia uchwa\u0142y w \u017cycie. Do \u0141odzi i Gda\u0144ska wkr\u00f3tce mo\u017ce do\u0142\u0105czy\u0107 Krak\u00f3w.<\/p>\n<h4><strong>Krak\u00f3w<\/strong><\/h4>\n<p>26 lutego 2020 r. \u00a0Rada Miasta Krakowa zdecydowan\u0105 wi\u0119kszo\u015bci\u0105 g\u0142os\u00f3w przyj\u0119\u0142a uchwa\u0142\u0119 krajobrazow\u0105. Po publikacji w Dzienniku Urz\u0119dowym rozpocznie si\u0119 okres <em>vacatio legis<\/em>, uchwa\u0142a ma zacz\u0105\u0107 obowi\u0105zywa\u0107 1 lipca 2020 r. W terminie 30 dni od otrzymania uchwa\u0142y, Wojewoda mo\u017ce wnie\u015b\u0107 rozstrzygni\u0119cie nadzorcze.<\/p>\n<p>Prace nad uchwa\u0142\u0105 w Krakowie rozpocz\u0119\u0142y si\u0119 w pa\u017adzierniku 2015 roku. Przez ten czas wy\u0142o\u017cono 3 projekty. G\u0142\u00f3wne regulacje wygl\u0105daj\u0105 nast\u0119puj\u0105co:<\/p>\n<ul>\n<li>strefy \u2013 5; dodatkowo uchwa\u0142a okre\u015bla inne warunki dla ci\u0105g\u00f3w komunikacyjnych i teren\u00f3w sklep\u00f3w wielkopowierzchniowych i stacji benzynowych;<\/li>\n<li>maksymalny format reklamy wolnostoj\u0105cej \u2013 18m<sup>2<\/sup>;<\/li>\n<li>reklama na elewacji podczas remont\u00f3w \u2013 jest dopuszczona tylko w niekt\u00f3rych strefach , mo\u017ce stanowi\u0107 do 50% powierzchni dekoracji, reklama mo\u017ce by\u0107 eksponowana maksymalnie przez 12 miesi\u0119cy raz na 7 lat;<\/li>\n<li>szyldy \u2013 liczba i wielko\u015b\u0107 szyld\u00f3w s\u0105 bardzo ograniczone i zmieniaj\u0105 si\u0119 w zale\u017cno\u015bci od strefy, wysoko\u015bci i przeznaczenia obiektu, miejsca umieszczenia, preferowan\u0105 form\u0105 szyld\u00f3w s\u0105 litery przestrzenne;<\/li>\n<li>reklama cyfrowa \u2013 praktycznie zakazana, za wyj\u0105tkiem niekt\u00f3rych ma\u0142ych form i ekranu o powierzchni ponad 5 tys. m<sup>2<\/sup> zamontowanego na Tauron Arena w Krakowie, gdzie reklama jest mo\u017cliwa w czasie imprez;<\/li>\n<li>murale \u2013 zakaz;<\/li>\n<li>okresy dostosowania \u2013 2 lata;<\/li>\n<li>warunki dostosowania \u2013 cz\u0119\u015bciowo okre\u015blone;<\/li>\n<li>prawa nabyte \u2013 nieuwzgl\u0119dnione.<\/li>\n<\/ul>\n<p>Po wy\u0142o\u017ceniu projektu do Biura Planowania Przestrzennego wp\u0142yn\u0119\u0142o kilkaset uwag. Niewiele z nich zosta\u0142o uwzgl\u0119dnionych. Dokument opisuj\u0105cy spos\u00f3b ich rozpatrzenia liczy 234 strony.\u00a0Wszystkie dokumenty znajduj\u0105 si\u0119 na stronie BIP: <a href=\"https:\/\/www.bip.krakow.pl\/?dok_id=71173&amp;metka=1&amp;vReg=1#uchwalanie\" target=\"_blank\" rel=\"noopener noreferrer\">https:\/\/www.bip.krakow.pl\/?dok_id=71173&amp;metka=1&amp;vReg=1#uchwalanie<\/a><\/p>\n<p>Strony o projekcie, kt\u00f3ra by\u0142aby czytelna dla mieszka\u0144c\u00f3w i przedsi\u0119biorc\u00f3w, nie ma.<\/p>\n<h4><strong>Warszawa<\/strong><\/h4>\n<p>Uchwa\u0142a warszawska zosta\u0142a przeg\u0142osowana 16 stycznia 2020 r.\u00a0 25 lutego Wojewoda Mazowiecki opublikowa\u0142 rozstrzygni\u0119cie nadzorcze i stwierdzi\u0142 niewa\u017cno\u015b\u0107 ca\u0142ej uchwa\u0142y. Powodem takiej decyzji jest niezgodno\u015b\u0107 uchwa\u0142y z prawem. Wojewoda zwr\u00f3ci\u0142 uwag\u0119 na:<\/p>\n<ul>\n<li>naruszenia proceduralne \u2013 uchwalono uchwa\u0142\u0119 inna ni\u017c ta, kt\u00f3r\u0105 przedstawiono mieszka\u0144com i przedsi\u0119biorcom na etapie wy\u0142o\u017cenia,<\/li>\n<li>przekroczenie zakresu upowa\u017cnienia ustawowego \u2013 uchwa\u0142a mo\u017ce regulowa\u0107 tylko te elementy, na kt\u00f3re pozwala ustawa; tymczasem dokument w kilkudziesi\u0119ciu miejscach narusza prawo.<\/li>\n<\/ul>\n<p>Pami\u0119tajmy, \u017ce rozstrzygniecie nadzorcze nie odnosi si\u0119 do kwestii konieczno\u015bci uporz\u0105dkowania przestrzeni publicznej, a do kwestii zgodno\u015bci uchwa\u0142y z obowi\u0105zuj\u0105cym prawem. Mo\u017cna si\u0119 z nim zapozna\u0107 pod adresem: <a href=\"https:\/\/edziennik.mazowieckie.pl\/WDU_W\/2020\/2529\/akt.pdf\" target=\"_blank\" rel=\"noopener noreferrer\">https:\/\/edziennik.mazowieckie.pl\/WDU_W\/2020\/2529\/akt.pdf<\/a><\/p>\n<p>Do 25 marca miasto mo\u017ce odwo\u0142a\u0107 si\u0119 od rozstrzygni\u0119cia nadzorczego do WSA. Je\u017celi tak si\u0119 stanie, zapewne w ci\u0105gu kilku miesi\u0119cy zostanie wyznaczony termin rozprawy. Uchylenie rozstrzygni\u0119cia b\u0119dzie wi\u0105za\u0142o si\u0119 z przywr\u00f3ceniem uchwa\u0142y wraz ze wszystkimi terminami w niej okre\u015blonymi. Je\u017celi s\u0105d przyzna racj\u0119 Wojewodzie, miasto mo\u017ce odwo\u0142a\u0107 si\u0119 do NSA. Mo\u017cliwy jest r\u00f3wnie\u017c scenariusz zawieszenia przez WSA sprawy do czasu decyzji Trybuna\u0142u Konstytucyjnego (bada, czy ustawa krajobrazowa jest zgodna z Konstytucj\u0105).<\/p>\n<p>Dodajmy, \u017ce spraw\u0105 uchwa\u0142y zajmuje si\u0119 UOKiK (Urz\u0105d Ochrony Konkurencji i Konsumenta).\u00a0 <a href=\"https:\/\/www.uokik.gov.pl\/aktualnosci.php?news_id=16204\" target=\"_blank\" rel=\"noopener noreferrer\">https:\/\/www.uokik.gov.pl\/aktualnosci.php?news_id=16204<\/a><\/p>\n<p>Sprawa uchwa\u0142y warszawskiej nie jest wi\u0119c definitywnie rozstrzygni\u0119ta, przedstawiamy podstawowe zapisy projektu:<\/p>\n<ul>\n<li>strefy \u2013 3, dodatkowo uchwa\u0142a wyodr\u0119bnia ci\u0105gi komunikacyjne;<\/li>\n<li>maksymalny format reklamy wolnostoj\u0105cej \u2013 18m<sup>2<\/sup>;<\/li>\n<li>reklama na elewacji podczas remont\u00f3w \u2013 mo\u017ce by\u0107 eksponowana maksymalnie przez 9 miesi\u0119cy, raz na 5 lat;<\/li>\n<li>reklama na elewacji \u2013 tylko na elewacjach bez okien (z zastrze\u017ceniami);<\/li>\n<li>szyldy \u2013 liczba i wielko\u015b\u0107 szyld\u00f3w s\u0105 ograniczone, preferowan\u0105 form\u0105 szyld\u00f3w s\u0105 litery przestrzenne;<\/li>\n<li>zakazy \u2013 umieszczanie reklam na oknach, dachach budynk\u00f3w, przed budynkami publicznymi, w bliskiej odleg\u0142o\u015bci od siebie, na terenach ochrony konserwatorskiej i przyrodniczej i wiele innych;<\/li>\n<li>reklama cyfrowa \u2013 dopuszczona tylko na formacie citylight i du\u017cym stopniu ograniczona mo\u017cliwo\u015bciami technicznymi;<\/li>\n<li>okres dostosowania \u2013 2 lata;<\/li>\n<li>warunki dostosowania \u2013 praktycznie nieokre\u015blone;<\/li>\n<li>prawa nabyte \u2013 nieuwzgl\u0119dnione.<\/li>\n<\/ul>\n<p>Ca\u0142y projekt jest dost\u0119pny pod adresem: <a href=\"https:\/\/edziennik.mazowieckie.pl\/WDU_W\/2020\/1373\/akt.pdf\" target=\"_blank\" rel=\"noopener noreferrer\">https:\/\/edziennik.mazowieckie.pl\/WDU_W\/2020\/1373\/akt.pdf<\/a><br \/>\nPo ponad 3 latach pracy nad uchwa\u0142\u0105, miasto nie prezentuje nawet strony internetowej, informuj\u0105cej o projekcie i zasadach, jakie planuje wprowadzi\u0107 w mie\u015bcie.<\/p>\n<h4><strong>Szczecin<\/strong><\/h4>\n<p>Przed przyst\u0105pieniem do prac nad uchwa\u0142\u0105 w Szczecinie przeprowadzono szczeg\u00f3\u0142ow\u0105 inwentaryzacj\u0119. Pokaza\u0142a ona, \u017ce jedynie 19% reklam w mie\u015bcie jest ustawionych legalnie. Jako jedyne miasto w G8 Szczecin skonstruowa\u0142 sw\u00f3j kodeks na bazie istniej\u0105cych plan\u00f3w miejscowych (pozosta\u0142e miasta wprowadzaj\u0105c uchwa\u0142y reklamowe zmieni\u0105 miejscowe plany zagospodarowania przestrzennego).<\/p>\n<p>Taka konstrukcja dzieli miasta na tyle stref, ile zosta\u0142o uchwalonych plan\u00f3w miejscowych plus 1 \u2013 dla strefy, w kt\u00f3rej brak planu miejscowego. Z jednej strony jest to najbardziej skomplikowany i najobszerniejszy projekt uchwa\u0142y (gdyby wydrukowa\u0107 ca\u0142o\u015b\u0107 otrzymaliby\u015bmy ponad 1000 stron). Jednak je\u017celi wybierzemy konkretn\u0105 lokalizacj\u0119, uchwa\u0142a dla tego miejsca b\u0119dzie bardzo czytelna i skondensowana. Podstawowe zapisy projektu uchwa\u0142y w miejscach, w kt\u00f3rych nie ma plan\u00f3w miejscowych przewiduj\u0105:<\/p>\n<ul>\n<li>maksymalny format reklamy wolnostoj\u0105cej \u2013 48m<sup>2 <\/sup><\/li>\n<li>reklama na elewacji podczas remont\u00f3w \u2013 jest dopuszczona na ca\u0142ej powierzchni rusztowania przez okres 3 miesi\u0119cy raz na 5 lat;<\/li>\n<li>reklama na elewacji \u2013 do 10% powierzchni elewacji (z zastrze\u017ceniami);<\/li>\n<li>szyldy \u2013 na jedn\u0105 dzia\u0142alno\u015b\u0107 gospodarcz\u0105 przys\u0142uguje 1 szyld o powierzchni 0,3 m2<\/li>\n<li>zakazy \u2013 umieszczanie reklam na ogrodzeniach, terenach zielonych, urz\u0105dzeniach bezpiecze\u0144stwa ruchu drogowego, obszarach wodnych, reklam na przystankach przekraczaj\u0105cych 30% powierzchni wiaty;<\/li>\n<li>reklama cyfrowa \u2013 dopuszczona, z wyj\u0105tkiem reklam o niskiej rozdzielczo\u015bci;<\/li>\n<li>murale \u2013 traktowane jak reklama na elewacji;<\/li>\n<li>okresy dostosowania \u2013 2 lata;<\/li>\n<li>warunki dostosowania \u2013 cz\u0119\u015bciowo okre\u015blone;<\/li>\n<li>prawa nabyte \u2013uwzgl\u0119dnione.<\/li>\n<\/ul>\n<p>Termin wy\u0142o\u017cenia i zg\u0142aszania uwag do projektu min\u0105\u0142 w marcu 2017 r. Zesp\u00f3\u0142 projektowy zako\u0144czy\u0142 prace i przekaza\u0142 gotowy dokument do Rady Miasta, kt\u00f3ra nie poda\u0142a jeszcze do publicznej wiadomo\u015bci decyzji o g\u0142osowaniu nad projektem uchwa\u0142y. Projekt szczeci\u0144skiej uchwa\u0142y jest najd\u0142u\u017cej zamro\u017conym dokumentem spo\u015br\u00f3d kodeks\u00f3w reklamowych.<\/p>\n<p>Z projektem mo\u017cna zapozna\u0107 si\u0119 pod adresem: <a href=\"http:\/\/krajobraz.szczecin.pl\/chapter_139000.asp\" target=\"_blank\" rel=\"noopener noreferrer\">http:\/\/krajobraz.szczecin.pl\/chapter_139000.asp<\/a><\/p>\n<h4><strong>Pozna\u0144<\/strong><\/h4>\n<p>Uchwa\u0142\u0119 intencyjn\u0105 podpisa\u0142 najp\u00f3\u017aniej ze wszystkich miast G8: w marcu 2017 r., jednak prace nad projektem trwa\u0142y od pocz\u0105tku 2017 r. Dosy\u0107 d\u0142ugo miasto przedstawia\u0142o jedynie za\u0142o\u017cenia projektowe, od maja 2019 r. mo\u017cna zapozna\u0107 si\u0119 z projektem uchwa\u0142y.<\/p>\n<p>W por\u00f3wnaniu z uchwa\u0142ami innych miast pozna\u0144ski dokument jest napisany w spos\u00f3b prosty i jego zrozumienie nie nastr\u0119czy wi\u0119kszych problem\u00f3w. W skr\u00f3cie zapisy uchwa\u0142y przedstawiaj\u0105 si\u0119 nast\u0119puj\u0105co:<\/p>\n<ul>\n<li>strefy \u2013 s\u0105 cztery: staromiejska, centrum i historyczne dzielnice, zurbanizowana, przyrodnicza<\/li>\n<li>maksymalny format reklamy wolnostoj\u0105cej \u2013 18m<sup>2<\/sup>;<\/li>\n<li>reklama na elewacji podczas remont\u00f3w \u2013 mo\u017ce by\u0107 eksponowana maksymalnie na 30% elewacji przez 1 rok, ponownie mo\u017cna j\u0105 umie\u015bci\u0107 po up\u0142ywie 5 lat;<\/li>\n<li>reklama na elewacji \u2013 tylko niewielkie formy;<\/li>\n<li>szyldy \u2013 maksymalnie 2 szt., wielko\u015b\u0107 zale\u017cy od typu no\u015bnika i strefy;<\/li>\n<li>reklama cyfrowa \u2013 dopuszczona na formacie citylight oraz na formacie 9m<sup>2<\/sup>;<\/li>\n<li>murale \u2013 od 5% do 50% powierzchni elewacji w zale\u017cno\u015bci od strefy;<\/li>\n<li>okresy dostosowania \u2013 od 1 roku dla centrum do 3 lat;<\/li>\n<li>warunki dostosowania \u2013 okre\u015blono cz\u0119\u015bciowo wy\u0142\u0105czaj\u0105c z nich wiaty przystankowe;<\/li>\n<li>prawa nabyte \u2013 nie s\u0105 uwzgl\u0119dnione.<\/li>\n<\/ul>\n<h4>OOH w zarz\u0105dzie miasta<\/h4>\n<p>W 2018 roku Pozna\u0144\u00a0 przekaza\u0142 s\u0142upy reklamowe pod zarz\u0105d sp\u00f3\u0142ki miejskiej, Mi\u0119dzynarodowych Targ\u00f3w Pozna\u0144skich (MTP). Do lipca 2019 miasto przekaza\u0142o MTP wszystkie wiaty przystankowe. Oznacza to, \u017ce Pozna\u0144 jest w\u0142a\u015bcicielem firmy outdoorowej, kt\u00f3ra zarz\u0105dza jednymi z najciekawszych lokalizacji w mie\u015bcie. Teraz miasto tworzy uchwa\u0142\u0119 krajobrazow\u0105, kt\u00f3ra b\u0119dzie regulowa\u0107 dzia\u0142ania tej sp\u00f3\u0142ki i jej konkurent\u00f3w.<\/p>\n<p>W Poznaniu odby\u0142y si\u0119 spotkania konsultacyjne. Uwagi do projektu by\u0142y zbierane do 30 czerwca 2019 r. Za\u015b 12 lutego br. z projektem zapozna\u0142a si\u0119 Komisja Polityki Przestrzennej i Rewitalizacji. Wy\u0142o\u017cenie uchwa\u0142y jest mo\u017cliwe w czerwcu br., a g\u0142osowanie na Radzie Miasta we wrze\u015bniu.<\/p>\n<p>Wydzia\u0142 Urbanistyki i Architektury od dawna udost\u0119pnia stron\u0119 ze informacjami o uchwale: <a href=\"http:\/\/www.poznan.pl\/krajobrazowa\/\" target=\"_blank\" rel=\"noopener noreferrer\">http:\/\/www.poznan.pl\/krajobrazowa\/<\/a><br \/>\nOd lutego 2018 r. Pozna\u0144 posiada Park Kulturowy, kt\u00f3ry obejmuje g\u0142\u00f3wnie obszar Starego Miasta: <a href=\"https:\/\/www.poznan.pl\/mim\/main\/-,p,39836.html\" target=\"_blank\" rel=\"noopener noreferrer\">https:\/\/www.poznan.pl\/mim\/main\/-,p,39836.html<\/a><\/p>\n<h4><strong>Wroc\u0142aw<\/strong><\/h4>\n<p>Wroc\u0142aw nie spieszy si\u0119 z wprowadzeniem uchwa\u0142y krajobrazowej, zapewne dlatego, \u017ce w roku 2014, zanim jeszcze powsta\u0142a uchwa\u0142a krajobrazowa, powo\u0142ano we Wroc\u0142awiu park kulturowy, kt\u00f3ry uporz\u0105dkowa\u0142 historyczne centrum miasta. Osoby przygotowuj\u0105ce projekt stoj\u0105 na stanowisku, \u017ce kodeks krajobrazowy jest powa\u017cn\u0105 regulacj\u0105 i nie nale\u017cy si\u0119 z ni\u0105 spieszy\u0107, poniewa\u017c musi to by\u0107 dokument rzetelny i zgodny z prawem. Pierwsze spotkanie konsultacyjne (i jak na razie jedyne), odby\u0142o si\u0119 we wrze\u015bniu 2017 r. Wydzia\u0142 Architektury i Budownictwa przygotowa\u0142 projekt uchwa\u0142y reklamowej. Projekt b\u0119dzie pokazany publicznie dopiero na etapie wy\u0142o\u017cenia. Termin nie jest znany. W 2017 roku podano informacj\u0119, \u017ce miasto planuje wprowadzi\u0107 op\u0142at\u0119 reklamow\u0105.<\/p>\n<p>Informacje o konsultacjach spo\u0142ecznych z 2017 r. znajduj\u0105 pod adresem: <a href=\"https:\/\/www.wroclaw.pl\/rozmawia\/lad-miedzy-budynkami-dwa-etapy-konsultacji-za-nami\" target=\"_blank\" rel=\"noopener noreferrer\">https:\/\/www.wroclaw.pl\/rozmawia\/lad-miedzy-budynkami-dwa-etapy-konsultacji-za-nami<\/a><\/p>\n<p>Ze zrealizowanym projektem Parku Kulturowego mo\u017cna zapozna\u0107 si\u0119 pod adresem: <a href=\"https:\/\/www.wroclaw.pl\/park-kulturowy-wroclaw\" target=\"_blank\" rel=\"noopener noreferrer\">https:\/\/www.wroclaw.pl\/park-kulturowy-wroclaw<\/a><\/p>\n<h4><strong>Katowice<\/strong><\/h4>\n<p>W Katowicach zaproponowano nieco odmienne podej\u015bcie do tematu i rozpisano przetarg na wykonanie inwentaryzacji wybranych miejsc i obszar\u00f3w miasta, okre\u015blenie podzia\u0142u miasta na strefy oraz przygotowanie wst\u0119pnych za\u0142o\u017ce\u0144 dla zasad i warunk\u00f3w na potrzeby opracowania projektu uchwa\u0142y. Przetarg wygra\u0142a firma PwC Polska Sp. z o.o., kt\u00f3ra po wykonaniu pracy przedstawi\u0142a wnioski na spotkaniu ze wszystkimi zainteresowanymi stronami. Spotkanie odby\u0142o si\u0119\u00a0 we wrze\u015bniu 2017 r. , ale przedstawione na nim wnioski by\u0142y ma\u0142o precyzyjne i wykaza\u0142y niewielk\u0105 znajomo\u015b\u0107 tematu przez PwC.<\/p>\n<p>30 pa\u017adziernika 2017 r. odby\u0142o si\u0119 ostatnie spotkanie konsultacyjne. Pod koniec 2017 r. miasto opublikowa\u0142o wyniki konsultacji spo\u0142ecznych oraz stanowisko Prezydenta Miasta Katowice wobec zg\u0142oszonych wniosk\u00f3w.<\/p>\n<p>Wydzia\u0142 Budownictwa i Planowania Przestrzennego przygotowa\u0142 projekt uchwa\u0142y, kt\u00f3ry czeka na dalsze konsultacje. O dalszym losie projektu zadecyduj\u0105 zapewne zmiany ustawowe i wnioski z wprowadzania zapis\u00f3w uchwa\u0142 krajobrazowych w innych miastach. Dodajmy, \u017ce Katowice maj\u0105 wiele zapis\u00f3w w planach miejscowych odnosz\u0105cych si\u0119 do reklam.<\/p>\n<p>Miasto udost\u0119pni\u0142o stron\u0119 o kodeksie reklamowym. Ostatni wpis jest z pa\u017adziernika 2017 (na dzie\u0144 publikacji tekstu):<\/p>\n<p><a href=\"https:\/\/www.katowice.eu\/Konsultacje\/Strony\/uchwa%C5%82a-krajobrazowa.aspx\" target=\"_blank\" rel=\"noopener noreferrer\">https:\/\/www.katowice.eu\/Konsultacje\/Strony\/uchwa%C5%82a-krajobrazowa.aspx<\/a><\/p>\n<p>&nbsp;<\/p>\n<p>&nbsp;<\/p>\n","protected":false},"author":16,"featured_media":1633,"template":"","ustawa_cat":[567],"class_list":["post-1757","ustawa","type-ustawa","status-publish","has-post-thumbnail","hentry","ustawa_cat-przeglady-sytuacji"],"acf":[],"yoast_head":"<!-- This site is optimized with the Yoast SEO plugin v27.5 - https:\/\/yoast.com\/product\/yoast-seo-wordpress\/ -->\n<title>Ustawa krajobrazowa. Stan uchwa\u0142 w o\u015bmiu najwi\u0119kszych miastach Polski - Jet Line<\/title>\n<meta name=\"description\" content=\"Ustawa krajobrazowa zosta\u0142a uchwalona w sejmie prawie 5 lat temu. Przedstawiamy, jak wygl\u0105da jej kondycja oraz powstaj\u0105cych na jej podstawie uchwa\u0142.\" \/>\n<meta name=\"robots\" content=\"index, follow, max-snippet:-1, max-image-preview:large, max-video-preview:-1\" \/>\n<link rel=\"canonical\" href=\"https:\/\/jetline.pl\/en\/ustawa-krajobrazowa\/ustawa-krajobrazowa-uchwaly-w-najwiekszych-miastach\/\" \/>\n<meta property=\"og:locale\" content=\"en_US\" \/>\n<meta property=\"og:type\" content=\"article\" \/>\n<meta property=\"og:title\" content=\"Ustawa krajobrazowa. Stan uchwa\u0142 w o\u015bmiu najwi\u0119kszych miastach Polski - Jet Line\" \/>\n<meta property=\"og:description\" content=\"Ustawa krajobrazowa zosta\u0142a uchwalona w sejmie prawie 5 lat temu. Przedstawiamy, jak wygl\u0105da jej kondycja oraz powstaj\u0105cych na jej podstawie uchwa\u0142.\" \/>\n<meta property=\"og:url\" content=\"https:\/\/jetline.pl\/en\/ustawa-krajobrazowa\/ustawa-krajobrazowa-uchwaly-w-najwiekszych-miastach\/\" \/>\n<meta property=\"og:site_name\" content=\"Jet Line\" \/>\n<meta property=\"article:modified_time\" content=\"2024-11-25T10:30:53+00:00\" \/>\n<meta property=\"og:image\" content=\"https:\/\/jetline.pl\/wp-content\/uploads\/2024\/09\/G8-marzec-2020.jpg\" \/>\n\t<meta property=\"og:image:width\" content=\"902\" \/>\n\t<meta property=\"og:image:height\" content=\"733\" \/>\n\t<meta property=\"og:image:type\" content=\"image\/jpeg\" \/>\n<meta name=\"twitter:card\" content=\"summary_large_image\" \/>\n<meta name=\"twitter:label1\" content=\"Est. reading time\" \/>\n\t<meta name=\"twitter:data1\" content=\"15 minutes\" \/>\n<script type=\"application\/ld+json\" class=\"yoast-schema-graph\">{\"@context\":\"https:\\\/\\\/schema.org\",\"@graph\":[{\"@type\":\"WebPage\",\"@id\":\"https:\\\/\\\/jetline.pl\\\/en\\\/ustawa-krajobrazowa\\\/ustawa-krajobrazowa-uchwaly-w-najwiekszych-miastach\\\/\",\"url\":\"https:\\\/\\\/jetline.pl\\\/en\\\/ustawa-krajobrazowa\\\/ustawa-krajobrazowa-uchwaly-w-najwiekszych-miastach\\\/\",\"name\":\"Ustawa krajobrazowa. Stan uchwa\u0142 w o\u015bmiu najwi\u0119kszych miastach Polski - Jet Line\",\"isPartOf\":{\"@id\":\"https:\\\/\\\/jetline.pl\\\/en\\\/#website\"},\"primaryImageOfPage\":{\"@id\":\"https:\\\/\\\/jetline.pl\\\/en\\\/ustawa-krajobrazowa\\\/ustawa-krajobrazowa-uchwaly-w-najwiekszych-miastach\\\/#primaryimage\"},\"image\":{\"@id\":\"https:\\\/\\\/jetline.pl\\\/en\\\/ustawa-krajobrazowa\\\/ustawa-krajobrazowa-uchwaly-w-najwiekszych-miastach\\\/#primaryimage\"},\"thumbnailUrl\":\"https:\\\/\\\/jetline.pl\\\/wp-content\\\/uploads\\\/2024\\\/09\\\/G8-marzec-2020.jpg\",\"datePublished\":\"2020-03-04T07:50:42+00:00\",\"dateModified\":\"2024-11-25T10:30:53+00:00\",\"description\":\"Ustawa krajobrazowa zosta\u0142a uchwalona w sejmie prawie 5 lat temu. Przedstawiamy, jak wygl\u0105da jej kondycja oraz powstaj\u0105cych na jej podstawie uchwa\u0142.\",\"breadcrumb\":{\"@id\":\"https:\\\/\\\/jetline.pl\\\/en\\\/ustawa-krajobrazowa\\\/ustawa-krajobrazowa-uchwaly-w-najwiekszych-miastach\\\/#breadcrumb\"},\"inLanguage\":\"en-US\",\"potentialAction\":[{\"@type\":\"ReadAction\",\"target\":[\"https:\\\/\\\/jetline.pl\\\/en\\\/ustawa-krajobrazowa\\\/ustawa-krajobrazowa-uchwaly-w-najwiekszych-miastach\\\/\"]}]},{\"@type\":\"ImageObject\",\"inLanguage\":\"en-US\",\"@id\":\"https:\\\/\\\/jetline.pl\\\/en\\\/ustawa-krajobrazowa\\\/ustawa-krajobrazowa-uchwaly-w-najwiekszych-miastach\\\/#primaryimage\",\"url\":\"https:\\\/\\\/jetline.pl\\\/wp-content\\\/uploads\\\/2024\\\/09\\\/G8-marzec-2020.jpg\",\"contentUrl\":\"https:\\\/\\\/jetline.pl\\\/wp-content\\\/uploads\\\/2024\\\/09\\\/G8-marzec-2020.jpg\",\"width\":902,\"height\":733},{\"@type\":\"BreadcrumbList\",\"@id\":\"https:\\\/\\\/jetline.pl\\\/en\\\/ustawa-krajobrazowa\\\/ustawa-krajobrazowa-uchwaly-w-najwiekszych-miastach\\\/#breadcrumb\",\"itemListElement\":[{\"@type\":\"ListItem\",\"position\":1,\"name\":\"Strona g\u0142\u00f3wna\",\"item\":\"https:\\\/\\\/jetline.pl\\\/en\\\/\"},{\"@type\":\"ListItem\",\"position\":2,\"name\":\"Ustawa krajobrazowa\",\"item\":\"https:\\\/\\\/jetline.pl\\\/en\\\/ustawa-krajobrazowa\\\/\"},{\"@type\":\"ListItem\",\"position\":3,\"name\":\"Ustawa krajobrazowa. Stan uchwa\u0142 w o\u015bmiu najwi\u0119kszych miastach Polski\"}]},{\"@type\":\"WebSite\",\"@id\":\"https:\\\/\\\/jetline.pl\\\/en\\\/#website\",\"url\":\"https:\\\/\\\/jetline.pl\\\/en\\\/\",\"name\":\"Jet Line\",\"description\":\"Tworzymy przestrze\u0144 do komunikacji\",\"publisher\":{\"@id\":\"https:\\\/\\\/jetline.pl\\\/en\\\/#organization\"},\"potentialAction\":[{\"@type\":\"SearchAction\",\"target\":{\"@type\":\"EntryPoint\",\"urlTemplate\":\"https:\\\/\\\/jetline.pl\\\/en\\\/?s={search_term_string}\"},\"query-input\":{\"@type\":\"PropertyValueSpecification\",\"valueRequired\":true,\"valueName\":\"search_term_string\"}}],\"inLanguage\":\"en-US\"},{\"@type\":\"Organization\",\"@id\":\"https:\\\/\\\/jetline.pl\\\/en\\\/#organization\",\"name\":\"Jet Line\",\"url\":\"https:\\\/\\\/jetline.pl\\\/en\\\/\",\"logo\":{\"@type\":\"ImageObject\",\"inLanguage\":\"en-US\",\"@id\":\"https:\\\/\\\/jetline.pl\\\/en\\\/#\\\/schema\\\/logo\\\/image\\\/\",\"url\":\"https:\\\/\\\/jetline.pl\\\/wp-content\\\/uploads\\\/2024\\\/09\\\/logo_poziom_logo_poziom_czerwone-1.png\",\"contentUrl\":\"https:\\\/\\\/jetline.pl\\\/wp-content\\\/uploads\\\/2024\\\/09\\\/logo_poziom_logo_poziom_czerwone-1.png\",\"width\":4946,\"height\":2016,\"caption\":\"Jet Line\"},\"image\":{\"@id\":\"https:\\\/\\\/jetline.pl\\\/en\\\/#\\\/schema\\\/logo\\\/image\\\/\"}}]}<\/script>\n<!-- \/ Yoast SEO plugin. -->","yoast_head_json":{"title":"Ustawa krajobrazowa. Stan uchwa\u0142 w o\u015bmiu najwi\u0119kszych miastach Polski - Jet Line","description":"Ustawa krajobrazowa zosta\u0142a uchwalona w sejmie prawie 5 lat temu. Przedstawiamy, jak wygl\u0105da jej kondycja oraz powstaj\u0105cych na jej podstawie uchwa\u0142.","robots":{"index":"index","follow":"follow","max-snippet":"max-snippet:-1","max-image-preview":"max-image-preview:large","max-video-preview":"max-video-preview:-1"},"canonical":"https:\/\/jetline.pl\/en\/ustawa-krajobrazowa\/ustawa-krajobrazowa-uchwaly-w-najwiekszych-miastach\/","og_locale":"en_US","og_type":"article","og_title":"Ustawa krajobrazowa. Stan uchwa\u0142 w o\u015bmiu najwi\u0119kszych miastach Polski - Jet Line","og_description":"Ustawa krajobrazowa zosta\u0142a uchwalona w sejmie prawie 5 lat temu. Przedstawiamy, jak wygl\u0105da jej kondycja oraz powstaj\u0105cych na jej podstawie uchwa\u0142.","og_url":"https:\/\/jetline.pl\/en\/ustawa-krajobrazowa\/ustawa-krajobrazowa-uchwaly-w-najwiekszych-miastach\/","og_site_name":"Jet Line","article_modified_time":"2024-11-25T10:30:53+00:00","og_image":[{"width":902,"height":733,"url":"https:\/\/jetline.pl\/wp-content\/uploads\/2024\/09\/G8-marzec-2020.jpg","type":"image\/jpeg"}],"twitter_card":"summary_large_image","twitter_misc":{"Est. reading time":"15 minutes"},"schema":{"@context":"https:\/\/schema.org","@graph":[{"@type":"WebPage","@id":"https:\/\/jetline.pl\/en\/ustawa-krajobrazowa\/ustawa-krajobrazowa-uchwaly-w-najwiekszych-miastach\/","url":"https:\/\/jetline.pl\/en\/ustawa-krajobrazowa\/ustawa-krajobrazowa-uchwaly-w-najwiekszych-miastach\/","name":"Ustawa krajobrazowa. Stan uchwa\u0142 w o\u015bmiu najwi\u0119kszych miastach Polski - Jet Line","isPartOf":{"@id":"https:\/\/jetline.pl\/en\/#website"},"primaryImageOfPage":{"@id":"https:\/\/jetline.pl\/en\/ustawa-krajobrazowa\/ustawa-krajobrazowa-uchwaly-w-najwiekszych-miastach\/#primaryimage"},"image":{"@id":"https:\/\/jetline.pl\/en\/ustawa-krajobrazowa\/ustawa-krajobrazowa-uchwaly-w-najwiekszych-miastach\/#primaryimage"},"thumbnailUrl":"https:\/\/jetline.pl\/wp-content\/uploads\/2024\/09\/G8-marzec-2020.jpg","datePublished":"2020-03-04T07:50:42+00:00","dateModified":"2024-11-25T10:30:53+00:00","description":"Ustawa krajobrazowa zosta\u0142a uchwalona w sejmie prawie 5 lat temu. Przedstawiamy, jak wygl\u0105da jej kondycja oraz powstaj\u0105cych na jej podstawie uchwa\u0142.","breadcrumb":{"@id":"https:\/\/jetline.pl\/en\/ustawa-krajobrazowa\/ustawa-krajobrazowa-uchwaly-w-najwiekszych-miastach\/#breadcrumb"},"inLanguage":"en-US","potentialAction":[{"@type":"ReadAction","target":["https:\/\/jetline.pl\/en\/ustawa-krajobrazowa\/ustawa-krajobrazowa-uchwaly-w-najwiekszych-miastach\/"]}]},{"@type":"ImageObject","inLanguage":"en-US","@id":"https:\/\/jetline.pl\/en\/ustawa-krajobrazowa\/ustawa-krajobrazowa-uchwaly-w-najwiekszych-miastach\/#primaryimage","url":"https:\/\/jetline.pl\/wp-content\/uploads\/2024\/09\/G8-marzec-2020.jpg","contentUrl":"https:\/\/jetline.pl\/wp-content\/uploads\/2024\/09\/G8-marzec-2020.jpg","width":902,"height":733},{"@type":"BreadcrumbList","@id":"https:\/\/jetline.pl\/en\/ustawa-krajobrazowa\/ustawa-krajobrazowa-uchwaly-w-najwiekszych-miastach\/#breadcrumb","itemListElement":[{"@type":"ListItem","position":1,"name":"Strona g\u0142\u00f3wna","item":"https:\/\/jetline.pl\/en\/"},{"@type":"ListItem","position":2,"name":"Ustawa krajobrazowa","item":"https:\/\/jetline.pl\/en\/ustawa-krajobrazowa\/"},{"@type":"ListItem","position":3,"name":"Ustawa krajobrazowa. Stan uchwa\u0142 w o\u015bmiu najwi\u0119kszych miastach Polski"}]},{"@type":"WebSite","@id":"https:\/\/jetline.pl\/en\/#website","url":"https:\/\/jetline.pl\/en\/","name":"Jet Line","description":"Tworzymy przestrze\u0144 do komunikacji","publisher":{"@id":"https:\/\/jetline.pl\/en\/#organization"},"potentialAction":[{"@type":"SearchAction","target":{"@type":"EntryPoint","urlTemplate":"https:\/\/jetline.pl\/en\/?s={search_term_string}"},"query-input":{"@type":"PropertyValueSpecification","valueRequired":true,"valueName":"search_term_string"}}],"inLanguage":"en-US"},{"@type":"Organization","@id":"https:\/\/jetline.pl\/en\/#organization","name":"Jet Line","url":"https:\/\/jetline.pl\/en\/","logo":{"@type":"ImageObject","inLanguage":"en-US","@id":"https:\/\/jetline.pl\/en\/#\/schema\/logo\/image\/","url":"https:\/\/jetline.pl\/wp-content\/uploads\/2024\/09\/logo_poziom_logo_poziom_czerwone-1.png","contentUrl":"https:\/\/jetline.pl\/wp-content\/uploads\/2024\/09\/logo_poziom_logo_poziom_czerwone-1.png","width":4946,"height":2016,"caption":"Jet Line"},"image":{"@id":"https:\/\/jetline.pl\/en\/#\/schema\/logo\/image\/"}}]}},"_links":{"self":[{"href":"https:\/\/jetline.pl\/en\/wp-json\/wp\/v2\/ustawa\/1757","targetHints":{"allow":["GET"]}}],"collection":[{"href":"https:\/\/jetline.pl\/en\/wp-json\/wp\/v2\/ustawa"}],"about":[{"href":"https:\/\/jetline.pl\/en\/wp-json\/wp\/v2\/types\/ustawa"}],"author":[{"embeddable":true,"href":"https:\/\/jetline.pl\/en\/wp-json\/wp\/v2\/users\/16"}],"wp:featuredmedia":[{"embeddable":true,"href":"https:\/\/jetline.pl\/en\/wp-json\/wp\/v2\/media\/1633"}],"wp:attachment":[{"href":"https:\/\/jetline.pl\/en\/wp-json\/wp\/v2\/media?parent=1757"}],"wp:term":[{"taxonomy":"ustawa_cat","embeddable":true,"href":"https:\/\/jetline.pl\/en\/wp-json\/wp\/v2\/ustawa_cat?post=1757"}],"curies":[{"name":"wp","href":"https:\/\/api.w.org\/{rel}","templated":true}]}}