{"id":1758,"date":"2020-12-08T15:23:28","date_gmt":"2020-12-08T14:23:28","guid":{"rendered":"https:\/\/jetline.presb.pl\/ustawa-krajobrazowa\/warszawska-uchwala-krajobrazowa-sad-potwierdzil-niezgodnosc-z-prawem\/"},"modified":"2024-11-25T11:29:07","modified_gmt":"2024-11-25T10:29:07","slug":"warszawska-uchwala-krajobrazowa-sad-potwierdzil-niezgodnosc-z-prawem","status":"publish","type":"ustawa","link":"https:\/\/jetline.pl\/en\/ustawa-krajobrazowa\/warszawska-uchwala-krajobrazowa-sad-potwierdzil-niezgodnosc-z-prawem\/","title":{"rendered":"Warszawska uchwa\u0142a krajobrazowa. S\u0105d potwierdzi\u0142 niezgodno\u015b\u0107 z prawem"},"content":{"rendered":"<p>Wojew\u00f3dzki S\u0105d Administracyjny dzi\u015b, 8 grudnia 2020 na niejawnym posiedzeniu, oddali\u0142\u00a0 skarg\u0119 miasta na decyzj\u0119 Wojewody Mazowieckiego, kt\u00f3ry w lutym br. uchyli\u0142 uchwa\u0142\u0119 krajobrazow\u0105 Warszawy. Wojewoda wyda\u0142 w\u00f3wczas rozstrzygni\u0119cie nadzorcze stwierdzaj\u0105ce niewa\u017cno\u015b\u0107 ca\u0142ej uchwa\u0142y krajobrazowej. Pisali\u015bmy o tym w artykule <a href=\"https:\/\/jetline.pl\/aktualnosci\/uchwala-krajobrazowa-w-warszawie-zostala-uniewazniona\" target=\"_blank\" rel=\"noopener noreferrer\">\"Uchwa\u0142a krajobrazowa w Warszawie zosta\u0142a uniewa\u017cniona\". \u00a0<\/a> Dzisiejsza decyzja WSA przyznaje racj\u0119 Wojewodzie, kt\u00f3ry uzna\u0142, \u017ce zapisy uchwa\u0142y w wielu miejscach s\u0105 niezgodne z obowi\u0105zuj\u0105cym prawem.<\/p>\n<p>W wypowiedziach zwolennik\u00f3w uchwa\u0142y krajobrazowej s\u0142yszeli\u015bmy, \u017ce powodem decyzji Wojewody by\u0142y naruszenia proceduralne. To niewielka cz\u0119\u015b\u0107 prawdy. Powodem uchylenia uchwa\u0142y jest wielokrotne przekroczenie zakresu upowa\u017cnienia ustawowego (uchwa\u0142a mo\u017ce regulowa\u0107 tylko te elementy, na kt\u00f3re pozwala ustawa). Nie bez znaczenia jest r\u00f3wnie\u017c \u00a0prowadzone przez UOKiK post\u0119powanie w sprawie nier\u00f3wnego traktowania podmiot\u00f3w.<\/p>\n<p>Dzisiejszy wyrok powinien zapa\u015b\u0107 du\u017co wcze\u015bniej. Jedna z organizacji wspieraj\u0105cych miasto przy wprowadzeniu ogranicze\u0144 dla reklamy, niemal na p\u00f3\u0142 roku odsun\u0119\u0142a jego wydanie. Teraz musimy poczeka\u0107 na uzasadnienie wyroku.<br \/>\nPami\u0119tajmy, \u017ce\u00a0 ani wyrok S\u0105du, ani rozstrzygniecie nadzorcze Wojewody Mazowieckiego NIE ODNOSZ\u0104 si\u0119 do konieczno\u015bci uporz\u0105dkowania przestrzeni publicznej. Odnosz\u0105 si\u0119 do niezgodnych z prawem dzia\u0142a\u0144 miasta.<\/p>\n<p>Miastu przys\u0142uguje prawo wniesienia skargi do NSA. Moim zdaniem lepszym rozwi\u0105zaniem jest rozpocz\u0119cie pracy nad now\u0105 uchwa\u0142\u0105, wcze\u015bniej za\u015b rzetelna analiza skutk\u00f3w gospodarczych, przeprowadzona z poszanowaniem interes\u00f3w wszystkich os\u00f3b i podmiot\u00f3w.<\/p>\n","protected":false},"author":16,"featured_media":1635,"template":"","ustawa_cat":[7],"class_list":["post-1758","ustawa","type-ustawa","status-publish","has-post-thumbnail","hentry","ustawa_cat-warszawa"],"acf":[],"yoast_head":"<!-- This site is optimized with the Yoast SEO plugin v27.5 - https:\/\/yoast.com\/product\/yoast-seo-wordpress\/ -->\n<title>Warszawska uchwa\u0142a krajobrazowa<\/title>\n<meta name=\"robots\" content=\"index, follow, max-snippet:-1, max-image-preview:large, max-video-preview:-1\" \/>\n<link rel=\"canonical\" href=\"https:\/\/jetline.pl\/en\/ustawa-krajobrazowa\/warszawska-uchwala-krajobrazowa-sad-potwierdzil-niezgodnosc-z-prawem\/\" \/>\n<meta property=\"og:locale\" content=\"en_US\" \/>\n<meta property=\"og:type\" content=\"article\" \/>\n<meta property=\"og:title\" content=\"Warszawska uchwa\u0142a krajobrazowa\" \/>\n<meta property=\"og:description\" content=\"Wojew\u00f3dzki S\u0105d Administracyjny dzi\u015b, 8 grudnia 2020 na niejawnym posiedzeniu,...\" \/>\n<meta property=\"og:url\" content=\"https:\/\/jetline.pl\/en\/ustawa-krajobrazowa\/warszawska-uchwala-krajobrazowa-sad-potwierdzil-niezgodnosc-z-prawem\/\" \/>\n<meta property=\"og:site_name\" content=\"Jet Line\" \/>\n<meta property=\"article:modified_time\" content=\"2024-11-25T10:29:07+00:00\" \/>\n<meta property=\"og:image\" content=\"https:\/\/jetline.pl\/wp-content\/uploads\/2024\/09\/WSAuk-1.jpg\" \/>\n\t<meta property=\"og:image:width\" content=\"1128\" \/>\n\t<meta property=\"og:image:height\" content=\"201\" \/>\n\t<meta property=\"og:image:type\" content=\"image\/jpeg\" \/>\n<meta name=\"twitter:card\" content=\"summary_large_image\" \/>\n<meta name=\"twitter:label1\" content=\"Est. reading time\" \/>\n\t<meta name=\"twitter:data1\" content=\"2 minutes\" \/>\n<script type=\"application\/ld+json\" class=\"yoast-schema-graph\">{\"@context\":\"https:\\\/\\\/schema.org\",\"@graph\":[{\"@type\":\"WebPage\",\"@id\":\"https:\\\/\\\/jetline.pl\\\/en\\\/ustawa-krajobrazowa\\\/warszawska-uchwala-krajobrazowa-sad-potwierdzil-niezgodnosc-z-prawem\\\/\",\"url\":\"https:\\\/\\\/jetline.pl\\\/en\\\/ustawa-krajobrazowa\\\/warszawska-uchwala-krajobrazowa-sad-potwierdzil-niezgodnosc-z-prawem\\\/\",\"name\":\"Warszawska uchwa\u0142a krajobrazowa\",\"isPartOf\":{\"@id\":\"https:\\\/\\\/jetline.pl\\\/en\\\/#website\"},\"primaryImageOfPage\":{\"@id\":\"https:\\\/\\\/jetline.pl\\\/en\\\/ustawa-krajobrazowa\\\/warszawska-uchwala-krajobrazowa-sad-potwierdzil-niezgodnosc-z-prawem\\\/#primaryimage\"},\"image\":{\"@id\":\"https:\\\/\\\/jetline.pl\\\/en\\\/ustawa-krajobrazowa\\\/warszawska-uchwala-krajobrazowa-sad-potwierdzil-niezgodnosc-z-prawem\\\/#primaryimage\"},\"thumbnailUrl\":\"https:\\\/\\\/jetline.pl\\\/wp-content\\\/uploads\\\/2024\\\/09\\\/WSAuk-1.jpg\",\"datePublished\":\"2020-12-08T14:23:28+00:00\",\"dateModified\":\"2024-11-25T10:29:07+00:00\",\"breadcrumb\":{\"@id\":\"https:\\\/\\\/jetline.pl\\\/en\\\/ustawa-krajobrazowa\\\/warszawska-uchwala-krajobrazowa-sad-potwierdzil-niezgodnosc-z-prawem\\\/#breadcrumb\"},\"inLanguage\":\"en-US\",\"potentialAction\":[{\"@type\":\"ReadAction\",\"target\":[\"https:\\\/\\\/jetline.pl\\\/en\\\/ustawa-krajobrazowa\\\/warszawska-uchwala-krajobrazowa-sad-potwierdzil-niezgodnosc-z-prawem\\\/\"]}]},{\"@type\":\"ImageObject\",\"inLanguage\":\"en-US\",\"@id\":\"https:\\\/\\\/jetline.pl\\\/en\\\/ustawa-krajobrazowa\\\/warszawska-uchwala-krajobrazowa-sad-potwierdzil-niezgodnosc-z-prawem\\\/#primaryimage\",\"url\":\"https:\\\/\\\/jetline.pl\\\/wp-content\\\/uploads\\\/2024\\\/09\\\/WSAuk-1.jpg\",\"contentUrl\":\"https:\\\/\\\/jetline.pl\\\/wp-content\\\/uploads\\\/2024\\\/09\\\/WSAuk-1.jpg\",\"width\":1128,\"height\":201},{\"@type\":\"BreadcrumbList\",\"@id\":\"https:\\\/\\\/jetline.pl\\\/en\\\/ustawa-krajobrazowa\\\/warszawska-uchwala-krajobrazowa-sad-potwierdzil-niezgodnosc-z-prawem\\\/#breadcrumb\",\"itemListElement\":[{\"@type\":\"ListItem\",\"position\":1,\"name\":\"Strona g\u0142\u00f3wna\",\"item\":\"https:\\\/\\\/jetline.pl\\\/en\\\/\"},{\"@type\":\"ListItem\",\"position\":2,\"name\":\"Ustawa krajobrazowa\",\"item\":\"https:\\\/\\\/jetline.pl\\\/en\\\/ustawa-krajobrazowa\\\/\"},{\"@type\":\"ListItem\",\"position\":3,\"name\":\"Warszawska uchwa\u0142a krajobrazowa. S\u0105d potwierdzi\u0142 niezgodno\u015b\u0107 z prawem\"}]},{\"@type\":\"WebSite\",\"@id\":\"https:\\\/\\\/jetline.pl\\\/en\\\/#website\",\"url\":\"https:\\\/\\\/jetline.pl\\\/en\\\/\",\"name\":\"Jet Line\",\"description\":\"Tworzymy przestrze\u0144 do komunikacji\",\"publisher\":{\"@id\":\"https:\\\/\\\/jetline.pl\\\/en\\\/#organization\"},\"potentialAction\":[{\"@type\":\"SearchAction\",\"target\":{\"@type\":\"EntryPoint\",\"urlTemplate\":\"https:\\\/\\\/jetline.pl\\\/en\\\/?s={search_term_string}\"},\"query-input\":{\"@type\":\"PropertyValueSpecification\",\"valueRequired\":true,\"valueName\":\"search_term_string\"}}],\"inLanguage\":\"en-US\"},{\"@type\":\"Organization\",\"@id\":\"https:\\\/\\\/jetline.pl\\\/en\\\/#organization\",\"name\":\"Jet Line\",\"url\":\"https:\\\/\\\/jetline.pl\\\/en\\\/\",\"logo\":{\"@type\":\"ImageObject\",\"inLanguage\":\"en-US\",\"@id\":\"https:\\\/\\\/jetline.pl\\\/en\\\/#\\\/schema\\\/logo\\\/image\\\/\",\"url\":\"https:\\\/\\\/jetline.pl\\\/wp-content\\\/uploads\\\/2024\\\/09\\\/logo_poziom_logo_poziom_czerwone-1.png\",\"contentUrl\":\"https:\\\/\\\/jetline.pl\\\/wp-content\\\/uploads\\\/2024\\\/09\\\/logo_poziom_logo_poziom_czerwone-1.png\",\"width\":4946,\"height\":2016,\"caption\":\"Jet Line\"},\"image\":{\"@id\":\"https:\\\/\\\/jetline.pl\\\/en\\\/#\\\/schema\\\/logo\\\/image\\\/\"}}]}<\/script>\n<!-- \/ Yoast SEO plugin. -->","yoast_head_json":{"title":"Warszawska uchwa\u0142a krajobrazowa","robots":{"index":"index","follow":"follow","max-snippet":"max-snippet:-1","max-image-preview":"max-image-preview:large","max-video-preview":"max-video-preview:-1"},"canonical":"https:\/\/jetline.pl\/en\/ustawa-krajobrazowa\/warszawska-uchwala-krajobrazowa-sad-potwierdzil-niezgodnosc-z-prawem\/","og_locale":"en_US","og_type":"article","og_title":"Warszawska uchwa\u0142a krajobrazowa","og_description":"Wojew\u00f3dzki S\u0105d Administracyjny dzi\u015b, 8 grudnia 2020 na niejawnym posiedzeniu,...","og_url":"https:\/\/jetline.pl\/en\/ustawa-krajobrazowa\/warszawska-uchwala-krajobrazowa-sad-potwierdzil-niezgodnosc-z-prawem\/","og_site_name":"Jet Line","article_modified_time":"2024-11-25T10:29:07+00:00","og_image":[{"width":1128,"height":201,"url":"https:\/\/jetline.pl\/wp-content\/uploads\/2024\/09\/WSAuk-1.jpg","type":"image\/jpeg"}],"twitter_card":"summary_large_image","twitter_misc":{"Est. reading time":"2 minutes"},"schema":{"@context":"https:\/\/schema.org","@graph":[{"@type":"WebPage","@id":"https:\/\/jetline.pl\/en\/ustawa-krajobrazowa\/warszawska-uchwala-krajobrazowa-sad-potwierdzil-niezgodnosc-z-prawem\/","url":"https:\/\/jetline.pl\/en\/ustawa-krajobrazowa\/warszawska-uchwala-krajobrazowa-sad-potwierdzil-niezgodnosc-z-prawem\/","name":"Warszawska uchwa\u0142a krajobrazowa","isPartOf":{"@id":"https:\/\/jetline.pl\/en\/#website"},"primaryImageOfPage":{"@id":"https:\/\/jetline.pl\/en\/ustawa-krajobrazowa\/warszawska-uchwala-krajobrazowa-sad-potwierdzil-niezgodnosc-z-prawem\/#primaryimage"},"image":{"@id":"https:\/\/jetline.pl\/en\/ustawa-krajobrazowa\/warszawska-uchwala-krajobrazowa-sad-potwierdzil-niezgodnosc-z-prawem\/#primaryimage"},"thumbnailUrl":"https:\/\/jetline.pl\/wp-content\/uploads\/2024\/09\/WSAuk-1.jpg","datePublished":"2020-12-08T14:23:28+00:00","dateModified":"2024-11-25T10:29:07+00:00","breadcrumb":{"@id":"https:\/\/jetline.pl\/en\/ustawa-krajobrazowa\/warszawska-uchwala-krajobrazowa-sad-potwierdzil-niezgodnosc-z-prawem\/#breadcrumb"},"inLanguage":"en-US","potentialAction":[{"@type":"ReadAction","target":["https:\/\/jetline.pl\/en\/ustawa-krajobrazowa\/warszawska-uchwala-krajobrazowa-sad-potwierdzil-niezgodnosc-z-prawem\/"]}]},{"@type":"ImageObject","inLanguage":"en-US","@id":"https:\/\/jetline.pl\/en\/ustawa-krajobrazowa\/warszawska-uchwala-krajobrazowa-sad-potwierdzil-niezgodnosc-z-prawem\/#primaryimage","url":"https:\/\/jetline.pl\/wp-content\/uploads\/2024\/09\/WSAuk-1.jpg","contentUrl":"https:\/\/jetline.pl\/wp-content\/uploads\/2024\/09\/WSAuk-1.jpg","width":1128,"height":201},{"@type":"BreadcrumbList","@id":"https:\/\/jetline.pl\/en\/ustawa-krajobrazowa\/warszawska-uchwala-krajobrazowa-sad-potwierdzil-niezgodnosc-z-prawem\/#breadcrumb","itemListElement":[{"@type":"ListItem","position":1,"name":"Strona g\u0142\u00f3wna","item":"https:\/\/jetline.pl\/en\/"},{"@type":"ListItem","position":2,"name":"Ustawa krajobrazowa","item":"https:\/\/jetline.pl\/en\/ustawa-krajobrazowa\/"},{"@type":"ListItem","position":3,"name":"Warszawska uchwa\u0142a krajobrazowa. S\u0105d potwierdzi\u0142 niezgodno\u015b\u0107 z prawem"}]},{"@type":"WebSite","@id":"https:\/\/jetline.pl\/en\/#website","url":"https:\/\/jetline.pl\/en\/","name":"Jet Line","description":"Tworzymy przestrze\u0144 do komunikacji","publisher":{"@id":"https:\/\/jetline.pl\/en\/#organization"},"potentialAction":[{"@type":"SearchAction","target":{"@type":"EntryPoint","urlTemplate":"https:\/\/jetline.pl\/en\/?s={search_term_string}"},"query-input":{"@type":"PropertyValueSpecification","valueRequired":true,"valueName":"search_term_string"}}],"inLanguage":"en-US"},{"@type":"Organization","@id":"https:\/\/jetline.pl\/en\/#organization","name":"Jet Line","url":"https:\/\/jetline.pl\/en\/","logo":{"@type":"ImageObject","inLanguage":"en-US","@id":"https:\/\/jetline.pl\/en\/#\/schema\/logo\/image\/","url":"https:\/\/jetline.pl\/wp-content\/uploads\/2024\/09\/logo_poziom_logo_poziom_czerwone-1.png","contentUrl":"https:\/\/jetline.pl\/wp-content\/uploads\/2024\/09\/logo_poziom_logo_poziom_czerwone-1.png","width":4946,"height":2016,"caption":"Jet Line"},"image":{"@id":"https:\/\/jetline.pl\/en\/#\/schema\/logo\/image\/"}}]}},"_links":{"self":[{"href":"https:\/\/jetline.pl\/en\/wp-json\/wp\/v2\/ustawa\/1758","targetHints":{"allow":["GET"]}}],"collection":[{"href":"https:\/\/jetline.pl\/en\/wp-json\/wp\/v2\/ustawa"}],"about":[{"href":"https:\/\/jetline.pl\/en\/wp-json\/wp\/v2\/types\/ustawa"}],"author":[{"embeddable":true,"href":"https:\/\/jetline.pl\/en\/wp-json\/wp\/v2\/users\/16"}],"wp:featuredmedia":[{"embeddable":true,"href":"https:\/\/jetline.pl\/en\/wp-json\/wp\/v2\/media\/1635"}],"wp:attachment":[{"href":"https:\/\/jetline.pl\/en\/wp-json\/wp\/v2\/media?parent=1758"}],"wp:term":[{"taxonomy":"ustawa_cat","embeddable":true,"href":"https:\/\/jetline.pl\/en\/wp-json\/wp\/v2\/ustawa_cat?post=1758"}],"curies":[{"name":"wp","href":"https:\/\/api.w.org\/{rel}","templated":true}]}}