{"id":1760,"date":"2021-04-14T06:34:23","date_gmt":"2021-04-14T04:34:23","guid":{"rendered":"https:\/\/jetline.presb.pl\/ustawa-krajobrazowa\/warszawska-uchwala-krajobrazowa-dalszy-ciag-nastapi\/"},"modified":"2021-04-14T06:34:23","modified_gmt":"2021-04-14T04:34:23","slug":"warszawska-uchwala-krajobrazowa-dalszy-ciag-nastapi","status":"publish","type":"ustawa","link":"https:\/\/jetline.pl\/en\/ustawa-krajobrazowa\/warszawska-uchwala-krajobrazowa-dalszy-ciag-nastapi\/","title":{"rendered":"Warszawska uchwa\u0142a krajobrazowa. Dalszy ci\u0105g nast\u0105pi przed NSA"},"content":{"rendered":"<p>Warszawska uchwa\u0142a krajobrazowa nadal jest w zawieszeniu.<br \/>\nWojewoda Mazowiecki z\u0142o\u017cy\u0142 skarg\u0119 kasacyjn\u0105 do NSA (Naczelny S\u0105d Administracyjny) od wyroku WSA (Wojew\u00f3dzki S\u0105d Administracyjny) z 8 grudnia 2020 r. WSA co prawda podtrzyma\u0142 uniewa\u017cnienie uchwa\u0142y warszawskiej z przyczyn formalnych, ale nie uzna\u0142 pozosta\u0142ych argument\u00f3w wojewody dotycz\u0105cych naruszenia przez Miasto prawa materialnego. W rezultacie na stronie Miasta ukaza\u0142 si\u0119 wpis komentuj\u0105cy skarg\u0119 Wojewody:<\/p>\n<p><a href=\"http:\/\/www.um.warszawa.pl\/aktualnosci\/uchwa-krajobrazowa-wojewoda-broni-status-quo?fbclid=IwAR3rJLLabQZYhzBOwvVU_FFZBrT6Jyyk1a2Pq68B7dT9y92p78uuhr6d4Ns\" target=\"_blank\" rel=\"noopener noreferrer\">http:\/\/www.um.warszawa.pl\/aktualnosci\/uchwa-krajobrazowa-wojewoda-broni-status-quo?fbclid=IwAR3rJLLabQZYhzBOwvVU_FFZBrT6Jyyk1a2Pq68B7dT9y92p78uuhr6d4Ns<\/a><\/p>\n<p>Zawarte w tym wpisie stwierdzenia wymagaj\u0105 z pewno\u015bci\u0105 komentarza. Ale zanim komentarz, przypomn\u0119 fakty:<\/p>\n<ul>\n<li>16 stycznia 2020 r. \u2013 Rada Miasta Warszawa uchwali\u0142a uchwa\u0142\u0119 krajobrazow\u0105,<\/li>\n<li>\u00a024 lutego 2020 r. \u2013 warszawska uchwa\u0142a krajobrazowa zostaje uniewa\u017cniona przez Wojewod\u0119 Mazowieckiego jako niezgodna z obowi\u0105zuj\u0105cym prawem,<\/li>\n<li>Miasto zaskar\u017cy\u0142o rozstrzygni\u0119cie nadzorcze Wojewody do WSA,<\/li>\n<li>w grudniu 2020 r. s\u0105d przyzna\u0142 cz\u0119\u015bciow\u0105 racj\u0119 argumentom Wojewody, utrzymuj\u0105c uniewa\u017cnienie uchwa\u0142y,<\/li>\n<li>Miasto zrezygnowa\u0142o ze z\u0142o\u017cenia skargi kasacyjnej do NSA i podj\u0119\u0142o decyzj\u0119 o powt\u00f3rnym procedowaniu uchwa\u0142y we wskazanym przez WSA zakresie.<\/li>\n<\/ul>\n<p><strong>Istot\u0105 sprawy NIE JEST POGL\u0104D WOJEWODY na kwesti\u0119 porz\u0105dkowania przestrzeni publicznej. Istot\u0105 s\u0105 zapisy w uchwale, sprzeczne z obowi\u0105zuj\u0105cym w Polsce prawem. <\/strong>Wojewoda nie \u201ekwestionuje ustawowych kompetencji samorz\u0105du gminnego w zakresie regulacji reklam\u201d, tylko nie pozwala samorz\u0105dowi dzia\u0142a\u0107 poza ramami upowa\u017cnienia ustawowego.<\/p>\n<p>Rozumiem rozczarowanie Miasta.<br \/>\nJednak to, \u017ce wyrok by\u0142 niekorzystny dla Miasta nie oznacza od razu, \u017ce by\u0142 korzystny dla wojewody.<br \/>\nS\u0105d nie podzieli\u0142 wielu istotnych argument\u00f3w wojewody, st\u0105d by\u0107 mo\u017ce skarga kasacyjna do NSA.<\/p>\n<p>Stwierdzenie, \u017ce dzia\u0142anie wojewody powoduje \u201epraktyczne z<em>ablokowanie procedury legislacyjnej w tej sprawie\u201d <\/em>nie jest prawdziwe<em>.<br \/>\n<\/em>W ka\u017cdej chwili Miasto mo\u017ce rozpocz\u0105\u0107 procedur\u0119 od nowa, czyli uchwalaj\u0105c uchwa\u0142\u0119 intencyjn\u0105. Tak zosta\u0142o to zrobione w Opolu i \u0141odzi.<\/p>\n<h3>\u015amietnik reklamowy nie jest problemem dla Miasta<\/h3>\n<p>Nie rozumiem, co Autor wpisu na stronie Miasta mia\u0142 na my\u015bli pisz\u0105c o \u201esamowoli firm reklamowych\u201d.<br \/>\nPodkre\u015blmy: przed przyj\u0119ciem prac nad uchwa\u0142\u0105 krajobrazow\u0105 nie przeprowadzono audytu, nie zdefiniowano problem\u00f3w, nie przeanalizowano potrzeb wszystkich interesariuszy. Firmy specjalizuj\u0105ce si\u0119 w reklamie zewn\u0119trznej posiadaj\u0105\u00a0 jedynie 10-15% reklam znajduj\u0105cych si\u0119 w przestrzeni miejskiej (nie uwzgl\u0119dniaj\u0105c szyld\u00f3w). Pozosta\u0142e reklamy to najcz\u0119\u015bciej indywidualne dzia\u0142ania lokalnych przedsi\u0119biorc\u00f3w, niestety bardzo cz\u0119sto ustawione bez koniecznych zg\u00f3d \u2013 i z tym problemem od lat miasto sobie nie radzi.<br \/>\nReklamy firm outdoorowych to w wi\u0119kszo\u015bci reklamy ustawione zgodnie z prawem. Trudno powiedzie\u0107, dlaczego dla Miasta nie jest problemem \u201e\u015bmietnik reklamowy\u201d. Tablice bez pozwole\u0144, banerki na p\u0142otach, obskurne plansze na elewacjach... Tymczasem dla Miasta problemem s\u0105 firmy reklamowe, kt\u00f3re oferuj\u0105 swoje us\u0142ugi przedsi\u0119biorcom i organizacjom spo\u0142ecznym, samorz\u0105dowym itp.<br \/>\nTo spory rynek. Miasto tak ukszta\u0142towa\u0142o zapisy uchylonej uchwa\u0142y, \u017ceby w zdecydowanej wi\u0119kszo\u015bci \u201elegalne\u201d by\u0142y tylko te reklamy, kt\u00f3re znajduj\u0105 si\u0119 na terenach miejskich. Podsumowuj\u0105c: czy zatem nie powinni\u015bmy m\u00f3wi\u0107 o \u201enieuczciwym zwalczaniu konkurencji\u201d zamiast o \u201esamowoli firm reklamowych\u201d?<\/p>\n<p>Na koniec, dla przypomnienia: warszawska uchwa\u0142a krajobrazowa jest nadal w post\u0119powaniu UOKiK (Urz\u0105d Ochrony Konkurencji i Konsument\u00f3w).<\/p>\n<p>&nbsp;<\/p>\n<p>&nbsp;<\/p>\n","protected":false},"author":16,"featured_media":1638,"template":"","ustawa_cat":[],"class_list":["post-1760","ustawa","type-ustawa","status-publish","has-post-thumbnail","hentry"],"acf":[],"yoast_head":"<!-- This site is optimized with the Yoast SEO plugin v27.5 - https:\/\/yoast.com\/product\/yoast-seo-wordpress\/ -->\n<title>Warszawska Uchwa\u0142a Krajobrazowa<\/title>\n<meta name=\"description\" content=\"Warszawska Uchwa\u0142a Krajobrazowa nadal jest w zawieszeniu. Wojewoda Mazowiecki z\u0142o\u017cy\u0142 skarg\u0119 kasacyjn\u0105 do NSA od wyroku WSA.\" \/>\n<meta name=\"robots\" content=\"index, follow, max-snippet:-1, max-image-preview:large, max-video-preview:-1\" \/>\n<link rel=\"canonical\" href=\"https:\/\/jetline.pl\/en\/ustawa-krajobrazowa\/warszawska-uchwala-krajobrazowa-dalszy-ciag-nastapi\/\" \/>\n<meta property=\"og:locale\" content=\"en_US\" \/>\n<meta property=\"og:type\" content=\"article\" \/>\n<meta property=\"og:title\" content=\"Warszawska Uchwa\u0142a Krajobrazowa\" \/>\n<meta property=\"og:description\" content=\"Warszawska Uchwa\u0142a Krajobrazowa nadal jest w zawieszeniu. Wojewoda Mazowiecki z\u0142o\u017cy\u0142 skarg\u0119 kasacyjn\u0105 do NSA od wyroku WSA.\" \/>\n<meta property=\"og:url\" content=\"https:\/\/jetline.pl\/en\/ustawa-krajobrazowa\/warszawska-uchwala-krajobrazowa-dalszy-ciag-nastapi\/\" \/>\n<meta property=\"og:site_name\" content=\"Jet Line\" \/>\n<meta property=\"og:image\" content=\"https:\/\/jetline.pl\/wp-content\/uploads\/2024\/09\/naglowek.jpg\" \/>\n\t<meta property=\"og:image:width\" content=\"595\" \/>\n\t<meta property=\"og:image:height\" content=\"126\" \/>\n\t<meta property=\"og:image:type\" content=\"image\/jpeg\" \/>\n<meta name=\"twitter:card\" content=\"summary_large_image\" \/>\n<meta name=\"twitter:label1\" content=\"Est. reading time\" \/>\n\t<meta name=\"twitter:data1\" content=\"3 minutes\" \/>\n<script type=\"application\/ld+json\" class=\"yoast-schema-graph\">{\"@context\":\"https:\\\/\\\/schema.org\",\"@graph\":[{\"@type\":\"WebPage\",\"@id\":\"https:\\\/\\\/jetline.pl\\\/en\\\/ustawa-krajobrazowa\\\/warszawska-uchwala-krajobrazowa-dalszy-ciag-nastapi\\\/\",\"url\":\"https:\\\/\\\/jetline.pl\\\/en\\\/ustawa-krajobrazowa\\\/warszawska-uchwala-krajobrazowa-dalszy-ciag-nastapi\\\/\",\"name\":\"Warszawska Uchwa\u0142a Krajobrazowa\",\"isPartOf\":{\"@id\":\"https:\\\/\\\/jetline.pl\\\/en\\\/#website\"},\"primaryImageOfPage\":{\"@id\":\"https:\\\/\\\/jetline.pl\\\/en\\\/ustawa-krajobrazowa\\\/warszawska-uchwala-krajobrazowa-dalszy-ciag-nastapi\\\/#primaryimage\"},\"image\":{\"@id\":\"https:\\\/\\\/jetline.pl\\\/en\\\/ustawa-krajobrazowa\\\/warszawska-uchwala-krajobrazowa-dalszy-ciag-nastapi\\\/#primaryimage\"},\"thumbnailUrl\":\"https:\\\/\\\/jetline.pl\\\/wp-content\\\/uploads\\\/2024\\\/09\\\/naglowek.jpg\",\"datePublished\":\"2021-04-14T04:34:23+00:00\",\"description\":\"Warszawska Uchwa\u0142a Krajobrazowa nadal jest w zawieszeniu. Wojewoda Mazowiecki z\u0142o\u017cy\u0142 skarg\u0119 kasacyjn\u0105 do NSA od wyroku WSA.\",\"breadcrumb\":{\"@id\":\"https:\\\/\\\/jetline.pl\\\/en\\\/ustawa-krajobrazowa\\\/warszawska-uchwala-krajobrazowa-dalszy-ciag-nastapi\\\/#breadcrumb\"},\"inLanguage\":\"en-US\",\"potentialAction\":[{\"@type\":\"ReadAction\",\"target\":[\"https:\\\/\\\/jetline.pl\\\/en\\\/ustawa-krajobrazowa\\\/warszawska-uchwala-krajobrazowa-dalszy-ciag-nastapi\\\/\"]}]},{\"@type\":\"ImageObject\",\"inLanguage\":\"en-US\",\"@id\":\"https:\\\/\\\/jetline.pl\\\/en\\\/ustawa-krajobrazowa\\\/warszawska-uchwala-krajobrazowa-dalszy-ciag-nastapi\\\/#primaryimage\",\"url\":\"https:\\\/\\\/jetline.pl\\\/wp-content\\\/uploads\\\/2024\\\/09\\\/naglowek.jpg\",\"contentUrl\":\"https:\\\/\\\/jetline.pl\\\/wp-content\\\/uploads\\\/2024\\\/09\\\/naglowek.jpg\",\"width\":595,\"height\":126},{\"@type\":\"BreadcrumbList\",\"@id\":\"https:\\\/\\\/jetline.pl\\\/en\\\/ustawa-krajobrazowa\\\/warszawska-uchwala-krajobrazowa-dalszy-ciag-nastapi\\\/#breadcrumb\",\"itemListElement\":[{\"@type\":\"ListItem\",\"position\":1,\"name\":\"Strona g\u0142\u00f3wna\",\"item\":\"https:\\\/\\\/jetline.pl\\\/en\\\/\"},{\"@type\":\"ListItem\",\"position\":2,\"name\":\"Ustawa krajobrazowa\",\"item\":\"https:\\\/\\\/jetline.pl\\\/en\\\/ustawa-krajobrazowa\\\/\"},{\"@type\":\"ListItem\",\"position\":3,\"name\":\"Warszawska uchwa\u0142a krajobrazowa. Dalszy ci\u0105g nast\u0105pi przed NSA\"}]},{\"@type\":\"WebSite\",\"@id\":\"https:\\\/\\\/jetline.pl\\\/en\\\/#website\",\"url\":\"https:\\\/\\\/jetline.pl\\\/en\\\/\",\"name\":\"Jet Line\",\"description\":\"Tworzymy przestrze\u0144 do komunikacji\",\"publisher\":{\"@id\":\"https:\\\/\\\/jetline.pl\\\/en\\\/#organization\"},\"potentialAction\":[{\"@type\":\"SearchAction\",\"target\":{\"@type\":\"EntryPoint\",\"urlTemplate\":\"https:\\\/\\\/jetline.pl\\\/en\\\/?s={search_term_string}\"},\"query-input\":{\"@type\":\"PropertyValueSpecification\",\"valueRequired\":true,\"valueName\":\"search_term_string\"}}],\"inLanguage\":\"en-US\"},{\"@type\":\"Organization\",\"@id\":\"https:\\\/\\\/jetline.pl\\\/en\\\/#organization\",\"name\":\"Jet Line\",\"url\":\"https:\\\/\\\/jetline.pl\\\/en\\\/\",\"logo\":{\"@type\":\"ImageObject\",\"inLanguage\":\"en-US\",\"@id\":\"https:\\\/\\\/jetline.pl\\\/en\\\/#\\\/schema\\\/logo\\\/image\\\/\",\"url\":\"https:\\\/\\\/jetline.pl\\\/wp-content\\\/uploads\\\/2024\\\/09\\\/logo_poziom_logo_poziom_czerwone-1.png\",\"contentUrl\":\"https:\\\/\\\/jetline.pl\\\/wp-content\\\/uploads\\\/2024\\\/09\\\/logo_poziom_logo_poziom_czerwone-1.png\",\"width\":4946,\"height\":2016,\"caption\":\"Jet Line\"},\"image\":{\"@id\":\"https:\\\/\\\/jetline.pl\\\/en\\\/#\\\/schema\\\/logo\\\/image\\\/\"}}]}<\/script>\n<!-- \/ Yoast SEO plugin. -->","yoast_head_json":{"title":"Warszawska Uchwa\u0142a Krajobrazowa","description":"Warszawska Uchwa\u0142a Krajobrazowa nadal jest w zawieszeniu. Wojewoda Mazowiecki z\u0142o\u017cy\u0142 skarg\u0119 kasacyjn\u0105 do NSA od wyroku WSA.","robots":{"index":"index","follow":"follow","max-snippet":"max-snippet:-1","max-image-preview":"max-image-preview:large","max-video-preview":"max-video-preview:-1"},"canonical":"https:\/\/jetline.pl\/en\/ustawa-krajobrazowa\/warszawska-uchwala-krajobrazowa-dalszy-ciag-nastapi\/","og_locale":"en_US","og_type":"article","og_title":"Warszawska Uchwa\u0142a Krajobrazowa","og_description":"Warszawska Uchwa\u0142a Krajobrazowa nadal jest w zawieszeniu. Wojewoda Mazowiecki z\u0142o\u017cy\u0142 skarg\u0119 kasacyjn\u0105 do NSA od wyroku WSA.","og_url":"https:\/\/jetline.pl\/en\/ustawa-krajobrazowa\/warszawska-uchwala-krajobrazowa-dalszy-ciag-nastapi\/","og_site_name":"Jet Line","og_image":[{"width":595,"height":126,"url":"https:\/\/jetline.pl\/wp-content\/uploads\/2024\/09\/naglowek.jpg","type":"image\/jpeg"}],"twitter_card":"summary_large_image","twitter_misc":{"Est. reading time":"3 minutes"},"schema":{"@context":"https:\/\/schema.org","@graph":[{"@type":"WebPage","@id":"https:\/\/jetline.pl\/en\/ustawa-krajobrazowa\/warszawska-uchwala-krajobrazowa-dalszy-ciag-nastapi\/","url":"https:\/\/jetline.pl\/en\/ustawa-krajobrazowa\/warszawska-uchwala-krajobrazowa-dalszy-ciag-nastapi\/","name":"Warszawska Uchwa\u0142a Krajobrazowa","isPartOf":{"@id":"https:\/\/jetline.pl\/en\/#website"},"primaryImageOfPage":{"@id":"https:\/\/jetline.pl\/en\/ustawa-krajobrazowa\/warszawska-uchwala-krajobrazowa-dalszy-ciag-nastapi\/#primaryimage"},"image":{"@id":"https:\/\/jetline.pl\/en\/ustawa-krajobrazowa\/warszawska-uchwala-krajobrazowa-dalszy-ciag-nastapi\/#primaryimage"},"thumbnailUrl":"https:\/\/jetline.pl\/wp-content\/uploads\/2024\/09\/naglowek.jpg","datePublished":"2021-04-14T04:34:23+00:00","description":"Warszawska Uchwa\u0142a Krajobrazowa nadal jest w zawieszeniu. Wojewoda Mazowiecki z\u0142o\u017cy\u0142 skarg\u0119 kasacyjn\u0105 do NSA od wyroku WSA.","breadcrumb":{"@id":"https:\/\/jetline.pl\/en\/ustawa-krajobrazowa\/warszawska-uchwala-krajobrazowa-dalszy-ciag-nastapi\/#breadcrumb"},"inLanguage":"en-US","potentialAction":[{"@type":"ReadAction","target":["https:\/\/jetline.pl\/en\/ustawa-krajobrazowa\/warszawska-uchwala-krajobrazowa-dalszy-ciag-nastapi\/"]}]},{"@type":"ImageObject","inLanguage":"en-US","@id":"https:\/\/jetline.pl\/en\/ustawa-krajobrazowa\/warszawska-uchwala-krajobrazowa-dalszy-ciag-nastapi\/#primaryimage","url":"https:\/\/jetline.pl\/wp-content\/uploads\/2024\/09\/naglowek.jpg","contentUrl":"https:\/\/jetline.pl\/wp-content\/uploads\/2024\/09\/naglowek.jpg","width":595,"height":126},{"@type":"BreadcrumbList","@id":"https:\/\/jetline.pl\/en\/ustawa-krajobrazowa\/warszawska-uchwala-krajobrazowa-dalszy-ciag-nastapi\/#breadcrumb","itemListElement":[{"@type":"ListItem","position":1,"name":"Strona g\u0142\u00f3wna","item":"https:\/\/jetline.pl\/en\/"},{"@type":"ListItem","position":2,"name":"Ustawa krajobrazowa","item":"https:\/\/jetline.pl\/en\/ustawa-krajobrazowa\/"},{"@type":"ListItem","position":3,"name":"Warszawska uchwa\u0142a krajobrazowa. Dalszy ci\u0105g nast\u0105pi przed NSA"}]},{"@type":"WebSite","@id":"https:\/\/jetline.pl\/en\/#website","url":"https:\/\/jetline.pl\/en\/","name":"Jet Line","description":"Tworzymy przestrze\u0144 do komunikacji","publisher":{"@id":"https:\/\/jetline.pl\/en\/#organization"},"potentialAction":[{"@type":"SearchAction","target":{"@type":"EntryPoint","urlTemplate":"https:\/\/jetline.pl\/en\/?s={search_term_string}"},"query-input":{"@type":"PropertyValueSpecification","valueRequired":true,"valueName":"search_term_string"}}],"inLanguage":"en-US"},{"@type":"Organization","@id":"https:\/\/jetline.pl\/en\/#organization","name":"Jet Line","url":"https:\/\/jetline.pl\/en\/","logo":{"@type":"ImageObject","inLanguage":"en-US","@id":"https:\/\/jetline.pl\/en\/#\/schema\/logo\/image\/","url":"https:\/\/jetline.pl\/wp-content\/uploads\/2024\/09\/logo_poziom_logo_poziom_czerwone-1.png","contentUrl":"https:\/\/jetline.pl\/wp-content\/uploads\/2024\/09\/logo_poziom_logo_poziom_czerwone-1.png","width":4946,"height":2016,"caption":"Jet Line"},"image":{"@id":"https:\/\/jetline.pl\/en\/#\/schema\/logo\/image\/"}}]}},"_links":{"self":[{"href":"https:\/\/jetline.pl\/en\/wp-json\/wp\/v2\/ustawa\/1760","targetHints":{"allow":["GET"]}}],"collection":[{"href":"https:\/\/jetline.pl\/en\/wp-json\/wp\/v2\/ustawa"}],"about":[{"href":"https:\/\/jetline.pl\/en\/wp-json\/wp\/v2\/types\/ustawa"}],"author":[{"embeddable":true,"href":"https:\/\/jetline.pl\/en\/wp-json\/wp\/v2\/users\/16"}],"wp:featuredmedia":[{"embeddable":true,"href":"https:\/\/jetline.pl\/en\/wp-json\/wp\/v2\/media\/1638"}],"wp:attachment":[{"href":"https:\/\/jetline.pl\/en\/wp-json\/wp\/v2\/media?parent=1760"}],"wp:term":[{"taxonomy":"ustawa_cat","embeddable":true,"href":"https:\/\/jetline.pl\/en\/wp-json\/wp\/v2\/ustawa_cat?post=1760"}],"curies":[{"name":"wp","href":"https:\/\/api.w.org\/{rel}","templated":true}]}}