{"id":1762,"date":"2022-02-17T12:53:02","date_gmt":"2022-02-17T11:53:02","guid":{"rendered":"https:\/\/jetline.presb.pl\/ustawa-krajobrazowa\/uchwaly-krajobrazowe-w-najwiekszych-miastach-luty-2022-r\/"},"modified":"2024-09-16T16:32:27","modified_gmt":"2024-09-16T14:32:27","slug":"uchwaly-krajobrazowe-w-najwiekszych-miastach-luty-2022-r","status":"publish","type":"ustawa","link":"https:\/\/jetline.pl\/en\/ustawa-krajobrazowa\/uchwaly-krajobrazowe-w-najwiekszych-miastach-luty-2022-r\/","title":{"rendered":"Uchwa\u0142y krajobrazowe w najwi\u0119kszych miastach w Polsce. Przegl\u0105d sytuacji, luty 2022 r."},"content":{"rendered":"<p>Uchwa\u0142y krajobrazowe powstaj\u0105 w Polsce od prawie 7 lat. Tak d\u0142ugo obowi\u0105zuje ustawa krajobrazowa. Przedstawiamy, jak obecnie wygl\u0105da kondycja ustawy i uchwa\u0142 krajobrazowych, kt\u00f3re powsta\u0142y lub maj\u0105 powsta\u0107 w o\u015bmiu najwi\u0119kszych miastach Polski (G8).<\/p>\n<h3>S\u0142owo wst\u0119pu<\/h3>\n<p>Nadal nie wiemy, czy ustawa jest zgodna z Konstytucj\u0105. Ostatni rok nie odpowiedzia\u0142 na \u017cadne z istotnych pyta\u0144 dotycz\u0105cych ustawy krajobrazowej. Przede wszystkim bez odpowiedzi pozostaje pytanie podstawowe \u2013 czy ustawa jest zgodna z Konstytucj\u0105. W 2019 r. te w\u0105tpliwo\u015bci podzieli\u0142 Naczelny S\u0105d Administracyjny (NSA) w toku kontroli uchwa\u0142y opolskiej i skierowa\u0142 do Trybuna\u0142u Konstytucyjnego pytanie prawne dotycz\u0105ce zgodno\u015bci ustawy z Konstytucj\u0105 i prawem europejskim. W 2020 r. NSA ponowi\u0142 to pytanie przy okazji kontroli uchwa\u0142y gda\u0144skiej.<br \/>\nJe\u017celi Trybuna\u0142 stwierdzi, \u017ce ustawa jest niezgodna z Konstytucj\u0105, przepis statuuj\u0105cy obowi\u0105zek dostosowawczy utraci moc prawn\u0105 za\u015b gminy, w kt\u00f3rych na podstawie uchwalonych kodeks\u00f3w reklamowych zdemontowano no\u015bniki, stan\u0105 przed wieloma problemami, r\u00f3wnie\u017c finansowymi.<\/p>\n<p>Po skierowaniu pytania do Trybuna\u0142u Konstytucyjnego, Wojew\u00f3dzkie S\u0105dy Administracyjne (WSA) zacz\u0119\u0142y zawiesza\u0107 post\u0119powania ze skarg na uchwa\u0142y krajobrazowe do czasu rozstrzygni\u0119cia kwestii zgodno\u015bci ustawy z Konstytucj\u0105. Przypomnijmy, \u017ce od wielu lat trwaj\u0105 r\u00f3wnolegle prace nad zmian\u0105 ustawy o planowaniu i zagospodarowaniu przestrzennym. Nie wiemy, jaki kszta\u0142t b\u0119dzie mia\u0142a ostatecznie ta ustawa, jednak zapewne zmieni\u0105 si\u0119 przepisy dotycz\u0105ce ochrony krajobrazu. Ostatnie konsultacje odby\u0142y si\u0119 w styczniu 2022 r.<\/p>\n<p>Postanowienia ka\u017cdej uchwa\u0142y krajobrazowej s\u0105 bardzo istotne dla bran\u017cy OOH. Jednak pami\u0119tajmy, \u017ce dotycz\u0105 one wszystkich przedsi\u0119biorc\u00f3w dzia\u0142aj\u0105cych w miejscach, gdzie zaczynaj\u0105 obowi\u0105zywa\u0107 kodeksy reklamowe. W wi\u0119kszo\u015bci przypadk\u00f3w musz\u0105 oni ponie\u015b\u0107 koszty zmiany identyfikacji wizualnej miejsc prowadzenia dzia\u0142alno\u015bci. Na przyk\u0142ad w przypadku sieci handlowych czy galerii s\u0105 to cz\u0119sto kwoty siedmiocyfrowe.<\/p>\n<p>Poni\u017cej prezentujemy, jak maj\u0105 si\u0119 uchwa\u0142y krajobrazowe w miastach G8.\u00a0 Przedstawiamy je w kolejno\u015bci g\u0142osowa\u0144 przez poszczeg\u00f3lne Rady Miast i wed\u0142ug stopnia zaawansowania prac.<\/p>\n<h2>Uchwa\u0142y krajobrazowe: \u0141\u00f3d\u017a<\/h2>\n<p>\u0141\u00f3d\u017a jako pierwsze miasto wojew\u00f3dzkie uchwali\u0142a (16 listopada 2016 r.) kodeks reklamowy. Podstawowe postanowienia \u0142\u00f3dzkiej uchwa\u0142y krajobrazowej to:<\/p>\n<ul>\n<li>strefy \u2013 3;<\/li>\n<li>maksymalny format reklamy wolnostoj\u0105cej \u2013 18m<sup>2<\/sup>;<\/li>\n<li>reklama na elewacji podczas remont\u00f3w \u2013 maksymalnie 30% powierzchni, pozosta\u0142\u0105 cz\u0119\u015b\u0107 musi stanowi\u0107 odtworzenie elewacji, reklama mo\u017ce by\u0107 eksponowana nie d\u0142u\u017cej ni\u017c przez 8 miesi\u0119cy;<\/li>\n<li>reklama na elewacji \u2013 tylko w II strefie na \u015bcianach szczytowych, nie wi\u0119cej ni\u017c na 25% elewacji;<\/li>\n<li>szyldy \u2013 liczba i wielko\u015b\u0107 szyld\u00f3w s\u0105 bardzo ograniczone i zmieniaj\u0105 si\u0119 w zale\u017cno\u015bci od strefy, przeznaczenia obiektu, jego wysoko\u015bci, preferowan\u0105 form\u0105 szyld\u00f3w s\u0105 litery przestrzenne;<\/li>\n<li>zakazy \u2013 umieszczanie reklam na banerach, reklam wolnostoj\u0105cych bez sta\u0142ego zamocowania w gruncie oraz reklamy mobilnej;<\/li>\n<li>reklama cyfrowa \u2013 mocno ograniczona;<\/li>\n<li>murale \u2013 zakazane;<\/li>\n<li>okresy dostosowania \u2013 od 3 do 5 lat w zale\u017cno\u015bci od strefy;<\/li>\n<li>warunki dostosowania \u2013 nieokre\u015blone;<\/li>\n<li>prawa nabyte \u2013 nieuwzgl\u0119dnione;<\/li>\n<li>aktualizacja uchwa\u0142y \u2013 1.<\/li>\n<\/ul>\n<p>Poniewa\u017c uchwa\u0142a wprowadza\u0142a nier\u00f3wne traktowanie podmiot\u00f3w, w wielu kwestiach przekracza\u0142a upowa\u017cnienie ustawowe i zawiera\u0142a inne b\u0142\u0119dy \u2013 11 sierpnia 2017 r. WSA w \u0141odzi stwierdzi\u0142 niewa\u017cno\u015b\u0107 uchwa\u0142y w ca\u0142o\u015bci. W\u015br\u00f3d wielu zarzut\u00f3w najistotniejszym merytorycznie jest ten, \u017ce uchwa\u0142a krajobrazowa \u0141odzi nie wskazuje warunk\u00f3w dostosowania istniej\u0105cych tablic i urz\u0105dze\u0144 reklamowych do zapis\u00f3w uchwa\u0142y oraz \u017ce na nowo reguluje kwestie uregulowane w ustawie o drogach publicznych.<\/p>\n<p>W po\u0142owie pa\u017adziernika 2017 r. \u0141\u00f3d\u017a z\u0142o\u017cy\u0142a skarg\u0119 kasacyjn\u0105 do Naczelnego S\u0105du Administracyjnego (NSA). Po dw\u00f3ch latach oczekiwania, w pa\u017adzierniku 2019 r.\u00a0NSA rozpatrzy\u0142 skarg\u0119 i odes\u0142a\u0142 spraw\u0119 do ponownego rozpoznania do WSA. W styczniu 2020 r. WSA zawiesi\u0142 rozpatrzenie sprawy do czasu rozstrzygni\u0119cia przez Trybuna\u0142 Konstytucyjny kwestii zgodno\u015bci ustawy z\u00a0Konstytucj\u0105.<\/p>\n<h4>Nowa uchwa\u0142a w \u0141odzi?<\/h4>\n<p>Mimo zako\u0144czenia okres\u00f3w \u00a0dostosowania we wszystkich strefach (12 marca 2022 r. zako\u0144czy si\u0119 ostatni okres dostosowania), Miasto nie nak\u0142ada kar na w\u0142a\u015bcicieli no\u015bnik\u00f3w reklamowych. W lutym 2018 r. \u0141\u00f3d\u017a og\u0142osi\u0142a, \u017ce przyst\u0119puje do prac nad nowym kodeksem reklamowym. 7 marca 2018 r. uchwalono uchwa\u0142\u0119 intencyjn\u0105. Obecnie obowi\u0105zuj\u0105ca uchwa\u0142a ma zosta\u0107 uchylona, a w jej miejsce zostanie ustanowione nowe prawo dotycz\u0105ce reklam. W maju 2019 r. odby\u0142y si\u0119 konsultacje dotycz\u0105ce za\u0142o\u017ce\u0144 nowego projektu. Na razie trwaj\u0105 prace projektowe, jednak nie ma jeszcze dokumentu, kt\u00f3ry m\u00f3g\u0142by zosta\u0107 poddany konsultacjom ustawowym. Projekt ma zosta\u0107 udost\u0119pniony publicznie dopiero na etapie wy\u0142o\u017cenia, termin wy\u0142o\u017cenia za\u015b nie jest znany i nie nale\u017cy si\u0119 go spodziewa\u0107 wcze\u015bniej ni\u017c pod koniec drugiego kwarta\u0142u 2022 r. Na dzi\u015b nie ma decyzji o wprowadzaniu uchwa\u0142y o op\u0142atach reklamowych.<\/p>\n<p>Sytuacja w \u0141odzi jest dziwna: uchwa\u0142a obowi\u0105zuje, nikt nie egzekwuje jej przepis\u00f3w, a prace nad now\u0105 uchwa\u0142\u0105 przez 4 lata posun\u0119\u0142y si\u0119 do przodu niewiele. Urz\u0105d Miasta udost\u0119pni\u0142 stron\u0119, na kt\u00f3rej w przejrzysty spos\u00f3b mo\u017cna zapozna\u0107 si\u0119 z aktualn\u0105 uchwa\u0142\u0105: <a href=\"https:\/\/uml.lodz.pl\/dla-biznesu\/kodeks-reklamowy\/\" target=\"_blank\" rel=\"noopener noreferrer\">https:\/\/uml.lodz.pl\/dla-biznesu\/kodeks-reklamowy\/ <\/a>Pe\u0142ny tekst uchwa\u0142y krajobrazowej znajduje si\u0119 pod adresem:\u00a0<a href=\"https:\/\/bip.uml.lodz.pl\/files\/bip\/public\/user_upload\/uchwalal_-30112017104058.pdf\" target=\"_blank\" rel=\"noopener noreferrer\">https:\/\/bip.uml.lodz.pl\/files\/bip\/public\/user_upload\/uchwalal_-30112017104058.pdf<\/a><\/p>\n<p>Dodajmy, i\u017c od pocz\u0105tku 2016 r. w \u0141odzi obowi\u0105zuje r\u00f3wnie\u017c uchwa\u0142a o parku kulturowym ulicy Piotrkowskiej, kt\u00f3ra reguluje kwestie reklam w centrum miasta. Jednak we wrze\u015bniu 2020 r. WSA w \u0141odzi stwierdzi\u0142 jej niewa\u017cno\u015b\u0107 w ca\u0142o\u015bci. Miasto z\u0142o\u017cy\u0142o skarg\u0119 kasacyjn\u0105 do NSA, wyrok jest zatem nieprawomocny.<\/p>\n<h2>Uchwa\u0142y krajobrazowe: Gda\u0144sk<\/h2>\n<p>Gda\u0144sk uchwali\u0142 sw\u00f3j kodeks reklamowy na sesji Rady Miasta 22 lutego 2018 r. Podstawowe regulacje uchwa\u0142y:<\/p>\n<ul>\n<li>strefy \u2013 8;<\/li>\n<li>maksymalny format reklamy wolnostoj\u0105cej \u2013 18m<sup>2<\/sup>;<\/li>\n<li>reklama na elewacji podczas remont\u00f3w \u2013 jest dopuszczona tylko w niekt\u00f3rych strefach, mo\u017ce stanowi\u0107 od 30% do 100% powierzchni w zale\u017cno\u015bci od rodzaju budynku, reklama mo\u017ce by\u0107 eksponowana maksymalnie przez 12 miesi\u0119cy, raz na 5 lat;<\/li>\n<li>reklama na elewacji poza szyldami jest praktycznie zakazana;<\/li>\n<li>szyldy \u2013 liczba i wielko\u015b\u0107 szyld\u00f3w s\u0105 bardzo ograniczone i zmieniaj\u0105 si\u0119 w zale\u017cno\u015bci od strefy, przeznaczenia obiektu, jego wysoko\u015bci; preferowan\u0105 form\u0105 szyld\u00f3w s\u0105 litery przestrzenne;<\/li>\n<li>zakazy \u2013 umieszczanie reklam na banerach i siatkach reklamowych poza remontami;<\/li>\n<li>reklama cyfrowa \u2013 mocno ograniczona poza nale\u017c\u0105cymi do miasta \u201eterenami o funkcji widowiskowo-sportowej, kt\u00f3rej charakter wymaga niekonwencjonalnych form promocji\u201d;<\/li>\n<li>murale \u2013 dopuszczone w niekt\u00f3rych strefach;<\/li>\n<li>okresy dostosowania \u2013 2 lata;<\/li>\n<li>warunki dostosowania \u2013 cz\u0119\u015bciowo okre\u015blone;<\/li>\n<li>prawa nabyte \u2013 nieuwzgl\u0119dnione.<\/li>\n<\/ul>\n<p>Uchwa\u0142a gda\u0144ska jest obszerna (liczy 53 strony bez za\u0142\u0105cznik\u00f3w) i zapisana w skomplikowany spos\u00f3b, cz\u0119sto wymaga konsultacji prawnych. Mo\u017cna z ni\u0105 zapozna\u0107 si\u0119 na stronach Urz\u0119du Wojew\u00f3dzkiego <a href=\"http:\/\/edziennik.gdansk.uw.gov.pl\/legalact\/2018\/1034\/\" target=\"_blank\" rel=\"noopener noreferrer\">http:\/\/edziennik.gdansk.uw.gov.pl\/legalact\/2018\/1034\/<\/a> lub na stronie Gda\u0144skiego Zarz\u0105du Dr\u00f3g i Zieleni.<br \/>\nPonadto Gda\u0144sk przygotowa\u0142 stron\u0119 dla lokalnych przedsi\u0119biorc\u00f3w, kt\u00f3rzy musz\u0105 dostosowa\u0107 swoje szyldy do zapis\u00f3w uchwa\u0142y:\u00a0\u00a0<a href=\"http:\/\/www.uchwalakrajobrazowagdanska.pl\/\" target=\"_blank\" rel=\"noopener noreferrer\">http:\/\/www.uchwalakrajobrazowagdanska.pl\/ <\/a>Okres, w kt\u00f3rym nale\u017ca\u0142o dostosowa\u0107 reklamy (powsta\u0142e przed wej\u015bciem w \u017cycie uchwa\u0142y) do postanowie\u0144 uchwa\u0142y min\u0105\u0142 2 kwietnia 2020 r. Mimo cz\u0119\u015bciowego okre\u015blenia warunk\u00f3w dostosowania istniej\u0105cych reklam do postanowie\u0144 uchwa\u0142y nie znamy przypadku, aby Miasto wyda\u0142o zgod\u0119 na adaptacj\u0119 istniej\u0105cej reklamy. Sytuacja w chwili wprowadzenia uchwa\u0142y wygl\u0105da\u0142a tak, \u017ce prawie wszystkie istniej\u0105ce reklamy i szyldy nie spe\u0142nia\u0142y warunk\u00f3w uchwa\u0142y i powinny zosta\u0107 zdemontowane.<\/p>\n<h4>Jaki jest efekt uchwa\u0142y w Gda\u0144sku?<\/h4>\n<p>Efektem wprowadzenia uchwa\u0142y krajobrazowej w Gda\u0144sku jest likwidacja prawie wszystkich wolnostoj\u0105cych no\u015bnik\u00f3w systemowych. Pozosta\u0142y jedynie reklamy na wiatach przystankowych, kt\u00f3rych w\u0142a\u015bcicielem jest Miasto. Nie zauwa\u017cyli\u015bmy du\u017cych dzia\u0142a\u0144 Miasta w stosunku do szyld\u00f3w, kt\u00f3re r\u00f3wnie\u017c powinny by\u0107 dostosowane do przepis\u00f3w uchwa\u0142y. Wi\u0119kszo\u015b\u0107 du\u017cych sieci sprzeda\u017cowych dostosowa\u0142a si\u0119 do nowego prawa i jednocze\u015bnie z\u0142o\u017cy\u0142a pozwy do s\u0105du (np.:\u00a0<a href=\"https:\/\/noizz.pl\/design\/mcdonalds-pozywa-gdansk-za-uchwale-krajobrazowa\/1jn0z7k\" target=\"_blank\" rel=\"noopener noreferrer\">https:\/\/noizz.pl\/design\/mcdonalds-pozywa-gdansk-za-uchwale-krajobrazowa\/1jn0z7k<\/a>\u00a0).<\/p>\n<p>Po wej\u015bciu w \u017cycie uchwa\u0142y krajobrazowej Miasto przeprowadzi\u0142o przetargi\u00a0 na dzier\u017caw\u0119 teren\u00f3w w pasie drogowym pod usytuowanie no\u015bnik\u00f3w reklamowych oraz na dzier\u017caw\u0119 wiat przystankowych. \u00a0Tym samym prawie wszystkie no\u015bniki reklamowe w przestrzeni publicznej znikn\u0119\u0142y z teren\u00f3w prywatnych i znalaz\u0142y si\u0119 na terenach nale\u017c\u0105cych do Miasta. Czy zatem na pewno chodzi\u0142o tylko o ochron\u0119 krajobrazu?<\/p>\n<h2>Uchwa\u0142y krajobrazowe: Warszawa<\/h2>\n<p>Warszawska uchwa\u0142a krajobrazowa zosta\u0142a ustanowiona na sesji Rady Miasta 16 stycznia 2020 r.\u00a0 Miesi\u0105c p\u00f3\u017aniej Wojewoda Mazowiecki opublikowa\u0142 rozstrzygni\u0119cie nadzorcze i stwierdzi\u0142 niewa\u017cno\u015b\u0107 ca\u0142ej uchwa\u0142y. Powodem takiej decyzji nie by\u0142a niech\u0119\u0107 Wojewody do porz\u0105dkowania przestrzeni publicznej, ale niezgodno\u015b\u0107 przepis\u00f3w uchwa\u0142y z prawem.<\/p>\n<p>Miasto z\u0142o\u017cy\u0142o skarg\u0119 na rozstrzygni\u0119cie Wojewody. 8 grudnia 2020 r. odby\u0142a si\u0119 rozprawa przed WSA w Warszawie. S\u0105d oddali\u0142 skarg\u0119, po czym 10 lutego 2021 r. opublikowa\u0142 uzasadnienie wyroku:\u00a0<a href=\"http:\/\/www.orzeczenia-nsa.pl\/wyrok\/iv-sa-wa-899-20\/229ec0c.html\" target=\"_blank\" rel=\"noopener noreferrer\">http:\/\/www.orzeczenia-nsa.pl\/wyrok\/iv-sa-wa-899-20\/229ec0c.html<\/a><u>\u00a0 <\/u>przyznaj\u0105c cz\u0119\u015bciow\u0105 racj\u0119 argumentom Wojewody i utrzymuj\u0105c uniewa\u017cnienie uchwa\u0142y w mocy.<\/p>\n<p>Miasto zrezygnowa\u0142o ze z\u0142o\u017cenia skargi kasacyjnej do NSA i podj\u0119\u0142o decyzj\u0119 o powt\u00f3rnym procedowaniu uchwa\u0142y we wskazanym przez WSA zakresie. Pomimo korzystnego wyroku Wojewoda z\u0142o\u017cy\u0142 skarg\u0119 kasacyjn\u0105 do NSA, w zakresie kt\u00f3ry dotyczy\u0142 jedynie tych argument\u00f3w, kt\u00f3rych nie uzna\u0142 WSA. We wrze\u015bniu 2021 r. zapad\u0142 wyrok NSA. S\u0105d podzieli\u0142 niekt\u00f3re z argument\u00f3w Wojewody dotycz\u0105cych naruszenia prawa materialnego stwierdzaj\u0105c, \u017ce:<\/p>\n<ul>\n<li>uchwa\u0142a nie mo\u017ce okre\u015bla\u0107 liczby dopuszczonych na danej nieruchomo\u015bci no\u015bnik\u00f3w reklamowych nieb\u0119d\u0105cych szyldami,<\/li>\n<li>ponadto nie mo\u017ce dotyczy\u0107 s\u0142upk\u00f3w wygradzaj\u0105cych oraz ogrodze\u0144, b\u0119d\u0105cych elementami bezpiecze\u0144stwa ruchu drogowego,<\/li>\n<li>oraz nie mo\u017ce dotyczy\u0107 tablic urz\u0119dowych.<\/li>\n<\/ul>\n<p>Jednocze\u015bnie uzna\u0142 argumenty Miasta stwierdzaj\u0105c, \u017ce uchwa\u0142a mo\u017ce regulowa\u0107:<\/p>\n<ul>\n<li>gabaryty i a\u017curowo\u015b\u0107 szyld\u00f3w, nawet je\u015bli ogranicza to gam\u0119 materia\u0142\u00f3w, z kt\u00f3rych mo\u017cna je wykona\u0107,<\/li>\n<li>tablice informuj\u0105ce o finansowaniu inwestycji publicznych ze \u015brodk\u00f3w zewn\u0119trznych,<\/li>\n<li>szyldy b\u0119d\u0105ce muralami.<\/li>\n<\/ul>\n<h3>Uzasadnienie wyroku<\/h3>\n<p>Z uzasadnieniem wyroku opublikowanym w styczniu 2022 r. mo\u017cna zapozna\u0107 si\u0119 pod adresem: <a href=\"https:\/\/orzeczenia.nsa.gov.pl\/doc\/46E6BF7005\" target=\"_blank\" rel=\"noopener noreferrer\">https:\/\/orzeczenia.nsa.gov.pl\/doc\/46E6BF7005<\/a><\/p>\n<p>Nale\u017cy zauwa\u017cy\u0107, i\u017c w uzasadnieniu pisemnym - w przeciwie\u0144stwie do uzasadnienia ustnego - NSA nie wskaza\u0142, \u017ce Rada Miasta musi procedowa\u0107 uchwa\u0142\u0119 od nowa. NSA nie odni\u00f3s\u0142 si\u0119 do tego zagadnienia, poniewa\u017c nie by\u0142o ono przedmiotem skargi kasacyjnej. Zatem mamy wyrok, z kt\u00f3rego nie wynika jasno, czy ca\u0142y proces musi rozpocz\u0105\u0107 si\u0119 od powstania nowej uchwa\u0142y intencyjnej, czy te\u017c po wprowadzeniu niezb\u0119dnych poprawek mo\u017cna ponownie wy\u0142o\u017cy\u0107 dotychczasowy projekt.<br \/>\nPami\u0119tajmy r\u00f3wnie\u017c, \u017ce spraw\u0105 uchwa\u0142y zajmuje si\u0119 UOKiK (Urz\u0105d Ochrony Konkurencji i Konsument\u00f3w) <a href=\"https:\/\/www.uokik.gov.pl\/aktualnosci.php?news_id=16204\" target=\"_blank\" rel=\"noopener noreferrer\">https:\/\/www.uokik.gov.pl\/aktualnosci.php?news_id=16204<\/a><\/p>\n<h3>Co dalej?<\/h3>\n<p>Wygl\u0105da na to, \u017ce Warszawa podj\u0119\u0142a decyzj\u0119. W listopadzie ub. r. na stronie Miasta pojawi\u0142a si\u0119 informacja, i\u017c urz\u0105d \u201ewznawia prace nad uchwa\u0142\u0105 krajobrazow\u0105. Zgodnie z precedensowym, wrze\u015bniowym wyrokiem Naczelnego S\u0105du Administracyjnego \u2013 projekt po wprowadzeniu niezb\u0119dnych zmian b\u0119dzie musia\u0142 zosta\u0107 ponownie uzgodniony i wy\u0142o\u017cony. Nast\u0119pnie, po rozpatrzeniu uwag mieszka\u0144c\u00f3w zajm\u0105 si\u0119 nim sto\u0142eczni radni.\u201d<br \/>\nMoim zdaniem ta droga spowoduje wydanie przez Wojewod\u0119 rozstrzygni\u0119cia nadzorczego uchylaj\u0105cego kolejn\u0105 uchwa\u0142\u0119.<\/p>\n<p>Sprawa uchwa\u0142y warszawskiej jest w toku lub na pocz\u0105tku drogi legislacyjnej, nie nale\u017cy jednak spodziewa\u0107 si\u0119 istotnych zmian merytorycznych, dlatego przedstawiamy dotychczasowe g\u0142\u00f3wne za\u0142o\u017cenia projektu:<\/p>\n<ul>\n<li>strefy \u2013 3, dodatkowo uchwa\u0142a wyodr\u0119bnia ci\u0105gi komunikacyjne;<\/li>\n<li>maksymalny format reklamy wolnostoj\u0105cej \u2013 18m<sup>2<\/sup>;<\/li>\n<li>reklama na elewacji podczas remont\u00f3w \u2013 mo\u017ce by\u0107 eksponowana maksymalnie przez 9 miesi\u0119cy, raz na 5 lat;<\/li>\n<li>reklama na elewacji \u2013 tylko na elewacjach bez okien (z zastrze\u017ceniami);<\/li>\n<li>szyldy \u2013 liczba i wielko\u015b\u0107 szyld\u00f3w s\u0105 ograniczone, preferowan\u0105 form\u0105 szyld\u00f3w s\u0105 litery przestrzenne;<\/li>\n<li>zakazy \u2013 umieszczanie reklam na oknach, dachach budynk\u00f3w, przed budynkami publicznymi, w bliskiej odleg\u0142o\u015bci od siebie, na terenach ochrony konserwatorskiej i przyrodniczej i wiele innych;<\/li>\n<li>reklama cyfrowa \u2013 w du\u017cym stopniu ograniczona mo\u017cliwo\u015bciami technicznymi;<\/li>\n<li>okres dostosowania \u2013 2 lata;<\/li>\n<li>warunki dostosowania \u2013 praktycznie nieokre\u015blone;<\/li>\n<li>prawa nabyte \u2013 nieuwzgl\u0119dnione.<\/li>\n<\/ul>\n<p>Z ca\u0142ym projektem uchwa\u0142y krajobrazowej mo\u017cna zapozna\u0107 si\u0119 pod adresem:\u00a0<a href=\"https:\/\/edziennik.mazowieckie.pl\/WDU_W\/2020\/1373\/akt.pdf\" target=\"_blank\" rel=\"noopener noreferrer\">https:\/\/edziennik.mazowieckie.pl\/WDU_W\/2020\/1373\/akt.pdf<\/a><br \/>\nNatomiast z\u00a0 rozstrzygni\u0119ciem nadzorczym Wojewody mo\u017cna\u00a0 zapozna\u0107 pod adresem:\u00a0<a href=\"https:\/\/edziennik.mazowieckie.pl\/WDU_W\/2020\/2529\/akt.pdf\" target=\"_blank\" rel=\"noopener noreferrer\">https:\/\/edziennik.mazowieckie.pl\/WDU_W\/2020\/2529\/akt.pdf<\/a><\/p>\n<h2>Uchwa\u0142y krajobrazowe: Krak\u00f3w<\/h2>\n<p>Prace nad uchwa\u0142\u0105 w Krakowie rozpocz\u0119\u0142y si\u0119 w pa\u017adzierniku 2015 r. Przez ten czas wy\u0142o\u017cono 3 projekty. 26 lutego 2020 r. Rada Miasta Krakowa zdecydowan\u0105 wi\u0119kszo\u015bci\u0105 g\u0142os\u00f3w przyj\u0119\u0142a uchwa\u0142\u0119 krajobrazow\u0105. Uchwa\u0142a opublikowano 9 marca 2020 r. w \u00a0Dzienniku Urz\u0119dowym Wojew\u00f3dztwa Ma\u0142opolskiego i zacz\u0119\u0142a \u00a0obowi\u0105zywa\u0107 1 lipca 2020 r. G\u0142\u00f3wne regulacje wygl\u0105daj\u0105 nast\u0119puj\u0105co:<\/p>\n<ul>\n<li>strefy \u2013 5; dodatkowo uchwa\u0142a okre\u015bla inne warunki dla ci\u0105g\u00f3w komunikacyjnych i teren\u00f3w sklep\u00f3w wielkopowierzchniowych i stacji benzynowych;<\/li>\n<li>maksymalny format reklamy wolnostoj\u0105cej \u2013 18m<sup>2<\/sup>;<\/li>\n<li>reklama na elewacji podczas remont\u00f3w \u2013 jest dopuszczona tylko w niekt\u00f3rych strefach, ekspozycja reklamy mo\u017ce stanowi\u0107 do 50% powierzchni banneru, reklama mo\u017ce by\u0107 eksponowana maksymalnie przez 12 miesi\u0119cy raz na 7 lat;<\/li>\n<li>szyldy \u2013 liczba i wielko\u015b\u0107 szyld\u00f3w s\u0105 bardzo ograniczone i zmieniaj\u0105 si\u0119 w zale\u017cno\u015bci od strefy, wysoko\u015bci i przeznaczenia obiektu, miejsca umieszczenia, preferowan\u0105 form\u0105 szyld\u00f3w s\u0105 litery przestrzenne;<\/li>\n<li>reklama cyfrowa \u2013 praktycznie zakazana, za wyj\u0105tkiem niekt\u00f3rych ma\u0142ych form i ekranu o powierzchni ponad 5 tys. m<sup>2<\/sup> zamontowanego na Tauron Arena w Krakowie, gdzie reklama jest mo\u017cliwa w czasie imprez;<\/li>\n<li>murale \u2013 zakaz;<\/li>\n<li>okresy dostosowania \u2013 2 lata;<\/li>\n<li>warunki dostosowania \u2013 cz\u0119\u015bciowo okre\u015blone;<\/li>\n<li>prawa nabyte \u2013 nieuwzgl\u0119dnione.<\/li>\n<\/ul>\n<p>Wszystkie dokumenty znajduj\u0105 si\u0119 na stronie BIP:\u00a0<a href=\"https:\/\/www.bip.krakow.pl\/?dok_id=71173&amp;metka=1&amp;vReg=1#uchwalanie\" target=\"_blank\" rel=\"noopener noreferrer\">https:\/\/www.bip.krakow.pl\/?dok_id=71173&amp;metka=1&amp;vReg=1#uchwalanie<\/a><\/p>\n<p>Okres dostosowania dla reklam, kt\u00f3re istnia\u0142y przed wprowadzeniem uchwa\u0142y krajobrazowej minie 1 lipca 2022 r.<br \/>\n30 wrze\u015bnia 2020 r. na sesji Rady Miasta Krakowa odby\u0142o si\u0119 pierwsze czytanie projektu uchwa\u0142y dotycz\u0105cej wprowadzenia op\u0142aty reklamowej. Uchwa\u0142a nie znalaz\u0142a poparcia u radnych.<br \/>\nWspomn\u0119 te\u017c, \u017ce w Krakowie s\u0105 dwa parki kulturowe: Stare Miasto (od 2010 r.) oraz Nowa Huta (od 2020 r.). Trwaj\u0105 prace nad utworzeniem park\u00f3w kulturowych: Kazimierz ze Stradomiem i Stare Podg\u00f3rze z Krzemionkami.<\/p>\n<h2>Uchwa\u0142y krajobrazowe: Szczecin<\/h2>\n<p>Przyst\u0105pienie do prac nad uchwa\u0142\u0105 w Szczecinie poprzedzi\u0142a szczeg\u00f3\u0142owa inwentaryzacja. Pokaza\u0142a ona, \u017ce jedynie 19% reklam w mie\u015bcie jest ustawionych legalnie. Jako jedyne miasto w G8 Szczecin skonstruowa\u0142 sw\u00f3j kodeks na bazie istniej\u0105cych plan\u00f3w miejscowych (pozosta\u0142e miasta wprowadzaj\u0105c uchwa\u0142y reklamowe zmieni\u0105 miejscowe plany zagospodarowania przestrzennego).<br \/>\nTaka strategia powoduje podzia\u0142 miasta na tyle stref, ile zosta\u0142o uchwalonych plan\u00f3w miejscowych plus 1 dla strefy, w kt\u00f3rej brak planu miejscowego. Z jednej strony jest to najbardziej skomplikowany i najobszerniejszy projekt uchwa\u0142y (gdyby wydrukowa\u0107 ca\u0142o\u015b\u0107 otrzymaliby\u015bmy ponad 1000 stron), Jednak je\u017celi wybierzemy konkretn\u0105 lokalizacj\u0119, uchwa\u0142a dla tego miejsca b\u0119dzie bardzo czytelna i skondensowana. Podstawowe za\u0142o\u017cenia projektu uchwa\u0142y w miejscach, w kt\u00f3rych nie ma plan\u00f3w miejscowych, przewiduj\u0105:<\/p>\n<ul>\n<li>maksymalny format reklamy wolnostoj\u0105cej \u2013 48m<sup>2<\/sup><\/li>\n<li>reklama na elewacji podczas remont\u00f3w \u2013 dopuszczona na ca\u0142ej powierzchni rusztowania przez okres 3 miesi\u0119cy raz na 5 lat;<\/li>\n<li>reklama na elewacji \u2013 do 10% powierzchni elewacji (z zastrze\u017ceniami);<\/li>\n<li>szyldy \u2013 na jedn\u0105 dzia\u0142alno\u015b\u0107 gospodarcz\u0105 przys\u0142uguje 1 szyld o powierzchni 0,3 m2;<\/li>\n<li>zakazy \u2013 umieszczanie reklam na ogrodzeniach, terenach zielonych, urz\u0105dzeniach bezpiecze\u0144stwa ruchu drogowego, obszarach wodnych, reklam na przystankach przekraczaj\u0105cych 30% powierzchni wiaty;<\/li>\n<li>reklama cyfrowa \u2013 dopuszczona, z wyj\u0105tkiem reklam o niskiej rozdzielczo\u015bci;<\/li>\n<li>murale \u2013 traktowane jak reklama na elewacji;<\/li>\n<li>okresy dostosowania \u2013 2 lata;<\/li>\n<li>warunki dostosowania \u2013 cz\u0119\u015bciowo okre\u015blone;<\/li>\n<li>prawa nabyte \u2013uwzgl\u0119dnione.<\/li>\n<\/ul>\n<p>Termin wy\u0142o\u017cenia i zg\u0142aszania uwag do projektu min\u0105\u0142 w marcu 2017 r. Zesp\u00f3\u0142 projektowy zako\u0144czy\u0142 prace i przekaza\u0142 gotowy dokument do Rady Miasta, kt\u00f3ra zapewne nie podejmie decyzji o g\u0142osowaniu tej uchwa\u0142y. Projekt szczeci\u0144skiej uchwa\u0142y jest najd\u0142u\u017cej zamro\u017conym dokumentem spo\u015br\u00f3d kodeks\u00f3w reklamowych. Ostatnia aktualizacja na stronie dotycz\u0105cej uchwa\u0142y krajobrazowej pochodzi z wrze\u015bnia 2017 r.<br \/>\nZ projektem mo\u017cna zapozna\u0107 si\u0119 pod adresem:\u00a0<a href=\"http:\/\/krajobraz.szczecin.pl\/chapter_139000.asp\" target=\"_blank\" rel=\"noopener noreferrer\">http:\/\/krajobraz.szczecin.pl\/chapter_139000.asp<\/a><\/p>\n<p>Mo\u017cliwe, i\u017c w tym roku zostanie powo\u0142any zesp\u00f3\u0142 projektowy, kt\u00f3ry w zwi\u0105zku z tym rozpocznie prace nad nowym projektem uchwa\u0142y.<\/p>\n<h2>Uchwa\u0142y krajobrazowe: Pozna\u0144<\/h2>\n<p>Uchwa\u0142\u0119 intencyjn\u0105 Pozna\u0144 przyj\u0105\u0142 najp\u00f3\u017aniej ze wszystkich miast G8 - w marcu 2017 r. Prace nad projektem trwa\u0142y od pocz\u0105tku 2017 r. Od maja 2019 r. mo\u017cna by\u0142o zapozna\u0107 si\u0119 z projektem uchwa\u0142y. W lutym 2021 r. odby\u0142o si\u0119 pierwsze wy\u0142o\u017cenie projektu, w pa\u017adzierniku drugie. Projekt jest obecnie przekazywany do Rady Miasta i mo\u017cliwe, \u017ce ju\u017c w marcu 2022 r. odb\u0119dzie si\u0119 g\u0142osowanie.<\/p>\n<p>Pozna\u0144ski dokument jest napisany przejrzy\u015bcie, zrozumiale. W skr\u00f3cie za\u0142o\u017cenia uchwa\u0142y przedstawiaj\u0105 si\u0119 nast\u0119puj\u0105co:<\/p>\n<ul>\n<li>strefy \u2013 s\u0105 4: staromiejska, centrum i historyczne dzielnice, zurbanizowana, przyrodnicza;<\/li>\n<li>maksymalny format reklamy wolnostoj\u0105cej \u2013 18m<sup>2<\/sup>;<\/li>\n<li>w przypadku no\u015bnik\u00f3w wolnostoj\u0105cych dopuszczona s\u0105 jedynie no\u015bniki o wy\u017cszym standardzie \u2013 backlight i cyfrowe;<\/li>\n<li>reklama na elewacji podczas remont\u00f3w \u2013 mo\u017ce by\u0107 eksponowana maksymalnie na 50% powierzchni siatki ochronnej przez 1 rok, ponownie mo\u017cna j\u0105 umie\u015bci\u0107 po up\u0142ywie 5 lat;<\/li>\n<li>reklama na elewacji \u2013 tylko niewielkie formy; na \u015bcianach \u015blepych\u00a0 w obszarze zurbanizowanym do 36 m<sup>2<\/sup>;<\/li>\n<li>szyldy \u2013 liczba, wielko\u015b\u0107 zale\u017cy od typu no\u015bnika i strefy;<\/li>\n<li>reklama cyfrowa \u2013 dopuszczona z pewnymi ograniczeniami;<\/li>\n<li>murale \u2013 od 5% do 50% powierzchni elewacji w zale\u017cno\u015bci od strefy;<\/li>\n<li>okresy dostosowania \u2013 od 1 roku do 5 lat w zale\u017cno\u015bci od strefy;<\/li>\n<li>warunki dostosowania \u2013 okre\u015blono cz\u0119\u015bciowo wy\u0142\u0105czaj\u0105c z nich wiaty przystankowe;<\/li>\n<li>prawa nabyte \u2013 nie s\u0105 uwzgl\u0119dnione.<\/li>\n<\/ul>\n<h4>Miasto firm\u0105 OOH?<\/h4>\n<p>W 2018 r. Pozna\u0144\u00a0 przekaza\u0142 s\u0142upy reklamowe pod zarz\u0105d sp\u00f3\u0142ki miejskiej, Mi\u0119dzynarodowych Targ\u00f3w Pozna\u0144skich (MTP). W lipcu 2019 r. Miasto zako\u0144czy\u0142o proces przekazywania MTP r\u00f3wnie\u017c wiat przystankowych. Oznacza to, \u017ce miasto Pozna\u0144 \u00a0jest w\u0142a\u015bcicielem firmy outdoorowej, kt\u00f3ra zarz\u0105dza jednymi z najciekawszych lokalizacji w mie\u015bcie.<\/p>\n<p>Wydzia\u0142 Urbanistyki i Architektury udost\u0119pnia stron\u0119 z informacjami o uchwale:\u00a0<a href=\"http:\/\/www.poznan.pl\/krajobrazowa\/\" target=\"_blank\" rel=\"noopener noreferrer\">http:\/\/www.poznan.pl\/krajobrazowa\/<\/a> Tutaj mo\u017cna r\u00f3wnie\u017c zapozna\u0107 si\u0119 z ostatnim projektem uchwa\u0142y. Nie opublikowano ostatecznej wersji projektu, kt\u00f3ra b\u0119dzie przekazana do g\u0142osowania. Po jej otrzymaniu radni podejm\u0105 decyzj\u0119 o terminie g\u0142osowania. Pierwszy mo\u017cliwy termin to 8 marca 2022 r.<\/p>\n<p>Od lutego 2018 r. Pozna\u0144 ma park kulturowy, kt\u00f3ry obejmuje g\u0142\u00f3wnie obszar Starego Miasta:\u00a0<a href=\"https:\/\/www.poznan.pl\/mim\/main\/o-parku-kulturowym,p,39836,39839.html\" target=\"_blank\" rel=\"noopener noreferrer\">https:\/\/www.poznan.pl\/mim\/main\/o-parku-kulturowym,p,39836,39839.html<\/a><\/p>\n<h2>Uchwa\u0142y krajobrazowe: Wroc\u0142aw<\/h2>\n<p>We Wroc\u0142awiu do\u015b\u0107 wcze\u015bnie zacz\u0119to prace nad \u00a0projektem uchwa\u0142y krajobrazowej. Jeszcze zanim powsta\u0142 projekt uchwa\u0142y, w 2014 r. w mie\u015bcie powo\u0142ano park kulturowy, kt\u00f3ry uporz\u0105dkowa\u0142 historyczne centrum miasta. Za przygotowanie uchwa\u0142y odpowiada Wydzia\u0142 Architektury i Zabytk\u00f3w, kt\u00f3rego powstanie jest efektem kolejnej reorganizacji w Urz\u0119dzie Miejskim. Pierwsze spotkanie konsultacyjne odby\u0142o si\u0119 we wrze\u015bniu 2017 r.<\/p>\n<p><a href=\"https:\/\/www.wroclaw.pl\/rozmawia\/lad-miedzy-budynkami-dwa-etapy-konsultacji-za-nami\" target=\"_blank\" rel=\"noopener noreferrer\">https:\/\/www.wroclaw.pl\/rozmawia\/lad-miedzy-budynkami-dwa-etapy-konsultacji-za-nami<\/a>, a kolejne w kwietniu 2021 roku: <a href=\"https:\/\/www.wroclaw.pl\/rozmawia\/jaka-bedzie-uchwala-krajobrazowa-e-spotkania\" target=\"_blank\" rel=\"noopener noreferrer\">https:\/\/www.wroclaw.pl\/rozmawia\/jaka-bedzie-uchwala-krajobrazowa-e-spotkania<\/a>. Jednak na stronie BIP mo\u017cna znale\u017a\u0107 informacj\u0119, i\u017c termin opublikowania wynik\u00f3w konsultacji uleg\u0142 wyd\u0142u\u017ceniu.<\/p>\n<p>Projekt uchwa\u0142y do publicznego wgl\u0105du na prze\u0142omie kwietnia i maja 2021 r. Uwagi mo\u017cna by\u0142o wnosi\u0107 do 24 maja 2021 r.<\/p>\n<p>Tu informacje oficjalne si\u0119 ko\u0144cz\u0105. Ze strony internetowej znikn\u0105\u0142 projekt uchwa\u0142y za\u015b informacja otrzyma\u0142a status archiwalnej: <a href=\"https:\/\/bip.um.wroc.pl\/artykul\/376\/51240\/projekt-uchwaly-w-sprawie-zasad-i-warunkow-sytuowania-obiektow-malej-architektury-tablic-reklamowych-i-urzadzen-reklamowych-oraz-ogrodzen\" target=\"_blank\" rel=\"noopener noreferrer\">https:\/\/bip.um.wroc.pl\/artykul\/376\/51240\/projekt-uchwaly-w-sprawie-zasad-i-warunkow-sytuowania-obiektow-malej-architektury-tablic-reklamowych-i-urzadzen-reklamowych-oraz-ogrodzen<\/a><\/p>\n<p>Projekt jest oczywi\u015bcie dost\u0119pny w Urz\u0119dzie Miasta.<\/p>\n<h4>Projekt w szczeg\u00f3\u0142ach<\/h4>\n<p>Wroc\u0142awski projekt napisano odmiennie ni\u017c w innych miastach. Wroc\u0142aw okre\u015bla konkretne miejsca, w kt\u00f3rych mo\u017ce stan\u0105\u0107 no\u015bnik w konkretnym \u00a0formacie. W skr\u00f3cie regulacje uchwa\u0142y przedstawiaj\u0105 si\u0119 nast\u0119puj\u0105co:<\/p>\n<ul>\n<li>strefy \u2013 brak tradycyjnego podzia\u0142u r\u00f3\u017cnicuj\u0105cego zasady sytuowania no\u015bnik\u00f3w. Ze wzgl\u0119d\u00f3w organizacyjnych miasto podzielono na ponad 100 obszar\u00f3w, z kt\u00f3rych ka\u017cdy opisano w oddzielnym punkcie z naniesionymi lokalizacjami, w kt\u00f3rych mo\u017cna ustawi\u0107 s\u0142up reklamowy i tablic\u0119 ma\u0142ego, \u015bredniego, du\u017cego lub wielkiego formatu;<\/li>\n<li>maksymalny format reklamy wolnostoj\u0105cej \u2013 36m<sup>2<\/sup>;<\/li>\n<li>dominuj\u0105cym formatem jest CLP oraz tablice do 9m<sup>2<\/sup>;<\/li>\n<li>reklama na elewacji podczas remont\u00f3w \u2013 mo\u017cna j\u0105 maksymalnie\u00a0 eksponowa\u0107 na 1\/3 powierzchni siatki ochronnej maksymalnie przez 1 rok, ponownie mo\u017cna j\u0105 umie\u015bci\u0107 po up\u0142ywie 10 lat;<\/li>\n<li>reklama na elewacji \u2013 tylko niewielkie formy;<\/li>\n<li>szyldy \u2013 ich liczba i wielko\u015b\u0107 zale\u017cy od wielu czynnik\u00f3w;<\/li>\n<li>reklama cyfrowa \u2013 dopuszczona na formacie do 18m<sup>2<\/sup> z zastrze\u017ceniami, ograniczeniami i wyj\u0105tkami;<\/li>\n<li>murale \u2013 10% powierzchni muralu mo\u017ce zawiera\u0107 tre\u015bci reklamowe;<\/li>\n<li>okresy dostosowania \u2013 2 lata w zale\u017cno\u015bci od strefy;<\/li>\n<li>warunki dostosowania \u2013 okre\u015blono cz\u0119\u015bciowo;<\/li>\n<li>prawa nabyte \u2013 cz\u0119\u015bciowo uwzgl\u0119dnione.<\/li>\n<\/ul>\n<p>Obecnie trwaj\u0105 konsultacje wewn\u0105trz Urz\u0119du dotycz\u0105ce ostatecznego kszta\u0142tu projektu po wprowadzeniu uwag, poprawki nie maj\u0105 jak do tej pory charakteru istotnych zmian. Nie rozstrzygni\u0119to kwestii powt\u00f3rnego wy\u0142o\u017cenia. Je\u017celi nie b\u0119dzie ponownego wy\u0142o\u017cenia - najszybszym terminem, w kt\u00f3rym mo\u017cna spodziewa\u0107 si\u0119 g\u0142osowania jest kwiecie\u0144 2022 r.<br \/>\nZe zrealizowanym projektem Parku Kulturowego mo\u017cna zapozna\u0107 si\u0119 pod adresem:\u00a0<a href=\"https:\/\/www.wroclaw.pl\/park-kulturowy-wroclaw\" target=\"_blank\" rel=\"noopener noreferrer\">https:\/\/www.wroclaw.pl\/park-kulturowy-wroclaw<\/a><\/p>\n<h2>Uchwa\u0142y krajobrazowe: Katowice<\/h2>\n<p>W Katowicach zaproponowano odmienne podej\u015bcie do tematu. Rozpisano przetarg na wykonanie inwentaryzacji wybranych miejsc i obszar\u00f3w miasta, okre\u015blenie podzia\u0142u miasta na strefy oraz przygotowanie wst\u0119pnych za\u0142o\u017ce\u0144 dla zasad i warunk\u00f3w na potrzeby opracowania projektu uchwa\u0142y. Przetarg wygra\u0142a firma PwC Polska Sp. z o.o., kt\u00f3ra po wykonaniu prac przedstawi\u0142a wnioski na spotkaniu z zainteresowanymi stronami. Spotkanie odby\u0142o si\u0119\u00a0we wrze\u015bniu 2017 r. Szkoda, \u017ce przedstawione na nim wnioski by\u0142y ma\u0142o precyzyjne i wykaza\u0142y niewielk\u0105 znajomo\u015b\u0107 tematu przez PwC.<\/p>\n<p>30 pa\u017adziernika 2017 r. odby\u0142o si\u0119 ostatnie spotkanie konsultacyjne. Pod koniec 2017 r. Miasto opublikowa\u0142o wyniki konsultacji spo\u0142ecznych oraz stanowisko Prezydenta Miasta Katowice wobec zg\u0142oszonych wniosk\u00f3w. Nast\u0119pnie Wydzia\u0142 Budownictwa i Planowania Przestrzennego przygotowa\u0142 projekt uchwa\u0142y, kt\u00f3ry czeka na konsultacje. O dalszym losie projektu zadecyduj\u0105 zapewne zmiany ustawowe i wnioski z wprowadzania uchwa\u0142 krajobrazowych w innych miastach. Dodajmy, \u017ce Katowice maj\u0105 w planach miejscowych wiele przepis\u00f3w odnosz\u0105cych si\u0119 do reklam.<br \/>\nMiasto udost\u0119pni\u0142o stron\u0119 o kodeksie reklamowym, ostatni wpis jest z pa\u017adziernika 2017 r.<br \/>\n<a href=\"https:\/\/www.katowice.eu\/Konsultacje\/Strony\/uchwa%C5%82a-krajobrazowa.aspx\" target=\"_blank\" rel=\"noopener noreferrer\">https:\/\/www.katowice.eu\/Konsultacje\/Strony\/uchwa%C5%82a-krajobrazowa.aspx<\/a><\/p>\n<p>Obecnie w Urz\u0119dzie\u00a0 trwaj\u0105 prace nad projektem, nie przybra\u0142 on jednak jeszcze formy niezb\u0119dnej do konsultacji ustawowych. Na razie nie ma jeszcze konkretnego harmonogramu prac.<\/p>\n<h3>Na zako\u0144czenie<\/h3>\n<p>W Polsce jest blisko 2500 gmin. Ka\u017cda z nich ma mo\u017cliwo\u015b\u0107 uchwalenia swojego prawa lokalnego dotycz\u0105cego reklam, ogrodze\u0144 i obiekt\u00f3w ma\u0142ej architektury. Dotychczas niewiele ponad 40 gmin uchwali\u0142o uchwa\u0142y krajobrazowe, nie zawsze skutecznie. Jest wiele powod\u00f3w, dla kt\u00f3rych tak niewiele urz\u0119d\u00f3w zdecydowa\u0142o si\u0119 na podj\u0119cie wyzwania, aby wprowadzi\u0107 uchwa\u0142y krajobrazowe:<\/p>\n<ul>\n<li>Nie ka\u017cda gmina ma tak\u0105 potrzeb\u0119. Edukuj\u0105c lokalny rynek i wskazuj\u0105c dobre praktyki mo\u017cna osi\u0105gn\u0105\u0107 po\u017c\u0105dany efekt. Poza tym istnieje prawo budowlane, kt\u00f3re w niekt\u00f3rych przypadkach jest dobrym i wystarczaj\u0105cym narz\u0119dziem.<\/li>\n<li>W\u0105tpliwo\u015bci budzi zgodno\u015b\u0107 ustawy krajobrazowej z Konstytucj\u0105.<\/li>\n<li>Wi\u0119kszo\u015b\u0107 samorz\u0105d\u00f3w obawia si\u0119, \u017ce uchwa\u0142y krajobrazowe mog\u0105 uderzy\u0107 w lokalnych przedsi\u0119biorc\u00f3w.<\/li>\n<li>Przepisy ustawy krajobrazowej s\u0105 niejasne za\u015b procedura skomplikowana.<\/li>\n<li>Uchwa\u0142y krajobrazowe s\u0105 kosztowne - proces ich powstawania wymaga nak\u0142ad\u00f3w.<\/li>\n<\/ul>\n<h3>Dlaczego zatem cz\u0119\u015b\u0107 gmin podejmuje decyzj\u0119 o tym, aby przygotowa\u0107 i g\u0142osowa\u0107 uchwa\u0142y krajobrazowe?<\/h3>\n<p>Spotka\u0142em si\u0119 z r\u00f3\u017cnymi motywacjami. Oczywi\u015bcie dla du\u017cych miast spraw\u0105\u00a0 najistotniejsz\u0105 jest uporz\u0105dkowanie przestrzeni publicznej z nadmiaru reklam. Tu jednak wiele gmin pope\u0142nia b\u0142\u0105d w jednakowy spos\u00f3b traktuj\u0105c reklamy nielegalne i te ustawione zgodnie z obowi\u0105zuj\u0105cym prawem np. na podstawie pozwolenia na budow\u0119.<br \/>\nMo\u017cna te\u017c czasem odnie\u015b\u0107 wra\u017cenie, \u017ce niekt\u00f3re gminy uchwalaj\u0105 nowe prawo g\u0142\u00f3wnie po to, aby m\u00f3c pobiera\u0107 op\u0142at\u0119 reklamow\u0105, czy te\u017c - jak ma to miejsce w przypadku Gda\u0144ska \u2013 wprost zarz\u0105dza\u0107 rynkiem reklamy na swoim terenie. Ten kierunek bardzo przypomina spos\u00f3b dzia\u0142ania samorz\u0105d\u00f3w du\u017cych miast w Niemczech, kt\u00f3re wybudowa\u0142y w\u0142asne no\u015bniki reklamy zewn\u0119trznej i zacz\u0119\u0142y prowadzi\u0107 dzia\u0142alno\u015b\u0107 konkurencyjn\u0105 wzgl\u0119dem komercyjnych firm outdoorowych. Unia Europejska zakwalifikowa\u0142a to post\u0119powanie jako niezgodne z prawem. I w efekcie miasta musia\u0142y sprzeda\u0107 posiadane no\u015bniki.<\/p>\n<h3>Kto uchyli\u0142 swoj\u0105 uchwa\u0142\u0119?<\/h3>\n<p>W\u015br\u00f3d miast G8 (o\u015bmiu najwi\u0119kszych miast w Polsce) uchwa\u0142y krajobrazowe przeg\u0142osowa\u0142y kolejno: \u0141\u00f3d\u017a, Gda\u0144sk, Warszawa i Krak\u00f3w. Inne du\u017ce miasta to Opole, Sopot, Gdynia, Leszno, Cieszyn, Tarn\u00f3w, Nowy Targ, Nowy S\u0105cz, Ciechan\u00f3w.<br \/>\nCiechan\u00f3w to pierwsze w og\u00f3le miasto z uchwa\u0142\u0105 krajobrazow\u0105, a zarazem pierwsze miasto, kt\u00f3re uchwali\u0142o op\u0142at\u0119 reklamow\u0105 i kt\u00f3re wkr\u00f3tce potem, pod naciskiem przedsi\u0119biorc\u00f3w i mieszka\u0144c\u00f3w, j\u0105 uchyli\u0142o.<br \/>\nCiekawy jest r\u00f3wnie\u017c przypadek Gdyni, kt\u00f3ra uchwa\u0142\u0119 krajobrazow\u0105 posiada\u0142a najkr\u00f3cej. Z pewno\u015bci\u0105 jest pierwszym miastem, kt\u00f3re tak szybko swoj\u0105 uchwa\u0142\u0119 uchyli\u0142o. 23 czerwca 2021 r. gdy\u0144scy radni jednog\u0142o\u015bnie przyj\u0119li regulacje uchwa\u0142y krajobrazowej, mimo wielu krytycznych g\u0142os\u00f3w zg\u0142aszanych przez przedsi\u0119biorc\u00f3w. Wojewoda Pomorski nie skorzysta\u0142 z prawa wydania rozstrzygni\u0119cia nadzorczego, mimo \u017ce dokument zawiera\u0142 wiele b\u0142\u0119d\u00f3w. Jednak zaskar\u017cy\u0142 j\u0105 do WSA. Prezydent Gdyni Wojciech Szczurek zdecydowa\u0142, \u017ce uchwa\u0142\u0119 trzeba poprawi\u0107.\u00a0 W zwi\u0105zku z tym 25 sierpnia\u00a0 2021 r. radni miasta uchylili uchwa\u0142\u0119 w ca\u0142o\u015bci. \u017baden radny nie by\u0142 przeciwny uchyleniu.<\/p>\n<p><img loading=\"lazy\" decoding=\"async\" class=\"aligncenter wp-image-14610\" src=\"https:\/\/jetline.pl\/wp-content\/uploads\/2024\/08\/G8-obrazek.jpg\" alt=\"uchwa\u0142y krajobrazowe w miastach G8\" width=\"797\" height=\"649\" \/><\/p>\n<p>Informacje zawarte w tek\u015bcie s\u0105 aktualne na dzie\u0144 14 lutego 2022 r.<br \/>\nPoprzedni przegl\u0105d opublikowali\u015bmy w lutym 2021 r. i jest dost\u0119pny w artykule <a href=\"https:\/\/jetline.pl\/aktualnosci\/uchwaly-krajobrazowe-w-miastach-g8\" target=\"_blank\" rel=\"noopener noreferrer\">https:\/\/jetline.pl\/aktualnosci\/uchwaly-krajobrazowe-w-miastach-g8 <\/a>oraz raporcie Izby Gospodarczej Reklamy Zewn\u0119trznej za 2021 rok.<\/p>\n","protected":false},"author":16,"featured_media":1642,"template":"","ustawa_cat":[567],"class_list":["post-1762","ustawa","type-ustawa","status-publish","has-post-thumbnail","hentry","ustawa_cat-przeglady-sytuacji"],"acf":[],"yoast_head":"<!-- This site is optimized with the Yoast SEO plugin v27.5 - https:\/\/yoast.com\/product\/yoast-seo-wordpress\/ -->\n<title>Uchwa\u0142y krajobrazowe w Polsce. Przegl\u0105d sytuacji |Jet Line<\/title>\n<meta name=\"description\" content=\"Uchwa\u0142y krajobrazowe powstaj\u0105 w Polsce od prawie 7 lat. Jak wygl\u0105daj\u0105 te, kt\u00f3re powsta\u0142y lub maj\u0105 powsta\u0107 w o\u015bmiu najwi\u0119kszych miastach Polski (G8)?\" \/>\n<meta name=\"robots\" content=\"index, follow, max-snippet:-1, max-image-preview:large, max-video-preview:-1\" \/>\n<link rel=\"canonical\" href=\"https:\/\/jetline.pl\/en\/ustawa-krajobrazowa\/uchwaly-krajobrazowe-w-najwiekszych-miastach-luty-2022-r\/\" \/>\n<meta property=\"og:locale\" content=\"en_US\" \/>\n<meta property=\"og:type\" content=\"article\" \/>\n<meta property=\"og:title\" content=\"Uchwa\u0142y krajobrazowe w Polsce. Przegl\u0105d sytuacji |Jet Line\" \/>\n<meta property=\"og:description\" content=\"Uchwa\u0142y krajobrazowe powstaj\u0105 w Polsce od prawie 7 lat. Jak wygl\u0105daj\u0105 te, kt\u00f3re powsta\u0142y lub maj\u0105 powsta\u0107 w o\u015bmiu najwi\u0119kszych miastach Polski (G8)?\" \/>\n<meta property=\"og:url\" content=\"https:\/\/jetline.pl\/en\/ustawa-krajobrazowa\/uchwaly-krajobrazowe-w-najwiekszych-miastach-luty-2022-r\/\" \/>\n<meta property=\"og:site_name\" content=\"Jet Line\" \/>\n<meta property=\"article:modified_time\" content=\"2024-09-16T14:32:27+00:00\" \/>\n<meta property=\"og:image\" content=\"https:\/\/jetline.pl\/wp-content\/uploads\/2024\/09\/Herby.jpg\" \/>\n\t<meta property=\"og:image:width\" content=\"1228\" \/>\n\t<meta property=\"og:image:height\" content=\"349\" \/>\n\t<meta property=\"og:image:type\" content=\"image\/jpeg\" \/>\n<meta name=\"twitter:card\" content=\"summary_large_image\" \/>\n<meta name=\"twitter:label1\" content=\"Est. reading time\" \/>\n\t<meta name=\"twitter:data1\" content=\"22 minutes\" \/>\n<script type=\"application\/ld+json\" class=\"yoast-schema-graph\">{\"@context\":\"https:\\\/\\\/schema.org\",\"@graph\":[{\"@type\":\"WebPage\",\"@id\":\"https:\\\/\\\/jetline.pl\\\/en\\\/ustawa-krajobrazowa\\\/uchwaly-krajobrazowe-w-najwiekszych-miastach-luty-2022-r\\\/\",\"url\":\"https:\\\/\\\/jetline.pl\\\/en\\\/ustawa-krajobrazowa\\\/uchwaly-krajobrazowe-w-najwiekszych-miastach-luty-2022-r\\\/\",\"name\":\"Uchwa\u0142y krajobrazowe w Polsce. Przegl\u0105d sytuacji |Jet Line\",\"isPartOf\":{\"@id\":\"https:\\\/\\\/jetline.pl\\\/en\\\/#website\"},\"primaryImageOfPage\":{\"@id\":\"https:\\\/\\\/jetline.pl\\\/en\\\/ustawa-krajobrazowa\\\/uchwaly-krajobrazowe-w-najwiekszych-miastach-luty-2022-r\\\/#primaryimage\"},\"image\":{\"@id\":\"https:\\\/\\\/jetline.pl\\\/en\\\/ustawa-krajobrazowa\\\/uchwaly-krajobrazowe-w-najwiekszych-miastach-luty-2022-r\\\/#primaryimage\"},\"thumbnailUrl\":\"https:\\\/\\\/jetline.pl\\\/wp-content\\\/uploads\\\/2024\\\/09\\\/Herby.jpg\",\"datePublished\":\"2022-02-17T11:53:02+00:00\",\"dateModified\":\"2024-09-16T14:32:27+00:00\",\"description\":\"Uchwa\u0142y krajobrazowe powstaj\u0105 w Polsce od prawie 7 lat. Jak wygl\u0105daj\u0105 te, kt\u00f3re powsta\u0142y lub maj\u0105 powsta\u0107 w o\u015bmiu najwi\u0119kszych miastach Polski (G8)?\",\"breadcrumb\":{\"@id\":\"https:\\\/\\\/jetline.pl\\\/en\\\/ustawa-krajobrazowa\\\/uchwaly-krajobrazowe-w-najwiekszych-miastach-luty-2022-r\\\/#breadcrumb\"},\"inLanguage\":\"en-US\",\"potentialAction\":[{\"@type\":\"ReadAction\",\"target\":[\"https:\\\/\\\/jetline.pl\\\/en\\\/ustawa-krajobrazowa\\\/uchwaly-krajobrazowe-w-najwiekszych-miastach-luty-2022-r\\\/\"]}]},{\"@type\":\"ImageObject\",\"inLanguage\":\"en-US\",\"@id\":\"https:\\\/\\\/jetline.pl\\\/en\\\/ustawa-krajobrazowa\\\/uchwaly-krajobrazowe-w-najwiekszych-miastach-luty-2022-r\\\/#primaryimage\",\"url\":\"https:\\\/\\\/jetline.pl\\\/wp-content\\\/uploads\\\/2024\\\/09\\\/Herby.jpg\",\"contentUrl\":\"https:\\\/\\\/jetline.pl\\\/wp-content\\\/uploads\\\/2024\\\/09\\\/Herby.jpg\",\"width\":1228,\"height\":349},{\"@type\":\"BreadcrumbList\",\"@id\":\"https:\\\/\\\/jetline.pl\\\/en\\\/ustawa-krajobrazowa\\\/uchwaly-krajobrazowe-w-najwiekszych-miastach-luty-2022-r\\\/#breadcrumb\",\"itemListElement\":[{\"@type\":\"ListItem\",\"position\":1,\"name\":\"Strona g\u0142\u00f3wna\",\"item\":\"https:\\\/\\\/jetline.pl\\\/en\\\/\"},{\"@type\":\"ListItem\",\"position\":2,\"name\":\"Ustawa krajobrazowa\",\"item\":\"https:\\\/\\\/jetline.pl\\\/en\\\/ustawa-krajobrazowa\\\/\"},{\"@type\":\"ListItem\",\"position\":3,\"name\":\"Uchwa\u0142y krajobrazowe w najwi\u0119kszych miastach w Polsce. Przegl\u0105d sytuacji, luty 2022 r.\"}]},{\"@type\":\"WebSite\",\"@id\":\"https:\\\/\\\/jetline.pl\\\/en\\\/#website\",\"url\":\"https:\\\/\\\/jetline.pl\\\/en\\\/\",\"name\":\"Jet Line\",\"description\":\"Tworzymy przestrze\u0144 do komunikacji\",\"publisher\":{\"@id\":\"https:\\\/\\\/jetline.pl\\\/en\\\/#organization\"},\"potentialAction\":[{\"@type\":\"SearchAction\",\"target\":{\"@type\":\"EntryPoint\",\"urlTemplate\":\"https:\\\/\\\/jetline.pl\\\/en\\\/?s={search_term_string}\"},\"query-input\":{\"@type\":\"PropertyValueSpecification\",\"valueRequired\":true,\"valueName\":\"search_term_string\"}}],\"inLanguage\":\"en-US\"},{\"@type\":\"Organization\",\"@id\":\"https:\\\/\\\/jetline.pl\\\/en\\\/#organization\",\"name\":\"Jet Line\",\"url\":\"https:\\\/\\\/jetline.pl\\\/en\\\/\",\"logo\":{\"@type\":\"ImageObject\",\"inLanguage\":\"en-US\",\"@id\":\"https:\\\/\\\/jetline.pl\\\/en\\\/#\\\/schema\\\/logo\\\/image\\\/\",\"url\":\"https:\\\/\\\/jetline.pl\\\/wp-content\\\/uploads\\\/2024\\\/09\\\/logo_poziom_logo_poziom_czerwone-1.png\",\"contentUrl\":\"https:\\\/\\\/jetline.pl\\\/wp-content\\\/uploads\\\/2024\\\/09\\\/logo_poziom_logo_poziom_czerwone-1.png\",\"width\":4946,\"height\":2016,\"caption\":\"Jet Line\"},\"image\":{\"@id\":\"https:\\\/\\\/jetline.pl\\\/en\\\/#\\\/schema\\\/logo\\\/image\\\/\"}}]}<\/script>\n<!-- \/ Yoast SEO plugin. -->","yoast_head_json":{"title":"Uchwa\u0142y krajobrazowe w Polsce. Przegl\u0105d sytuacji |Jet Line","description":"Uchwa\u0142y krajobrazowe powstaj\u0105 w Polsce od prawie 7 lat. Jak wygl\u0105daj\u0105 te, kt\u00f3re powsta\u0142y lub maj\u0105 powsta\u0107 w o\u015bmiu najwi\u0119kszych miastach Polski (G8)?","robots":{"index":"index","follow":"follow","max-snippet":"max-snippet:-1","max-image-preview":"max-image-preview:large","max-video-preview":"max-video-preview:-1"},"canonical":"https:\/\/jetline.pl\/en\/ustawa-krajobrazowa\/uchwaly-krajobrazowe-w-najwiekszych-miastach-luty-2022-r\/","og_locale":"en_US","og_type":"article","og_title":"Uchwa\u0142y krajobrazowe w Polsce. Przegl\u0105d sytuacji |Jet Line","og_description":"Uchwa\u0142y krajobrazowe powstaj\u0105 w Polsce od prawie 7 lat. Jak wygl\u0105daj\u0105 te, kt\u00f3re powsta\u0142y lub maj\u0105 powsta\u0107 w o\u015bmiu najwi\u0119kszych miastach Polski (G8)?","og_url":"https:\/\/jetline.pl\/en\/ustawa-krajobrazowa\/uchwaly-krajobrazowe-w-najwiekszych-miastach-luty-2022-r\/","og_site_name":"Jet Line","article_modified_time":"2024-09-16T14:32:27+00:00","og_image":[{"width":1228,"height":349,"url":"https:\/\/jetline.pl\/wp-content\/uploads\/2024\/09\/Herby.jpg","type":"image\/jpeg"}],"twitter_card":"summary_large_image","twitter_misc":{"Est. reading time":"22 minutes"},"schema":{"@context":"https:\/\/schema.org","@graph":[{"@type":"WebPage","@id":"https:\/\/jetline.pl\/en\/ustawa-krajobrazowa\/uchwaly-krajobrazowe-w-najwiekszych-miastach-luty-2022-r\/","url":"https:\/\/jetline.pl\/en\/ustawa-krajobrazowa\/uchwaly-krajobrazowe-w-najwiekszych-miastach-luty-2022-r\/","name":"Uchwa\u0142y krajobrazowe w Polsce. Przegl\u0105d sytuacji |Jet Line","isPartOf":{"@id":"https:\/\/jetline.pl\/en\/#website"},"primaryImageOfPage":{"@id":"https:\/\/jetline.pl\/en\/ustawa-krajobrazowa\/uchwaly-krajobrazowe-w-najwiekszych-miastach-luty-2022-r\/#primaryimage"},"image":{"@id":"https:\/\/jetline.pl\/en\/ustawa-krajobrazowa\/uchwaly-krajobrazowe-w-najwiekszych-miastach-luty-2022-r\/#primaryimage"},"thumbnailUrl":"https:\/\/jetline.pl\/wp-content\/uploads\/2024\/09\/Herby.jpg","datePublished":"2022-02-17T11:53:02+00:00","dateModified":"2024-09-16T14:32:27+00:00","description":"Uchwa\u0142y krajobrazowe powstaj\u0105 w Polsce od prawie 7 lat. Jak wygl\u0105daj\u0105 te, kt\u00f3re powsta\u0142y lub maj\u0105 powsta\u0107 w o\u015bmiu najwi\u0119kszych miastach Polski (G8)?","breadcrumb":{"@id":"https:\/\/jetline.pl\/en\/ustawa-krajobrazowa\/uchwaly-krajobrazowe-w-najwiekszych-miastach-luty-2022-r\/#breadcrumb"},"inLanguage":"en-US","potentialAction":[{"@type":"ReadAction","target":["https:\/\/jetline.pl\/en\/ustawa-krajobrazowa\/uchwaly-krajobrazowe-w-najwiekszych-miastach-luty-2022-r\/"]}]},{"@type":"ImageObject","inLanguage":"en-US","@id":"https:\/\/jetline.pl\/en\/ustawa-krajobrazowa\/uchwaly-krajobrazowe-w-najwiekszych-miastach-luty-2022-r\/#primaryimage","url":"https:\/\/jetline.pl\/wp-content\/uploads\/2024\/09\/Herby.jpg","contentUrl":"https:\/\/jetline.pl\/wp-content\/uploads\/2024\/09\/Herby.jpg","width":1228,"height":349},{"@type":"BreadcrumbList","@id":"https:\/\/jetline.pl\/en\/ustawa-krajobrazowa\/uchwaly-krajobrazowe-w-najwiekszych-miastach-luty-2022-r\/#breadcrumb","itemListElement":[{"@type":"ListItem","position":1,"name":"Strona g\u0142\u00f3wna","item":"https:\/\/jetline.pl\/en\/"},{"@type":"ListItem","position":2,"name":"Ustawa krajobrazowa","item":"https:\/\/jetline.pl\/en\/ustawa-krajobrazowa\/"},{"@type":"ListItem","position":3,"name":"Uchwa\u0142y krajobrazowe w najwi\u0119kszych miastach w Polsce. Przegl\u0105d sytuacji, luty 2022 r."}]},{"@type":"WebSite","@id":"https:\/\/jetline.pl\/en\/#website","url":"https:\/\/jetline.pl\/en\/","name":"Jet Line","description":"Tworzymy przestrze\u0144 do komunikacji","publisher":{"@id":"https:\/\/jetline.pl\/en\/#organization"},"potentialAction":[{"@type":"SearchAction","target":{"@type":"EntryPoint","urlTemplate":"https:\/\/jetline.pl\/en\/?s={search_term_string}"},"query-input":{"@type":"PropertyValueSpecification","valueRequired":true,"valueName":"search_term_string"}}],"inLanguage":"en-US"},{"@type":"Organization","@id":"https:\/\/jetline.pl\/en\/#organization","name":"Jet Line","url":"https:\/\/jetline.pl\/en\/","logo":{"@type":"ImageObject","inLanguage":"en-US","@id":"https:\/\/jetline.pl\/en\/#\/schema\/logo\/image\/","url":"https:\/\/jetline.pl\/wp-content\/uploads\/2024\/09\/logo_poziom_logo_poziom_czerwone-1.png","contentUrl":"https:\/\/jetline.pl\/wp-content\/uploads\/2024\/09\/logo_poziom_logo_poziom_czerwone-1.png","width":4946,"height":2016,"caption":"Jet Line"},"image":{"@id":"https:\/\/jetline.pl\/en\/#\/schema\/logo\/image\/"}}]}},"_links":{"self":[{"href":"https:\/\/jetline.pl\/en\/wp-json\/wp\/v2\/ustawa\/1762","targetHints":{"allow":["GET"]}}],"collection":[{"href":"https:\/\/jetline.pl\/en\/wp-json\/wp\/v2\/ustawa"}],"about":[{"href":"https:\/\/jetline.pl\/en\/wp-json\/wp\/v2\/types\/ustawa"}],"author":[{"embeddable":true,"href":"https:\/\/jetline.pl\/en\/wp-json\/wp\/v2\/users\/16"}],"wp:featuredmedia":[{"embeddable":true,"href":"https:\/\/jetline.pl\/en\/wp-json\/wp\/v2\/media\/1642"}],"wp:attachment":[{"href":"https:\/\/jetline.pl\/en\/wp-json\/wp\/v2\/media?parent=1762"}],"wp:term":[{"taxonomy":"ustawa_cat","embeddable":true,"href":"https:\/\/jetline.pl\/en\/wp-json\/wp\/v2\/ustawa_cat?post=1762"}],"curies":[{"name":"wp","href":"https:\/\/api.w.org\/{rel}","templated":true}]}}