{"id":1765,"date":"2023-03-09T20:25:03","date_gmt":"2023-03-09T19:25:03","guid":{"rendered":"https:\/\/jetline.presb.pl\/ustawa-krajobrazowa\/uchwaly-krajobrazowe-w-gdansku\/"},"modified":"2024-09-16T16:33:22","modified_gmt":"2024-09-16T14:33:22","slug":"uchwaly-krajobrazowe-w-gdansku","status":"publish","type":"ustawa","link":"https:\/\/jetline.pl\/en\/ustawa-krajobrazowa\/uchwaly-krajobrazowe-w-gdansku\/","title":{"rendered":"Uchwa\u0142a krajobrazowa w Gda\u0144sku"},"content":{"rendered":"<p>Gda\u0144sk uchwali\u0142 sw\u00f3j kodeks reklamowy na sesji Rady Miasta 22 lutego 2018 r.<\/p>\n<h3>Podstawowe regulacje uchwa\u0142y:<\/h3>\n<ul>\n<li>strefy \u2013 8;<\/li>\n<li>maksymalny format reklamy wolnostoj\u0105cej \u2013 18m<sup>2<\/sup>;<\/li>\n<li>reklama na elewacji podczas remont\u00f3w \u2013 dopuszczona tylko w niekt\u00f3rych strefach. Mo\u017ce stanowi\u0107 od 30% do 100% powierzchni w zale\u017cno\u015bci od rodzaju budynku. Reklam\u0119 mo\u017cna eksponowa\u0107 maksymalnie przez 12 miesi\u0119cy, raz na 5 lat;<\/li>\n<li>reklama na elewacji poza szyldami - praktycznie\u00a0 zakazana;<\/li>\n<li>szyldy \u2013 liczba i wielko\u015b\u0107 szyld\u00f3w bardzo ograniczona. Z drugiej strony zmieniaj\u0105 si\u0119 w zale\u017cno\u015bci od strefy, przeznaczenia obiektu, jego wysoko\u015bci. Preferowan\u0105 form\u0105 szyld\u00f3w s\u0105 litery przestrzenne;<\/li>\n<li>zakazy \u2013 umieszczanie reklam na banerach i siatkach reklamowych poza remontami;<\/li>\n<li>reklama cyfrowa \u2013 mocno ograniczona poza nale\u017c\u0105cymi do miasta \u201eterenami o funkcji widowiskowo-sportowej, kt\u00f3rej charakter wymaga niekonwencjonalnych form promocji\u201d;<\/li>\n<li>murale \u2013 dopuszczone w niekt\u00f3rych strefach;<\/li>\n<li>okresy dostosowania \u2013 2 lata;<\/li>\n<li>warunki dostosowania \u2013 cz\u0119\u015bciowo okre\u015blone;<\/li>\n<li>prawa nabyte \u2013 nieuwzgl\u0119dnione.<\/li>\n<\/ul>\n<p>Uchwa\u0142a gda\u0144ska jest obszerna (liczy 53 strony bez za\u0142\u0105cznik\u00f3w). Zapisano j\u0105 w skomplikowany spos\u00f3b,\u00a0 w rezultacie cz\u0119sto wymaga konsultacji prawnych. Mo\u017cna z ni\u0105 zapozna\u0107 si\u0119 na stronach Urz\u0119du Wojew\u00f3dzkiego <a href=\"http:\/\/edziennik.gdansk.uw.gov.pl\/legalact\/2018\/1034\/\">http:\/\/edziennik.gdansk.uw.gov.pl\/legalact\/2018\/1034\/<\/a>\u00a0lub na stronie Gda\u0144skiego Zarz\u0105du Dr\u00f3g i Zieleni.<\/p>\n<p>Ponadto Gda\u0144sk przygotowa\u0142 stron\u0119 dla lokalnych przedsi\u0119biorc\u00f3w, kt\u00f3rzy musz\u0105 dostosowa\u0107 swoje szyldy do zapis\u00f3w uchwa\u0142y:\u00a0\u00a0<a href=\"http:\/\/www.uchwalakrajobrazowagdanska.pl\/\">http:\/\/www.uchwalakrajobrazowagdanska.pl\/\u00a0<\/a>Okres, w kt\u00f3rym nale\u017ca\u0142o dostosowa\u0107 reklamy (powsta\u0142e przed wej\u015bciem w \u017cycie uchwa\u0142y) do postanowie\u0144 uchwa\u0142y min\u0105\u0142 2 kwietnia 2020 r. Mimo cz\u0119\u015bciowego okre\u015blenia warunk\u00f3w dostosowania istniej\u0105cych reklam do postanowie\u0144 uchwa\u0142y nie znamy przypadku, aby Miasto wyda\u0142o zgod\u0119 na adaptacj\u0119 istniej\u0105cej reklamy. Jak wygl\u0105da sytuacja w chwili wprowadzenia uchwa\u0142y? Prawie wszystkie istniej\u0105ce reklamy i szyldy nie spe\u0142nia\u0142y warunk\u00f3w uchwa\u0142y i tym samym powinny by\u0107 zdemontowane.<\/p>\n<h3>Jaki jest efekt uchwa\u0142y w Gda\u0144sku?<\/h3>\n<p>Efektem wprowadzenia uchwa\u0142y krajobrazowej w Gda\u0144sku jest likwidacja prawie wszystkich wolnostoj\u0105cych no\u015bnik\u00f3w systemowych. W rezultacie pozosta\u0142y jedynie reklamy na wiatach przystankowych, kt\u00f3rych w\u0142a\u015bcicielem jest Miasto. Wi\u0119kszo\u015b\u0107 du\u017cych sieci sprzeda\u017cowych dostosowa\u0142a si\u0119 do nowego prawa i jednocze\u015bnie z\u0142o\u017cy\u0142a pozwy do s\u0105du.<\/p>\n<p>Na stronie po\u015bwi\u0119conej uchwale krajobrazowej miasto umie\u015bci\u0142o licznik na\u0142o\u017conych kar za reklamy, kt\u00f3re s\u0105 niezgodne z zapisami uchwa\u0142y. Pami\u0119tajmy, \u017ce kara naliczona to nie to samo co kara zap\u0142acona. W opinii wielu kancelarii cz\u0119\u015b\u0107 z tych kar naliczono niezgodnie z prawem i wcze\u015bniej czy p\u00f3\u017aniej zostan\u0105 uchylone, kosztami post\u0119powania b\u0119dzie obci\u0105\u017cone miasto.<\/p>\n<p>Po wej\u015bciu w \u017cycie uchwa\u0142y krajobrazowej Miasto przeprowadzi\u0142o przetargi\u00a0na dzier\u017caw\u0119 teren\u00f3w w pasie drogowym pod usytuowanie no\u015bnik\u00f3w reklamowych oraz na dzier\u017caw\u0119 wiat przystankowych. Tym samym prawie wszystkie no\u015bniki reklamowe w przestrzeni publicznej znikn\u0119\u0142y z teren\u00f3w prywatnych i znalaz\u0142y si\u0119 na terenach nale\u017c\u0105cych do Miasta. Czy zatem chodzi\u0142o tylko o ochron\u0119 krajobrazu?<\/p>\n<p>&nbsp;<\/p>\n<p>Wi\u0119cej o uchwa\u0142ach krajobrazowych przeczytasz: <a href=\"https:\/\/jetline.pl\/ustawa-krajobrazowa\/uchwaly-krajobrazowe-w-najwiekszych-miastach-w-polsce-przeglad-sytuacji-marzec-2023-r\">Uchwa\u0142y krajobrazowe w najwi\u0119kszych miastach w Polsce. Przegl\u0105d sytuacji, marzec 2023 r. - Jet Line<\/a><\/p>\n","protected":false},"author":16,"featured_media":1647,"template":"","ustawa_cat":[560],"class_list":["post-1765","ustawa","type-ustawa","status-publish","has-post-thumbnail","hentry","ustawa_cat-gdansk"],"acf":[],"yoast_head":"<!-- This site is optimized with the Yoast SEO plugin v27.5 - https:\/\/yoast.com\/product\/yoast-seo-wordpress\/ -->\n<title>Uchwa\u0142a krajobrazowa w Gda\u0144sku<\/title>\n<meta name=\"description\" content=\"Gda\u0144sk uchwali\u0142 sw\u00f3j kodeks reklamowy na sesji Rady Miasta 22 lutego 2018 r. Przedstawiamy podstawowe regulacje uchwa\u0142y.\" \/>\n<meta name=\"robots\" content=\"index, follow, max-snippet:-1, max-image-preview:large, max-video-preview:-1\" \/>\n<link rel=\"canonical\" href=\"https:\/\/jetline.pl\/en\/ustawa-krajobrazowa\/uchwaly-krajobrazowe-w-gdansku\/\" \/>\n<meta property=\"og:locale\" content=\"en_US\" \/>\n<meta property=\"og:type\" content=\"article\" \/>\n<meta property=\"og:title\" content=\"Uchwa\u0142a krajobrazowa w Gda\u0144sku\" \/>\n<meta property=\"og:description\" content=\"Gda\u0144sk uchwali\u0142 sw\u00f3j kodeks reklamowy na sesji Rady Miasta 22 lutego 2018 r. Przedstawiamy podstawowe regulacje uchwa\u0142y.\" \/>\n<meta property=\"og:url\" content=\"https:\/\/jetline.pl\/en\/ustawa-krajobrazowa\/uchwaly-krajobrazowe-w-gdansku\/\" \/>\n<meta property=\"og:site_name\" content=\"Jet Line\" \/>\n<meta property=\"article:modified_time\" content=\"2024-09-16T14:33:22+00:00\" \/>\n<meta property=\"og:image\" content=\"https:\/\/jetline.pl\/wp-content\/uploads\/2024\/09\/Projekt-bez-tytulu.jpg\" \/>\n\t<meta property=\"og:image:width\" content=\"2560\" \/>\n\t<meta property=\"og:image:height\" content=\"1810\" \/>\n\t<meta property=\"og:image:type\" content=\"image\/jpeg\" \/>\n<meta name=\"twitter:card\" content=\"summary_large_image\" \/>\n<meta name=\"twitter:label1\" content=\"Est. reading time\" \/>\n\t<meta name=\"twitter:data1\" content=\"3 minutes\" \/>\n<script type=\"application\/ld+json\" class=\"yoast-schema-graph\">{\"@context\":\"https:\\\/\\\/schema.org\",\"@graph\":[{\"@type\":\"WebPage\",\"@id\":\"https:\\\/\\\/jetline.pl\\\/en\\\/ustawa-krajobrazowa\\\/uchwaly-krajobrazowe-w-gdansku\\\/\",\"url\":\"https:\\\/\\\/jetline.pl\\\/en\\\/ustawa-krajobrazowa\\\/uchwaly-krajobrazowe-w-gdansku\\\/\",\"name\":\"Uchwa\u0142a krajobrazowa w Gda\u0144sku\",\"isPartOf\":{\"@id\":\"https:\\\/\\\/jetline.pl\\\/en\\\/#website\"},\"primaryImageOfPage\":{\"@id\":\"https:\\\/\\\/jetline.pl\\\/en\\\/ustawa-krajobrazowa\\\/uchwaly-krajobrazowe-w-gdansku\\\/#primaryimage\"},\"image\":{\"@id\":\"https:\\\/\\\/jetline.pl\\\/en\\\/ustawa-krajobrazowa\\\/uchwaly-krajobrazowe-w-gdansku\\\/#primaryimage\"},\"thumbnailUrl\":\"https:\\\/\\\/jetline.pl\\\/wp-content\\\/uploads\\\/2024\\\/09\\\/Projekt-bez-tytulu.jpg\",\"datePublished\":\"2023-03-09T19:25:03+00:00\",\"dateModified\":\"2024-09-16T14:33:22+00:00\",\"description\":\"Gda\u0144sk uchwali\u0142 sw\u00f3j kodeks reklamowy na sesji Rady Miasta 22 lutego 2018 r. Przedstawiamy podstawowe regulacje uchwa\u0142y.\",\"breadcrumb\":{\"@id\":\"https:\\\/\\\/jetline.pl\\\/en\\\/ustawa-krajobrazowa\\\/uchwaly-krajobrazowe-w-gdansku\\\/#breadcrumb\"},\"inLanguage\":\"en-US\",\"potentialAction\":[{\"@type\":\"ReadAction\",\"target\":[\"https:\\\/\\\/jetline.pl\\\/en\\\/ustawa-krajobrazowa\\\/uchwaly-krajobrazowe-w-gdansku\\\/\"]}]},{\"@type\":\"ImageObject\",\"inLanguage\":\"en-US\",\"@id\":\"https:\\\/\\\/jetline.pl\\\/en\\\/ustawa-krajobrazowa\\\/uchwaly-krajobrazowe-w-gdansku\\\/#primaryimage\",\"url\":\"https:\\\/\\\/jetline.pl\\\/wp-content\\\/uploads\\\/2024\\\/09\\\/Projekt-bez-tytulu.jpg\",\"contentUrl\":\"https:\\\/\\\/jetline.pl\\\/wp-content\\\/uploads\\\/2024\\\/09\\\/Projekt-bez-tytulu.jpg\",\"width\":2560,\"height\":1810},{\"@type\":\"BreadcrumbList\",\"@id\":\"https:\\\/\\\/jetline.pl\\\/en\\\/ustawa-krajobrazowa\\\/uchwaly-krajobrazowe-w-gdansku\\\/#breadcrumb\",\"itemListElement\":[{\"@type\":\"ListItem\",\"position\":1,\"name\":\"Strona g\u0142\u00f3wna\",\"item\":\"https:\\\/\\\/jetline.pl\\\/en\\\/\"},{\"@type\":\"ListItem\",\"position\":2,\"name\":\"Ustawa krajobrazowa\",\"item\":\"https:\\\/\\\/jetline.pl\\\/en\\\/ustawa-krajobrazowa\\\/\"},{\"@type\":\"ListItem\",\"position\":3,\"name\":\"Uchwa\u0142a krajobrazowa w Gda\u0144sku\"}]},{\"@type\":\"WebSite\",\"@id\":\"https:\\\/\\\/jetline.pl\\\/en\\\/#website\",\"url\":\"https:\\\/\\\/jetline.pl\\\/en\\\/\",\"name\":\"Jet Line\",\"description\":\"Tworzymy przestrze\u0144 do komunikacji\",\"publisher\":{\"@id\":\"https:\\\/\\\/jetline.pl\\\/en\\\/#organization\"},\"potentialAction\":[{\"@type\":\"SearchAction\",\"target\":{\"@type\":\"EntryPoint\",\"urlTemplate\":\"https:\\\/\\\/jetline.pl\\\/en\\\/?s={search_term_string}\"},\"query-input\":{\"@type\":\"PropertyValueSpecification\",\"valueRequired\":true,\"valueName\":\"search_term_string\"}}],\"inLanguage\":\"en-US\"},{\"@type\":\"Organization\",\"@id\":\"https:\\\/\\\/jetline.pl\\\/en\\\/#organization\",\"name\":\"Jet Line\",\"url\":\"https:\\\/\\\/jetline.pl\\\/en\\\/\",\"logo\":{\"@type\":\"ImageObject\",\"inLanguage\":\"en-US\",\"@id\":\"https:\\\/\\\/jetline.pl\\\/en\\\/#\\\/schema\\\/logo\\\/image\\\/\",\"url\":\"https:\\\/\\\/jetline.pl\\\/wp-content\\\/uploads\\\/2024\\\/09\\\/logo_poziom_logo_poziom_czerwone-1.png\",\"contentUrl\":\"https:\\\/\\\/jetline.pl\\\/wp-content\\\/uploads\\\/2024\\\/09\\\/logo_poziom_logo_poziom_czerwone-1.png\",\"width\":4946,\"height\":2016,\"caption\":\"Jet Line\"},\"image\":{\"@id\":\"https:\\\/\\\/jetline.pl\\\/en\\\/#\\\/schema\\\/logo\\\/image\\\/\"}}]}<\/script>\n<!-- \/ Yoast SEO plugin. -->","yoast_head_json":{"title":"Uchwa\u0142a krajobrazowa w Gda\u0144sku","description":"Gda\u0144sk uchwali\u0142 sw\u00f3j kodeks reklamowy na sesji Rady Miasta 22 lutego 2018 r. Przedstawiamy podstawowe regulacje uchwa\u0142y.","robots":{"index":"index","follow":"follow","max-snippet":"max-snippet:-1","max-image-preview":"max-image-preview:large","max-video-preview":"max-video-preview:-1"},"canonical":"https:\/\/jetline.pl\/en\/ustawa-krajobrazowa\/uchwaly-krajobrazowe-w-gdansku\/","og_locale":"en_US","og_type":"article","og_title":"Uchwa\u0142a krajobrazowa w Gda\u0144sku","og_description":"Gda\u0144sk uchwali\u0142 sw\u00f3j kodeks reklamowy na sesji Rady Miasta 22 lutego 2018 r. Przedstawiamy podstawowe regulacje uchwa\u0142y.","og_url":"https:\/\/jetline.pl\/en\/ustawa-krajobrazowa\/uchwaly-krajobrazowe-w-gdansku\/","og_site_name":"Jet Line","article_modified_time":"2024-09-16T14:33:22+00:00","og_image":[{"width":2560,"height":1810,"url":"https:\/\/jetline.pl\/wp-content\/uploads\/2024\/09\/Projekt-bez-tytulu.jpg","type":"image\/jpeg"}],"twitter_card":"summary_large_image","twitter_misc":{"Est. reading time":"3 minutes"},"schema":{"@context":"https:\/\/schema.org","@graph":[{"@type":"WebPage","@id":"https:\/\/jetline.pl\/en\/ustawa-krajobrazowa\/uchwaly-krajobrazowe-w-gdansku\/","url":"https:\/\/jetline.pl\/en\/ustawa-krajobrazowa\/uchwaly-krajobrazowe-w-gdansku\/","name":"Uchwa\u0142a krajobrazowa w Gda\u0144sku","isPartOf":{"@id":"https:\/\/jetline.pl\/en\/#website"},"primaryImageOfPage":{"@id":"https:\/\/jetline.pl\/en\/ustawa-krajobrazowa\/uchwaly-krajobrazowe-w-gdansku\/#primaryimage"},"image":{"@id":"https:\/\/jetline.pl\/en\/ustawa-krajobrazowa\/uchwaly-krajobrazowe-w-gdansku\/#primaryimage"},"thumbnailUrl":"https:\/\/jetline.pl\/wp-content\/uploads\/2024\/09\/Projekt-bez-tytulu.jpg","datePublished":"2023-03-09T19:25:03+00:00","dateModified":"2024-09-16T14:33:22+00:00","description":"Gda\u0144sk uchwali\u0142 sw\u00f3j kodeks reklamowy na sesji Rady Miasta 22 lutego 2018 r. Przedstawiamy podstawowe regulacje uchwa\u0142y.","breadcrumb":{"@id":"https:\/\/jetline.pl\/en\/ustawa-krajobrazowa\/uchwaly-krajobrazowe-w-gdansku\/#breadcrumb"},"inLanguage":"en-US","potentialAction":[{"@type":"ReadAction","target":["https:\/\/jetline.pl\/en\/ustawa-krajobrazowa\/uchwaly-krajobrazowe-w-gdansku\/"]}]},{"@type":"ImageObject","inLanguage":"en-US","@id":"https:\/\/jetline.pl\/en\/ustawa-krajobrazowa\/uchwaly-krajobrazowe-w-gdansku\/#primaryimage","url":"https:\/\/jetline.pl\/wp-content\/uploads\/2024\/09\/Projekt-bez-tytulu.jpg","contentUrl":"https:\/\/jetline.pl\/wp-content\/uploads\/2024\/09\/Projekt-bez-tytulu.jpg","width":2560,"height":1810},{"@type":"BreadcrumbList","@id":"https:\/\/jetline.pl\/en\/ustawa-krajobrazowa\/uchwaly-krajobrazowe-w-gdansku\/#breadcrumb","itemListElement":[{"@type":"ListItem","position":1,"name":"Strona g\u0142\u00f3wna","item":"https:\/\/jetline.pl\/en\/"},{"@type":"ListItem","position":2,"name":"Ustawa krajobrazowa","item":"https:\/\/jetline.pl\/en\/ustawa-krajobrazowa\/"},{"@type":"ListItem","position":3,"name":"Uchwa\u0142a krajobrazowa w Gda\u0144sku"}]},{"@type":"WebSite","@id":"https:\/\/jetline.pl\/en\/#website","url":"https:\/\/jetline.pl\/en\/","name":"Jet Line","description":"Tworzymy przestrze\u0144 do komunikacji","publisher":{"@id":"https:\/\/jetline.pl\/en\/#organization"},"potentialAction":[{"@type":"SearchAction","target":{"@type":"EntryPoint","urlTemplate":"https:\/\/jetline.pl\/en\/?s={search_term_string}"},"query-input":{"@type":"PropertyValueSpecification","valueRequired":true,"valueName":"search_term_string"}}],"inLanguage":"en-US"},{"@type":"Organization","@id":"https:\/\/jetline.pl\/en\/#organization","name":"Jet Line","url":"https:\/\/jetline.pl\/en\/","logo":{"@type":"ImageObject","inLanguage":"en-US","@id":"https:\/\/jetline.pl\/en\/#\/schema\/logo\/image\/","url":"https:\/\/jetline.pl\/wp-content\/uploads\/2024\/09\/logo_poziom_logo_poziom_czerwone-1.png","contentUrl":"https:\/\/jetline.pl\/wp-content\/uploads\/2024\/09\/logo_poziom_logo_poziom_czerwone-1.png","width":4946,"height":2016,"caption":"Jet Line"},"image":{"@id":"https:\/\/jetline.pl\/en\/#\/schema\/logo\/image\/"}}]}},"_links":{"self":[{"href":"https:\/\/jetline.pl\/en\/wp-json\/wp\/v2\/ustawa\/1765","targetHints":{"allow":["GET"]}}],"collection":[{"href":"https:\/\/jetline.pl\/en\/wp-json\/wp\/v2\/ustawa"}],"about":[{"href":"https:\/\/jetline.pl\/en\/wp-json\/wp\/v2\/types\/ustawa"}],"author":[{"embeddable":true,"href":"https:\/\/jetline.pl\/en\/wp-json\/wp\/v2\/users\/16"}],"wp:featuredmedia":[{"embeddable":true,"href":"https:\/\/jetline.pl\/en\/wp-json\/wp\/v2\/media\/1647"}],"wp:attachment":[{"href":"https:\/\/jetline.pl\/en\/wp-json\/wp\/v2\/media?parent=1765"}],"wp:term":[{"taxonomy":"ustawa_cat","embeddable":true,"href":"https:\/\/jetline.pl\/en\/wp-json\/wp\/v2\/ustawa_cat?post=1765"}],"curies":[{"name":"wp","href":"https:\/\/api.w.org\/{rel}","templated":true}]}}