{"id":1766,"date":"2023-03-09T20:26:01","date_gmt":"2023-03-09T19:26:01","guid":{"rendered":"https:\/\/jetline.presb.pl\/ustawa-krajobrazowa\/uchwaly-krajobrazowe-w-warszawie\/"},"modified":"2024-09-16T16:28:48","modified_gmt":"2024-09-16T14:28:48","slug":"uchwaly-krajobrazowe-w-warszawie","status":"publish","type":"ustawa","link":"https:\/\/jetline.pl\/en\/ustawa-krajobrazowa\/uchwaly-krajobrazowe-w-warszawie\/","title":{"rendered":"Uchwa\u0142a krajobrazowa w Warszawie"},"content":{"rendered":"<p>Warszawska uchwa\u0142a krajobrazowa zosta\u0142a ustanowiona na sesji Rady Miasta 16 stycznia 2020 r.\u00a0 Miesi\u0105c p\u00f3\u017aniej Wojewoda Mazowiecki opublikowa\u0142 rozstrzygni\u0119cie nadzorcze i stwierdzi\u0142 niewa\u017cno\u015b\u0107 ca\u0142ej uchwa\u0142y. Powodem takiej decyzji nie by\u0142a niech\u0119\u0107 Wojewody do porz\u0105dkowania przestrzeni publicznej, ale niezgodno\u015b\u0107 przepis\u00f3w uchwa\u0142y z prawem.<\/p>\n<p>Miasto z\u0142o\u017cy\u0142o skarg\u0119 na rozstrzygni\u0119cie Wojewody. 8 grudnia 2020 r. odby\u0142a si\u0119 rozprawa przed WSA w Warszawie. S\u0105d oddali\u0142 skarg\u0119, po czym 10 lutego 2021 r. opublikowa\u0142 uzasadnienie wyroku:\u00a0<a href=\"http:\/\/www.orzeczenia-nsa.pl\/wyrok\/iv-sa-wa-899-20\/229ec0c.html\">http:\/\/www.orzeczenia-nsa.pl\/wyrok\/iv-sa-wa-899-20\/229ec0c.html<\/a><u>\u00a0\u00a0<\/u>przyznaj\u0105c cz\u0119\u015bciow\u0105 racj\u0119 argumentom Wojewody i utrzymuj\u0105c uniewa\u017cnienie uchwa\u0142y w mocy.<\/p>\n<h3>Wojewoda z\u0142o\u017cy\u0142 skarg\u0119 kasacyjn\u0105 do NSA<\/h3>\n<p>Miasto zrezygnowa\u0142o ze z\u0142o\u017cenia skargi kasacyjnej do NSA i podj\u0119\u0142o decyzj\u0119 o powt\u00f3rnym procedowaniu uchwa\u0142y we wskazanym przez WSA zakresie. Pomimo korzystnego wyroku Wojewoda z\u0142o\u017cy\u0142 skarg\u0119 kasacyjn\u0105 do NSA, w zakresie kt\u00f3ry dotyczy\u0142 jedynie tych argument\u00f3w, kt\u00f3rych nie uzna\u0142 WSA. We wrze\u015bniu 2021 r. zapad\u0142 wyrok NSA. S\u0105d podzieli\u0142 niekt\u00f3re z argument\u00f3w Wojewody dotycz\u0105cych naruszenia prawa materialnego stwierdzaj\u0105c, \u017ce:<\/p>\n<ul>\n<li>uchwa\u0142a nie mo\u017ce okre\u015bla\u0107 liczby dopuszczonych na danej nieruchomo\u015bci no\u015bnik\u00f3w reklamowych nieb\u0119d\u0105cych szyldami,<\/li>\n<li>nie mo\u017ce dotyczy\u0107 s\u0142upk\u00f3w wygradzaj\u0105cych oraz ogrodze\u0144, b\u0119d\u0105cych elementami bezpiecze\u0144stwa ruchu drogowego,<\/li>\n<li>oraz nie mo\u017ce dotyczy\u0107 tablic urz\u0119dowych.<\/li>\n<\/ul>\n<p>Jednocze\u015bnie uzna\u0142 argumenty Miasta stwierdzaj\u0105c, \u017ce uchwa\u0142a mo\u017ce regulowa\u0107:<\/p>\n<ul>\n<li>gabaryty i a\u017curowo\u015b\u0107 szyld\u00f3w, nawet je\u015bli ogranicza to gam\u0119 materia\u0142\u00f3w, z kt\u00f3rych mo\u017cna je wykona\u0107,<\/li>\n<li>tablice informuj\u0105ce o finansowaniu inwestycji publicznych ze \u015brodk\u00f3w zewn\u0119trznych,<\/li>\n<li>szyldy b\u0119d\u0105ce muralami.<\/li>\n<\/ul>\n<p>Z uzasadnieniem wyroku opublikowanym w styczniu 2022 r. mo\u017cna zapozna\u0107 si\u0119 pod adresem:\u00a0<a href=\"https:\/\/orzeczenia.nsa.gov.pl\/doc\/46E6BF7005\">https:\/\/orzeczenia.nsa.gov.pl\/doc\/46E6BF7005<\/a><\/p>\n<p>W uzasadnieniu pisemnym \u2013 w przeciwie\u0144stwie do uzasadnienia ustnego \u2013 NSA nie wskaza\u0142, \u017ce Rada Miasta musi procedowa\u0107 uchwa\u0142\u0119 od nowa. NSA nie odni\u00f3s\u0142 si\u0119 do tego zagadnienia, poniewa\u017c nie by\u0142o ono przedmiotem skargi kasacyjnej. Zatem mamy wyrok, z kt\u00f3rego nie wynika jasno, czy ca\u0142y proces musi rozpocz\u0105\u0107 si\u0119 od powstania nowej uchwa\u0142y intencyjnej, czy te\u017c po wprowadzeniu niezb\u0119dnych poprawek mo\u017cna ponownie wy\u0142o\u017cy\u0107 dotychczasowy projekt.<br \/>\nPami\u0119tajmy r\u00f3wnie\u017c, \u017ce spraw\u0105 uchwa\u0142y zajmuje si\u0119 UOKiK (Urz\u0105d Ochrony Konkurencji i Konsument\u00f3w).\u00a0 Przez ostatnie 3 lat \u00a0urz\u0105d nie publikowa\u0142 \u00a0\u017cadnej nowej informacji dotycz\u0105cych tej sprawy\u00a0 \u00a0<a href=\"https:\/\/www.uokik.gov.pl\/aktualnosci.php?news_id=16204\">https:\/\/www.uokik.gov.pl\/aktualnosci.php?news_id=16204<\/a><\/p>\n<p>Warszawa nie uchwali\u0142a nowej uchwa\u0142y intencyjnej. Prace nad now\u0105 uchwa\u0142\u0105 rozpocz\u0119\u0142y si\u0119 pod koniec 2021 roku. 24 lutego 2023 roku projekt warszawskiej uchwa\u0142y krajobrazowej wy\u0142o\u017cono do publicznego wgl\u0105du. Zgodnie z przewidywaniami nie wprowadzono istotnej zmiany.<\/p>\n<h3>Poni\u017cej przedstawiam g\u0142\u00f3wne za\u0142o\u017cenia projektu w Warszawie:<\/h3>\n<ul>\n<li>strefy \u2013 3, dodatkowo uchwa\u0142a wyodr\u0119bnia ci\u0105gi komunikacyjne;<\/li>\n<li>maksymalny format reklamy wolnostoj\u0105cej \u2013 18m<sup>2<\/sup>;<\/li>\n<li>reklama na elewacji podczas remont\u00f3w \u2013 mo\u017ce by\u0107 eksponowana na niewielkiej cz\u0119\u015bci powierzchni siatki os\u0142onowej, maksymalnie przez 9 miesi\u0119cy, raz na 5 lat;<\/li>\n<li>reklama na elewacji \u2013 preferowane s\u0105 murale;<\/li>\n<li>szyldy \u2013 liczba i wielko\u015b\u0107 szyld\u00f3w s\u0105 ograniczone, preferowan\u0105 form\u0105 szyld\u00f3w s\u0105 litery przestrzenne;<\/li>\n<li>reklama cyfrowa \u2013 w du\u017cym stopniu ograniczona mo\u017cliwo\u015bciami technicznymi;<\/li>\n<li>okres dostosowania \u2013 3 lata dla szyld\u00f3w, dla pozosta\u0142ych no\u015bnik\u00f3w 2 lata;<\/li>\n<li>warunki dostosowania \u2013 cz\u0119\u015bciowo okre\u015blone;<\/li>\n<li>prawa nabyte \u2013 nieuwzgl\u0119dnione.<\/li>\n<\/ul>\n<p>Uwagi do projektu mo\u017cna zg\u0142asza\u0107 do 31 marca br.<\/p>\n<p>Z ca\u0142ym projektem uchwa\u0142y krajobrazowej (oraz projektem poprzednim) mo\u017cna zapozna\u0107 si\u0119 pod adresem:\u00a0 <a href=\"https:\/\/architektura.um.warszawa.pl\/uchwala-krajobrazowa\">https:\/\/architektura.um.warszawa.pl\/uchwala-krajobrazowa<\/a><\/p>\n<p>W uchwale okre\u015blono dosy\u0107 d\u0142ugi 3-miesi\u0119czny termin uprawomocnienia. Mo\u017cemy zatem za\u0142o\u017cy\u0107, \u017ce uchwa\u0142a nie wejdzie w \u017cycie wcze\u015bniej ni\u017c po jesiennych wyborach. Moim zdaniem brak nowej uchwa\u0142y intencyjnej spowoduje wydanie przez Wojewod\u0119 rozstrzygni\u0119cia nadzorczego uchylaj\u0105cego kolejn\u0105 uchwa\u0142\u0119.<\/p>\n<p>Wi\u0119cej o uchwa\u0142ach krajobrazowych przeczytasz: <a href=\"https:\/\/jetline.pl\/ustawa-krajobrazowa\/uchwaly-krajobrazowe-w-najwiekszych-miastach-w-polsce-przeglad-sytuacji-marzec-2023-r\">Uchwa\u0142y krajobrazowe w najwi\u0119kszych miastach w Polsce. Przegl\u0105d sytuacji, marzec 2023 r. - Jet Line<\/a><\/p>\n","protected":false},"author":16,"featured_media":1649,"template":"","ustawa_cat":[7],"class_list":["post-1766","ustawa","type-ustawa","status-publish","has-post-thumbnail","hentry","ustawa_cat-warszawa"],"acf":[],"yoast_head":"<!-- This site is optimized with the Yoast SEO plugin v27.5 - https:\/\/yoast.com\/product\/yoast-seo-wordpress\/ -->\n<title>Uchwa\u0142a krajobrazowa w Warszawie<\/title>\n<meta name=\"description\" content=\"Warszawa ustanowi\u0142a uchwa\u0142\u0119 krajobrazow\u0105 16 stycznia 2020 r.\u00a0Miesi\u0105c p\u00f3\u017aniej Wojewoda stwierdzi\u0142 niewa\u017cno\u015b\u0107 ca\u0142ej uchwa\u0142y w Warszawie.\" \/>\n<meta name=\"robots\" content=\"index, follow, max-snippet:-1, max-image-preview:large, max-video-preview:-1\" \/>\n<link rel=\"canonical\" href=\"https:\/\/jetline.pl\/en\/ustawa-krajobrazowa\/uchwaly-krajobrazowe-w-warszawie\/\" \/>\n<meta property=\"og:locale\" content=\"en_US\" \/>\n<meta property=\"og:type\" content=\"article\" \/>\n<meta property=\"og:title\" content=\"Uchwa\u0142a krajobrazowa w Warszawie\" \/>\n<meta property=\"og:description\" content=\"Warszawa ustanowi\u0142a uchwa\u0142\u0119 krajobrazow\u0105 16 stycznia 2020 r.\u00a0Miesi\u0105c p\u00f3\u017aniej Wojewoda stwierdzi\u0142 niewa\u017cno\u015b\u0107 ca\u0142ej uchwa\u0142y w Warszawie.\" \/>\n<meta property=\"og:url\" content=\"https:\/\/jetline.pl\/en\/ustawa-krajobrazowa\/uchwaly-krajobrazowe-w-warszawie\/\" \/>\n<meta property=\"og:site_name\" content=\"Jet Line\" \/>\n<meta property=\"article:modified_time\" content=\"2024-09-16T14:28:48+00:00\" \/>\n<meta property=\"og:image\" content=\"https:\/\/jetline.pl\/wp-content\/uploads\/2024\/09\/zaproponowano-odmienne-podejscie-do-tematu.-Rozpisano-przetarg-na-wykonanie-inwentaryzacji-wybranych-miejsc-i-obszarow-miasta-1.jpg\" \/>\n\t<meta property=\"og:image:width\" content=\"2560\" \/>\n\t<meta property=\"og:image:height\" content=\"1810\" \/>\n\t<meta property=\"og:image:type\" content=\"image\/jpeg\" \/>\n<meta name=\"twitter:card\" content=\"summary_large_image\" \/>\n<meta name=\"twitter:label1\" content=\"Est. reading time\" \/>\n\t<meta name=\"twitter:data1\" content=\"4 minutes\" \/>\n<script type=\"application\/ld+json\" class=\"yoast-schema-graph\">{\"@context\":\"https:\\\/\\\/schema.org\",\"@graph\":[{\"@type\":\"WebPage\",\"@id\":\"https:\\\/\\\/jetline.pl\\\/en\\\/ustawa-krajobrazowa\\\/uchwaly-krajobrazowe-w-warszawie\\\/\",\"url\":\"https:\\\/\\\/jetline.pl\\\/en\\\/ustawa-krajobrazowa\\\/uchwaly-krajobrazowe-w-warszawie\\\/\",\"name\":\"Uchwa\u0142a krajobrazowa w Warszawie\",\"isPartOf\":{\"@id\":\"https:\\\/\\\/jetline.pl\\\/en\\\/#website\"},\"primaryImageOfPage\":{\"@id\":\"https:\\\/\\\/jetline.pl\\\/en\\\/ustawa-krajobrazowa\\\/uchwaly-krajobrazowe-w-warszawie\\\/#primaryimage\"},\"image\":{\"@id\":\"https:\\\/\\\/jetline.pl\\\/en\\\/ustawa-krajobrazowa\\\/uchwaly-krajobrazowe-w-warszawie\\\/#primaryimage\"},\"thumbnailUrl\":\"https:\\\/\\\/jetline.pl\\\/wp-content\\\/uploads\\\/2024\\\/09\\\/zaproponowano-odmienne-podejscie-do-tematu.-Rozpisano-przetarg-na-wykonanie-inwentaryzacji-wybranych-miejsc-i-obszarow-miasta-1.jpg\",\"datePublished\":\"2023-03-09T19:26:01+00:00\",\"dateModified\":\"2024-09-16T14:28:48+00:00\",\"description\":\"Warszawa ustanowi\u0142a uchwa\u0142\u0119 krajobrazow\u0105 16 stycznia 2020 r.\u00a0Miesi\u0105c p\u00f3\u017aniej Wojewoda stwierdzi\u0142 niewa\u017cno\u015b\u0107 ca\u0142ej uchwa\u0142y w Warszawie.\",\"breadcrumb\":{\"@id\":\"https:\\\/\\\/jetline.pl\\\/en\\\/ustawa-krajobrazowa\\\/uchwaly-krajobrazowe-w-warszawie\\\/#breadcrumb\"},\"inLanguage\":\"en-US\",\"potentialAction\":[{\"@type\":\"ReadAction\",\"target\":[\"https:\\\/\\\/jetline.pl\\\/en\\\/ustawa-krajobrazowa\\\/uchwaly-krajobrazowe-w-warszawie\\\/\"]}]},{\"@type\":\"ImageObject\",\"inLanguage\":\"en-US\",\"@id\":\"https:\\\/\\\/jetline.pl\\\/en\\\/ustawa-krajobrazowa\\\/uchwaly-krajobrazowe-w-warszawie\\\/#primaryimage\",\"url\":\"https:\\\/\\\/jetline.pl\\\/wp-content\\\/uploads\\\/2024\\\/09\\\/zaproponowano-odmienne-podejscie-do-tematu.-Rozpisano-przetarg-na-wykonanie-inwentaryzacji-wybranych-miejsc-i-obszarow-miasta-1.jpg\",\"contentUrl\":\"https:\\\/\\\/jetline.pl\\\/wp-content\\\/uploads\\\/2024\\\/09\\\/zaproponowano-odmienne-podejscie-do-tematu.-Rozpisano-przetarg-na-wykonanie-inwentaryzacji-wybranych-miejsc-i-obszarow-miasta-1.jpg\",\"width\":2560,\"height\":1810},{\"@type\":\"BreadcrumbList\",\"@id\":\"https:\\\/\\\/jetline.pl\\\/en\\\/ustawa-krajobrazowa\\\/uchwaly-krajobrazowe-w-warszawie\\\/#breadcrumb\",\"itemListElement\":[{\"@type\":\"ListItem\",\"position\":1,\"name\":\"Strona g\u0142\u00f3wna\",\"item\":\"https:\\\/\\\/jetline.pl\\\/en\\\/\"},{\"@type\":\"ListItem\",\"position\":2,\"name\":\"Ustawa krajobrazowa\",\"item\":\"https:\\\/\\\/jetline.pl\\\/en\\\/ustawa-krajobrazowa\\\/\"},{\"@type\":\"ListItem\",\"position\":3,\"name\":\"Uchwa\u0142a krajobrazowa w Warszawie\"}]},{\"@type\":\"WebSite\",\"@id\":\"https:\\\/\\\/jetline.pl\\\/en\\\/#website\",\"url\":\"https:\\\/\\\/jetline.pl\\\/en\\\/\",\"name\":\"Jet Line\",\"description\":\"Tworzymy przestrze\u0144 do komunikacji\",\"publisher\":{\"@id\":\"https:\\\/\\\/jetline.pl\\\/en\\\/#organization\"},\"potentialAction\":[{\"@type\":\"SearchAction\",\"target\":{\"@type\":\"EntryPoint\",\"urlTemplate\":\"https:\\\/\\\/jetline.pl\\\/en\\\/?s={search_term_string}\"},\"query-input\":{\"@type\":\"PropertyValueSpecification\",\"valueRequired\":true,\"valueName\":\"search_term_string\"}}],\"inLanguage\":\"en-US\"},{\"@type\":\"Organization\",\"@id\":\"https:\\\/\\\/jetline.pl\\\/en\\\/#organization\",\"name\":\"Jet Line\",\"url\":\"https:\\\/\\\/jetline.pl\\\/en\\\/\",\"logo\":{\"@type\":\"ImageObject\",\"inLanguage\":\"en-US\",\"@id\":\"https:\\\/\\\/jetline.pl\\\/en\\\/#\\\/schema\\\/logo\\\/image\\\/\",\"url\":\"https:\\\/\\\/jetline.pl\\\/wp-content\\\/uploads\\\/2024\\\/09\\\/logo_poziom_logo_poziom_czerwone-1.png\",\"contentUrl\":\"https:\\\/\\\/jetline.pl\\\/wp-content\\\/uploads\\\/2024\\\/09\\\/logo_poziom_logo_poziom_czerwone-1.png\",\"width\":4946,\"height\":2016,\"caption\":\"Jet Line\"},\"image\":{\"@id\":\"https:\\\/\\\/jetline.pl\\\/en\\\/#\\\/schema\\\/logo\\\/image\\\/\"}}]}<\/script>\n<!-- \/ Yoast SEO plugin. -->","yoast_head_json":{"title":"Uchwa\u0142a krajobrazowa w Warszawie","description":"Warszawa ustanowi\u0142a uchwa\u0142\u0119 krajobrazow\u0105 16 stycznia 2020 r.\u00a0Miesi\u0105c p\u00f3\u017aniej Wojewoda stwierdzi\u0142 niewa\u017cno\u015b\u0107 ca\u0142ej uchwa\u0142y w Warszawie.","robots":{"index":"index","follow":"follow","max-snippet":"max-snippet:-1","max-image-preview":"max-image-preview:large","max-video-preview":"max-video-preview:-1"},"canonical":"https:\/\/jetline.pl\/en\/ustawa-krajobrazowa\/uchwaly-krajobrazowe-w-warszawie\/","og_locale":"en_US","og_type":"article","og_title":"Uchwa\u0142a krajobrazowa w Warszawie","og_description":"Warszawa ustanowi\u0142a uchwa\u0142\u0119 krajobrazow\u0105 16 stycznia 2020 r.\u00a0Miesi\u0105c p\u00f3\u017aniej Wojewoda stwierdzi\u0142 niewa\u017cno\u015b\u0107 ca\u0142ej uchwa\u0142y w Warszawie.","og_url":"https:\/\/jetline.pl\/en\/ustawa-krajobrazowa\/uchwaly-krajobrazowe-w-warszawie\/","og_site_name":"Jet Line","article_modified_time":"2024-09-16T14:28:48+00:00","og_image":[{"width":2560,"height":1810,"url":"https:\/\/jetline.pl\/wp-content\/uploads\/2024\/09\/zaproponowano-odmienne-podejscie-do-tematu.-Rozpisano-przetarg-na-wykonanie-inwentaryzacji-wybranych-miejsc-i-obszarow-miasta-1.jpg","type":"image\/jpeg"}],"twitter_card":"summary_large_image","twitter_misc":{"Est. reading time":"4 minutes"},"schema":{"@context":"https:\/\/schema.org","@graph":[{"@type":"WebPage","@id":"https:\/\/jetline.pl\/en\/ustawa-krajobrazowa\/uchwaly-krajobrazowe-w-warszawie\/","url":"https:\/\/jetline.pl\/en\/ustawa-krajobrazowa\/uchwaly-krajobrazowe-w-warszawie\/","name":"Uchwa\u0142a krajobrazowa w Warszawie","isPartOf":{"@id":"https:\/\/jetline.pl\/en\/#website"},"primaryImageOfPage":{"@id":"https:\/\/jetline.pl\/en\/ustawa-krajobrazowa\/uchwaly-krajobrazowe-w-warszawie\/#primaryimage"},"image":{"@id":"https:\/\/jetline.pl\/en\/ustawa-krajobrazowa\/uchwaly-krajobrazowe-w-warszawie\/#primaryimage"},"thumbnailUrl":"https:\/\/jetline.pl\/wp-content\/uploads\/2024\/09\/zaproponowano-odmienne-podejscie-do-tematu.-Rozpisano-przetarg-na-wykonanie-inwentaryzacji-wybranych-miejsc-i-obszarow-miasta-1.jpg","datePublished":"2023-03-09T19:26:01+00:00","dateModified":"2024-09-16T14:28:48+00:00","description":"Warszawa ustanowi\u0142a uchwa\u0142\u0119 krajobrazow\u0105 16 stycznia 2020 r.\u00a0Miesi\u0105c p\u00f3\u017aniej Wojewoda stwierdzi\u0142 niewa\u017cno\u015b\u0107 ca\u0142ej uchwa\u0142y w Warszawie.","breadcrumb":{"@id":"https:\/\/jetline.pl\/en\/ustawa-krajobrazowa\/uchwaly-krajobrazowe-w-warszawie\/#breadcrumb"},"inLanguage":"en-US","potentialAction":[{"@type":"ReadAction","target":["https:\/\/jetline.pl\/en\/ustawa-krajobrazowa\/uchwaly-krajobrazowe-w-warszawie\/"]}]},{"@type":"ImageObject","inLanguage":"en-US","@id":"https:\/\/jetline.pl\/en\/ustawa-krajobrazowa\/uchwaly-krajobrazowe-w-warszawie\/#primaryimage","url":"https:\/\/jetline.pl\/wp-content\/uploads\/2024\/09\/zaproponowano-odmienne-podejscie-do-tematu.-Rozpisano-przetarg-na-wykonanie-inwentaryzacji-wybranych-miejsc-i-obszarow-miasta-1.jpg","contentUrl":"https:\/\/jetline.pl\/wp-content\/uploads\/2024\/09\/zaproponowano-odmienne-podejscie-do-tematu.-Rozpisano-przetarg-na-wykonanie-inwentaryzacji-wybranych-miejsc-i-obszarow-miasta-1.jpg","width":2560,"height":1810},{"@type":"BreadcrumbList","@id":"https:\/\/jetline.pl\/en\/ustawa-krajobrazowa\/uchwaly-krajobrazowe-w-warszawie\/#breadcrumb","itemListElement":[{"@type":"ListItem","position":1,"name":"Strona g\u0142\u00f3wna","item":"https:\/\/jetline.pl\/en\/"},{"@type":"ListItem","position":2,"name":"Ustawa krajobrazowa","item":"https:\/\/jetline.pl\/en\/ustawa-krajobrazowa\/"},{"@type":"ListItem","position":3,"name":"Uchwa\u0142a krajobrazowa w Warszawie"}]},{"@type":"WebSite","@id":"https:\/\/jetline.pl\/en\/#website","url":"https:\/\/jetline.pl\/en\/","name":"Jet Line","description":"Tworzymy przestrze\u0144 do komunikacji","publisher":{"@id":"https:\/\/jetline.pl\/en\/#organization"},"potentialAction":[{"@type":"SearchAction","target":{"@type":"EntryPoint","urlTemplate":"https:\/\/jetline.pl\/en\/?s={search_term_string}"},"query-input":{"@type":"PropertyValueSpecification","valueRequired":true,"valueName":"search_term_string"}}],"inLanguage":"en-US"},{"@type":"Organization","@id":"https:\/\/jetline.pl\/en\/#organization","name":"Jet Line","url":"https:\/\/jetline.pl\/en\/","logo":{"@type":"ImageObject","inLanguage":"en-US","@id":"https:\/\/jetline.pl\/en\/#\/schema\/logo\/image\/","url":"https:\/\/jetline.pl\/wp-content\/uploads\/2024\/09\/logo_poziom_logo_poziom_czerwone-1.png","contentUrl":"https:\/\/jetline.pl\/wp-content\/uploads\/2024\/09\/logo_poziom_logo_poziom_czerwone-1.png","width":4946,"height":2016,"caption":"Jet Line"},"image":{"@id":"https:\/\/jetline.pl\/en\/#\/schema\/logo\/image\/"}}]}},"_links":{"self":[{"href":"https:\/\/jetline.pl\/en\/wp-json\/wp\/v2\/ustawa\/1766","targetHints":{"allow":["GET"]}}],"collection":[{"href":"https:\/\/jetline.pl\/en\/wp-json\/wp\/v2\/ustawa"}],"about":[{"href":"https:\/\/jetline.pl\/en\/wp-json\/wp\/v2\/types\/ustawa"}],"author":[{"embeddable":true,"href":"https:\/\/jetline.pl\/en\/wp-json\/wp\/v2\/users\/16"}],"wp:featuredmedia":[{"embeddable":true,"href":"https:\/\/jetline.pl\/en\/wp-json\/wp\/v2\/media\/1649"}],"wp:attachment":[{"href":"https:\/\/jetline.pl\/en\/wp-json\/wp\/v2\/media?parent=1766"}],"wp:term":[{"taxonomy":"ustawa_cat","embeddable":true,"href":"https:\/\/jetline.pl\/en\/wp-json\/wp\/v2\/ustawa_cat?post=1766"}],"curies":[{"name":"wp","href":"https:\/\/api.w.org\/{rel}","templated":true}]}}