{"id":1769,"date":"2023-03-09T20:26:53","date_gmt":"2023-03-09T19:26:53","guid":{"rendered":"https:\/\/jetline.presb.pl\/ustawa-krajobrazowa\/uchwaly-krajobrazowe-w-szczecinie\/"},"modified":"2024-09-16T16:30:20","modified_gmt":"2024-09-16T14:30:20","slug":"uchwaly-krajobrazowe-w-szczecinie","status":"publish","type":"ustawa","link":"https:\/\/jetline.pl\/en\/ustawa-krajobrazowa\/uchwaly-krajobrazowe-w-szczecinie\/","title":{"rendered":"Uchwa\u0142a krajobrazowa w Szczecinie"},"content":{"rendered":"<p>Przyst\u0105pienie do prac nad uchwa\u0142\u0105 w Szczecinie poprzedzi\u0142a szczeg\u00f3\u0142owa inwentaryzacja. W rezultacie pokaza\u0142a ona, \u017ce jedynie 19% reklam w mie\u015bcie jest ustawionych legalnie. Jako jedyne miasto w G8 Szczecin skonstruowa\u0142 sw\u00f3j kodeks na bazie istniej\u0105cych plan\u00f3w miejscowych (pozosta\u0142e miasta wprowadzaj\u0105c uchwa\u0142y reklamowe zmieni\u0105 miejscowe plany zagospodarowania przestrzennego).<br \/>\nW efekcie taka strategia powoduje podzia\u0142 miasta na tyle stref, ile zosta\u0142o uchwalonych plan\u00f3w miejscowych plus 1 dla strefy, w kt\u00f3rej brak planu miejscowego. Z jednej strony jest to najbardziej skomplikowany i najobszerniejszy projekt uchwa\u0142y (gdyby wydrukowa\u0107 ca\u0142o\u015b\u0107 otrzymaliby\u015bmy ponad 1000 stron), jednak je\u017celi wybierzemy konkretn\u0105 lokalizacj\u0119, uchwa\u0142a dla tego miejsca b\u0119dzie w\u00a0 konsekwencji bardzo czytelna i skondensowana.<\/p>\n<h3>Podstawowe za\u0142o\u017cenia projektu uchwa\u0142y w miejscach, w kt\u00f3rych nie ma plan\u00f3w miejscowych, przewiduj\u0105:<\/h3>\n<ul>\n<li>maksymalny format reklamy wolnostoj\u0105cej \u2013 48m<sup>2<\/sup><\/li>\n<li>reklama na elewacji podczas remont\u00f3w \u2013 dopuszczona na ca\u0142ej powierzchni rusztowania przez okres 3 miesi\u0119cy raz na 5 lat;<\/li>\n<li>reklama na elewacji \u2013 do 10% powierzchni elewacji (z zastrze\u017ceniami);<\/li>\n<li>szyldy \u2013 na jedn\u0105 dzia\u0142alno\u015b\u0107 gospodarcz\u0105 przys\u0142uguje 1 szyld o powierzchni 0,3 m2;<\/li>\n<li>zakazy \u2013 umieszczanie reklam na ogrodzeniach, terenach zielonych, urz\u0105dzeniach bezpiecze\u0144stwa ruchu drogowego, obszarach wodnych, reklam na przystankach przekraczaj\u0105cych 30% powierzchni wiaty;<\/li>\n<li>reklama cyfrowa \u2013 dopuszczona, z wyj\u0105tkiem reklam o niskiej rozdzielczo\u015bci;<\/li>\n<li>murale \u2013 traktowane jak reklama na elewacji;<\/li>\n<li>okresy dostosowania \u2013 2 lata;<\/li>\n<li>warunki dostosowania \u2013 cz\u0119\u015bciowo okre\u015blone;<\/li>\n<li>prawa nabyte \u2013 uwzgl\u0119dnione.<\/li>\n<\/ul>\n<p>Termin wy\u0142o\u017cenia i zg\u0142aszania uwag do projektu min\u0105\u0142 w marcu 2017 r. Zesp\u00f3\u0142 projektowy zako\u0144czy\u0142 prace i przekaza\u0142 gotowy dokument do Rady Miasta, kt\u00f3ra zapewne nie podejmie decyzji o g\u0142osowaniu tej uchwa\u0142y. Projekt szczeci\u0144skiej uchwa\u0142y jest najd\u0142u\u017cej zamro\u017conym dokumentem spo\u015br\u00f3d kodeks\u00f3w reklamowych. Ostatnia aktualizacja na stronie dotycz\u0105cej uchwa\u0142y krajobrazowej pochodzi z wrze\u015bnia 2017 r.<br \/>\nZ projektem mo\u017cna zapozna\u0107 si\u0119 pod adresem:\u00a0<a href=\"http:\/\/krajobraz.szczecin.pl\/chapter_139000.asp\">http:\/\/krajobraz.szczecin.pl\/chapter_139000.asp<\/a><\/p>\n<p>Podsumowuj\u0105c, mo\u017cemy przyj\u0105\u0107, \u017ce powy\u017cszy projekt ma warto\u015b\u0107 archiwaln\u0105, a miasto nie b\u0119dzie do niego wraca\u0107. W tym roku rozpoczn\u0105 si\u0119 prace organizacyjne i dodatkowo powo\u0142any zostanie zesp\u00f3\u0142 projektowy, kt\u00f3ry rozpocznie prace nad nowym projektem uchwa\u0142y.<\/p>\n<p>Wi\u0119cej o uchwa\u0142ach krajobrazowych przeczytasz: <a href=\"https:\/\/jetline.pl\/ustawa-krajobrazowa\/uchwaly-krajobrazowe-w-najwiekszych-miastach-w-polsce-przeglad-sytuacji-marzec-2023-r\">Uchwa\u0142y krajobrazowe w najwi\u0119kszych miastach w Polsce. Przegl\u0105d sytuacji, marzec 2023 r. - Jet Line<\/a><\/p>\n","protected":false},"author":16,"featured_media":1655,"template":"","ustawa_cat":[562],"class_list":["post-1769","ustawa","type-ustawa","status-publish","has-post-thumbnail","hentry","ustawa_cat-szczecin"],"acf":[],"yoast_head":"<!-- This site is optimized with the Yoast SEO plugin v27.5 - https:\/\/yoast.com\/product\/yoast-seo-wordpress\/ -->\n<title>Uchwa\u0142a krajobrazowa w Szczecinie<\/title>\n<meta name=\"description\" content=\"Prace nad uchwa\u0142\u0105 w Szczecinie poprzedzi\u0142a szczeg\u00f3\u0142owa inwentaryzacja. Pokaza\u0142a ona, \u017ce jedynie 19% reklam jest ustawionych legalnie.\" \/>\n<meta name=\"robots\" content=\"index, follow, max-snippet:-1, max-image-preview:large, max-video-preview:-1\" \/>\n<link rel=\"canonical\" href=\"https:\/\/jetline.pl\/en\/ustawa-krajobrazowa\/uchwaly-krajobrazowe-w-szczecinie\/\" \/>\n<meta property=\"og:locale\" content=\"en_US\" \/>\n<meta property=\"og:type\" content=\"article\" \/>\n<meta property=\"og:title\" content=\"Uchwa\u0142a krajobrazowa w Szczecinie\" \/>\n<meta property=\"og:description\" content=\"Prace nad uchwa\u0142\u0105 w Szczecinie poprzedzi\u0142a szczeg\u00f3\u0142owa inwentaryzacja. Pokaza\u0142a ona, \u017ce jedynie 19% reklam jest ustawionych legalnie.\" \/>\n<meta property=\"og:url\" content=\"https:\/\/jetline.pl\/en\/ustawa-krajobrazowa\/uchwaly-krajobrazowe-w-szczecinie\/\" \/>\n<meta property=\"og:site_name\" content=\"Jet Line\" \/>\n<meta property=\"article:modified_time\" content=\"2024-09-16T14:30:20+00:00\" \/>\n<meta property=\"og:image\" content=\"https:\/\/jetline.pl\/wp-content\/uploads\/2024\/09\/Projekt-bez-tytulu-2.jpg\" \/>\n\t<meta property=\"og:image:width\" content=\"2560\" \/>\n\t<meta property=\"og:image:height\" content=\"1810\" \/>\n\t<meta property=\"og:image:type\" content=\"image\/jpeg\" \/>\n<meta name=\"twitter:card\" content=\"summary_large_image\" \/>\n<meta name=\"twitter:label1\" content=\"Est. reading time\" \/>\n\t<meta name=\"twitter:data1\" content=\"3 minutes\" \/>\n<script type=\"application\/ld+json\" class=\"yoast-schema-graph\">{\"@context\":\"https:\\\/\\\/schema.org\",\"@graph\":[{\"@type\":\"WebPage\",\"@id\":\"https:\\\/\\\/jetline.pl\\\/en\\\/ustawa-krajobrazowa\\\/uchwaly-krajobrazowe-w-szczecinie\\\/\",\"url\":\"https:\\\/\\\/jetline.pl\\\/en\\\/ustawa-krajobrazowa\\\/uchwaly-krajobrazowe-w-szczecinie\\\/\",\"name\":\"Uchwa\u0142a krajobrazowa w Szczecinie\",\"isPartOf\":{\"@id\":\"https:\\\/\\\/jetline.pl\\\/en\\\/#website\"},\"primaryImageOfPage\":{\"@id\":\"https:\\\/\\\/jetline.pl\\\/en\\\/ustawa-krajobrazowa\\\/uchwaly-krajobrazowe-w-szczecinie\\\/#primaryimage\"},\"image\":{\"@id\":\"https:\\\/\\\/jetline.pl\\\/en\\\/ustawa-krajobrazowa\\\/uchwaly-krajobrazowe-w-szczecinie\\\/#primaryimage\"},\"thumbnailUrl\":\"https:\\\/\\\/jetline.pl\\\/wp-content\\\/uploads\\\/2024\\\/09\\\/Projekt-bez-tytulu-2.jpg\",\"datePublished\":\"2023-03-09T19:26:53+00:00\",\"dateModified\":\"2024-09-16T14:30:20+00:00\",\"description\":\"Prace nad uchwa\u0142\u0105 w Szczecinie poprzedzi\u0142a szczeg\u00f3\u0142owa inwentaryzacja. Pokaza\u0142a ona, \u017ce jedynie 19% reklam jest ustawionych legalnie.\",\"breadcrumb\":{\"@id\":\"https:\\\/\\\/jetline.pl\\\/en\\\/ustawa-krajobrazowa\\\/uchwaly-krajobrazowe-w-szczecinie\\\/#breadcrumb\"},\"inLanguage\":\"en-US\",\"potentialAction\":[{\"@type\":\"ReadAction\",\"target\":[\"https:\\\/\\\/jetline.pl\\\/en\\\/ustawa-krajobrazowa\\\/uchwaly-krajobrazowe-w-szczecinie\\\/\"]}]},{\"@type\":\"ImageObject\",\"inLanguage\":\"en-US\",\"@id\":\"https:\\\/\\\/jetline.pl\\\/en\\\/ustawa-krajobrazowa\\\/uchwaly-krajobrazowe-w-szczecinie\\\/#primaryimage\",\"url\":\"https:\\\/\\\/jetline.pl\\\/wp-content\\\/uploads\\\/2024\\\/09\\\/Projekt-bez-tytulu-2.jpg\",\"contentUrl\":\"https:\\\/\\\/jetline.pl\\\/wp-content\\\/uploads\\\/2024\\\/09\\\/Projekt-bez-tytulu-2.jpg\",\"width\":2560,\"height\":1810},{\"@type\":\"BreadcrumbList\",\"@id\":\"https:\\\/\\\/jetline.pl\\\/en\\\/ustawa-krajobrazowa\\\/uchwaly-krajobrazowe-w-szczecinie\\\/#breadcrumb\",\"itemListElement\":[{\"@type\":\"ListItem\",\"position\":1,\"name\":\"Strona g\u0142\u00f3wna\",\"item\":\"https:\\\/\\\/jetline.pl\\\/en\\\/\"},{\"@type\":\"ListItem\",\"position\":2,\"name\":\"Ustawa krajobrazowa\",\"item\":\"https:\\\/\\\/jetline.pl\\\/en\\\/ustawa-krajobrazowa\\\/\"},{\"@type\":\"ListItem\",\"position\":3,\"name\":\"Uchwa\u0142a krajobrazowa w Szczecinie\"}]},{\"@type\":\"WebSite\",\"@id\":\"https:\\\/\\\/jetline.pl\\\/en\\\/#website\",\"url\":\"https:\\\/\\\/jetline.pl\\\/en\\\/\",\"name\":\"Jet Line\",\"description\":\"Tworzymy przestrze\u0144 do komunikacji\",\"publisher\":{\"@id\":\"https:\\\/\\\/jetline.pl\\\/en\\\/#organization\"},\"potentialAction\":[{\"@type\":\"SearchAction\",\"target\":{\"@type\":\"EntryPoint\",\"urlTemplate\":\"https:\\\/\\\/jetline.pl\\\/en\\\/?s={search_term_string}\"},\"query-input\":{\"@type\":\"PropertyValueSpecification\",\"valueRequired\":true,\"valueName\":\"search_term_string\"}}],\"inLanguage\":\"en-US\"},{\"@type\":\"Organization\",\"@id\":\"https:\\\/\\\/jetline.pl\\\/en\\\/#organization\",\"name\":\"Jet Line\",\"url\":\"https:\\\/\\\/jetline.pl\\\/en\\\/\",\"logo\":{\"@type\":\"ImageObject\",\"inLanguage\":\"en-US\",\"@id\":\"https:\\\/\\\/jetline.pl\\\/en\\\/#\\\/schema\\\/logo\\\/image\\\/\",\"url\":\"https:\\\/\\\/jetline.pl\\\/wp-content\\\/uploads\\\/2024\\\/09\\\/logo_poziom_logo_poziom_czerwone-1.png\",\"contentUrl\":\"https:\\\/\\\/jetline.pl\\\/wp-content\\\/uploads\\\/2024\\\/09\\\/logo_poziom_logo_poziom_czerwone-1.png\",\"width\":4946,\"height\":2016,\"caption\":\"Jet Line\"},\"image\":{\"@id\":\"https:\\\/\\\/jetline.pl\\\/en\\\/#\\\/schema\\\/logo\\\/image\\\/\"}}]}<\/script>\n<!-- \/ Yoast SEO plugin. -->","yoast_head_json":{"title":"Uchwa\u0142a krajobrazowa w Szczecinie","description":"Prace nad uchwa\u0142\u0105 w Szczecinie poprzedzi\u0142a szczeg\u00f3\u0142owa inwentaryzacja. Pokaza\u0142a ona, \u017ce jedynie 19% reklam jest ustawionych legalnie.","robots":{"index":"index","follow":"follow","max-snippet":"max-snippet:-1","max-image-preview":"max-image-preview:large","max-video-preview":"max-video-preview:-1"},"canonical":"https:\/\/jetline.pl\/en\/ustawa-krajobrazowa\/uchwaly-krajobrazowe-w-szczecinie\/","og_locale":"en_US","og_type":"article","og_title":"Uchwa\u0142a krajobrazowa w Szczecinie","og_description":"Prace nad uchwa\u0142\u0105 w Szczecinie poprzedzi\u0142a szczeg\u00f3\u0142owa inwentaryzacja. Pokaza\u0142a ona, \u017ce jedynie 19% reklam jest ustawionych legalnie.","og_url":"https:\/\/jetline.pl\/en\/ustawa-krajobrazowa\/uchwaly-krajobrazowe-w-szczecinie\/","og_site_name":"Jet Line","article_modified_time":"2024-09-16T14:30:20+00:00","og_image":[{"width":2560,"height":1810,"url":"https:\/\/jetline.pl\/wp-content\/uploads\/2024\/09\/Projekt-bez-tytulu-2.jpg","type":"image\/jpeg"}],"twitter_card":"summary_large_image","twitter_misc":{"Est. reading time":"3 minutes"},"schema":{"@context":"https:\/\/schema.org","@graph":[{"@type":"WebPage","@id":"https:\/\/jetline.pl\/en\/ustawa-krajobrazowa\/uchwaly-krajobrazowe-w-szczecinie\/","url":"https:\/\/jetline.pl\/en\/ustawa-krajobrazowa\/uchwaly-krajobrazowe-w-szczecinie\/","name":"Uchwa\u0142a krajobrazowa w Szczecinie","isPartOf":{"@id":"https:\/\/jetline.pl\/en\/#website"},"primaryImageOfPage":{"@id":"https:\/\/jetline.pl\/en\/ustawa-krajobrazowa\/uchwaly-krajobrazowe-w-szczecinie\/#primaryimage"},"image":{"@id":"https:\/\/jetline.pl\/en\/ustawa-krajobrazowa\/uchwaly-krajobrazowe-w-szczecinie\/#primaryimage"},"thumbnailUrl":"https:\/\/jetline.pl\/wp-content\/uploads\/2024\/09\/Projekt-bez-tytulu-2.jpg","datePublished":"2023-03-09T19:26:53+00:00","dateModified":"2024-09-16T14:30:20+00:00","description":"Prace nad uchwa\u0142\u0105 w Szczecinie poprzedzi\u0142a szczeg\u00f3\u0142owa inwentaryzacja. Pokaza\u0142a ona, \u017ce jedynie 19% reklam jest ustawionych legalnie.","breadcrumb":{"@id":"https:\/\/jetline.pl\/en\/ustawa-krajobrazowa\/uchwaly-krajobrazowe-w-szczecinie\/#breadcrumb"},"inLanguage":"en-US","potentialAction":[{"@type":"ReadAction","target":["https:\/\/jetline.pl\/en\/ustawa-krajobrazowa\/uchwaly-krajobrazowe-w-szczecinie\/"]}]},{"@type":"ImageObject","inLanguage":"en-US","@id":"https:\/\/jetline.pl\/en\/ustawa-krajobrazowa\/uchwaly-krajobrazowe-w-szczecinie\/#primaryimage","url":"https:\/\/jetline.pl\/wp-content\/uploads\/2024\/09\/Projekt-bez-tytulu-2.jpg","contentUrl":"https:\/\/jetline.pl\/wp-content\/uploads\/2024\/09\/Projekt-bez-tytulu-2.jpg","width":2560,"height":1810},{"@type":"BreadcrumbList","@id":"https:\/\/jetline.pl\/en\/ustawa-krajobrazowa\/uchwaly-krajobrazowe-w-szczecinie\/#breadcrumb","itemListElement":[{"@type":"ListItem","position":1,"name":"Strona g\u0142\u00f3wna","item":"https:\/\/jetline.pl\/en\/"},{"@type":"ListItem","position":2,"name":"Ustawa krajobrazowa","item":"https:\/\/jetline.pl\/en\/ustawa-krajobrazowa\/"},{"@type":"ListItem","position":3,"name":"Uchwa\u0142a krajobrazowa w Szczecinie"}]},{"@type":"WebSite","@id":"https:\/\/jetline.pl\/en\/#website","url":"https:\/\/jetline.pl\/en\/","name":"Jet Line","description":"Tworzymy przestrze\u0144 do komunikacji","publisher":{"@id":"https:\/\/jetline.pl\/en\/#organization"},"potentialAction":[{"@type":"SearchAction","target":{"@type":"EntryPoint","urlTemplate":"https:\/\/jetline.pl\/en\/?s={search_term_string}"},"query-input":{"@type":"PropertyValueSpecification","valueRequired":true,"valueName":"search_term_string"}}],"inLanguage":"en-US"},{"@type":"Organization","@id":"https:\/\/jetline.pl\/en\/#organization","name":"Jet Line","url":"https:\/\/jetline.pl\/en\/","logo":{"@type":"ImageObject","inLanguage":"en-US","@id":"https:\/\/jetline.pl\/en\/#\/schema\/logo\/image\/","url":"https:\/\/jetline.pl\/wp-content\/uploads\/2024\/09\/logo_poziom_logo_poziom_czerwone-1.png","contentUrl":"https:\/\/jetline.pl\/wp-content\/uploads\/2024\/09\/logo_poziom_logo_poziom_czerwone-1.png","width":4946,"height":2016,"caption":"Jet Line"},"image":{"@id":"https:\/\/jetline.pl\/en\/#\/schema\/logo\/image\/"}}]}},"_links":{"self":[{"href":"https:\/\/jetline.pl\/en\/wp-json\/wp\/v2\/ustawa\/1769","targetHints":{"allow":["GET"]}}],"collection":[{"href":"https:\/\/jetline.pl\/en\/wp-json\/wp\/v2\/ustawa"}],"about":[{"href":"https:\/\/jetline.pl\/en\/wp-json\/wp\/v2\/types\/ustawa"}],"author":[{"embeddable":true,"href":"https:\/\/jetline.pl\/en\/wp-json\/wp\/v2\/users\/16"}],"wp:featuredmedia":[{"embeddable":true,"href":"https:\/\/jetline.pl\/en\/wp-json\/wp\/v2\/media\/1655"}],"wp:attachment":[{"href":"https:\/\/jetline.pl\/en\/wp-json\/wp\/v2\/media?parent=1769"}],"wp:term":[{"taxonomy":"ustawa_cat","embeddable":true,"href":"https:\/\/jetline.pl\/en\/wp-json\/wp\/v2\/ustawa_cat?post=1769"}],"curies":[{"name":"wp","href":"https:\/\/api.w.org\/{rel}","templated":true}]}}