{"id":1773,"date":"2023-05-04T12:56:39","date_gmt":"2023-05-04T10:56:39","guid":{"rendered":"https:\/\/jetline.presb.pl\/ustawa-krajobrazowa\/krakowska-uchwala-krajobrazowa-czyli-rowni-i-rowniejsi\/"},"modified":"2024-09-16T16:18:42","modified_gmt":"2024-09-16T14:18:42","slug":"krakowska-uchwala-krajobrazowa-czyli-rowni-i-rowniejsi","status":"publish","type":"ustawa","link":"https:\/\/jetline.pl\/en\/ustawa-krajobrazowa\/krakowska-uchwala-krajobrazowa-czyli-rowni-i-rowniejsi\/","title":{"rendered":"R\u00f3wni i r\u00f3wniejsi. Krakowska Uchwa\u0142a krajobrazowa."},"content":{"rendered":"<p>Ponad 2 lata temu Krak\u00f3w wprowadzi\u0142 uchwa\u0142\u0119 krajobrazow\u0105 reguluj\u0105c\u0105 zasady umieszczania reklam w przestrzeni publicznej. 30 czerwca 2022r. zako\u0144czy\u0142 si\u0119 okres dostosowawczy, w konsekwencji kt\u00f3rego reklamodawcy mieli obowi\u0105zek dostosowa\u0107 istniej\u0105ce no\u015bniki do przepis\u00f3w. Od tego momentu badana jest zgodno\u015b\u0107 tablic i urz\u0105dze\u0144 reklamowych na terenie Krakowa z przepisami uchwa\u0142y. Innymi s\u0142owy Urz\u0105d Miasta prowadzi wzgl\u0119dem przedsi\u0119biorc\u00f3w post\u0119powania administracyjne dot. na\u0142o\u017cenia kar pieni\u0119\u017cnych oraz obowi\u0105zku dostosowania tablic i urz\u0105dze\u0144 reklamowych do wymog\u00f3w uchwa\u0142y b\u0105d\u017a ich usuni\u0119cia.<\/p>\n<p>Tymczasem w Krakowie przy ul. Mogilskiej 43a powsta\u0142 mural reklamowy. Promuje on krakowsk\u0105 kampani\u0119 rekreacyjn\u0105 \u201eKrak\u00f3w w formie\u201d. Mural znajduje si\u0119 na budynku zlokalizowanym zaraz przy wej\u015bciu do Urz\u0119du Miasta Krak\u00f3w.<br \/>\nJest to strefa I Uchwa\u0142y krajobrazowej.<\/p>\n<p><img loading=\"lazy\" decoding=\"async\" class=\"wp-image-15439 size-full\" src=\"https:\/\/jetline.pl\/wp-content\/uploads\/2024\/08\/UK-Krakow-ilustracja-2.png\" alt=\"uchwa\u0142a krajobrazowa w Krakowie\" width=\"904\" height=\"607\" \/><\/p>\n<p>Co to jest <a href=\"https:\/\/www.krakow.pl\/aktualnosci\/268318,202,komunikat,_krakow_w_formie__powraca_.html\">\"Krak\u00f3w w formie\"?<\/a> Jest to projekt miejski, kt\u00f3rego celem jest promowanie zdrowych nawyk\u00f3w ruchu i aktywno\u015bci w mie\u015bcie. W nim, pod jednym szyldem skupiaj\u0105 si\u0119 dzia\u0142ania wielu wydzia\u0142\u00f3w Urz\u0119du Miasta: Edukacji, Gospodarki Komunalnej, Zdrowia i Polityki Spo\u0142ecznej, Komunikacji Spo\u0142ecznej. Dodatkowo w kampani\u0119 zaanga\u017cowane s\u0105 jednostki : Zarz\u0105d Zielni Miejskiej, Zarz\u0105d Infrastruktury Sportowej i Zarz\u0105d Transportu Publicznego.<\/p>\n<p><img loading=\"lazy\" decoding=\"async\" class=\"wp-image-15445 alignnone\" src=\"https:\/\/jetline.pl\/wp-content\/uploads\/2024\/08\/krakowski-mural119186-scaled-1.jpg\" alt=\"krakowska uchwa\u0142a krajobrazowa\" width=\"904\" height=\"509\" \/><\/p>\n<p>W tym miejscu zwr\u00f3\u0107my uwag\u0119, i\u017c:<\/p>\n<ul>\n<li>\u00a7 9 ust. 12 Uchwa\u0142y krajobrazowej dopuszcza sytuowanie murali na zasadach wskazanych w \u00a715 pkt 1 i 18, czyli:<\/li>\n<\/ul>\n<p>- na elewacji frontowej parteru \u2013 w strefie I do 25% powierzchni elewacji frontowej;<\/p>\n<p>- w spos\u00f3b niezas\u0142aniaj\u0105cy okien, drzwi itp.;<\/p>\n<p>- o powierzchni ekspozycyjnej nieprzekraczaj\u0105cej 12m2.<\/p>\n<p>Niestety, krakowski mural nie spe\u0142nia wytycznych podpunktu pierwszego i trzeciego. Do tej reklamy nie znajduj\u0105 zastosowania wy\u0142\u0105czenia dotycz\u0105ce promowania projekt\u00f3w unijnych. W zwi\u0105zku z powy\u017cszym w mojej ocenie przedmiotowy mural jest niezgodny z UK Krak\u00f3w.\u00a0 Nie znalaz\u0142am \u017cadnych zapis\u00f3w, kt\u00f3re pozwoli\u0142yby uwa\u017ca\u0107 inaczej.<\/p>\n<p>Wi\u0119cej o Uchwale Krajobrazowej przeczytasz tu:<\/p>\n<p><a href=\"https:\/\/jetline.pl\/ustawa-krajobrazowa\/uchwala-krajobrazowa-8-mitow?preview_id=15346&amp;preview_nonce=97ccef8545&amp;post_format=standard&amp;_thumbnail_id=15364&amp;preview=true\">Uchwa\u0142a krajobrazowa \u2013 8 mit\u00f3w - Jet Line<\/a><\/p>\n<p><a href=\"https:\/\/jetline.pl\/aktualnosci\/uchwaly-krajobrazowe-w-krakowie\">Uchwa\u0142a krajobrazowa w Krakowie - Jet Line<\/a><\/p>\n<p>&nbsp;<\/p>\n","protected":false},"author":29,"featured_media":1179,"template":"","ustawa_cat":[561],"class_list":["post-1773","ustawa","type-ustawa","status-publish","has-post-thumbnail","hentry","ustawa_cat-krakow"],"acf":[],"yoast_head":"<!-- This site is optimized with the Yoast SEO plugin v27.5 - https:\/\/yoast.com\/product\/yoast-seo-wordpress\/ -->\n<title>R\u00f3wni i r\u00f3wniejsi. Krakowska Uchwa\u0142a krajobrazowa. - Jet Line<\/title>\n<meta name=\"description\" content=\"Krakowska Uchwa\u0142a krajobrazowa dzia\u0142a od pewnego czasu i 30 czerwca 2022 r. zako\u0144czy\u0142 si\u0119 jej okres dostosowawczy. Co to oznacza w praktyce?\" \/>\n<meta name=\"robots\" content=\"index, follow, max-snippet:-1, max-image-preview:large, max-video-preview:-1\" \/>\n<link rel=\"canonical\" href=\"https:\/\/jetline.pl\/en\/ustawa-krajobrazowa\/krakowska-uchwala-krajobrazowa-czyli-rowni-i-rowniejsi\/\" \/>\n<meta property=\"og:locale\" content=\"en_US\" \/>\n<meta property=\"og:type\" content=\"article\" \/>\n<meta property=\"og:title\" content=\"R\u00f3wni i r\u00f3wniejsi. Krakowska Uchwa\u0142a krajobrazowa. - Jet Line\" \/>\n<meta property=\"og:description\" content=\"Krakowska Uchwa\u0142a krajobrazowa dzia\u0142a od pewnego czasu i 30 czerwca 2022 r. zako\u0144czy\u0142 si\u0119 jej okres dostosowawczy. Co to oznacza w praktyce?\" \/>\n<meta property=\"og:url\" content=\"https:\/\/jetline.pl\/en\/ustawa-krajobrazowa\/krakowska-uchwala-krajobrazowa-czyli-rowni-i-rowniejsi\/\" \/>\n<meta property=\"og:site_name\" content=\"Jet Line\" \/>\n<meta property=\"article:modified_time\" content=\"2024-09-16T14:18:42+00:00\" \/>\n<meta property=\"og:image\" content=\"https:\/\/jetline.pl\/wp-content\/uploads\/2024\/08\/krakowski-mural119186-scaled-1.jpg\" \/>\n\t<meta property=\"og:image:width\" content=\"2560\" \/>\n\t<meta property=\"og:image:height\" content=\"1440\" \/>\n\t<meta property=\"og:image:type\" content=\"image\/jpeg\" \/>\n<meta name=\"twitter:card\" content=\"summary_large_image\" \/>\n<meta name=\"twitter:label1\" content=\"Est. reading time\" \/>\n\t<meta name=\"twitter:data1\" content=\"3 minutes\" \/>\n<script type=\"application\/ld+json\" class=\"yoast-schema-graph\">{\"@context\":\"https:\\\/\\\/schema.org\",\"@graph\":[{\"@type\":\"WebPage\",\"@id\":\"https:\\\/\\\/jetline.pl\\\/en\\\/ustawa-krajobrazowa\\\/krakowska-uchwala-krajobrazowa-czyli-rowni-i-rowniejsi\\\/\",\"url\":\"https:\\\/\\\/jetline.pl\\\/en\\\/ustawa-krajobrazowa\\\/krakowska-uchwala-krajobrazowa-czyli-rowni-i-rowniejsi\\\/\",\"name\":\"R\u00f3wni i r\u00f3wniejsi. Krakowska Uchwa\u0142a krajobrazowa. - Jet Line\",\"isPartOf\":{\"@id\":\"https:\\\/\\\/jetline.pl\\\/en\\\/#website\"},\"primaryImageOfPage\":{\"@id\":\"https:\\\/\\\/jetline.pl\\\/en\\\/ustawa-krajobrazowa\\\/krakowska-uchwala-krajobrazowa-czyli-rowni-i-rowniejsi\\\/#primaryimage\"},\"image\":{\"@id\":\"https:\\\/\\\/jetline.pl\\\/en\\\/ustawa-krajobrazowa\\\/krakowska-uchwala-krajobrazowa-czyli-rowni-i-rowniejsi\\\/#primaryimage\"},\"thumbnailUrl\":\"https:\\\/\\\/jetline.pl\\\/wp-content\\\/uploads\\\/2024\\\/08\\\/krakowski-mural119186-scaled-1.jpg\",\"datePublished\":\"2023-05-04T10:56:39+00:00\",\"dateModified\":\"2024-09-16T14:18:42+00:00\",\"description\":\"Krakowska Uchwa\u0142a krajobrazowa dzia\u0142a od pewnego czasu i 30 czerwca 2022 r. zako\u0144czy\u0142 si\u0119 jej okres dostosowawczy. Co to oznacza w praktyce?\",\"breadcrumb\":{\"@id\":\"https:\\\/\\\/jetline.pl\\\/en\\\/ustawa-krajobrazowa\\\/krakowska-uchwala-krajobrazowa-czyli-rowni-i-rowniejsi\\\/#breadcrumb\"},\"inLanguage\":\"en-US\",\"potentialAction\":[{\"@type\":\"ReadAction\",\"target\":[\"https:\\\/\\\/jetline.pl\\\/en\\\/ustawa-krajobrazowa\\\/krakowska-uchwala-krajobrazowa-czyli-rowni-i-rowniejsi\\\/\"]}]},{\"@type\":\"ImageObject\",\"inLanguage\":\"en-US\",\"@id\":\"https:\\\/\\\/jetline.pl\\\/en\\\/ustawa-krajobrazowa\\\/krakowska-uchwala-krajobrazowa-czyli-rowni-i-rowniejsi\\\/#primaryimage\",\"url\":\"https:\\\/\\\/jetline.pl\\\/wp-content\\\/uploads\\\/2024\\\/08\\\/krakowski-mural119186-scaled-1.jpg\",\"contentUrl\":\"https:\\\/\\\/jetline.pl\\\/wp-content\\\/uploads\\\/2024\\\/08\\\/krakowski-mural119186-scaled-1.jpg\",\"width\":2560,\"height\":1440},{\"@type\":\"BreadcrumbList\",\"@id\":\"https:\\\/\\\/jetline.pl\\\/en\\\/ustawa-krajobrazowa\\\/krakowska-uchwala-krajobrazowa-czyli-rowni-i-rowniejsi\\\/#breadcrumb\",\"itemListElement\":[{\"@type\":\"ListItem\",\"position\":1,\"name\":\"Strona g\u0142\u00f3wna\",\"item\":\"https:\\\/\\\/jetline.pl\\\/en\\\/\"},{\"@type\":\"ListItem\",\"position\":2,\"name\":\"Ustawa krajobrazowa\",\"item\":\"https:\\\/\\\/jetline.pl\\\/en\\\/ustawa-krajobrazowa\\\/\"},{\"@type\":\"ListItem\",\"position\":3,\"name\":\"R\u00f3wni i r\u00f3wniejsi. Krakowska Uchwa\u0142a krajobrazowa.\"}]},{\"@type\":\"WebSite\",\"@id\":\"https:\\\/\\\/jetline.pl\\\/en\\\/#website\",\"url\":\"https:\\\/\\\/jetline.pl\\\/en\\\/\",\"name\":\"Jet Line\",\"description\":\"Tworzymy przestrze\u0144 do komunikacji\",\"publisher\":{\"@id\":\"https:\\\/\\\/jetline.pl\\\/en\\\/#organization\"},\"potentialAction\":[{\"@type\":\"SearchAction\",\"target\":{\"@type\":\"EntryPoint\",\"urlTemplate\":\"https:\\\/\\\/jetline.pl\\\/en\\\/?s={search_term_string}\"},\"query-input\":{\"@type\":\"PropertyValueSpecification\",\"valueRequired\":true,\"valueName\":\"search_term_string\"}}],\"inLanguage\":\"en-US\"},{\"@type\":\"Organization\",\"@id\":\"https:\\\/\\\/jetline.pl\\\/en\\\/#organization\",\"name\":\"Jet Line\",\"url\":\"https:\\\/\\\/jetline.pl\\\/en\\\/\",\"logo\":{\"@type\":\"ImageObject\",\"inLanguage\":\"en-US\",\"@id\":\"https:\\\/\\\/jetline.pl\\\/en\\\/#\\\/schema\\\/logo\\\/image\\\/\",\"url\":\"https:\\\/\\\/jetline.pl\\\/wp-content\\\/uploads\\\/2024\\\/09\\\/logo_poziom_logo_poziom_czerwone-1.png\",\"contentUrl\":\"https:\\\/\\\/jetline.pl\\\/wp-content\\\/uploads\\\/2024\\\/09\\\/logo_poziom_logo_poziom_czerwone-1.png\",\"width\":4946,\"height\":2016,\"caption\":\"Jet Line\"},\"image\":{\"@id\":\"https:\\\/\\\/jetline.pl\\\/en\\\/#\\\/schema\\\/logo\\\/image\\\/\"}}]}<\/script>\n<!-- \/ Yoast SEO plugin. -->","yoast_head_json":{"title":"R\u00f3wni i r\u00f3wniejsi. Krakowska Uchwa\u0142a krajobrazowa. - Jet Line","description":"Krakowska Uchwa\u0142a krajobrazowa dzia\u0142a od pewnego czasu i 30 czerwca 2022 r. zako\u0144czy\u0142 si\u0119 jej okres dostosowawczy. Co to oznacza w praktyce?","robots":{"index":"index","follow":"follow","max-snippet":"max-snippet:-1","max-image-preview":"max-image-preview:large","max-video-preview":"max-video-preview:-1"},"canonical":"https:\/\/jetline.pl\/en\/ustawa-krajobrazowa\/krakowska-uchwala-krajobrazowa-czyli-rowni-i-rowniejsi\/","og_locale":"en_US","og_type":"article","og_title":"R\u00f3wni i r\u00f3wniejsi. Krakowska Uchwa\u0142a krajobrazowa. - Jet Line","og_description":"Krakowska Uchwa\u0142a krajobrazowa dzia\u0142a od pewnego czasu i 30 czerwca 2022 r. zako\u0144czy\u0142 si\u0119 jej okres dostosowawczy. Co to oznacza w praktyce?","og_url":"https:\/\/jetline.pl\/en\/ustawa-krajobrazowa\/krakowska-uchwala-krajobrazowa-czyli-rowni-i-rowniejsi\/","og_site_name":"Jet Line","article_modified_time":"2024-09-16T14:18:42+00:00","og_image":[{"width":2560,"height":1440,"url":"https:\/\/jetline.pl\/wp-content\/uploads\/2024\/08\/krakowski-mural119186-scaled-1.jpg","type":"image\/jpeg"}],"twitter_card":"summary_large_image","twitter_misc":{"Est. reading time":"3 minutes"},"schema":{"@context":"https:\/\/schema.org","@graph":[{"@type":"WebPage","@id":"https:\/\/jetline.pl\/en\/ustawa-krajobrazowa\/krakowska-uchwala-krajobrazowa-czyli-rowni-i-rowniejsi\/","url":"https:\/\/jetline.pl\/en\/ustawa-krajobrazowa\/krakowska-uchwala-krajobrazowa-czyli-rowni-i-rowniejsi\/","name":"R\u00f3wni i r\u00f3wniejsi. Krakowska Uchwa\u0142a krajobrazowa. - Jet Line","isPartOf":{"@id":"https:\/\/jetline.pl\/en\/#website"},"primaryImageOfPage":{"@id":"https:\/\/jetline.pl\/en\/ustawa-krajobrazowa\/krakowska-uchwala-krajobrazowa-czyli-rowni-i-rowniejsi\/#primaryimage"},"image":{"@id":"https:\/\/jetline.pl\/en\/ustawa-krajobrazowa\/krakowska-uchwala-krajobrazowa-czyli-rowni-i-rowniejsi\/#primaryimage"},"thumbnailUrl":"https:\/\/jetline.pl\/wp-content\/uploads\/2024\/08\/krakowski-mural119186-scaled-1.jpg","datePublished":"2023-05-04T10:56:39+00:00","dateModified":"2024-09-16T14:18:42+00:00","description":"Krakowska Uchwa\u0142a krajobrazowa dzia\u0142a od pewnego czasu i 30 czerwca 2022 r. zako\u0144czy\u0142 si\u0119 jej okres dostosowawczy. Co to oznacza w praktyce?","breadcrumb":{"@id":"https:\/\/jetline.pl\/en\/ustawa-krajobrazowa\/krakowska-uchwala-krajobrazowa-czyli-rowni-i-rowniejsi\/#breadcrumb"},"inLanguage":"en-US","potentialAction":[{"@type":"ReadAction","target":["https:\/\/jetline.pl\/en\/ustawa-krajobrazowa\/krakowska-uchwala-krajobrazowa-czyli-rowni-i-rowniejsi\/"]}]},{"@type":"ImageObject","inLanguage":"en-US","@id":"https:\/\/jetline.pl\/en\/ustawa-krajobrazowa\/krakowska-uchwala-krajobrazowa-czyli-rowni-i-rowniejsi\/#primaryimage","url":"https:\/\/jetline.pl\/wp-content\/uploads\/2024\/08\/krakowski-mural119186-scaled-1.jpg","contentUrl":"https:\/\/jetline.pl\/wp-content\/uploads\/2024\/08\/krakowski-mural119186-scaled-1.jpg","width":2560,"height":1440},{"@type":"BreadcrumbList","@id":"https:\/\/jetline.pl\/en\/ustawa-krajobrazowa\/krakowska-uchwala-krajobrazowa-czyli-rowni-i-rowniejsi\/#breadcrumb","itemListElement":[{"@type":"ListItem","position":1,"name":"Strona g\u0142\u00f3wna","item":"https:\/\/jetline.pl\/en\/"},{"@type":"ListItem","position":2,"name":"Ustawa krajobrazowa","item":"https:\/\/jetline.pl\/en\/ustawa-krajobrazowa\/"},{"@type":"ListItem","position":3,"name":"R\u00f3wni i r\u00f3wniejsi. Krakowska Uchwa\u0142a krajobrazowa."}]},{"@type":"WebSite","@id":"https:\/\/jetline.pl\/en\/#website","url":"https:\/\/jetline.pl\/en\/","name":"Jet Line","description":"Tworzymy przestrze\u0144 do komunikacji","publisher":{"@id":"https:\/\/jetline.pl\/en\/#organization"},"potentialAction":[{"@type":"SearchAction","target":{"@type":"EntryPoint","urlTemplate":"https:\/\/jetline.pl\/en\/?s={search_term_string}"},"query-input":{"@type":"PropertyValueSpecification","valueRequired":true,"valueName":"search_term_string"}}],"inLanguage":"en-US"},{"@type":"Organization","@id":"https:\/\/jetline.pl\/en\/#organization","name":"Jet Line","url":"https:\/\/jetline.pl\/en\/","logo":{"@type":"ImageObject","inLanguage":"en-US","@id":"https:\/\/jetline.pl\/en\/#\/schema\/logo\/image\/","url":"https:\/\/jetline.pl\/wp-content\/uploads\/2024\/09\/logo_poziom_logo_poziom_czerwone-1.png","contentUrl":"https:\/\/jetline.pl\/wp-content\/uploads\/2024\/09\/logo_poziom_logo_poziom_czerwone-1.png","width":4946,"height":2016,"caption":"Jet Line"},"image":{"@id":"https:\/\/jetline.pl\/en\/#\/schema\/logo\/image\/"}}]}},"_links":{"self":[{"href":"https:\/\/jetline.pl\/en\/wp-json\/wp\/v2\/ustawa\/1773","targetHints":{"allow":["GET"]}}],"collection":[{"href":"https:\/\/jetline.pl\/en\/wp-json\/wp\/v2\/ustawa"}],"about":[{"href":"https:\/\/jetline.pl\/en\/wp-json\/wp\/v2\/types\/ustawa"}],"author":[{"embeddable":true,"href":"https:\/\/jetline.pl\/en\/wp-json\/wp\/v2\/users\/29"}],"wp:featuredmedia":[{"embeddable":true,"href":"https:\/\/jetline.pl\/en\/wp-json\/wp\/v2\/media\/1179"}],"wp:attachment":[{"href":"https:\/\/jetline.pl\/en\/wp-json\/wp\/v2\/media?parent=1773"}],"wp:term":[{"taxonomy":"ustawa_cat","embeddable":true,"href":"https:\/\/jetline.pl\/en\/wp-json\/wp\/v2\/ustawa_cat?post=1773"}],"curies":[{"name":"wp","href":"https:\/\/api.w.org\/{rel}","templated":true}]}}