{"id":1774,"date":"2023-07-13T09:55:14","date_gmt":"2023-07-13T07:55:14","guid":{"rendered":"https:\/\/jetline.presb.pl\/ustawa-krajobrazowa\/uchwala-krajobrazowa-poznania-czyli-jak-ukarac-przedsiebiorcow-za-bledy-urzednikow\/"},"modified":"2024-09-16T16:16:51","modified_gmt":"2024-09-16T14:16:51","slug":"uchwala-krajobrazowa-poznania-czyli-jak-ukarac-przedsiebiorcow-za-bledy-urzednikow","status":"publish","type":"ustawa","link":"https:\/\/jetline.pl\/en\/ustawa-krajobrazowa\/uchwala-krajobrazowa-poznania-czyli-jak-ukarac-przedsiebiorcow-za-bledy-urzednikow\/","title":{"rendered":"Uchwa\u0142a Krajobrazowa Poznania, czyli jak ukara\u0107 przedsi\u0119biorc\u00f3w za b\u0142\u0119dy urz\u0119dnik\u00f3w."},"content":{"rendered":"<p>We wtorek 11 lipca 2023r. na Sesji Rady Miasta Poznania po raz kolejny uchwalono uchwa\u0142\u0119 krajobrazow\u0105. Po raz kolejny, poniewa\u017c pierwsza uchwa\u0142a krajobrazowa w Poznaniu zosta\u0142a przyj\u0119ta pod koniec stycznia br.<\/p>\n<p>Uchwa\u0142a ta nie wesz\u0142a jednak w \u017cycie, gdy\u017c zosta\u0142a uniewa\u017cniona w ca\u0142o\u015bci przez rozstrzygni\u0119cie nadzorcze Wojewody.\u00a0 Wojewoda z pewno\u015bci\u0105 nie mia\u0142 wyboru. B\u0142\u0119dy proceduralne, niejednoznaczne zapisy i przekroczenie upowa\u017cnienia ustawowego by\u0142y ewidentne.<\/p>\n<p>Miasto nie zaskar\u017cy\u0142o rozstrzygni\u0119cia nadzorczego Wojewody. Do projektu wprowadzono poprawki, dostosowuj\u0105ce dokument do wytycznych zawartych w rozstrzygni\u0119ciu nadzorczym. W kwietniu projekt wy\u0142o\u017cono do publicznego wgl\u0105du. Mo\u017cna by\u0142o oczywi\u015bcie sk\u0142ada\u0107 do niego uwagi, z kt\u00f3rych \u017cadna istotna nie zosta\u0142a uwzgl\u0119dniona. Nie zosta\u0142a uwzgl\u0119dniona, gdy\u017c Urz\u0105d nie planowa\u0142 ich uwzgl\u0119dnia\u0107. Na sesji pad\u0142o stwierdzenie \u201eMno\u017cycie Pa\u0144stwo coraz bardziej wyimaginowane problemy(\u2026) Nie damy si\u0119 sprowokowa\u0107 \u017ceby wprowadza\u0107 inne uwagi\u201d.<\/p>\n<h3>Uchwa\u0142a krajobrazowa - okres dostosowania<\/h3>\n<p>W projekcie znalaz\u0142a si\u0119 jednak jeszcze jedna bardzo istotna zmiana. Skr\u00f3cono do jednego roku, \u00a05-cio letni okres, w kt\u00f3rym b\u0119dzie nale\u017ca\u0142o dostosowa\u0107 (dostosowanie prawie w ka\u017cdym przypadku polega na demonta\u017cu) no\u015bniki, istniej\u0105ce w dniu wej\u015bcia w \u017cycie uchwa\u0142y. By\u0107 mo\u017ce mia\u0142a by\u0107 swoista \u201ekara\u201d dla Wojewody za uniewa\u017cnienie poprzedniej uchwa\u0142y.<\/p>\n<p>Niew\u0105tpliwe skorzysta na tym zapisie miasto. Sp\u00f3\u0142ka miejska b\u0119dzie bowiem zarz\u0105dza\u0107 wi\u0119kszo\u015bci\u0105\u00a0 teren\u00f3w w mie\u015bcie na kt\u00f3rych b\u0119dzie mo\u017cna ustawi\u0107 reklam\u0119 \u00a0(nie b\u0119d\u0105c\u0105 szyldem). B\u0119dzie to mo\u017cliwe dzi\u0119ki konkretnym zapisom uchwa\u0142y krajobrazowej. Strac\u0105 natomiast prawie wszyscy przedsi\u0119biorcy prowadz\u0105cy dzia\u0142alno\u015b\u0107 w Poznaniu, poniewa\u017c uchwa\u0142a krajobrazowa nie dotyczy jedynie firm reklamowych, ale przede wszystkim identyfikacji wizualnej ka\u017cdej dzia\u0142alno\u015bci prowadzonej w mie\u015bcie. Miasto nie zada\u0142o sobie trudu, aby oszacowa\u0107 nawet t\u0119 kwot\u0119. Kto\u015b mo\u017ce zacz\u0105\u0107 si\u0119 zastanawia\u0107 jak to mo\u017cliwe. Wiele odpowiedzi mo\u017cna znale\u017a\u0107 w wyst\u0105pieniu pokontrolnym Najwy\u017cszej Izby Kontroli z 6 kwietnia 2023. Izba zajmowa\u0142a si\u0119 przede wszystkim nieprawid\u0142o\u015bciami zwi\u0105zanymi z przestrzeganiem zasad umieszczania reklam w przestrzeni publicznej.<br \/>\n&nbsp;<\/p>\n<h3>Niejednomy\u015blne g\u0142osowanie<\/h3>\n<p>My\u015bl\u0119, \u017ce da\u0142o to do my\u015blenia wielu osobom. Do tej pory jednomy\u015blne g\u0142osowanie za przyj\u0119ciem uchwa\u0142y krajobrazowej by\u0142o norm\u0105. Pozna\u0144 bez w\u0105tpienia z\u0142ama\u0142 t\u0119 regu\u0142\u0119. Za przyj\u0119ciem uchwa\u0142y zag\u0142osowa\u0142o 23 radnych. Przeciw by\u0142o 8-miu radnych. Troch\u0119 dziwi\u0119 si\u0119 tym 23 radnym, kt\u00f3rzy po wypowiedzi Trzeciego Zast\u0119pcy Prezydenta Poznania Bartosza Gussa zag\u0142osowali za wprowadzeniem uchwa\u0142y. Bartosz Guss m\u00f3wi\u0105c o uchwale powiedzia\u0142: \u201eDajmy sobie p\u00f3\u0142 roku czasu. Zobaczymy jak ona funkcjonuje, co jest w niej do poprawienia i t\u0119 procedur\u0119 przeprowad\u017amy.\u201d<\/p>\n<p>Gratulacje. To tak, jakby in\u017cynier powiedzia\u0142: zbudujmy dom wed\u0142ug tego projektu, a jak zobaczymy, \u017ce si\u0119 wali to co\u015b wymy\u015blimy i poprawimy.<\/p>\n<p>Ka\u017cdy kto troch\u0119 interesuje si\u0119 tematem z pewno\u015bci\u0105 wie, \u017ce ta uchwa\u0142a zawiera wiele b\u0142\u0119d\u00f3w i nieprawid\u0142owo\u015bci.<\/p>\n<p>Wydaje mi si\u0119 \u017ce najlepiej spraw\u0119 podsumowa\u0142 radny Krzysztof Rosenkiewicz: \u201eWyszed\u0142 zakalec. Wojewoda stwierdzi\u0142 \u017ce nie da si\u0119 tego je\u015b\u0107. W\u0142o\u017cy\u0142 go jeszcze raz do pieca. Je\u017celi w\u0142o\u017cymy ciasto z zakalcem do pieca, to i tak wyjdzie nam ciasto z zakalcem\u201d.<br \/>\n&nbsp;<\/p>\n<h3>Wa\u017cne linki:<\/h3>\n<p>Z projektem uchwa\u0142y\u00a0 mo\u017cna zapozna\u0107 si\u0119 pod linkiem:<\/p>\n<p><a href=\"https:\/\/www.poznan.pl\/mim\/wortals\/krajobrazowa\/news,9940\/komunikat-o-wylozeniu-projektu-uchwaly,204119.html\">https:\/\/www.poznan.pl\/mim\/wortals\/krajobrazowa\/news,9940\/komunikat-o-wylozeniu-projektu-uchwaly,204119.html<\/a><\/p>\n<p>Z raportem NIK mo\u017cna zapozna\u0107 si\u0119 pod linkiem:<\/p>\n<p><a href=\"https:\/\/www.nik.gov.pl\/kontrole\/wyniki-kontroli-nik\/pobierz,lpo~s_22_004_202206031356241654257384~id0~02,typ,kj.pdf\">https:\/\/www.nik.gov.pl\/kontrole\/wyniki-kontroli-nik\/pobierz,lpo~s_22_004_202206031356241654257384~id0~02,typ,kj.pdf<\/a><\/p>\n<p>Wi\u0119cej o uchwa\u0142ach krajobrazowych:<\/p>\n<p><a href=\"https:\/\/jetline.pl\/ustawa-krajobrazowa\/uchwaly-krajobrazowe-w-najwiekszych-miastach-w-polsce-przeglad-sytuacji-marzec-2023-r\">Uchwa\u0142y krajobrazowe w najwi\u0119kszych miastach w Polsce. Przegl\u0105d sytuacji, marzec 2023 r. - Jet Line<\/a><\/p>\n","protected":false},"author":16,"featured_media":1663,"template":"","ustawa_cat":[6],"class_list":["post-1774","ustawa","type-ustawa","status-publish","has-post-thumbnail","hentry","ustawa_cat-poznan"],"acf":[],"yoast_head":"<!-- This site is optimized with the Yoast SEO plugin v27.5 - https:\/\/yoast.com\/product\/yoast-seo-wordpress\/ -->\n<title>Uchwa\u0142a Krajobrazowa w Poznaniu - jak ukara\u0107 przedsi\u0119biorc\u00f3w?<\/title>\n<meta name=\"description\" content=\"We wtorek 11 lipca na Sesji Rady Miasta Poznania po raz kolejny zosta\u0142a przeg\u0142osowana uchwa\u0142a krajobrazowa. Po raz kolejny, poniewa\u017c...\" \/>\n<meta name=\"robots\" content=\"index, follow, max-snippet:-1, max-image-preview:large, max-video-preview:-1\" \/>\n<link rel=\"canonical\" href=\"https:\/\/jetline.pl\/en\/ustawa-krajobrazowa\/uchwala-krajobrazowa-poznania-czyli-jak-ukarac-przedsiebiorcow-za-bledy-urzednikow\/\" \/>\n<meta property=\"og:locale\" content=\"en_US\" \/>\n<meta property=\"og:type\" content=\"article\" \/>\n<meta property=\"og:title\" content=\"Uchwa\u0142a Krajobrazowa w Poznaniu - jak ukara\u0107 przedsi\u0119biorc\u00f3w?\" \/>\n<meta property=\"og:description\" content=\"We wtorek 11 lipca na Sesji Rady Miasta Poznania po raz kolejny zosta\u0142a przeg\u0142osowana uchwa\u0142a krajobrazowa. Po raz kolejny, poniewa\u017c...\" \/>\n<meta property=\"og:url\" content=\"https:\/\/jetline.pl\/en\/ustawa-krajobrazowa\/uchwala-krajobrazowa-poznania-czyli-jak-ukarac-przedsiebiorcow-za-bledy-urzednikow\/\" \/>\n<meta property=\"og:site_name\" content=\"Jet Line\" \/>\n<meta property=\"article:modified_time\" content=\"2024-09-16T14:16:51+00:00\" \/>\n<meta property=\"og:image\" content=\"https:\/\/jetline.pl\/wp-content\/uploads\/2024\/09\/lingjie-zhang-Cssq52bio3A-unsplash.jpg\" \/>\n\t<meta property=\"og:image:width\" content=\"2000\" \/>\n\t<meta property=\"og:image:height\" content=\"1500\" \/>\n\t<meta property=\"og:image:type\" content=\"image\/jpeg\" \/>\n<meta name=\"twitter:card\" content=\"summary_large_image\" \/>\n<meta name=\"twitter:label1\" content=\"Est. reading time\" \/>\n\t<meta name=\"twitter:data1\" content=\"4 minutes\" \/>\n<script type=\"application\/ld+json\" class=\"yoast-schema-graph\">{\"@context\":\"https:\\\/\\\/schema.org\",\"@graph\":[{\"@type\":\"WebPage\",\"@id\":\"https:\\\/\\\/jetline.pl\\\/en\\\/ustawa-krajobrazowa\\\/uchwala-krajobrazowa-poznania-czyli-jak-ukarac-przedsiebiorcow-za-bledy-urzednikow\\\/\",\"url\":\"https:\\\/\\\/jetline.pl\\\/en\\\/ustawa-krajobrazowa\\\/uchwala-krajobrazowa-poznania-czyli-jak-ukarac-przedsiebiorcow-za-bledy-urzednikow\\\/\",\"name\":\"Uchwa\u0142a Krajobrazowa w Poznaniu - jak ukara\u0107 przedsi\u0119biorc\u00f3w?\",\"isPartOf\":{\"@id\":\"https:\\\/\\\/jetline.pl\\\/en\\\/#website\"},\"primaryImageOfPage\":{\"@id\":\"https:\\\/\\\/jetline.pl\\\/en\\\/ustawa-krajobrazowa\\\/uchwala-krajobrazowa-poznania-czyli-jak-ukarac-przedsiebiorcow-za-bledy-urzednikow\\\/#primaryimage\"},\"image\":{\"@id\":\"https:\\\/\\\/jetline.pl\\\/en\\\/ustawa-krajobrazowa\\\/uchwala-krajobrazowa-poznania-czyli-jak-ukarac-przedsiebiorcow-za-bledy-urzednikow\\\/#primaryimage\"},\"thumbnailUrl\":\"https:\\\/\\\/jetline.pl\\\/wp-content\\\/uploads\\\/2024\\\/09\\\/lingjie-zhang-Cssq52bio3A-unsplash.jpg\",\"datePublished\":\"2023-07-13T07:55:14+00:00\",\"dateModified\":\"2024-09-16T14:16:51+00:00\",\"description\":\"We wtorek 11 lipca na Sesji Rady Miasta Poznania po raz kolejny zosta\u0142a przeg\u0142osowana uchwa\u0142a krajobrazowa. Po raz kolejny, poniewa\u017c...\",\"breadcrumb\":{\"@id\":\"https:\\\/\\\/jetline.pl\\\/en\\\/ustawa-krajobrazowa\\\/uchwala-krajobrazowa-poznania-czyli-jak-ukarac-przedsiebiorcow-za-bledy-urzednikow\\\/#breadcrumb\"},\"inLanguage\":\"en-US\",\"potentialAction\":[{\"@type\":\"ReadAction\",\"target\":[\"https:\\\/\\\/jetline.pl\\\/en\\\/ustawa-krajobrazowa\\\/uchwala-krajobrazowa-poznania-czyli-jak-ukarac-przedsiebiorcow-za-bledy-urzednikow\\\/\"]}]},{\"@type\":\"ImageObject\",\"inLanguage\":\"en-US\",\"@id\":\"https:\\\/\\\/jetline.pl\\\/en\\\/ustawa-krajobrazowa\\\/uchwala-krajobrazowa-poznania-czyli-jak-ukarac-przedsiebiorcow-za-bledy-urzednikow\\\/#primaryimage\",\"url\":\"https:\\\/\\\/jetline.pl\\\/wp-content\\\/uploads\\\/2024\\\/09\\\/lingjie-zhang-Cssq52bio3A-unsplash.jpg\",\"contentUrl\":\"https:\\\/\\\/jetline.pl\\\/wp-content\\\/uploads\\\/2024\\\/09\\\/lingjie-zhang-Cssq52bio3A-unsplash.jpg\",\"width\":2000,\"height\":1500},{\"@type\":\"BreadcrumbList\",\"@id\":\"https:\\\/\\\/jetline.pl\\\/en\\\/ustawa-krajobrazowa\\\/uchwala-krajobrazowa-poznania-czyli-jak-ukarac-przedsiebiorcow-za-bledy-urzednikow\\\/#breadcrumb\",\"itemListElement\":[{\"@type\":\"ListItem\",\"position\":1,\"name\":\"Strona g\u0142\u00f3wna\",\"item\":\"https:\\\/\\\/jetline.pl\\\/en\\\/\"},{\"@type\":\"ListItem\",\"position\":2,\"name\":\"Ustawa krajobrazowa\",\"item\":\"https:\\\/\\\/jetline.pl\\\/en\\\/ustawa-krajobrazowa\\\/\"},{\"@type\":\"ListItem\",\"position\":3,\"name\":\"Uchwa\u0142a Krajobrazowa Poznania, czyli jak ukara\u0107 przedsi\u0119biorc\u00f3w za b\u0142\u0119dy urz\u0119dnik\u00f3w.\"}]},{\"@type\":\"WebSite\",\"@id\":\"https:\\\/\\\/jetline.pl\\\/en\\\/#website\",\"url\":\"https:\\\/\\\/jetline.pl\\\/en\\\/\",\"name\":\"Jet Line\",\"description\":\"Tworzymy przestrze\u0144 do komunikacji\",\"publisher\":{\"@id\":\"https:\\\/\\\/jetline.pl\\\/en\\\/#organization\"},\"potentialAction\":[{\"@type\":\"SearchAction\",\"target\":{\"@type\":\"EntryPoint\",\"urlTemplate\":\"https:\\\/\\\/jetline.pl\\\/en\\\/?s={search_term_string}\"},\"query-input\":{\"@type\":\"PropertyValueSpecification\",\"valueRequired\":true,\"valueName\":\"search_term_string\"}}],\"inLanguage\":\"en-US\"},{\"@type\":\"Organization\",\"@id\":\"https:\\\/\\\/jetline.pl\\\/en\\\/#organization\",\"name\":\"Jet Line\",\"url\":\"https:\\\/\\\/jetline.pl\\\/en\\\/\",\"logo\":{\"@type\":\"ImageObject\",\"inLanguage\":\"en-US\",\"@id\":\"https:\\\/\\\/jetline.pl\\\/en\\\/#\\\/schema\\\/logo\\\/image\\\/\",\"url\":\"https:\\\/\\\/jetline.pl\\\/wp-content\\\/uploads\\\/2024\\\/09\\\/logo_poziom_logo_poziom_czerwone-1.png\",\"contentUrl\":\"https:\\\/\\\/jetline.pl\\\/wp-content\\\/uploads\\\/2024\\\/09\\\/logo_poziom_logo_poziom_czerwone-1.png\",\"width\":4946,\"height\":2016,\"caption\":\"Jet Line\"},\"image\":{\"@id\":\"https:\\\/\\\/jetline.pl\\\/en\\\/#\\\/schema\\\/logo\\\/image\\\/\"}}]}<\/script>\n<!-- \/ Yoast SEO plugin. -->","yoast_head_json":{"title":"Uchwa\u0142a Krajobrazowa w Poznaniu - jak ukara\u0107 przedsi\u0119biorc\u00f3w?","description":"We wtorek 11 lipca na Sesji Rady Miasta Poznania po raz kolejny zosta\u0142a przeg\u0142osowana uchwa\u0142a krajobrazowa. Po raz kolejny, poniewa\u017c...","robots":{"index":"index","follow":"follow","max-snippet":"max-snippet:-1","max-image-preview":"max-image-preview:large","max-video-preview":"max-video-preview:-1"},"canonical":"https:\/\/jetline.pl\/en\/ustawa-krajobrazowa\/uchwala-krajobrazowa-poznania-czyli-jak-ukarac-przedsiebiorcow-za-bledy-urzednikow\/","og_locale":"en_US","og_type":"article","og_title":"Uchwa\u0142a Krajobrazowa w Poznaniu - jak ukara\u0107 przedsi\u0119biorc\u00f3w?","og_description":"We wtorek 11 lipca na Sesji Rady Miasta Poznania po raz kolejny zosta\u0142a przeg\u0142osowana uchwa\u0142a krajobrazowa. Po raz kolejny, poniewa\u017c...","og_url":"https:\/\/jetline.pl\/en\/ustawa-krajobrazowa\/uchwala-krajobrazowa-poznania-czyli-jak-ukarac-przedsiebiorcow-za-bledy-urzednikow\/","og_site_name":"Jet Line","article_modified_time":"2024-09-16T14:16:51+00:00","og_image":[{"width":2000,"height":1500,"url":"https:\/\/jetline.pl\/wp-content\/uploads\/2024\/09\/lingjie-zhang-Cssq52bio3A-unsplash.jpg","type":"image\/jpeg"}],"twitter_card":"summary_large_image","twitter_misc":{"Est. reading time":"4 minutes"},"schema":{"@context":"https:\/\/schema.org","@graph":[{"@type":"WebPage","@id":"https:\/\/jetline.pl\/en\/ustawa-krajobrazowa\/uchwala-krajobrazowa-poznania-czyli-jak-ukarac-przedsiebiorcow-za-bledy-urzednikow\/","url":"https:\/\/jetline.pl\/en\/ustawa-krajobrazowa\/uchwala-krajobrazowa-poznania-czyli-jak-ukarac-przedsiebiorcow-za-bledy-urzednikow\/","name":"Uchwa\u0142a Krajobrazowa w Poznaniu - jak ukara\u0107 przedsi\u0119biorc\u00f3w?","isPartOf":{"@id":"https:\/\/jetline.pl\/en\/#website"},"primaryImageOfPage":{"@id":"https:\/\/jetline.pl\/en\/ustawa-krajobrazowa\/uchwala-krajobrazowa-poznania-czyli-jak-ukarac-przedsiebiorcow-za-bledy-urzednikow\/#primaryimage"},"image":{"@id":"https:\/\/jetline.pl\/en\/ustawa-krajobrazowa\/uchwala-krajobrazowa-poznania-czyli-jak-ukarac-przedsiebiorcow-za-bledy-urzednikow\/#primaryimage"},"thumbnailUrl":"https:\/\/jetline.pl\/wp-content\/uploads\/2024\/09\/lingjie-zhang-Cssq52bio3A-unsplash.jpg","datePublished":"2023-07-13T07:55:14+00:00","dateModified":"2024-09-16T14:16:51+00:00","description":"We wtorek 11 lipca na Sesji Rady Miasta Poznania po raz kolejny zosta\u0142a przeg\u0142osowana uchwa\u0142a krajobrazowa. Po raz kolejny, poniewa\u017c...","breadcrumb":{"@id":"https:\/\/jetline.pl\/en\/ustawa-krajobrazowa\/uchwala-krajobrazowa-poznania-czyli-jak-ukarac-przedsiebiorcow-za-bledy-urzednikow\/#breadcrumb"},"inLanguage":"en-US","potentialAction":[{"@type":"ReadAction","target":["https:\/\/jetline.pl\/en\/ustawa-krajobrazowa\/uchwala-krajobrazowa-poznania-czyli-jak-ukarac-przedsiebiorcow-za-bledy-urzednikow\/"]}]},{"@type":"ImageObject","inLanguage":"en-US","@id":"https:\/\/jetline.pl\/en\/ustawa-krajobrazowa\/uchwala-krajobrazowa-poznania-czyli-jak-ukarac-przedsiebiorcow-za-bledy-urzednikow\/#primaryimage","url":"https:\/\/jetline.pl\/wp-content\/uploads\/2024\/09\/lingjie-zhang-Cssq52bio3A-unsplash.jpg","contentUrl":"https:\/\/jetline.pl\/wp-content\/uploads\/2024\/09\/lingjie-zhang-Cssq52bio3A-unsplash.jpg","width":2000,"height":1500},{"@type":"BreadcrumbList","@id":"https:\/\/jetline.pl\/en\/ustawa-krajobrazowa\/uchwala-krajobrazowa-poznania-czyli-jak-ukarac-przedsiebiorcow-za-bledy-urzednikow\/#breadcrumb","itemListElement":[{"@type":"ListItem","position":1,"name":"Strona g\u0142\u00f3wna","item":"https:\/\/jetline.pl\/en\/"},{"@type":"ListItem","position":2,"name":"Ustawa krajobrazowa","item":"https:\/\/jetline.pl\/en\/ustawa-krajobrazowa\/"},{"@type":"ListItem","position":3,"name":"Uchwa\u0142a Krajobrazowa Poznania, czyli jak ukara\u0107 przedsi\u0119biorc\u00f3w za b\u0142\u0119dy urz\u0119dnik\u00f3w."}]},{"@type":"WebSite","@id":"https:\/\/jetline.pl\/en\/#website","url":"https:\/\/jetline.pl\/en\/","name":"Jet Line","description":"Tworzymy przestrze\u0144 do komunikacji","publisher":{"@id":"https:\/\/jetline.pl\/en\/#organization"},"potentialAction":[{"@type":"SearchAction","target":{"@type":"EntryPoint","urlTemplate":"https:\/\/jetline.pl\/en\/?s={search_term_string}"},"query-input":{"@type":"PropertyValueSpecification","valueRequired":true,"valueName":"search_term_string"}}],"inLanguage":"en-US"},{"@type":"Organization","@id":"https:\/\/jetline.pl\/en\/#organization","name":"Jet Line","url":"https:\/\/jetline.pl\/en\/","logo":{"@type":"ImageObject","inLanguage":"en-US","@id":"https:\/\/jetline.pl\/en\/#\/schema\/logo\/image\/","url":"https:\/\/jetline.pl\/wp-content\/uploads\/2024\/09\/logo_poziom_logo_poziom_czerwone-1.png","contentUrl":"https:\/\/jetline.pl\/wp-content\/uploads\/2024\/09\/logo_poziom_logo_poziom_czerwone-1.png","width":4946,"height":2016,"caption":"Jet Line"},"image":{"@id":"https:\/\/jetline.pl\/en\/#\/schema\/logo\/image\/"}}]}},"_links":{"self":[{"href":"https:\/\/jetline.pl\/en\/wp-json\/wp\/v2\/ustawa\/1774","targetHints":{"allow":["GET"]}}],"collection":[{"href":"https:\/\/jetline.pl\/en\/wp-json\/wp\/v2\/ustawa"}],"about":[{"href":"https:\/\/jetline.pl\/en\/wp-json\/wp\/v2\/types\/ustawa"}],"author":[{"embeddable":true,"href":"https:\/\/jetline.pl\/en\/wp-json\/wp\/v2\/users\/16"}],"wp:featuredmedia":[{"embeddable":true,"href":"https:\/\/jetline.pl\/en\/wp-json\/wp\/v2\/media\/1663"}],"wp:attachment":[{"href":"https:\/\/jetline.pl\/en\/wp-json\/wp\/v2\/media?parent=1774"}],"wp:term":[{"taxonomy":"ustawa_cat","embeddable":true,"href":"https:\/\/jetline.pl\/en\/wp-json\/wp\/v2\/ustawa_cat?post=1774"}],"curies":[{"name":"wp","href":"https:\/\/api.w.org\/{rel}","templated":true}]}}