{"id":1775,"date":"2023-11-21T10:30:30","date_gmt":"2023-11-21T09:30:30","guid":{"rendered":"https:\/\/jetline.presb.pl\/ustawa-krajobrazowa\/gospodarka-glupcze\/"},"modified":"2024-09-16T16:15:41","modified_gmt":"2024-09-16T14:15:41","slug":"gospodarka-glupcze","status":"publish","type":"ustawa","link":"https:\/\/jetline.pl\/en\/ustawa-krajobrazowa\/gospodarka-glupcze\/","title":{"rendered":"Gospodarka, g\u0142upcze!"},"content":{"rendered":"<p>11 pa\u017adziernika 2023 roku na sesji Rady Miasta Krakowa zosta\u0142a podj\u0119ta Uchwa\u0142a nr CXIX\/3222\/23 Rady Miasta Krakowa w sprawie przyst\u0105pienia do sporz\u0105dzenia projektu uchwa\u0142y w sprawie ustalenia (tak, wiem, \u017ce to niegramatycznie) \u201eZasad i warunk\u00f3w sytuowania obiekt\u00f3w ma\u0142ej architektury, tablic reklamowych i urz\u0105dze\u0144 reklamowych oraz ogrodze\u0144\u201d. Za przyj\u0119ciem uchwa\u0142y by\u0142y 33 osoby, jedna osoba si\u0119 wstrzyma\u0142a, nikt nie g\u0142osowa\u0142 przeciw. Znaczy to dok\u0142adnie tyle, \u017ce Krak\u00f3w przyst\u0119puje do pisania nowej uchwa\u0142y krajobrazowej.<br \/>\n&nbsp;<\/p>\n<h3>Dlaczego przeg\u0142osowano t\u0119 uchwa\u0142\u0119?<\/h3>\n<p>Przecie\u017c <a href=\"https:\/\/jetline.pl\/aktualnosci\/uchwaly-krajobrazowe-w-krakowie\">uchwala krajobrazowa obowi\u0105zuje w Krakowie<\/a> od lipca 2020 roku? A wi\u0119c, dlaczego?<\/p>\n<p>W lipcu 2022 roku zako\u0144czy\u0142 si\u0119 okres dostosowania. Na przedsi\u0119biorc\u00f3w w Krakowie posypa\u0142y si\u0119 kary i wezwania do demonta\u017cy szyld\u00f3w i reklam. Zaskoczenie by\u0142o du\u017ce, bo wi\u0119kszo\u015b\u0107 zainteresowanych nie mia\u0142a \u015bwiadomo\u015bci, \u017ce taka regulacja prawna powsta\u0142a. Zreszt\u0105 nie ma co si\u0119 dziwi\u0107 \u2013 informacja o uchwale nie by\u0142a powszechna. Niezadowolenia przedsi\u0119biorc\u00f3w nie da\u0142o si\u0119 ju\u017c ignorowa\u0107. W grudniu 2022 r. Prezydent Miasta Krakowa wyda\u0142 zarz\u0105dzenie powo\u0142uj\u0105ce Zesp\u00f3\u0142 Zadaniowy ds. zmian w uchwale krajobrazowej. W uzasadnieniu czytamy, i\u017c zesp\u00f3\u0142 powsta\u0142 \u201eW trosce o jako\u015b\u0107 przestrzeni i krajobrazu miasta Krakowa, chc\u0105c zapewni\u0107 skuteczno\u015b\u0107 egzekwowania przepis\u00f3w uchwa\u0142y (\u2026), oraz maj\u0105c na wzgl\u0119dzie potrzeb\u0119 przeanalizowania zasadno\u015bci wprowadzenia zmian w tej uchwale, w zakresie przepis\u00f3w, kt\u00f3rych stosowanie budzi w\u0105tpliwo\u015bci interpretacyjne, jak r\u00f3wnie\u017c ewentualnej potrzeby uzupe\u0142nienia uchwa\u0142y krajobrazowej o nowe przepisy, kt\u00f3rych potrzeba ujawni\u0142a si\u0119 w zwi\u0105zku z jej stosowaniem\u2026\u201d.<\/p>\n<p>Cel okre\u015blono, delikatnie m\u00f3wi\u0105c, mocno nieprzejrzy\u015bcie.<\/p>\n<p>Wed\u0142ug mnie najistotniejsz\u0105 przyczyn\u0105 jest niew\u0142a\u015bciwe przygotowanie projektu:<\/p>\n<ul>\n<li>nie policzono koszt\u00f3w nowego prawa,<\/li>\n<li>nikt nie przeprowadzi\u0142 w\u0142a\u015bciwej analizy stanu rzeczywistego,<\/li>\n<li>nie uwzgl\u0119dniono skutk\u00f3w gospodarczych wprowadzenia przepis\u00f3w.<\/li>\n<\/ul>\n<p>Jednak g\u0142\u00f3wny b\u0142\u0105d to ograniczone spojrzenie na kwesti\u0119 reklam w przestrzeni publicznej. Nikt nie przeanalizowa\u0142 funkcji, jak\u0105 pe\u0142ni reklama. Spojrzenie jedynie przez pryzmat estetyki to dzia\u0142anie ograniczone i zdecydowanie niewystarczaj\u0105co odpowiedzialne w przypadku tak z\u0142o\u017conego organizmu, jakim jest miasto. Komunikacja i reklama jako jej narz\u0119dzie wykonawcze s\u0105 kluczowe dla rozwoju gospodarczego.<\/p>\n<p>W 1992 roku<a href=\"https:\/\/pl.wikipedia.org\/wiki\/Bill_Clinton\"> Bill Clinton<\/a> wygra\u0142 wybory w Stanach Zjednoczonych stawiaj\u0105c du\u017cy nacisk na gospodark\u0119. Pa\u0144stwa, regiony, miasta rozwijaj\u0105 si\u0119 dzi\u0119ki pracy i gospodarce, a nie programom socjalnym, ekologicznym czy zw\u0142aszcza populizmowi. Uwa\u017cam, \u017ce has\u0142o \u201eGospodarka, g\u0142upcze!\u201d, powsta\u0142e ponad 30 lat temu podczas kampanii prezydenckiej Billa Clintona powinno widnie\u0107 przed ka\u017cdym urz\u0119dnikiem, kt\u00f3ry zabiera si\u0119 za tworzenie prawa.<\/p>\n<p><img loading=\"lazy\" decoding=\"async\" class=\"alignnone wp-image-15975\" src=\"https:\/\/jetline.pl\/wp-content\/uploads\/2024\/08\/smok.jpg\" alt=\"uchwa\u0142a\" width=\"1000\" height=\"810\" \/><\/p>\n<p>Wi\u0119cej o Uchwale Krajobrazowej w Krakowie przeczytasz tu:<\/p>\n<blockquote class=\"wp-embedded-content\" data-secret=\"SVOUaJ3uPP\"><p><a href=\"https:\/\/jetline.pl\/aktualnosci\/krakowska-uchwala-krajobrazowa-czyli-rowni-i-rowniejsi\">R\u00f3wni i r\u00f3wniejsi. Krakowska Uchwa\u0142a krajobrazowa.<\/a><\/p><\/blockquote>\n<p><iframe loading=\"lazy\" class=\"wp-embedded-content\" sandbox=\"allow-scripts\" security=\"restricted\" style=\"position: absolute; visibility: hidden;\" title=\"&#8222;R\u00f3wni i r\u00f3wniejsi. Krakowska Uchwa\u0142a krajobrazowa.&#8221; &#8212; Jet Line\" src=\"https:\/\/jetline.pl\/aktualnosci\/krakowska-uchwala-krajobrazowa-czyli-rowni-i-rowniejsi\/embed#?secret=0B5jNKYfZr#?secret=SVOUaJ3uPP\" data-secret=\"SVOUaJ3uPP\" width=\"500\" height=\"282\" frameborder=\"0\" marginwidth=\"0\" marginheight=\"0\" scrolling=\"no\"><\/iframe><\/p>\n<blockquote class=\"wp-embedded-content\" data-secret=\"i5emN9S0rt\"><p><a href=\"https:\/\/jetline.pl\/aktualnosci\/uchwaly-krajobrazowe-w-krakowie\">Uchwa\u0142a krajobrazowa w Krakowie<\/a><\/p><\/blockquote>\n<p><iframe loading=\"lazy\" class=\"wp-embedded-content\" sandbox=\"allow-scripts\" security=\"restricted\" style=\"position: absolute; visibility: hidden;\" title=\"&#8222;Uchwa\u0142a krajobrazowa w Krakowie&#8221; &#8212; Jet Line\" src=\"https:\/\/jetline.pl\/aktualnosci\/uchwaly-krajobrazowe-w-krakowie\/embed#?secret=JAthxtMqZR#?secret=i5emN9S0rt\" data-secret=\"i5emN9S0rt\" width=\"500\" height=\"282\" frameborder=\"0\" marginwidth=\"0\" marginheight=\"0\" scrolling=\"no\"><\/iframe><\/p>\n","protected":false},"author":16,"featured_media":1665,"template":"","ustawa_cat":[561],"class_list":["post-1775","ustawa","type-ustawa","status-publish","has-post-thumbnail","hentry","ustawa_cat-krakow"],"acf":[],"yoast_head":"<!-- This site is optimized with the Yoast SEO plugin v27.5 - https:\/\/yoast.com\/product\/yoast-seo-wordpress\/ -->\n<title>Gospodarka, g\u0142upcze! - Jet Line<\/title>\n<meta name=\"description\" content=\"Dlaczego przeg\u0142osowano t\u0119 uchwa\u0142\u0119? Przecie\u017c uchwa\u0142a krajobrazowa obowi\u0105zuje w Krakowie od lipca 2020 roku? A wi\u0119c, dlaczego?\" \/>\n<meta name=\"robots\" content=\"index, follow, max-snippet:-1, max-image-preview:large, max-video-preview:-1\" \/>\n<link rel=\"canonical\" href=\"https:\/\/jetline.pl\/en\/ustawa-krajobrazowa\/gospodarka-glupcze\/\" \/>\n<meta property=\"og:locale\" content=\"en_US\" \/>\n<meta property=\"og:type\" content=\"article\" \/>\n<meta property=\"og:title\" content=\"Gospodarka, g\u0142upcze! - Jet Line\" \/>\n<meta property=\"og:description\" content=\"Dlaczego przeg\u0142osowano t\u0119 uchwa\u0142\u0119? Przecie\u017c uchwa\u0142a krajobrazowa obowi\u0105zuje w Krakowie od lipca 2020 roku? A wi\u0119c, dlaczego?\" \/>\n<meta property=\"og:url\" content=\"https:\/\/jetline.pl\/en\/ustawa-krajobrazowa\/gospodarka-glupcze\/\" \/>\n<meta property=\"og:site_name\" content=\"Jet Line\" \/>\n<meta property=\"article:modified_time\" content=\"2024-09-16T14:15:41+00:00\" \/>\n<meta property=\"og:image\" content=\"https:\/\/jetline.pl\/wp-content\/uploads\/2024\/09\/Zrzut-ekranu-2023-11-21-094116.png\" \/>\n\t<meta property=\"og:image:width\" content=\"940\" \/>\n\t<meta property=\"og:image:height\" content=\"366\" \/>\n\t<meta property=\"og:image:type\" content=\"image\/png\" \/>\n<meta name=\"twitter:card\" content=\"summary_large_image\" \/>\n<meta name=\"twitter:label1\" content=\"Est. reading time\" \/>\n\t<meta name=\"twitter:data1\" content=\"3 minutes\" \/>\n<script type=\"application\/ld+json\" class=\"yoast-schema-graph\">{\"@context\":\"https:\\\/\\\/schema.org\",\"@graph\":[{\"@type\":\"WebPage\",\"@id\":\"https:\\\/\\\/jetline.pl\\\/en\\\/ustawa-krajobrazowa\\\/gospodarka-glupcze\\\/\",\"url\":\"https:\\\/\\\/jetline.pl\\\/en\\\/ustawa-krajobrazowa\\\/gospodarka-glupcze\\\/\",\"name\":\"Gospodarka, g\u0142upcze! - Jet Line\",\"isPartOf\":{\"@id\":\"https:\\\/\\\/jetline.pl\\\/en\\\/#website\"},\"primaryImageOfPage\":{\"@id\":\"https:\\\/\\\/jetline.pl\\\/en\\\/ustawa-krajobrazowa\\\/gospodarka-glupcze\\\/#primaryimage\"},\"image\":{\"@id\":\"https:\\\/\\\/jetline.pl\\\/en\\\/ustawa-krajobrazowa\\\/gospodarka-glupcze\\\/#primaryimage\"},\"thumbnailUrl\":\"https:\\\/\\\/jetline.pl\\\/wp-content\\\/uploads\\\/2024\\\/09\\\/Zrzut-ekranu-2023-11-21-094116.png\",\"datePublished\":\"2023-11-21T09:30:30+00:00\",\"dateModified\":\"2024-09-16T14:15:41+00:00\",\"description\":\"Dlaczego przeg\u0142osowano t\u0119 uchwa\u0142\u0119? Przecie\u017c uchwa\u0142a krajobrazowa obowi\u0105zuje w Krakowie od lipca 2020 roku? A wi\u0119c, dlaczego?\",\"breadcrumb\":{\"@id\":\"https:\\\/\\\/jetline.pl\\\/en\\\/ustawa-krajobrazowa\\\/gospodarka-glupcze\\\/#breadcrumb\"},\"inLanguage\":\"en-US\",\"potentialAction\":[{\"@type\":\"ReadAction\",\"target\":[\"https:\\\/\\\/jetline.pl\\\/en\\\/ustawa-krajobrazowa\\\/gospodarka-glupcze\\\/\"]}]},{\"@type\":\"ImageObject\",\"inLanguage\":\"en-US\",\"@id\":\"https:\\\/\\\/jetline.pl\\\/en\\\/ustawa-krajobrazowa\\\/gospodarka-glupcze\\\/#primaryimage\",\"url\":\"https:\\\/\\\/jetline.pl\\\/wp-content\\\/uploads\\\/2024\\\/09\\\/Zrzut-ekranu-2023-11-21-094116.png\",\"contentUrl\":\"https:\\\/\\\/jetline.pl\\\/wp-content\\\/uploads\\\/2024\\\/09\\\/Zrzut-ekranu-2023-11-21-094116.png\",\"width\":940,\"height\":366},{\"@type\":\"BreadcrumbList\",\"@id\":\"https:\\\/\\\/jetline.pl\\\/en\\\/ustawa-krajobrazowa\\\/gospodarka-glupcze\\\/#breadcrumb\",\"itemListElement\":[{\"@type\":\"ListItem\",\"position\":1,\"name\":\"Strona g\u0142\u00f3wna\",\"item\":\"https:\\\/\\\/jetline.pl\\\/en\\\/\"},{\"@type\":\"ListItem\",\"position\":2,\"name\":\"Ustawa krajobrazowa\",\"item\":\"https:\\\/\\\/jetline.pl\\\/en\\\/ustawa-krajobrazowa\\\/\"},{\"@type\":\"ListItem\",\"position\":3,\"name\":\"Gospodarka, g\u0142upcze!\"}]},{\"@type\":\"WebSite\",\"@id\":\"https:\\\/\\\/jetline.pl\\\/en\\\/#website\",\"url\":\"https:\\\/\\\/jetline.pl\\\/en\\\/\",\"name\":\"Jet Line\",\"description\":\"Tworzymy przestrze\u0144 do komunikacji\",\"publisher\":{\"@id\":\"https:\\\/\\\/jetline.pl\\\/en\\\/#organization\"},\"potentialAction\":[{\"@type\":\"SearchAction\",\"target\":{\"@type\":\"EntryPoint\",\"urlTemplate\":\"https:\\\/\\\/jetline.pl\\\/en\\\/?s={search_term_string}\"},\"query-input\":{\"@type\":\"PropertyValueSpecification\",\"valueRequired\":true,\"valueName\":\"search_term_string\"}}],\"inLanguage\":\"en-US\"},{\"@type\":\"Organization\",\"@id\":\"https:\\\/\\\/jetline.pl\\\/en\\\/#organization\",\"name\":\"Jet Line\",\"url\":\"https:\\\/\\\/jetline.pl\\\/en\\\/\",\"logo\":{\"@type\":\"ImageObject\",\"inLanguage\":\"en-US\",\"@id\":\"https:\\\/\\\/jetline.pl\\\/en\\\/#\\\/schema\\\/logo\\\/image\\\/\",\"url\":\"https:\\\/\\\/jetline.pl\\\/wp-content\\\/uploads\\\/2024\\\/09\\\/logo_poziom_logo_poziom_czerwone-1.png\",\"contentUrl\":\"https:\\\/\\\/jetline.pl\\\/wp-content\\\/uploads\\\/2024\\\/09\\\/logo_poziom_logo_poziom_czerwone-1.png\",\"width\":4946,\"height\":2016,\"caption\":\"Jet Line\"},\"image\":{\"@id\":\"https:\\\/\\\/jetline.pl\\\/en\\\/#\\\/schema\\\/logo\\\/image\\\/\"}}]}<\/script>\n<!-- \/ Yoast SEO plugin. -->","yoast_head_json":{"title":"Gospodarka, g\u0142upcze! - Jet Line","description":"Dlaczego przeg\u0142osowano t\u0119 uchwa\u0142\u0119? Przecie\u017c uchwa\u0142a krajobrazowa obowi\u0105zuje w Krakowie od lipca 2020 roku? A wi\u0119c, dlaczego?","robots":{"index":"index","follow":"follow","max-snippet":"max-snippet:-1","max-image-preview":"max-image-preview:large","max-video-preview":"max-video-preview:-1"},"canonical":"https:\/\/jetline.pl\/en\/ustawa-krajobrazowa\/gospodarka-glupcze\/","og_locale":"en_US","og_type":"article","og_title":"Gospodarka, g\u0142upcze! - Jet Line","og_description":"Dlaczego przeg\u0142osowano t\u0119 uchwa\u0142\u0119? Przecie\u017c uchwa\u0142a krajobrazowa obowi\u0105zuje w Krakowie od lipca 2020 roku? A wi\u0119c, dlaczego?","og_url":"https:\/\/jetline.pl\/en\/ustawa-krajobrazowa\/gospodarka-glupcze\/","og_site_name":"Jet Line","article_modified_time":"2024-09-16T14:15:41+00:00","og_image":[{"width":940,"height":366,"url":"https:\/\/jetline.pl\/wp-content\/uploads\/2024\/09\/Zrzut-ekranu-2023-11-21-094116.png","type":"image\/png"}],"twitter_card":"summary_large_image","twitter_misc":{"Est. reading time":"3 minutes"},"schema":{"@context":"https:\/\/schema.org","@graph":[{"@type":"WebPage","@id":"https:\/\/jetline.pl\/en\/ustawa-krajobrazowa\/gospodarka-glupcze\/","url":"https:\/\/jetline.pl\/en\/ustawa-krajobrazowa\/gospodarka-glupcze\/","name":"Gospodarka, g\u0142upcze! - Jet Line","isPartOf":{"@id":"https:\/\/jetline.pl\/en\/#website"},"primaryImageOfPage":{"@id":"https:\/\/jetline.pl\/en\/ustawa-krajobrazowa\/gospodarka-glupcze\/#primaryimage"},"image":{"@id":"https:\/\/jetline.pl\/en\/ustawa-krajobrazowa\/gospodarka-glupcze\/#primaryimage"},"thumbnailUrl":"https:\/\/jetline.pl\/wp-content\/uploads\/2024\/09\/Zrzut-ekranu-2023-11-21-094116.png","datePublished":"2023-11-21T09:30:30+00:00","dateModified":"2024-09-16T14:15:41+00:00","description":"Dlaczego przeg\u0142osowano t\u0119 uchwa\u0142\u0119? Przecie\u017c uchwa\u0142a krajobrazowa obowi\u0105zuje w Krakowie od lipca 2020 roku? A wi\u0119c, dlaczego?","breadcrumb":{"@id":"https:\/\/jetline.pl\/en\/ustawa-krajobrazowa\/gospodarka-glupcze\/#breadcrumb"},"inLanguage":"en-US","potentialAction":[{"@type":"ReadAction","target":["https:\/\/jetline.pl\/en\/ustawa-krajobrazowa\/gospodarka-glupcze\/"]}]},{"@type":"ImageObject","inLanguage":"en-US","@id":"https:\/\/jetline.pl\/en\/ustawa-krajobrazowa\/gospodarka-glupcze\/#primaryimage","url":"https:\/\/jetline.pl\/wp-content\/uploads\/2024\/09\/Zrzut-ekranu-2023-11-21-094116.png","contentUrl":"https:\/\/jetline.pl\/wp-content\/uploads\/2024\/09\/Zrzut-ekranu-2023-11-21-094116.png","width":940,"height":366},{"@type":"BreadcrumbList","@id":"https:\/\/jetline.pl\/en\/ustawa-krajobrazowa\/gospodarka-glupcze\/#breadcrumb","itemListElement":[{"@type":"ListItem","position":1,"name":"Strona g\u0142\u00f3wna","item":"https:\/\/jetline.pl\/en\/"},{"@type":"ListItem","position":2,"name":"Ustawa krajobrazowa","item":"https:\/\/jetline.pl\/en\/ustawa-krajobrazowa\/"},{"@type":"ListItem","position":3,"name":"Gospodarka, g\u0142upcze!"}]},{"@type":"WebSite","@id":"https:\/\/jetline.pl\/en\/#website","url":"https:\/\/jetline.pl\/en\/","name":"Jet Line","description":"Tworzymy przestrze\u0144 do komunikacji","publisher":{"@id":"https:\/\/jetline.pl\/en\/#organization"},"potentialAction":[{"@type":"SearchAction","target":{"@type":"EntryPoint","urlTemplate":"https:\/\/jetline.pl\/en\/?s={search_term_string}"},"query-input":{"@type":"PropertyValueSpecification","valueRequired":true,"valueName":"search_term_string"}}],"inLanguage":"en-US"},{"@type":"Organization","@id":"https:\/\/jetline.pl\/en\/#organization","name":"Jet Line","url":"https:\/\/jetline.pl\/en\/","logo":{"@type":"ImageObject","inLanguage":"en-US","@id":"https:\/\/jetline.pl\/en\/#\/schema\/logo\/image\/","url":"https:\/\/jetline.pl\/wp-content\/uploads\/2024\/09\/logo_poziom_logo_poziom_czerwone-1.png","contentUrl":"https:\/\/jetline.pl\/wp-content\/uploads\/2024\/09\/logo_poziom_logo_poziom_czerwone-1.png","width":4946,"height":2016,"caption":"Jet Line"},"image":{"@id":"https:\/\/jetline.pl\/en\/#\/schema\/logo\/image\/"}}]}},"_links":{"self":[{"href":"https:\/\/jetline.pl\/en\/wp-json\/wp\/v2\/ustawa\/1775","targetHints":{"allow":["GET"]}}],"collection":[{"href":"https:\/\/jetline.pl\/en\/wp-json\/wp\/v2\/ustawa"}],"about":[{"href":"https:\/\/jetline.pl\/en\/wp-json\/wp\/v2\/types\/ustawa"}],"author":[{"embeddable":true,"href":"https:\/\/jetline.pl\/en\/wp-json\/wp\/v2\/users\/16"}],"wp:featuredmedia":[{"embeddable":true,"href":"https:\/\/jetline.pl\/en\/wp-json\/wp\/v2\/media\/1665"}],"wp:attachment":[{"href":"https:\/\/jetline.pl\/en\/wp-json\/wp\/v2\/media?parent=1775"}],"wp:term":[{"taxonomy":"ustawa_cat","embeddable":true,"href":"https:\/\/jetline.pl\/en\/wp-json\/wp\/v2\/ustawa_cat?post=1775"}],"curies":[{"name":"wp","href":"https:\/\/api.w.org\/{rel}","templated":true}]}}